{"id":12049,"date":"2016-10-11T17:56:15","date_gmt":"2016-10-11T15:56:15","guid":{"rendered":"https:\/\/politicasdelamemoria.org\/en\/?page_id=12049"},"modified":"2018-06-15T18:16:33","modified_gmt":"2018-06-15T16:16:33","slug":"research-team-2013-2015","status":"publish","type":"page","link":"https:\/\/politicasdelamemoria.org\/en\/research-team\/research-team-2013-2015\/","title":{"rendered":"Research team 2013-2015"},"content":{"rendered":"\n<style type=\"text\/css\" data-created_by=\"avia_inline_auto\" id=\"style-css-av-3qkkeoh-f0e415af408608eeb5cc90a05f610840\">\n.avia-section.av-3qkkeoh-f0e415af408608eeb5cc90a05f610840{\nbackground-repeat:repeat;\nbackground-image:url(https:\/\/politicasdelamemoria.org\/wp-content\/uploads\/2016\/09\/xcross_scratches_402X.png.pagespeed.ic_.wD6uU_Rztg-300x300.png);\nbackground-position:50% 50%;\nbackground-attachment:fixed;\n}\n<\/style>\n<div id='av_section_1'  class='avia-section av-3qkkeoh-f0e415af408608eeb5cc90a05f610840 main_color avia-section-default avia-no-shadow  avia-builder-el-0  el_before_av_hr  avia-builder-el-first  avia-bg-style-fixed container_wrap sidebar_right'  data-section-bg-repeat='repeat'><div class='container av-section-cont-open' ><main  role=\"main\" itemprop=\"mainContentOfPage\"  class='template-page content  av-content-small alpha units'><div class='post-entry post-entry-type-page post-entry-12049'><div class='entry-content-wrapper clearfix'>\n\n<style type=\"text\/css\" data-created_by=\"avia_inline_auto\" id=\"style-css-av-3exntg1-78c46acc39b0e9497b801235bbeb3a26\">\n#top .hr.hr-invisible.av-3exntg1-78c46acc39b0e9497b801235bbeb3a26{\nheight:4px;\n}\n<\/style>\n<div  class='hr av-3exntg1-78c46acc39b0e9497b801235bbeb3a26 hr-invisible  avia-builder-el-1  el_before_av_heading  avia-builder-el-first '><span class='hr-inner '><span class=\"hr-inner-style\"><\/span><\/span><\/div>\n\n<style type=\"text\/css\" data-created_by=\"avia_inline_auto\" id=\"style-css-av-jig6dy5h-c0905c79fb0f9600bf17f321e1913528\">\n#top .av-special-heading.av-jig6dy5h-c0905c79fb0f9600bf17f321e1913528{\npadding-bottom:10px;\ncolor:#470b0b;\n}\nbody .av-special-heading.av-jig6dy5h-c0905c79fb0f9600bf17f321e1913528 .av-special-heading-tag .heading-char{\nfont-size:25px;\n}\n.av-special-heading.av-jig6dy5h-c0905c79fb0f9600bf17f321e1913528 .special-heading-inner-border{\nborder-color:#470b0b;\n}\n.av-special-heading.av-jig6dy5h-c0905c79fb0f9600bf17f321e1913528 .av-subheading{\nfont-size:15px;\n}\n<\/style>\n<div  class='av-special-heading av-jig6dy5h-c0905c79fb0f9600bf17f321e1913528 av-special-heading-h4 custom-color-heading blockquote modern-quote  avia-builder-el-2  el_after_av_hr  avia-builder-el-last '><h4 class='av-special-heading-tag '  itemprop=\"headline\"  >Research Team 2013-2015<\/h4><div class=\"special-heading-border\"><div class=\"special-heading-inner-border\"><\/div><\/div><\/div>\n<\/div><\/div><\/main><!-- close content main element --><\/div><\/div><div id='after_section_1'  class='main_color av_default_container_wrap container_wrap sidebar_right'  ><div class='container av-section-cont-open' ><div class='template-page content  av-content-small alpha units'><div class='post-entry post-entry-type-page post-entry-12049'><div class='entry-content-wrapper clearfix'><div  class='hr av-2cf3epd-11f4156babd2b8b350cbf7cb11682175 hr-default  avia-builder-el-3  el_after_av_section  el_before_av_blog  avia-builder-el-first '><span class='hr-inner '><span class=\"hr-inner-style\"><\/span><\/span><\/div><\/p>\n<div  data-slideshow-options=\"{&quot;animation&quot;:&quot;fade&quot;,&quot;autoplay&quot;:false,&quot;loop_autoplay&quot;:&quot;once&quot;,&quot;interval&quot;:5,&quot;loop_manual&quot;:&quot;manual-endless&quot;,&quot;autoplay_stopper&quot;:false,&quot;noNavigation&quot;:false,&quot;show_slide_delay&quot;:90}\" class='avia-content-slider avia-content-grid-active avia-content-slider1 avia-content-slider-even  avia-builder-el-4  el_after_av_hr  el_before_av_button  av-slideshow-ui av-control-default   av-no-slider-navigation av-slideshow-manual av-loop-once av-loop-manual-endless '  itemscope=\"itemscope\" itemtype=\"https:\/\/schema.org\/Blog\" ><div class=\"avia-content-slider-inner\"><div class=\"slide-entry-wrap\"><article class='slide-entry flex_column  post-entry post-entry-513 slide-entry-overview slide-loop-1 slide-parity-odd  av_one_half first real-thumbnail posttype-post post-format-standard'  itemscope=\"itemscope\" itemtype=\"https:\/\/schema.org\/CreativeWork\" ><a href='https:\/\/politicasdelamemoria.org\/en\/2016\/12\/68-en-francisco-ferrandiz-martin\/' data-rel='slide-1' class='slide-image' title='Francisco Ferr\u00e1ndiz Mart\u00edn'><img decoding=\"async\" fetchpriority=\"high\" width=\"478\" height=\"167\" src=\"https:\/\/politicasdelamemoria.org\/wp-content\/uploads\/importedmedia\/blogmedia-513.jpg\" class=\"wp-image-816 avia-img-lazy-loading-not-816 attachment-no scaling size-no scaling wp-post-image\" alt=\"\" srcset=\"https:\/\/politicasdelamemoria.org\/wp-content\/uploads\/importedmedia\/blogmedia-513.jpg 478w, https:\/\/politicasdelamemoria.org\/wp-content\/uploads\/importedmedia\/blogmedia-513-300x104.jpg 300w\" sizes=\"(max-width: 478px) 100vw, 478px\" \/><\/a><div class=\"slide-content\"><header class=\"entry-content-header\" aria-label=\"Slide: Francisco Ferr\u00e1ndiz Mart\u00edn\"><h3 class='slide-entry-title entry-title '  itemprop=\"headline\" ><a href='https:\/\/politicasdelamemoria.org\/en\/2016\/12\/68-en-francisco-ferrandiz-martin\/' title='Francisco Ferr\u00e1ndiz Mart\u00edn'>Francisco Ferr\u00e1ndiz Mart\u00edn<\/a><\/h3><span class=\"av-vertical-delimiter\"><\/span><\/header><div class=\"slide-meta\"><time class='slide-meta-time updated'  itemprop=\"datePublished\" datetime=\"2016-12-22T06:39:16+01:00\" >December 22, 2016<\/time><\/div><div class='slide-entry-excerpt entry-content'  itemprop=\"text\" >CSIC - <strong>Main Researcher<\/strong><\/div><\/div><footer class=\"entry-footer\"><\/footer><span class='hidden'>\n\t\t\t\t<span class='av-structured-data'  itemprop=\"image\" itemscope=\"itemscope\" itemtype=\"https:\/\/schema.org\/ImageObject\" >\n\t\t\t\t\t\t<span itemprop='url'>https:\/\/politicasdelamemoria.org\/wp-content\/uploads\/importedmedia\/blogmedia-513.jpg<\/span>\n\t\t\t\t\t\t<span itemprop='height'>167<\/span>\n\t\t\t\t\t\t<span itemprop='width'>478<\/span>\n\t\t\t\t<\/span>\n\t\t\t\t<span class='av-structured-data'  itemprop=\"publisher\" itemtype=\"https:\/\/schema.org\/Organization\" itemscope=\"itemscope\" >\n\t\t\t\t\t\t<span itemprop='name'>Daniel<\/span>\n\t\t\t\t\t\t<span itemprop='logo' itemscope itemtype='https:\/\/schema.org\/ImageObject'>\n\t\t\t\t\t\t\t<span itemprop='url'>https:\/\/politicasdelamemoria.org\/wp-content\/uploads\/2015\/01\/logo_memoria_Web.png<\/span>\n\t\t\t\t\t\t<\/span>\n\t\t\t\t<\/span><span class='av-structured-data'  itemprop=\"author\" itemscope=\"itemscope\" itemtype=\"https:\/\/schema.org\/Person\" ><span itemprop='name'>Daniel<\/span><\/span><span class='av-structured-data'  itemprop=\"datePublished\" datetime=\"2016-10-11T17:56:15+02:00\" >2016-12-22 06:39:16<\/span><span class='av-structured-data'  itemprop=\"dateModified\" itemtype=\"https:\/\/schema.org\/dateModified\" >2022-02-01 21:01:27<\/span><span class='av-structured-data'  itemprop=\"mainEntityOfPage\" itemtype=\"https:\/\/schema.org\/mainEntityOfPage\" ><span itemprop='name'>Francisco Ferr\u00e1ndiz Mart\u00edn<\/span><\/span><\/span><\/article><article class='slide-entry flex_column  post-entry post-entry-539 slide-entry-overview slide-loop-2 slide-parity-even  av_one_half  real-thumbnail posttype-post post-format-standard'  itemscope=\"itemscope\" itemtype=\"https:\/\/schema.org\/CreativeWork\" ><a href='https:\/\/politicasdelamemoria.org\/en\/2016\/12\/63-en-alejandro-baer-mieses\/' data-rel='slide-1' class='slide-image' title='Alejandro Baer Mieses'><img decoding=\"async\" fetchpriority=\"high\" width=\"520\" height=\"182\" src=\"https:\/\/politicasdelamemoria.org\/wp-content\/uploads\/importedmedia\/blogmedia-539.jpg\" class=\"wp-image-839 avia-img-lazy-loading-not-839 attachment-no scaling size-no scaling wp-post-image\" alt=\"\" srcset=\"https:\/\/politicasdelamemoria.org\/wp-content\/uploads\/importedmedia\/blogmedia-539.jpg 520w, https:\/\/politicasdelamemoria.org\/wp-content\/uploads\/importedmedia\/blogmedia-539-300x104.jpg 300w\" sizes=\"(max-width: 520px) 100vw, 520px\" \/><\/a><div class=\"slide-content\"><header class=\"entry-content-header\" aria-label=\"Slide: Alejandro Baer Mieses\"><h3 class='slide-entry-title entry-title '  itemprop=\"headline\" ><a href='https:\/\/politicasdelamemoria.org\/en\/2016\/12\/63-en-alejandro-baer-mieses\/' title='Alejandro Baer Mieses'>Alejandro Baer Mieses<\/a><\/h3><span class=\"av-vertical-delimiter\"><\/span><\/header><div class=\"slide-meta\"><time class='slide-meta-time updated'  itemprop=\"datePublished\" datetime=\"2016-12-20T16:36:00+01:00\" >December 20, 2016<\/time><\/div><div class='slide-entry-excerpt entry-content'  itemprop=\"text\" >U. of Minnesota<\/div><\/div><footer class=\"entry-footer\"><\/footer><span class='hidden'>\n\t\t\t\t<span class='av-structured-data'  itemprop=\"image\" itemscope=\"itemscope\" itemtype=\"https:\/\/schema.org\/ImageObject\" >\n\t\t\t\t\t\t<span itemprop='url'>https:\/\/politicasdelamemoria.org\/wp-content\/uploads\/importedmedia\/blogmedia-539.jpg<\/span>\n\t\t\t\t\t\t<span itemprop='height'>182<\/span>\n\t\t\t\t\t\t<span itemprop='width'>520<\/span>\n\t\t\t\t<\/span>\n\t\t\t\t<span class='av-structured-data'  itemprop=\"publisher\" itemtype=\"https:\/\/schema.org\/Organization\" itemscope=\"itemscope\" >\n\t\t\t\t\t\t<span itemprop='name'>Daniel<\/span>\n\t\t\t\t\t\t<span itemprop='logo' itemscope itemtype='https:\/\/schema.org\/ImageObject'>\n\t\t\t\t\t\t\t<span itemprop='url'>https:\/\/politicasdelamemoria.org\/wp-content\/uploads\/2015\/01\/logo_memoria_Web.png<\/span>\n\t\t\t\t\t\t<\/span>\n\t\t\t\t<\/span><span class='av-structured-data'  itemprop=\"author\" itemscope=\"itemscope\" itemtype=\"https:\/\/schema.org\/Person\" ><span itemprop='name'>Daniel<\/span><\/span><span class='av-structured-data'  itemprop=\"datePublished\" datetime=\"2016-10-11T17:56:15+02:00\" >2016-12-20 16:36:00<\/span><span class='av-structured-data'  itemprop=\"dateModified\" itemtype=\"https:\/\/schema.org\/dateModified\" >2022-01-19 12:48:08<\/span><span class='av-structured-data'  itemprop=\"mainEntityOfPage\" itemtype=\"https:\/\/schema.org\/mainEntityOfPage\" ><span itemprop='name'>Alejandro Baer Mieses<\/span><\/span><\/span><\/article><\/div><div class=\"slide-entry-wrap\"><article class='slide-entry flex_column  post-entry post-entry-2141 slide-entry-overview slide-loop-3 slide-parity-odd  av_one_half first real-thumbnail posttype-post post-format-standard'  itemscope=\"itemscope\" itemtype=\"https:\/\/schema.org\/CreativeWork\" ><a href='https:\/\/politicasdelamemoria.org\/en\/2016\/12\/474-zoe-crossland-2\/' data-rel='slide-1' class='slide-image' title='Zoe Crossland'><img decoding=\"async\" fetchpriority=\"high\" width=\"478\" height=\"167\" src=\"https:\/\/politicasdelamemoria.org\/wp-content\/uploads\/2010\/05\/Zoe-Crossland.jpg\" class=\"wp-image-9642 avia-img-lazy-loading-not-9642 attachment-no scaling size-no scaling wp-post-image\" alt=\"\" srcset=\"https:\/\/politicasdelamemoria.org\/wp-content\/uploads\/2010\/05\/Zoe-Crossland.jpg 478w, https:\/\/politicasdelamemoria.org\/wp-content\/uploads\/2010\/05\/Zoe-Crossland-300x105.jpg 300w, https:\/\/politicasdelamemoria.org\/wp-content\/uploads\/2010\/05\/Zoe-Crossland-450x157.jpg 450w\" sizes=\"(max-width: 478px) 100vw, 478px\" \/><\/a><div class=\"slide-content\"><header class=\"entry-content-header\" aria-label=\"Slide: Zoe Crossland\"><h3 class='slide-entry-title entry-title '  itemprop=\"headline\" ><a href='https:\/\/politicasdelamemoria.org\/en\/2016\/12\/474-zoe-crossland-2\/' title='Zoe Crossland'>Zoe Crossland<\/a><\/h3><span class=\"av-vertical-delimiter\"><\/span><\/header><div class=\"slide-meta\"><time class='slide-meta-time updated'  itemprop=\"datePublished\" datetime=\"2016-12-19T08:35:51+01:00\" >December 19, 2016<\/time><\/div><div class='slide-entry-excerpt entry-content'  itemprop=\"text\" >Columbia University<\/div><\/div><footer class=\"entry-footer\"><\/footer><span class='hidden'>\n\t\t\t\t<span class='av-structured-data'  itemprop=\"image\" itemscope=\"itemscope\" itemtype=\"https:\/\/schema.org\/ImageObject\" >\n\t\t\t\t\t\t<span itemprop='url'>https:\/\/politicasdelamemoria.org\/wp-content\/uploads\/2010\/05\/Zoe-Crossland.jpg<\/span>\n\t\t\t\t\t\t<span itemprop='height'>167<\/span>\n\t\t\t\t\t\t<span itemprop='width'>478<\/span>\n\t\t\t\t<\/span>\n\t\t\t\t<span class='av-structured-data'  itemprop=\"publisher\" itemtype=\"https:\/\/schema.org\/Organization\" itemscope=\"itemscope\" >\n\t\t\t\t\t\t<span itemprop='name'>Daniel<\/span>\n\t\t\t\t\t\t<span itemprop='logo' itemscope itemtype='https:\/\/schema.org\/ImageObject'>\n\t\t\t\t\t\t\t<span itemprop='url'>https:\/\/politicasdelamemoria.org\/wp-content\/uploads\/2015\/01\/logo_memoria_Web.png<\/span>\n\t\t\t\t\t\t<\/span>\n\t\t\t\t<\/span><span class='av-structured-data'  itemprop=\"author\" itemscope=\"itemscope\" itemtype=\"https:\/\/schema.org\/Person\" ><span itemprop='name'>Daniel<\/span><\/span><span class='av-structured-data'  itemprop=\"datePublished\" datetime=\"2016-10-11T17:56:15+02:00\" >2016-12-19 08:35:51<\/span><span class='av-structured-data'  itemprop=\"dateModified\" itemtype=\"https:\/\/schema.org\/dateModified\" >2022-02-01 21:05:19<\/span><span class='av-structured-data'  itemprop=\"mainEntityOfPage\" itemtype=\"https:\/\/schema.org\/mainEntityOfPage\" ><span itemprop='name'>Zoe Crossland<\/span><\/span><\/span><\/article><article class='slide-entry flex_column  post-entry post-entry-633 slide-entry-overview slide-loop-4 slide-parity-even  av_one_half  real-thumbnail posttype-post post-format-standard'  itemscope=\"itemscope\" itemtype=\"https:\/\/schema.org\/CreativeWork\" ><a href='https:\/\/politicasdelamemoria.org\/en\/2016\/12\/476-en-lee-douglas\/' data-rel='slide-1' class='slide-image' title='Lee Douglas'><img decoding=\"async\" fetchpriority=\"high\" width=\"478\" height=\"167\" src=\"https:\/\/politicasdelamemoria.org\/wp-content\/uploads\/2014\/04\/Lee-Douglas.jpg\" class=\"wp-image-5260 avia-img-lazy-loading-not-5260 attachment-no scaling size-no scaling wp-post-image\" alt=\"\" srcset=\"https:\/\/politicasdelamemoria.org\/wp-content\/uploads\/2014\/04\/Lee-Douglas.jpg 478w, https:\/\/politicasdelamemoria.org\/wp-content\/uploads\/2014\/04\/Lee-Douglas-300x105.jpg 300w, https:\/\/politicasdelamemoria.org\/wp-content\/uploads\/2014\/04\/Lee-Douglas-450x157.jpg 450w\" sizes=\"(max-width: 478px) 100vw, 478px\" \/><\/a><div class=\"slide-content\"><header class=\"entry-content-header\" aria-label=\"Slide: Lee Douglas\"><h3 class='slide-entry-title entry-title '  itemprop=\"headline\" ><a href='https:\/\/politicasdelamemoria.org\/en\/2016\/12\/476-en-lee-douglas\/' title='Lee Douglas'>Lee Douglas<\/a><\/h3><span class=\"av-vertical-delimiter\"><\/span><\/header><div class=\"slide-meta\"><time class='slide-meta-time updated'  itemprop=\"datePublished\" datetime=\"2016-12-18T15:31:55+01:00\" >December 18, 2016<\/time><\/div><div class='slide-entry-excerpt entry-content'  itemprop=\"text\" >University of New York<\/div><\/div><footer class=\"entry-footer\"><\/footer><span class='hidden'>\n\t\t\t\t<span class='av-structured-data'  itemprop=\"image\" itemscope=\"itemscope\" itemtype=\"https:\/\/schema.org\/ImageObject\" >\n\t\t\t\t\t\t<span itemprop='url'>https:\/\/politicasdelamemoria.org\/wp-content\/uploads\/2014\/04\/Lee-Douglas.jpg<\/span>\n\t\t\t\t\t\t<span itemprop='height'>167<\/span>\n\t\t\t\t\t\t<span itemprop='width'>478<\/span>\n\t\t\t\t<\/span>\n\t\t\t\t<span class='av-structured-data'  itemprop=\"publisher\" itemtype=\"https:\/\/schema.org\/Organization\" itemscope=\"itemscope\" >\n\t\t\t\t\t\t<span itemprop='name'>Daniel<\/span>\n\t\t\t\t\t\t<span itemprop='logo' itemscope itemtype='https:\/\/schema.org\/ImageObject'>\n\t\t\t\t\t\t\t<span itemprop='url'>https:\/\/politicasdelamemoria.org\/wp-content\/uploads\/2015\/01\/logo_memoria_Web.png<\/span>\n\t\t\t\t\t\t<\/span>\n\t\t\t\t<\/span><span class='av-structured-data'  itemprop=\"author\" itemscope=\"itemscope\" itemtype=\"https:\/\/schema.org\/Person\" ><span itemprop='name'>Daniel<\/span><\/span><span class='av-structured-data'  itemprop=\"datePublished\" datetime=\"2016-10-11T17:56:15+02:00\" >2016-12-18 15:31:55<\/span><span class='av-structured-data'  itemprop=\"dateModified\" itemtype=\"https:\/\/schema.org\/dateModified\" >2022-02-01 20:21:08<\/span><span class='av-structured-data'  itemprop=\"mainEntityOfPage\" itemtype=\"https:\/\/schema.org\/mainEntityOfPage\" ><span itemprop='name'>Lee Douglas<\/span><\/span><\/span><\/article><\/div><div class=\"slide-entry-wrap\"><article class='slide-entry flex_column  post-entry post-entry-535 slide-entry-overview slide-loop-5 slide-parity-odd  av_one_half first real-thumbnail posttype-post post-format-standard'  itemscope=\"itemscope\" itemtype=\"https:\/\/schema.org\/CreativeWork\" ><a href='https:\/\/politicasdelamemoria.org\/en\/2016\/12\/66-en-francisco-etxeberria-gabilondo\/' data-rel='slide-1' class='slide-image' title='Francisco Etxeberr\u00eda Gabilondo'><img decoding=\"async\" fetchpriority=\"high\" width=\"478\" height=\"167\" src=\"https:\/\/politicasdelamemoria.org\/wp-content\/uploads\/importedmedia\/blogmedia-535.jpg\" class=\"wp-image-835 avia-img-lazy-loading-not-835 attachment-no scaling size-no scaling wp-post-image\" alt=\"\" srcset=\"https:\/\/politicasdelamemoria.org\/wp-content\/uploads\/importedmedia\/blogmedia-535.jpg 478w, https:\/\/politicasdelamemoria.org\/wp-content\/uploads\/importedmedia\/blogmedia-535-300x104.jpg 300w\" sizes=\"(max-width: 478px) 100vw, 478px\" \/><\/a><div class=\"slide-content\"><header class=\"entry-content-header\" aria-label=\"Slide: Francisco Etxeberr\u00eda Gabilondo\"><h3 class='slide-entry-title entry-title '  itemprop=\"headline\" ><a href='https:\/\/politicasdelamemoria.org\/en\/2016\/12\/66-en-francisco-etxeberria-gabilondo\/' title='Francisco Etxeberr\u00eda Gabilondo'>Francisco Etxeberr\u00eda Gabilondo<\/a><\/h3><span class=\"av-vertical-delimiter\"><\/span><\/header><div class=\"slide-meta\"><time class='slide-meta-time updated'  itemprop=\"datePublished\" datetime=\"2016-12-16T08:26:51+01:00\" >December 16, 2016<\/time><\/div><div class='slide-entry-excerpt entry-content'  itemprop=\"text\" >UPV-EHU<\/div><\/div><footer class=\"entry-footer\"><\/footer><span class='hidden'>\n\t\t\t\t<span class='av-structured-data'  itemprop=\"image\" itemscope=\"itemscope\" itemtype=\"https:\/\/schema.org\/ImageObject\" >\n\t\t\t\t\t\t<span itemprop='url'>https:\/\/politicasdelamemoria.org\/wp-content\/uploads\/importedmedia\/blogmedia-535.jpg<\/span>\n\t\t\t\t\t\t<span itemprop='height'>167<\/span>\n\t\t\t\t\t\t<span itemprop='width'>478<\/span>\n\t\t\t\t<\/span>\n\t\t\t\t<span class='av-structured-data'  itemprop=\"publisher\" itemtype=\"https:\/\/schema.org\/Organization\" itemscope=\"itemscope\" >\n\t\t\t\t\t\t<span itemprop='name'>Daniel<\/span>\n\t\t\t\t\t\t<span itemprop='logo' itemscope itemtype='https:\/\/schema.org\/ImageObject'>\n\t\t\t\t\t\t\t<span itemprop='url'>https:\/\/politicasdelamemoria.org\/wp-content\/uploads\/2015\/01\/logo_memoria_Web.png<\/span>\n\t\t\t\t\t\t<\/span>\n\t\t\t\t<\/span><span class='av-structured-data'  itemprop=\"author\" itemscope=\"itemscope\" itemtype=\"https:\/\/schema.org\/Person\" ><span itemprop='name'>Daniel<\/span><\/span><span class='av-structured-data'  itemprop=\"datePublished\" datetime=\"2016-10-11T17:56:15+02:00\" >2016-12-16 08:26:51<\/span><span class='av-structured-data'  itemprop=\"dateModified\" itemtype=\"https:\/\/schema.org\/dateModified\" >2022-02-01 21:06:28<\/span><span class='av-structured-data'  itemprop=\"mainEntityOfPage\" itemtype=\"https:\/\/schema.org\/mainEntityOfPage\" ><span itemprop='name'>Francisco Etxeberr\u00eda Gabilondo<\/span><\/span><\/span><\/article><article class='slide-entry flex_column  post-entry post-entry-533 slide-entry-overview slide-loop-6 slide-parity-even  av_one_half  real-thumbnail posttype-post post-format-standard'  itemscope=\"itemscope\" itemtype=\"https:\/\/schema.org\/CreativeWork\" ><a href='https:\/\/politicasdelamemoria.org\/en\/2016\/12\/69-en-luis-fondebrider\/' data-rel='slide-1' class='slide-image' title='Luis Fondebrider'><img decoding=\"async\" fetchpriority=\"high\" width=\"478\" height=\"167\" src=\"https:\/\/politicasdelamemoria.org\/wp-content\/uploads\/importedmedia\/blogmedia-533.jpg\" class=\"wp-image-833 avia-img-lazy-loading-not-833 attachment-no scaling size-no scaling wp-post-image\" alt=\"\" srcset=\"https:\/\/politicasdelamemoria.org\/wp-content\/uploads\/importedmedia\/blogmedia-533.jpg 478w, https:\/\/politicasdelamemoria.org\/wp-content\/uploads\/importedmedia\/blogmedia-533-300x104.jpg 300w\" sizes=\"(max-width: 478px) 100vw, 478px\" \/><\/a><div class=\"slide-content\"><header class=\"entry-content-header\" aria-label=\"Slide: Luis Fondebrider\"><h3 class='slide-entry-title entry-title '  itemprop=\"headline\" ><a href='https:\/\/politicasdelamemoria.org\/en\/2016\/12\/69-en-luis-fondebrider\/' title='Luis Fondebrider'>Luis Fondebrider<\/a><\/h3><span class=\"av-vertical-delimiter\"><\/span><\/header><div class=\"slide-meta\"><time class='slide-meta-time updated'  itemprop=\"datePublished\" datetime=\"2016-12-15T04:41:55+01:00\" >December 15, 2016<\/time><\/div><div class='slide-entry-excerpt entry-content'  itemprop=\"text\" >EAAF<\/div><\/div><footer class=\"entry-footer\"><\/footer><span class='hidden'>\n\t\t\t\t<span class='av-structured-data'  itemprop=\"image\" itemscope=\"itemscope\" itemtype=\"https:\/\/schema.org\/ImageObject\" >\n\t\t\t\t\t\t<span itemprop='url'>https:\/\/politicasdelamemoria.org\/wp-content\/uploads\/importedmedia\/blogmedia-533.jpg<\/span>\n\t\t\t\t\t\t<span itemprop='height'>167<\/span>\n\t\t\t\t\t\t<span itemprop='width'>478<\/span>\n\t\t\t\t<\/span>\n\t\t\t\t<span class='av-structured-data'  itemprop=\"publisher\" itemtype=\"https:\/\/schema.org\/Organization\" itemscope=\"itemscope\" >\n\t\t\t\t\t\t<span itemprop='name'>Daniel<\/span>\n\t\t\t\t\t\t<span itemprop='logo' itemscope itemtype='https:\/\/schema.org\/ImageObject'>\n\t\t\t\t\t\t\t<span itemprop='url'>https:\/\/politicasdelamemoria.org\/wp-content\/uploads\/2015\/01\/logo_memoria_Web.png<\/span>\n\t\t\t\t\t\t<\/span>\n\t\t\t\t<\/span><span class='av-structured-data'  itemprop=\"author\" itemscope=\"itemscope\" itemtype=\"https:\/\/schema.org\/Person\" ><span itemprop='name'>Daniel<\/span><\/span><span class='av-structured-data'  itemprop=\"datePublished\" datetime=\"2016-10-11T17:56:15+02:00\" >2016-12-15 04:41:55<\/span><span class='av-structured-data'  itemprop=\"dateModified\" itemtype=\"https:\/\/schema.org\/dateModified\" >2022-02-01 21:07:08<\/span><span class='av-structured-data'  itemprop=\"mainEntityOfPage\" itemtype=\"https:\/\/schema.org\/mainEntityOfPage\" ><span itemprop='name'>Luis Fondebrider<\/span><\/span><\/span><\/article><\/div><div class=\"slide-entry-wrap\"><article class='slide-entry flex_column  post-entry post-entry-531 slide-entry-overview slide-loop-7 slide-parity-odd  av_one_half first real-thumbnail posttype-post post-format-standard'  itemscope=\"itemscope\" itemtype=\"https:\/\/schema.org\/CreativeWork\" ><a href='https:\/\/politicasdelamemoria.org\/en\/2016\/12\/71-en-maria-garcia-alonso\/' data-rel='slide-1' class='slide-image' title='Mar\u00eda Garc\u00eda Alonso'><img decoding=\"async\" fetchpriority=\"high\" width=\"478\" height=\"167\" src=\"https:\/\/politicasdelamemoria.org\/wp-content\/uploads\/importedmedia\/blogmedia-531.jpg\" class=\"wp-image-831 avia-img-lazy-loading-not-831 attachment-no scaling size-no scaling wp-post-image\" alt=\"\" srcset=\"https:\/\/politicasdelamemoria.org\/wp-content\/uploads\/importedmedia\/blogmedia-531.jpg 478w, https:\/\/politicasdelamemoria.org\/wp-content\/uploads\/importedmedia\/blogmedia-531-300x104.jpg 300w\" sizes=\"(max-width: 478px) 100vw, 478px\" \/><\/a><div class=\"slide-content\"><header class=\"entry-content-header\" aria-label=\"Slide: Mar\u00eda Garc\u00eda Alonso\"><h3 class='slide-entry-title entry-title '  itemprop=\"headline\" ><a href='https:\/\/politicasdelamemoria.org\/en\/2016\/12\/71-en-maria-garcia-alonso\/' title='Mar\u00eda Garc\u00eda Alonso'>Mar\u00eda Garc\u00eda Alonso<\/a><\/h3><span class=\"av-vertical-delimiter\"><\/span><\/header><div class=\"slide-meta\"><time class='slide-meta-time updated'  itemprop=\"datePublished\" datetime=\"2016-12-14T23:50:11+01:00\" >December 14, 2016<\/time><\/div><div class='slide-entry-excerpt entry-content'  itemprop=\"text\" >UNED<\/div><\/div><footer class=\"entry-footer\"><\/footer><span class='hidden'>\n\t\t\t\t<span class='av-structured-data'  itemprop=\"image\" itemscope=\"itemscope\" itemtype=\"https:\/\/schema.org\/ImageObject\" >\n\t\t\t\t\t\t<span itemprop='url'>https:\/\/politicasdelamemoria.org\/wp-content\/uploads\/importedmedia\/blogmedia-531.jpg<\/span>\n\t\t\t\t\t\t<span itemprop='height'>167<\/span>\n\t\t\t\t\t\t<span itemprop='width'>478<\/span>\n\t\t\t\t<\/span>\n\t\t\t\t<span class='av-structured-data'  itemprop=\"publisher\" itemtype=\"https:\/\/schema.org\/Organization\" itemscope=\"itemscope\" >\n\t\t\t\t\t\t<span itemprop='name'>Daniel<\/span>\n\t\t\t\t\t\t<span itemprop='logo' itemscope itemtype='https:\/\/schema.org\/ImageObject'>\n\t\t\t\t\t\t\t<span itemprop='url'>https:\/\/politicasdelamemoria.org\/wp-content\/uploads\/2015\/01\/logo_memoria_Web.png<\/span>\n\t\t\t\t\t\t<\/span>\n\t\t\t\t<\/span><span class='av-structured-data'  itemprop=\"author\" itemscope=\"itemscope\" itemtype=\"https:\/\/schema.org\/Person\" ><span itemprop='name'>Daniel<\/span><\/span><span class='av-structured-data'  itemprop=\"datePublished\" datetime=\"2016-10-11T17:56:15+02:00\" >2016-12-14 23:50:11<\/span><span class='av-structured-data'  itemprop=\"dateModified\" itemtype=\"https:\/\/schema.org\/dateModified\" >2022-02-01 21:07:30<\/span><span class='av-structured-data'  itemprop=\"mainEntityOfPage\" itemtype=\"https:\/\/schema.org\/mainEntityOfPage\" ><span itemprop='name'>Mar\u00eda Garc\u00eda Alonso<\/span><\/span><\/span><\/article><article class='slide-entry flex_column  post-entry post-entry-512 slide-entry-overview slide-loop-8 slide-parity-even  av_one_half  real-thumbnail posttype-post post-format-standard'  itemscope=\"itemscope\" itemtype=\"https:\/\/schema.org\/CreativeWork\" ><a href='https:\/\/politicasdelamemoria.org\/en\/2016\/12\/72-en-stephanie-golob\/' data-rel='slide-1' class='slide-image' title='Stephanie Golob'><img decoding=\"async\" fetchpriority=\"high\" width=\"478\" height=\"167\" src=\"https:\/\/politicasdelamemoria.org\/wp-content\/uploads\/importedmedia\/blogmedia-512.jpg\" class=\"wp-image-815 avia-img-lazy-loading-not-815 attachment-no scaling size-no scaling wp-post-image\" alt=\"\" srcset=\"https:\/\/politicasdelamemoria.org\/wp-content\/uploads\/importedmedia\/blogmedia-512.jpg 478w, https:\/\/politicasdelamemoria.org\/wp-content\/uploads\/importedmedia\/blogmedia-512-300x104.jpg 300w\" sizes=\"(max-width: 478px) 100vw, 478px\" \/><\/a><div class=\"slide-content\"><header class=\"entry-content-header\" aria-label=\"Slide: Stephanie Golob\"><h3 class='slide-entry-title entry-title '  itemprop=\"headline\" ><a href='https:\/\/politicasdelamemoria.org\/en\/2016\/12\/72-en-stephanie-golob\/' title='Stephanie Golob'>Stephanie Golob<\/a><\/h3><span class=\"av-vertical-delimiter\"><\/span><\/header><div class=\"slide-meta\"><time class='slide-meta-time updated'  itemprop=\"datePublished\" datetime=\"2016-12-14T08:55:49+01:00\" >December 14, 2016<\/time><\/div><div class='slide-entry-excerpt entry-content'  itemprop=\"text\" >Baruch-CUNY<\/div><\/div><footer class=\"entry-footer\"><\/footer><span class='hidden'>\n\t\t\t\t<span class='av-structured-data'  itemprop=\"image\" itemscope=\"itemscope\" itemtype=\"https:\/\/schema.org\/ImageObject\" >\n\t\t\t\t\t\t<span itemprop='url'>https:\/\/politicasdelamemoria.org\/wp-content\/uploads\/importedmedia\/blogmedia-512.jpg<\/span>\n\t\t\t\t\t\t<span itemprop='height'>167<\/span>\n\t\t\t\t\t\t<span itemprop='width'>478<\/span>\n\t\t\t\t<\/span>\n\t\t\t\t<span class='av-structured-data'  itemprop=\"publisher\" itemtype=\"https:\/\/schema.org\/Organization\" itemscope=\"itemscope\" >\n\t\t\t\t\t\t<span itemprop='name'>Daniel<\/span>\n\t\t\t\t\t\t<span itemprop='logo' itemscope itemtype='https:\/\/schema.org\/ImageObject'>\n\t\t\t\t\t\t\t<span itemprop='url'>https:\/\/politicasdelamemoria.org\/wp-content\/uploads\/2015\/01\/logo_memoria_Web.png<\/span>\n\t\t\t\t\t\t<\/span>\n\t\t\t\t<\/span><span class='av-structured-data'  itemprop=\"author\" itemscope=\"itemscope\" itemtype=\"https:\/\/schema.org\/Person\" ><span itemprop='name'>Daniel<\/span><\/span><span class='av-structured-data'  itemprop=\"datePublished\" datetime=\"2016-10-11T17:56:15+02:00\" >2016-12-14 08:55:49<\/span><span class='av-structured-data'  itemprop=\"dateModified\" itemtype=\"https:\/\/schema.org\/dateModified\" >2022-02-01 21:08:06<\/span><span class='av-structured-data'  itemprop=\"mainEntityOfPage\" itemtype=\"https:\/\/schema.org\/mainEntityOfPage\" ><span itemprop='name'>Stephanie Golob<\/span><\/span><\/span><\/article><\/div><div class=\"slide-entry-wrap\"><article class='slide-entry flex_column  post-entry post-entry-2129 slide-entry-overview slide-loop-9 slide-parity-odd  av_one_half first real-thumbnail posttype-post post-format-standard'  itemscope=\"itemscope\" itemtype=\"https:\/\/schema.org\/CreativeWork\" ><a href='https:\/\/politicasdelamemoria.org\/en\/2016\/12\/473-marije-hristova-2\/' data-rel='slide-1' class='slide-image' title='Marije Hristova'><img decoding=\"async\" fetchpriority=\"high\" width=\"478\" height=\"167\" src=\"https:\/\/politicasdelamemoria.org\/wp-content\/uploads\/2014\/04\/Marije-Hristova.jpg\" class=\"wp-image-5262 avia-img-lazy-loading-not-5262 attachment-no scaling size-no scaling wp-post-image\" alt=\"\" srcset=\"https:\/\/politicasdelamemoria.org\/wp-content\/uploads\/2014\/04\/Marije-Hristova.jpg 478w, https:\/\/politicasdelamemoria.org\/wp-content\/uploads\/2014\/04\/Marije-Hristova-300x105.jpg 300w, https:\/\/politicasdelamemoria.org\/wp-content\/uploads\/2014\/04\/Marije-Hristova-450x157.jpg 450w\" sizes=\"(max-width: 478px) 100vw, 478px\" \/><\/a><div class=\"slide-content\"><header class=\"entry-content-header\" aria-label=\"Slide: Marije Hristova\"><h3 class='slide-entry-title entry-title '  itemprop=\"headline\" ><a href='https:\/\/politicasdelamemoria.org\/en\/2016\/12\/473-marije-hristova-2\/' title='Marije Hristova'>Marije Hristova<\/a><\/h3><span class=\"av-vertical-delimiter\"><\/span><\/header><div class=\"slide-meta\"><time class='slide-meta-time updated'  itemprop=\"datePublished\" datetime=\"2016-12-13T08:48:18+01:00\" >December 13, 2016<\/time><\/div><div class='slide-entry-excerpt entry-content'  itemprop=\"text\" >Maastricht University<\/div><\/div><footer class=\"entry-footer\"><\/footer><span class='hidden'>\n\t\t\t\t<span class='av-structured-data'  itemprop=\"image\" itemscope=\"itemscope\" itemtype=\"https:\/\/schema.org\/ImageObject\" >\n\t\t\t\t\t\t<span itemprop='url'>https:\/\/politicasdelamemoria.org\/wp-content\/uploads\/2014\/04\/Marije-Hristova.jpg<\/span>\n\t\t\t\t\t\t<span itemprop='height'>167<\/span>\n\t\t\t\t\t\t<span itemprop='width'>478<\/span>\n\t\t\t\t<\/span>\n\t\t\t\t<span class='av-structured-data'  itemprop=\"publisher\" itemtype=\"https:\/\/schema.org\/Organization\" itemscope=\"itemscope\" >\n\t\t\t\t\t\t<span itemprop='name'>Daniel<\/span>\n\t\t\t\t\t\t<span itemprop='logo' itemscope itemtype='https:\/\/schema.org\/ImageObject'>\n\t\t\t\t\t\t\t<span itemprop='url'>https:\/\/politicasdelamemoria.org\/wp-content\/uploads\/2015\/01\/logo_memoria_Web.png<\/span>\n\t\t\t\t\t\t<\/span>\n\t\t\t\t<\/span><span class='av-structured-data'  itemprop=\"author\" itemscope=\"itemscope\" itemtype=\"https:\/\/schema.org\/Person\" ><span itemprop='name'>Daniel<\/span><\/span><span class='av-structured-data'  itemprop=\"datePublished\" datetime=\"2016-10-11T17:56:15+02:00\" >2016-12-13 08:48:18<\/span><span class='av-structured-data'  itemprop=\"dateModified\" itemtype=\"https:\/\/schema.org\/dateModified\" >2022-02-01 21:09:46<\/span><span class='av-structured-data'  itemprop=\"mainEntityOfPage\" itemtype=\"https:\/\/schema.org\/mainEntityOfPage\" ><span itemprop='name'>Marije Hristova<\/span><\/span><\/span><\/article><article class='slide-entry flex_column  post-entry post-entry-2138 slide-entry-overview slide-loop-10 slide-parity-even  av_one_half  real-thumbnail posttype-post post-format-standard'  itemscope=\"itemscope\" itemtype=\"https:\/\/schema.org\/CreativeWork\" ><a href='https:\/\/politicasdelamemoria.org\/en\/2016\/12\/480-zoe-de-kerangat-2\/' data-rel='slide-1' class='slide-image' title='Zo\u00e9 de Kerangat'><img decoding=\"async\" fetchpriority=\"high\" width=\"478\" height=\"167\" src=\"https:\/\/politicasdelamemoria.org\/wp-content\/uploads\/2010\/05\/Zo\u00e9-de-Kerangat.jpg\" class=\"wp-image-9646 avia-img-lazy-loading-not-9646 attachment-no scaling size-no scaling wp-post-image\" alt=\"\" srcset=\"https:\/\/politicasdelamemoria.org\/wp-content\/uploads\/2010\/05\/Zo\u00e9-de-Kerangat.jpg 478w, https:\/\/politicasdelamemoria.org\/wp-content\/uploads\/2010\/05\/Zo\u00e9-de-Kerangat-300x105.jpg 300w, https:\/\/politicasdelamemoria.org\/wp-content\/uploads\/2010\/05\/Zo\u00e9-de-Kerangat-450x157.jpg 450w\" sizes=\"(max-width: 478px) 100vw, 478px\" \/><\/a><div class=\"slide-content\"><header class=\"entry-content-header\" aria-label=\"Slide: Zo\u00e9 de Kerangat\"><h3 class='slide-entry-title entry-title '  itemprop=\"headline\" ><a href='https:\/\/politicasdelamemoria.org\/en\/2016\/12\/480-zoe-de-kerangat-2\/' title='Zo\u00e9 de Kerangat'>Zo\u00e9 de Kerangat<\/a><\/h3><span class=\"av-vertical-delimiter\"><\/span><\/header><div class=\"slide-meta\"><time class='slide-meta-time updated'  itemprop=\"datePublished\" datetime=\"2016-12-12T11:07:31+01:00\" >December 12, 2016<\/time><\/div><div class='slide-entry-excerpt entry-content'  itemprop=\"text\" >CSIC<\/div><\/div><footer class=\"entry-footer\"><\/footer><span class='hidden'>\n\t\t\t\t<span class='av-structured-data'  itemprop=\"image\" itemscope=\"itemscope\" itemtype=\"https:\/\/schema.org\/ImageObject\" >\n\t\t\t\t\t\t<span itemprop='url'>https:\/\/politicasdelamemoria.org\/wp-content\/uploads\/2010\/05\/Zo\u00e9-de-Kerangat.jpg<\/span>\n\t\t\t\t\t\t<span itemprop='height'>167<\/span>\n\t\t\t\t\t\t<span itemprop='width'>478<\/span>\n\t\t\t\t<\/span>\n\t\t\t\t<span class='av-structured-data'  itemprop=\"publisher\" itemtype=\"https:\/\/schema.org\/Organization\" itemscope=\"itemscope\" >\n\t\t\t\t\t\t<span itemprop='name'>Daniel<\/span>\n\t\t\t\t\t\t<span itemprop='logo' itemscope itemtype='https:\/\/schema.org\/ImageObject'>\n\t\t\t\t\t\t\t<span itemprop='url'>https:\/\/politicasdelamemoria.org\/wp-content\/uploads\/2015\/01\/logo_memoria_Web.png<\/span>\n\t\t\t\t\t\t<\/span>\n\t\t\t\t<\/span><span class='av-structured-data'  itemprop=\"author\" itemscope=\"itemscope\" itemtype=\"https:\/\/schema.org\/Person\" ><span itemprop='name'>Daniel<\/span><\/span><span class='av-structured-data'  itemprop=\"datePublished\" datetime=\"2016-10-11T17:56:15+02:00\" >2016-12-12 11:07:31<\/span><span class='av-structured-data'  itemprop=\"dateModified\" itemtype=\"https:\/\/schema.org\/dateModified\" >2022-02-01 21:10:19<\/span><span class='av-structured-data'  itemprop=\"mainEntityOfPage\" itemtype=\"https:\/\/schema.org\/mainEntityOfPage\" ><span itemprop='name'>Zo\u00e9 de Kerangat<\/span><\/span><\/span><\/article><\/div><div class=\"slide-entry-wrap\"><article class='slide-entry flex_column  post-entry post-entry-2937 slide-entry-overview slide-loop-11 slide-parity-odd  av_one_half first real-thumbnail posttype-post post-format-standard'  itemscope=\"itemscope\" itemtype=\"https:\/\/schema.org\/CreativeWork\" ><a href='https:\/\/politicasdelamemoria.org\/en\/2016\/12\/m-laura-martin-chiappe\/' data-rel='slide-1' class='slide-image' title='M.Laura Mart\u00edn-Chiappe'><img decoding=\"async\" fetchpriority=\"high\" width=\"478\" height=\"167\" src=\"https:\/\/politicasdelamemoria.org\/wp-content\/uploads\/2015\/02\/M.Laura-Mart\u00edn-Chiappe.jpg\" class=\"wp-image-9623 avia-img-lazy-loading-not-9623 attachment-no scaling size-no scaling wp-post-image\" alt=\"\" srcset=\"https:\/\/politicasdelamemoria.org\/wp-content\/uploads\/2015\/02\/M.Laura-Mart\u00edn-Chiappe.jpg 478w, https:\/\/politicasdelamemoria.org\/wp-content\/uploads\/2015\/02\/M.Laura-Mart\u00edn-Chiappe-300x105.jpg 300w, https:\/\/politicasdelamemoria.org\/wp-content\/uploads\/2015\/02\/M.Laura-Mart\u00edn-Chiappe-450x157.jpg 450w\" sizes=\"(max-width: 478px) 100vw, 478px\" \/><\/a><div class=\"slide-content\"><header class=\"entry-content-header\" aria-label=\"Slide: M.Laura Mart\u00edn-Chiappe\"><h3 class='slide-entry-title entry-title '  itemprop=\"headline\" ><a href='https:\/\/politicasdelamemoria.org\/en\/2016\/12\/m-laura-martin-chiappe\/' title='M.Laura Mart\u00edn-Chiappe'>M.Laura Mart\u00edn-Chiappe<\/a><\/h3><span class=\"av-vertical-delimiter\"><\/span><\/header><div class=\"slide-meta\"><time class='slide-meta-time updated'  itemprop=\"datePublished\" datetime=\"2016-12-09T10:11:40+01:00\" >December 9, 2016<\/time><\/div><div class='slide-entry-excerpt entry-content'  itemprop=\"text\" >CSIC<\/div><\/div><footer class=\"entry-footer\"><\/footer><span class='hidden'>\n\t\t\t\t<span class='av-structured-data'  itemprop=\"image\" itemscope=\"itemscope\" itemtype=\"https:\/\/schema.org\/ImageObject\" >\n\t\t\t\t\t\t<span itemprop='url'>https:\/\/politicasdelamemoria.org\/wp-content\/uploads\/2015\/02\/M.Laura-Mart\u00edn-Chiappe.jpg<\/span>\n\t\t\t\t\t\t<span itemprop='height'>167<\/span>\n\t\t\t\t\t\t<span itemprop='width'>478<\/span>\n\t\t\t\t<\/span>\n\t\t\t\t<span class='av-structured-data'  itemprop=\"publisher\" itemtype=\"https:\/\/schema.org\/Organization\" itemscope=\"itemscope\" >\n\t\t\t\t\t\t<span itemprop='name'>Daniel<\/span>\n\t\t\t\t\t\t<span itemprop='logo' itemscope itemtype='https:\/\/schema.org\/ImageObject'>\n\t\t\t\t\t\t\t<span itemprop='url'>https:\/\/politicasdelamemoria.org\/wp-content\/uploads\/2015\/01\/logo_memoria_Web.png<\/span>\n\t\t\t\t\t\t<\/span>\n\t\t\t\t<\/span><span class='av-structured-data'  itemprop=\"author\" itemscope=\"itemscope\" itemtype=\"https:\/\/schema.org\/Person\" ><span itemprop='name'>Daniel<\/span><\/span><span class='av-structured-data'  itemprop=\"datePublished\" datetime=\"2016-10-11T17:56:15+02:00\" >2016-12-09 10:11:40<\/span><span class='av-structured-data'  itemprop=\"dateModified\" itemtype=\"https:\/\/schema.org\/dateModified\" >2022-02-02 10:59:35<\/span><span class='av-structured-data'  itemprop=\"mainEntityOfPage\" itemtype=\"https:\/\/schema.org\/mainEntityOfPage\" ><span itemprop='name'>M.Laura Mart\u00edn-Chiappe<\/span><\/span><\/span><\/article><article class='slide-entry flex_column  post-entry post-entry-541 slide-entry-overview slide-loop-12 slide-parity-even  av_one_half  real-thumbnail posttype-post post-format-standard'  itemscope=\"itemscope\" itemtype=\"https:\/\/schema.org\/CreativeWork\" ><a href='https:\/\/politicasdelamemoria.org\/en\/2016\/12\/87-en-antonius-robben\/' data-rel='slide-1' class='slide-image' title='Antonius Robben'><img decoding=\"async\" fetchpriority=\"high\" width=\"478\" height=\"167\" src=\"https:\/\/politicasdelamemoria.org\/wp-content\/uploads\/importedmedia\/blogmedia-541.jpg\" class=\"wp-image-841 avia-img-lazy-loading-not-841 attachment-no scaling size-no scaling wp-post-image\" alt=\"\" srcset=\"https:\/\/politicasdelamemoria.org\/wp-content\/uploads\/importedmedia\/blogmedia-541.jpg 478w, https:\/\/politicasdelamemoria.org\/wp-content\/uploads\/importedmedia\/blogmedia-541-300x104.jpg 300w\" sizes=\"(max-width: 478px) 100vw, 478px\" \/><\/a><div class=\"slide-content\"><header class=\"entry-content-header\" aria-label=\"Slide: Antonius Robben\"><h3 class='slide-entry-title entry-title '  itemprop=\"headline\" ><a href='https:\/\/politicasdelamemoria.org\/en\/2016\/12\/87-en-antonius-robben\/' title='Antonius Robben'>Antonius Robben<\/a><\/h3><span class=\"av-vertical-delimiter\"><\/span><\/header><div class=\"slide-meta\"><time class='slide-meta-time updated'  itemprop=\"datePublished\" datetime=\"2016-12-07T11:19:29+01:00\" >December 7, 2016<\/time><\/div><div class='slide-entry-excerpt entry-content'  itemprop=\"text\" >U Utrecht<\/div><\/div><footer class=\"entry-footer\"><\/footer><span class='hidden'>\n\t\t\t\t<span class='av-structured-data'  itemprop=\"image\" itemscope=\"itemscope\" itemtype=\"https:\/\/schema.org\/ImageObject\" >\n\t\t\t\t\t\t<span itemprop='url'>https:\/\/politicasdelamemoria.org\/wp-content\/uploads\/importedmedia\/blogmedia-541.jpg<\/span>\n\t\t\t\t\t\t<span itemprop='height'>167<\/span>\n\t\t\t\t\t\t<span itemprop='width'>478<\/span>\n\t\t\t\t<\/span>\n\t\t\t\t<span class='av-structured-data'  itemprop=\"publisher\" itemtype=\"https:\/\/schema.org\/Organization\" itemscope=\"itemscope\" >\n\t\t\t\t\t\t<span itemprop='name'>Daniel<\/span>\n\t\t\t\t\t\t<span itemprop='logo' itemscope itemtype='https:\/\/schema.org\/ImageObject'>\n\t\t\t\t\t\t\t<span itemprop='url'>https:\/\/politicasdelamemoria.org\/wp-content\/uploads\/2015\/01\/logo_memoria_Web.png<\/span>\n\t\t\t\t\t\t<\/span>\n\t\t\t\t<\/span><span class='av-structured-data'  itemprop=\"author\" itemscope=\"itemscope\" itemtype=\"https:\/\/schema.org\/Person\" ><span itemprop='name'>Daniel<\/span><\/span><span class='av-structured-data'  itemprop=\"datePublished\" datetime=\"2016-10-11T17:56:15+02:00\" >2016-12-07 11:19:29<\/span><span class='av-structured-data'  itemprop=\"dateModified\" itemtype=\"https:\/\/schema.org\/dateModified\" >2022-02-01 21:12:13<\/span><span class='av-structured-data'  itemprop=\"mainEntityOfPage\" itemtype=\"https:\/\/schema.org\/mainEntityOfPage\" ><span itemprop='name'>Antonius Robben<\/span><\/span><\/span><\/article><\/div><div class=\"slide-entry-wrap\"><article class='slide-entry flex_column  post-entry post-entry-536 slide-entry-overview slide-loop-13 slide-parity-odd  av_one_half first real-thumbnail posttype-post post-format-standard'  itemscope=\"itemscope\" itemtype=\"https:\/\/schema.org\/CreativeWork\" ><a href='https:\/\/politicasdelamemoria.org\/en\/2016\/12\/88-en-queralt-sole-barjau\/' data-rel='slide-1' class='slide-image' title='Queralt Sol\u00e9 Barjau'><img decoding=\"async\" fetchpriority=\"high\" width=\"478\" height=\"167\" src=\"https:\/\/politicasdelamemoria.org\/wp-content\/uploads\/importedmedia\/blogmedia-536.jpg\" class=\"wp-image-836 avia-img-lazy-loading-not-836 attachment-no scaling size-no scaling wp-post-image\" alt=\"\" srcset=\"https:\/\/politicasdelamemoria.org\/wp-content\/uploads\/importedmedia\/blogmedia-536.jpg 478w, https:\/\/politicasdelamemoria.org\/wp-content\/uploads\/importedmedia\/blogmedia-536-300x104.jpg 300w\" sizes=\"(max-width: 478px) 100vw, 478px\" \/><\/a><div class=\"slide-content\"><header class=\"entry-content-header\" aria-label=\"Slide: Queralt Sol\u00e9 Barjau\"><h3 class='slide-entry-title entry-title '  itemprop=\"headline\" ><a href='https:\/\/politicasdelamemoria.org\/en\/2016\/12\/88-en-queralt-sole-barjau\/' title='Queralt Sol\u00e9 Barjau'>Queralt Sol\u00e9 Barjau<\/a><\/h3><span class=\"av-vertical-delimiter\"><\/span><\/header><div class=\"slide-meta\"><time class='slide-meta-time updated'  itemprop=\"datePublished\" datetime=\"2016-12-06T10:21:37+01:00\" >December 6, 2016<\/time><\/div><div class='slide-entry-excerpt entry-content'  itemprop=\"text\" >Universitat de Barcelona<\/div><\/div><footer class=\"entry-footer\"><\/footer><span class='hidden'>\n\t\t\t\t<span class='av-structured-data'  itemprop=\"image\" itemscope=\"itemscope\" itemtype=\"https:\/\/schema.org\/ImageObject\" >\n\t\t\t\t\t\t<span itemprop='url'>https:\/\/politicasdelamemoria.org\/wp-content\/uploads\/importedmedia\/blogmedia-536.jpg<\/span>\n\t\t\t\t\t\t<span itemprop='height'>167<\/span>\n\t\t\t\t\t\t<span itemprop='width'>478<\/span>\n\t\t\t\t<\/span>\n\t\t\t\t<span class='av-structured-data'  itemprop=\"publisher\" itemtype=\"https:\/\/schema.org\/Organization\" itemscope=\"itemscope\" >\n\t\t\t\t\t\t<span itemprop='name'>Daniel<\/span>\n\t\t\t\t\t\t<span itemprop='logo' itemscope itemtype='https:\/\/schema.org\/ImageObject'>\n\t\t\t\t\t\t\t<span itemprop='url'>https:\/\/politicasdelamemoria.org\/wp-content\/uploads\/2015\/01\/logo_memoria_Web.png<\/span>\n\t\t\t\t\t\t<\/span>\n\t\t\t\t<\/span><span class='av-structured-data'  itemprop=\"author\" itemscope=\"itemscope\" itemtype=\"https:\/\/schema.org\/Person\" ><span itemprop='name'>Daniel<\/span><\/span><span class='av-structured-data'  itemprop=\"datePublished\" datetime=\"2016-10-11T17:56:15+02:00\" >2016-12-06 10:21:37<\/span><span class='av-structured-data'  itemprop=\"dateModified\" itemtype=\"https:\/\/schema.org\/dateModified\" >2022-02-01 21:13:09<\/span><span class='av-structured-data'  itemprop=\"mainEntityOfPage\" itemtype=\"https:\/\/schema.org\/mainEntityOfPage\" ><span itemprop='name'>Queralt Sol\u00e9 Barjau<\/span><\/span><\/span><\/article><article class='slide-entry flex_column  post-entry post-entry-2132 slide-entry-overview slide-loop-14 slide-parity-even  av_one_half  real-thumbnail posttype-post post-format-standard'  itemscope=\"itemscope\" itemtype=\"https:\/\/schema.org\/CreativeWork\" ><a href='https:\/\/politicasdelamemoria.org\/en\/2016\/12\/477-natan-sznaider-2\/' data-rel='slide-1' class='slide-image' title='Natan Sznaider'><img decoding=\"async\" fetchpriority=\"high\" width=\"478\" height=\"167\" src=\"https:\/\/politicasdelamemoria.org\/wp-content\/uploads\/2011\/01\/Natan-Sznaider_copy3_web.jpg\" class=\"wp-image-10055 avia-img-lazy-loading-not-10055 attachment-no scaling size-no scaling wp-post-image\" alt=\"\" srcset=\"https:\/\/politicasdelamemoria.org\/wp-content\/uploads\/2011\/01\/Natan-Sznaider_copy3_web.jpg 478w, https:\/\/politicasdelamemoria.org\/wp-content\/uploads\/2011\/01\/Natan-Sznaider_copy3_web-300x105.jpg 300w, https:\/\/politicasdelamemoria.org\/wp-content\/uploads\/2011\/01\/Natan-Sznaider_copy3_web-450x157.jpg 450w\" sizes=\"(max-width: 478px) 100vw, 478px\" \/><\/a><div class=\"slide-content\"><header class=\"entry-content-header\" aria-label=\"Slide: Natan Sznaider\"><h3 class='slide-entry-title entry-title '  itemprop=\"headline\" ><a href='https:\/\/politicasdelamemoria.org\/en\/2016\/12\/477-natan-sznaider-2\/' title='Natan Sznaider'>Natan Sznaider<\/a><\/h3><span class=\"av-vertical-delimiter\"><\/span><\/header><div class=\"slide-meta\"><time class='slide-meta-time updated'  itemprop=\"datePublished\" datetime=\"2016-12-05T15:14:31+01:00\" >December 5, 2016<\/time><\/div><div class='slide-entry-excerpt entry-content'  itemprop=\"text\" >Academic College of Tel-Aviv-Yaffo<\/div><\/div><footer class=\"entry-footer\"><\/footer><span class='hidden'>\n\t\t\t\t<span class='av-structured-data'  itemprop=\"image\" itemscope=\"itemscope\" itemtype=\"https:\/\/schema.org\/ImageObject\" >\n\t\t\t\t\t\t<span itemprop='url'>https:\/\/politicasdelamemoria.org\/wp-content\/uploads\/2011\/01\/Natan-Sznaider_copy3_web.jpg<\/span>\n\t\t\t\t\t\t<span itemprop='height'>167<\/span>\n\t\t\t\t\t\t<span itemprop='width'>478<\/span>\n\t\t\t\t<\/span>\n\t\t\t\t<span class='av-structured-data'  itemprop=\"publisher\" itemtype=\"https:\/\/schema.org\/Organization\" itemscope=\"itemscope\" >\n\t\t\t\t\t\t<span itemprop='name'>Daniel<\/span>\n\t\t\t\t\t\t<span itemprop='logo' itemscope itemtype='https:\/\/schema.org\/ImageObject'>\n\t\t\t\t\t\t\t<span itemprop='url'>https:\/\/politicasdelamemoria.org\/wp-content\/uploads\/2015\/01\/logo_memoria_Web.png<\/span>\n\t\t\t\t\t\t<\/span>\n\t\t\t\t<\/span><span class='av-structured-data'  itemprop=\"author\" itemscope=\"itemscope\" itemtype=\"https:\/\/schema.org\/Person\" ><span itemprop='name'>Daniel<\/span><\/span><span class='av-structured-data'  itemprop=\"datePublished\" datetime=\"2016-10-11T17:56:15+02:00\" >2016-12-05 15:14:31<\/span><span class='av-structured-data'  itemprop=\"dateModified\" itemtype=\"https:\/\/schema.org\/dateModified\" >2018-12-19 13:08:25<\/span><span class='av-structured-data'  itemprop=\"mainEntityOfPage\" itemtype=\"https:\/\/schema.org\/mainEntityOfPage\" ><span itemprop='name'>Natan Sznaider<\/span><\/span><\/span><\/article><\/div><div class=\"slide-entry-wrap\"><article class='slide-entry flex_column  post-entry post-entry-2935 slide-entry-overview slide-loop-15 slide-parity-odd  av_one_half first real-thumbnail posttype-post post-format-standard'  itemscope=\"itemscope\" itemtype=\"https:\/\/schema.org\/CreativeWork\" ><a href='https:\/\/politicasdelamemoria.org\/en\/2016\/12\/alfonso-villata\/' data-rel='slide-1' class='slide-image' title='Alfonso Villalta'><img decoding=\"async\" fetchpriority=\"high\" width=\"478\" height=\"167\" src=\"https:\/\/politicasdelamemoria.org\/wp-content\/uploads\/2015\/02\/alfonso.jpg\" class=\"wp-image-8943 avia-img-lazy-loading-not-8943 attachment-no scaling size-no scaling wp-post-image\" alt=\"\" srcset=\"https:\/\/politicasdelamemoria.org\/wp-content\/uploads\/2015\/02\/alfonso.jpg 478w, https:\/\/politicasdelamemoria.org\/wp-content\/uploads\/2015\/02\/alfonso-300x105.jpg 300w, https:\/\/politicasdelamemoria.org\/wp-content\/uploads\/2015\/02\/alfonso-450x157.jpg 450w\" sizes=\"(max-width: 478px) 100vw, 478px\" \/><\/a><div class=\"slide-content\"><header class=\"entry-content-header\" aria-label=\"Slide: Alfonso Villalta\"><h3 class='slide-entry-title entry-title '  itemprop=\"headline\" ><a href='https:\/\/politicasdelamemoria.org\/en\/2016\/12\/alfonso-villata\/' title='Alfonso Villalta'>Alfonso Villalta<\/a><\/h3><span class=\"av-vertical-delimiter\"><\/span><\/header><div class=\"slide-meta\"><time class='slide-meta-time updated'  itemprop=\"datePublished\" datetime=\"2016-12-04T10:14:25+01:00\" >December 4, 2016<\/time><\/div><div class='slide-entry-excerpt entry-content'  itemprop=\"text\" >UNED<\/div><\/div><footer class=\"entry-footer\"><\/footer><span class='hidden'>\n\t\t\t\t<span class='av-structured-data'  itemprop=\"image\" itemscope=\"itemscope\" itemtype=\"https:\/\/schema.org\/ImageObject\" >\n\t\t\t\t\t\t<span itemprop='url'>https:\/\/politicasdelamemoria.org\/wp-content\/uploads\/2015\/02\/alfonso.jpg<\/span>\n\t\t\t\t\t\t<span itemprop='height'>167<\/span>\n\t\t\t\t\t\t<span itemprop='width'>478<\/span>\n\t\t\t\t<\/span>\n\t\t\t\t<span class='av-structured-data'  itemprop=\"publisher\" itemtype=\"https:\/\/schema.org\/Organization\" itemscope=\"itemscope\" >\n\t\t\t\t\t\t<span itemprop='name'>Daniel<\/span>\n\t\t\t\t\t\t<span itemprop='logo' itemscope itemtype='https:\/\/schema.org\/ImageObject'>\n\t\t\t\t\t\t\t<span itemprop='url'>https:\/\/politicasdelamemoria.org\/wp-content\/uploads\/2015\/01\/logo_memoria_Web.png<\/span>\n\t\t\t\t\t\t<\/span>\n\t\t\t\t<\/span><span class='av-structured-data'  itemprop=\"author\" itemscope=\"itemscope\" itemtype=\"https:\/\/schema.org\/Person\" ><span itemprop='name'>Daniel<\/span><\/span><span class='av-structured-data'  itemprop=\"datePublished\" datetime=\"2016-10-11T17:56:15+02:00\" >2016-12-04 10:14:25<\/span><span class='av-structured-data'  itemprop=\"dateModified\" itemtype=\"https:\/\/schema.org\/dateModified\" >2019-01-03 13:06:37<\/span><span class='av-structured-data'  itemprop=\"mainEntityOfPage\" itemtype=\"https:\/\/schema.org\/mainEntityOfPage\" ><span itemprop='name'>Alfonso Villalta<\/span><\/span><\/span><\/article><article class='slide-entry flex_column  post-entry post-entry-634 slide-entry-overview slide-loop-16 slide-parity-even  av_one_half  real-thumbnail posttype-post post-format-standard'  itemscope=\"itemscope\" itemtype=\"https:\/\/schema.org\/CreativeWork\" ><a href='https:\/\/politicasdelamemoria.org\/en\/2016\/12\/475-en-sarah-wagner\/' data-rel='slide-1' class='slide-image' title='Sarah Wagner'><img decoding=\"async\" fetchpriority=\"high\" width=\"478\" height=\"167\" src=\"https:\/\/politicasdelamemoria.org\/wp-content\/uploads\/2010\/05\/Sarah-Wagner.jpg\" class=\"wp-image-9631 avia-img-lazy-loading-not-9631 attachment-no scaling size-no scaling wp-post-image\" alt=\"\" srcset=\"https:\/\/politicasdelamemoria.org\/wp-content\/uploads\/2010\/05\/Sarah-Wagner.jpg 478w, https:\/\/politicasdelamemoria.org\/wp-content\/uploads\/2010\/05\/Sarah-Wagner-300x105.jpg 300w, https:\/\/politicasdelamemoria.org\/wp-content\/uploads\/2010\/05\/Sarah-Wagner-450x157.jpg 450w\" sizes=\"(max-width: 478px) 100vw, 478px\" \/><\/a><div class=\"slide-content\"><header class=\"entry-content-header\" aria-label=\"Slide: Sarah Wagner\"><h3 class='slide-entry-title entry-title '  itemprop=\"headline\" ><a href='https:\/\/politicasdelamemoria.org\/en\/2016\/12\/475-en-sarah-wagner\/' title='Sarah Wagner'>Sarah Wagner<\/a><\/h3><span class=\"av-vertical-delimiter\"><\/span><\/header><div class=\"slide-meta\"><time class='slide-meta-time updated'  itemprop=\"datePublished\" datetime=\"2016-12-03T15:31:55+01:00\" >December 3, 2016<\/time><\/div><div class='slide-entry-excerpt entry-content'  itemprop=\"text\" >George Washington University<\/div><\/div><footer class=\"entry-footer\"><\/footer><span class='hidden'>\n\t\t\t\t<span class='av-structured-data'  itemprop=\"image\" itemscope=\"itemscope\" itemtype=\"https:\/\/schema.org\/ImageObject\" >\n\t\t\t\t\t\t<span itemprop='url'>https:\/\/politicasdelamemoria.org\/wp-content\/uploads\/2010\/05\/Sarah-Wagner.jpg<\/span>\n\t\t\t\t\t\t<span itemprop='height'>167<\/span>\n\t\t\t\t\t\t<span itemprop='width'>478<\/span>\n\t\t\t\t<\/span>\n\t\t\t\t<span class='av-structured-data'  itemprop=\"publisher\" itemtype=\"https:\/\/schema.org\/Organization\" itemscope=\"itemscope\" >\n\t\t\t\t\t\t<span itemprop='name'>Daniel<\/span>\n\t\t\t\t\t\t<span itemprop='logo' itemscope itemtype='https:\/\/schema.org\/ImageObject'>\n\t\t\t\t\t\t\t<span itemprop='url'>https:\/\/politicasdelamemoria.org\/wp-content\/uploads\/2015\/01\/logo_memoria_Web.png<\/span>\n\t\t\t\t\t\t<\/span>\n\t\t\t\t<\/span><span class='av-structured-data'  itemprop=\"author\" itemscope=\"itemscope\" itemtype=\"https:\/\/schema.org\/Person\" ><span itemprop='name'>Daniel<\/span><\/span><span class='av-structured-data'  itemprop=\"datePublished\" datetime=\"2016-10-11T17:56:15+02:00\" >2016-12-03 15:31:55<\/span><span class='av-structured-data'  itemprop=\"dateModified\" itemtype=\"https:\/\/schema.org\/dateModified\" >2022-02-01 21:13:38<\/span><span class='av-structured-data'  itemprop=\"mainEntityOfPage\" itemtype=\"https:\/\/schema.org\/mainEntityOfPage\" ><span itemprop='name'>Sarah Wagner<\/span><\/span><\/span><\/article><\/div><div class=\"slide-entry-wrap\"><article class='slide-entry flex_column  post-entry post-entry-537 slide-entry-overview slide-loop-17 slide-parity-odd  av_one_half first real-thumbnail posttype-post post-format-standard'  itemscope=\"itemscope\" itemtype=\"https:\/\/schema.org\/CreativeWork\" ><a href='https:\/\/politicasdelamemoria.org\/en\/2010\/05\/85-en-angel-del-rio-sanchez\/' data-rel='slide-1' class='slide-image' title='\u00c1ngel del R\u00edo S\u00e1nchez'><img decoding=\"async\" fetchpriority=\"high\" width=\"478\" height=\"167\" src=\"https:\/\/politicasdelamemoria.org\/wp-content\/uploads\/importedmedia\/blogmedia-537.jpg\" class=\"wp-image-837 avia-img-lazy-loading-not-837 attachment-no scaling size-no scaling wp-post-image\" alt=\"\" srcset=\"https:\/\/politicasdelamemoria.org\/wp-content\/uploads\/importedmedia\/blogmedia-537.jpg 478w, https:\/\/politicasdelamemoria.org\/wp-content\/uploads\/importedmedia\/blogmedia-537-300x104.jpg 300w\" sizes=\"(max-width: 478px) 100vw, 478px\" \/><\/a><div class=\"slide-content\"><header class=\"entry-content-header\" aria-label=\"Slide: \u00c1ngel del R\u00edo S\u00e1nchez\"><h3 class='slide-entry-title entry-title '  itemprop=\"headline\" ><a href='https:\/\/politicasdelamemoria.org\/en\/2010\/05\/85-en-angel-del-rio-sanchez\/' title='\u00c1ngel del R\u00edo S\u00e1nchez'>\u00c1ngel del R\u00edo S\u00e1nchez<\/a><\/h3><span class=\"av-vertical-delimiter\"><\/span><\/header><div class=\"slide-meta\"><time class='slide-meta-time updated'  itemprop=\"datePublished\" datetime=\"2010-05-31T11:16:30+02:00\" >May 31, 2010<\/time><\/div><div class='slide-entry-excerpt entry-content'  itemprop=\"text\" >U Pablo Olavide<\/div><\/div><footer class=\"entry-footer\"><\/footer><span class='hidden'>\n\t\t\t\t<span class='av-structured-data'  itemprop=\"image\" itemscope=\"itemscope\" itemtype=\"https:\/\/schema.org\/ImageObject\" >\n\t\t\t\t\t\t<span itemprop='url'>https:\/\/politicasdelamemoria.org\/wp-content\/uploads\/importedmedia\/blogmedia-537.jpg<\/span>\n\t\t\t\t\t\t<span itemprop='height'>167<\/span>\n\t\t\t\t\t\t<span itemprop='width'>478<\/span>\n\t\t\t\t<\/span>\n\t\t\t\t<span class='av-structured-data'  itemprop=\"publisher\" itemtype=\"https:\/\/schema.org\/Organization\" itemscope=\"itemscope\" >\n\t\t\t\t\t\t<span itemprop='name'>Daniel<\/span>\n\t\t\t\t\t\t<span itemprop='logo' itemscope itemtype='https:\/\/schema.org\/ImageObject'>\n\t\t\t\t\t\t\t<span itemprop='url'>https:\/\/politicasdelamemoria.org\/wp-content\/uploads\/2015\/01\/logo_memoria_Web.png<\/span>\n\t\t\t\t\t\t<\/span>\n\t\t\t\t<\/span><span class='av-structured-data'  itemprop=\"author\" itemscope=\"itemscope\" itemtype=\"https:\/\/schema.org\/Person\" ><span itemprop='name'>Daniel<\/span><\/span><span class='av-structured-data'  itemprop=\"datePublished\" datetime=\"2016-10-11T17:56:15+02:00\" >2010-05-31 11:16:30<\/span><span class='av-structured-data'  itemprop=\"dateModified\" itemtype=\"https:\/\/schema.org\/dateModified\" >2019-02-05 16:15:04<\/span><span class='av-structured-data'  itemprop=\"mainEntityOfPage\" itemtype=\"https:\/\/schema.org\/mainEntityOfPage\" ><span itemprop='name'>\u00c1ngel del R\u00edo S\u00e1nchez<\/span><\/span><\/span><\/article><article class='slide-entry flex_column  post-entry post-entry-538 slide-entry-overview slide-loop-18 slide-parity-even  post-entry-last  av_one_half  real-thumbnail posttype-post post-format-standard'  itemscope=\"itemscope\" itemtype=\"https:\/\/schema.org\/CreativeWork\" ><a href='https:\/\/politicasdelamemoria.org\/en\/2010\/05\/86-en-luis-rios-frutos\/' data-rel='slide-1' class='slide-image' title='Luis R\u00edos Frutos'><img decoding=\"async\" fetchpriority=\"high\" width=\"478\" height=\"167\" src=\"https:\/\/politicasdelamemoria.org\/wp-content\/uploads\/importedmedia\/blogmedia-538.jpg\" class=\"wp-image-838 avia-img-lazy-loading-not-838 attachment-no scaling size-no scaling wp-post-image\" alt=\"\" srcset=\"https:\/\/politicasdelamemoria.org\/wp-content\/uploads\/importedmedia\/blogmedia-538.jpg 478w, https:\/\/politicasdelamemoria.org\/wp-content\/uploads\/importedmedia\/blogmedia-538-300x104.jpg 300w\" sizes=\"(max-width: 478px) 100vw, 478px\" \/><\/a><div class=\"slide-content\"><header class=\"entry-content-header\" aria-label=\"Slide: Luis R\u00edos Frutos\"><h3 class='slide-entry-title entry-title '  itemprop=\"headline\" ><a href='https:\/\/politicasdelamemoria.org\/en\/2010\/05\/86-en-luis-rios-frutos\/' title='Luis R\u00edos Frutos'>Luis R\u00edos Frutos<\/a><\/h3><span class=\"av-vertical-delimiter\"><\/span><\/header><div class=\"slide-meta\"><time class='slide-meta-time updated'  itemprop=\"datePublished\" datetime=\"2010-05-31T09:18:06+02:00\" >May 31, 2010<\/time><\/div><div class='slide-entry-excerpt entry-content'  itemprop=\"text\" >UAM<\/div><\/div><footer class=\"entry-footer\"><\/footer><span class='hidden'>\n\t\t\t\t<span class='av-structured-data'  itemprop=\"image\" itemscope=\"itemscope\" itemtype=\"https:\/\/schema.org\/ImageObject\" >\n\t\t\t\t\t\t<span itemprop='url'>https:\/\/politicasdelamemoria.org\/wp-content\/uploads\/importedmedia\/blogmedia-538.jpg<\/span>\n\t\t\t\t\t\t<span itemprop='height'>167<\/span>\n\t\t\t\t\t\t<span itemprop='width'>478<\/span>\n\t\t\t\t<\/span>\n\t\t\t\t<span class='av-structured-data'  itemprop=\"publisher\" itemtype=\"https:\/\/schema.org\/Organization\" itemscope=\"itemscope\" >\n\t\t\t\t\t\t<span itemprop='name'>Daniel<\/span>\n\t\t\t\t\t\t<span itemprop='logo' itemscope itemtype='https:\/\/schema.org\/ImageObject'>\n\t\t\t\t\t\t\t<span itemprop='url'>https:\/\/politicasdelamemoria.org\/wp-content\/uploads\/2015\/01\/logo_memoria_Web.png<\/span>\n\t\t\t\t\t\t<\/span>\n\t\t\t\t<\/span><span class='av-structured-data'  itemprop=\"author\" itemscope=\"itemscope\" itemtype=\"https:\/\/schema.org\/Person\" ><span itemprop='name'>Daniel<\/span><\/span><span class='av-structured-data'  itemprop=\"datePublished\" datetime=\"2016-10-11T17:56:15+02:00\" >2010-05-31 09:18:06<\/span><span class='av-structured-data'  itemprop=\"dateModified\" itemtype=\"https:\/\/schema.org\/dateModified\" >2018-05-16 20:04:54<\/span><span class='av-structured-data'  itemprop=\"mainEntityOfPage\" itemtype=\"https:\/\/schema.org\/mainEntityOfPage\" ><span itemprop='name'>Luis R\u00edos Frutos<\/span><\/span><\/span><\/article><\/div><\/div><\/div>\n<div  class='avia-button-wrap av-1o4q7ox-8348e64fb5adb9383041ccdbbe270656-wrap avia-button-right  avia-builder-el-5  el_after_av_blog  el_before_av_hr '><a href='https:\/\/politicasdelamemoria.org\/equipo\/equipo-2010-2012\/'  class='avia-button av-1o4q7ox-8348e64fb5adb9383041ccdbbe270656 av-link-btn avia-icon_select-yes-left-icon avia-size-medium avia-position-right avia-color-theme-color'   aria-label=\"Equipo 2010-2012\"><span class='avia_button_icon avia_button_icon_left avia-iconfont avia-font-entypo-fontello' data-av_icon='\ue80b' data-av_iconfont='entypo-fontello' ><\/span><span class='avia_iconbox_title' >Equipo 2010-2012<\/span><\/a><\/div>\n\n<style type=\"text\/css\" data-created_by=\"avia_inline_auto\" id=\"style-css-av-11bclip-a795f83131eddcb85acb1d85990ca2e3\">\n#top .hr.hr-invisible.av-11bclip-a795f83131eddcb85acb1d85990ca2e3{\nheight:4px;\n}\n<\/style>\n<div  class='hr av-11bclip-a795f83131eddcb85acb1d85990ca2e3 hr-invisible  avia-builder-el-6  el_after_av_button  el_before_av_button '><span class='hr-inner '><span class=\"hr-inner-style\"><\/span><\/span><\/div>\n<div  class='avia-button-wrap av-38a7qp-5328f20eaee4ae3481b18689a3e2e004-wrap avia-button-right  avia-builder-el-7  el_after_av_hr  avia-builder-el-last '><a href='https:\/\/politicasdelamemoria.org\/equipo\/equipo-2016-2018\/'  class='avia-button av-38a7qp-5328f20eaee4ae3481b18689a3e2e004 av-link-btn avia-icon_select-yes-left-icon avia-size-medium avia-position-right avia-color-theme-color'   aria-label=\"Equipo actual\"><span class='avia_button_icon avia_button_icon_left avia-iconfont avia-font-entypo-fontello' data-av_icon='\ue80b' data-av_iconfont='entypo-fontello' ><\/span><span class='avia_iconbox_title' >Equipo actual<\/span><\/a><\/div>\n","protected":false},"excerpt":{"rendered":"","protected":false},"author":4,"featured_media":0,"parent":2888,"menu_order":2,"comment_status":"closed","ping_status":"closed","template":"","meta":{"footnotes":""},"class_list":["post-12049","page","type-page","status-publish","hentry"],"_links":{"self":[{"href":"https:\/\/politicasdelamemoria.org\/en\/wp-json\/wp\/v2\/pages\/12049","targetHints":{"allow":["GET"]}}],"collection":[{"href":"https:\/\/politicasdelamemoria.org\/en\/wp-json\/wp\/v2\/pages"}],"about":[{"href":"https:\/\/politicasdelamemoria.org\/en\/wp-json\/wp\/v2\/types\/page"}],"author":[{"embeddable":true,"href":"https:\/\/politicasdelamemoria.org\/en\/wp-json\/wp\/v2\/users\/4"}],"replies":[{"embeddable":true,"href":"https:\/\/politicasdelamemoria.org\/en\/wp-json\/wp\/v2\/comments?post=12049"}],"version-history":[{"count":5,"href":"https:\/\/politicasdelamemoria.org\/en\/wp-json\/wp\/v2\/pages\/12049\/revisions"}],"predecessor-version":[{"id":18278,"href":"https:\/\/politicasdelamemoria.org\/en\/wp-json\/wp\/v2\/pages\/12049\/revisions\/18278"}],"up":[{"embeddable":true,"href":"https:\/\/politicasdelamemoria.org\/en\/wp-json\/wp\/v2\/pages\/2888"}],"wp:attachment":[{"href":"https:\/\/politicasdelamemoria.org\/en\/wp-json\/wp\/v2\/media?parent=12049"}],"curies":[{"name":"wp","href":"https:\/\/api.w.org\/{rel}","templated":true}]}}