{"id":3032,"date":"2015-01-27T16:27:55","date_gmt":"2015-01-27T15:27:55","guid":{"rendered":"https:\/\/politicasdelamemoria.org\/actividades-2\/"},"modified":"2015-02-23T19:57:50","modified_gmt":"2015-02-23T18:57:50","slug":"activities","status":"publish","type":"page","link":"https:\/\/politicasdelamemoria.org\/en\/activities\/","title":{"rendered":"Activities"},"content":{"rendered":"\n<style type=\"text\/css\" data-created_by=\"avia_inline_auto\" id=\"style-css-av-av_section-09523cfa1ea206ed0139a84e20fe1af0\">\n.avia-section.av-av_section-09523cfa1ea206ed0139a84e20fe1af0{\nbackground-repeat:repeat;\nbackground-image:url(https:\/&#47;&#112;&#111;&#x6c;&#x69;&#x74;ic&#97;&#115;&#x64;&#x65;&#x6c;&#x61;me&#109;&#111;&#x72;&#x69;&#x61;&#x2e;o&#114;&#103;&#47;&#x77;&#x70;&#x2d;co&#110;&#116;&#101;&#x6e;&#x74;&#x2f;up&#108;&#111;&#x61;&#x64;&#x73;&#x2f;20&#49;&#53;&#x2f;&#x30;&#x31;\/c&#114;&#111;&#115;&#x73;&#x5f;&#x73;cr&#97;&#116;&#x63;&#x68;&#x65;&#x73;_&#64;&#50;&#88;&#x2e;&#x70;&#x6e;g);\nbackground-position:50% 50%;\nbackground-attachment:fixed;\n}\n<\/style>\n<div id='av_section_1'  class='avia-section av-av_section-09523cfa1ea206ed0139a84e20fe1af0 main_color avia-section-no-padding avia-no-border-styling  avia-builder-el-0  el_before_av_hr  avia-builder-el-first  avia-bg-style-fixed av-minimum-height av-minimum-height-custom av-height-custom  container_wrap sidebar_right'  data-section-bg-repeat='repeat' data-av_minimum_height_px='15'><div class='container av-section-cont-open' style='height:15px'><main  role=\"main\" itemprop=\"mainContentOfPage\"  class='template-page content  av-content-small alpha units'><div class='post-entry post-entry-type-page post-entry-3032'><div class='entry-content-wrapper clearfix'>\n\n<style type=\"text\/css\" data-created_by=\"avia_inline_auto\" id=\"style-css-av-av_hr-5d1c4aac81b541ce9e9b2db5773b7f16\">\n#top .hr.hr-invisible.av-av_hr-5d1c4aac81b541ce9e9b2db5773b7f16{\nheight:4px;\n}\n<\/style>\n<div  class='hr av-av_hr-5d1c4aac81b541ce9e9b2db5773b7f16 hr-invisible  avia-builder-el-1  el_before_av_heading  avia-builder-el-first '><span class='hr-inner '><span class=\"hr-inner-style\"><\/span><\/span><\/div>\n\n<style type=\"text\/css\" data-created_by=\"avia_inline_auto\" id=\"style-css-av-av_heading-42283b8ffc0e01056819a01f08b9e8be\">\n#top .av-special-heading.av-av_heading-42283b8ffc0e01056819a01f08b9e8be{\npadding-bottom:10px;\ncolor:#470b0b;\n}\nbody .av-special-heading.av-av_heading-42283b8ffc0e01056819a01f08b9e8be .av-special-heading-tag .heading-char{\nfont-size:25px;\n}\n.av-special-heading.av-av_heading-42283b8ffc0e01056819a01f08b9e8be .special-heading-inner-border{\nborder-color:#470b0b;\n}\n.av-special-heading.av-av_heading-42283b8ffc0e01056819a01f08b9e8be .av-subheading{\nfont-size:15px;\n}\n<\/style>\n<div  class='av-special-heading av-av_heading-42283b8ffc0e01056819a01f08b9e8be av-special-heading-h4 custom-color-heading blockquote modern-quote  avia-builder-el-2  el_after_av_hr  avia-builder-el-last '><h4 class='av-special-heading-tag '  itemprop=\"headline\"  >Team activities<\/h4><div class=\"special-heading-border\"><div class=\"special-heading-inner-border\"><\/div><\/div><\/div>\n<\/div><\/div><\/main><!-- close content main element --><\/div><\/div><div id='after_section_1'  class='main_color av_default_container_wrap container_wrap sidebar_right'  ><div class='container av-section-cont-open' ><div class='template-page content  av-content-small alpha units'><div class='post-entry post-entry-type-page post-entry-3032'><div class='entry-content-wrapper clearfix'>\n\n<style type=\"text\/css\" data-created_by=\"avia_inline_auto\" id=\"style-css-av-av_hr-a6de236e6c183bbbd700292deacd2b52\">\n#top .hr.hr-invisible.av-av_hr-a6de236e6c183bbbd700292deacd2b52{\nheight:20px;\n}\n<\/style>\n<div  class='hr av-av_hr-a6de236e6c183bbbd700292deacd2b52 hr-invisible  avia-builder-el-3  el_after_av_section  el_before_av_heading  avia-builder-el-first '><span class='hr-inner '><span class=\"hr-inner-style\"><\/span><\/span><\/div>\n\n<style type=\"text\/css\" data-created_by=\"avia_inline_auto\" id=\"style-css-av-av_heading-4610b5ff082a33dd99160ee8fdf0f522\">\n#top .av-special-heading.av-av_heading-4610b5ff082a33dd99160ee8fdf0f522{\npadding-bottom:10px;\ncolor:#470b0b;\n}\nbody .av-special-heading.av-av_heading-4610b5ff082a33dd99160ee8fdf0f522 .av-special-heading-tag .heading-char{\nfont-size:25px;\n}\n.av-special-heading.av-av_heading-4610b5ff082a33dd99160ee8fdf0f522 .special-heading-inner-border{\nborder-color:#470b0b;\n}\n.av-special-heading.av-av_heading-4610b5ff082a33dd99160ee8fdf0f522 .av-subheading{\nfont-size:15px;\n}\n<\/style>\n<div  class='av-special-heading av-av_heading-4610b5ff082a33dd99160ee8fdf0f522 av-special-heading-h5 custom-color-heading  avia-builder-el-4  el_after_av_hr  el_before_av_hr '><h5 class='av-special-heading-tag '  itemprop=\"headline\"  >Faces and traces of violence Lecture Series<\/h5><div class=\"special-heading-border\"><div class=\"special-heading-inner-border\"><\/div><\/div><\/div>\n\n<style type=\"text\/css\" data-created_by=\"avia_inline_auto\" id=\"style-css-av-av_hr-a6de236e6c183bbbd700292deacd2b52\">\n#top .hr.hr-invisible.av-av_hr-a6de236e6c183bbbd700292deacd2b52{\nheight:20px;\n}\n<\/style>\n<div  class='hr av-av_hr-a6de236e6c183bbbd700292deacd2b52 hr-invisible  avia-builder-el-5  el_after_av_heading  el_before_av_postslider '><span class='hr-inner '><span class=\"hr-inner-style\"><\/span><\/span><\/div>\n<div  data-slideshow-options=\"{&quot;animation&quot;:&quot;fade&quot;,&quot;autoplay&quot;:true,&quot;loop_autoplay&quot;:&quot;endless&quot;,&quot;interval&quot;:&quot;10&quot;,&quot;loop_manual&quot;:&quot;manual-endless&quot;,&quot;autoplay_stopper&quot;:false,&quot;noNavigation&quot;:false,&quot;show_slide_delay&quot;:90}\" class='avia-content-slider avia-content-slider-active avia-content-slider1 avia-content-slider-even  avia-builder-el-6  el_after_av_hr  el_before_av_button  av-slideshow-ui av-control-default   av-no-slider-navigation av-slideshow-autoplay av-loop-endless av-loop-manual-endless '  itemscope=\"itemscope\" itemtype=\"https:\/\/schema.org\/Blog\" ><div class=\"avia-content-slider-inner\"><div class=\"slide-entry-wrap\"><article class='slide-entry flex_column  post-entry post-entry-22628 slide-entry-overview slide-loop-1 slide-parity-odd  av_one_fourth first real-thumbnail posttype-post post-format-standard'  itemscope=\"itemscope\" itemtype=\"https:\/\/schema.org\/CreativeWork\" ><a href='https:\/\/politicasdelamemoria.org\/en\/2024\/09\/where-are-the-africans-erasure-elision-and-that-task-of-self-writing\/' data-rel='slide-1' class='slide-image' title='Where are the Africans? Erasure, elision and that task of self-writing'><img decoding=\"async\" fetchpriority=\"high\" width=\"907\" height=\"1280\" src=\"https:\/\/politicasdelamemoria.org\/wp-content\/uploads\/2024\/09\/cartel_R_R_sep_2024_page-0001-1.jpg\" class=\"wp-image-22614 avia-img-lazy-loading-not-22614 attachment-no scaling size-no scaling wp-post-image\" alt=\"\" srcset=\"https:\/\/politicasdelamemoria.org\/wp-content\/uploads\/2024\/09\/cartel_R_R_sep_2024_page-0001-1.jpg 907w, https:\/\/politicasdelamemoria.org\/wp-content\/uploads\/2024\/09\/cartel_R_R_sep_2024_page-0001-1-213x300.jpg 213w, https:\/\/politicasdelamemoria.org\/wp-content\/uploads\/2024\/09\/cartel_R_R_sep_2024_page-0001-1-730x1030.jpg 730w, https:\/\/politicasdelamemoria.org\/wp-content\/uploads\/2024\/09\/cartel_R_R_sep_2024_page-0001-1-500x705.jpg 500w\" sizes=\"(max-width: 907px) 100vw, 907px\" \/><\/a><div class=\"slide-content\"><header class=\"entry-content-header\" aria-label=\"Slide: Where are the Africans? Erasure, elision and that task of self-writing\"><h3 class='slide-entry-title entry-title '  itemprop=\"headline\" ><a href='https:\/\/politicasdelamemoria.org\/en\/2024\/09\/where-are-the-africans-erasure-elision-and-that-task-of-self-writing\/' title='Where are the Africans? Erasure, elision and that task of self-writing'>Where are the Africans? Erasure, elision and that task of self-writing<\/a><\/h3><span class=\"av-vertical-delimiter\"><\/span><\/header><\/div><footer class=\"entry-footer\"><\/footer><span class='hidden'>\n\t\t\t\t<span class='av-structured-data'  itemprop=\"image\" itemscope=\"itemscope\" itemtype=\"https:\/\/schema.org\/ImageObject\" >\n\t\t\t\t\t\t<span itemprop='url'>https:\/\/politicasdelamemoria.org\/wp-content\/uploads\/2024\/09\/cartel_R_R_sep_2024_page-0001-1.jpg<\/span>\n\t\t\t\t\t\t<span itemprop='height'>1280<\/span>\n\t\t\t\t\t\t<span itemprop='width'>907<\/span>\n\t\t\t\t<\/span>\n\t\t\t\t<span class='av-structured-data'  itemprop=\"publisher\" itemtype=\"https:\/\/schema.org\/Organization\" itemscope=\"itemscope\" >\n\t\t\t\t\t\t<span itemprop='name'>Miriam Saqqa<\/span>\n\t\t\t\t\t\t<span itemprop='logo' itemscope itemtype='https:\/\/schema.org\/ImageObject'>\n\t\t\t\t\t\t\t<span itemprop='url'>https:\/\/politicasdelamemoria.org\/wp-content\/uploads\/2015\/01\/logo_memoria_Web.png<\/span>\n\t\t\t\t\t\t<\/span>\n\t\t\t\t<\/span><span class='av-structured-data'  itemprop=\"author\" itemscope=\"itemscope\" itemtype=\"https:\/\/schema.org\/Person\" ><span itemprop='name'>Miriam Saqqa<\/span><\/span><span class='av-structured-data'  itemprop=\"datePublished\" datetime=\"2015-01-27T16:27:55+01:00\" >2024-09-17 11:28:19<\/span><span class='av-structured-data'  itemprop=\"dateModified\" itemtype=\"https:\/\/schema.org\/dateModified\" >2024-09-17 11:28:19<\/span><span class='av-structured-data'  itemprop=\"mainEntityOfPage\" itemtype=\"https:\/\/schema.org\/mainEntityOfPage\" ><span itemprop='name'>Where are the Africans? Erasure, elision and that task of self-writing<\/span><\/span><\/span><\/article><article class='slide-entry flex_column  post-entry post-entry-21663 slide-entry-overview slide-loop-2 slide-parity-even  av_one_fourth  real-thumbnail posttype-post post-format-standard'  itemscope=\"itemscope\" itemtype=\"https:\/\/schema.org\/CreativeWork\" ><a href='https:\/\/politicasdelamemoria.org\/en\/2022\/11\/la-muerte-en-los-ojos-que-perpetran-las-imagenes-de-perpetrador-alianza-2021-reflexiones-en-torno-al-libro-de-vicente-sanchez-biosca\/' data-rel='slide-1' class='slide-image' title='La muerte en los ojos: qu\u00e9 perpetran las im\u00e1genes de perpetrador (Alianza, 2021) Reflexiones en torno al libro de Vicente S\u00e1nchez-Biosca'><img decoding=\"async\" fetchpriority=\"high\" width=\"924\" height=\"1280\" src=\"https:\/\/politicasdelamemoria.org\/wp-content\/uploads\/2022\/03\/cartel_R_R_abr_20221.jpg\" class=\"wp-image-21309 avia-img-lazy-loading-not-21309 attachment-no scaling size-no scaling wp-post-image\" alt=\"\" srcset=\"https:\/\/politicasdelamemoria.org\/wp-content\/uploads\/2022\/03\/cartel_R_R_abr_20221.jpg 924w, https:\/\/politicasdelamemoria.org\/wp-content\/uploads\/2022\/03\/cartel_R_R_abr_20221-217x300.jpg 217w, https:\/\/politicasdelamemoria.org\/wp-content\/uploads\/2022\/03\/cartel_R_R_abr_20221-744x1030.jpg 744w, https:\/\/politicasdelamemoria.org\/wp-content\/uploads\/2022\/03\/cartel_R_R_abr_20221-509x705.jpg 509w\" sizes=\"(max-width: 924px) 100vw, 924px\" \/><\/a><div class=\"slide-content\"><header class=\"entry-content-header\" aria-label=\"Slide: La muerte en los ojos: qu\u00e9 perpetran las im\u00e1genes de perpetrador (Alianza, 2021) Reflexiones en torno al libro de Vicente S\u00e1nchez-Biosca\"><h3 class='slide-entry-title entry-title '  itemprop=\"headline\" ><a href='https:\/\/politicasdelamemoria.org\/en\/2022\/11\/la-muerte-en-los-ojos-que-perpetran-las-imagenes-de-perpetrador-alianza-2021-reflexiones-en-torno-al-libro-de-vicente-sanchez-biosca\/' title='La muerte en los ojos: qu\u00e9 perpetran las im\u00e1genes de perpetrador (Alianza, 2021) Reflexiones en torno al libro de Vicente S\u00e1nchez-Biosca'>La muerte en los ojos: qu\u00e9 perpetran las im\u00e1genes de perpetrador (Alianza, 2021) Reflexiones en torno al libro de Vicente S\u00e1nchez-Biosca<\/a><\/h3><span class=\"av-vertical-delimiter\"><\/span><\/header><\/div><footer class=\"entry-footer\"><\/footer><span class='hidden'>\n\t\t\t\t<span class='av-structured-data'  itemprop=\"image\" itemscope=\"itemscope\" itemtype=\"https:\/\/schema.org\/ImageObject\" >\n\t\t\t\t\t\t<span itemprop='url'>https:\/\/politicasdelamemoria.org\/wp-content\/uploads\/2022\/03\/cartel_R_R_abr_20221.jpg<\/span>\n\t\t\t\t\t\t<span itemprop='height'>1280<\/span>\n\t\t\t\t\t\t<span itemprop='width'>924<\/span>\n\t\t\t\t<\/span>\n\t\t\t\t<span class='av-structured-data'  itemprop=\"publisher\" itemtype=\"https:\/\/schema.org\/Organization\" itemscope=\"itemscope\" >\n\t\t\t\t\t\t<span itemprop='name'>Miriam Saqqa<\/span>\n\t\t\t\t\t\t<span itemprop='logo' itemscope itemtype='https:\/\/schema.org\/ImageObject'>\n\t\t\t\t\t\t\t<span itemprop='url'>https:\/\/politicasdelamemoria.org\/wp-content\/uploads\/2015\/01\/logo_memoria_Web.png<\/span>\n\t\t\t\t\t\t<\/span>\n\t\t\t\t<\/span><span class='av-structured-data'  itemprop=\"author\" itemscope=\"itemscope\" itemtype=\"https:\/\/schema.org\/Person\" ><span itemprop='name'>Miriam Saqqa<\/span><\/span><span class='av-structured-data'  itemprop=\"datePublished\" datetime=\"2015-01-27T16:27:55+01:00\" >2022-11-24 11:48:20<\/span><span class='av-structured-data'  itemprop=\"dateModified\" itemtype=\"https:\/\/schema.org\/dateModified\" >2022-11-24 11:48:20<\/span><span class='av-structured-data'  itemprop=\"mainEntityOfPage\" itemtype=\"https:\/\/schema.org\/mainEntityOfPage\" ><span itemprop='name'>La muerte en los ojos: qu\u00e9 perpetran las im\u00e1genes de perpetrador (Alianza, 2021) Reflexiones en torno al libro de Vicente S\u00e1nchez-Biosca<\/span><\/span><\/span><\/article><article class='slide-entry flex_column  post-entry post-entry-21191 slide-entry-overview slide-loop-3 slide-parity-odd  av_one_fourth  real-thumbnail posttype-post post-format-standard'  itemscope=\"itemscope\" itemtype=\"https:\/\/schema.org\/CreativeWork\" ><a href='https:\/\/politicasdelamemoria.org\/en\/2022\/02\/how-to-remember-silence-the-politics-of-historical-memory-of-francoist-boarding-schools-in-spain\/' data-rel='slide-1' class='slide-image' title='How to remember silence. The politics of historical memory of Francoist boarding schools in Spain'><img decoding=\"async\" fetchpriority=\"high\" width=\"907\" height=\"1280\" src=\"https:\/\/politicasdelamemoria.org\/wp-content\/uploads\/2022\/02\/cartel_R_R_feb_2022_page-0001.jpg\" class=\"wp-image-21184 avia-img-lazy-loading-not-21184 attachment-no scaling size-no scaling wp-post-image\" alt=\"\" srcset=\"https:\/\/politicasdelamemoria.org\/wp-content\/uploads\/2022\/02\/cartel_R_R_feb_2022_page-0001.jpg 907w, https:\/\/politicasdelamemoria.org\/wp-content\/uploads\/2022\/02\/cartel_R_R_feb_2022_page-0001-213x300.jpg 213w, https:\/\/politicasdelamemoria.org\/wp-content\/uploads\/2022\/02\/cartel_R_R_feb_2022_page-0001-730x1030.jpg 730w, https:\/\/politicasdelamemoria.org\/wp-content\/uploads\/2022\/02\/cartel_R_R_feb_2022_page-0001-500x705.jpg 500w\" sizes=\"(max-width: 907px) 100vw, 907px\" \/><\/a><div class=\"slide-content\"><header class=\"entry-content-header\" aria-label=\"Slide: How to remember silence. The politics of historical memory of Francoist boarding schools in Spain\"><h3 class='slide-entry-title entry-title '  itemprop=\"headline\" ><a href='https:\/\/politicasdelamemoria.org\/en\/2022\/02\/how-to-remember-silence-the-politics-of-historical-memory-of-francoist-boarding-schools-in-spain\/' title='How to remember silence. The politics of historical memory of Francoist boarding schools in Spain'>How to remember silence. The politics of historical memory of Francoist boarding schools in Spain<\/a><\/h3><span class=\"av-vertical-delimiter\"><\/span><\/header><\/div><footer class=\"entry-footer\"><\/footer><span class='hidden'>\n\t\t\t\t<span class='av-structured-data'  itemprop=\"image\" itemscope=\"itemscope\" itemtype=\"https:\/\/schema.org\/ImageObject\" >\n\t\t\t\t\t\t<span itemprop='url'>https:\/\/politicasdelamemoria.org\/wp-content\/uploads\/2022\/02\/cartel_R_R_feb_2022_page-0001.jpg<\/span>\n\t\t\t\t\t\t<span itemprop='height'>1280<\/span>\n\t\t\t\t\t\t<span itemprop='width'>907<\/span>\n\t\t\t\t<\/span>\n\t\t\t\t<span class='av-structured-data'  itemprop=\"publisher\" itemtype=\"https:\/\/schema.org\/Organization\" itemscope=\"itemscope\" >\n\t\t\t\t\t\t<span itemprop='name'>Miriam Saqqa<\/span>\n\t\t\t\t\t\t<span itemprop='logo' itemscope itemtype='https:\/\/schema.org\/ImageObject'>\n\t\t\t\t\t\t\t<span itemprop='url'>https:\/\/politicasdelamemoria.org\/wp-content\/uploads\/2015\/01\/logo_memoria_Web.png<\/span>\n\t\t\t\t\t\t<\/span>\n\t\t\t\t<\/span><span class='av-structured-data'  itemprop=\"author\" itemscope=\"itemscope\" itemtype=\"https:\/\/schema.org\/Person\" ><span itemprop='name'>Miriam Saqqa<\/span><\/span><span class='av-structured-data'  itemprop=\"datePublished\" datetime=\"2015-01-27T16:27:55+01:00\" >2022-02-18 11:41:07<\/span><span class='av-structured-data'  itemprop=\"dateModified\" itemtype=\"https:\/\/schema.org\/dateModified\" >2022-02-18 11:42:31<\/span><span class='av-structured-data'  itemprop=\"mainEntityOfPage\" itemtype=\"https:\/\/schema.org\/mainEntityOfPage\" ><span itemprop='name'>How to remember silence. The politics of historical memory of Francoist boarding schools in Spain<\/span><\/span><\/span><\/article><article class='slide-entry flex_column  post-entry post-entry-21691 slide-entry-overview slide-loop-4 slide-parity-even  av_one_fourth  real-thumbnail posttype-post post-format-standard'  itemscope=\"itemscope\" itemtype=\"https:\/\/schema.org\/CreativeWork\" ><a href='https:\/\/politicasdelamemoria.org\/en\/2022\/02\/how-to-remember-silence-the-politics-of-historical-memory-of-francoist-boarding-schools-in-spain-2\/' data-rel='slide-1' class='slide-image' title='How to remember silence. The politics of historical memory of Francoist boarding schools in Spain'><img decoding=\"async\" fetchpriority=\"high\" width=\"907\" height=\"1280\" src=\"https:\/\/politicasdelamemoria.org\/wp-content\/uploads\/2022\/02\/cartel_R_R_feb_2022_page-0001.jpg\" class=\"wp-image-21184 avia-img-lazy-loading-not-21184 attachment-no scaling size-no scaling wp-post-image\" alt=\"\" srcset=\"https:\/\/politicasdelamemoria.org\/wp-content\/uploads\/2022\/02\/cartel_R_R_feb_2022_page-0001.jpg 907w, https:\/\/politicasdelamemoria.org\/wp-content\/uploads\/2022\/02\/cartel_R_R_feb_2022_page-0001-213x300.jpg 213w, https:\/\/politicasdelamemoria.org\/wp-content\/uploads\/2022\/02\/cartel_R_R_feb_2022_page-0001-730x1030.jpg 730w, https:\/\/politicasdelamemoria.org\/wp-content\/uploads\/2022\/02\/cartel_R_R_feb_2022_page-0001-500x705.jpg 500w\" sizes=\"(max-width: 907px) 100vw, 907px\" \/><\/a><div class=\"slide-content\"><header class=\"entry-content-header\" aria-label=\"Slide: How to remember silence. The politics of historical memory of Francoist boarding schools in Spain\"><h3 class='slide-entry-title entry-title '  itemprop=\"headline\" ><a href='https:\/\/politicasdelamemoria.org\/en\/2022\/02\/how-to-remember-silence-the-politics-of-historical-memory-of-francoist-boarding-schools-in-spain-2\/' title='How to remember silence. The politics of historical memory of Francoist boarding schools in Spain'>How to remember silence. The politics of historical memory of Francoist boarding schools in Spain<\/a><\/h3><span class=\"av-vertical-delimiter\"><\/span><\/header><\/div><footer class=\"entry-footer\"><\/footer><span class='hidden'>\n\t\t\t\t<span class='av-structured-data'  itemprop=\"image\" itemscope=\"itemscope\" itemtype=\"https:\/\/schema.org\/ImageObject\" >\n\t\t\t\t\t\t<span itemprop='url'>https:\/\/politicasdelamemoria.org\/wp-content\/uploads\/2022\/02\/cartel_R_R_feb_2022_page-0001.jpg<\/span>\n\t\t\t\t\t\t<span itemprop='height'>1280<\/span>\n\t\t\t\t\t\t<span itemprop='width'>907<\/span>\n\t\t\t\t<\/span>\n\t\t\t\t<span class='av-structured-data'  itemprop=\"publisher\" itemtype=\"https:\/\/schema.org\/Organization\" itemscope=\"itemscope\" >\n\t\t\t\t\t\t<span itemprop='name'>Miriam Saqqa<\/span>\n\t\t\t\t\t\t<span itemprop='logo' itemscope itemtype='https:\/\/schema.org\/ImageObject'>\n\t\t\t\t\t\t\t<span itemprop='url'>https:\/\/politicasdelamemoria.org\/wp-content\/uploads\/2015\/01\/logo_memoria_Web.png<\/span>\n\t\t\t\t\t\t<\/span>\n\t\t\t\t<\/span><span class='av-structured-data'  itemprop=\"author\" itemscope=\"itemscope\" itemtype=\"https:\/\/schema.org\/Person\" ><span itemprop='name'>Miriam Saqqa<\/span><\/span><span class='av-structured-data'  itemprop=\"datePublished\" datetime=\"2015-01-27T16:27:55+01:00\" >2022-02-18 11:36:56<\/span><span class='av-structured-data'  itemprop=\"dateModified\" itemtype=\"https:\/\/schema.org\/dateModified\" >2022-11-24 12:20:54<\/span><span class='av-structured-data'  itemprop=\"mainEntityOfPage\" itemtype=\"https:\/\/schema.org\/mainEntityOfPage\" ><span itemprop='name'>How to remember silence. The politics of historical memory of Francoist boarding schools in Spain<\/span><\/span><\/span><\/article><\/div><div class=\"slide-entry-wrap\"><article class='slide-entry flex_column  post-entry post-entry-20285 slide-entry-overview slide-loop-5 slide-parity-odd  av_one_fourth first real-thumbnail posttype-post post-format-standard'  itemscope=\"itemscope\" itemtype=\"https:\/\/schema.org\/CreativeWork\" ><a href='https:\/\/politicasdelamemoria.org\/en\/2021\/03\/marcos-franco-lenin-necropolitical-dissonances-2\/' data-rel='slide-1' class='slide-image' title='Marcos, Franco, Lenin: Necropolitical Dissonances'><img decoding=\"async\" fetchpriority=\"high\" width=\"1280\" height=\"905\" src=\"https:\/\/politicasdelamemoria.org\/wp-content\/uploads\/2021\/01\/photo_2021-01-20_11-15-41.jpg\" class=\"wp-image-20222 avia-img-lazy-loading-not-20222 attachment-no scaling size-no scaling wp-post-image\" alt=\"\" srcset=\"https:\/\/politicasdelamemoria.org\/wp-content\/uploads\/2021\/01\/photo_2021-01-20_11-15-41.jpg 1280w, https:\/\/politicasdelamemoria.org\/wp-content\/uploads\/2021\/01\/photo_2021-01-20_11-15-41-300x212.jpg 300w, https:\/\/politicasdelamemoria.org\/wp-content\/uploads\/2021\/01\/photo_2021-01-20_11-15-41-1030x728.jpg 1030w, https:\/\/politicasdelamemoria.org\/wp-content\/uploads\/2021\/01\/photo_2021-01-20_11-15-41-260x185.jpg 260w, https:\/\/politicasdelamemoria.org\/wp-content\/uploads\/2021\/01\/photo_2021-01-20_11-15-41-705x498.jpg 705w\" sizes=\"(max-width: 1280px) 100vw, 1280px\" \/><\/a><div class=\"slide-content\"><header class=\"entry-content-header\" aria-label=\"Slide: Marcos, Franco, Lenin: Necropolitical Dissonances\"><h3 class='slide-entry-title entry-title '  itemprop=\"headline\" ><a href='https:\/\/politicasdelamemoria.org\/en\/2021\/03\/marcos-franco-lenin-necropolitical-dissonances-2\/' title='Marcos, Franco, Lenin: Necropolitical Dissonances'>Marcos, Franco, Lenin: Necropolitical Dissonances<\/a><\/h3><span class=\"av-vertical-delimiter\"><\/span><\/header><\/div><footer class=\"entry-footer\"><\/footer><span class='hidden'>\n\t\t\t\t<span class='av-structured-data'  itemprop=\"image\" itemscope=\"itemscope\" itemtype=\"https:\/\/schema.org\/ImageObject\" >\n\t\t\t\t\t\t<span itemprop='url'>https:\/\/politicasdelamemoria.org\/wp-content\/uploads\/2021\/01\/photo_2021-01-20_11-15-41.jpg<\/span>\n\t\t\t\t\t\t<span itemprop='height'>905<\/span>\n\t\t\t\t\t\t<span itemprop='width'>1280<\/span>\n\t\t\t\t<\/span>\n\t\t\t\t<span class='av-structured-data'  itemprop=\"publisher\" itemtype=\"https:\/\/schema.org\/Organization\" itemscope=\"itemscope\" >\n\t\t\t\t\t\t<span itemprop='name'>Miriam Saqqa<\/span>\n\t\t\t\t\t\t<span itemprop='logo' itemscope itemtype='https:\/\/schema.org\/ImageObject'>\n\t\t\t\t\t\t\t<span itemprop='url'>https:\/\/politicasdelamemoria.org\/wp-content\/uploads\/2015\/01\/logo_memoria_Web.png<\/span>\n\t\t\t\t\t\t<\/span>\n\t\t\t\t<\/span><span class='av-structured-data'  itemprop=\"author\" itemscope=\"itemscope\" itemtype=\"https:\/\/schema.org\/Person\" ><span itemprop='name'>Miriam Saqqa<\/span><\/span><span class='av-structured-data'  itemprop=\"datePublished\" datetime=\"2015-01-27T16:27:55+01:00\" >2021-03-17 11:33:04<\/span><span class='av-structured-data'  itemprop=\"dateModified\" itemtype=\"https:\/\/schema.org\/dateModified\" >2021-03-17 11:33:04<\/span><span class='av-structured-data'  itemprop=\"mainEntityOfPage\" itemtype=\"https:\/\/schema.org\/mainEntityOfPage\" ><span itemprop='name'>Marcos, Franco, Lenin: Necropolitical Dissonances<\/span><\/span><\/span><\/article><article class='slide-entry flex_column  post-entry post-entry-19600 slide-entry-overview slide-loop-6 slide-parity-even  av_one_fourth  real-thumbnail posttype-post post-format-standard'  itemscope=\"itemscope\" itemtype=\"https:\/\/schema.org\/CreativeWork\" ><a href='https:\/\/politicasdelamemoria.org\/en\/2020\/02\/the-social-construction-of-the-memory-of-state-terrorism-memory-policies-and-local-memories-in-campo-de-la-ribera-cordoba-argentina\/' data-rel='slide-1' class='slide-image' title='The social construction of the memory of state terrorism. Memory policies and local memories in Campo de la Ribera (C\u00f3rdoba, Argentina)'><img decoding=\"async\" fetchpriority=\"high\" width=\"907\" height=\"1280\" src=\"https:\/\/politicasdelamemoria.org\/wp-content\/uploads\/2020\/02\/0001.jpg\" class=\"wp-image-19595 avia-img-lazy-loading-not-19595 attachment-no scaling size-no scaling wp-post-image\" alt=\"\" srcset=\"https:\/\/politicasdelamemoria.org\/wp-content\/uploads\/2020\/02\/0001.jpg 907w, https:\/\/politicasdelamemoria.org\/wp-content\/uploads\/2020\/02\/0001-213x300.jpg 213w, https:\/\/politicasdelamemoria.org\/wp-content\/uploads\/2020\/02\/0001-730x1030.jpg 730w, https:\/\/politicasdelamemoria.org\/wp-content\/uploads\/2020\/02\/0001-500x705.jpg 500w\" sizes=\"(max-width: 907px) 100vw, 907px\" \/><\/a><div class=\"slide-content\"><header class=\"entry-content-header\" aria-label=\"Slide: The social construction of the memory of state terrorism. Memory policies and local memories in Campo de la Ribera (C\u00f3rdoba, Argentina)\"><h3 class='slide-entry-title entry-title '  itemprop=\"headline\" ><a href='https:\/\/politicasdelamemoria.org\/en\/2020\/02\/the-social-construction-of-the-memory-of-state-terrorism-memory-policies-and-local-memories-in-campo-de-la-ribera-cordoba-argentina\/' title='The social construction of the memory of state terrorism. Memory policies and local memories in Campo de la Ribera (C\u00f3rdoba, Argentina)'>The social construction of the memory of state terrorism. Memory policies and local memories in Campo de la Ribera (C\u00f3rdoba, Argentina)<\/a><\/h3><span class=\"av-vertical-delimiter\"><\/span><\/header><\/div><footer class=\"entry-footer\"><\/footer><span class='hidden'>\n\t\t\t\t<span class='av-structured-data'  itemprop=\"image\" itemscope=\"itemscope\" itemtype=\"https:\/\/schema.org\/ImageObject\" >\n\t\t\t\t\t\t<span itemprop='url'>https:\/\/politicasdelamemoria.org\/wp-content\/uploads\/2020\/02\/0001.jpg<\/span>\n\t\t\t\t\t\t<span itemprop='height'>1280<\/span>\n\t\t\t\t\t\t<span itemprop='width'>907<\/span>\n\t\t\t\t<\/span>\n\t\t\t\t<span class='av-structured-data'  itemprop=\"publisher\" itemtype=\"https:\/\/schema.org\/Organization\" itemscope=\"itemscope\" >\n\t\t\t\t\t\t<span itemprop='name'>F.<\/span>\n\t\t\t\t\t\t<span itemprop='logo' itemscope itemtype='https:\/\/schema.org\/ImageObject'>\n\t\t\t\t\t\t\t<span itemprop='url'>https:\/\/politicasdelamemoria.org\/wp-content\/uploads\/2015\/01\/logo_memoria_Web.png<\/span>\n\t\t\t\t\t\t<\/span>\n\t\t\t\t<\/span><span class='av-structured-data'  itemprop=\"author\" itemscope=\"itemscope\" itemtype=\"https:\/\/schema.org\/Person\" ><span itemprop='name'>F.<\/span><\/span><span class='av-structured-data'  itemprop=\"datePublished\" datetime=\"2015-01-27T16:27:55+01:00\" >2020-02-10 13:23:37<\/span><span class='av-structured-data'  itemprop=\"dateModified\" itemtype=\"https:\/\/schema.org\/dateModified\" >2020-02-10 13:23:37<\/span><span class='av-structured-data'  itemprop=\"mainEntityOfPage\" itemtype=\"https:\/\/schema.org\/mainEntityOfPage\" ><span itemprop='name'>The social construction of the memory of state terrorism. Memory policies and local memories in Campo de la Ribera (C\u00f3rdoba, Argentina)<\/span><\/span><\/span><\/article><article class='slide-entry flex_column  post-entry post-entry-19427 slide-entry-overview slide-loop-7 slide-parity-odd  av_one_fourth  real-thumbnail posttype-post post-format-standard'  itemscope=\"itemscope\" itemtype=\"https:\/\/schema.org\/CreativeWork\" ><a href='https:\/\/politicasdelamemoria.org\/en\/2019\/12\/around-episodios-de-una-guerra-interminable-by-almudena-grandes\/' data-rel='slide-1' class='slide-image' title='Around Episodios de una Guerra Interminable by Almudena Grandes'><img decoding=\"async\" fetchpriority=\"high\" width=\"907\" height=\"1280\" src=\"https:\/\/politicasdelamemoria.org\/wp-content\/uploads\/2019\/12\/RyR_cartel_diciembre_page-0001.jpg\" class=\"wp-image-19423 avia-img-lazy-loading-not-19423 attachment-no scaling size-no scaling wp-post-image\" alt=\"\" srcset=\"https:\/\/politicasdelamemoria.org\/wp-content\/uploads\/2019\/12\/RyR_cartel_diciembre_page-0001.jpg 907w, https:\/\/politicasdelamemoria.org\/wp-content\/uploads\/2019\/12\/RyR_cartel_diciembre_page-0001-213x300.jpg 213w, https:\/\/politicasdelamemoria.org\/wp-content\/uploads\/2019\/12\/RyR_cartel_diciembre_page-0001-730x1030.jpg 730w, https:\/\/politicasdelamemoria.org\/wp-content\/uploads\/2019\/12\/RyR_cartel_diciembre_page-0001-500x705.jpg 500w\" sizes=\"(max-width: 907px) 100vw, 907px\" \/><\/a><div class=\"slide-content\"><header class=\"entry-content-header\" aria-label=\"Slide: Around Episodios de una Guerra Interminable by Almudena Grandes\"><h3 class='slide-entry-title entry-title '  itemprop=\"headline\" ><a href='https:\/\/politicasdelamemoria.org\/en\/2019\/12\/around-episodios-de-una-guerra-interminable-by-almudena-grandes\/' title='Around Episodios de una Guerra Interminable by Almudena Grandes'>Around Episodios de una Guerra Interminable by Almudena Grandes<\/a><\/h3><span class=\"av-vertical-delimiter\"><\/span><\/header><\/div><footer class=\"entry-footer\"><\/footer><span class='hidden'>\n\t\t\t\t<span class='av-structured-data'  itemprop=\"image\" itemscope=\"itemscope\" itemtype=\"https:\/\/schema.org\/ImageObject\" >\n\t\t\t\t\t\t<span itemprop='url'>https:\/\/politicasdelamemoria.org\/wp-content\/uploads\/2019\/12\/RyR_cartel_diciembre_page-0001.jpg<\/span>\n\t\t\t\t\t\t<span itemprop='height'>1280<\/span>\n\t\t\t\t\t\t<span itemprop='width'>907<\/span>\n\t\t\t\t<\/span>\n\t\t\t\t<span class='av-structured-data'  itemprop=\"publisher\" itemtype=\"https:\/\/schema.org\/Organization\" itemscope=\"itemscope\" >\n\t\t\t\t\t\t<span itemprop='name'>F.<\/span>\n\t\t\t\t\t\t<span itemprop='logo' itemscope itemtype='https:\/\/schema.org\/ImageObject'>\n\t\t\t\t\t\t\t<span itemprop='url'>https:\/\/politicasdelamemoria.org\/wp-content\/uploads\/2015\/01\/logo_memoria_Web.png<\/span>\n\t\t\t\t\t\t<\/span>\n\t\t\t\t<\/span><span class='av-structured-data'  itemprop=\"author\" itemscope=\"itemscope\" itemtype=\"https:\/\/schema.org\/Person\" ><span itemprop='name'>F.<\/span><\/span><span class='av-structured-data'  itemprop=\"datePublished\" datetime=\"2015-01-27T16:27:55+01:00\" >2019-12-12 16:16:07<\/span><span class='av-structured-data'  itemprop=\"dateModified\" itemtype=\"https:\/\/schema.org\/dateModified\" >2020-01-24 16:58:55<\/span><span class='av-structured-data'  itemprop=\"mainEntityOfPage\" itemtype=\"https:\/\/schema.org\/mainEntityOfPage\" ><span itemprop='name'>Around Episodios de una Guerra Interminable by Almudena Grandes<\/span><\/span><\/span><\/article><article class='slide-entry flex_column  post-entry post-entry-19308 slide-entry-overview slide-loop-8 slide-parity-even  post-entry-last  av_one_fourth  real-thumbnail posttype-post post-format-standard'  itemscope=\"itemscope\" itemtype=\"https:\/\/schema.org\/CreativeWork\" ><a href='https:\/\/politicasdelamemoria.org\/en\/2019\/11\/anthropology-anthropologist-and-research-in-conflict-spaces-in-the-colombian-caribbean\/' data-rel='slide-1' class='slide-image' title='Anthropology, anthropologist and research in conflict spaces in the Colombian Caribbean'><img decoding=\"async\" fetchpriority=\"high\" width=\"907\" height=\"1280\" src=\"https:\/\/politicasdelamemoria.org\/wp-content\/uploads\/2019\/11\/RastrosyRostros_noviembre_pages-to-jpg-0001.jpg\" class=\"wp-image-19303 avia-img-lazy-loading-not-19303 attachment-no scaling size-no scaling wp-post-image\" alt=\"\" srcset=\"https:\/\/politicasdelamemoria.org\/wp-content\/uploads\/2019\/11\/RastrosyRostros_noviembre_pages-to-jpg-0001.jpg 907w, https:\/\/politicasdelamemoria.org\/wp-content\/uploads\/2019\/11\/RastrosyRostros_noviembre_pages-to-jpg-0001-213x300.jpg 213w, https:\/\/politicasdelamemoria.org\/wp-content\/uploads\/2019\/11\/RastrosyRostros_noviembre_pages-to-jpg-0001-730x1030.jpg 730w, https:\/\/politicasdelamemoria.org\/wp-content\/uploads\/2019\/11\/RastrosyRostros_noviembre_pages-to-jpg-0001-500x705.jpg 500w\" sizes=\"(max-width: 907px) 100vw, 907px\" \/><\/a><div class=\"slide-content\"><header class=\"entry-content-header\" aria-label=\"Slide: Anthropology, anthropologist and research in conflict spaces in the Colombian Caribbean\"><h3 class='slide-entry-title entry-title '  itemprop=\"headline\" ><a href='https:\/\/politicasdelamemoria.org\/en\/2019\/11\/anthropology-anthropologist-and-research-in-conflict-spaces-in-the-colombian-caribbean\/' title='Anthropology, anthropologist and research in conflict spaces in the Colombian Caribbean'>Anthropology, anthropologist and research in conflict spaces in the Colombian Caribbean<\/a><\/h3><span class=\"av-vertical-delimiter\"><\/span><\/header><\/div><footer class=\"entry-footer\"><\/footer><span class='hidden'>\n\t\t\t\t<span class='av-structured-data'  itemprop=\"image\" itemscope=\"itemscope\" itemtype=\"https:\/\/schema.org\/ImageObject\" >\n\t\t\t\t\t\t<span itemprop='url'>https:\/\/politicasdelamemoria.org\/wp-content\/uploads\/2019\/11\/RastrosyRostros_noviembre_pages-to-jpg-0001.jpg<\/span>\n\t\t\t\t\t\t<span itemprop='height'>1280<\/span>\n\t\t\t\t\t\t<span itemprop='width'>907<\/span>\n\t\t\t\t<\/span>\n\t\t\t\t<span class='av-structured-data'  itemprop=\"publisher\" itemtype=\"https:\/\/schema.org\/Organization\" itemscope=\"itemscope\" >\n\t\t\t\t\t\t<span itemprop='name'>F.<\/span>\n\t\t\t\t\t\t<span itemprop='logo' itemscope itemtype='https:\/\/schema.org\/ImageObject'>\n\t\t\t\t\t\t\t<span itemprop='url'>https:\/\/politicasdelamemoria.org\/wp-content\/uploads\/2015\/01\/logo_memoria_Web.png<\/span>\n\t\t\t\t\t\t<\/span>\n\t\t\t\t<\/span><span class='av-structured-data'  itemprop=\"author\" itemscope=\"itemscope\" itemtype=\"https:\/\/schema.org\/Person\" ><span itemprop='name'>F.<\/span><\/span><span class='av-structured-data'  itemprop=\"datePublished\" datetime=\"2015-01-27T16:27:55+01:00\" >2019-11-11 16:02:24<\/span><span class='av-structured-data'  itemprop=\"dateModified\" itemtype=\"https:\/\/schema.org\/dateModified\" >2020-01-15 13:55:21<\/span><span class='av-structured-data'  itemprop=\"mainEntityOfPage\" itemtype=\"https:\/\/schema.org\/mainEntityOfPage\" ><span itemprop='name'>Anthropology, anthropologist and research in conflict spaces in the Colombian Caribbean<\/span><\/span><\/span><\/article><\/div><\/div><div class='avia-slideshow-arrows avia-slideshow-controls' ><a href='#prev' class='prev-slide  avia-svg-icon avia-font-svg_entypo-fontello' data-av_svg_icon='left-open-big' data-av_iconset='svg_entypo-fontello' tabindex='-1' title=\"Previous\"><svg version=\"1.1\" xmlns=\"http:\/\/www.w3.org\/2000\/svg\" width=\"15\" height=\"32\" viewBox=\"0 0 15 32\" preserveAspectRatio=\"xMidYMid meet\" aria-labelledby='av-svg-title-9' aria-describedby='av-svg-desc-9' role=\"graphics-symbol\" aria-hidden=\"true\">\n<title id='av-svg-title-9'>Previous<\/title>\n<desc id='av-svg-desc-9'>Previous<\/desc>\n<path d=\"M14.464 27.84q0.832 0.832 0 1.536-0.832 0.832-1.536 0l-12.544-12.608q-0.768-0.768 0-1.6l12.544-12.608q0.704-0.832 1.536 0 0.832 0.704 0 1.536l-11.456 11.904z\"><\/path>\n<\/svg><span class='avia_hidden_link_text'>Previous<\/span><\/a><a href='#next' class='next-slide  avia-svg-icon avia-font-svg_entypo-fontello' data-av_svg_icon='right-open-big' data-av_iconset='svg_entypo-fontello' tabindex='-1' title=\"Next\"><svg version=\"1.1\" xmlns=\"http:\/\/www.w3.org\/2000\/svg\" width=\"15\" height=\"32\" viewBox=\"0 0 15 32\" preserveAspectRatio=\"xMidYMid meet\" aria-labelledby='av-svg-title-10' aria-describedby='av-svg-desc-10' role=\"graphics-symbol\" aria-hidden=\"true\">\n<title id='av-svg-title-10'>Next<\/title>\n<desc id='av-svg-desc-10'>Next<\/desc>\n<path d=\"M0.416 27.84l11.456-11.84-11.456-11.904q-0.832-0.832 0-1.536 0.832-0.832 1.536 0l12.544 12.608q0.768 0.832 0 1.6l-12.544 12.608q-0.704 0.832-1.536 0-0.832-0.704 0-1.536z\"><\/path>\n<\/svg><span class='avia_hidden_link_text'>Next<\/span><\/a><\/div><\/div>\n<div  class='avia-button-wrap av-av_button-3b9ec65298acaaaef4148ab1c7b9f7b3-wrap avia-button-right  avia-builder-el-7  el_after_av_postslider  el_before_av_hr '><a href='https:\/\/politicasdelamemoria.org\/en\/activities\/faces-traces-violence\/'  class='avia-button av-av_button-3b9ec65298acaaaef4148ab1c7b9f7b3 av-link-btn avia-icon_select-yes-left-icon avia-size-medium avia-position-right avia-color-theme-color'   aria-label=\"All Lecture Series\"><span class='avia_button_icon avia_button_icon_left avia-iconfont avia-font-entypo-fontello' data-av_icon='\ue8c9' data-av_iconfont='entypo-fontello' ><\/span><span class='avia_iconbox_title' >All Lecture Series<\/span><\/a><\/div>\n\n<style type=\"text\/css\" data-created_by=\"avia_inline_auto\" id=\"style-css-av-av_hr-0688d0b0b6ed2f8b057db7a8270206df\">\n#top .hr.hr-invisible.av-av_hr-0688d0b0b6ed2f8b057db7a8270206df{\nheight:50px;\n}\n<\/style>\n<div  class='hr av-av_hr-0688d0b0b6ed2f8b057db7a8270206df hr-invisible  avia-builder-el-8  el_after_av_button  el_before_av_heading '><span class='hr-inner '><span class=\"hr-inner-style\"><\/span><\/span><\/div>\n\n<style type=\"text\/css\" data-created_by=\"avia_inline_auto\" id=\"style-css-av-av_heading-67fab89cda472459962eaa324b97fce9\">\n#top .av-special-heading.av-av_heading-67fab89cda472459962eaa324b97fce9{\npadding-bottom:10px;\ncolor:#470b0b;\n}\nbody .av-special-heading.av-av_heading-67fab89cda472459962eaa324b97fce9 .av-special-heading-tag .heading-char{\nfont-size:25px;\n}\n.av-special-heading.av-av_heading-67fab89cda472459962eaa324b97fce9 .special-heading-inner-border{\nborder-color:#470b0b;\n}\n.av-special-heading.av-av_heading-67fab89cda472459962eaa324b97fce9 .av-subheading{\nfont-size:15px;\n}\n<\/style>\n<div  class='av-special-heading av-av_heading-67fab89cda472459962eaa324b97fce9 av-special-heading-h5 custom-color-heading  avia-builder-el-9  el_after_av_hr  el_before_av_magazine '><h5 class='av-special-heading-tag '  itemprop=\"headline\"  >Other activities<\/h5><div class=\"special-heading-border\"><div class=\"special-heading-inner-border\"><\/div><\/div><\/div>\n<div  id=\"avia-magazine-1\"  class='av-magazine av-av_magazine-98a2189cf9e1d0868e47b9fc2c0b2bca av-magazine-top-bar-active av-magazine-tabs-active  avia-builder-el-10  el_after_av_heading  el_before_av_button   avia-builder-el-10  el_after_av_heading  el_before_av_button ' ><div class='av-magazine-top-bar '><\/div><div class='av-magazine-group sort_all'><article class='av-magazine-entry av-magazine-entry-id-29069 av-magazine-format-standard av-magazine-type-post av-magazine-entry-1 av-magazine-entry-small '  itemscope=\"itemscope\" itemtype=\"https:\/\/schema.org\/CreativeWork\" ><div class=\"av-magazine-thumbnail\"><a href='https:\/\/politicasdelamemoria.org\/en\/2024\/11\/historical-memory-and-archaeology-of-the-spanish-civil-war-and-the-franco-regime\/' title='Link to: Historical Memory and Archaeology of the Spanish Civil War and the Franco Regime' class='av-magazine-thumbnail-link'><img decoding=\"async\" fetchpriority=\"high\" width=\"80\" height=\"80\" src=\"https:\/\/politicasdelamemoria.org\/wp-content\/uploads\/2024\/11\/WhatsApp-Image-2024-11-25-at-19.14.41-80x80.jpeg\" class=\"wp-image-29066 avia-img-lazy-loading-not-29066 attachment-thumbnail size-thumbnail wp-post-image\" alt=\"\" srcset=\"https:\/\/politicasdelamemoria.org\/wp-content\/uploads\/2024\/11\/WhatsApp-Image-2024-11-25-at-19.14.41-80x80.jpeg 80w, https:\/\/politicasdelamemoria.org\/wp-content\/uploads\/2024\/11\/WhatsApp-Image-2024-11-25-at-19.14.41-180x180.jpeg 180w\" sizes=\"(max-width: 80px) 100vw, 80px\" \/><\/a><\/div><div class=\"av-magazine-content-wrap\"><header class=\"entry-content-header\" aria-label=\"Post: Historical Memory and Archaeology of the Spanish Civil War and the Franco Regime\"><time class='av-magazine-time updated'  itemprop=\"datePublished\" datetime=\"2024-11-26T11:48:28+01:00\" >November 26, 2024<\/time><h3 class='av-magazine-title entry-title '  itemprop=\"headline\" ><a href='https:\/\/politicasdelamemoria.org\/en\/2024\/11\/historical-memory-and-archaeology-of-the-spanish-civil-war-and-the-franco-regime\/' title='Link to: Historical Memory and Archaeology of the Spanish Civil War and the Franco Regime'>Historical Memory and Archaeology of the Spanish Civil War and the Franco Regime<\/a><\/h3><\/header><\/div><footer class=\"entry-footer\"><\/footer><\/article><article class='av-magazine-entry av-magazine-entry-id-22329 av-magazine-format-standard av-magazine-type-post av-magazine-entry-2 av-magazine-entry-small '  itemscope=\"itemscope\" itemtype=\"https:\/\/schema.org\/CreativeWork\" ><div class=\"av-magazine-thumbnail\"><a href='https:\/\/politicasdelamemoria.org\/en\/2024\/05\/international-congress-weaving-memory-public-policies-mass-graves-and-materialities-2024\/' title='Link to: International Congress. Weaving memory: Public Policies, Mass Graves, and Materialities. 2024' class='av-magazine-thumbnail-link'><img decoding=\"async\" fetchpriority=\"high\" width=\"80\" height=\"80\" src=\"https:\/\/politicasdelamemoria.org\/wp-content\/uploads\/2024\/05\/Imagen-de-WhatsApp-2024-05-10-a-las-20.05.01_012235ac-3-1-80x80.jpg\" class=\"wp-image-22359 avia-img-lazy-loading-not-22359 attachment-thumbnail size-thumbnail wp-post-image\" alt=\"\" srcset=\"https:\/\/politicasdelamemoria.org\/wp-content\/uploads\/2024\/05\/Imagen-de-WhatsApp-2024-05-10-a-las-20.05.01_012235ac-3-1-80x80.jpg 80w, https:\/\/politicasdelamemoria.org\/wp-content\/uploads\/2024\/05\/Imagen-de-WhatsApp-2024-05-10-a-las-20.05.01_012235ac-3-1-180x180.jpg 180w\" sizes=\"(max-width: 80px) 100vw, 80px\" \/><\/a><\/div><div class=\"av-magazine-content-wrap\"><header class=\"entry-content-header\" aria-label=\"Post: International Congress. Weaving memory: Public Policies, Mass Graves, and Materialities. 2024\"><time class='av-magazine-time updated'  itemprop=\"datePublished\" datetime=\"2024-05-11T08:25:52+02:00\" >May 11, 2024<\/time><h3 class='av-magazine-title entry-title '  itemprop=\"headline\" ><a href='https:\/\/politicasdelamemoria.org\/en\/2024\/05\/international-congress-weaving-memory-public-policies-mass-graves-and-materialities-2024\/' title='Link to: International Congress. Weaving memory: Public Policies, Mass Graves, and Materialities. 2024'>International Congress. Weaving memory: Public Policies, Mass Graves, and Materialities. 2024<\/a><\/h3><\/header><\/div><footer class=\"entry-footer\"><\/footer><\/article><article class='av-magazine-entry av-magazine-entry-id-22184 av-magazine-format-standard av-magazine-type-post av-magazine-entry-3 av-magazine-entry-small '  itemscope=\"itemscope\" itemtype=\"https:\/\/schema.org\/CreativeWork\" ><div class=\"av-magazine-thumbnail\"><a href='https:\/\/politicasdelamemoria.org\/en\/2024\/01\/call-for-papers-european-association-of-archaeologists-eaa-484th-session\/' title='Link to: Call for papers: European Association of Archaeologists (EAA) 484th session' class='av-magazine-thumbnail-link'><img decoding=\"async\" fetchpriority=\"high\" width=\"80\" height=\"80\" src=\"https:\/\/politicasdelamemoria.org\/wp-content\/uploads\/2024\/01\/EAA-Logo-Color-pierced-small-80x80.png\" class=\"wp-image-22177 avia-img-lazy-loading-not-22177 attachment-thumbnail size-thumbnail wp-post-image\" alt=\"\" srcset=\"https:\/\/politicasdelamemoria.org\/wp-content\/uploads\/2024\/01\/EAA-Logo-Color-pierced-small-80x80.png 80w, https:\/\/politicasdelamemoria.org\/wp-content\/uploads\/2024\/01\/EAA-Logo-Color-pierced-small-180x180.png 180w\" sizes=\"(max-width: 80px) 100vw, 80px\" \/><\/a><\/div><div class=\"av-magazine-content-wrap\"><header class=\"entry-content-header\" aria-label=\"Post: Call for papers: European Association of Archaeologists (EAA) 484th session\"><time class='av-magazine-time updated'  itemprop=\"datePublished\" datetime=\"2024-01-09T18:07:08+01:00\" >January 9, 2024<\/time><h3 class='av-magazine-title entry-title '  itemprop=\"headline\" ><a href='https:\/\/politicasdelamemoria.org\/en\/2024\/01\/call-for-papers-european-association-of-archaeologists-eaa-484th-session\/' title='Link to: Call for papers: European Association of Archaeologists (EAA) 484th session'>Call for papers: European Association of Archaeologists (EAA) 484th session<\/a><\/h3><\/header><\/div><footer class=\"entry-footer\"><\/footer><\/article><article class='av-magazine-entry av-magazine-entry-id-21947 av-magazine-format-standard av-magazine-type-post av-magazine-entry-4 av-magazine-entry-small '  itemscope=\"itemscope\" itemtype=\"https:\/\/schema.org\/CreativeWork\" ><div class=\"av-magazine-thumbnail\"><a href='https:\/\/politicasdelamemoria.org\/en\/2023\/05\/exhibition-the-democratic-skylight-policies-of-life-and-death-in-the-spanish-state-1868-1976\/' title='Link to: Exhibition: \u201cThe democratic skylight. Policies of life and death in the Spanish State (1868 &#8211; 1976)&#8221;' class='av-magazine-thumbnail-link'><img decoding=\"async\" fetchpriority=\"high\" width=\"80\" height=\"80\" src=\"https:\/\/politicasdelamemoria.org\/wp-content\/uploads\/2023\/04\/WhatsApp-Image-2023-06-06-at-18.05.16-1-80x80.jpeg\" class=\"wp-image-21997 avia-img-lazy-loading-not-21997 attachment-thumbnail size-thumbnail wp-post-image\" alt=\"\" srcset=\"https:\/\/politicasdelamemoria.org\/wp-content\/uploads\/2023\/04\/WhatsApp-Image-2023-06-06-at-18.05.16-1-80x80.jpeg 80w, https:\/\/politicasdelamemoria.org\/wp-content\/uploads\/2023\/04\/WhatsApp-Image-2023-06-06-at-18.05.16-1-298x300.jpeg 298w, https:\/\/politicasdelamemoria.org\/wp-content\/uploads\/2023\/04\/WhatsApp-Image-2023-06-06-at-18.05.16-1-1022x1030.jpeg 1022w, https:\/\/politicasdelamemoria.org\/wp-content\/uploads\/2023\/04\/WhatsApp-Image-2023-06-06-at-18.05.16-1-180x180.jpeg 180w, https:\/\/politicasdelamemoria.org\/wp-content\/uploads\/2023\/04\/WhatsApp-Image-2023-06-06-at-18.05.16-1-700x705.jpeg 700w, https:\/\/politicasdelamemoria.org\/wp-content\/uploads\/2023\/04\/WhatsApp-Image-2023-06-06-at-18.05.16-1.jpeg 1045w\" sizes=\"(max-width: 80px) 100vw, 80px\" \/><\/a><\/div><div class=\"av-magazine-content-wrap\"><header class=\"entry-content-header\" aria-label=\"Post: Exhibition: \u201cThe democratic skylight. Policies of life and death in the Spanish State (1868 - 1976)&quot;\"><time class='av-magazine-time updated'  itemprop=\"datePublished\" datetime=\"2023-05-02T12:59:50+02:00\" >May 2, 2023<\/time><h3 class='av-magazine-title entry-title '  itemprop=\"headline\" ><a href='https:\/\/politicasdelamemoria.org\/en\/2023\/05\/exhibition-the-democratic-skylight-policies-of-life-and-death-in-the-spanish-state-1868-1976\/' title='Link to: Exhibition: \u201cThe democratic skylight. Policies of life and death in the Spanish State (1868 &#8211; 1976)&#8221;'>Exhibition: \u201cThe democratic skylight. Policies of life and death in the Spanish State (1868 &#8211; 1976)&#8221;<\/a><\/h3><\/header><\/div><footer class=\"entry-footer\"><\/footer><\/article><article class='av-magazine-entry av-magazine-entry-id-21915 av-magazine-format-standard av-magazine-type-post av-magazine-entry-5 av-magazine-entry-small '  itemscope=\"itemscope\" itemtype=\"https:\/\/schema.org\/CreativeWork\" ><div class=\"av-magazine-thumbnail\"><a href='https:\/\/politicasdelamemoria.org\/en\/2023\/04\/the-2023-msa-first-book-award-to-de-fosas-comunes-a-lugares-de-memoria-la-practica-monumental-como-escritura-de-la-historia\/' title='Link to: The 2023 MSA First Book Award to &#8220;De fosas comunes a lugares de memoria. La pr\u00e1ctica monumental como escritura de la historia\u201d' class='av-magazine-thumbnail-link'><img decoding=\"async\" fetchpriority=\"high\" width=\"80\" height=\"80\" src=\"https:\/\/politicasdelamemoria.org\/wp-content\/uploads\/2023\/04\/Screenshot-2023-04-16-at-12.43.48-80x80.png\" class=\"wp-image-21929 avia-img-lazy-loading-not-21929 attachment-thumbnail size-thumbnail wp-post-image\" alt=\"\" srcset=\"https:\/\/politicasdelamemoria.org\/wp-content\/uploads\/2023\/04\/Screenshot-2023-04-16-at-12.43.48-80x80.png 80w, https:\/\/politicasdelamemoria.org\/wp-content\/uploads\/2023\/04\/Screenshot-2023-04-16-at-12.43.48-180x180.png 180w\" sizes=\"(max-width: 80px) 100vw, 80px\" \/><\/a><\/div><div class=\"av-magazine-content-wrap\"><header class=\"entry-content-header\" aria-label=\"Post: The 2023 MSA First Book Award to &quot;De fosas comunes a lugares de memoria. La pr\u00e1ctica monumental como escritura de la historia\u201d\"><time class='av-magazine-time updated'  itemprop=\"datePublished\" datetime=\"2023-04-16T13:19:45+02:00\" >April 16, 2023<\/time><h3 class='av-magazine-title entry-title '  itemprop=\"headline\" ><a href='https:\/\/politicasdelamemoria.org\/en\/2023\/04\/the-2023-msa-first-book-award-to-de-fosas-comunes-a-lugares-de-memoria-la-practica-monumental-como-escritura-de-la-historia\/' title='Link to: The 2023 MSA First Book Award to &#8220;De fosas comunes a lugares de memoria. La pr\u00e1ctica monumental como escritura de la historia\u201d'>The 2023 MSA First Book Award to &#8220;De fosas comunes a lugares de memoria. La pr\u00e1ctica monumental como escritura de la historia\u201d<\/a><\/h3><\/header><\/div><footer class=\"entry-footer\"><\/footer><\/article><article class='av-magazine-entry av-magazine-entry-id-21561 av-magazine-format-standard av-magazine-type-post av-magazine-entry-6 av-magazine-entry-small '  itemscope=\"itemscope\" itemtype=\"https:\/\/schema.org\/CreativeWork\" ><div class=\"av-magazine-thumbnail\"><a href='https:\/\/politicasdelamemoria.org\/en\/2022\/10\/call-for-proposals-towards-a-materialist-theory-of-the-monument\/' title='Link to: Call for Proposals: Towards a materialist theory of the monument' class='av-magazine-thumbnail-link'><img decoding=\"async\" fetchpriority=\"high\" width=\"80\" height=\"80\" src=\"https:\/\/politicasdelamemoria.org\/wp-content\/uploads\/2022\/10\/Empty_pedestal_Victoria_Park_Brighton-80x80.jpg\" class=\"wp-image-21557 avia-img-lazy-loading-not-21557 attachment-thumbnail size-thumbnail wp-post-image\" alt=\"\" srcset=\"https:\/\/politicasdelamemoria.org\/wp-content\/uploads\/2022\/10\/Empty_pedestal_Victoria_Park_Brighton-80x80.jpg 80w, https:\/\/politicasdelamemoria.org\/wp-content\/uploads\/2022\/10\/Empty_pedestal_Victoria_Park_Brighton-180x180.jpg 180w\" sizes=\"(max-width: 80px) 100vw, 80px\" \/><\/a><\/div><div class=\"av-magazine-content-wrap\"><header class=\"entry-content-header\" aria-label=\"Post: Call for Proposals: Towards a materialist theory of the monument\"><time class='av-magazine-time updated'  itemprop=\"datePublished\" datetime=\"2022-10-24T18:02:22+02:00\" >October 24, 2022<\/time><h3 class='av-magazine-title entry-title '  itemprop=\"headline\" ><a href='https:\/\/politicasdelamemoria.org\/en\/2022\/10\/call-for-proposals-towards-a-materialist-theory-of-the-monument\/' title='Link to: Call for Proposals: Towards a materialist theory of the monument'>Call for Proposals: Towards a materialist theory of the monument<\/a><\/h3><\/header><\/div><footer class=\"entry-footer\"><\/footer><\/article><article class='av-magazine-entry av-magazine-entry-id-21209 av-magazine-format-standard av-magazine-type-post av-magazine-entry-7 av-magazine-entry-small '  itemscope=\"itemscope\" itemtype=\"https:\/\/schema.org\/CreativeWork\" ><div class=\"av-magazine-thumbnail\"><a href='https:\/\/politicasdelamemoria.org\/en\/2022\/02\/princeton-hellenic-studies-workshop-relics-and-continuities-in-europe\/' title='Link to: Princeton Hellenic Studies Workshop: &#8220;Relics and Continuities in Europe&#8221;' class='av-magazine-thumbnail-link'><img decoding=\"async\" fetchpriority=\"high\" width=\"80\" height=\"80\" src=\"https:\/\/politicasdelamemoria.org\/wp-content\/uploads\/2022\/02\/Captura-80x80.jpg\" class=\"wp-image-21205 avia-img-lazy-loading-not-21205 attachment-thumbnail size-thumbnail wp-post-image\" alt=\"\" srcset=\"https:\/\/politicasdelamemoria.org\/wp-content\/uploads\/2022\/02\/Captura-80x80.jpg 80w, https:\/\/politicasdelamemoria.org\/wp-content\/uploads\/2022\/02\/Captura-180x180.jpg 180w, https:\/\/politicasdelamemoria.org\/wp-content\/uploads\/2022\/02\/Captura-425x423.jpg 425w\" sizes=\"(max-width: 80px) 100vw, 80px\" \/><\/a><\/div><div class=\"av-magazine-content-wrap\"><header class=\"entry-content-header\" aria-label=\"Post: Princeton Hellenic Studies Workshop: &quot;Relics and Continuities in Europe&quot;\"><time class='av-magazine-time updated'  itemprop=\"datePublished\" datetime=\"2022-02-22T11:47:50+01:00\" >February 22, 2022<\/time><h3 class='av-magazine-title entry-title '  itemprop=\"headline\" ><a href='https:\/\/politicasdelamemoria.org\/en\/2022\/02\/princeton-hellenic-studies-workshop-relics-and-continuities-in-europe\/' title='Link to: Princeton Hellenic Studies Workshop: &#8220;Relics and Continuities in Europe&#8221;'>Princeton Hellenic Studies Workshop: &#8220;Relics and Continuities in Europe&#8221;<\/a><\/h3><\/header><\/div><footer class=\"entry-footer\"><\/footer><\/article><article class='av-magazine-entry av-magazine-entry-id-20565 av-magazine-format-standard av-magazine-type-post av-magazine-entry-8 av-magazine-entry-small '  itemscope=\"itemscope\" itemtype=\"https:\/\/schema.org\/CreativeWork\" ><div class=\"av-magazine-thumbnail\"><a href='https:\/\/politicasdelamemoria.org\/en\/2021\/10\/memorias-de-lo-urbano-first-international-symposium\/' title='Link to: Memorias de lo urbano. First International Symposium.' class='av-magazine-thumbnail-link'><img decoding=\"async\" fetchpriority=\"high\" width=\"80\" height=\"80\" src=\"https:\/\/politicasdelamemoria.org\/wp-content\/uploads\/2021\/10\/245382214_4444485058970084_3584327738819192165_n-80x80.jpg\" class=\"wp-image-20535 avia-img-lazy-loading-not-20535 attachment-thumbnail size-thumbnail wp-post-image\" alt=\"\" srcset=\"https:\/\/politicasdelamemoria.org\/wp-content\/uploads\/2021\/10\/245382214_4444485058970084_3584327738819192165_n-80x80.jpg 80w, https:\/\/politicasdelamemoria.org\/wp-content\/uploads\/2021\/10\/245382214_4444485058970084_3584327738819192165_n-180x180.jpg 180w\" sizes=\"(max-width: 80px) 100vw, 80px\" \/><\/a><\/div><div class=\"av-magazine-content-wrap\"><header class=\"entry-content-header\" aria-label=\"Post: Memorias de lo urbano. First International Symposium.\"><time class='av-magazine-time updated'  itemprop=\"datePublished\" datetime=\"2021-10-13T10:25:04+02:00\" >October 13, 2021<\/time><h3 class='av-magazine-title entry-title '  itemprop=\"headline\" ><a href='https:\/\/politicasdelamemoria.org\/en\/2021\/10\/memorias-de-lo-urbano-first-international-symposium\/' title='Link to: Memorias de lo urbano. First International Symposium.'>Memorias de lo urbano. First International Symposium.<\/a><\/h3><\/header><\/div><footer class=\"entry-footer\"><\/footer><\/article><article class='av-magazine-entry av-magazine-entry-id-20335 av-magazine-format-standard av-magazine-type-post av-magazine-entry-9 av-magazine-entry-small '  itemscope=\"itemscope\" itemtype=\"https:\/\/schema.org\/CreativeWork\" ><div class=\"av-magazine-thumbnail\"><a href='https:\/\/politicasdelamemoria.org\/en\/2021\/03\/international-conference-bodies-out-of-place-mass-violence-mass-graves-and-necropolitics-2018\/' title='Link to: International conference. Bodies out of Place: Mass Violence, Mass Graves and Necropolitics, 2018.' class='av-magazine-thumbnail-link'><img decoding=\"async\" fetchpriority=\"high\" width=\"80\" height=\"80\" src=\"https:\/\/politicasdelamemoria.org\/wp-content\/uploads\/2018\/06\/congreso_donosti-80x80.jpg\" class=\"wp-image-16284 avia-img-lazy-loading-not-16284 attachment-thumbnail size-thumbnail wp-post-image\" alt=\"\" srcset=\"https:\/\/politicasdelamemoria.org\/wp-content\/uploads\/2018\/06\/congreso_donosti-80x80.jpg 80w, https:\/\/politicasdelamemoria.org\/wp-content\/uploads\/2018\/06\/congreso_donosti-180x180.jpg 180w, https:\/\/politicasdelamemoria.org\/wp-content\/uploads\/2018\/06\/congreso_donosti-120x120.jpg 120w\" sizes=\"(max-width: 80px) 100vw, 80px\" \/><\/a><\/div><div class=\"av-magazine-content-wrap\"><header class=\"entry-content-header\" aria-label=\"Post: International conference. Bodies out of Place: Mass Violence, Mass Graves and Necropolitics, 2018.\"><time class='av-magazine-time updated'  itemprop=\"datePublished\" datetime=\"2021-03-18T16:42:21+01:00\" >March 18, 2021<\/time><h3 class='av-magazine-title entry-title '  itemprop=\"headline\" ><a href='https:\/\/politicasdelamemoria.org\/en\/2021\/03\/international-conference-bodies-out-of-place-mass-violence-mass-graves-and-necropolitics-2018\/' title='Link to: International conference. Bodies out of Place: Mass Violence, Mass Graves and Necropolitics, 2018.'>International conference. Bodies out of Place: Mass Violence, Mass Graves and Necropolitics, 2018.<\/a><\/h3><\/header><\/div><footer class=\"entry-footer\"><\/footer><\/article><article class='av-magazine-entry av-magazine-entry-id-20263 av-magazine-format-standard av-magazine-type-post av-magazine-entry-10 av-magazine-entry-small '  itemscope=\"itemscope\" itemtype=\"https:\/\/schema.org\/CreativeWork\" ><div class=\"av-magazine-thumbnail\"><a href='https:\/\/politicasdelamemoria.org\/en\/2021\/03\/experiencias-y-extravios-seminario-de-estudios-visuales-y-antropologia-de-la-imagen\/' title='Link to: Experiencias y extrav\u00edos. Seminario de Estudios Visuales y Antropolog\u00eda de la Imagen' class='av-magazine-thumbnail-link'><img decoding=\"async\" fetchpriority=\"high\" width=\"80\" height=\"80\" src=\"https:\/\/politicasdelamemoria.org\/wp-content\/uploads\/2021\/03\/EwloEzXWYAEZiKY-80x80.jpg\" class=\"wp-image-20248 avia-img-lazy-loading-not-20248 attachment-thumbnail size-thumbnail wp-post-image\" alt=\"\" srcset=\"https:\/\/politicasdelamemoria.org\/wp-content\/uploads\/2021\/03\/EwloEzXWYAEZiKY-80x80.jpg 80w, https:\/\/politicasdelamemoria.org\/wp-content\/uploads\/2021\/03\/EwloEzXWYAEZiKY-180x180.jpg 180w\" sizes=\"(max-width: 80px) 100vw, 80px\" \/><\/a><\/div><div class=\"av-magazine-content-wrap\"><header class=\"entry-content-header\" aria-label=\"Post: Experiencias y extrav\u00edos. Seminario de Estudios Visuales y Antropolog\u00eda de la Imagen\"><time class='av-magazine-time updated'  itemprop=\"datePublished\" datetime=\"2021-03-17T10:35:47+01:00\" >March 17, 2021<\/time><h3 class='av-magazine-title entry-title '  itemprop=\"headline\" ><a href='https:\/\/politicasdelamemoria.org\/en\/2021\/03\/experiencias-y-extravios-seminario-de-estudios-visuales-y-antropologia-de-la-imagen\/' title='Link to: Experiencias y extrav\u00edos. Seminario de Estudios Visuales y Antropolog\u00eda de la Imagen'>Experiencias y extrav\u00edos. Seminario de Estudios Visuales y Antropolog\u00eda de la Imagen<\/a><\/h3><\/header><\/div><footer class=\"entry-footer\"><\/footer><\/article><article class='av-magazine-entry av-magazine-entry-id-20216 av-magazine-format-standard av-magazine-type-post av-magazine-entry-11 av-magazine-entry-small '  itemscope=\"itemscope\" itemtype=\"https:\/\/schema.org\/CreativeWork\" ><div class=\"av-magazine-thumbnail\"><a href='https:\/\/politicasdelamemoria.org\/en\/2021\/01\/marcos-franco-lenin-necropolitical-dissonances\/' title='Link to: Marcos, Franco, Lenin: Necropolitical Dissonances' class='av-magazine-thumbnail-link'><img decoding=\"async\" fetchpriority=\"high\" width=\"80\" height=\"80\" src=\"https:\/\/politicasdelamemoria.org\/wp-content\/uploads\/2021\/01\/dMSA-POSTER-3-oK_page-00011-80x80.jpg\" class=\"wp-image-20199 avia-img-lazy-loading-not-20199 attachment-thumbnail size-thumbnail wp-post-image\" alt=\"\" srcset=\"https:\/\/politicasdelamemoria.org\/wp-content\/uploads\/2021\/01\/dMSA-POSTER-3-oK_page-00011-80x80.jpg 80w, https:\/\/politicasdelamemoria.org\/wp-content\/uploads\/2021\/01\/dMSA-POSTER-3-oK_page-00011-180x180.jpg 180w\" sizes=\"(max-width: 80px) 100vw, 80px\" \/><\/a><\/div><div class=\"av-magazine-content-wrap\"><header class=\"entry-content-header\" aria-label=\"Post: Marcos, Franco, Lenin: Necropolitical Dissonances\"><time class='av-magazine-time updated'  itemprop=\"datePublished\" datetime=\"2021-01-20T11:12:38+01:00\" >January 20, 2021<\/time><h3 class='av-magazine-title entry-title '  itemprop=\"headline\" ><a href='https:\/\/politicasdelamemoria.org\/en\/2021\/01\/marcos-franco-lenin-necropolitical-dissonances\/' title='Link to: Marcos, Franco, Lenin: Necropolitical Dissonances'>Marcos, Franco, Lenin: Necropolitical Dissonances<\/a><\/h3><\/header><\/div><footer class=\"entry-footer\"><\/footer><\/article><article class='av-magazine-entry av-magazine-entry-id-20160 av-magazine-format-standard av-magazine-type-post av-magazine-entry-12 av-magazine-entry-small '  itemscope=\"itemscope\" itemtype=\"https:\/\/schema.org\/CreativeWork\" ><div class=\"av-magazine-thumbnail\"><a href='https:\/\/politicasdelamemoria.org\/en\/2020\/12\/etxeberria-francisco-coord-2020-the-exhumations-of-the-civil-war-and-the-franco-dictatorship-2000-2019-current-status-and-recommendations-for-the-future\/' title='Link to: ETXEBERRIA, Francisco (coord.) (2020). The exhumations of the Civil War and the Franco dictatorship 2000-2019. Current status and recommendations for the future' class='av-magazine-thumbnail-link'><img decoding=\"async\" fetchpriority=\"high\" width=\"80\" height=\"80\" src=\"https:\/\/politicasdelamemoria.org\/wp-content\/uploads\/2020\/11\/En1O8qCWMAAwcI9-80x80.jpg\" class=\"wp-image-20048 avia-img-lazy-loading-not-20048 attachment-thumbnail size-thumbnail wp-post-image\" alt=\"\" srcset=\"https:\/\/politicasdelamemoria.org\/wp-content\/uploads\/2020\/11\/En1O8qCWMAAwcI9-80x80.jpg 80w, https:\/\/politicasdelamemoria.org\/wp-content\/uploads\/2020\/11\/En1O8qCWMAAwcI9-180x180.jpg 180w\" sizes=\"(max-width: 80px) 100vw, 80px\" \/><\/a><\/div><div class=\"av-magazine-content-wrap\"><header class=\"entry-content-header\" aria-label=\"Post: ETXEBERRIA, Francisco (coord.) (2020). The exhumations of the Civil War and the Franco dictatorship 2000-2019. Current status and recommendations for the future\"><time class='av-magazine-time updated'  itemprop=\"datePublished\" datetime=\"2020-12-01T17:14:03+01:00\" >December 1, 2020<\/time><h3 class='av-magazine-title entry-title '  itemprop=\"headline\" ><a href='https:\/\/politicasdelamemoria.org\/en\/2020\/12\/etxeberria-francisco-coord-2020-the-exhumations-of-the-civil-war-and-the-franco-dictatorship-2000-2019-current-status-and-recommendations-for-the-future\/' title='Link to: ETXEBERRIA, Francisco (coord.) (2020). The exhumations of the Civil War and the Franco dictatorship 2000-2019. Current status and recommendations for the future'>ETXEBERRIA, Francisco (coord.) (2020). The exhumations of the Civil War and the Franco dictatorship 2000-2019. Current status and recommendations for the future<\/a><\/h3><\/header><\/div><footer class=\"entry-footer\"><\/footer><\/article><article class='av-magazine-entry av-magazine-entry-id-20003 av-magazine-format-standard av-magazine-type-post av-magazine-entry-13 av-magazine-entry-small '  itemscope=\"itemscope\" itemtype=\"https:\/\/schema.org\/CreativeWork\" ><div class=\"av-magazine-thumbnail\"><a href='https:\/\/politicasdelamemoria.org\/en\/2020\/11\/xiv-smh-zoe-de-kerangat-remover-cielo-y-tierra-las-exhumaciones-en-la-transicion\/' title='Link to: XIV SMH &#8211; Zo\u00e9 de Kerangat. Removing heaven and ground. The exhumations during the transition.' class='av-magazine-thumbnail-link'><img decoding=\"async\" fetchpriority=\"high\" width=\"80\" height=\"80\" src=\"https:\/\/politicasdelamemoria.org\/wp-content\/uploads\/2020\/10\/ccdbc44579a9d4d27517fa8156e51aab0b4f2c01-xiv-smh-general-redes-80x80.jpg\" class=\"wp-image-19975 avia-img-lazy-loading-not-19975 attachment-thumbnail size-thumbnail wp-post-image\" alt=\"\" srcset=\"https:\/\/politicasdelamemoria.org\/wp-content\/uploads\/2020\/10\/ccdbc44579a9d4d27517fa8156e51aab0b4f2c01-xiv-smh-general-redes-80x80.jpg 80w, https:\/\/politicasdelamemoria.org\/wp-content\/uploads\/2020\/10\/ccdbc44579a9d4d27517fa8156e51aab0b4f2c01-xiv-smh-general-redes-180x180.jpg 180w\" sizes=\"(max-width: 80px) 100vw, 80px\" \/><\/a><\/div><div class=\"av-magazine-content-wrap\"><header class=\"entry-content-header\" aria-label=\"Post: XIV SMH - Zo\u00e9 de Kerangat. Removing heaven and ground. The exhumations during the transition.\"><time class='av-magazine-time updated'  itemprop=\"datePublished\" datetime=\"2020-11-16T10:22:19+01:00\" >November 16, 2020<\/time><h3 class='av-magazine-title entry-title '  itemprop=\"headline\" ><a href='https:\/\/politicasdelamemoria.org\/en\/2020\/11\/xiv-smh-zoe-de-kerangat-remover-cielo-y-tierra-las-exhumaciones-en-la-transicion\/' title='Link to: XIV SMH &#8211; Zo\u00e9 de Kerangat. Removing heaven and ground. The exhumations during the transition.'>XIV SMH &#8211; Zo\u00e9 de Kerangat. Removing heaven and ground. The exhumations during the transition.<\/a><\/h3><\/header><\/div><footer class=\"entry-footer\"><\/footer><\/article><article class='av-magazine-entry av-magazine-entry-id-19965 av-magazine-format-standard av-magazine-type-post av-magazine-entry-14 av-magazine-entry-small '  itemscope=\"itemscope\" itemtype=\"https:\/\/schema.org\/CreativeWork\" ><div class=\"av-magazine-thumbnail\"><a href='https:\/\/politicasdelamemoria.org\/en\/2020\/10\/conference-memory-and-oblivion-in-the-post-holocaust-era-the-ethics-of-never-again\/' title='Link to: Conference &#8220;Memory and Oblivion in the Post-Holocaust Era: The Ethics of &#8220;Never Again' class='av-magazine-thumbnail-link'><img decoding=\"async\" fetchpriority=\"high\" width=\"80\" height=\"80\" src=\"https:\/\/politicasdelamemoria.org\/wp-content\/uploads\/2020\/10\/hqdefault-80x80.jpg\" class=\"wp-image-19961 avia-img-lazy-loading-not-19961 attachment-thumbnail size-thumbnail wp-post-image\" alt=\"\" srcset=\"https:\/\/politicasdelamemoria.org\/wp-content\/uploads\/2020\/10\/hqdefault-80x80.jpg 80w, https:\/\/politicasdelamemoria.org\/wp-content\/uploads\/2020\/10\/hqdefault-180x180.jpg 180w\" sizes=\"(max-width: 80px) 100vw, 80px\" \/><\/a><\/div><div class=\"av-magazine-content-wrap\"><header class=\"entry-content-header\" aria-label=\"Post: Conference &quot;Memory and Oblivion in the Post-Holocaust Era: The Ethics of &quot;Never Again\"><time class='av-magazine-time updated'  itemprop=\"datePublished\" datetime=\"2020-10-02T13:27:52+02:00\" >October 2, 2020<\/time><h3 class='av-magazine-title entry-title '  itemprop=\"headline\" ><a href='https:\/\/politicasdelamemoria.org\/en\/2020\/10\/conference-memory-and-oblivion-in-the-post-holocaust-era-the-ethics-of-never-again\/' title='Link to: Conference &#8220;Memory and Oblivion in the Post-Holocaust Era: The Ethics of &#8220;Never Again'>Conference &#8220;Memory and Oblivion in the Post-Holocaust Era: The Ethics of &#8220;Never Again<\/a><\/h3><\/header><\/div><footer class=\"entry-footer\"><\/footer><\/article><article class='av-magazine-entry av-magazine-entry-id-19927 av-magazine-format-standard av-magazine-type-post av-magazine-entry-15 av-magazine-entry-small '  itemscope=\"itemscope\" itemtype=\"https:\/\/schema.org\/CreativeWork\" ><div class=\"av-magazine-thumbnail\"><a href='https:\/\/politicasdelamemoria.org\/en\/2020\/07\/exhibition-fake-games-the-collectivized-monument-at-the-ivam\/' title='Link to: Exhibition &#8220;Fake Games. The Collectivized Monument&#8221; at the IVAM' class='av-magazine-thumbnail-link'><img decoding=\"async\" fetchpriority=\"high\" width=\"80\" height=\"80\" src=\"https:\/\/politicasdelamemoria.org\/wp-content\/uploads\/2020\/07\/Fake-Games.-El-monumento-colectivizado-80x80.jpg\" class=\"wp-image-19923 avia-img-lazy-loading-not-19923 attachment-thumbnail size-thumbnail wp-post-image\" alt=\"\" srcset=\"https:\/\/politicasdelamemoria.org\/wp-content\/uploads\/2020\/07\/Fake-Games.-El-monumento-colectivizado-80x80.jpg 80w, https:\/\/politicasdelamemoria.org\/wp-content\/uploads\/2020\/07\/Fake-Games.-El-monumento-colectivizado-180x180.jpg 180w\" sizes=\"(max-width: 80px) 100vw, 80px\" \/><\/a><\/div><div class=\"av-magazine-content-wrap\"><header class=\"entry-content-header\" aria-label=\"Post: Exhibition &quot;Fake Games. The Collectivized Monument&quot; at the IVAM\"><time class='av-magazine-time updated'  itemprop=\"datePublished\" datetime=\"2020-07-10T15:09:45+02:00\" >July 10, 2020<\/time><h3 class='av-magazine-title entry-title '  itemprop=\"headline\" ><a href='https:\/\/politicasdelamemoria.org\/en\/2020\/07\/exhibition-fake-games-the-collectivized-monument-at-the-ivam\/' title='Link to: Exhibition &#8220;Fake Games. The Collectivized Monument&#8221; at the IVAM'>Exhibition &#8220;Fake Games. The Collectivized Monument&#8221; at the IVAM<\/a><\/h3><\/header><\/div><footer class=\"entry-footer\"><\/footer><\/article><\/div><\/div>\n<div  class='avia-button-wrap av-av_button-4f3565f79e332fbdf96f33636793a6d8-wrap avia-button-right  avia-builder-el-11  el_after_av_magazine  avia-builder-el-last '><a href='https:\/\/politicasdelamemoria.org\/en\/activities\/others-activities\/'  class='avia-button av-av_button-4f3565f79e332fbdf96f33636793a6d8 av-link-btn avia-icon_select-yes-left-icon avia-size-medium avia-position-right avia-color-theme-color'   aria-label=\"See all\"><span class='avia_button_icon avia_button_icon_left avia-iconfont avia-font-entypo-fontello' data-av_icon='\ue8d2' data-av_iconfont='entypo-fontello' ><\/span><span class='avia_iconbox_title' >See all<\/span><\/a><\/div>\n","protected":false},"excerpt":{"rendered":"","protected":false},"author":2,"featured_media":0,"parent":0,"menu_order":3,"comment_status":"open","ping_status":"closed","template":"","meta":{"footnotes":""},"class_list":["post-3032","page","type-page","status-publish","hentry"],"_links":{"self":[{"href":"https:\/\/politicasdelamemoria.org\/en\/wp-json\/wp\/v2\/pages\/3032","targetHints":{"allow":["GET"]}}],"collection":[{"href":"https:\/\/politicasdelamemoria.org\/en\/wp-json\/wp\/v2\/pages"}],"about":[{"href":"https:\/\/politicasdelamemoria.org\/en\/wp-json\/wp\/v2\/types\/page"}],"author":[{"embeddable":true,"href":"https:\/\/politicasdelamemoria.org\/en\/wp-json\/wp\/v2\/users\/2"}],"replies":[{"embeddable":true,"href":"https:\/\/politicasdelamemoria.org\/en\/wp-json\/wp\/v2\/comments?post=3032"}],"version-history":[{"count":0,"href":"https:\/\/politicasdelamemoria.org\/en\/wp-json\/wp\/v2\/pages\/3032\/revisions"}],"wp:attachment":[{"href":"https:\/\/politicasdelamemoria.org\/en\/wp-json\/wp\/v2\/media?parent=3032"}],"curies":[{"name":"wp","href":"https:\/\/api.w.org\/{rel}","templated":true}]}}