{"id":3035,"date":"2015-02-04T17:15:14","date_gmt":"2015-02-04T16:15:14","guid":{"rendered":"https:\/\/politicasdelamemoria.org\/activities\/seminario-rostros-y-rastros-de-la-violencia\/"},"modified":"2015-02-23T19:44:28","modified_gmt":"2015-02-23T18:44:28","slug":"faces-traces-violence","status":"publish","type":"page","link":"https:\/\/politicasdelamemoria.org\/en\/activities\/faces-traces-violence\/","title":{"rendered":"Faces and traces of violence Lecture Series"},"content":{"rendered":"\n<style type=\"text\/css\" data-created_by=\"avia_inline_auto\" id=\"style-css-av-av_section-09523cfa1ea206ed0139a84e20fe1af0\">\n.avia-section.av-av_section-09523cfa1ea206ed0139a84e20fe1af0{\nbackground-repeat:repeat;\nbackground-image:url(https:&#x2f;&#x2f;&#x70;&#x6f;&#x6c;&#x69;&#x74;&#x69;&#x63;&#x61;&#x73;&#100;&#101;&#108;&#97;&#109;&#101;&#109;oria&#46;o&#x72;&#x67;&#x2f;&#x77;&#x70;&#x2d;&#x63;&#x6f;&#x6e;&#x74;&#x65;&#x6e;&#116;&#47;&#117;&#112;&#108;&#111;&#97;ds\/201&#x35;&#x2f;&#x30;&#x31;&#x2f;&#x63;&#x72;&#x6f;&#x73;&#x73;&#x5f;&#x73;&#99;&#114;&#97;&#116;&#99;&#104;&#101;s_&#64;2X&#46;&#x70;&#x6e;&#x67;);\nbackground-position:50% 50%;\nbackground-attachment:fixed;\n}\n<\/style>\n<div id='av_section_1'  class='avia-section av-av_section-09523cfa1ea206ed0139a84e20fe1af0 main_color avia-section-no-padding avia-no-border-styling  avia-builder-el-0  el_before_av_hr  avia-builder-el-first  avia-bg-style-fixed av-minimum-height av-minimum-height-custom av-height-custom  container_wrap sidebar_right'  data-section-bg-repeat='repeat' data-av_minimum_height_px='15'><div class='container av-section-cont-open' style='height:15px'><main  role=\"main\" itemprop=\"mainContentOfPage\"  class='template-page content  av-content-small alpha units'><div class='post-entry post-entry-type-page post-entry-3035'><div class='entry-content-wrapper clearfix'>\n\n<style type=\"text\/css\" data-created_by=\"avia_inline_auto\" id=\"style-css-av-av_hr-5d1c4aac81b541ce9e9b2db5773b7f16\">\n#top .hr.hr-invisible.av-av_hr-5d1c4aac81b541ce9e9b2db5773b7f16{\nheight:4px;\n}\n<\/style>\n<div  class='hr av-av_hr-5d1c4aac81b541ce9e9b2db5773b7f16 hr-invisible  avia-builder-el-1  el_before_av_heading  avia-builder-el-first '><span class='hr-inner '><span class=\"hr-inner-style\"><\/span><\/span><\/div>\n\n<style type=\"text\/css\" data-created_by=\"avia_inline_auto\" id=\"style-css-av-av_heading-c42548317854f98905a7d0cc1e647e53\">\n#top .av-special-heading.av-av_heading-c42548317854f98905a7d0cc1e647e53{\npadding-bottom:10px;\ncolor:#470b0b;\n}\nbody .av-special-heading.av-av_heading-c42548317854f98905a7d0cc1e647e53 .av-special-heading-tag .heading-char{\nfont-size:25px;\n}\n.av-special-heading.av-av_heading-c42548317854f98905a7d0cc1e647e53 .special-heading-inner-border{\nborder-color:#470b0b;\n}\n.av-special-heading.av-av_heading-c42548317854f98905a7d0cc1e647e53 .av-subheading{\nfont-size:15px;\n}\n<\/style>\n<div  class='av-special-heading av-av_heading-c42548317854f98905a7d0cc1e647e53 av-special-heading-h4 custom-color-heading blockquote modern-quote  avia-builder-el-2  el_after_av_hr  avia-builder-el-last '><h4 class='av-special-heading-tag '  itemprop=\"headline\"  >Faces and traces of violence Lecture Series<\/h4><div class=\"special-heading-border\"><div class=\"special-heading-inner-border\"><\/div><\/div><\/div>\n<\/div><\/div><\/main><!-- close content main element --><\/div><\/div><div id='after_section_1'  class='main_color av_default_container_wrap container_wrap sidebar_right'  ><div class='container av-section-cont-open' ><div class='template-page content  av-content-small alpha units'><div class='post-entry post-entry-type-page post-entry-3035'><div class='entry-content-wrapper clearfix'>\n<style type=\"text\/css\" data-created_by=\"avia_inline_auto\" id=\"style-css-av-av_hr-0688d0b0b6ed2f8b057db7a8270206df\">\n#top .hr.hr-invisible.av-av_hr-0688d0b0b6ed2f8b057db7a8270206df{\nheight:50px;\n}\n<\/style>\n<div  class='hr av-av_hr-0688d0b0b6ed2f8b057db7a8270206df hr-invisible  avia-builder-el-3  el_after_av_section  el_before_av_blog  avia-builder-el-first '><span class='hr-inner '><span class=\"hr-inner-style\"><\/span><\/span><\/div><\/p>\n<div  class='av-alb-blogposts template-blog  av-blog-meta-author-disabled av-blog-meta-category-disabled av-blog-meta-html-info-disabled '  itemscope=\"itemscope\" itemtype=\"https:\/\/schema.org\/Blog\" ><article class=\"post-entry post-entry-type-standard post-entry-22628 post-loop-1 post-parity-odd single-small with-slider post-22628 post type-post status-publish format-standard has-post-thumbnail hentry category-enfaces-and-traces-of-violence-lecture-series-en category-team-activities\"  itemscope=\"itemscope\" itemtype=\"https:\/\/schema.org\/BlogPosting\" ><div class=\"blog-meta\"><a href='https:\/\/politicasdelamemoria.org\/en\/2024\/09\/where-are-the-africans-erasure-elision-and-that-task-of-self-writing\/' class='small-preview'  title=\"cartel_R_R_sep_2024_page-0001\"   itemprop=\"image\" itemscope=\"itemscope\" itemtype=\"https:\/\/schema.org\/ImageObject\" ><img decoding=\"async\" loading=\"lazy\" width=\"80\" height=\"80\" src=\"https:\/\/politicasdelamemoria.org\/wp-content\/uploads\/2024\/09\/cartel_R_R_sep_2024_page-0001-1-80x80.jpg\" class=\"wp-image-22614 avia-img-lazy-loading-22614 attachment-thumbnail size-thumbnail wp-post-image\" alt=\"\" srcset=\"https:\/\/politicasdelamemoria.org\/wp-content\/uploads\/2024\/09\/cartel_R_R_sep_2024_page-0001-1-80x80.jpg 80w, https:\/\/politicasdelamemoria.org\/wp-content\/uploads\/2024\/09\/cartel_R_R_sep_2024_page-0001-1-180x180.jpg 180w\" sizes=\"auto, (max-width: 80px) 100vw, 80px\" \/><span class='iconfont avia-svg-icon avia-font-svg_entypo-fontello' data-av_svg_icon='pencil' data-av_iconset='svg_entypo-fontello' ><svg version=\"1.1\" xmlns=\"http:\/\/www.w3.org\/2000\/svg\" width=\"25\" height=\"32\" viewBox=\"0 0 25 32\" preserveAspectRatio=\"xMidYMid meet\" role=\"graphics-symbol\" aria-hidden=\"true\">\n<path d=\"M22.976 5.44q1.024 1.024 1.504 2.048t0.48 1.536v0.512l-8.064 8.064-9.28 9.216-7.616 1.664 1.6-7.68 9.28-9.216 8.064-8.064q1.728-0.384 4.032 1.92zM7.168 25.92l0.768-0.768q-0.064-1.408-1.664-3.008-0.704-0.704-1.44-1.12t-1.12-0.416l-0.448-0.064-0.704 0.768-0.576 2.56q0.896 0.512 1.472 1.088 0.768 0.768 1.152 1.536z\"><\/path>\n<\/svg><\/span><\/a><\/div><div class='entry-content-wrapper clearfix standard-content'><header class=\"entry-content-header\" aria-label=\"Post: Where are the Africans? Erasure, elision and that task of self-writing\"><h2 class='post-title entry-title '  itemprop=\"headline\" ><a href=\"https:\/\/politicasdelamemoria.org\/en\/2024\/09\/where-are-the-africans-erasure-elision-and-that-task-of-self-writing\/\" rel=\"bookmark\" title=\"Permanent Link: Where are the Africans? Erasure, elision and that task of self-writing\">Where are the Africans? Erasure, elision and that task of self-writing<span class=\"post-format-icon minor-meta\"><\/span><\/a><\/h2><span class=\"post-meta-infos\"><time class=\"date-container minor-meta updated\"  itemprop=\"datePublished\" datetime=\"2024-09-17T11:28:19+02:00\" >September 17, 2024<\/time><\/span><\/header><div class=\"entry-content\"  itemprop=\"text\" ><p>Lecture by: J. Siguru Wahutu (Assistant professor at New York University\u2019s Department of Media, Culture, and Communication and a Faculty at the Berkman Klein Center of Internet and Society at Harvard University) Wednesday, 25 September 2024 11.00 hours Sala Mar\u00eda Moliner\u00a0(1F8) Centro de Ciencias Humanas y Sociales, CSIC C\/Albasanz, 26-28 Metro: Suanzes &amp; Ciudad Lineal [&hellip;]<\/p>\n<div class=\"read-more-link\"><a href=\"https:\/\/politicasdelamemoria.org\/en\/2024\/09\/where-are-the-africans-erasure-elision-and-that-task-of-self-writing\/\" class=\"more-link\">Read more<span class='more-link-arrow avia-svg-icon avia-font-svg_entypo-fontello' data-av_svg_icon='right-open-big' data-av_iconset='svg_entypo-fontello'><svg version=\"1.1\" xmlns=\"http:\/\/www.w3.org\/2000\/svg\" width=\"15\" height=\"32\" viewBox=\"0 0 15 32\" preserveAspectRatio=\"xMidYMid meet\" role=\"graphics-symbol\" aria-hidden=\"true\">\n<path d=\"M0.416 27.84l11.456-11.84-11.456-11.904q-0.832-0.832 0-1.536 0.832-0.832 1.536 0l12.544 12.608q0.768 0.832 0 1.6l-12.544 12.608q-0.704 0.832-1.536 0-0.832-0.704 0-1.536z\"><\/path>\n<\/svg><\/span><\/a><\/div>\n<\/div><footer class=\"entry-footer\"><\/footer><div class='post_delimiter'><\/div><\/div><div class=\"post_author_timeline\"><\/div><span class='hidden'>\n\t\t\t\t<span class='av-structured-data'  itemprop=\"image\" itemscope=\"itemscope\" itemtype=\"https:\/\/schema.org\/ImageObject\" >\n\t\t\t\t\t\t<span itemprop='url'>https:\/\/politicasdelamemoria.org\/wp-content\/uploads\/2024\/09\/cartel_R_R_sep_2024_page-0001-1.jpg<\/span>\n\t\t\t\t\t\t<span itemprop='height'>1280<\/span>\n\t\t\t\t\t\t<span itemprop='width'>907<\/span>\n\t\t\t\t<\/span>\n\t\t\t\t<span class='av-structured-data'  itemprop=\"publisher\" itemtype=\"https:\/\/schema.org\/Organization\" itemscope=\"itemscope\" >\n\t\t\t\t\t\t<span itemprop='name'>Miriam Saqqa<\/span>\n\t\t\t\t\t\t<span itemprop='logo' itemscope itemtype='https:\/\/schema.org\/ImageObject'>\n\t\t\t\t\t\t\t<span itemprop='url'>https:\/\/politicasdelamemoria.org\/wp-content\/uploads\/2015\/01\/logo_memoria_Web.png<\/span>\n\t\t\t\t\t\t<\/span>\n\t\t\t\t<\/span><span class='av-structured-data'  itemprop=\"author\" itemscope=\"itemscope\" itemtype=\"https:\/\/schema.org\/Person\" ><span itemprop='name'>Miriam Saqqa<\/span><\/span><span class='av-structured-data'  itemprop=\"datePublished\" datetime=\"2024-09-17T11:28:19+02:00\" >2024-09-17 11:28:19<\/span><span class='av-structured-data'  itemprop=\"dateModified\" itemtype=\"https:\/\/schema.org\/dateModified\" >2024-09-17 11:28:19<\/span><span class='av-structured-data'  itemprop=\"mainEntityOfPage\" itemtype=\"https:\/\/schema.org\/mainEntityOfPage\" ><span itemprop='name'>Where are the Africans? Erasure, elision and that task of self-writing<\/span><\/span><\/span><\/article><article class=\"post-entry post-entry-type-standard post-entry-21663 post-loop-2 post-parity-even single-small with-slider post-21663 post type-post status-publish format-standard has-post-thumbnail hentry category-enfaces-and-traces-of-violence-lecture-series-en category-team-activities\"  itemscope=\"itemscope\" itemtype=\"https:\/\/schema.org\/BlogPosting\" ><div class=\"blog-meta\"><a href='https:\/\/politicasdelamemoria.org\/en\/2022\/11\/la-muerte-en-los-ojos-que-perpetran-las-imagenes-de-perpetrador-alianza-2021-reflexiones-en-torno-al-libro-de-vicente-sanchez-biosca\/' class='small-preview'  title=\"cartel_R_R_abr_2022(1)\"   itemprop=\"image\" itemscope=\"itemscope\" itemtype=\"https:\/\/schema.org\/ImageObject\" ><img decoding=\"async\" loading=\"lazy\" width=\"80\" height=\"80\" src=\"https:\/\/politicasdelamemoria.org\/wp-content\/uploads\/2022\/03\/cartel_R_R_abr_20221-80x80.jpg\" class=\"wp-image-21309 avia-img-lazy-loading-21309 attachment-thumbnail size-thumbnail wp-post-image\" alt=\"\" srcset=\"https:\/\/politicasdelamemoria.org\/wp-content\/uploads\/2022\/03\/cartel_R_R_abr_20221-80x80.jpg 80w, https:\/\/politicasdelamemoria.org\/wp-content\/uploads\/2022\/03\/cartel_R_R_abr_20221-180x180.jpg 180w\" sizes=\"auto, (max-width: 80px) 100vw, 80px\" \/><span class='iconfont avia-svg-icon avia-font-svg_entypo-fontello' data-av_svg_icon='pencil' data-av_iconset='svg_entypo-fontello' ><svg version=\"1.1\" xmlns=\"http:\/\/www.w3.org\/2000\/svg\" width=\"25\" height=\"32\" viewBox=\"0 0 25 32\" preserveAspectRatio=\"xMidYMid meet\" role=\"graphics-symbol\" aria-hidden=\"true\">\n<path d=\"M22.976 5.44q1.024 1.024 1.504 2.048t0.48 1.536v0.512l-8.064 8.064-9.28 9.216-7.616 1.664 1.6-7.68 9.28-9.216 8.064-8.064q1.728-0.384 4.032 1.92zM7.168 25.92l0.768-0.768q-0.064-1.408-1.664-3.008-0.704-0.704-1.44-1.12t-1.12-0.416l-0.448-0.064-0.704 0.768-0.576 2.56q0.896 0.512 1.472 1.088 0.768 0.768 1.152 1.536z\"><\/path>\n<\/svg><\/span><\/a><\/div><div class='entry-content-wrapper clearfix standard-content'><header class=\"entry-content-header\" aria-label=\"Post: La muerte en los ojos: qu\u00e9 perpetran las im\u00e1genes de perpetrador (Alianza, 2021) Reflexiones en torno al libro de Vicente S\u00e1nchez-Biosca\"><h2 class='post-title entry-title '  itemprop=\"headline\" ><a href=\"https:\/\/politicasdelamemoria.org\/en\/2022\/11\/la-muerte-en-los-ojos-que-perpetran-las-imagenes-de-perpetrador-alianza-2021-reflexiones-en-torno-al-libro-de-vicente-sanchez-biosca\/\" rel=\"bookmark\" title=\"Permanent Link: La muerte en los ojos: qu\u00e9 perpetran las im\u00e1genes de perpetrador (Alianza, 2021) Reflexiones en torno al libro de Vicente S\u00e1nchez-Biosca\">La muerte en los ojos: qu\u00e9 perpetran las im\u00e1genes de perpetrador (Alianza, 2021) Reflexiones en torno al libro de Vicente S\u00e1nchez-Biosca<span class=\"post-format-icon minor-meta\"><\/span><\/a><\/h2><span class=\"post-meta-infos\"><time class=\"date-container minor-meta updated\"  itemprop=\"datePublished\" datetime=\"2022-11-24T11:48:20+01:00\" >November 24, 2022<\/time><\/span><\/header><div class=\"entry-content\"  itemprop=\"text\" ><p>Lecture by: Vicente S\u00e1nchez-Biosca Universidad de Valencia Colloquium between the author Vicente S\u00e1nchez Biosca (University of Valencia), Mar\u00eda Garc\u00eda Alonso (UNED), Alejandro Baer (U Minnesota), Lidia Mateo (UNED), Rafael Rodr\u00edguez Tranche (UCM), Jorge Moreno (UNED) and Francisco Ferr\u00e1ndiz (CSIC). Thursday, 7 April 2022 18:00 &#8211; 20:00 hours Sal\u00f3n de Actos del Centro Asociado UNED Escuelas [&hellip;]<\/p>\n<div class=\"read-more-link\"><a href=\"https:\/\/politicasdelamemoria.org\/en\/2022\/11\/la-muerte-en-los-ojos-que-perpetran-las-imagenes-de-perpetrador-alianza-2021-reflexiones-en-torno-al-libro-de-vicente-sanchez-biosca\/\" class=\"more-link\">Read more<span class='more-link-arrow avia-svg-icon avia-font-svg_entypo-fontello' data-av_svg_icon='right-open-big' data-av_iconset='svg_entypo-fontello'><svg version=\"1.1\" xmlns=\"http:\/\/www.w3.org\/2000\/svg\" width=\"15\" height=\"32\" viewBox=\"0 0 15 32\" preserveAspectRatio=\"xMidYMid meet\" role=\"graphics-symbol\" aria-hidden=\"true\">\n<path d=\"M0.416 27.84l11.456-11.84-11.456-11.904q-0.832-0.832 0-1.536 0.832-0.832 1.536 0l12.544 12.608q0.768 0.832 0 1.6l-12.544 12.608q-0.704 0.832-1.536 0-0.832-0.704 0-1.536z\"><\/path>\n<\/svg><\/span><\/a><\/div>\n<\/div><footer class=\"entry-footer\"><\/footer><div class='post_delimiter'><\/div><\/div><div class=\"post_author_timeline\"><\/div><span class='hidden'>\n\t\t\t\t<span class='av-structured-data'  itemprop=\"image\" itemscope=\"itemscope\" itemtype=\"https:\/\/schema.org\/ImageObject\" >\n\t\t\t\t\t\t<span itemprop='url'>https:\/\/politicasdelamemoria.org\/wp-content\/uploads\/2022\/03\/cartel_R_R_abr_20221.jpg<\/span>\n\t\t\t\t\t\t<span itemprop='height'>1280<\/span>\n\t\t\t\t\t\t<span itemprop='width'>924<\/span>\n\t\t\t\t<\/span>\n\t\t\t\t<span class='av-structured-data'  itemprop=\"publisher\" itemtype=\"https:\/\/schema.org\/Organization\" itemscope=\"itemscope\" >\n\t\t\t\t\t\t<span itemprop='name'>Miriam Saqqa<\/span>\n\t\t\t\t\t\t<span itemprop='logo' itemscope itemtype='https:\/\/schema.org\/ImageObject'>\n\t\t\t\t\t\t\t<span itemprop='url'>https:\/\/politicasdelamemoria.org\/wp-content\/uploads\/2015\/01\/logo_memoria_Web.png<\/span>\n\t\t\t\t\t\t<\/span>\n\t\t\t\t<\/span><span class='av-structured-data'  itemprop=\"author\" itemscope=\"itemscope\" itemtype=\"https:\/\/schema.org\/Person\" ><span itemprop='name'>Miriam Saqqa<\/span><\/span><span class='av-structured-data'  itemprop=\"datePublished\" datetime=\"2022-11-24T11:48:20+01:00\" >2022-11-24 11:48:20<\/span><span class='av-structured-data'  itemprop=\"dateModified\" itemtype=\"https:\/\/schema.org\/dateModified\" >2022-11-24 11:48:20<\/span><span class='av-structured-data'  itemprop=\"mainEntityOfPage\" itemtype=\"https:\/\/schema.org\/mainEntityOfPage\" ><span itemprop='name'>La muerte en los ojos: qu\u00e9 perpetran las im\u00e1genes de perpetrador (Alianza, 2021) Reflexiones en torno al libro de Vicente S\u00e1nchez-Biosca<\/span><\/span><\/span><\/article><article class=\"post-entry post-entry-type-standard post-entry-21191 post-loop-3 post-parity-odd single-small with-slider post-21191 post type-post status-publish format-standard has-post-thumbnail hentry category-enfaces-and-traces-of-violence-lecture-series-en category-team-activities\"  itemscope=\"itemscope\" itemtype=\"https:\/\/schema.org\/BlogPosting\" ><div class=\"blog-meta\"><a href='https:\/\/politicasdelamemoria.org\/en\/2022\/02\/how-to-remember-silence-the-politics-of-historical-memory-of-francoist-boarding-schools-in-spain\/' class='small-preview'  title=\"cartel_R_R_feb_2022_page-0001\"   itemprop=\"image\" itemscope=\"itemscope\" itemtype=\"https:\/\/schema.org\/ImageObject\" ><img decoding=\"async\" loading=\"lazy\" width=\"80\" height=\"80\" src=\"https:\/\/politicasdelamemoria.org\/wp-content\/uploads\/2022\/02\/cartel_R_R_feb_2022_page-0001-80x80.jpg\" class=\"wp-image-21184 avia-img-lazy-loading-21184 attachment-thumbnail size-thumbnail wp-post-image\" alt=\"\" srcset=\"https:\/\/politicasdelamemoria.org\/wp-content\/uploads\/2022\/02\/cartel_R_R_feb_2022_page-0001-80x80.jpg 80w, https:\/\/politicasdelamemoria.org\/wp-content\/uploads\/2022\/02\/cartel_R_R_feb_2022_page-0001-180x180.jpg 180w\" sizes=\"auto, (max-width: 80px) 100vw, 80px\" \/><span class='iconfont avia-svg-icon avia-font-svg_entypo-fontello' data-av_svg_icon='pencil' data-av_iconset='svg_entypo-fontello' ><svg version=\"1.1\" xmlns=\"http:\/\/www.w3.org\/2000\/svg\" width=\"25\" height=\"32\" viewBox=\"0 0 25 32\" preserveAspectRatio=\"xMidYMid meet\" role=\"graphics-symbol\" aria-hidden=\"true\">\n<path d=\"M22.976 5.44q1.024 1.024 1.504 2.048t0.48 1.536v0.512l-8.064 8.064-9.28 9.216-7.616 1.664 1.6-7.68 9.28-9.216 8.064-8.064q1.728-0.384 4.032 1.92zM7.168 25.92l0.768-0.768q-0.064-1.408-1.664-3.008-0.704-0.704-1.44-1.12t-1.12-0.416l-0.448-0.064-0.704 0.768-0.576 2.56q0.896 0.512 1.472 1.088 0.768 0.768 1.152 1.536z\"><\/path>\n<\/svg><\/span><\/a><\/div><div class='entry-content-wrapper clearfix standard-content'><header class=\"entry-content-header\" aria-label=\"Post: How to remember silence. The politics of historical memory of Francoist boarding schools in Spain\"><h2 class='post-title entry-title '  itemprop=\"headline\" ><a href=\"https:\/\/politicasdelamemoria.org\/en\/2022\/02\/how-to-remember-silence-the-politics-of-historical-memory-of-francoist-boarding-schools-in-spain\/\" rel=\"bookmark\" title=\"Permanent Link: How to remember silence. The politics of historical memory of Francoist boarding schools in Spain\">How to remember silence. The politics of historical memory of Francoist boarding schools in Spain<span class=\"post-format-icon minor-meta\"><\/span><\/a><\/h2><span class=\"post-meta-infos\"><time class=\"date-container minor-meta updated\"  itemprop=\"datePublished\" datetime=\"2022-02-18T11:41:07+01:00\" >February 18, 2022<\/time><\/span><\/header><div class=\"entry-content\"  itemprop=\"text\" ><p>Conference by: Tibisay Navarro Ma\u00f1\u00e1 PhD Candidate in the History Department at the University of Minnesota, Minneapolis (MN, USA) Mass Violence and Human Rights Workshop (University of Minnesota) Centro Internacional de Estudios de Memoria Derechos Humanos (CIEMEDH) Thursday, February 24, 2022 10.00 CST (17:00 \u2013 19:00 hours Madrid) &nbsp; Registration<\/p>\n<div class=\"read-more-link\"><a href=\"https:\/\/politicasdelamemoria.org\/en\/2022\/02\/how-to-remember-silence-the-politics-of-historical-memory-of-francoist-boarding-schools-in-spain\/\" class=\"more-link\">Read more<span class='more-link-arrow avia-svg-icon avia-font-svg_entypo-fontello' data-av_svg_icon='right-open-big' data-av_iconset='svg_entypo-fontello'><svg version=\"1.1\" xmlns=\"http:\/\/www.w3.org\/2000\/svg\" width=\"15\" height=\"32\" viewBox=\"0 0 15 32\" preserveAspectRatio=\"xMidYMid meet\" role=\"graphics-symbol\" aria-hidden=\"true\">\n<path d=\"M0.416 27.84l11.456-11.84-11.456-11.904q-0.832-0.832 0-1.536 0.832-0.832 1.536 0l12.544 12.608q0.768 0.832 0 1.6l-12.544 12.608q-0.704 0.832-1.536 0-0.832-0.704 0-1.536z\"><\/path>\n<\/svg><\/span><\/a><\/div>\n<\/div><footer class=\"entry-footer\"><\/footer><div class='post_delimiter'><\/div><\/div><div class=\"post_author_timeline\"><\/div><span class='hidden'>\n\t\t\t\t<span class='av-structured-data'  itemprop=\"image\" itemscope=\"itemscope\" itemtype=\"https:\/\/schema.org\/ImageObject\" >\n\t\t\t\t\t\t<span itemprop='url'>https:\/\/politicasdelamemoria.org\/wp-content\/uploads\/2022\/02\/cartel_R_R_feb_2022_page-0001.jpg<\/span>\n\t\t\t\t\t\t<span itemprop='height'>1280<\/span>\n\t\t\t\t\t\t<span itemprop='width'>907<\/span>\n\t\t\t\t<\/span>\n\t\t\t\t<span class='av-structured-data'  itemprop=\"publisher\" itemtype=\"https:\/\/schema.org\/Organization\" itemscope=\"itemscope\" >\n\t\t\t\t\t\t<span itemprop='name'>Miriam Saqqa<\/span>\n\t\t\t\t\t\t<span itemprop='logo' itemscope itemtype='https:\/\/schema.org\/ImageObject'>\n\t\t\t\t\t\t\t<span itemprop='url'>https:\/\/politicasdelamemoria.org\/wp-content\/uploads\/2015\/01\/logo_memoria_Web.png<\/span>\n\t\t\t\t\t\t<\/span>\n\t\t\t\t<\/span><span class='av-structured-data'  itemprop=\"author\" itemscope=\"itemscope\" itemtype=\"https:\/\/schema.org\/Person\" ><span itemprop='name'>Miriam Saqqa<\/span><\/span><span class='av-structured-data'  itemprop=\"datePublished\" datetime=\"2022-02-18T11:41:07+01:00\" >2022-02-18 11:41:07<\/span><span class='av-structured-data'  itemprop=\"dateModified\" itemtype=\"https:\/\/schema.org\/dateModified\" >2022-02-18 11:42:31<\/span><span class='av-structured-data'  itemprop=\"mainEntityOfPage\" itemtype=\"https:\/\/schema.org\/mainEntityOfPage\" ><span itemprop='name'>How to remember silence. The politics of historical memory of Francoist boarding schools in Spain<\/span><\/span><\/span><\/article><article class=\"post-entry post-entry-type-standard post-entry-21691 post-loop-4 post-parity-even single-small with-slider post-21691 post type-post status-publish format-standard has-post-thumbnail hentry category-enfaces-and-traces-of-violence-lecture-series-en category-team-activities\"  itemscope=\"itemscope\" itemtype=\"https:\/\/schema.org\/BlogPosting\" ><div class=\"blog-meta\"><a href='https:\/\/politicasdelamemoria.org\/en\/2022\/02\/how-to-remember-silence-the-politics-of-historical-memory-of-francoist-boarding-schools-in-spain-2\/' class='small-preview'  title=\"cartel_R_R_feb_2022_page-0001\"   itemprop=\"image\" itemscope=\"itemscope\" itemtype=\"https:\/\/schema.org\/ImageObject\" ><img decoding=\"async\" loading=\"lazy\" width=\"80\" height=\"80\" src=\"https:\/\/politicasdelamemoria.org\/wp-content\/uploads\/2022\/02\/cartel_R_R_feb_2022_page-0001-80x80.jpg\" class=\"wp-image-21184 avia-img-lazy-loading-21184 attachment-thumbnail size-thumbnail wp-post-image\" alt=\"\" srcset=\"https:\/\/politicasdelamemoria.org\/wp-content\/uploads\/2022\/02\/cartel_R_R_feb_2022_page-0001-80x80.jpg 80w, https:\/\/politicasdelamemoria.org\/wp-content\/uploads\/2022\/02\/cartel_R_R_feb_2022_page-0001-180x180.jpg 180w\" sizes=\"auto, (max-width: 80px) 100vw, 80px\" \/><span class='iconfont avia-svg-icon avia-font-svg_entypo-fontello' data-av_svg_icon='pencil' data-av_iconset='svg_entypo-fontello' ><svg version=\"1.1\" xmlns=\"http:\/\/www.w3.org\/2000\/svg\" width=\"25\" height=\"32\" viewBox=\"0 0 25 32\" preserveAspectRatio=\"xMidYMid meet\" role=\"graphics-symbol\" aria-hidden=\"true\">\n<path d=\"M22.976 5.44q1.024 1.024 1.504 2.048t0.48 1.536v0.512l-8.064 8.064-9.28 9.216-7.616 1.664 1.6-7.68 9.28-9.216 8.064-8.064q1.728-0.384 4.032 1.92zM7.168 25.92l0.768-0.768q-0.064-1.408-1.664-3.008-0.704-0.704-1.44-1.12t-1.12-0.416l-0.448-0.064-0.704 0.768-0.576 2.56q0.896 0.512 1.472 1.088 0.768 0.768 1.152 1.536z\"><\/path>\n<\/svg><\/span><\/a><\/div><div class='entry-content-wrapper clearfix standard-content'><header class=\"entry-content-header\" aria-label=\"Post: How to remember silence. The politics of historical memory of Francoist boarding schools in Spain\"><h2 class='post-title entry-title '  itemprop=\"headline\" ><a href=\"https:\/\/politicasdelamemoria.org\/en\/2022\/02\/how-to-remember-silence-the-politics-of-historical-memory-of-francoist-boarding-schools-in-spain-2\/\" rel=\"bookmark\" title=\"Permanent Link: How to remember silence. The politics of historical memory of Francoist boarding schools in Spain\">How to remember silence. The politics of historical memory of Francoist boarding schools in Spain<span class=\"post-format-icon minor-meta\"><\/span><\/a><\/h2><span class=\"post-meta-infos\"><time class=\"date-container minor-meta updated\"  itemprop=\"datePublished\" datetime=\"2022-02-18T11:36:56+01:00\" >February 18, 2022<\/time><\/span><\/header><div class=\"entry-content\"  itemprop=\"text\" ><p>Conferencia impartida por: Tibisay Navarro Ma\u00f1\u00e1 PhD Candidate in the History Department at the University of Minnesota, Minneapolis (MN, USA) Mass Violence and Human Rights Workshop (University of Minnesota) Centro Internacional de Estudios de Memoria Derechos Humanos (CIEMEDH) Thursday, 24 February 2022 17:00 &#8211; 19:00 hours Registration<\/p>\n<div class=\"read-more-link\"><a href=\"https:\/\/politicasdelamemoria.org\/en\/2022\/02\/how-to-remember-silence-the-politics-of-historical-memory-of-francoist-boarding-schools-in-spain-2\/\" class=\"more-link\">Read more<span class='more-link-arrow avia-svg-icon avia-font-svg_entypo-fontello' data-av_svg_icon='right-open-big' data-av_iconset='svg_entypo-fontello'><svg version=\"1.1\" xmlns=\"http:\/\/www.w3.org\/2000\/svg\" width=\"15\" height=\"32\" viewBox=\"0 0 15 32\" preserveAspectRatio=\"xMidYMid meet\" role=\"graphics-symbol\" aria-hidden=\"true\">\n<path d=\"M0.416 27.84l11.456-11.84-11.456-11.904q-0.832-0.832 0-1.536 0.832-0.832 1.536 0l12.544 12.608q0.768 0.832 0 1.6l-12.544 12.608q-0.704 0.832-1.536 0-0.832-0.704 0-1.536z\"><\/path>\n<\/svg><\/span><\/a><\/div>\n<\/div><footer class=\"entry-footer\"><\/footer><div class='post_delimiter'><\/div><\/div><div class=\"post_author_timeline\"><\/div><span class='hidden'>\n\t\t\t\t<span class='av-structured-data'  itemprop=\"image\" itemscope=\"itemscope\" itemtype=\"https:\/\/schema.org\/ImageObject\" >\n\t\t\t\t\t\t<span itemprop='url'>https:\/\/politicasdelamemoria.org\/wp-content\/uploads\/2022\/02\/cartel_R_R_feb_2022_page-0001.jpg<\/span>\n\t\t\t\t\t\t<span itemprop='height'>1280<\/span>\n\t\t\t\t\t\t<span itemprop='width'>907<\/span>\n\t\t\t\t<\/span>\n\t\t\t\t<span class='av-structured-data'  itemprop=\"publisher\" itemtype=\"https:\/\/schema.org\/Organization\" itemscope=\"itemscope\" >\n\t\t\t\t\t\t<span itemprop='name'>Miriam Saqqa<\/span>\n\t\t\t\t\t\t<span itemprop='logo' itemscope itemtype='https:\/\/schema.org\/ImageObject'>\n\t\t\t\t\t\t\t<span itemprop='url'>https:\/\/politicasdelamemoria.org\/wp-content\/uploads\/2015\/01\/logo_memoria_Web.png<\/span>\n\t\t\t\t\t\t<\/span>\n\t\t\t\t<\/span><span class='av-structured-data'  itemprop=\"author\" itemscope=\"itemscope\" itemtype=\"https:\/\/schema.org\/Person\" ><span itemprop='name'>Miriam Saqqa<\/span><\/span><span class='av-structured-data'  itemprop=\"datePublished\" datetime=\"2022-02-18T11:36:56+01:00\" >2022-02-18 11:36:56<\/span><span class='av-structured-data'  itemprop=\"dateModified\" itemtype=\"https:\/\/schema.org\/dateModified\" >2022-11-24 12:20:54<\/span><span class='av-structured-data'  itemprop=\"mainEntityOfPage\" itemtype=\"https:\/\/schema.org\/mainEntityOfPage\" ><span itemprop='name'>How to remember silence. The politics of historical memory of Francoist boarding schools in Spain<\/span><\/span><\/span><\/article><article class=\"post-entry post-entry-type-standard post-entry-20285 post-loop-5 post-parity-odd post-entry-last single-small with-slider post-20285 post type-post status-publish format-standard has-post-thumbnail hentry category-enfaces-and-traces-of-violence-lecture-series-en\"  itemscope=\"itemscope\" itemtype=\"https:\/\/schema.org\/BlogPosting\" ><div class=\"blog-meta\"><a href='https:\/\/politicasdelamemoria.org\/en\/2021\/03\/marcos-franco-lenin-necropolitical-dissonances-2\/' class='small-preview'  title=\"photo_2021-01-20_11-15-41\"   itemprop=\"image\" itemscope=\"itemscope\" itemtype=\"https:\/\/schema.org\/ImageObject\" ><img decoding=\"async\" loading=\"lazy\" width=\"80\" height=\"80\" src=\"https:\/\/politicasdelamemoria.org\/wp-content\/uploads\/2021\/01\/photo_2021-01-20_11-15-41-80x80.jpg\" class=\"wp-image-20222 avia-img-lazy-loading-20222 attachment-thumbnail size-thumbnail wp-post-image\" alt=\"\" srcset=\"https:\/\/politicasdelamemoria.org\/wp-content\/uploads\/2021\/01\/photo_2021-01-20_11-15-41-80x80.jpg 80w, https:\/\/politicasdelamemoria.org\/wp-content\/uploads\/2021\/01\/photo_2021-01-20_11-15-41-180x180.jpg 180w\" sizes=\"auto, (max-width: 80px) 100vw, 80px\" \/><span class='iconfont avia-svg-icon avia-font-svg_entypo-fontello' data-av_svg_icon='pencil' data-av_iconset='svg_entypo-fontello' ><svg version=\"1.1\" xmlns=\"http:\/\/www.w3.org\/2000\/svg\" width=\"25\" height=\"32\" viewBox=\"0 0 25 32\" preserveAspectRatio=\"xMidYMid meet\" role=\"graphics-symbol\" aria-hidden=\"true\">\n<path d=\"M22.976 5.44q1.024 1.024 1.504 2.048t0.48 1.536v0.512l-8.064 8.064-9.28 9.216-7.616 1.664 1.6-7.68 9.28-9.216 8.064-8.064q1.728-0.384 4.032 1.92zM7.168 25.92l0.768-0.768q-0.064-1.408-1.664-3.008-0.704-0.704-1.44-1.12t-1.12-0.416l-0.448-0.064-0.704 0.768-0.576 2.56q0.896 0.512 1.472 1.088 0.768 0.768 1.152 1.536z\"><\/path>\n<\/svg><\/span><\/a><\/div><div class='entry-content-wrapper clearfix standard-content'><header class=\"entry-content-header\" aria-label=\"Post: Marcos, Franco, Lenin: Necropolitical Dissonances\"><h2 class='post-title entry-title '  itemprop=\"headline\" ><a href=\"https:\/\/politicasdelamemoria.org\/en\/2021\/03\/marcos-franco-lenin-necropolitical-dissonances-2\/\" rel=\"bookmark\" title=\"Permanent Link: Marcos, Franco, Lenin: Necropolitical Dissonances\">Marcos, Franco, Lenin: Necropolitical Dissonances<span class=\"post-format-icon minor-meta\"><\/span><\/a><\/h2><span class=\"post-meta-infos\"><time class=\"date-container minor-meta updated\"  itemprop=\"datePublished\" datetime=\"2021-03-17T11:33:04+01:00\" >March 17, 2021<\/time><\/span><\/header><div class=\"entry-content\"  itemprop=\"text\" ><p>Marcos, Franco, Lenin: Necropolitical Dissonances Friday 29 January 2021, 6 pm DIGITAL MEMORY STUDIES ASSOCIATION ONLINE EVENT SERIES &nbsp; Jocelyn Martin Ateneo of Manila University Marcos: from Dictator to Hero Francisco Ferr\u00e1ndiz Spanish National Research Council, CSIC Franco, exhumed in disgrace: from Caudillo to War Criminal Alexei Yurchak University of California at Berkeley Laboratory of [&hellip;]<\/p>\n<div class=\"read-more-link\"><a href=\"https:\/\/politicasdelamemoria.org\/en\/2021\/03\/marcos-franco-lenin-necropolitical-dissonances-2\/\" class=\"more-link\">Read more<span class='more-link-arrow avia-svg-icon avia-font-svg_entypo-fontello' data-av_svg_icon='right-open-big' data-av_iconset='svg_entypo-fontello'><svg version=\"1.1\" xmlns=\"http:\/\/www.w3.org\/2000\/svg\" width=\"15\" height=\"32\" viewBox=\"0 0 15 32\" preserveAspectRatio=\"xMidYMid meet\" role=\"graphics-symbol\" aria-hidden=\"true\">\n<path d=\"M0.416 27.84l11.456-11.84-11.456-11.904q-0.832-0.832 0-1.536 0.832-0.832 1.536 0l12.544 12.608q0.768 0.832 0 1.6l-12.544 12.608q-0.704 0.832-1.536 0-0.832-0.704 0-1.536z\"><\/path>\n<\/svg><\/span><\/a><\/div>\n<\/div><footer class=\"entry-footer\"><\/footer><div class='post_delimiter'><\/div><\/div><div class=\"post_author_timeline\"><\/div><span class='hidden'>\n\t\t\t\t<span class='av-structured-data'  itemprop=\"image\" itemscope=\"itemscope\" itemtype=\"https:\/\/schema.org\/ImageObject\" >\n\t\t\t\t\t\t<span itemprop='url'>https:\/\/politicasdelamemoria.org\/wp-content\/uploads\/2021\/01\/photo_2021-01-20_11-15-41.jpg<\/span>\n\t\t\t\t\t\t<span itemprop='height'>905<\/span>\n\t\t\t\t\t\t<span itemprop='width'>1280<\/span>\n\t\t\t\t<\/span>\n\t\t\t\t<span class='av-structured-data'  itemprop=\"publisher\" itemtype=\"https:\/\/schema.org\/Organization\" itemscope=\"itemscope\" >\n\t\t\t\t\t\t<span itemprop='name'>Miriam Saqqa<\/span>\n\t\t\t\t\t\t<span itemprop='logo' itemscope itemtype='https:\/\/schema.org\/ImageObject'>\n\t\t\t\t\t\t\t<span itemprop='url'>https:\/\/politicasdelamemoria.org\/wp-content\/uploads\/2015\/01\/logo_memoria_Web.png<\/span>\n\t\t\t\t\t\t<\/span>\n\t\t\t\t<\/span><span class='av-structured-data'  itemprop=\"author\" itemscope=\"itemscope\" itemtype=\"https:\/\/schema.org\/Person\" ><span itemprop='name'>Miriam Saqqa<\/span><\/span><span class='av-structured-data'  itemprop=\"datePublished\" datetime=\"2021-03-17T11:33:04+01:00\" >2021-03-17 11:33:04<\/span><span class='av-structured-data'  itemprop=\"dateModified\" itemtype=\"https:\/\/schema.org\/dateModified\" >2021-03-17 11:33:04<\/span><span class='av-structured-data'  itemprop=\"mainEntityOfPage\" itemtype=\"https:\/\/schema.org\/mainEntityOfPage\" ><span itemprop='name'>Marcos, Franco, Lenin: Necropolitical Dissonances<\/span><\/span><\/span><\/article><div class='single-small'><nav class='pagination'><span class='pagination-meta'>Page 1 of 20<\/span><span class='current'>1<\/span><a href='https:\/\/politicasdelamemoria.org\/en\/wp-json\/wp\/v2\/pages\/3035\/page\/2\/' class='inactive next_page' >2<\/a><a href='https:\/\/politicasdelamemoria.org\/en\/wp-json\/wp\/v2\/pages\/3035\/page\/3\/' class='inactive' >3<\/a><a href='https:\/\/politicasdelamemoria.org\/en\/wp-json\/wp\/v2\/pages\/3035\/page\/2\/'>&rsaquo;<\/a><a href='https:\/\/politicasdelamemoria.org\/en\/wp-json\/wp\/v2\/pages\/3035\/page\/20\/'>&raquo;<\/a><\/nav>\n<\/div><\/div>\n","protected":false},"excerpt":{"rendered":"","protected":false},"author":2,"featured_media":0,"parent":3032,"menu_order":0,"comment_status":"open","ping_status":"closed","template":"","meta":{"footnotes":""},"class_list":["post-3035","page","type-page","status-publish","hentry"],"_links":{"self":[{"href":"https:\/\/politicasdelamemoria.org\/en\/wp-json\/wp\/v2\/pages\/3035","targetHints":{"allow":["GET"]}}],"collection":[{"href":"https:\/\/politicasdelamemoria.org\/en\/wp-json\/wp\/v2\/pages"}],"about":[{"href":"https:\/\/politicasdelamemoria.org\/en\/wp-json\/wp\/v2\/types\/page"}],"author":[{"embeddable":true,"href":"https:\/\/politicasdelamemoria.org\/en\/wp-json\/wp\/v2\/users\/2"}],"replies":[{"embeddable":true,"href":"https:\/\/politicasdelamemoria.org\/en\/wp-json\/wp\/v2\/comments?post=3035"}],"version-history":[{"count":1,"href":"https:\/\/politicasdelamemoria.org\/en\/wp-json\/wp\/v2\/pages\/3035\/revisions"}],"predecessor-version":[{"id":12490,"href":"https:\/\/politicasdelamemoria.org\/en\/wp-json\/wp\/v2\/pages\/3035\/revisions\/12490"}],"up":[{"embeddable":true,"href":"https:\/\/politicasdelamemoria.org\/en\/wp-json\/wp\/v2\/pages\/3032"}],"wp:attachment":[{"href":"https:\/\/politicasdelamemoria.org\/en\/wp-json\/wp\/v2\/media?parent=3035"}],"curies":[{"name":"wp","href":"https:\/\/api.w.org\/{rel}","templated":true}]}}