{"id":3046,"date":"2015-02-02T21:28:42","date_gmt":"2015-02-02T20:28:42","guid":{"rendered":"https:\/\/politicasdelamemoria.org\/en-los-medios-2-2\/"},"modified":"2020-06-09T17:02:43","modified_gmt":"2020-06-09T15:02:43","slug":"en-los-medios-2","status":"publish","type":"page","link":"https:\/\/politicasdelamemoria.org\/en\/en-los-medios-2\/","title":{"rendered":"Mass media"},"content":{"rendered":"\n<style type=\"text\/css\" data-created_by=\"avia_inline_auto\" id=\"style-css-av-barzx6e-b3c8e8a844b280ef2533f386d1d98cd0\">\n.avia-section.av-barzx6e-b3c8e8a844b280ef2533f386d1d98cd0{\nbackground-repeat:repeat;\nbackground-image:url(https:&#x2f;&#x2f;&#112;&#111;li&#x74;&#x69;&#x63;&#97;sd&#x65;&#x6c;&#x61;&#109;&#101;m&#x6f;&#x72;&#x69;&#97;&#46;o&#x72;&#x67;&#x2f;&#119;&#112;-c&#x6f;&#x6e;&#x74;&#101;nt&#x2f;&#x75;&#x70;&#108;&#111;a&#x64;&#x73;&#x2f;&#50;&#48;1&#x35;&#x2f;&#x30;&#49;&#47;cr&#x6f;&#x73;&#x73;&#95;sc&#x72;&#x61;&#x74;&#99;&#104;e&#x73;&#x5f;&#x40;&#50;&#88;&#46;&#x70;&#x6e;&#x67;);\nbackground-position:50% 50%;\nbackground-attachment:fixed;\n}\n<\/style>\n<div id='av_section_1'  class='avia-section av-barzx6e-b3c8e8a844b280ef2533f386d1d98cd0 main_color avia-section-no-padding avia-no-border-styling  avia-builder-el-0  el_before_av_hr  avia-builder-el-first  avia-bg-style-fixed av-minimum-height av-minimum-height-custom av-height-custom  container_wrap sidebar_right'  data-section-bg-repeat='repeat' data-av_minimum_height_px='15'><div class='container av-section-cont-open' style='height:15px'><main  role=\"main\" itemprop=\"mainContentOfPage\"  class='template-page content  av-content-small alpha units'><div class='post-entry post-entry-type-page post-entry-3046'><div class='entry-content-wrapper clearfix'>\n\n<style type=\"text\/css\" data-created_by=\"avia_inline_auto\" id=\"style-css-av-14h6hfq-b20a79e63a233bc19f66644fe09fce1b\">\n#top .hr.hr-invisible.av-14h6hfq-b20a79e63a233bc19f66644fe09fce1b{\nheight:4px;\n}\n<\/style>\n<div  class='hr av-14h6hfq-b20a79e63a233bc19f66644fe09fce1b hr-invisible  avia-builder-el-1  el_before_av_heading  avia-builder-el-first '><span class='hr-inner '><span class=\"hr-inner-style\"><\/span><\/span><\/div>\n\n<style type=\"text\/css\" data-created_by=\"avia_inline_auto\" id=\"style-css-av-14blnhy-d25ce17e3c5a3d99e474e91e56415e3a\">\n#top .av-special-heading.av-14blnhy-d25ce17e3c5a3d99e474e91e56415e3a{\npadding-bottom:10px;\ncolor:#470b0b;\n}\nbody .av-special-heading.av-14blnhy-d25ce17e3c5a3d99e474e91e56415e3a .av-special-heading-tag .heading-char{\nfont-size:25px;\n}\n.av-special-heading.av-14blnhy-d25ce17e3c5a3d99e474e91e56415e3a .special-heading-inner-border{\nborder-color:#470b0b;\n}\n.av-special-heading.av-14blnhy-d25ce17e3c5a3d99e474e91e56415e3a .av-subheading{\nfont-size:15px;\n}\n<\/style>\n<div  class='av-special-heading av-14blnhy-d25ce17e3c5a3d99e474e91e56415e3a av-special-heading-h4 custom-color-heading blockquote modern-quote  avia-builder-el-2  el_after_av_hr  avia-builder-el-last '><h4 class='av-special-heading-tag '  itemprop=\"headline\"  >Mass Media<\/h4><div class=\"special-heading-border\"><div class=\"special-heading-inner-border\"><\/div><\/div><\/div>\n<\/div><\/div><\/main><!-- close content main element --><\/div><\/div><div id='after_section_1'  class='main_color av_default_container_wrap container_wrap sidebar_right'  ><div class='container av-section-cont-open' ><div class='template-page content  av-content-small alpha units'><div class='post-entry post-entry-type-page post-entry-3046'><div class='entry-content-wrapper clearfix'>\n\n<style type=\"text\/css\" data-created_by=\"avia_inline_auto\" id=\"style-css-av-b4xbh1y-21f60d8c41e903e50b2c377d51f0ffed\">\n#top .hr.hr-invisible.av-b4xbh1y-21f60d8c41e903e50b2c377d51f0ffed{\nheight:50px;\n}\n<\/style>\n<div  class='hr av-b4xbh1y-21f60d8c41e903e50b2c377d51f0ffed hr-invisible  avia-builder-el-3  el_after_av_section  el_before_av_one_third  avia-builder-el-first '><span class='hr-inner '><span class=\"hr-inner-style\"><\/span><\/span><\/div>\n<div  class='flex_column av-b3xi1au-1e08b5301f4ea1f84125bd3a849dd6f5 av_one_third  avia-builder-el-4  el_after_av_hr  el_before_av_two_third  first flex_column_div  '     ><p>\n<style type=\"text\/css\" data-created_by=\"avia_inline_auto\" id=\"style-css-av-b2jkmie-3264bfae4a4dec8be3ee2433a1fd0736\">\n#top .av-special-heading.av-b2jkmie-3264bfae4a4dec8be3ee2433a1fd0736{\npadding-bottom:10px;\ncolor:#470b0b;\n}\nbody .av-special-heading.av-b2jkmie-3264bfae4a4dec8be3ee2433a1fd0736 .av-special-heading-tag .heading-char{\nfont-size:25px;\n}\n.av-special-heading.av-b2jkmie-3264bfae4a4dec8be3ee2433a1fd0736 .special-heading-inner-border{\nborder-color:#470b0b;\n}\n.av-special-heading.av-b2jkmie-3264bfae4a4dec8be3ee2433a1fd0736 .av-subheading{\nfont-size:15px;\n}\n<\/style>\n<div  class='av-special-heading av-b2jkmie-3264bfae4a4dec8be3ee2433a1fd0736 av-special-heading-h5 custom-color-heading  avia-builder-el-5  el_before_av_magazine  avia-builder-el-first '><h5 class='av-special-heading-tag '  itemprop=\"headline\"  >TV and radio<\/h5><div class=\"special-heading-border\"><div class=\"special-heading-inner-border\"><\/div><\/div><\/div><br \/>\n<div  id=\"avia-magazine-1\"  class='av-magazine av-azw51ye-01b2bc87c70ed46916a267feedd46d51 av-magazine-top-bar-active av-magazine-tabs-active  avia-builder-el-6  el_after_av_heading  el_before_av_button   avia-builder-el-6  el_after_av_heading  el_before_av_button ' ><div class='av-magazine-top-bar '><\/div><div class='av-magazine-group sort_all'><article class='av-magazine-entry av-magazine-entry-id-29166 av-magazine-format-standard av-magazine-type-post av-magazine-entry-1 av-magazine-entry-small '  itemscope=\"itemscope\" itemtype=\"https:\/\/schema.org\/CreativeWork\" ><div class=\"av-magazine-thumbnail\"><a href='https:\/\/politicasdelamemoria.org\/en\/2024\/12\/zoe-de-kerangat-and-francisco-ferrandiz-memory-and-history-podcast\/' title='Link to: Zo\u00e9 de Kerangat and Francisco Ferr\u00e1ndiz. Memory and History &#8211; Podcast' class='av-magazine-thumbnail-link'><img decoding=\"async\" fetchpriority=\"high\" width=\"80\" height=\"80\" src=\"https:\/\/politicasdelamemoria.org\/wp-content\/uploads\/2024\/12\/GU8Tz8hXgAAKspo-705x705-1-80x80.jpeg\" class=\"wp-image-29167 avia-img-lazy-loading-not-29167 attachment-thumbnail size-thumbnail wp-post-image\" alt=\"\" srcset=\"https:\/\/politicasdelamemoria.org\/wp-content\/uploads\/2024\/12\/GU8Tz8hXgAAKspo-705x705-1-80x80.jpeg 80w, https:\/\/politicasdelamemoria.org\/wp-content\/uploads\/2024\/12\/GU8Tz8hXgAAKspo-705x705-1-300x300.jpeg 300w, https:\/\/politicasdelamemoria.org\/wp-content\/uploads\/2024\/12\/GU8Tz8hXgAAKspo-705x705-1-180x180.jpeg 180w, https:\/\/politicasdelamemoria.org\/wp-content\/uploads\/2024\/12\/GU8Tz8hXgAAKspo-705x705-1.jpeg 705w\" sizes=\"(max-width: 80px) 100vw, 80px\" \/><\/a><\/div><div class=\"av-magazine-content-wrap\"><header class=\"entry-content-header\" aria-label=\"Post: Zo\u00e9 de Kerangat and Francisco Ferr\u00e1ndiz. Memory and History - Podcast\"><time class='av-magazine-time updated'  itemprop=\"datePublished\" datetime=\"2024-12-09T13:42:03+01:00\" >December 9, 2024<\/time><h3 class='av-magazine-title entry-title '  itemprop=\"headline\" ><a href='https:\/\/politicasdelamemoria.org\/en\/2024\/12\/zoe-de-kerangat-and-francisco-ferrandiz-memory-and-history-podcast\/' title='Link to: Zo\u00e9 de Kerangat and Francisco Ferr\u00e1ndiz. Memory and History &#8211; Podcast'>Zo\u00e9 de Kerangat and Francisco Ferr\u00e1ndiz. Memory and History &#8211; Podcast<\/a><\/h3><\/header><\/div><footer class=\"entry-footer\"><\/footer><\/article><article class='av-magazine-entry av-magazine-entry-id-20851 av-magazine-format-standard av-magazine-type-post av-magazine-entry-2 av-magazine-entry-small '  itemscope=\"itemscope\" itemtype=\"https:\/\/schema.org\/CreativeWork\" ><div class=\"av-magazine-thumbnail\"><a href='https:\/\/politicasdelamemoria.org\/en\/2022\/01\/francisco-ferrandiz-cadena-ser-27-09-2021\/' title='Link to: Francisco Ferr\u00e1ndiz. Cadena SER. 27\/09\/2021' class='av-magazine-thumbnail-link'><img decoding=\"async\" fetchpriority=\"high\" width=\"80\" height=\"80\" src=\"https:\/\/politicasdelamemoria.org\/wp-content\/uploads\/2022\/01\/lpX8iMUF_400x400-80x80.jpg\" class=\"wp-image-20808 avia-img-lazy-loading-not-20808 attachment-thumbnail size-thumbnail wp-post-image\" alt=\"\" srcset=\"https:\/\/politicasdelamemoria.org\/wp-content\/uploads\/2022\/01\/lpX8iMUF_400x400-80x80.jpg 80w, https:\/\/politicasdelamemoria.org\/wp-content\/uploads\/2022\/01\/lpX8iMUF_400x400-300x300.jpg 300w, https:\/\/politicasdelamemoria.org\/wp-content\/uploads\/2022\/01\/lpX8iMUF_400x400-180x180.jpg 180w, https:\/\/politicasdelamemoria.org\/wp-content\/uploads\/2022\/01\/lpX8iMUF_400x400.jpg 400w\" sizes=\"(max-width: 80px) 100vw, 80px\" \/><\/a><\/div><div class=\"av-magazine-content-wrap\"><header class=\"entry-content-header\" aria-label=\"Post: Francisco Ferr\u00e1ndiz. Cadena SER. 27\/09\/2021\"><time class='av-magazine-time updated'  itemprop=\"datePublished\" datetime=\"2022-01-19T12:33:38+01:00\" >January 19, 2022<\/time><h3 class='av-magazine-title entry-title '  itemprop=\"headline\" ><a href='https:\/\/politicasdelamemoria.org\/en\/2022\/01\/francisco-ferrandiz-cadena-ser-27-09-2021\/' title='Link to: Francisco Ferr\u00e1ndiz. Cadena SER. 27\/09\/2021'>Francisco Ferr\u00e1ndiz. Cadena SER. 27\/09\/2021<\/a><\/h3><\/header><\/div><footer class=\"entry-footer\"><\/footer><\/article><article class='av-magazine-entry av-magazine-entry-id-20841 av-magazine-format-standard av-magazine-type-post av-magazine-entry-3 av-magazine-entry-small '  itemscope=\"itemscope\" itemtype=\"https:\/\/schema.org\/CreativeWork\" ><div class=\"av-magazine-thumbnail\"><a href='https:\/\/politicasdelamemoria.org\/en\/2022\/01\/francisco-ferrandiz-cadena-ser-23-10-2021\/' title='Link to: Francisco Ferr\u00e1ndiz. Cadena SER. 23\/10\/2021' class='av-magazine-thumbnail-link'><img decoding=\"async\" fetchpriority=\"high\" width=\"80\" height=\"80\" src=\"https:\/\/politicasdelamemoria.org\/wp-content\/uploads\/2022\/01\/lpX8iMUF_400x400-80x80.jpg\" class=\"wp-image-20808 avia-img-lazy-loading-not-20808 attachment-thumbnail size-thumbnail wp-post-image\" alt=\"\" srcset=\"https:\/\/politicasdelamemoria.org\/wp-content\/uploads\/2022\/01\/lpX8iMUF_400x400-80x80.jpg 80w, https:\/\/politicasdelamemoria.org\/wp-content\/uploads\/2022\/01\/lpX8iMUF_400x400-300x300.jpg 300w, https:\/\/politicasdelamemoria.org\/wp-content\/uploads\/2022\/01\/lpX8iMUF_400x400-180x180.jpg 180w, https:\/\/politicasdelamemoria.org\/wp-content\/uploads\/2022\/01\/lpX8iMUF_400x400.jpg 400w\" sizes=\"(max-width: 80px) 100vw, 80px\" \/><\/a><\/div><div class=\"av-magazine-content-wrap\"><header class=\"entry-content-header\" aria-label=\"Post: Francisco Ferr\u00e1ndiz. Cadena SER. 23\/10\/2021\"><time class='av-magazine-time updated'  itemprop=\"datePublished\" datetime=\"2022-01-19T12:28:50+01:00\" >January 19, 2022<\/time><h3 class='av-magazine-title entry-title '  itemprop=\"headline\" ><a href='https:\/\/politicasdelamemoria.org\/en\/2022\/01\/francisco-ferrandiz-cadena-ser-23-10-2021\/' title='Link to: Francisco Ferr\u00e1ndiz. Cadena SER. 23\/10\/2021'>Francisco Ferr\u00e1ndiz. Cadena SER. 23\/10\/2021<\/a><\/h3><\/header><\/div><footer class=\"entry-footer\"><\/footer><\/article><article class='av-magazine-entry av-magazine-entry-id-20836 av-magazine-format-standard av-magazine-type-post av-magazine-entry-4 av-magazine-entry-small '  itemscope=\"itemscope\" itemtype=\"https:\/\/schema.org\/CreativeWork\" ><div class=\"av-magazine-thumbnail\"><a href='https:\/\/politicasdelamemoria.org\/en\/2022\/01\/francisco-ferrandiz-carne-cruda-12-11-2021\/' title='Link to: Francisco Ferr\u00e1ndiz. Carne Cruda. 12\/11\/2021' class='av-magazine-thumbnail-link'><img decoding=\"async\" fetchpriority=\"high\" width=\"80\" height=\"80\" src=\"https:\/\/politicasdelamemoria.org\/wp-content\/uploads\/2022\/01\/hqywb57i-180x180-1-80x80.jpg\" class=\"wp-image-20823 avia-img-lazy-loading-not-20823 attachment-thumbnail size-thumbnail wp-post-image\" alt=\"\" srcset=\"https:\/\/politicasdelamemoria.org\/wp-content\/uploads\/2022\/01\/hqywb57i-180x180-1-80x80.jpg 80w, https:\/\/politicasdelamemoria.org\/wp-content\/uploads\/2022\/01\/hqywb57i-180x180-1.jpg 180w\" sizes=\"(max-width: 80px) 100vw, 80px\" \/><\/a><\/div><div class=\"av-magazine-content-wrap\"><header class=\"entry-content-header\" aria-label=\"Post: Francisco Ferr\u00e1ndiz. Carne Cruda. 12\/11\/2021\"><time class='av-magazine-time updated'  itemprop=\"datePublished\" datetime=\"2022-01-19T12:23:08+01:00\" >January 19, 2022<\/time><h3 class='av-magazine-title entry-title '  itemprop=\"headline\" ><a href='https:\/\/politicasdelamemoria.org\/en\/2022\/01\/francisco-ferrandiz-carne-cruda-12-11-2021\/' title='Link to: Francisco Ferr\u00e1ndiz. Carne Cruda. 12\/11\/2021'>Francisco Ferr\u00e1ndiz. Carne Cruda. 12\/11\/2021<\/a><\/h3><\/header><\/div><footer class=\"entry-footer\"><\/footer><\/article><article class='av-magazine-entry av-magazine-entry-id-19273 av-magazine-format-standard av-magazine-type-post av-magazine-entry-5 av-magazine-entry-small '  itemscope=\"itemscope\" itemtype=\"https:\/\/schema.org\/CreativeWork\" ><div class=\"av-magazine-thumbnail\"><a href='https:\/\/politicasdelamemoria.org\/en\/2019\/11\/francisco-ferrandiz-carne-cruda-30-10-2019\/' title='Link to: Francisco Ferr\u00e1ndiz. Carne Cruda. 30\/10\/2019' class='av-magazine-thumbnail-link'><img decoding=\"async\" fetchpriority=\"high\" width=\"80\" height=\"80\" src=\"https:\/\/politicasdelamemoria.org\/wp-content\/uploads\/2019\/11\/hqywb57i-80x80.jpg\" class=\"wp-image-19268 avia-img-lazy-loading-not-19268 attachment-thumbnail size-thumbnail wp-post-image\" alt=\"\" srcset=\"https:\/\/politicasdelamemoria.org\/wp-content\/uploads\/2019\/11\/hqywb57i-80x80.jpg 80w, https:\/\/politicasdelamemoria.org\/wp-content\/uploads\/2019\/11\/hqywb57i-180x180.jpg 180w, https:\/\/politicasdelamemoria.org\/wp-content\/uploads\/2019\/11\/hqywb57i.jpg 240w\" sizes=\"(max-width: 80px) 100vw, 80px\" \/><\/a><\/div><div class=\"av-magazine-content-wrap\"><header class=\"entry-content-header\" aria-label=\"Post: Francisco Ferr\u00e1ndiz. Carne Cruda. 30\/10\/2019\"><time class='av-magazine-time updated'  itemprop=\"datePublished\" datetime=\"2019-11-04T14:40:40+01:00\" >November 4, 2019<\/time><h3 class='av-magazine-title entry-title '  itemprop=\"headline\" ><a href='https:\/\/politicasdelamemoria.org\/en\/2019\/11\/francisco-ferrandiz-carne-cruda-30-10-2019\/' title='Link to: Francisco Ferr\u00e1ndiz. Carne Cruda. 30\/10\/2019'>Francisco Ferr\u00e1ndiz. Carne Cruda. 30\/10\/2019<\/a><\/h3><\/header><\/div><footer class=\"entry-footer\"><\/footer><\/article><article class='av-magazine-entry av-magazine-entry-id-19332 av-magazine-format-standard av-magazine-type-post av-magazine-entry-6 av-magazine-entry-small '  itemscope=\"itemscope\" itemtype=\"https:\/\/schema.org\/CreativeWork\" ><div class=\"av-magazine-thumbnail\"><a href='https:\/\/politicasdelamemoria.org\/en\/2019\/11\/que-es-el-valle-de-los-caidos-24-10-2019\/' title='Link to: What is the Valley of the Fallen? 24\/10\/2019' class='av-magazine-thumbnail-link'><img decoding=\"async\" fetchpriority=\"high\" width=\"80\" height=\"80\" src=\"https:\/\/politicasdelamemoria.org\/wp-content\/uploads\/2019\/11\/ValledelosCa\u00eddos-80x80.jpg\" class=\"wp-image-19327 avia-img-lazy-loading-not-19327 attachment-thumbnail size-thumbnail wp-post-image\" alt=\"\" srcset=\"https:\/\/politicasdelamemoria.org\/wp-content\/uploads\/2019\/11\/ValledelosCa\u00eddos-80x80.jpg 80w, https:\/\/politicasdelamemoria.org\/wp-content\/uploads\/2019\/11\/ValledelosCa\u00eddos-180x180.jpg 180w\" sizes=\"(max-width: 80px) 100vw, 80px\" \/><\/a><\/div><div class=\"av-magazine-content-wrap\"><header class=\"entry-content-header\" aria-label=\"Post: What is the Valley of the Fallen? 24\/10\/2019\"><time class='av-magazine-time updated'  itemprop=\"datePublished\" datetime=\"2019-11-03T16:52:54+01:00\" >November 3, 2019<\/time><h3 class='av-magazine-title entry-title '  itemprop=\"headline\" ><a href='https:\/\/politicasdelamemoria.org\/en\/2019\/11\/que-es-el-valle-de-los-caidos-24-10-2019\/' title='Link to: What is the Valley of the Fallen? 24\/10\/2019'>What is the Valley of the Fallen? 24\/10\/2019<\/a><\/h3><\/header><\/div><footer class=\"entry-footer\"><\/footer><\/article><article class='av-magazine-entry av-magazine-entry-id-19112 av-magazine-format-standard av-magazine-type-post av-magazine-entry-7 av-magazine-entry-small '  itemscope=\"itemscope\" itemtype=\"https:\/\/schema.org\/CreativeWork\" ><div class=\"av-magazine-thumbnail\"><a href='https:\/\/politicasdelamemoria.org\/en\/2019\/09\/francisco-ferrandiz-las-mananas-de-rne-24-09-2019\/' title='Link to: Francisco Ferr\u00e1ndiz. Las ma\u00f1anas de RNE. 24\/09\/2019' class='av-magazine-thumbnail-link'><img decoding=\"async\" fetchpriority=\"high\" width=\"80\" height=\"80\" src=\"https:\/\/politicasdelamemoria.org\/wp-content\/uploads\/2019\/09\/paco-radio-80x80.jpg\" class=\"wp-image-19108 avia-img-lazy-loading-not-19108 attachment-thumbnail size-thumbnail wp-post-image\" alt=\"\" srcset=\"https:\/\/politicasdelamemoria.org\/wp-content\/uploads\/2019\/09\/paco-radio-80x80.jpg 80w, https:\/\/politicasdelamemoria.org\/wp-content\/uploads\/2019\/09\/paco-radio-180x180.jpg 180w\" sizes=\"(max-width: 80px) 100vw, 80px\" \/><\/a><\/div><div class=\"av-magazine-content-wrap\"><header class=\"entry-content-header\" aria-label=\"Post: Francisco Ferr\u00e1ndiz. Las ma\u00f1anas de RNE. 24\/09\/2019\"><time class='av-magazine-time updated'  itemprop=\"datePublished\" datetime=\"2019-09-24T13:06:55+02:00\" >September 24, 2019<\/time><h3 class='av-magazine-title entry-title '  itemprop=\"headline\" ><a href='https:\/\/politicasdelamemoria.org\/en\/2019\/09\/francisco-ferrandiz-las-mananas-de-rne-24-09-2019\/' title='Link to: Francisco Ferr\u00e1ndiz. Las ma\u00f1anas de RNE. 24\/09\/2019'>Francisco Ferr\u00e1ndiz. Las ma\u00f1anas de RNE. 24\/09\/2019<\/a><\/h3><\/header><\/div><footer class=\"entry-footer\"><\/footer><\/article><article class='av-magazine-entry av-magazine-entry-id-19144 av-magazine-format-standard av-magazine-type-post av-magazine-entry-8 av-magazine-entry-small '  itemscope=\"itemscope\" itemtype=\"https:\/\/schema.org\/CreativeWork\" ><div class=\"av-magazine-thumbnail\"><a href='https:\/\/politicasdelamemoria.org\/en\/2019\/07\/marije-hristova-and-johanna-vollmeyer-rne-gente-despierta-11-07-2019\/' title='Link to: Marije Hristova and Johanna Vollmeyer. RNE, Gente Despierta. 11\/07\/2019' class='av-magazine-thumbnail-link'><img decoding=\"async\" fetchpriority=\"high\" width=\"80\" height=\"80\" src=\"https:\/\/politicasdelamemoria.org\/wp-content\/uploads\/2019\/09\/Captura-80x80.jpg\" class=\"wp-image-19139 avia-img-lazy-loading-not-19139 attachment-thumbnail size-thumbnail wp-post-image\" alt=\"\" srcset=\"https:\/\/politicasdelamemoria.org\/wp-content\/uploads\/2019\/09\/Captura-80x80.jpg 80w, https:\/\/politicasdelamemoria.org\/wp-content\/uploads\/2019\/09\/Captura-180x180.jpg 180w\" sizes=\"(max-width: 80px) 100vw, 80px\" \/><\/a><\/div><div class=\"av-magazine-content-wrap\"><header class=\"entry-content-header\" aria-label=\"Post: Marije Hristova and Johanna Vollmeyer. RNE, Gente Despierta. 11\/07\/2019\"><time class='av-magazine-time updated'  itemprop=\"datePublished\" datetime=\"2019-07-11T16:15:29+02:00\" >July 11, 2019<\/time><h3 class='av-magazine-title entry-title '  itemprop=\"headline\" ><a href='https:\/\/politicasdelamemoria.org\/en\/2019\/07\/marije-hristova-and-johanna-vollmeyer-rne-gente-despierta-11-07-2019\/' title='Link to: Marije Hristova and Johanna Vollmeyer. RNE, Gente Despierta. 11\/07\/2019'>Marije Hristova and Johanna Vollmeyer. RNE, Gente Despierta. 11\/07\/2019<\/a><\/h3><\/header><\/div><footer class=\"entry-footer\"><\/footer><\/article><article class='av-magazine-entry av-magazine-entry-id-19154 av-magazine-format-standard av-magazine-type-post av-magazine-entry-9 av-magazine-entry-small '  itemscope=\"itemscope\" itemtype=\"https:\/\/schema.org\/CreativeWork\" ><div class=\"av-magazine-thumbnail\"><a href='https:\/\/politicasdelamemoria.org\/en\/2019\/06\/francisco-ferrandiz-ser-punto-de-fuga-29-06-2019\/' title='Link to: Francisco Ferr\u00e1ndiz. SER, Punto de fuga. 29\/06\/2019' class='av-magazine-thumbnail-link'><img decoding=\"async\" fetchpriority=\"high\" width=\"80\" height=\"80\" src=\"https:\/\/politicasdelamemoria.org\/wp-content\/uploads\/2019\/09\/dpg-80x80.jpg\" class=\"wp-image-19151 avia-img-lazy-loading-not-19151 attachment-thumbnail size-thumbnail wp-post-image\" alt=\"\" \/><\/a><\/div><div class=\"av-magazine-content-wrap\"><header class=\"entry-content-header\" aria-label=\"Post: Francisco Ferr\u00e1ndiz. SER, Punto de fuga. 29\/06\/2019\"><time class='av-magazine-time updated'  itemprop=\"datePublished\" datetime=\"2019-06-29T16:26:05+02:00\" >June 29, 2019<\/time><h3 class='av-magazine-title entry-title '  itemprop=\"headline\" ><a href='https:\/\/politicasdelamemoria.org\/en\/2019\/06\/francisco-ferrandiz-ser-punto-de-fuga-29-06-2019\/' title='Link to: Francisco Ferr\u00e1ndiz. SER, Punto de fuga. 29\/06\/2019'>Francisco Ferr\u00e1ndiz. SER, Punto de fuga. 29\/06\/2019<\/a><\/h3><\/header><\/div><footer class=\"entry-footer\"><\/footer><\/article><article class='av-magazine-entry av-magazine-entry-id-19164 av-magazine-format-standard av-magazine-type-post av-magazine-entry-10 av-magazine-entry-small '  itemscope=\"itemscope\" itemtype=\"https:\/\/schema.org\/CreativeWork\" ><div class=\"av-magazine-thumbnail\"><a href='https:\/\/politicasdelamemoria.org\/en\/2019\/06\/marije-hristova-rne-por-tres-razones-28-06-2019\/' title='Link to: Marije Hristova. RNE, por tres razones. 28\/06\/2019' class='av-magazine-thumbnail-link'><img decoding=\"async\" fetchpriority=\"high\" width=\"80\" height=\"80\" src=\"https:\/\/politicasdelamemoria.org\/wp-content\/uploads\/2019\/09\/descarga-80x80.png\" class=\"wp-image-19158 avia-img-lazy-loading-not-19158 attachment-thumbnail size-thumbnail wp-post-image\" alt=\"\" \/><\/a><\/div><div class=\"av-magazine-content-wrap\"><header class=\"entry-content-header\" aria-label=\"Post: Marije Hristova. RNE, por tres razones. 28\/06\/2019\"><time class='av-magazine-time updated'  itemprop=\"datePublished\" datetime=\"2019-06-28T16:36:36+02:00\" >June 28, 2019<\/time><h3 class='av-magazine-title entry-title '  itemprop=\"headline\" ><a href='https:\/\/politicasdelamemoria.org\/en\/2019\/06\/marije-hristova-rne-por-tres-razones-28-06-2019\/' title='Link to: Marije Hristova. RNE, por tres razones. 28\/06\/2019'>Marije Hristova. RNE, por tres razones. 28\/06\/2019<\/a><\/h3><\/header><\/div><footer class=\"entry-footer\"><\/footer><\/article><\/div><\/div><br \/>\n<div  class='avia-button-wrap av-ayvtec6-2b66fa636fea5455c1f75b513678ba09-wrap avia-button-left  avia-builder-el-7  el_after_av_magazine  avia-builder-el-last '><a href='https:\/\/politicasdelamemoria.org\/en\/en-los-medios-2\/tv-y-radio\/'  class='avia-button av-ayvtec6-2b66fa636fea5455c1f75b513678ba09 av-link-btn avia-icon_select-yes-left-icon avia-size-small avia-position-left avia-color-theme-color'   aria-label=\"See all\"><span class='avia_button_icon avia_button_icon_left avia-iconfont avia-font-entypo-fontello' data-av_icon='\ue85e' data-av_iconfont='entypo-fontello' ><\/span><span class='avia_iconbox_title' >See all<\/span><\/a><\/div><\/p><\/div>\n\n<style type=\"text\/css\" data-created_by=\"avia_inline_auto\" id=\"style-css-av-awxy6hy-fe8aaf19ac6cc3804dcef4c2f8cdb93a\">\n.flex_column.av-awxy6hy-fe8aaf19ac6cc3804dcef4c2f8cdb93a{\nborder-radius:0px 0px 0px 0px;\npadding:0px 0px 0px 0px;\n}\n<\/style>\n<div  class='flex_column av-awxy6hy-fe8aaf19ac6cc3804dcef4c2f8cdb93a av_two_third  avia-builder-el-8  el_after_av_one_third  avia-builder-el-last  flex_column_div av-zero-column-padding  '     ><p>\n<style type=\"text\/css\" data-created_by=\"avia_inline_auto\" id=\"style-css-av-av_heading-579a416fc3b647b945bdd3ddf52c4aa4\">\n#top .av-special-heading.av-av_heading-579a416fc3b647b945bdd3ddf52c4aa4{\npadding-bottom:10px;\ncolor:#470b0b;\n}\nbody .av-special-heading.av-av_heading-579a416fc3b647b945bdd3ddf52c4aa4 .av-special-heading-tag .heading-char{\nfont-size:25px;\n}\n.av-special-heading.av-av_heading-579a416fc3b647b945bdd3ddf52c4aa4 .special-heading-inner-border{\nborder-color:#470b0b;\n}\n.av-special-heading.av-av_heading-579a416fc3b647b945bdd3ddf52c4aa4 .av-subheading{\nfont-size:15px;\n}\n<\/style>\n<div  class='av-special-heading av-av_heading-579a416fc3b647b945bdd3ddf52c4aa4 av-special-heading-h5 custom-color-heading  avia-builder-el-9  el_before_av_tab_container  avia-builder-el-first '><h5 class='av-special-heading-tag '  itemprop=\"headline\"  >The Team\u2019s Press Kits<\/h5><div class=\"special-heading-border\"><div class=\"special-heading-inner-border\"><\/div><\/div><\/div><br \/>\n<div  class='tabcontainer av-au71frq-8c2c9387fe9710c4a77ac69817aa1ca4 top_tab  avia-builder-el-10  el_after_av_heading  avia-builder-el-last '>\n<section class='av_tab_section av_tab_section av-av_tab-218f7c51596ae8d821eb84d31e450d5b'  itemscope=\"itemscope\" itemtype=\"https:\/\/schema.org\/CreativeWork\" ><div id='tab-id-1-tab' class='tab active_tab' role='tab' aria-selected=\"true\" tabindex=\"0\" data-fake-id='#tab-id-1' aria-controls='tab-id-1-content'  itemprop=\"headline\" >2020<\/div><div id='tab-id-1-content' class='tab_content active_tab_content' role='tabpanel' aria-labelledby='tab-id-1-tab' aria-hidden=\"false\"><div class='tab_inner_content invers-color'  itemprop=\"text\" >\n<style type=\"text\/css\" data-created_by=\"avia_inline_auto\" id=\"style-css-av-bbl2hr8-b6194d27a8415d8d2dc0faa46c4eb291\">\n#top .avia-icon-list-container.av-bbl2hr8-b6194d27a8415d8d2dc0faa46c4eb291 .iconlist_icon{\ncolor:#470b0b;\nbackground-color:#ffffff;\n}\n#top .avia-icon-list-container.av-bbl2hr8-b6194d27a8415d8d2dc0faa46c4eb291 .iconlist_icon svg:first-child{\nstroke:#470b0b;\nfill:#470b0b;\n}\n#top #wrap_all .avia-icon-list-container.av-bbl2hr8-b6194d27a8415d8d2dc0faa46c4eb291 .av_iconlist_title{\ncolor:#470b0b;\n}\n<\/style>\n<div  class='avia-icon-list-container av-bbl2hr8-b6194d27a8415d8d2dc0faa46c4eb291  avia-builder-el-11  el_before_av_iconlist  avia-builder-el-first '><ul class='avia-icon-list avia_animate_when_almost_visible avia-icon-list-left av-iconlist-big av-bbl2hr8-b6194d27a8415d8d2dc0faa46c4eb291 avia-iconlist-animate'>\n<li><div class='iconlist_icon av-143b25g-2e09ef952c44e550216dc3cbe452e39a avia-font-entypo-fontello avia-iconfont avia-font-entypo-fontello'><span class='av-icon-char' data-av_icon='\ue84d' data-av_iconfont='entypo-fontello' aria-hidden=\"true\"><\/span><\/div><article class=\"article-icon-entry \"  itemscope=\"itemscope\" itemtype=\"https:\/\/schema.org\/CreativeWork\" ><div class=\"iconlist_content_wrap\"><header class=\"entry-content-header\" aria-label=\"Icon: \"><\/header><div class='iconlist_content '  itemprop=\"text\" ><p>Francisco Ferr\u00e1ndiz cchs.csic.es 03\/06\/2020.\u00a0<a href=\"http:\/\/cchs.csic.es\/es\/article\/francisco-ferrandiz-illa-publica-libro-contemporary-ethnographies\" target=\"_blank\" rel=\"noopener noreferrer\">Francisco Ferr\u00e1ndiz (ILLA) publica el libro &#8220;Contemporary Ethnographies&#8221;<\/a><\/p>\n<\/div><\/div><footer class=\"entry-footer\"><\/footer><\/article><div class=\"iconlist-timeline\"><\/div><\/li>\n<li><div class='iconlist_icon av-143b25g-2e09ef952c44e550216dc3cbe452e39a avia-font-entypo-fontello avia-iconfont avia-font-entypo-fontello'><span class='av-icon-char' data-av_icon='\ue84d' data-av_iconfont='entypo-fontello' aria-hidden=\"true\"><\/span><\/div><article class=\"article-icon-entry \"  itemscope=\"itemscope\" itemtype=\"https:\/\/schema.org\/CreativeWork\" ><div class=\"iconlist_content_wrap\"><header class=\"entry-content-header\" aria-label=\"Icon: \"><\/header><div class='iconlist_content '  itemprop=\"text\" ><p>Mar\u00eda Garc\u00eda Alonso elsemanaldelamancha.com\/ 04\/03\/2020.\u00a0<a href=\"http:\/\/elsemanaldelamancha.com\/art\/32214\/nombres-numeros-y-relatos-para-saber-mil-cosas-nuevas-sobre-las-victimas-de-la-represion-franquista\" target=\"_blank\" rel=\"noopener noreferrer\">Nombres, n\u00fameros y relatos para saber mil cosas nuevas sobre las v\u00edctimas de la represi\u00f3n franquista<\/a><\/p>\n<\/div><\/div><footer class=\"entry-footer\"><\/footer><\/article><div class=\"iconlist-timeline\"><\/div><\/li>\n<li><div class='iconlist_icon av-143b25g-2e09ef952c44e550216dc3cbe452e39a avia-font-entypo-fontello avia-iconfont avia-font-entypo-fontello'><span class='av-icon-char' data-av_icon='\ue84d' data-av_iconfont='entypo-fontello' aria-hidden=\"true\"><\/span><\/div><article class=\"article-icon-entry \"  itemscope=\"itemscope\" itemtype=\"https:\/\/schema.org\/CreativeWork\" ><div class=\"iconlist_content_wrap\"><header class=\"entry-content-header\" aria-label=\"Icon: \"><\/header><div class='iconlist_content '  itemprop=\"text\" ><p>Luis Fondebrider elciudadanogba.com 17\/02\/2020.\u00a0<a href=\"https:\/\/www.elciudadanogba.com\/17\/02\/2020\/postulan-al-equipo-argentino-de-antropologia-forense-para-el-premio-nobel-de-la-paz\/\" target=\"_blank\" rel=\"noopener noreferrer\">Postulan al Equipo Argentino de Antropolog\u00eda Forense para el Premio Nobel de la Paz<\/a><\/p>\n<\/div><\/div><footer class=\"entry-footer\"><\/footer><\/article><div class=\"iconlist-timeline\"><\/div><\/li>\n<li><div class='iconlist_icon av-143b25g-2e09ef952c44e550216dc3cbe452e39a avia-font-entypo-fontello avia-iconfont avia-font-entypo-fontello'><span class='av-icon-char' data-av_icon='\ue84d' data-av_iconfont='entypo-fontello' aria-hidden=\"true\"><\/span><\/div><article class=\"article-icon-entry \"  itemscope=\"itemscope\" itemtype=\"https:\/\/schema.org\/CreativeWork\" ><div class=\"iconlist_content_wrap\"><header class=\"entry-content-header\" aria-label=\"Icon: \"><\/header><div class='iconlist_content '  itemprop=\"text\" ><p>Luis Fondebrider laarena.com.ar 16\/02\/2020.\u00a0<a href=\"http:\/\/www.laarena.com.ar\/la_pampa-estamos-sorprendidos-por-la-nominacion-2098600-163.html\" target=\"_blank\" rel=\"noopener noreferrer\">\u00abEstamos sorprendidos por la nominaci\u00f3n\u00bb<\/a><\/p>\n<\/div><\/div><footer class=\"entry-footer\"><\/footer><\/article><div class=\"iconlist-timeline\"><\/div><\/li>\n<li><div class='iconlist_icon av-143b25g-2e09ef952c44e550216dc3cbe452e39a avia-font-entypo-fontello avia-iconfont avia-font-entypo-fontello'><span class='av-icon-char' data-av_icon='\ue84d' data-av_iconfont='entypo-fontello' aria-hidden=\"true\"><\/span><\/div><article class=\"article-icon-entry \"  itemscope=\"itemscope\" itemtype=\"https:\/\/schema.org\/CreativeWork\" ><div class=\"iconlist_content_wrap\"><header class=\"entry-content-header\" aria-label=\"Icon: \"><\/header><div class='iconlist_content '  itemprop=\"text\" ><p>Luis Fondebrider batimes.com.ar 14\/02\/2020.\u00a0<a href=\"https:\/\/www.batimes.com.ar\/news\/culture\/argentine-forensic-anthropology-team-nominated-for-nobel-peace-prize.phtml\" target=\"_blank\" rel=\"noopener noreferrer\">Argentine Forensic Anthropology Team nominated for Nobel Peace Prize<\/a><\/p>\n<\/div><\/div><footer class=\"entry-footer\"><\/footer><\/article><div class=\"iconlist-timeline\"><\/div><\/li>\n<li><div class='iconlist_icon av-143b25g-2e09ef952c44e550216dc3cbe452e39a avia-font-entypo-fontello avia-iconfont avia-font-entypo-fontello'><span class='av-icon-char' data-av_icon='\ue84d' data-av_iconfont='entypo-fontello' aria-hidden=\"true\"><\/span><\/div><article class=\"article-icon-entry \"  itemscope=\"itemscope\" itemtype=\"https:\/\/schema.org\/CreativeWork\" ><div class=\"iconlist_content_wrap\"><header class=\"entry-content-header\" aria-label=\"Icon: \"><\/header><div class='iconlist_content '  itemprop=\"text\" ><p>Luis Fondebrider pagina12.com.ar\/ 28\/01\/2020.\u00a0<a href=\"https:\/\/www.pagina12.com.ar\/244236-como-es-la-busqueda-de-desaparecidos-en-la-actualidad\" target=\"_blank\" rel=\"noopener noreferrer\">C\u00f3mo es la b\u00fasqueda de desaparecidos en la actualidad<\/a><\/p>\n<\/div><\/div><footer class=\"entry-footer\"><\/footer><\/article><div class=\"iconlist-timeline\"><\/div><\/li>\n<li><div class='iconlist_icon av-143b25g-2e09ef952c44e550216dc3cbe452e39a avia-font-entypo-fontello avia-iconfont avia-font-entypo-fontello'><span class='av-icon-char' data-av_icon='\ue84d' data-av_iconfont='entypo-fontello' aria-hidden=\"true\"><\/span><\/div><article class=\"article-icon-entry \"  itemscope=\"itemscope\" itemtype=\"https:\/\/schema.org\/CreativeWork\" ><div class=\"iconlist_content_wrap\"><header class=\"entry-content-header\" aria-label=\"Icon: \"><\/header><div class='iconlist_content '  itemprop=\"text\" ><p>Marina Montoto eladelantado.com\/ 27\/01\/2020.\u00a0<a href=\"https:\/\/www.eladelantado.com\/segovia\/un-libro-para-entender-la-memoria-historica\/\" target=\"_blank\" rel=\"noopener noreferrer\">Un libro para entender la memoria hist\u00f3rica<\/a><\/p>\n<\/div><\/div><footer class=\"entry-footer\"><\/footer><\/article><div class=\"iconlist-timeline\"><\/div><\/li>\n<li><div class='iconlist_icon av-143b25g-2e09ef952c44e550216dc3cbe452e39a avia-font-entypo-fontello avia-iconfont avia-font-entypo-fontello'><span class='av-icon-char' data-av_icon='\ue84d' data-av_iconfont='entypo-fontello' aria-hidden=\"true\"><\/span><\/div><article class=\"article-icon-entry \"  itemscope=\"itemscope\" itemtype=\"https:\/\/schema.org\/CreativeWork\" ><div class=\"iconlist_content_wrap\"><header class=\"entry-content-header\" aria-label=\"Icon: \"><\/header><div class='iconlist_content '  itemprop=\"text\" ><p>Alejandro Baer elpais.com\/ 27\/01\/2020.\u00a0<a href=\"https:\/\/elpais.com\/elpais\/2020\/01\/21\/opinion\/1579624003_848515.html\" target=\"_blank\" rel=\"noopener noreferrer\">La lecci\u00f3n de Auschwitz en Espa\u00f1a<\/a><\/p>\n<\/div><\/div><footer class=\"entry-footer\"><\/footer><\/article><div class=\"iconlist-timeline\"><\/div><\/li>\n<li><div class='iconlist_icon av-143b25g-2e09ef952c44e550216dc3cbe452e39a avia-font-entypo-fontello avia-iconfont avia-font-entypo-fontello'><span class='av-icon-char' data-av_icon='\ue84d' data-av_iconfont='entypo-fontello' aria-hidden=\"true\"><\/span><\/div><article class=\"article-icon-entry \"  itemscope=\"itemscope\" itemtype=\"https:\/\/schema.org\/CreativeWork\" ><div class=\"iconlist_content_wrap\"><header class=\"entry-content-header\" aria-label=\"Icon: \"><\/header><div class='iconlist_content '  itemprop=\"text\" ><p>Francisco Etxeberria deia.eus\/ 19\/01\/2020.\u00a0<a href=\"https:\/\/www.deia.eus\/actualidad\/politica\/2020\/01\/19\/paco-etxeberria-jueces-investigacion-crimenes\/1012554.html\" target=\"_blank\" rel=\"noopener noreferrer\">Paco Etxeberria: &#8220;Los jueces pueden hacer mucho m\u00e1s en la investigaci\u00f3n de los cr\u00edmenes del franquismo&#8221;<\/a><\/p>\n<\/div><\/div><footer class=\"entry-footer\"><\/footer><\/article><div class=\"iconlist-timeline\"><\/div><\/li>\n<\/ul><\/div>\n<\/div><\/div><\/section>\n<section class='av_tab_section av_tab_section av-34lck6-b28516f6251afe40865813fbfaea3bb3'  itemscope=\"itemscope\" itemtype=\"https:\/\/schema.org\/CreativeWork\" ><div id='tab-id-2-tab' class='tab' role='tab' aria-selected=\"false\" tabindex=\"0\" data-fake-id='#tab-id-2' aria-controls='tab-id-2-content'  itemprop=\"headline\" >2019<\/div><div id='tab-id-2-content' class='tab_content' role='tabpanel' aria-labelledby='tab-id-2-tab' aria-hidden=\"true\"><div class='tab_inner_content invers-color'  itemprop=\"text\" >\n<style type=\"text\/css\" data-created_by=\"avia_inline_auto\" id=\"style-css-av-bbl2hr8-b6194d27a8415d8d2dc0faa46c4eb291\">\n#top .avia-icon-list-container.av-bbl2hr8-b6194d27a8415d8d2dc0faa46c4eb291 .iconlist_icon{\ncolor:#470b0b;\nbackground-color:#ffffff;\n}\n#top .avia-icon-list-container.av-bbl2hr8-b6194d27a8415d8d2dc0faa46c4eb291 .iconlist_icon svg:first-child{\nstroke:#470b0b;\nfill:#470b0b;\n}\n#top #wrap_all .avia-icon-list-container.av-bbl2hr8-b6194d27a8415d8d2dc0faa46c4eb291 .av_iconlist_title{\ncolor:#470b0b;\n}\n<\/style>\n<div  class='avia-icon-list-container av-bbl2hr8-b6194d27a8415d8d2dc0faa46c4eb291  avia-builder-el-12  el_after_av_iconlist  el_before_av_iconlist '><ul class='avia-icon-list avia_animate_when_almost_visible avia-icon-list-left av-iconlist-big av-bbl2hr8-b6194d27a8415d8d2dc0faa46c4eb291 avia-iconlist-animate'>\n<li><div class='iconlist_icon av-143b25g-2e09ef952c44e550216dc3cbe452e39a avia-font-entypo-fontello avia-iconfont avia-font-entypo-fontello'><span class='av-icon-char' data-av_icon='\ue84d' data-av_iconfont='entypo-fontello' aria-hidden=\"true\"><\/span><\/div><article class=\"article-icon-entry \"  itemscope=\"itemscope\" itemtype=\"https:\/\/schema.org\/CreativeWork\" ><div class=\"iconlist_content_wrap\"><header class=\"entry-content-header\" aria-label=\"Icon: \"><\/header><div class='iconlist_content '  itemprop=\"text\" ><p>Mar\u00eda Garc\u00eda Alonso, Jorge Moreno y Juli\u00e1n L\u00f3pez elpa\u00eds.com 18\/12\/2019.\u00a0<a href=\"https:\/\/elpais.com\/politica\/2019\/12\/16\/actualidad\/1576526581_867109.html#?ref=rss&amp;format=simple&amp;link=link\" target=\"_blank\" rel=\"noopener noreferrer\">Despedirse de la familia con un mensaje escrito en una cajetilla de tabaco<\/a><\/p>\n<\/div><\/div><footer class=\"entry-footer\"><\/footer><\/article><div class=\"iconlist-timeline\"><\/div><\/li>\n<li><div class='iconlist_icon av-143b25g-2e09ef952c44e550216dc3cbe452e39a avia-font-entypo-fontello avia-iconfont avia-font-entypo-fontello'><span class='av-icon-char' data-av_icon='\ue84d' data-av_iconfont='entypo-fontello' aria-hidden=\"true\"><\/span><\/div><article class=\"article-icon-entry \"  itemscope=\"itemscope\" itemtype=\"https:\/\/schema.org\/CreativeWork\" ><div class=\"iconlist_content_wrap\"><header class=\"entry-content-header\" aria-label=\"Icon: \"><\/header><div class='iconlist_content '  itemprop=\"text\" ><p>Luis Fondebrider, elobservador.com.uy 18\/11\/2019.\u00a0<a href=\"https:\/\/www.elobservador.com.uy\/nota\/busqueda-de-desaparecidos-en-uruguay-le-han-dado-la-espalda-a-los-familiares--201911139500\" target=\"_blank\" rel=\"noopener noreferrer\">B\u00fasqueda de desaparecidos: &#8220;En Uruguay le han dado la espalda a los familiares&#8221;<\/a><\/p>\n<\/div><\/div><footer class=\"entry-footer\"><\/footer><\/article><div class=\"iconlist-timeline\"><\/div><\/li>\n<li><div class='iconlist_icon av-143b25g-2e09ef952c44e550216dc3cbe452e39a avia-font-entypo-fontello avia-iconfont avia-font-entypo-fontello'><span class='av-icon-char' data-av_icon='\ue84d' data-av_iconfont='entypo-fontello' aria-hidden=\"true\"><\/span><\/div><article class=\"article-icon-entry \"  itemscope=\"itemscope\" itemtype=\"https:\/\/schema.org\/CreativeWork\" ><div class=\"iconlist_content_wrap\"><header class=\"entry-content-header\" aria-label=\"Icon: \"><\/header><div class='iconlist_content '  itemprop=\"text\" ><p>Francisco Ferr\u00e1ndiz, elsaltodiario.com 06\/11\/2019.\u00a0<a href=\"https:\/\/www.elsaltodiario.com\/el-rumor-de-las-multitudes\/el-problema-esta-en-la-piedra-acerca-de-la-polemica-del-valle-de-los-caidos\" target=\"_blank\" rel=\"noopener noreferrer\">El problema est\u00e1 en la piedra: acerca de la pol\u00e9mica del Valle de los Ca\u00eddos<\/a><\/p>\n<\/div><\/div><footer class=\"entry-footer\"><\/footer><\/article><div class=\"iconlist-timeline\"><\/div><\/li>\n<li><div class='iconlist_icon av-143b25g-2e09ef952c44e550216dc3cbe452e39a avia-font-entypo-fontello avia-iconfont avia-font-entypo-fontello'><span class='av-icon-char' data-av_icon='\ue84d' data-av_iconfont='entypo-fontello' aria-hidden=\"true\"><\/span><\/div><article class=\"article-icon-entry \"  itemscope=\"itemscope\" itemtype=\"https:\/\/schema.org\/CreativeWork\" ><div class=\"iconlist_content_wrap\"><header class=\"entry-content-header\" aria-label=\"Icon: \"><\/header><div class='iconlist_content '  itemprop=\"text\" ><p>Francisco Ferr\u00e1ndiz, newyorker.com 26\/10\/2019.\u00a0<a href=\"https:\/\/www.newyorker.com\/news\/daily-comment\/francos-body-is-exhumed-as-spain-still-struggles-to-confront-the-past\" target=\"_blank\" rel=\"noopener noreferrer\">Franco\u2019s Body Is Exhumed, as Spain Struggles to Confront the Past<\/a><\/p>\n<\/div><\/div><footer class=\"entry-footer\"><\/footer><\/article><div class=\"iconlist-timeline\"><\/div><\/li>\n<li><div class='iconlist_icon av-143b25g-2e09ef952c44e550216dc3cbe452e39a avia-font-entypo-fontello avia-iconfont avia-font-entypo-fontello'><span class='av-icon-char' data-av_icon='\ue84d' data-av_iconfont='entypo-fontello' aria-hidden=\"true\"><\/span><\/div><article class=\"article-icon-entry \"  itemscope=\"itemscope\" itemtype=\"https:\/\/schema.org\/CreativeWork\" ><div class=\"iconlist_content_wrap\"><header class=\"entry-content-header\" aria-label=\"Icon: \"><\/header><div class='iconlist_content '  itemprop=\"text\" ><p>Alejandro Baer, minnpost.com 23\/10\/2019.\u00a0<a href=\"https:\/\/www.minnpost.com\/community-voices\/2019\/10\/europes-last-monument-to-fascism-and-spains-memory-problem\/\" target=\"_blank\" rel=\"noopener noreferrer\">Europe\u2019s last monument to fascism and Spain\u2019s memory problem<\/a><\/p>\n<\/div><\/div><footer class=\"entry-footer\"><\/footer><\/article><div class=\"iconlist-timeline\"><\/div><\/li>\n<li><div class='iconlist_icon av-143b25g-2e09ef952c44e550216dc3cbe452e39a avia-font-entypo-fontello avia-iconfont avia-font-entypo-fontello'><span class='av-icon-char' data-av_icon='\ue84d' data-av_iconfont='entypo-fontello' aria-hidden=\"true\"><\/span><\/div><article class=\"article-icon-entry \"  itemscope=\"itemscope\" itemtype=\"https:\/\/schema.org\/CreativeWork\" ><div class=\"iconlist_content_wrap\"><header class=\"entry-content-header\" aria-label=\"Icon: \"><\/header><div class='iconlist_content '  itemprop=\"text\" ><p>Francisco Ferr\u00e1ndiz, ara.cat 23\/10\/2019.\u00a0<a href=\"https:\/\/www.ara.cat\/cultura\/Valle-Caidos-Franco-desti-altres_0_2331366849.html\" target=\"_blank\" rel=\"noopener noreferrer\">El Valle de los Ca\u00eddos sense Franco: el dest\u00ed dels altres 33.847 morts<\/a><\/p>\n<\/div><\/div><footer class=\"entry-footer\"><\/footer><\/article><div class=\"iconlist-timeline\"><\/div><\/li>\n<li><div class='iconlist_icon av-143b25g-2e09ef952c44e550216dc3cbe452e39a avia-font-entypo-fontello avia-iconfont avia-font-entypo-fontello'><span class='av-icon-char' data-av_icon='\ue84d' data-av_iconfont='entypo-fontello' aria-hidden=\"true\"><\/span><\/div><article class=\"article-icon-entry \"  itemscope=\"itemscope\" itemtype=\"https:\/\/schema.org\/CreativeWork\" ><div class=\"iconlist_content_wrap\"><header class=\"entry-content-header\" aria-label=\"Icon: \"><\/header><div class='iconlist_content '  itemprop=\"text\" ><p>Francisco Ferr\u00e1ndiz, eldiario.es 22\/10\/2019.\u00a0<a href=\"https:\/\/www.eldiario.es\/cultura\/Valle-Caidos-Franco-buscan-ideas_0_955404632.html\" target=\"_blank\" rel=\"noopener noreferrer\">El Valle de los Ca\u00eddos sin Franco: Se buscan ideas<\/a><\/p>\n<\/div><\/div><footer class=\"entry-footer\"><\/footer><\/article><div class=\"iconlist-timeline\"><\/div><\/li>\n<li><div class='iconlist_icon av-143b25g-2e09ef952c44e550216dc3cbe452e39a avia-font-entypo-fontello avia-iconfont avia-font-entypo-fontello'><span class='av-icon-char' data-av_icon='\ue84d' data-av_iconfont='entypo-fontello' aria-hidden=\"true\"><\/span><\/div><article class=\"article-icon-entry \"  itemscope=\"itemscope\" itemtype=\"https:\/\/schema.org\/CreativeWork\" ><div class=\"iconlist_content_wrap\"><header class=\"entry-content-header\" aria-label=\"Icon: \"><\/header><div class='iconlist_content '  itemprop=\"text\" ><p>Luis Fondebrider, perfil.com 17\/10\/2019.\u00a0<a href=\"https:\/\/www.perfil.com\/noticias\/medios\/luis-fondebrider-equipo-argentino-antropologia-forense-dijo-todavia-tenemos-600-cuerpos-identificar-laboratorios.phtml\" target=\"_blank\" rel=\"noopener noreferrer\">Luis Fondebrider, del Equipo Argentino de Antropolog\u00eda: &#8220;A\u00fan tenemos 600 cuerpos para identificar en nuestros laboratorios&#8221;<\/a><\/p>\n<\/div><\/div><footer class=\"entry-footer\"><\/footer><\/article><div class=\"iconlist-timeline\"><\/div><\/li>\n<li><div class='iconlist_icon av-143b25g-2e09ef952c44e550216dc3cbe452e39a avia-font-entypo-fontello avia-iconfont avia-font-entypo-fontello'><span class='av-icon-char' data-av_icon='\ue84d' data-av_iconfont='entypo-fontello' aria-hidden=\"true\"><\/span><\/div><article class=\"article-icon-entry \"  itemscope=\"itemscope\" itemtype=\"https:\/\/schema.org\/CreativeWork\" ><div class=\"iconlist_content_wrap\"><header class=\"entry-content-header\" aria-label=\"Icon: \"><\/header><div class='iconlist_content '  itemprop=\"text\" ><p>Francisco Etxeberria, sorianoticias.com 08\/10\/2019.\u00a0<a href=\"http:\/\/sorianoticias.com\/noticia\/2019-10-08-citan-familiares-personas-exhumadas-riba-recoger-muestras-geneticas-61827\" target=\"_blank\" rel=\"noopener noreferrer\">Citan a los familiares de las personas exhumadas en La Riba para recoger muestras gen\u00e9ticas<\/a><\/p>\n<\/div><\/div><footer class=\"entry-footer\"><\/footer><\/article><div class=\"iconlist-timeline\"><\/div><\/li>\n<li><div class='iconlist_icon av-143b25g-2e09ef952c44e550216dc3cbe452e39a avia-font-entypo-fontello avia-iconfont avia-font-entypo-fontello'><span class='av-icon-char' data-av_icon='\ue84d' data-av_iconfont='entypo-fontello' aria-hidden=\"true\"><\/span><\/div><article class=\"article-icon-entry \"  itemscope=\"itemscope\" itemtype=\"https:\/\/schema.org\/CreativeWork\" ><div class=\"iconlist_content_wrap\"><header class=\"entry-content-header\" aria-label=\"Icon: \"><\/header><div class='iconlist_content '  itemprop=\"text\" ><p>Francisco Etxeberria, elcorreoextremadura.com 08\/10\/2019.\u00a0<a href=\"http:\/\/www.elcorreoextremadura.com\/noticias_region\/2019-10-08\/1\/31847\/el-juzgado-de-almazan-cita-a-los-familiares-de-las-personas-exhumadas-en-la-riba-para-recoger-muestras-geneticas.html\" target=\"_blank\" rel=\"noopener noreferrer\">El juzgado de Almaz\u00e1n cita a los familiares de las personas exhumadas en la Riba para recoger muestras gen\u00e9ticas<\/a><\/p>\n<\/div><\/div><footer class=\"entry-footer\"><\/footer><\/article><div class=\"iconlist-timeline\"><\/div><\/li>\n<li><div class='iconlist_icon av-143b25g-2e09ef952c44e550216dc3cbe452e39a avia-font-entypo-fontello avia-iconfont avia-font-entypo-fontello'><span class='av-icon-char' data-av_icon='\ue84d' data-av_iconfont='entypo-fontello' aria-hidden=\"true\"><\/span><\/div><article class=\"article-icon-entry \"  itemscope=\"itemscope\" itemtype=\"https:\/\/schema.org\/CreativeWork\" ><div class=\"iconlist_content_wrap\"><header class=\"entry-content-header\" aria-label=\"Icon: \"><\/header><div class='iconlist_content '  itemprop=\"text\" ><p>Francisco Ferr\u00e1ndiz, ctxt.es 01\/10\/2019.\u00a0<a href=\"https:\/\/ctxt.es\/es\/20190923\/Politica\/28568\/valle-de-los-caidos-franquismo-memoria-francisco-ferrandiz-gorka-castillo.htm\" target=\"_blank\" rel=\"noopener noreferrer\">\u201cEl Valle es la expresi\u00f3n de un pensamiento totalitario\u201d<\/a><\/p>\n<\/div><\/div><footer class=\"entry-footer\"><\/footer><\/article><div class=\"iconlist-timeline\"><\/div><\/li>\n<li><div class='iconlist_icon av-143b25g-2e09ef952c44e550216dc3cbe452e39a avia-font-entypo-fontello avia-iconfont avia-font-entypo-fontello'><span class='av-icon-char' data-av_icon='\ue84d' data-av_iconfont='entypo-fontello' aria-hidden=\"true\"><\/span><\/div><article class=\"article-icon-entry \"  itemscope=\"itemscope\" itemtype=\"https:\/\/schema.org\/CreativeWork\" ><div class=\"iconlist_content_wrap\"><header class=\"entry-content-header\" aria-label=\"Icon: \"><\/header><div class='iconlist_content '  itemprop=\"text\" ><p>Francisco Etxeberria, recuerdoydignidad.org 30\/09\/2019.\u00a0<a href=\"https:\/\/recuerdoydignidad.org\/notas-de-prensa\/es\/notas-de-prensa\/exhumadas-cuatro-personas-en-la-riba-de-escalote-con-presencia-de-guardia-civil\" target=\"_blank\" rel=\"noopener noreferrer\">Exhumadas cuatro personas en La Riba de Escalote con presencia de Guardia Civil<\/a><\/p>\n<\/div><\/div><footer class=\"entry-footer\"><\/footer><\/article><div class=\"iconlist-timeline\"><\/div><\/li>\n<li><div class='iconlist_icon av-143b25g-2e09ef952c44e550216dc3cbe452e39a avia-font-entypo-fontello avia-iconfont avia-font-entypo-fontello'><span class='av-icon-char' data-av_icon='\ue84d' data-av_iconfont='entypo-fontello' aria-hidden=\"true\"><\/span><\/div><article class=\"article-icon-entry \"  itemscope=\"itemscope\" itemtype=\"https:\/\/schema.org\/CreativeWork\" ><div class=\"iconlist_content_wrap\"><header class=\"entry-content-header\" aria-label=\"Icon: \"><\/header><div class='iconlist_content '  itemprop=\"text\" ><p>Francisco Ferr\u00e1ndiz, rac1.cat 29\/09\/2019.\u00a0<a href=\"https:\/\/www.rac1.cat\/societat\/20190929\/47703914157\/valle-caidos-republicans-expert-csic-franco-primo.html\" target=\"_blank\" rel=\"noopener noreferrer\">Un expert del CSIC: \u201cNo sabem quants republicans hi ha al Valle de los Ca\u00eddos\u201d<\/a><\/p>\n<\/div><\/div><footer class=\"entry-footer\"><\/footer><\/article><div class=\"iconlist-timeline\"><\/div><\/li>\n<li><div class='iconlist_icon av-143b25g-2e09ef952c44e550216dc3cbe452e39a avia-font-entypo-fontello avia-iconfont avia-font-entypo-fontello'><span class='av-icon-char' data-av_icon='\ue84d' data-av_iconfont='entypo-fontello' aria-hidden=\"true\"><\/span><\/div><article class=\"article-icon-entry \"  itemscope=\"itemscope\" itemtype=\"https:\/\/schema.org\/CreativeWork\" ><div class=\"iconlist_content_wrap\"><header class=\"entry-content-header\" aria-label=\"Icon: \"><\/header><div class='iconlist_content '  itemprop=\"text\" ><p>Francisco Etxeberria, noticiasdenavarra.com 29\/09\/2019.\u00a0<a href=\"https:\/\/www.noticiasdenavarra.com\/2019\/09\/29\/politica\/estado\/el-punto-previo-para-resignificar-el-valle-de-los-caidos-y-explicarlo-mejor-era-que-franco-saliese-de-alli\" target=\"_blank\" rel=\"noopener noreferrer\">\u201cEl punto previo para resignificar el Valle de los Ca\u00eddos y explicarlo mejor era que Franco saliese de all\u00ed\u201d<\/a><\/p>\n<\/div><\/div><footer class=\"entry-footer\"><\/footer><\/article><div class=\"iconlist-timeline\"><\/div><\/li>\n<li><div class='iconlist_icon av-143b25g-2e09ef952c44e550216dc3cbe452e39a avia-font-entypo-fontello avia-iconfont avia-font-entypo-fontello'><span class='av-icon-char' data-av_icon='\ue84d' data-av_iconfont='entypo-fontello' aria-hidden=\"true\"><\/span><\/div><article class=\"article-icon-entry \"  itemscope=\"itemscope\" itemtype=\"https:\/\/schema.org\/CreativeWork\" ><div class=\"iconlist_content_wrap\"><header class=\"entry-content-header\" aria-label=\"Icon: \"><\/header><div class='iconlist_content '  itemprop=\"text\" ><p>Francisco Ferr\u00e1ndiz, elpais.com 25\/09\/2019.\u00a0<a href=\"https:\/\/elpais.com\/politica\/2019\/09\/24\/actualidad\/1569351692_747791.html\" target=\"_blank\" rel=\"noopener noreferrer\">El reto pendiente de abrir la mayor fosa com\u00fan de Espa\u00f1a<\/a><\/p>\n<\/div><\/div><footer class=\"entry-footer\"><\/footer><\/article><div class=\"iconlist-timeline\"><\/div><\/li>\n<li><div class='iconlist_icon av-143b25g-2e09ef952c44e550216dc3cbe452e39a avia-font-entypo-fontello avia-iconfont avia-font-entypo-fontello'><span class='av-icon-char' data-av_icon='\ue84d' data-av_iconfont='entypo-fontello' aria-hidden=\"true\"><\/span><\/div><article class=\"article-icon-entry \"  itemscope=\"itemscope\" itemtype=\"https:\/\/schema.org\/CreativeWork\" ><div class=\"iconlist_content_wrap\"><header class=\"entry-content-header\" aria-label=\"Icon: \"><\/header><div class='iconlist_content '  itemprop=\"text\" ><p>Francisco Ferr\u00e1ndiz, Marije Hristova, gasteizberri.com 25\/09\/2019.\u00a0<a href=\"https:\/\/gasteizberri.com\/2019\/09\/la-futura-ley-vasca-de-memoria-historica-incluira-dicho-temario-en-los-colegios-y-establecera-un-regimen-sancionador-entre-otros\/\" target=\"_blank\" rel=\"noopener noreferrer\">La futura Ley vasca de Memoria Hist\u00f3rica incluir\u00e1 dicho temario en los colegios y establecer\u00e1 un r\u00e9gimen sancionador entre otros<\/a><\/p>\n<\/div><\/div><footer class=\"entry-footer\"><\/footer><\/article><div class=\"iconlist-timeline\"><\/div><\/li>\n<li><div class='iconlist_icon av-143b25g-2e09ef952c44e550216dc3cbe452e39a avia-font-entypo-fontello avia-iconfont avia-font-entypo-fontello'><span class='av-icon-char' data-av_icon='\ue84d' data-av_iconfont='entypo-fontello' aria-hidden=\"true\"><\/span><\/div><article class=\"article-icon-entry \"  itemscope=\"itemscope\" itemtype=\"https:\/\/schema.org\/CreativeWork\" ><div class=\"iconlist_content_wrap\"><header class=\"entry-content-header\" aria-label=\"Icon: \"><\/header><div class='iconlist_content '  itemprop=\"text\" ><p> elmirondesoria.es 24\/09\/2019.\u00a0<a href=\"https:\/\/elmirondesoria.es\/provincia\/comarca-de-berlanga\/recuerdo-y-dignidad-exhumara-a-los-asesinados-en-la-riba-de-escalote\" target=\"_blank\" rel=\"noopener noreferrer\">Recuerdo y Dignidad exhumar\u00e1 a los asesinados en La Riba de Escalote<\/a><\/p>\n<\/div><\/div><footer class=\"entry-footer\"><\/footer><\/article><div class=\"iconlist-timeline\"><\/div><\/li>\n<li><div class='iconlist_icon av-143b25g-2e09ef952c44e550216dc3cbe452e39a avia-font-entypo-fontello avia-iconfont avia-font-entypo-fontello'><span class='av-icon-char' data-av_icon='\ue84d' data-av_iconfont='entypo-fontello' aria-hidden=\"true\"><\/span><\/div><article class=\"article-icon-entry \"  itemscope=\"itemscope\" itemtype=\"https:\/\/schema.org\/CreativeWork\" ><div class=\"iconlist_content_wrap\"><header class=\"entry-content-header\" aria-label=\"Icon: \"><\/header><div class='iconlist_content '  itemprop=\"text\" ><p>Luis Fondebrider, aarena.com.ar 06\/08\/2019.\u00a0<a href=\"http:\/\/www.laarena.com.ar\/la_pampa-un-equipo-que-sigue-peleandole-al-olvido-2067592-163.html\" target=\"_blank\" rel=\"noopener noreferrer\">Un equipo que sigue pele\u00e1ndole al olvido<\/a><\/p>\n<\/div><\/div><footer class=\"entry-footer\"><\/footer><\/article><div class=\"iconlist-timeline\"><\/div><\/li>\n<li><div class='iconlist_icon av-143b25g-2e09ef952c44e550216dc3cbe452e39a avia-font-entypo-fontello avia-iconfont avia-font-entypo-fontello'><span class='av-icon-char' data-av_icon='\ue84d' data-av_iconfont='entypo-fontello' aria-hidden=\"true\"><\/span><\/div><article class=\"article-icon-entry \"  itemscope=\"itemscope\" itemtype=\"https:\/\/schema.org\/CreativeWork\" ><div class=\"iconlist_content_wrap\"><header class=\"entry-content-header\" aria-label=\"Icon: \"><\/header><div class='iconlist_content '  itemprop=\"text\" ><p>Francisco Ferr\u00e1ndiz, abc.es 03\/07\/2019.\u00a0<a href=\"https:\/\/www.abc.es\/espana\/abci-paralizacion-exhumacion-franco-frena-subida-visitantes-valle-caidos-201907031122_noticia.html\" target=\"_blank\" rel=\"noopener noreferrer\">La paralizaci\u00f3n de la exhumaci\u00f3n de Franco frena la subida de visitantes al Valle de los Ca\u00eddos<\/a><\/p>\n<\/div><\/div><footer class=\"entry-footer\"><\/footer><\/article><div class=\"iconlist-timeline\"><\/div><\/li>\n<li><div class='iconlist_icon av-143b25g-2e09ef952c44e550216dc3cbe452e39a avia-font-entypo-fontello avia-iconfont avia-font-entypo-fontello'><span class='av-icon-char' data-av_icon='\ue84d' data-av_iconfont='entypo-fontello' aria-hidden=\"true\"><\/span><\/div><article class=\"article-icon-entry \"  itemscope=\"itemscope\" itemtype=\"https:\/\/schema.org\/CreativeWork\" ><div class=\"iconlist_content_wrap\"><header class=\"entry-content-header\" aria-label=\"Icon: \"><\/header><div class='iconlist_content '  itemprop=\"text\" ><p>Francisco Ferr\u00e1ndiz, tribunazamora.com 02\/07\/2019.\u00a0<a href=\"https:\/\/www.tribunazamora.com\/noticias\/las-visitas-al-valle-de-los-caidos-aumentaron-un-53-percent-en-el-primer-semestre-del-ano-respecto-al-mismo-periodo-de-2018\/1562078435\" target=\"_blank\" rel=\"noopener noreferrer\">Las visitas al Valle de los Ca\u00eddos aumentaron un 53% en el primer semestre del a\u00f1o respecto al mismo periodo de 2018<\/a><\/p>\n<\/div><\/div><footer class=\"entry-footer\"><\/footer><\/article><div class=\"iconlist-timeline\"><\/div><\/li>\n<li><div class='iconlist_icon av-143b25g-2e09ef952c44e550216dc3cbe452e39a avia-font-entypo-fontello avia-iconfont avia-font-entypo-fontello'><span class='av-icon-char' data-av_icon='\ue84d' data-av_iconfont='entypo-fontello' aria-hidden=\"true\"><\/span><\/div><article class=\"article-icon-entry \"  itemscope=\"itemscope\" itemtype=\"https:\/\/schema.org\/CreativeWork\" ><div class=\"iconlist_content_wrap\"><header class=\"entry-content-header\" aria-label=\"Icon: \"><\/header><div class='iconlist_content '  itemprop=\"text\" ><p>Francisco Ferr\u00e1ndiz, noticiasdenavarra.com 01\/07\/2019.\u00a0<a href=\"https:\/\/www.noticiasdenavarra.com\/2019\/07\/01\/sociedad\/navarra\/los-estudios-de-memoria-son-basicos-en-la-construccion-de-las-identidades\" target=\"_blank\" rel=\"noopener noreferrer\">Francisco Ferr\u00e1ndiz: \u201cLos estudios de Memoria son b\u00e1sicos en la construcci\u00f3n de las identidades\u201d<\/a><\/p>\n<\/div><\/div><footer class=\"entry-footer\"><\/footer><\/article><div class=\"iconlist-timeline\"><\/div><\/li>\n<li><div class='iconlist_icon av-143b25g-2e09ef952c44e550216dc3cbe452e39a avia-font-entypo-fontello avia-iconfont avia-font-entypo-fontello'><span class='av-icon-char' data-av_icon='\ue84d' data-av_iconfont='entypo-fontello' aria-hidden=\"true\"><\/span><\/div><article class=\"article-icon-entry \"  itemscope=\"itemscope\" itemtype=\"https:\/\/schema.org\/CreativeWork\" ><div class=\"iconlist_content_wrap\"><header class=\"entry-content-header\" aria-label=\"Icon: \"><\/header><div class='iconlist_content '  itemprop=\"text\" ><p>Francisco Ferr\u00e1ndiz, elperiodico.com 29\/06\/2019.\u00a0<a href=\"https:\/\/www.elperiodico.com\/es\/politica\/20190629\/mas-de-200-expertos-en-memoria-historica-visitan-este-sabado-el-valle-de-los-caidos-franco-manda-mucho-desde-su-tumba-7528204\" target=\"_blank\" rel=\"noopener noreferrer\">M\u00e1s de 200 expertos en memoria hist\u00f3rica visitan este s\u00e1bado el Valle de los Ca\u00eddos: &#8220;Franco manda mucho desde su tumba&#8221;<\/a><\/p>\n<\/div><\/div><footer class=\"entry-footer\"><\/footer><\/article><div class=\"iconlist-timeline\"><\/div><\/li>\n<li><div class='iconlist_icon av-143b25g-2e09ef952c44e550216dc3cbe452e39a avia-font-entypo-fontello avia-iconfont avia-font-entypo-fontello'><span class='av-icon-char' data-av_icon='\ue84d' data-av_iconfont='entypo-fontello' aria-hidden=\"true\"><\/span><\/div><article class=\"article-icon-entry \"  itemscope=\"itemscope\" itemtype=\"https:\/\/schema.org\/CreativeWork\" ><div class=\"iconlist_content_wrap\"><header class=\"entry-content-header\" aria-label=\"Icon: \"><\/header><div class='iconlist_content '  itemprop=\"text\" ><p>Francisco Ferr\u00e1ndiz, publico.es 29\/06\/2019.\u00a0<a href=\"https:\/\/www.publico.es\/politica\/franco-investigadores-extranjeros-no-dan-credito-hay-valle-caidos.html\" target=\"_blank\" rel=\"noopener noreferrer\">&#8220;Los investigadores extranjeros no dan cr\u00e9dito a lo que hay en el Valle de los Ca\u00eddos&#8221;<\/a><\/p>\n<\/div><\/div><footer class=\"entry-footer\"><\/footer><\/article><div class=\"iconlist-timeline\"><\/div><\/li>\n<li><div class='iconlist_icon av-143b25g-2e09ef952c44e550216dc3cbe452e39a avia-font-entypo-fontello avia-iconfont avia-font-entypo-fontello'><span class='av-icon-char' data-av_icon='\ue84d' data-av_iconfont='entypo-fontello' aria-hidden=\"true\"><\/span><\/div><article class=\"article-icon-entry \"  itemscope=\"itemscope\" itemtype=\"https:\/\/schema.org\/CreativeWork\" ><div class=\"iconlist_content_wrap\"><header class=\"entry-content-header\" aria-label=\"Icon: \"><\/header><div class='iconlist_content '  itemprop=\"text\" ><p>Francisco Ferr\u00e1ndiz, elespa\u00f1ol.com 27\/06\/2019.\u00a0<a href=\"https:\/\/www.elespanol.com\/cultura\/20190627\/cuentas-pendientes-espana-memoria-historica-pp-sabe\/409210251_0.html\" target=\"_blank\" rel=\"noopener noreferrer\">Estas son las cuentas pendientes de Espa\u00f1a con la memoria hist\u00f3rica (y el PP lo sabe)<\/a><\/p>\n<\/div><\/div><footer class=\"entry-footer\"><\/footer><\/article><div class=\"iconlist-timeline\"><\/div><\/li>\n<li><div class='iconlist_icon av-143b25g-2e09ef952c44e550216dc3cbe452e39a avia-font-entypo-fontello avia-iconfont avia-font-entypo-fontello'><span class='av-icon-char' data-av_icon='\ue84d' data-av_iconfont='entypo-fontello' aria-hidden=\"true\"><\/span><\/div><article class=\"article-icon-entry \"  itemscope=\"itemscope\" itemtype=\"https:\/\/schema.org\/CreativeWork\" ><div class=\"iconlist_content_wrap\"><header class=\"entry-content-header\" aria-label=\"Icon: \"><\/header><div class='iconlist_content '  itemprop=\"text\" ><p>Francisco Ferr\u00e1ndiz, Marije Hristova, Johanna Vollmeyer y Mar\u00eda Garc\u00eda Alonso, csic.es 26\/06\/2019.\u00a0<a href=\"https:\/\/www.csic.es\/es\/actualidad-del-csic\/un-millar-de-investigadores-se-reunen-en-madrid-para-abordar-el-estudio-de-la\" target=\"_blank\" rel=\"noopener noreferrer\">Un millar de investigadores se re\u00fanen en Madrid para abordar el estudio de la memoria, desde la hist\u00f3rica a la digital<\/a><\/p>\n<\/div><\/div><footer class=\"entry-footer\"><\/footer><\/article><div class=\"iconlist-timeline\"><\/div><\/li>\n<li><div class='iconlist_icon av-143b25g-2e09ef952c44e550216dc3cbe452e39a avia-font-entypo-fontello avia-iconfont avia-font-entypo-fontello'><span class='av-icon-char' data-av_icon='\ue84d' data-av_iconfont='entypo-fontello' aria-hidden=\"true\"><\/span><\/div><article class=\"article-icon-entry \"  itemscope=\"itemscope\" itemtype=\"https:\/\/schema.org\/CreativeWork\" ><div class=\"iconlist_content_wrap\"><header class=\"entry-content-header\" aria-label=\"Icon: \"><\/header><div class='iconlist_content '  itemprop=\"text\" ><p>Francisco Ferr\u00e1ndiz, Marije Hristova, Johanna Vollmeyer y Mar\u00eda Garc\u00eda Alonso, elpais.com 26\/06\/2019.\u00a0<a href=\"https:\/\/elpais.com\/cultura\/2019\/06\/25\/actualidad\/1561481944_286575.html\" target=\"_blank\" rel=\"noopener noreferrer\">Madrid, capital de la memoria<\/a><\/p>\n<\/div><\/div><footer class=\"entry-footer\"><\/footer><\/article><div class=\"iconlist-timeline\"><\/div><\/li>\n<li><div class='iconlist_icon av-143b25g-2e09ef952c44e550216dc3cbe452e39a avia-font-entypo-fontello avia-iconfont avia-font-entypo-fontello'><span class='av-icon-char' data-av_icon='\ue84d' data-av_iconfont='entypo-fontello' aria-hidden=\"true\"><\/span><\/div><article class=\"article-icon-entry \"  itemscope=\"itemscope\" itemtype=\"https:\/\/schema.org\/CreativeWork\" ><div class=\"iconlist_content_wrap\"><header class=\"entry-content-header\" aria-label=\"Icon: \"><\/header><div class='iconlist_content '  itemprop=\"text\" ><p>Francisco Ferr\u00e1ndiz, madridpress.com 26\/06\/2019.\u00a0<a href=\"https:\/\/madridpress.com\/art\/257248\/mas-de-200-expertos-en-memoria-historica-visitan-el-valle-de-los-caidos\" target=\"_blank\" rel=\"noopener noreferrer\">M\u00e1s de 200 expertos en memoria hist\u00f3rica visitar\u00e1n el Valle de los Ca\u00eddos<\/a><\/p>\n<\/div><\/div><footer class=\"entry-footer\"><\/footer><\/article><div class=\"iconlist-timeline\"><\/div><\/li>\n<li><div class='iconlist_icon av-143b25g-2e09ef952c44e550216dc3cbe452e39a avia-font-entypo-fontello avia-iconfont avia-font-entypo-fontello'><span class='av-icon-char' data-av_icon='\ue84d' data-av_iconfont='entypo-fontello' aria-hidden=\"true\"><\/span><\/div><article class=\"article-icon-entry \"  itemscope=\"itemscope\" itemtype=\"https:\/\/schema.org\/CreativeWork\" ><div class=\"iconlist_content_wrap\"><header class=\"entry-content-header\" aria-label=\"Icon: \"><\/header><div class='iconlist_content '  itemprop=\"text\" ><p>Francisco Ferr\u00e1ndiz, elplural.com 26\/06\/2019.\u00a0<a href=\"https:\/\/www.elplural.com\/sociedad\/200-expertos-visitaran-el-valle-de-los-caidos-franco-manda-mucho-desde-su-tumba_219324102\" target=\"_blank\" rel=\"noopener noreferrer\">200 expertos visitar\u00e1n el Valle de los Ca\u00eddos: &#8220;Franco manda mucho desde su tumba&#8221;<\/a><\/p>\n<\/div><\/div><footer class=\"entry-footer\"><\/footer><\/article><div class=\"iconlist-timeline\"><\/div><\/li>\n<li><div class='iconlist_icon av-143b25g-2e09ef952c44e550216dc3cbe452e39a avia-font-entypo-fontello avia-iconfont avia-font-entypo-fontello'><span class='av-icon-char' data-av_icon='\ue84d' data-av_iconfont='entypo-fontello' aria-hidden=\"true\"><\/span><\/div><article class=\"article-icon-entry \"  itemscope=\"itemscope\" itemtype=\"https:\/\/schema.org\/CreativeWork\" ><div class=\"iconlist_content_wrap\"><header class=\"entry-content-header\" aria-label=\"Icon: \"><\/header><div class='iconlist_content '  itemprop=\"text\" ><p>Francisco Ferr\u00e1ndiz, Marije Hristova, eldiario.es 25\/06\/2019.\u00a0<a href=\"https:\/\/www.eldiario.es\/sociedad\/Arranca-Madrid-congreso-memoria_0_913759039.html\" target=\"_blank\" rel=\"noopener noreferrer\">Arranca en Madrid el mayor congreso internacional sobre &#8216;la memoria&#8217;: &#8220;Comparar Espa\u00f1a y otros pa\u00edses nos construye a todos&#8221;<\/a><\/p>\n<\/div><\/div><footer class=\"entry-footer\"><\/footer><\/article><div class=\"iconlist-timeline\"><\/div><\/li>\n<li><div class='iconlist_icon av-143b25g-2e09ef952c44e550216dc3cbe452e39a avia-font-entypo-fontello avia-iconfont avia-font-entypo-fontello'><span class='av-icon-char' data-av_icon='\ue84d' data-av_iconfont='entypo-fontello' aria-hidden=\"true\"><\/span><\/div><article class=\"article-icon-entry \"  itemscope=\"itemscope\" itemtype=\"https:\/\/schema.org\/CreativeWork\" ><div class=\"iconlist_content_wrap\"><header class=\"entry-content-header\" aria-label=\"Icon: \"><\/header><div class='iconlist_content '  itemprop=\"text\" ><p>Francisco Ferr\u00e1ndiz, elsaltodiario.com 24\/06\/2019.\u00a0<a href=\"https:\/\/www.elsaltodiario.com\/memoria-historica\/arranca-madrid-mayor-congreso-mundial\" target=\"_blank\" rel=\"noopener noreferrer\">Arranca en Madrid el mayor congreso mundial sobre memoria<\/a><\/p>\n<\/div><\/div><footer class=\"entry-footer\"><\/footer><\/article><div class=\"iconlist-timeline\"><\/div><\/li>\n<li><div class='iconlist_icon av-143b25g-2e09ef952c44e550216dc3cbe452e39a avia-font-entypo-fontello avia-iconfont avia-font-entypo-fontello'><span class='av-icon-char' data-av_icon='\ue84d' data-av_iconfont='entypo-fontello' aria-hidden=\"true\"><\/span><\/div><article class=\"article-icon-entry \"  itemscope=\"itemscope\" itemtype=\"https:\/\/schema.org\/CreativeWork\" ><div class=\"iconlist_content_wrap\"><header class=\"entry-content-header\" aria-label=\"Icon: \"><\/header><div class='iconlist_content '  itemprop=\"text\" ><p>Francisco Ferr\u00e1ndiz, Marije Hristova, eldiario.es 24\/06\/2019.\u00a0<a href=\"https:\/\/www.eldiario.es\/tribunaabierta\/junio-Madrid-capital-mundial-memoria_6_913468655.html\" target=\"_blank\" rel=\"noopener noreferrer\">El auge de los estudios de memoria visita Madrid<\/a><\/p>\n<\/div><\/div><footer class=\"entry-footer\"><\/footer><\/article><div class=\"iconlist-timeline\"><\/div><\/li>\n<li><div class='iconlist_icon av-143b25g-2e09ef952c44e550216dc3cbe452e39a avia-font-entypo-fontello avia-iconfont avia-font-entypo-fontello'><span class='av-icon-char' data-av_icon='\ue84d' data-av_iconfont='entypo-fontello' aria-hidden=\"true\"><\/span><\/div><article class=\"article-icon-entry \"  itemscope=\"itemscope\" itemtype=\"https:\/\/schema.org\/CreativeWork\" ><div class=\"iconlist_content_wrap\"><header class=\"entry-content-header\" aria-label=\"Icon: \"><\/header><div class='iconlist_content '  itemprop=\"text\" ><p>Francisco Ferr\u00e1ndiz, europapress.es 24\/06\/2019.\u00a0<a href=\"https:\/\/www.europapress.es\/sociedad\/educacion-00468\/noticia-madrid-acoge-semana-mayor-congreso-mundial-memoria-historica-1500-expertos-45-paises-20190624170225.html\" target=\"_blank\" rel=\"noopener noreferrer\">Madrid acoge esta semana el mayor congreso mundial sobre memoria hist\u00f3rica, con 1.500 expertos de 45 pa\u00edses<\/a><\/p>\n<\/div><\/div><footer class=\"entry-footer\"><\/footer><\/article><div class=\"iconlist-timeline\"><\/div><\/li>\n<li><div class='iconlist_icon av-143b25g-2e09ef952c44e550216dc3cbe452e39a avia-font-entypo-fontello avia-iconfont avia-font-entypo-fontello'><span class='av-icon-char' data-av_icon='\ue84d' data-av_iconfont='entypo-fontello' aria-hidden=\"true\"><\/span><\/div><article class=\"article-icon-entry \"  itemscope=\"itemscope\" itemtype=\"https:\/\/schema.org\/CreativeWork\" ><div class=\"iconlist_content_wrap\"><header class=\"entry-content-header\" aria-label=\"Icon: \"><\/header><div class='iconlist_content '  itemprop=\"text\" ><p>Francisco Ferr\u00e1ndiz, Marije Hristova, Johanna Vollmeyer y Mar\u00eda Garc\u00eda Alonso, elespanol.com 24\/06\/2019.\u00a0<a href=\"https:\/\/www.elespanol.com\/cultura\/20190624\/madrid-capital-mundial-memoria-historica-espana-olvidar\/408709786_0.html\" target=\"_blank\" rel=\"noopener noreferrer\">Madrid, capital mundial de la memoria hist\u00f3rica: \u00bfsolo Espa\u00f1a quiere olvidar?<\/a><\/p>\n<\/div><\/div><footer class=\"entry-footer\"><\/footer><\/article><div class=\"iconlist-timeline\"><\/div><\/li>\n<li><div class='iconlist_icon av-143b25g-2e09ef952c44e550216dc3cbe452e39a avia-font-entypo-fontello avia-iconfont avia-font-entypo-fontello'><span class='av-icon-char' data-av_icon='\ue84d' data-av_iconfont='entypo-fontello' aria-hidden=\"true\"><\/span><\/div><article class=\"article-icon-entry \"  itemscope=\"itemscope\" itemtype=\"https:\/\/schema.org\/CreativeWork\" ><div class=\"iconlist_content_wrap\"><header class=\"entry-content-header\" aria-label=\"Icon: \"><\/header><div class='iconlist_content '  itemprop=\"text\" ><p>Francisco Ferr\u00e1ndiz, Marije Hristova, Johanna Vollmeyer y Mar\u00eda Garc\u00eda Alonso, lavanguardia.com 24\/06\/2019.\u00a0<a href=\"https:\/\/www.lavanguardia.com\/local\/madrid\/20190624\/463083042464\/madrid-acoge-el-congreso-mas-grande-de-estudios-de-memoria-del-mundo.html\" target=\"_blank\" rel=\"noopener noreferrer\">Madrid acoge el congreso m\u00e1s grande de estudios de memoria del mundo<\/a><\/p>\n<\/div><\/div><footer class=\"entry-footer\"><\/footer><\/article><div class=\"iconlist-timeline\"><\/div><\/li>\n<li><div class='iconlist_icon av-143b25g-2e09ef952c44e550216dc3cbe452e39a avia-font-entypo-fontello avia-iconfont avia-font-entypo-fontello'><span class='av-icon-char' data-av_icon='\ue84d' data-av_iconfont='entypo-fontello' aria-hidden=\"true\"><\/span><\/div><article class=\"article-icon-entry \"  itemscope=\"itemscope\" itemtype=\"https:\/\/schema.org\/CreativeWork\" ><div class=\"iconlist_content_wrap\"><header class=\"entry-content-header\" aria-label=\"Icon: \"><\/header><div class='iconlist_content '  itemprop=\"text\" ><p>Francisco Ferr\u00e1ndiz, Marije Hristova, Johanna Vollmeyer y Mar\u00eda Garc\u00eda Alonso, infolibre.es 22\/06\/2019.\u00a0<a href=\"https:\/\/www.infolibre.es\/noticias\/cultura\/2019\/06\/24\/madrid_acoge_esta_semana_mayor_congreso_mundial_sobre_memoria_historica_con_500_expertos_paises_96333_1026.html\" target=\"_blank\" rel=\"noopener noreferrer\">Madrid acoge esta semana el mayor congreso mundial sobre memoria hist\u00f3rica, con 1.500 expertos de 45 pa\u00edses<\/a><\/p>\n<\/div><\/div><footer class=\"entry-footer\"><\/footer><\/article><div class=\"iconlist-timeline\"><\/div><\/li>\n<li><div class='iconlist_icon av-143b25g-2e09ef952c44e550216dc3cbe452e39a avia-font-entypo-fontello avia-iconfont avia-font-entypo-fontello'><span class='av-icon-char' data-av_icon='\ue84d' data-av_iconfont='entypo-fontello' aria-hidden=\"true\"><\/span><\/div><article class=\"article-icon-entry \"  itemscope=\"itemscope\" itemtype=\"https:\/\/schema.org\/CreativeWork\" ><div class=\"iconlist_content_wrap\"><header class=\"entry-content-header\" aria-label=\"Icon: \"><\/header><div class='iconlist_content '  itemprop=\"text\" ><p>Francisco Ferr\u00e1ndiz, Marije Hristova, Johanna Vollmeyer y Mar\u00eda Garc\u00eda Alonso, europapress.es 21\/06\/2019.\u00a0<a href=\"https:\/\/www.europapress.es\/madrid\/noticia-mas-1600-investigadores-expertos-mundiales-memoria-historica-congregan-semana-viene-madrid-20190621175414.html\" target=\"_blank\" rel=\"noopener noreferrer\">M\u00e1s de 1.600 investigadores y expertos mundiales en memoria hist\u00f3rica se congregan la semana que viene en Madrid<\/a><\/p>\n<\/div><\/div><footer class=\"entry-footer\"><\/footer><\/article><div class=\"iconlist-timeline\"><\/div><\/li>\n<li><div class='iconlist_icon av-143b25g-2e09ef952c44e550216dc3cbe452e39a avia-font-entypo-fontello avia-iconfont avia-font-entypo-fontello'><span class='av-icon-char' data-av_icon='\ue84d' data-av_iconfont='entypo-fontello' aria-hidden=\"true\"><\/span><\/div><article class=\"article-icon-entry \"  itemscope=\"itemscope\" itemtype=\"https:\/\/schema.org\/CreativeWork\" ><div class=\"iconlist_content_wrap\"><header class=\"entry-content-header\" aria-label=\"Icon: \"><\/header><div class='iconlist_content '  itemprop=\"text\" ><p>Francisco Ferr\u00e1ndiz, Marije Hristova, Johanna Vollmeyer y Mar\u00eda Garc\u00eda Alonso, publico.es 21\/06\/2019.\u00a0<a href=\"https:\/\/www.publico.es\/politica\/madrid-capital-mundial-memoria.html\" target=\"_blank\" rel=\"noopener noreferrer\">Madrid, capital mundial de la Memoria<\/a><\/p>\n<\/div><\/div><footer class=\"entry-footer\"><\/footer><\/article><div class=\"iconlist-timeline\"><\/div><\/li>\n<li><div class='iconlist_icon av-143b25g-2e09ef952c44e550216dc3cbe452e39a avia-font-entypo-fontello avia-iconfont avia-font-entypo-fontello'><span class='av-icon-char' data-av_icon='\ue84d' data-av_iconfont='entypo-fontello' aria-hidden=\"true\"><\/span><\/div><article class=\"article-icon-entry \"  itemscope=\"itemscope\" itemtype=\"https:\/\/schema.org\/CreativeWork\" ><div class=\"iconlist_content_wrap\"><header class=\"entry-content-header\" aria-label=\"Icon: \"><\/header><div class='iconlist_content '  itemprop=\"text\" ><p>Francisco Ferr\u00e1ndiz, ctxt.es 19\/06\/2019.\u00a0<a href=\"https:\/\/ctxt.es\/es\/20190619\/Politica\/26748\/Gorka-Castillo-Madrid-Valle-de-los-caidos-Cuelgamuros-Franco-Primo-de-Rivera.htm\" target=\"_blank\" rel=\"noopener noreferrer\">El Valle de los dinosaurios<\/a><\/p>\n<\/div><\/div><footer class=\"entry-footer\"><\/footer><\/article><div class=\"iconlist-timeline\"><\/div><\/li>\n<li><div class='iconlist_icon av-143b25g-2e09ef952c44e550216dc3cbe452e39a avia-font-entypo-fontello avia-iconfont avia-font-entypo-fontello'><span class='av-icon-char' data-av_icon='\ue84d' data-av_iconfont='entypo-fontello' aria-hidden=\"true\"><\/span><\/div><article class=\"article-icon-entry \"  itemscope=\"itemscope\" itemtype=\"https:\/\/schema.org\/CreativeWork\" ><div class=\"iconlist_content_wrap\"><header class=\"entry-content-header\" aria-label=\"Icon: \"><\/header><div class='iconlist_content '  itemprop=\"text\" ><p>Francisco Ferr\u00e1ndiz, Marije Hristova, Johanna Vollmeyer and Mar\u00eda Garc\u00eda Alonso, lavanguardia.com 09\/06\/2019.\u00a0<a href=\"https:\/\/www.lavanguardia.com\/local\/madrid\/20190609\/462756726632\/madrid-albergara-el-mayor-congreso-del-mundo-de-la-memoria.html\" target=\"_blank\" rel=\"noopener noreferrer\">Madrid albergar\u00e1 el mayor congreso del mundo de la memoria<\/a><\/p>\n<\/div><\/div><footer class=\"entry-footer\"><\/footer><\/article><div class=\"iconlist-timeline\"><\/div><\/li>\n<li><div class='iconlist_icon av-143b25g-2e09ef952c44e550216dc3cbe452e39a avia-font-entypo-fontello avia-iconfont avia-font-entypo-fontello'><span class='av-icon-char' data-av_icon='\ue84d' data-av_iconfont='entypo-fontello' aria-hidden=\"true\"><\/span><\/div><article class=\"article-icon-entry \"  itemscope=\"itemscope\" itemtype=\"https:\/\/schema.org\/CreativeWork\" ><div class=\"iconlist_content_wrap\"><header class=\"entry-content-header\" aria-label=\"Icon: \"><\/header><div class='iconlist_content '  itemprop=\"text\" ><p>Francisco Ferr\u00e1ndiz, Marije Hristova, Johanna Vollmeyer y Mar\u00eda Garc\u00eda Alonso, agencias.abc.es 09\/06\/2019.\u00a0<a href=\"https:\/\/agencias.abc.es\/agencias\/noticia.asp?noticia=3131358\" target=\"_blank\" rel=\"noopener noreferrer\">Madrid albergar\u00e1 el mayor congreso del mundo de la memoria<\/a><\/p>\n<\/div><\/div><footer class=\"entry-footer\"><\/footer><\/article><div class=\"iconlist-timeline\"><\/div><\/li>\n<li><div class='iconlist_icon av-143b25g-2e09ef952c44e550216dc3cbe452e39a avia-font-entypo-fontello avia-iconfont avia-font-entypo-fontello'><span class='av-icon-char' data-av_icon='\ue84d' data-av_iconfont='entypo-fontello' aria-hidden=\"true\"><\/span><\/div><article class=\"article-icon-entry \"  itemscope=\"itemscope\" itemtype=\"https:\/\/schema.org\/CreativeWork\" ><div class=\"iconlist_content_wrap\"><header class=\"entry-content-header\" aria-label=\"Icon: \"><\/header><div class='iconlist_content '  itemprop=\"text\" ><p>Francisco Ferr\u00e1ndiz, Marije Hristova, Johanna Vollmeyer y Mar\u00eda Garc\u00eda Alonso, tercerainformacion.es 07\/06\/2019.\u00a0<a href=\"https:\/\/tercerainformacion.es\/articulo\/memoria-historica\/2019\/06\/07\/madrid-capital-de-la-memoria-25-28-de-junio-congreso-de-la-memory-studies-association\" target=\"_blank\" rel=\"noopener noreferrer\">Madrid, capital de la memoria \/ 25 &#8211; 28 de junio: Congreso de la Memory Studies Association<\/a><\/p>\n<\/div><\/div><footer class=\"entry-footer\"><\/footer><\/article><div class=\"iconlist-timeline\"><\/div><\/li>\n<li><div class='iconlist_icon av-143b25g-2e09ef952c44e550216dc3cbe452e39a avia-font-entypo-fontello avia-iconfont avia-font-entypo-fontello'><span class='av-icon-char' data-av_icon='\ue84d' data-av_iconfont='entypo-fontello' aria-hidden=\"true\"><\/span><\/div><article class=\"article-icon-entry \"  itemscope=\"itemscope\" itemtype=\"https:\/\/schema.org\/CreativeWork\" ><div class=\"iconlist_content_wrap\"><header class=\"entry-content-header\" aria-label=\"Icon: \"><\/header><div class='iconlist_content '  itemprop=\"text\" ><p>Francisco Etxeberria, ara.cat 07\/06\/2019.\u00a0<a href=\"https:\/\/www.ara.cat\/cultura\/Francisco-Etxeberria-Nomes-Guerra-Civil_0_2248575239.html\" target=\"_blank\" rel=\"noopener noreferrer\">\u201cNom\u00e9s podrem recuperar entre un 10% i un 20% de les v\u00edctimes de la Guerra Civil\u201d<\/a><\/p>\n<\/div><\/div><footer class=\"entry-footer\"><\/footer><\/article><div class=\"iconlist-timeline\"><\/div><\/li>\n<li><div class='iconlist_icon av-143b25g-2e09ef952c44e550216dc3cbe452e39a avia-font-entypo-fontello avia-iconfont avia-font-entypo-fontello'><span class='av-icon-char' data-av_icon='\ue84d' data-av_iconfont='entypo-fontello' aria-hidden=\"true\"><\/span><\/div><article class=\"article-icon-entry \"  itemscope=\"itemscope\" itemtype=\"https:\/\/schema.org\/CreativeWork\" ><div class=\"iconlist_content_wrap\"><header class=\"entry-content-header\" aria-label=\"Icon: \"><\/header><div class='iconlist_content '  itemprop=\"text\" ><p>Francisco Etxeberria, laprovincia.es 04\/06\/2019.\u00a0<a href=\"https:\/\/www.laprovincia.es\/sociedad\/2019\/06\/04\/canarias-cumple-memoria-historica-falta\/1180862.html\" target=\"_blank\" rel=\"noopener noreferrer\">Canarias cumple con la memoria hist\u00f3rica, a falta de m\u00e1s fondos y oficializar la verdad<\/a><\/p>\n<\/div><\/div><footer class=\"entry-footer\"><\/footer><\/article><div class=\"iconlist-timeline\"><\/div><\/li>\n<li><div class='iconlist_icon av-143b25g-2e09ef952c44e550216dc3cbe452e39a avia-font-entypo-fontello avia-iconfont avia-font-entypo-fontello'><span class='av-icon-char' data-av_icon='\ue84d' data-av_iconfont='entypo-fontello' aria-hidden=\"true\"><\/span><\/div><article class=\"article-icon-entry \"  itemscope=\"itemscope\" itemtype=\"https:\/\/schema.org\/CreativeWork\" ><div class=\"iconlist_content_wrap\"><header class=\"entry-content-header\" aria-label=\"Icon: \"><\/header><div class='iconlist_content '  itemprop=\"text\" ><p>Francisco Ferr\u00e1ndiz, parismatch.com 02\/06\/2019.\u00a0<a href=\"https:\/\/www.parismatch.com\/Actu\/International\/Franco-meme-mort-il-divise-l-Espagne-1627476\" target=\"_blank\" rel=\"noopener noreferrer\">Franco, m\u00eame mort il divise l&#8217;Espagne<\/a><\/p>\n<\/div><\/div><footer class=\"entry-footer\"><\/footer><\/article><div class=\"iconlist-timeline\"><\/div><\/li>\n<li><div class='iconlist_icon av-143b25g-2e09ef952c44e550216dc3cbe452e39a avia-font-entypo-fontello avia-iconfont avia-font-entypo-fontello'><span class='av-icon-char' data-av_icon='\ue84d' data-av_iconfont='entypo-fontello' aria-hidden=\"true\"><\/span><\/div><article class=\"article-icon-entry \"  itemscope=\"itemscope\" itemtype=\"https:\/\/schema.org\/CreativeWork\" ><div class=\"iconlist_content_wrap\"><header class=\"entry-content-header\" aria-label=\"Icon: \"><\/header><div class='iconlist_content '  itemprop=\"text\" ><p>Elisabeth Anstett, sputniknews.com 31\/05\/2019.\u00a0<a href=\"https:\/\/mundo.sputniknews.com\/espana\/201905311087468624-huesos-que-hablan-las-exhumaciones-de-los-asesinados-por-el-franquismo-en-espana\/\" target=\"_blank\" rel=\"noopener noreferrer\">Huesos que hablan: las exhumaciones de los asesinados por el franquismo en Espa\u00f1a<\/a><\/p>\n<\/div><\/div><footer class=\"entry-footer\"><\/footer><\/article><div class=\"iconlist-timeline\"><\/div><\/li>\n<li><div class='iconlist_icon av-143b25g-2e09ef952c44e550216dc3cbe452e39a avia-font-entypo-fontello avia-iconfont avia-font-entypo-fontello'><span class='av-icon-char' data-av_icon='\ue84d' data-av_iconfont='entypo-fontello' aria-hidden=\"true\"><\/span><\/div><article class=\"article-icon-entry \"  itemscope=\"itemscope\" itemtype=\"https:\/\/schema.org\/CreativeWork\" ><div class=\"iconlist_content_wrap\"><header class=\"entry-content-header\" aria-label=\"Icon: \"><\/header><div class='iconlist_content '  itemprop=\"text\" ><p> Luis Fondebrider, grupolaprovincia.com 30\/0\/2019.\u00a0<a href=\"https:\/\/www.grupolaprovincia.com\/politica\/el-equipo-de-antropologia-forense-cumple-35-anos-buscando-la-verdad-detras-de-los-huesos-288167\" target=\"_blank\" rel=\"noopener noreferrer\">El Equipo de Antropolog\u00eda Forense cumple 35 a\u00f1os buscando la verdad detr\u00e1s de los huesos<\/a><\/p>\n<\/div><\/div><footer class=\"entry-footer\"><\/footer><\/article><div class=\"iconlist-timeline\"><\/div><\/li>\n<li><div class='iconlist_icon av-143b25g-2e09ef952c44e550216dc3cbe452e39a avia-font-entypo-fontello avia-iconfont avia-font-entypo-fontello'><span class='av-icon-char' data-av_icon='\ue84d' data-av_iconfont='entypo-fontello' aria-hidden=\"true\"><\/span><\/div><article class=\"article-icon-entry \"  itemscope=\"itemscope\" itemtype=\"https:\/\/schema.org\/CreativeWork\" ><div class=\"iconlist_content_wrap\"><header class=\"entry-content-header\" aria-label=\"Icon: \"><\/header><div class='iconlist_content '  itemprop=\"text\" ><p> Laura Mart\u00edn Chiappe, publico.es 30\/0\/2019.\u00a0<a href=\"https:\/\/www.publico.es\/politica\/jovenes-construyen-memoria-tender-puentes-buscar-verdades-reclamar-justicia.html\" target=\"_blank\" rel=\"noopener noreferrer\">J\u00f3venes que construyen Memoria: tender puentes, buscar verdades y reclamar justicia<\/a><\/p>\n<\/div><\/div><footer class=\"entry-footer\"><\/footer><\/article><div class=\"iconlist-timeline\"><\/div><\/li>\n<li><div class='iconlist_icon av-143b25g-2e09ef952c44e550216dc3cbe452e39a avia-font-entypo-fontello avia-iconfont avia-font-entypo-fontello'><span class='av-icon-char' data-av_icon='\ue84d' data-av_iconfont='entypo-fontello' aria-hidden=\"true\"><\/span><\/div><article class=\"article-icon-entry \"  itemscope=\"itemscope\" itemtype=\"https:\/\/schema.org\/CreativeWork\" ><div class=\"iconlist_content_wrap\"><header class=\"entry-content-header\" aria-label=\"Icon: \"><\/header><div class='iconlist_content '  itemprop=\"text\" ><p> Luis Fondebrider fmimpacto107.com 25\/03\/2019.\u00a0<a href=\"http:\/\/www.fmimpacto107.com.ar\/?p=91263\" target=\"_blank\" rel=\"noopener noreferrer\">Equipo Argentino de Antropolog\u00eda Forense: 600 cuerpos esperan conocer su identidad<\/a><\/p>\n<\/div><\/div><footer class=\"entry-footer\"><\/footer><\/article><div class=\"iconlist-timeline\"><\/div><\/li>\n<li><div class='iconlist_icon av-143b25g-2e09ef952c44e550216dc3cbe452e39a avia-font-entypo-fontello avia-iconfont avia-font-entypo-fontello'><span class='av-icon-char' data-av_icon='\ue84d' data-av_iconfont='entypo-fontello' aria-hidden=\"true\"><\/span><\/div><article class=\"article-icon-entry \"  itemscope=\"itemscope\" itemtype=\"https:\/\/schema.org\/CreativeWork\" ><div class=\"iconlist_content_wrap\"><header class=\"entry-content-header\" aria-label=\"Icon: \"><\/header><div class='iconlist_content '  itemprop=\"text\" ><p> Francisco Etxeberr\u00eda cadenaser.com 13\/03\/2019.\u00a0<a href=\"https:\/\/cadenaser.com\/emisora\/2019\/03\/13\/radio_madrid\/1552497199_484334.html\" target=\"_blank\" rel=\"noopener noreferrer\">El \u00faltimo informe forense avala la exhumaci\u00f3n de las v\u00edctimas de Arag\u00f3n<\/a><\/p>\n<\/div><\/div><footer class=\"entry-footer\"><\/footer><\/article><div class=\"iconlist-timeline\"><\/div><\/li>\n<li><div class='iconlist_icon av-143b25g-2e09ef952c44e550216dc3cbe452e39a avia-font-entypo-fontello avia-iconfont avia-font-entypo-fontello'><span class='av-icon-char' data-av_icon='\ue84d' data-av_iconfont='entypo-fontello' aria-hidden=\"true\"><\/span><\/div><article class=\"article-icon-entry \"  itemscope=\"itemscope\" itemtype=\"https:\/\/schema.org\/CreativeWork\" ><div class=\"iconlist_content_wrap\"><header class=\"entry-content-header\" aria-label=\"Icon: \"><\/header><div class='iconlist_content '  itemprop=\"text\" ><p>Francisco Ferr\u00e1ndiz y Marije Hristova elpais.com 11\/03\/2019.\u00a0<a href=\"https:\/\/elpais.com\/cultura\/2019\/03\/10\/actualidad\/1552238060_048323.html?id_externo_rsoc=TW_CC\" target=\"_blank\" rel=\"noopener noreferrer\">Europa busca reconciliarse con su violento pasado del siglo XX<\/a><\/p>\n<\/div><\/div><footer class=\"entry-footer\"><\/footer><\/article><div class=\"iconlist-timeline\"><\/div><\/li>\n<li><div class='iconlist_icon av-143b25g-2e09ef952c44e550216dc3cbe452e39a avia-font-entypo-fontello avia-iconfont avia-font-entypo-fontello'><span class='av-icon-char' data-av_icon='\ue84d' data-av_iconfont='entypo-fontello' aria-hidden=\"true\"><\/span><\/div><article class=\"article-icon-entry \"  itemscope=\"itemscope\" itemtype=\"https:\/\/schema.org\/CreativeWork\" ><div class=\"iconlist_content_wrap\"><header class=\"entry-content-header\" aria-label=\"Icon: \"><\/header><div class='iconlist_content '  itemprop=\"text\" ><p> Francisco Etxeberr\u00eda y Francisco Ferr\u00e1ndiz telegraph.co.uk 06\/03\/2019.\u00a0<a href=\"https:\/\/www.telegraph.co.uk\/news\/2019\/03\/06\/spanish-cemetery-accused-lying-cremating-3000-franco-victims\/\" target=\"_blank\" rel=\"noopener noreferrer\">Spanish cemetery accused of lying about cremating 3,000 Franco victims as rains expose mass grave<\/a><\/p>\n<\/div><\/div><footer class=\"entry-footer\"><\/footer><\/article><div class=\"iconlist-timeline\"><\/div><\/li>\n<li><div class='iconlist_icon av-143b25g-2e09ef952c44e550216dc3cbe452e39a avia-font-entypo-fontello avia-iconfont avia-font-entypo-fontello'><span class='av-icon-char' data-av_icon='\ue84d' data-av_iconfont='entypo-fontello' aria-hidden=\"true\"><\/span><\/div><article class=\"article-icon-entry \"  itemscope=\"itemscope\" itemtype=\"https:\/\/schema.org\/CreativeWork\" ><div class=\"iconlist_content_wrap\"><header class=\"entry-content-header\" aria-label=\"Icon: \"><\/header><div class='iconlist_content '  itemprop=\"text\" ><p> Francisco Etxeberr\u00eda, elpais.com 02\/03\/2019.\u00a0<a href=\"https:\/\/elpais.com\/politica\/2019\/03\/01\/actualidad\/1551468571_037157.html\" target=\"_blank\" rel=\"noopener noreferrer\">Los fusilados perdidos de La Almudena<\/a><\/p>\n<\/div><\/div><footer class=\"entry-footer\"><\/footer><\/article><div class=\"iconlist-timeline\"><\/div><\/li>\n<li><div class='iconlist_icon av-143b25g-2e09ef952c44e550216dc3cbe452e39a avia-font-entypo-fontello avia-iconfont avia-font-entypo-fontello'><span class='av-icon-char' data-av_icon='\ue84d' data-av_iconfont='entypo-fontello' aria-hidden=\"true\"><\/span><\/div><article class=\"article-icon-entry \"  itemscope=\"itemscope\" itemtype=\"https:\/\/schema.org\/CreativeWork\" ><div class=\"iconlist_content_wrap\"><header class=\"entry-content-header\" aria-label=\"Icon: \"><\/header><div class='iconlist_content '  itemprop=\"text\" ><p> Francisco Ferr\u00e1ndiz, publico.es 28\/02\/2019.\u00a0<a href=\"https:\/\/www.publico.es\/politica\/gobierno-sanchez-le-atraganta-momia-franco.html\" target=\"_blank\" rel=\"noopener noreferrer\">Al Gobierno de S\u00e1nchez se le atraganta la momia de Franco<\/a><\/p>\n<\/div><\/div><footer class=\"entry-footer\"><\/footer><\/article><div class=\"iconlist-timeline\"><\/div><\/li>\n<li><div class='iconlist_icon av-143b25g-2e09ef952c44e550216dc3cbe452e39a avia-font-entypo-fontello avia-iconfont avia-font-entypo-fontello'><span class='av-icon-char' data-av_icon='\ue84d' data-av_iconfont='entypo-fontello' aria-hidden=\"true\"><\/span><\/div><article class=\"article-icon-entry \"  itemscope=\"itemscope\" itemtype=\"https:\/\/schema.org\/CreativeWork\" ><div class=\"iconlist_content_wrap\"><header class=\"entry-content-header\" aria-label=\"Icon: \"><\/header><div class='iconlist_content '  itemprop=\"text\" ><p> Francisco Etxeberr\u00eda, cadenaser.com 25\/02\/2019.\u00a0<a href=\"https:\/\/cadenaser.com\/ser\/2019\/02\/24\/sociedad\/1551033234_450651.html\" target=\"_blank\" rel=\"noopener noreferrer\">El Gobierno estudia un plan urgente de exhumaciones para recuperar 25.000 v\u00edctimas del franquismo en cinco a\u00f1os<\/a><\/p>\n<\/div><\/div><footer class=\"entry-footer\"><\/footer><\/article><div class=\"iconlist-timeline\"><\/div><\/li>\n<li><div class='iconlist_icon av-143b25g-2e09ef952c44e550216dc3cbe452e39a avia-font-entypo-fontello avia-iconfont avia-font-entypo-fontello'><span class='av-icon-char' data-av_icon='\ue84d' data-av_iconfont='entypo-fontello' aria-hidden=\"true\"><\/span><\/div><article class=\"article-icon-entry \"  itemscope=\"itemscope\" itemtype=\"https:\/\/schema.org\/CreativeWork\" ><div class=\"iconlist_content_wrap\"><header class=\"entry-content-header\" aria-label=\"Icon: \"><\/header><div class='iconlist_content '  itemprop=\"text\" ><p> Francisco Ferr\u00e1ndiz, euronews.com 17\/02\/2019.\u00a0<a href=\"https:\/\/es.euronews.com\/2019\/02\/15\/la-mayor-fosa-comun-de-espana\" target=\"_blank\" rel=\"noopener noreferrer\">La mayor fosa com\u00fan de Espa\u00f1a<\/a><\/p>\n<\/div><\/div><footer class=\"entry-footer\"><\/footer><\/article><div class=\"iconlist-timeline\"><\/div><\/li>\n<li><div class='iconlist_icon av-143b25g-2e09ef952c44e550216dc3cbe452e39a avia-font-entypo-fontello avia-iconfont avia-font-entypo-fontello'><span class='av-icon-char' data-av_icon='\ue84d' data-av_iconfont='entypo-fontello' aria-hidden=\"true\"><\/span><\/div><article class=\"article-icon-entry \"  itemscope=\"itemscope\" itemtype=\"https:\/\/schema.org\/CreativeWork\" ><div class=\"iconlist_content_wrap\"><header class=\"entry-content-header\" aria-label=\"Icon: \"><\/header><div class='iconlist_content '  itemprop=\"text\" ><p> Francisco Ferr\u00e1ndiz, publico.es 13\/02\/2019.\u00a0<a href=\"https:\/\/www.publico.es\/politica\/exhumacion-franco-paco-ferrandiz-me-gustaria-valle-caidos-fuera-utilizado-especie-libro-historia-piedra.html\" target=\"_blank\" rel=\"noopener noreferrer\">Paco Ferr\u00e1ndiz: &#8220;Me gustar\u00eda que el Valle de los Ca\u00eddos se convirtiera en un lugar interactivo de la historia del monumento&#8221;<\/a><\/p>\n<\/div><\/div><footer class=\"entry-footer\"><\/footer><\/article><div class=\"iconlist-timeline\"><\/div><\/li>\n<li><div class='iconlist_icon av-143b25g-2e09ef952c44e550216dc3cbe452e39a avia-font-entypo-fontello avia-iconfont avia-font-entypo-fontello'><span class='av-icon-char' data-av_icon='\ue84d' data-av_iconfont='entypo-fontello' aria-hidden=\"true\"><\/span><\/div><article class=\"article-icon-entry \"  itemscope=\"itemscope\" itemtype=\"https:\/\/schema.org\/CreativeWork\" ><div class=\"iconlist_content_wrap\"><header class=\"entry-content-header\" aria-label=\"Icon: \"><\/header><div class='iconlist_content '  itemprop=\"text\" ><p> Laura Mart\u00edn Chiappe, publico.es 04\/02\/2019.\u00a0<a href=\"https:\/\/www.publico.es\/politica\/vandalismo-extrema-derecha-ceba-monumentos-recuperan-memoria-historica.html\" target=\"_blank\" rel=\"noopener noreferrer\">El vandalismo de extrema derecha se ceba con los monumentos que recuperan la memoria hist\u00f3rica<\/a><\/p>\n<\/div><\/div><footer class=\"entry-footer\"><\/footer><\/article><div class=\"iconlist-timeline\"><\/div><\/li>\n<li><div class='iconlist_icon av-143b25g-2e09ef952c44e550216dc3cbe452e39a avia-font-entypo-fontello avia-iconfont avia-font-entypo-fontello'><span class='av-icon-char' data-av_icon='\ue84d' data-av_iconfont='entypo-fontello' aria-hidden=\"true\"><\/span><\/div><article class=\"article-icon-entry \"  itemscope=\"itemscope\" itemtype=\"https:\/\/schema.org\/CreativeWork\" ><div class=\"iconlist_content_wrap\"><header class=\"entry-content-header\" aria-label=\"Icon: \"><\/header><div class='iconlist_content '  itemprop=\"text\" ><p> Francisco Ferr\u00e1ndiz, cchs.csic.es 29\/01\/2019.\u00a0<a href=\"http:\/\/cchs.csic.es\/es\/article\/francisco-ferrandiz-illa-publica-articulo-memoria-historica-espana-prestigiosa-revista\" target=\"_blank\" rel=\"noopener noreferrer\">Francisco Ferr\u00e1ndiz (ILLA) publica un art\u00edculo sobre memoria hist\u00f3rica de Espa\u00f1a \u200ben la prestigiosa revista &#8220;Current Anthropology&#8221;<\/a><\/p>\n<\/div><\/div><footer class=\"entry-footer\"><\/footer><\/article><div class=\"iconlist-timeline\"><\/div><\/li>\n<\/ul><\/div>\n<\/div><\/div><\/section>\n<section class='av_tab_section av_tab_section av-216o12-17a9cb1bceb342f90d9e03fbf682cb9a'  itemscope=\"itemscope\" itemtype=\"https:\/\/schema.org\/CreativeWork\" ><div id='tab-id-3-tab' class='tab' role='tab' aria-selected=\"false\" tabindex=\"0\" data-fake-id='#tab-id-3' aria-controls='tab-id-3-content'  itemprop=\"headline\" >2018<\/div><div id='tab-id-3-content' class='tab_content' role='tabpanel' aria-labelledby='tab-id-3-tab' aria-hidden=\"true\"><div class='tab_inner_content invers-color'  itemprop=\"text\" >\n<style type=\"text\/css\" data-created_by=\"avia_inline_auto\" id=\"style-css-av-apvnili-e6df9a78052c8f7711de0b844585dd8e\">\n#top .avia-icon-list-container.av-apvnili-e6df9a78052c8f7711de0b844585dd8e .iconlist_icon{\ncolor:#470b0b;\nbackground-color:#ffffff;\n}\n#top .avia-icon-list-container.av-apvnili-e6df9a78052c8f7711de0b844585dd8e .iconlist_icon svg:first-child{\nstroke:#470b0b;\nfill:#470b0b;\n}\n#top #wrap_all .avia-icon-list-container.av-apvnili-e6df9a78052c8f7711de0b844585dd8e .av_iconlist_title{\ncolor:#470b0b;\n}\n<\/style>\n<div  class='avia-icon-list-container av-apvnili-e6df9a78052c8f7711de0b844585dd8e  avia-builder-el-13  el_after_av_iconlist  el_before_av_iconlist '><ul class='avia-icon-list avia_animate_when_almost_visible avia-icon-list-left av-iconlist-big av-apvnili-e6df9a78052c8f7711de0b844585dd8e avia-iconlist-animate'><li><div class='iconlist_icon av-143b25g-2e09ef952c44e550216dc3cbe452e39a avia-font-entypo-fontello avia-iconfont avia-font-entypo-fontello'><span class='av-icon-char' data-av_icon='\ue84d' data-av_iconfont='entypo-fontello' aria-hidden=\"true\"><\/span><\/div><article class=\"article-icon-entry \"  itemscope=\"itemscope\" itemtype=\"https:\/\/schema.org\/CreativeWork\" ><div class=\"iconlist_content_wrap\"><header class=\"entry-content-header\" aria-label=\"Icon: \"><\/header><div class='iconlist_content '  itemprop=\"text\" ><p> Francisco Etxeberr\u00eda, elespanol.com 23\/12\/2018.\u00a0<a href=\"https:\/\/www.elespanol.com\/espana\/politica\/20181223\/pp-excavar-franquismo-primer-consenso-memoria-historica\/362963740_0.html\">El PP se aviene a excavar las fosas del franquismo: primer gran consenso de la Memoria Hist\u00f3rica<\/a><\/p>\n<\/div><\/div><footer class=\"entry-footer\"><\/footer><\/article><div class=\"iconlist-timeline\"><\/div><\/li> <li><div class='iconlist_icon av-143b25g-2e09ef952c44e550216dc3cbe452e39a avia-font-entypo-fontello avia-iconfont avia-font-entypo-fontello'><span class='av-icon-char' data-av_icon='\ue84d' data-av_iconfont='entypo-fontello' aria-hidden=\"true\"><\/span><\/div><article class=\"article-icon-entry \"  itemscope=\"itemscope\" itemtype=\"https:\/\/schema.org\/CreativeWork\" ><div class=\"iconlist_content_wrap\"><header class=\"entry-content-header\" aria-label=\"Icon: \"><\/header><div class='iconlist_content '  itemprop=\"text\" ><p> Arantxa Aranguren,\u00a0noticiasdenavarra.com 14\/12\/2018.\u00a0<a href=\"https:\/\/www.noticiasdenavarra.com\/2018\/12\/14\/ocio-y-cultura\/cultura\/recuperar-la-memoria-es-la-unica-forma-de-curar-las-heridas\">\u201cRecuperar la memoria es la \u00fanica forma de curar las heridas\u201d<\/a><\/p>\n<\/div><\/div><footer class=\"entry-footer\"><\/footer><\/article><div class=\"iconlist-timeline\"><\/div><\/li> <li><div class='iconlist_icon av-143b25g-2e09ef952c44e550216dc3cbe452e39a avia-font-entypo-fontello avia-iconfont avia-font-entypo-fontello'><span class='av-icon-char' data-av_icon='\ue84d' data-av_iconfont='entypo-fontello' aria-hidden=\"true\"><\/span><\/div><article class=\"article-icon-entry \"  itemscope=\"itemscope\" itemtype=\"https:\/\/schema.org\/CreativeWork\" ><div class=\"iconlist_content_wrap\"><header class=\"entry-content-header\" aria-label=\"Icon: \"><\/header><div class='iconlist_content '  itemprop=\"text\" ><p> Mar\u00eda Garc\u00eda Alonso, abc.es 10\/12\/2018. \u00a0<a href=\"https:\/\/www.abc.es\/espana\/castilla-la-mancha\/abci-recuerdos-desdibujados-represion-franquista-201812101032_noticia.html\">Los recuerdos disdibujados por la represi\u00f3n franquista<\/a><\/p>\n<\/div><\/div><footer class=\"entry-footer\"><\/footer><\/article><div class=\"iconlist-timeline\"><\/div><\/li> <li><div class='iconlist_icon av-143b25g-2e09ef952c44e550216dc3cbe452e39a avia-font-entypo-fontello avia-iconfont avia-font-entypo-fontello'><span class='av-icon-char' data-av_icon='\ue84d' data-av_iconfont='entypo-fontello' aria-hidden=\"true\"><\/span><\/div><article class=\"article-icon-entry \"  itemscope=\"itemscope\" itemtype=\"https:\/\/schema.org\/CreativeWork\" ><div class=\"iconlist_content_wrap\"><header class=\"entry-content-header\" aria-label=\"Icon: \"><\/header><div class='iconlist_content '  itemprop=\"text\" ><p> Francisco Ferr\u00e1ndiz, efedocanalisis.com 19\/11\/2018.\u00a0<a href=\"https:\/\/www.efedocanalisis.com\/noticia\/la-memoria-historica-la-espana-contemporanea-fin-del-20n-valle-los-caidos\/?fbclid=IwAR1puxjSE0qJ1tD9J_KfsE59SF1GjaFormanrQGoJA4V6FX7dLXRQ2R2RUw\">La memoria hist\u00f3rica y el fin del 20N en el Valle de los Ca\u00eddos<\/a><\/p>\n<\/div><\/div><footer class=\"entry-footer\"><\/footer><\/article><div class=\"iconlist-timeline\"><\/div><\/li> <li><div class='iconlist_icon av-143b25g-2e09ef952c44e550216dc3cbe452e39a avia-font-entypo-fontello avia-iconfont avia-font-entypo-fontello'><span class='av-icon-char' data-av_icon='\ue84d' data-av_iconfont='entypo-fontello' aria-hidden=\"true\"><\/span><\/div><article class=\"article-icon-entry \"  itemscope=\"itemscope\" itemtype=\"https:\/\/schema.org\/CreativeWork\" ><div class=\"iconlist_content_wrap\"><header class=\"entry-content-header\" aria-label=\"Icon: \"><\/header><div class='iconlist_content '  itemprop=\"text\" ><p> Francisco Etxeberr\u00eda, elpais.com 09\/11\/2018.\u00a0<a href=\"https:\/\/elpais.com\/politica\/2018\/11\/08\/actualidad\/1541708556_594219.html\">Antes las v\u00edctimas que su verdugo<\/a><\/p>\n<\/div><\/div><footer class=\"entry-footer\"><\/footer><\/article><div class=\"iconlist-timeline\"><\/div><\/li> <li><div class='iconlist_icon av-143b25g-2e09ef952c44e550216dc3cbe452e39a avia-font-entypo-fontello avia-iconfont avia-font-entypo-fontello'><span class='av-icon-char' data-av_icon='\ue84d' data-av_iconfont='entypo-fontello' aria-hidden=\"true\"><\/span><\/div><article class=\"article-icon-entry \"  itemscope=\"itemscope\" itemtype=\"https:\/\/schema.org\/CreativeWork\" ><div class=\"iconlist_content_wrap\"><header class=\"entry-content-header\" aria-label=\"Icon: \"><\/header><div class='iconlist_content '  itemprop=\"text\" ><p> Francisco Ferr\u00e1ndiz, veja.abril.com 09\/11\/2018.\u00a0<a href=\"https:\/\/veja.abril.com.br\/mundo\/e-o-ditador-se-mexe-no-tumulo\/\">E o ditador se mexe no t\u00famulo<\/a><\/p>\n<\/div><\/div><footer class=\"entry-footer\"><\/footer><\/article><div class=\"iconlist-timeline\"><\/div><\/li> <li><div class='iconlist_icon av-143b25g-2e09ef952c44e550216dc3cbe452e39a avia-font-entypo-fontello avia-iconfont avia-font-entypo-fontello'><span class='av-icon-char' data-av_icon='\ue84d' data-av_iconfont='entypo-fontello' aria-hidden=\"true\"><\/span><\/div><article class=\"article-icon-entry \"  itemscope=\"itemscope\" itemtype=\"https:\/\/schema.org\/CreativeWork\" ><div class=\"iconlist_content_wrap\"><header class=\"entry-content-header\" aria-label=\"Icon: \"><\/header><div class='iconlist_content '  itemprop=\"text\" ><p> Francisco Ferr\u00e1ndiz, elespanol.com 09\/11\/2018.\u00a0<a href=\"https:\/\/www.elespanol.com\/espana\/politica\/20181109\/gobierno-no-victimas-transicion-podemos-nunca-criminalizaremos\/351715875_0.html\">El Gobierno no acepta las &#8220;v\u00edctimas de la Transici\u00f3n&#8221; de Podemos: &#8220;Nunca criminalizaremos el 78&#8221;<\/a><\/p>\n<\/div><\/div><footer class=\"entry-footer\"><\/footer><\/article><div class=\"iconlist-timeline\"><\/div><\/li> <li><div class='iconlist_icon av-143b25g-2e09ef952c44e550216dc3cbe452e39a avia-font-entypo-fontello avia-iconfont avia-font-entypo-fontello'><span class='av-icon-char' data-av_icon='\ue84d' data-av_iconfont='entypo-fontello' aria-hidden=\"true\"><\/span><\/div><article class=\"article-icon-entry \"  itemscope=\"itemscope\" itemtype=\"https:\/\/schema.org\/CreativeWork\" ><div class=\"iconlist_content_wrap\"><header class=\"entry-content-header\" aria-label=\"Icon: \"><\/header><div class='iconlist_content '  itemprop=\"text\" ><p> Francisco Etxeberr\u00eda, elespanol.com 04\/11\/2018.\u00a0<a href=\"https:\/\/www.elespanol.com\/espana\/politica\/20181104\/gobierno-ficha-exhumador-mola-sanjurjo-excavar-franquismo\/350215611_0.html\">El Gobierno ficha al exhumador de Mola y Sanjurjo para excavar las fosas del franquismo<\/a><\/p>\n<\/div><\/div><footer class=\"entry-footer\"><\/footer><\/article><div class=\"iconlist-timeline\"><\/div><\/li> <li><div class='iconlist_icon av-143b25g-2e09ef952c44e550216dc3cbe452e39a avia-font-entypo-fontello avia-iconfont avia-font-entypo-fontello'><span class='av-icon-char' data-av_icon='\ue84d' data-av_iconfont='entypo-fontello' aria-hidden=\"true\"><\/span><\/div><article class=\"article-icon-entry \"  itemscope=\"itemscope\" itemtype=\"https:\/\/schema.org\/CreativeWork\" ><div class=\"iconlist_content_wrap\"><header class=\"entry-content-header\" aria-label=\"Icon: \"><\/header><div class='iconlist_content '  itemprop=\"text\" ><p> Juli\u00e1n L\u00f3pez, Mar\u00eda Garc\u00eda Alonso y Alfonso Villalta, eldiadigital.es 03\/11\/2018.\u00a0<a href=\"https:\/\/eldiadigital.es\/art\/274962\/un-libro-rehumaniza-a-4000-ciudadrealenos-asesinados-en-el-franquismo\">Un libro &#8220;rehumaniza&#8221; a 4.000 ciudadreale\u00f1os asesinados en el Franquismo<\/a><\/p>\n<\/div><\/div><footer class=\"entry-footer\"><\/footer><\/article><div class=\"iconlist-timeline\"><\/div><\/li> <li><div class='iconlist_icon av-143b25g-2e09ef952c44e550216dc3cbe452e39a avia-font-entypo-fontello avia-iconfont avia-font-entypo-fontello'><span class='av-icon-char' data-av_icon='\ue84d' data-av_iconfont='entypo-fontello' aria-hidden=\"true\"><\/span><\/div><article class=\"article-icon-entry \"  itemscope=\"itemscope\" itemtype=\"https:\/\/schema.org\/CreativeWork\" ><div class=\"iconlist_content_wrap\"><header class=\"entry-content-header\" aria-label=\"Icon: \"><\/header><div class='iconlist_content '  itemprop=\"text\" ><p> Francisco Ferr\u00e1ndiz, faz.net 01\/11\/2018.\u00a0<a href=\"http:\/\/www.faz.net\/aktuell\/feuilleton\/wie-der-spanische-diktator-franco-spanien-beeinflusst-15867305-p2.html?printPagedArticle=true#pageIndex_1\">Die hei\u00dfe Asche des Diktators<\/a><\/p>\n<\/div><\/div><footer class=\"entry-footer\"><\/footer><\/article><div class=\"iconlist-timeline\"><\/div><\/li> <li><div class='iconlist_icon av-143b25g-2e09ef952c44e550216dc3cbe452e39a avia-font-entypo-fontello avia-iconfont avia-font-entypo-fontello'><span class='av-icon-char' data-av_icon='\ue84d' data-av_iconfont='entypo-fontello' aria-hidden=\"true\"><\/span><\/div><article class=\"article-icon-entry \"  itemscope=\"itemscope\" itemtype=\"https:\/\/schema.org\/CreativeWork\" ><div class=\"iconlist_content_wrap\"><header class=\"entry-content-header\" aria-label=\"Icon: \"><\/header><div class='iconlist_content '  itemprop=\"text\" ><p> Francisco Ferr\u00e1ndiz, ara.cat 31\/10\/2018.\u00a0<a href=\"https:\/\/www.ara.cat\/cultura\/MIRADA-DELS-EXPERTS-EUROPEUSRes-innocent_0_2117188277.html\">La mirada dels experts europeus: Res no \u00e9s innocent<\/a><\/p>\n<\/div><\/div><footer class=\"entry-footer\"><\/footer><\/article><div class=\"iconlist-timeline\"><\/div><\/li> <li><div class='iconlist_icon av-143b25g-2e09ef952c44e550216dc3cbe452e39a avia-font-entypo-fontello avia-iconfont avia-font-entypo-fontello'><span class='av-icon-char' data-av_icon='\ue84d' data-av_iconfont='entypo-fontello' aria-hidden=\"true\"><\/span><\/div><article class=\"article-icon-entry \"  itemscope=\"itemscope\" itemtype=\"https:\/\/schema.org\/CreativeWork\" ><div class=\"iconlist_content_wrap\"><header class=\"entry-content-header\" aria-label=\"Icon: \"><\/header><div class='iconlist_content '  itemprop=\"text\" ><p> Luis Fondebrider, presidencia.gub.uy 30\/10\/2018.\u00a0<a href=\"https:\/\/presidencia.gub.uy\/comunicacion\/comunicacionnoticias\/michelini-dictadura-excavaciones-pasado-reciente\">Antrop\u00f3logos argentinos colaboran con colegas uruguayos en busca de restos de detenidos desaparecidos<\/a><\/p>\n<\/div><\/div><footer class=\"entry-footer\"><\/footer><\/article><div class=\"iconlist-timeline\"><\/div><\/li> <li><div class='iconlist_icon av-143b25g-2e09ef952c44e550216dc3cbe452e39a avia-font-entypo-fontello avia-iconfont avia-font-entypo-fontello'><span class='av-icon-char' data-av_icon='\ue84d' data-av_iconfont='entypo-fontello' aria-hidden=\"true\"><\/span><\/div><article class=\"article-icon-entry \"  itemscope=\"itemscope\" itemtype=\"https:\/\/schema.org\/CreativeWork\" ><div class=\"iconlist_content_wrap\"><header class=\"entry-content-header\" aria-label=\"Icon: \"><\/header><div class='iconlist_content '  itemprop=\"text\" ><p> Francisco Etxeberr\u00eda y Francisco Ferr\u00e1ndiz, Ministerio de Justicia 29\/10\/2018.\u00a0<a href=\"http:\/\/www.mjusticia.gob.es\/cs\/Satellite\/Portal\/es\/ministerio\/gabinete-comunicacion\/noticias-ministerio\/encuentro-forense-francisco\">Encuentro con el forense Francisco Etxeberr\u00eda y el antrop\u00f3logo Francisco Ferr\u00e1ndiz<\/a><\/p>\n<\/div><\/div><footer class=\"entry-footer\"><\/footer><\/article><div class=\"iconlist-timeline\"><\/div><\/li> <li><div class='iconlist_icon av-143b25g-2e09ef952c44e550216dc3cbe452e39a avia-font-entypo-fontello avia-iconfont avia-font-entypo-fontello'><span class='av-icon-char' data-av_icon='\ue84d' data-av_iconfont='entypo-fontello' aria-hidden=\"true\"><\/span><\/div><article class=\"article-icon-entry \"  itemscope=\"itemscope\" itemtype=\"https:\/\/schema.org\/CreativeWork\" ><div class=\"iconlist_content_wrap\"><header class=\"entry-content-header\" aria-label=\"Icon: \"><\/header><div class='iconlist_content '  itemprop=\"text\" ><p> Francisco Ferr\u00e1ndiz y Marije Hristova , diariovasco.com 25\/10\/2018.\u00a0<a href=\"https:\/\/www.diariovasco.com\/politica\/informe-parlamento-desaconseja-20181025003836-ntvo.html\">Un informe para el Parlamento desaconseja crear una ley de Memoria Hist\u00f3rica en Euskadi<\/a><\/p>\n<\/div><\/div><footer class=\"entry-footer\"><\/footer><\/article><div class=\"iconlist-timeline\"><\/div><\/li> <li><div class='iconlist_icon av-143b25g-2e09ef952c44e550216dc3cbe452e39a avia-font-entypo-fontello avia-iconfont avia-font-entypo-fontello'><span class='av-icon-char' data-av_icon='\ue84d' data-av_iconfont='entypo-fontello' aria-hidden=\"true\"><\/span><\/div><article class=\"article-icon-entry \"  itemscope=\"itemscope\" itemtype=\"https:\/\/schema.org\/CreativeWork\" ><div class=\"iconlist_content_wrap\"><header class=\"entry-content-header\" aria-label=\"Icon: \"><\/header><div class='iconlist_content '  itemprop=\"text\" ><p> Francisco Etxeberr\u00eda, elpais.com 19\/10\/2018.\u00a0<a href=\"https:\/\/elpais.com\/elpais\/2018\/09\/27\/ciencia\/1538058145_715458.html\">El an\u00e1lisis del ADN de 81 casos descarta que fueran beb\u00e9s robados<\/a><\/p>\n<\/div><\/div><footer class=\"entry-footer\"><\/footer><\/article><div class=\"iconlist-timeline\"><\/div><\/li> <li><div class='iconlist_icon av-143b25g-2e09ef952c44e550216dc3cbe452e39a avia-font-entypo-fontello avia-iconfont avia-font-entypo-fontello'><span class='av-icon-char' data-av_icon='\ue84d' data-av_iconfont='entypo-fontello' aria-hidden=\"true\"><\/span><\/div><article class=\"article-icon-entry \"  itemscope=\"itemscope\" itemtype=\"https:\/\/schema.org\/CreativeWork\" ><div class=\"iconlist_content_wrap\"><header class=\"entry-content-header\" aria-label=\"Icon: \"><\/header><div class='iconlist_content '  itemprop=\"text\" ><p> Francisco Ferr\u00e1ndiz, The Washington Post 19\/10\/2018.\u00a0<a href=\"https:\/\/www.washingtonpost.com\/world\/europe\/spains-plan-to-exhume-franco-digs-up-memories-of-an-unsettled-past\/2018\/10\/18\/3531e1b4-c0e9-11e8-9f4f-a1b7af255aa5_story.html?noredirect=on&amp;utm_term=.6a549a938fda\">Spain\u2019s plan to exhume Franco revives memories of an unsettled past<\/a><\/p>\n<\/div><\/div><footer class=\"entry-footer\"><\/footer><\/article><div class=\"iconlist-timeline\"><\/div><\/li> <li><div class='iconlist_icon av-143b25g-2e09ef952c44e550216dc3cbe452e39a avia-font-entypo-fontello avia-iconfont avia-font-entypo-fontello'><span class='av-icon-char' data-av_icon='\ue84d' data-av_iconfont='entypo-fontello' aria-hidden=\"true\"><\/span><\/div><article class=\"article-icon-entry \"  itemscope=\"itemscope\" itemtype=\"https:\/\/schema.org\/CreativeWork\" ><div class=\"iconlist_content_wrap\"><header class=\"entry-content-header\" aria-label=\"Icon: \"><\/header><div class='iconlist_content '  itemprop=\"text\" ><p> Francisco Etxeberr\u00eda, elcomercio.es 19\/10\/2018.\u00a0<a href=\"https:\/\/www.elcomercio.es\/gijon\/francisco-etxeberria-afirma-20181019002852-ntvo.html\">Francisco Etxeberr\u00eda afirma que Franco \u00abno tiene ning\u00fan derecho a estar en el Valle de los Ca\u00eddos\u00bb<\/a><\/p>\n<\/div><\/div><footer class=\"entry-footer\"><\/footer><\/article><div class=\"iconlist-timeline\"><\/div><\/li> <li><div class='iconlist_icon av-143b25g-2e09ef952c44e550216dc3cbe452e39a avia-font-entypo-fontello avia-iconfont avia-font-entypo-fontello'><span class='av-icon-char' data-av_icon='\ue84d' data-av_iconfont='entypo-fontello' aria-hidden=\"true\"><\/span><\/div><article class=\"article-icon-entry \"  itemscope=\"itemscope\" itemtype=\"https:\/\/schema.org\/CreativeWork\" ><div class=\"iconlist_content_wrap\"><header class=\"entry-content-header\" aria-label=\"Icon: \"><\/header><div class='iconlist_content '  itemprop=\"text\" ><p> Francisco Ferr\u00e1ndiz, lavanguardia.com 18\/10\/2018.\u00a0<a href=\"https:\/\/www.lavanguardia.com\/local\/madrid\/20181018\/452415923951\/valiente-presenta-el-diccionario-de-la-memoria-que-aborda-traumas-politicos-en-europa-y-america-desde-el-siglo-xx.html\">Valiente presenta el &#8216;Diccionario de la memoria&#8217;, que aborda &#8220;traumas pol\u00edticos&#8221; en Europa y Am\u00e9rica desde el siglo XX<\/a><\/p>\n<\/div><\/div><footer class=\"entry-footer\"><\/footer><\/article><div class=\"iconlist-timeline\"><\/div><\/li> <li><div class='iconlist_icon av-143b25g-2e09ef952c44e550216dc3cbe452e39a avia-font-entypo-fontello avia-iconfont avia-font-entypo-fontello'><span class='av-icon-char' data-av_icon='\ue84d' data-av_iconfont='entypo-fontello' aria-hidden=\"true\"><\/span><\/div><article class=\"article-icon-entry \"  itemscope=\"itemscope\" itemtype=\"https:\/\/schema.org\/CreativeWork\" ><div class=\"iconlist_content_wrap\"><header class=\"entry-content-header\" aria-label=\"Icon: \"><\/header><div class='iconlist_content '  itemprop=\"text\" ><p> Lourdes Herrasti y Francisco Etxeberr\u00eda, lamarea.com 05\/10\/2018.\u00a0<a href=\"https:\/\/m.lamarea.com\/2018\/10\/05\/un-crowdfunding-para-exhumar-a-12-de-los-114-000-desaparecidos-en-espana\/\">Un \u2018crowdfunding\u2019 para exhumar a 12 de los 114.000 desaparecidos en Espa\u00f1a<\/a><\/p>\n<\/div><\/div><footer class=\"entry-footer\"><\/footer><\/article><div class=\"iconlist-timeline\"><\/div><\/li> <li><div class='iconlist_icon av-143b25g-2e09ef952c44e550216dc3cbe452e39a avia-font-entypo-fontello avia-iconfont avia-font-entypo-fontello'><span class='av-icon-char' data-av_icon='\ue84d' data-av_iconfont='entypo-fontello' aria-hidden=\"true\"><\/span><\/div><article class=\"article-icon-entry \"  itemscope=\"itemscope\" itemtype=\"https:\/\/schema.org\/CreativeWork\" ><div class=\"iconlist_content_wrap\"><header class=\"entry-content-header\" aria-label=\"Icon: \"><\/header><div class='iconlist_content '  itemprop=\"text\" ><p> Francisco Ferr\u00e1ndiz, noticiasdenavarra.com 30\/09\/2018.\u00a0<a href=\"..\/wp-content\/uploads\/2018\/10\/El-Diario-de-Noticias-de-Navarra-30-sept-2018.pdf\">\u00bfQu\u00e9 hacer con el Valle de los Ca\u00eddos?<\/a><\/p>\n<\/div><\/div><footer class=\"entry-footer\"><\/footer><\/article><div class=\"iconlist-timeline\"><\/div><\/li> <li><div class='iconlist_icon av-143b25g-2e09ef952c44e550216dc3cbe452e39a avia-font-entypo-fontello avia-iconfont avia-font-entypo-fontello'><span class='av-icon-char' data-av_icon='\ue84d' data-av_iconfont='entypo-fontello' aria-hidden=\"true\"><\/span><\/div><article class=\"article-icon-entry \"  itemscope=\"itemscope\" itemtype=\"https:\/\/schema.org\/CreativeWork\" ><div class=\"iconlist_content_wrap\"><header class=\"entry-content-header\" aria-label=\"Icon: \"><\/header><div class='iconlist_content '  itemprop=\"text\" ><p> Queralt Sol\u00e9, elpais.com 29\/09\/2018.\u00a0<a href=\"https:\/\/elpais.com\/politica\/2018\/09\/29\/actualidad\/1538206645_101721.html\">La familia de Franco quiere enterrarlo en la catedral de La Almudena si se exhuma<\/a><\/p>\n<\/div><\/div><footer class=\"entry-footer\"><\/footer><\/article><div class=\"iconlist-timeline\"><\/div><\/li> <li><div class='iconlist_icon av-143b25g-2e09ef952c44e550216dc3cbe452e39a avia-font-entypo-fontello avia-iconfont avia-font-entypo-fontello'><span class='av-icon-char' data-av_icon='\ue84d' data-av_iconfont='entypo-fontello' aria-hidden=\"true\"><\/span><\/div><article class=\"article-icon-entry \"  itemscope=\"itemscope\" itemtype=\"https:\/\/schema.org\/CreativeWork\" ><div class=\"iconlist_content_wrap\"><header class=\"entry-content-header\" aria-label=\"Icon: \"><\/header><div class='iconlist_content '  itemprop=\"text\" ><p> Francisco Ferr\u00e1ndiz, faz.net 16\/09\/2018.\u00a0<a href=\"..\/wp-content\/uploads\/2018\/09\/FrancoFAZ.pdf\">Wer will den toten Franco?<\/a><\/p>\n<\/div><\/div><footer class=\"entry-footer\"><\/footer><\/article><div class=\"iconlist-timeline\"><\/div><\/li> <li><div class='iconlist_icon av-143b25g-2e09ef952c44e550216dc3cbe452e39a avia-font-entypo-fontello avia-iconfont avia-font-entypo-fontello'><span class='av-icon-char' data-av_icon='\ue84d' data-av_iconfont='entypo-fontello' aria-hidden=\"true\"><\/span><\/div><article class=\"article-icon-entry \"  itemscope=\"itemscope\" itemtype=\"https:\/\/schema.org\/CreativeWork\" ><div class=\"iconlist_content_wrap\"><header class=\"entry-content-header\" aria-label=\"Icon: \"><\/header><div class='iconlist_content '  itemprop=\"text\" ><p> Francisco Ferr\u00e1ndiz, .elespanol.com 01\/09\/2018.\u00a0<a href=\"https:\/\/www.elespanol.com\/espana\/politica\/20180901\/valle-caidos-gran-oportunidad-perdida-pedro-sanchez\/334467644_0.html\">El Valle de los Ca\u00eddos, &#8220;la gran oportunidad perdida de Pedro S\u00e1nchez&#8221;<\/a><\/p>\n<\/div><\/div><footer class=\"entry-footer\"><\/footer><\/article><div class=\"iconlist-timeline\"><\/div><\/li> <li><div class='iconlist_icon av-143b25g-2e09ef952c44e550216dc3cbe452e39a avia-font-entypo-fontello avia-iconfont avia-font-entypo-fontello'><span class='av-icon-char' data-av_icon='\ue84d' data-av_iconfont='entypo-fontello' aria-hidden=\"true\"><\/span><\/div><article class=\"article-icon-entry \"  itemscope=\"itemscope\" itemtype=\"https:\/\/schema.org\/CreativeWork\" ><div class=\"iconlist_content_wrap\"><header class=\"entry-content-header\" aria-label=\"Icon: \"><\/header><div class='iconlist_content '  itemprop=\"text\" ><p> Francisco Ferr\u00e1ndiz, .eldiario.es 29\/08\/2018.\u00a0<a href=\"https:\/\/www.eldiario.es\/sociedad\/incierto-Valle-Caidos-Gobierno-decrepitud_0_808769679.html\">El incierto futuro del Valle de los Ca\u00eddos<\/a><\/p>\n<\/div><\/div><footer class=\"entry-footer\"><\/footer><\/article><div class=\"iconlist-timeline\"><\/div><\/li> <li><div class='iconlist_icon av-143b25g-2e09ef952c44e550216dc3cbe452e39a avia-font-entypo-fontello avia-iconfont avia-font-entypo-fontello'><span class='av-icon-char' data-av_icon='\ue84d' data-av_iconfont='entypo-fontello' aria-hidden=\"true\"><\/span><\/div><article class=\"article-icon-entry \"  itemscope=\"itemscope\" itemtype=\"https:\/\/schema.org\/CreativeWork\" ><div class=\"iconlist_content_wrap\"><header class=\"entry-content-header\" aria-label=\"Icon: \"><\/header><div class='iconlist_content '  itemprop=\"text\" ><p> Francisco Ferr\u00e1ndiz y Queralt Sol\u00e9, ARA 25\/08\/2018.<a href=\"https:\/\/www.ara.cat\/cultura\/visibles-ferides-del-Valle-Caidos_0_2076392376.html\">Fer visibles les ferides del Valle de los Ca\u00eddos<\/a> <\/p>\n<\/div><\/div><footer class=\"entry-footer\"><\/footer><\/article><div class=\"iconlist-timeline\"><\/div><\/li> <li><div class='iconlist_icon av-143b25g-2e09ef952c44e550216dc3cbe452e39a avia-font-entypo-fontello avia-iconfont avia-font-entypo-fontello'><span class='av-icon-char' data-av_icon='\ue84d' data-av_iconfont='entypo-fontello' aria-hidden=\"true\"><\/span><\/div><article class=\"article-icon-entry \"  itemscope=\"itemscope\" itemtype=\"https:\/\/schema.org\/CreativeWork\" ><div class=\"iconlist_content_wrap\"><header class=\"entry-content-header\" aria-label=\"Icon: \"><\/header><div class='iconlist_content '  itemprop=\"text\" ><p> Francisco Ferr\u00e1ndiz, .mediapart.fr 24\/08\/2018.\u00a0<a href=\"..\/wp-content\/uploads\/2018\/08\/Franco-Mediapart.pdf\">Le mausol\u00e9e de Franco, cet h\u00e9ritage qui empoisonne l\u2019Espagne<\/a><\/p>\n<\/div><\/div><footer class=\"entry-footer\"><\/footer><\/article><div class=\"iconlist-timeline\"><\/div><\/li> <li><div class='iconlist_icon av-143b25g-2e09ef952c44e550216dc3cbe452e39a avia-font-entypo-fontello avia-iconfont avia-font-entypo-fontello'><span class='av-icon-char' data-av_icon='\ue84d' data-av_iconfont='entypo-fontello' aria-hidden=\"true\"><\/span><\/div><article class=\"article-icon-entry \"  itemscope=\"itemscope\" itemtype=\"https:\/\/schema.org\/CreativeWork\" ><div class=\"iconlist_content_wrap\"><header class=\"entry-content-header\" aria-label=\"Icon: \"><\/header><div class='iconlist_content '  itemprop=\"text\" ><p> Francisco Ferr\u00e1ndiz, .eluniversal.com 24\/08\/2018.\u00a0<a href=\"http:\/\/www.eluniversal.com\/internacional\/18665\/gobierno-espanol-inicia-proceso-legal-para-exhumar-al-dictador-francisco-franco\">Gobierno espa\u00f1ol inicia proceso legal para exhumar al dictador Francisco Franco<\/a><\/p>\n<\/div><\/div><footer class=\"entry-footer\"><\/footer><\/article><div class=\"iconlist-timeline\"><\/div><\/li> <li><div class='iconlist_icon av-143b25g-2e09ef952c44e550216dc3cbe452e39a avia-font-entypo-fontello avia-iconfont avia-font-entypo-fontello'><span class='av-icon-char' data-av_icon='\ue84d' data-av_iconfont='entypo-fontello' aria-hidden=\"true\"><\/span><\/div><article class=\"article-icon-entry \"  itemscope=\"itemscope\" itemtype=\"https:\/\/schema.org\/CreativeWork\" ><div class=\"iconlist_content_wrap\"><header class=\"entry-content-header\" aria-label=\"Icon: \"><\/header><div class='iconlist_content '  itemprop=\"text\" ><p> Francisco Ferr\u00e1ndiz, .eldiario.es 22\/08\/2018.\u00a0<a href=\"https:\/\/www.eldiario.es\/sociedad\/Franco-dictador-enterrado-honores-incomoda_0_799320805.html\">Franco: de dictador enterrado con honores a momia inc\u00f3moda<\/a><\/p>\n<\/div><\/div><footer class=\"entry-footer\"><\/footer><\/article><div class=\"iconlist-timeline\"><\/div><\/li> <li><div class='iconlist_icon av-143b25g-2e09ef952c44e550216dc3cbe452e39a avia-font-entypo-fontello avia-iconfont avia-font-entypo-fontello'><span class='av-icon-char' data-av_icon='\ue84d' data-av_iconfont='entypo-fontello' aria-hidden=\"true\"><\/span><\/div><article class=\"article-icon-entry \"  itemscope=\"itemscope\" itemtype=\"https:\/\/schema.org\/CreativeWork\" ><div class=\"iconlist_content_wrap\"><header class=\"entry-content-header\" aria-label=\"Icon: \"><\/header><div class='iconlist_content '  itemprop=\"text\" ><p> Francisco Ferr\u00e1ndiz, eitb.eus 22\/08\/2018.\u00a0<a href=\"https:\/\/www.eitb.eus\/es\/radio\/radio-euskadi\/programas\/ganbara\/detalle\/5805914\/lo-importante-es-exhumacion-sea-irreversible\/\">&#8220;Lo importante es que la exhumaci\u00f3n sea irreversible&#8221;<\/a><\/p>\n<\/div><\/div><footer class=\"entry-footer\"><\/footer><\/article><div class=\"iconlist-timeline\"><\/div><\/li> <li><div class='iconlist_icon av-143b25g-2e09ef952c44e550216dc3cbe452e39a avia-font-entypo-fontello avia-iconfont avia-font-entypo-fontello'><span class='av-icon-char' data-av_icon='\ue84d' data-av_iconfont='entypo-fontello' aria-hidden=\"true\"><\/span><\/div><article class=\"article-icon-entry \"  itemscope=\"itemscope\" itemtype=\"https:\/\/schema.org\/CreativeWork\" ><div class=\"iconlist_content_wrap\"><header class=\"entry-content-header\" aria-label=\"Icon: \"><\/header><div class='iconlist_content '  itemprop=\"text\" ><p> Francisco Ferr\u00e1ndiz, eldiario.es 11\/08\/2018.\u00a0<a href=\"https:\/\/www.eldiario.es\/buscandoafranco\/hacemos-ahora-Valle_6_802179789.html\">\u00bfY qu\u00e9 hacemos ahora con el Valle?<\/a><\/p>\n<\/div><\/div><footer class=\"entry-footer\"><\/footer><\/article><div class=\"iconlist-timeline\"><\/div><\/li> <li><div class='iconlist_icon av-143b25g-2e09ef952c44e550216dc3cbe452e39a avia-font-entypo-fontello avia-iconfont avia-font-entypo-fontello'><span class='av-icon-char' data-av_icon='\ue84d' data-av_iconfont='entypo-fontello' aria-hidden=\"true\"><\/span><\/div><article class=\"article-icon-entry \"  itemscope=\"itemscope\" itemtype=\"https:\/\/schema.org\/CreativeWork\" ><div class=\"iconlist_content_wrap\"><header class=\"entry-content-header\" aria-label=\"Icon: \"><\/header><div class='iconlist_content '  itemprop=\"text\" ><p> M.Laura Mart\u00edn-Chiappe, blogs.publico.es 09\/08\/2018.\u00a0<a href=\"https:\/\/blogs.publico.es\/dominiopublico\/26205\/una-memoria-plural-inclusiva-y-feminista\/\">Una memoria plural, inclusiva y feminista<\/a><\/p>\n<\/div><\/div><footer class=\"entry-footer\"><\/footer><\/article><div class=\"iconlist-timeline\"><\/div><\/li> <li><div class='iconlist_icon av-143b25g-2e09ef952c44e550216dc3cbe452e39a avia-font-entypo-fontello avia-iconfont avia-font-entypo-fontello'><span class='av-icon-char' data-av_icon='\ue84d' data-av_iconfont='entypo-fontello' aria-hidden=\"true\"><\/span><\/div><article class=\"article-icon-entry \"  itemscope=\"itemscope\" itemtype=\"https:\/\/schema.org\/CreativeWork\" ><div class=\"iconlist_content_wrap\"><header class=\"entry-content-header\" aria-label=\"Icon: \"><\/header><div class='iconlist_content '  itemprop=\"text\" ><p> Francisco Ferr\u00e1ndiz, politico.eu 04\/08\/2018.\u00a0<a href=\"https:\/\/www.politico.eu\/article\/spain-francisco-franco-pedro-sanchez-valley-of-the-fallen-plan-bring-up-the-body\/\">Spain\u2019s Franco plan: Bring up the body<\/a><\/p>\n<\/div><\/div><footer class=\"entry-footer\"><\/footer><\/article><div class=\"iconlist-timeline\"><\/div><\/li> <li><div class='iconlist_icon av-143b25g-2e09ef952c44e550216dc3cbe452e39a avia-font-entypo-fontello avia-iconfont avia-font-entypo-fontello'><span class='av-icon-char' data-av_icon='\ue84d' data-av_iconfont='entypo-fontello' aria-hidden=\"true\"><\/span><\/div><article class=\"article-icon-entry \"  itemscope=\"itemscope\" itemtype=\"https:\/\/schema.org\/CreativeWork\" ><div class=\"iconlist_content_wrap\"><header class=\"entry-content-header\" aria-label=\"Icon: \"><\/header><div class='iconlist_content '  itemprop=\"text\" ><p>noticiasdegipuzkoa.eus 22\/07\/ 2018 . <a href=\"http:\/\/www.noticiasdegipuzkoa.eus\/2018\/07\/22\/politica\/forenses-de-todo-el-mundo-visitan-la-fosa-comun-de-oiartzun\">Forenses de todo el mundo visitan la fosa com\u00fan de Oiartzun<\/a><\/p>\n<\/div><\/div><footer class=\"entry-footer\"><\/footer><\/article><div class=\"iconlist-timeline\"><\/div><\/li> <li><div class='iconlist_icon av-143b25g-2e09ef952c44e550216dc3cbe452e39a avia-font-entypo-fontello avia-iconfont avia-font-entypo-fontello'><span class='av-icon-char' data-av_icon='\ue84d' data-av_iconfont='entypo-fontello' aria-hidden=\"true\"><\/span><\/div><article class=\"article-icon-entry \"  itemscope=\"itemscope\" itemtype=\"https:\/\/schema.org\/CreativeWork\" ><div class=\"iconlist_content_wrap\"><header class=\"entry-content-header\" aria-label=\"Icon: \"><\/header><div class='iconlist_content '  itemprop=\"text\" ><p>eldiario.es 21\/07\/ 2018 . <a href=\"https:\/\/www.eldiario.es\/sociedad\/Franco-extrano-Valle-Caidos-irreversible_0_795120698.html\">&#8220;Franco es un cuerpo extra\u00f1o en el Valle de los Ca\u00eddos y su salida ha de ser irreversible&#8221;<\/a><\/p>\n<\/div><\/div><footer class=\"entry-footer\"><\/footer><\/article><div class=\"iconlist-timeline\"><\/div><\/li> <li><div class='iconlist_icon av-143b25g-2e09ef952c44e550216dc3cbe452e39a avia-font-entypo-fontello avia-iconfont avia-font-entypo-fontello'><span class='av-icon-char' data-av_icon='\ue84d' data-av_iconfont='entypo-fontello' aria-hidden=\"true\"><\/span><\/div><article class=\"article-icon-entry \"  itemscope=\"itemscope\" itemtype=\"https:\/\/schema.org\/CreativeWork\" ><div class=\"iconlist_content_wrap\"><header class=\"entry-content-header\" aria-label=\"Icon: \"><\/header><div class='iconlist_content '  itemprop=\"text\" ><p>irekia.euskadi.eus 21\/07\/ 2018 . <a href=\"https:\/\/www.irekia.euskadi.eus\/mobile\/es\/news\/47732\">Las Comunidades Aut\u00f3nomas han mostrado voluntad para profundizar en la colaboraci\u00f3n interauton\u00f3mica<\/a><\/p>\n<\/div><\/div><footer class=\"entry-footer\"><\/footer><\/article><div class=\"iconlist-timeline\"><\/div><\/li> <li><div class='iconlist_icon av-143b25g-2e09ef952c44e550216dc3cbe452e39a avia-font-entypo-fontello avia-iconfont avia-font-entypo-fontello'><span class='av-icon-char' data-av_icon='\ue84d' data-av_iconfont='entypo-fontello' aria-hidden=\"true\"><\/span><\/div><article class=\"article-icon-entry \"  itemscope=\"itemscope\" itemtype=\"https:\/\/schema.org\/CreativeWork\" ><div class=\"iconlist_content_wrap\"><header class=\"entry-content-header\" aria-label=\"Icon: \"><\/header><div class='iconlist_content '  itemprop=\"text\" ><p>lamoncloa.gob.es 18\/07\/ 2018 . <a href=\"http:\/\/www.lamoncloa.gob.es\/serviciosdeprensa\/notasprensa\/justicia\/Paginas\/2018\/180718memoriahistorica.aspx\">El Estado liderar\u00e1 la b\u00fasqueda de los desaparecidos de la Guerra Civil que permanecen abandonados en fosas comunes<\/a><\/p>\n<\/div><\/div><footer class=\"entry-footer\"><\/footer><\/article><div class=\"iconlist-timeline\"><\/div><\/li> <li><div class='iconlist_icon av-143b25g-2e09ef952c44e550216dc3cbe452e39a avia-font-entypo-fontello avia-iconfont avia-font-entypo-fontello'><span class='av-icon-char' data-av_icon='\ue84d' data-av_iconfont='entypo-fontello' aria-hidden=\"true\"><\/span><\/div><article class=\"article-icon-entry \"  itemscope=\"itemscope\" itemtype=\"https:\/\/schema.org\/CreativeWork\" ><div class=\"iconlist_content_wrap\"><header class=\"entry-content-header\" aria-label=\"Icon: \"><\/header><div class='iconlist_content '  itemprop=\"text\" ><p>elespanyol.com 17\/07\/ 2018 . <a href=\"https:\/\/www.elespanol.com\/espana\/politica\/20180717\/familia-franco-rechazo-reunion-gobierno-no-facilidades\/322968766_0.html\">La familia Franco rechaz\u00f3 una reuni\u00f3n con el Gobierno: &#8220;No vamos a dar facilidades&#8221;<\/a><\/p>\n<\/div><\/div><footer class=\"entry-footer\"><\/footer><\/article><div class=\"iconlist-timeline\"><\/div><\/li> <li><div class='iconlist_icon av-143b25g-2e09ef952c44e550216dc3cbe452e39a avia-font-entypo-fontello avia-iconfont avia-font-entypo-fontello'><span class='av-icon-char' data-av_icon='\ue84d' data-av_iconfont='entypo-fontello' aria-hidden=\"true\"><\/span><\/div><article class=\"article-icon-entry \"  itemscope=\"itemscope\" itemtype=\"https:\/\/schema.org\/CreativeWork\" ><div class=\"iconlist_content_wrap\"><header class=\"entry-content-header\" aria-label=\"Icon: \"><\/header><div class='iconlist_content '  itemprop=\"text\" ><p>elespanyol.com 15\/07\/ 2018 . <a href=\"https:\/\/www.elespanol.com\/espana\/politica\/20180713\/familia-franco-no-quiere-dictador-jose-antonio\/322218678_0.html\">La familia Franco no quiere para el dictador lo que \u00e9l le hizo a Jos\u00e9 Antonio<\/a><\/p>\n<\/div><\/div><footer class=\"entry-footer\"><\/footer><\/article><div class=\"iconlist-timeline\"><\/div><\/li> <li><div class='iconlist_icon av-143b25g-2e09ef952c44e550216dc3cbe452e39a avia-font-entypo-fontello avia-iconfont avia-font-entypo-fontello'><span class='av-icon-char' data-av_icon='\ue84d' data-av_iconfont='entypo-fontello' aria-hidden=\"true\"><\/span><\/div><article class=\"article-icon-entry \"  itemscope=\"itemscope\" itemtype=\"https:\/\/schema.org\/CreativeWork\" ><div class=\"iconlist_content_wrap\"><header class=\"entry-content-header\" aria-label=\"Icon: \"><\/header><div class='iconlist_content '  itemprop=\"text\" ><p>elsaltodiario.com 14\/07\/ 2018 . <a href=\"https:\/\/www.elsaltodiario.com\/memoria-historica\/futuro-valle-caidos-exhumacion-fosa-comun-franquismo\">El futuro del Valle de los Ca\u00eddos sin Franco<\/a><\/p>\n<\/div><\/div><footer class=\"entry-footer\"><\/footer><\/article><div class=\"iconlist-timeline\"><\/div><\/li> <li><div class='iconlist_icon av-143b25g-2e09ef952c44e550216dc3cbe452e39a avia-font-entypo-fontello avia-iconfont avia-font-entypo-fontello'><span class='av-icon-char' data-av_icon='\ue84d' data-av_iconfont='entypo-fontello' aria-hidden=\"true\"><\/span><\/div><article class=\"article-icon-entry \"  itemscope=\"itemscope\" itemtype=\"https:\/\/schema.org\/CreativeWork\" ><div class=\"iconlist_content_wrap\"><header class=\"entry-content-header\" aria-label=\"Icon: \"><\/header><div class='iconlist_content '  itemprop=\"text\" ><p>newrepublic.com 11\/07\/ 2018 . <a href=\"https:\/\/newrepublic.com\/article\/149765\/dig-dictator\">How to Dig Up a Dictator<\/a><\/p>\n<\/div><\/div><footer class=\"entry-footer\"><\/footer><\/article><div class=\"iconlist-timeline\"><\/div><\/li> <li><div class='iconlist_icon av-143b25g-2e09ef952c44e550216dc3cbe452e39a avia-font-entypo-fontello avia-iconfont avia-font-entypo-fontello'><span class='av-icon-char' data-av_icon='\ue84d' data-av_iconfont='entypo-fontello' aria-hidden=\"true\"><\/span><\/div><article class=\"article-icon-entry \"  itemscope=\"itemscope\" itemtype=\"https:\/\/schema.org\/CreativeWork\" ><div class=\"iconlist_content_wrap\"><header class=\"entry-content-header\" aria-label=\"Icon: \"><\/header><div class='iconlist_content '  itemprop=\"text\" ><p>eldiario.es 03\/07\/ 2018 . <a href=\"https:\/\/www.eldiario.es\/sociedad\/permiso-familia-Franco-necesario-dictador_0_788472137.html\">El permiso de la familia Franco no es necesario para exhumar al dictador<\/a><\/p>\n<\/div><\/div><footer class=\"entry-footer\"><\/footer><\/article><div class=\"iconlist-timeline\"><\/div><\/li> <li><div class='iconlist_icon av-143b25g-2e09ef952c44e550216dc3cbe452e39a avia-font-entypo-fontello avia-iconfont avia-font-entypo-fontello'><span class='av-icon-char' data-av_icon='\ue84d' data-av_iconfont='entypo-fontello' aria-hidden=\"true\"><\/span><\/div><article class=\"article-icon-entry \"  itemscope=\"itemscope\" itemtype=\"https:\/\/schema.org\/CreativeWork\" ><div class=\"iconlist_content_wrap\"><header class=\"entry-content-header\" aria-label=\"Icon: \"><\/header><div class='iconlist_content '  itemprop=\"text\" ><p>elespanyol.com 01\/07\/ 2018 . <a href=\"https:\/\/www.elespanol.com\/espana\/politica\/20180629\/antonio-psoe-no-primo-rivera-valle-caidos\/318718505_0.html\">Jos\u00e9 Antonio s\u00ed fue &#8216;v\u00edctima&#8217; de la guerra: por qu\u00e9 el PSOE no sacar\u00e1 a Primo de Rivera del Valle de los Ca\u00eddos \u201cahora ni nunca<\/a><\/p>\n<\/div><\/div><footer class=\"entry-footer\"><\/footer><\/article><div class=\"iconlist-timeline\"><\/div><\/li> <li><div class='iconlist_icon av-143b25g-2e09ef952c44e550216dc3cbe452e39a avia-font-entypo-fontello avia-iconfont avia-font-entypo-fontello'><span class='av-icon-char' data-av_icon='\ue84d' data-av_iconfont='entypo-fontello' aria-hidden=\"true\"><\/span><\/div><article class=\"article-icon-entry \"  itemscope=\"itemscope\" itemtype=\"https:\/\/schema.org\/CreativeWork\" ><div class=\"iconlist_content_wrap\"><header class=\"entry-content-header\" aria-label=\"Icon: \"><\/header><div class='iconlist_content '  itemprop=\"text\" ><p>elespanol.com. 20\/06\/ 2018 . <a href=\"https:\/\/www.elespanol.com\/cultura\/historia\/20180619\/herrero-minon-franco-valle-deberia-dignidad-jefe\/316219698_0.html\">Herrero de Mi\u00f1\u00f3n: \u201cSi Franco sale del Valle deber\u00eda hacerlo con la dignidad de un Jefe de Estado<\/a><\/p>\n<\/div><\/div><footer class=\"entry-footer\"><\/footer><\/article><div class=\"iconlist-timeline\"><\/div><\/li> <li><div class='iconlist_icon av-143b25g-2e09ef952c44e550216dc3cbe452e39a avia-font-entypo-fontello avia-iconfont avia-font-entypo-fontello'><span class='av-icon-char' data-av_icon='\ue84d' data-av_iconfont='entypo-fontello' aria-hidden=\"true\"><\/span><\/div><article class=\"article-icon-entry \"  itemscope=\"itemscope\" itemtype=\"https:\/\/schema.org\/CreativeWork\" ><div class=\"iconlist_content_wrap\"><header class=\"entry-content-header\" aria-label=\"Icon: \"><\/header><div class='iconlist_content '  itemprop=\"text\" ><p>eldiario.es. 18\/06\/ 2018 . <a href=\"https:\/\/www.eldiario.es\/sociedad\/Franco-Valle-Caidos-exhumacion-manana_0_783572464.html\">Sacar a Franco del Valle de los Ca\u00eddos: una exhumaci\u00f3n r\u00e1pida y &#8216;low cost<\/a><\/p>\n<\/div><\/div><footer class=\"entry-footer\"><\/footer><\/article><div class=\"iconlist-timeline\"><\/div><\/li> <li><div class='iconlist_icon av-143b25g-2e09ef952c44e550216dc3cbe452e39a avia-font-entypo-fontello avia-iconfont avia-font-entypo-fontello'><span class='av-icon-char' data-av_icon='\ue84d' data-av_iconfont='entypo-fontello' aria-hidden=\"true\"><\/span><\/div><article class=\"article-icon-entry \"  itemscope=\"itemscope\" itemtype=\"https:\/\/schema.org\/CreativeWork\" ><div class=\"iconlist_content_wrap\"><header class=\"entry-content-header\" aria-label=\"Icon: \"><\/header><div class='iconlist_content '  itemprop=\"text\" ><p>elpais.com. 18\/06\/ 2018 . <a href=\"https:\/\/politica.elpais.com\/politica\/2018\/06\/17\/actualidad\/1529259824_287383.html\">Una mayor\u00eda parlamentaria apoya el traslado de los restos de Franco<\/a><\/p>\n<\/div><\/div><footer class=\"entry-footer\"><\/footer><\/article><div class=\"iconlist-timeline\"><\/div><\/li> <li><div class='iconlist_icon av-143b25g-2e09ef952c44e550216dc3cbe452e39a avia-font-entypo-fontello avia-iconfont avia-font-entypo-fontello'><span class='av-icon-char' data-av_icon='\ue84d' data-av_iconfont='entypo-fontello' aria-hidden=\"true\"><\/span><\/div><article class=\"article-icon-entry \"  itemscope=\"itemscope\" itemtype=\"https:\/\/schema.org\/CreativeWork\" ><div class=\"iconlist_content_wrap\"><header class=\"entry-content-header\" aria-label=\"Icon: \"><\/header><div class='iconlist_content '  itemprop=\"text\" ><p>elpais.com. 17\/06\/ 2018 . <a href=\"https:\/\/politica.elpais.com\/politica\/2018\/06\/16\/actualidad\/1529162410_486351.html\">El Gobierno prepara la salida de Franco del Valle de los Ca\u00eddos<\/a><\/p>\n<\/div><\/div><footer class=\"entry-footer\"><\/footer><\/article><div class=\"iconlist-timeline\"><\/div><\/li> <li><div class='iconlist_icon av-143b25g-2e09ef952c44e550216dc3cbe452e39a avia-font-entypo-fontello avia-iconfont avia-font-entypo-fontello'><span class='av-icon-char' data-av_icon='\ue84d' data-av_iconfont='entypo-fontello' aria-hidden=\"true\"><\/span><\/div><article class=\"article-icon-entry \"  itemscope=\"itemscope\" itemtype=\"https:\/\/schema.org\/CreativeWork\" ><div class=\"iconlist_content_wrap\"><header class=\"entry-content-header\" aria-label=\"Icon: \"><\/header><div class='iconlist_content '  itemprop=\"text\" ><p>elpais.com. 16\/06\/ 2018 . <a href=\"https:\/\/cat.elpais.com\/cat\/2018\/06\/16\/espana\/1529162410_486351.html\">El Govern espanyol prepara la sortida de Franco del Valle de los Ca\u00eddos<\/a><\/p>\n<\/div><\/div><footer class=\"entry-footer\"><\/footer><\/article><div class=\"iconlist-timeline\"><\/div><\/li> <li><div class='iconlist_icon av-143b25g-2e09ef952c44e550216dc3cbe452e39a avia-font-entypo-fontello avia-iconfont avia-font-entypo-fontello'><span class='av-icon-char' data-av_icon='\ue84d' data-av_iconfont='entypo-fontello' aria-hidden=\"true\"><\/span><\/div><article class=\"article-icon-entry \"  itemscope=\"itemscope\" itemtype=\"https:\/\/schema.org\/CreativeWork\" ><div class=\"iconlist_content_wrap\"><header class=\"entry-content-header\" aria-label=\"Icon: \"><\/header><div class='iconlist_content '  itemprop=\"text\" ><p>noticiasdegipuzkoa.eus. 09\/06\/ 2018 . <a href=\"http:\/\/www.noticiasdegipuzkoa.eus\/2018\/06\/10\/sociedad\/etxeberria-galardonado-por-su-trabajo-en-memoria-historica\">Etxeberria, galardonado por su trabajo en memoria hist\u00f3rica<\/a><\/p>\n<\/div><\/div><footer class=\"entry-footer\"><\/footer><\/article><div class=\"iconlist-timeline\"><\/div><\/li> <\/ul><\/div>\n<\/div><\/div><\/section>\n<section class='av_tab_section av_tab_section av-amrpdpy-656c95ac5cd04acce40db49282b30e27'  itemscope=\"itemscope\" itemtype=\"https:\/\/schema.org\/CreativeWork\" ><div id='tab-id-4-tab' class='tab' role='tab' aria-selected=\"false\" tabindex=\"0\" data-fake-id='#tab-id-4' aria-controls='tab-id-4-content'  itemprop=\"headline\" >2017<\/div><div id='tab-id-4-content' class='tab_content' role='tabpanel' aria-labelledby='tab-id-4-tab' aria-hidden=\"true\"><div class='tab_inner_content invers-color'  itemprop=\"text\" >\n<style type=\"text\/css\" data-created_by=\"avia_inline_auto\" id=\"style-css-av-al6i1x2-2be650969b3e9f1bf347128c45557ece\">\n#top .avia-icon-list-container.av-al6i1x2-2be650969b3e9f1bf347128c45557ece .iconlist_icon{\ncolor:#470b0b;\nbackground-color:#ffffff;\n}\n#top .avia-icon-list-container.av-al6i1x2-2be650969b3e9f1bf347128c45557ece .iconlist_icon svg:first-child{\nstroke:#470b0b;\nfill:#470b0b;\n}\n#top #wrap_all .avia-icon-list-container.av-al6i1x2-2be650969b3e9f1bf347128c45557ece .av_iconlist_title{\ncolor:#470b0b;\n}\n<\/style>\n<div  class='avia-icon-list-container av-al6i1x2-2be650969b3e9f1bf347128c45557ece  avia-builder-el-14  el_after_av_iconlist  el_before_av_iconlist '><ul class='avia-icon-list avia_animate_when_almost_visible avia-icon-list-left av-iconlist-big av-al6i1x2-2be650969b3e9f1bf347128c45557ece avia-iconlist-animate'>\n<li><div class='iconlist_icon av-aj4g5p2-4220f4e21b6ea48dacf4cc13f9e3d013 avia-font-entypo-fontello avia-iconfont avia-font-entypo-fontello'><span class='av-icon-char' data-av_icon='\ue84d' data-av_iconfont='entypo-fontello' aria-hidden=\"true\"><\/span><\/div><article class=\"article-icon-entry \"  itemscope=\"itemscope\" itemtype=\"https:\/\/schema.org\/CreativeWork\" ><div class=\"iconlist_content_wrap\"><header class=\"entry-content-header\" aria-label=\"Icon: \"><\/header><div class='iconlist_content '  itemprop=\"text\" ><p> <a href=\"http:\/\/colombia2020.elespectador.com\/desaparecidos\/voluntad-politica-la-clave-para-encontrar-los-desaparecidos\" target=\"_blank\" rel=\"noopener noreferrer\">Luis Fondebrider.Colombia2020.elespectador.com 11\/09\/2017 . &#8220;Voluntad pol\u00edtica, la clave para encontrar a los desaparecidos&#8221;<\/a><\/p>\n<\/div><\/div><footer class=\"entry-footer\"><\/footer><\/article><div class=\"iconlist-timeline\"><\/div><\/li>\n<li><div class='iconlist_icon av-11uza3q-a6c883d1cb3fbe03fd1d9af58959be1a avia-font-entypo-fontello avia-iconfont avia-font-entypo-fontello'><span class='av-icon-char' data-av_icon='\ue84d' data-av_iconfont='entypo-fontello' aria-hidden=\"true\"><\/span><\/div><article class=\"article-icon-entry \"  itemscope=\"itemscope\" itemtype=\"https:\/\/schema.org\/CreativeWork\" ><div class=\"iconlist_content_wrap\"><header class=\"entry-content-header\" aria-label=\"Icon: \"><\/header><div class='iconlist_content '  itemprop=\"text\" ><p><a href=\"http:\/\/elpaissemanal.elpais.com\/documentos\/francisco-etxeberria\/\" target=\"_blank\" rel=\"noopener noreferrer\">Francisco etxeberria. El PAIS, 16\/05\/2017 . &#8220;Entrevista &#8220;La impunidad ha sido la norma con las torturas&#8221;<\/a><\/p>\n<\/div><\/div><footer class=\"entry-footer\"><\/footer><\/article><div class=\"iconlist-timeline\"><\/div><\/li>\n<li><div class='iconlist_icon av-afny7dy-2b8da266d7fcc3da99030cbcd9d69c5a avia-font-entypo-fontello avia-iconfont avia-font-entypo-fontello'><span class='av-icon-char' data-av_icon='\ue84d' data-av_iconfont='entypo-fontello' aria-hidden=\"true\"><\/span><\/div><article class=\"article-icon-entry \"  itemscope=\"itemscope\" itemtype=\"https:\/\/schema.org\/CreativeWork\" ><div class=\"iconlist_content_wrap\"><header class=\"entry-content-header\" aria-label=\"Icon: \"><\/header><div class='iconlist_content '  itemprop=\"text\" ><p><a href=\"https:\/\/proyectobrandaris.com\/2017\/05\/16\/entrevista-a-german-labrador-parte-i\/\" target=\"_blank\" rel=\"noopener noreferrer\">Germ\u00e1n Labrador. Proyecto Brandaris, 08\/05\/2017 . &#8220;Entrevista&#8221;<\/a><\/p>\n<\/div><\/div><footer class=\"entry-footer\"><\/footer><\/article><div class=\"iconlist-timeline\"><\/div><\/li>\n<li><div class='iconlist_icon av-af14nrq-640c9130ae6a7eb5364450fe275f9a8f avia-font-entypo-fontello avia-iconfont avia-font-entypo-fontello'><span class='av-icon-char' data-av_icon='\ue84d' data-av_iconfont='entypo-fontello' aria-hidden=\"true\"><\/span><\/div><article class=\"article-icon-entry \"  itemscope=\"itemscope\" itemtype=\"https:\/\/schema.org\/CreativeWork\" ><div class=\"iconlist_content_wrap\"><header class=\"entry-content-header\" aria-label=\"Icon: \"><\/header><div class='iconlist_content '  itemprop=\"text\" ><p><a href=\"http:\/\/ctxt.es\/es\/20170510\/Politica\/12638\/Franco-Fallaras-valle-ca%C3%ADdos-CTXT.htm\" target=\"_blank\" rel=\"noopener noreferrer\">Francisco Ferr\u00e1ndiz. CTXT, 10\/05\/2017 (opini\u00f3n experta). &#8220;Franco o la capacidad de destrucci\u00f3n del zombis&#8221;<\/a><\/p>\n<\/div><\/div><footer class=\"entry-footer\"><\/footer><\/article><div class=\"iconlist-timeline\"><\/div><\/li>\n<li><div class='iconlist_icon av-ad9pzue-9a5fbbef0f6993c6b5f0c7d044da7c86 avia-font-entypo-fontello avia-iconfont avia-font-entypo-fontello'><span class='av-icon-char' data-av_icon='\ue84d' data-av_iconfont='entypo-fontello' aria-hidden=\"true\"><\/span><\/div><article class=\"article-icon-entry \"  itemscope=\"itemscope\" itemtype=\"https:\/\/schema.org\/CreativeWork\" ><div class=\"iconlist_content_wrap\"><header class=\"entry-content-header\" aria-label=\"Icon: \"><\/header><div class='iconlist_content '  itemprop=\"text\" ><p><a href=\"http:\/\/cultura.elpais.com\/cultura\/2017\/05\/08\/actualidad\/1494259079_918000.html\" target=\"_blank\" rel=\"noopener noreferrer\">Francisco Ferr\u00e1ndiz. El Pais, 10\/05\/2017 . &#8220;Qu\u00e9 sabes del Valle de los Ca\u00eddos&#8221;<\/a><\/p>\n<\/div><\/div><footer class=\"entry-footer\"><\/footer><\/article><div class=\"iconlist-timeline\"><\/div><\/li>\n<li><div class='iconlist_icon av-ab9n1mu-da7fb7c524b642d91a32537fb64b9cdf avia-font-entypo-fontello avia-iconfont avia-font-entypo-fontello'><span class='av-icon-char' data-av_icon='\ue84d' data-av_iconfont='entypo-fontello' aria-hidden=\"true\"><\/span><\/div><article class=\"article-icon-entry \"  itemscope=\"itemscope\" itemtype=\"https:\/\/schema.org\/CreativeWork\" ><div class=\"iconlist_content_wrap\"><header class=\"entry-content-header\" aria-label=\"Icon: \"><\/header><div class='iconlist_content '  itemprop=\"text\" ><p><a href=\"http:\/\/www.ara.cat\/cultura\/Polonia-publica-llista-carcellers-dAuschwitz_0_1733826695.html\" target=\"_blank\" rel=\"noopener noreferrer\">Marije Hristova. Ara, 31\/01\/2017. &#8220;Pol\u00f2nia publica la llista dels carcellers d&#8217;Auschwitz&#8221;<\/a><\/p>\n<\/div><\/div><footer class=\"entry-footer\"><\/footer><\/article><div class=\"iconlist-timeline\"><\/div><\/li>\n<li><div class='iconlist_icon av-a90eg52-dda3cd10c8e17929bb294251608033bf avia-font-entypo-fontello avia-iconfont avia-font-entypo-fontello'><span class='av-icon-char' data-av_icon='\ue84d' data-av_iconfont='entypo-fontello' aria-hidden=\"true\"><\/span><\/div><article class=\"article-icon-entry \"  itemscope=\"itemscope\" itemtype=\"https:\/\/schema.org\/CreativeWork\" ><div class=\"iconlist_content_wrap\"><header class=\"entry-content-header\" aria-label=\"Icon: \"><\/header><div class='iconlist_content '  itemprop=\"text\" ><p><a href=\"http:\/\/www.noticiasdegipuzkoa.com\/2017\/02\/05\/politica\/exhumados-los-restos-de-un-gudari-no-identificado-en-bizkaia\" target=\"_blank\" rel=\"noopener noreferrer\">Francisco Etxeberr\u00eda. noticiasdegipuzkoa.com. 05\/02\/2017. Exhumados los restos de un gudari no identificado en Bizkaia<\/a><\/p>\n<\/div><\/div><footer class=\"entry-footer\"><\/footer><\/article><div class=\"iconlist-timeline\"><\/div><\/li>\n<li><div class='iconlist_icon av-a871s0m-5a55140fb8c682b67885e1fc0b752c0f avia-font-entypo-fontello avia-iconfont avia-font-entypo-fontello'><span class='av-icon-char' data-av_icon='\ue84d' data-av_iconfont='entypo-fontello' aria-hidden=\"true\"><\/span><\/div><article class=\"article-icon-entry \"  itemscope=\"itemscope\" itemtype=\"https:\/\/schema.org\/CreativeWork\" ><div class=\"iconlist_content_wrap\"><header class=\"entry-content-header\" aria-label=\"Icon: \"><\/header><div class='iconlist_content '  itemprop=\"text\" ><p><a href=\"http:\/\/www.noticiasdegipuzkoa.com\/2017\/01\/31\/politica\/euskadi-inaugura-en-elgoibar-el-primer-columbario-de-la-dignidad-del-estado\" target=\"_blank\" rel=\"noopener noreferrer\">Francisco Etxeberr\u00eda. Noticiasdegipuzkoa.com. 31\/01\/2017. Euskadi inaugura en Elgoibar el primer Columbario de la Dignidad del Estado<\/a><\/p>\n<\/div><\/div><footer class=\"entry-footer\"><\/footer><\/article><div class=\"iconlist-timeline\"><\/div><\/li>\n<li><div class='iconlist_icon av-10nkzti-7fcbb4870d26eb599763d3167b6ee10f avia-font-entypo-fontello avia-iconfont avia-font-entypo-fontello'><span class='av-icon-char' data-av_icon='\ue84d' data-av_iconfont='entypo-fontello' aria-hidden=\"true\"><\/span><\/div><article class=\"article-icon-entry \"  itemscope=\"itemscope\" itemtype=\"https:\/\/schema.org\/CreativeWork\" ><div class=\"iconlist_content_wrap\"><header class=\"entry-content-header\" aria-label=\"Icon: \"><\/header><div class='iconlist_content '  itemprop=\"text\" ><p><a href=\"http:\/\/www.noticiasdenavarra.com\/2017\/01\/22\/vecinos\/tudela-y-ribera\/aranzadi-ha-exhumado-8000-cuerpos-en-mas-de-500-fosas-por-todo-el-pais\" target=\"_blank\" rel=\"noopener noreferrer\">Francisco Etxeberr\u00eda. Noticias de Navarra. 22\/01\/2017. Aranzadi ha exhumado 8.000 cuerpos en m\u00e1s de 500 fosas por todo el pa\u00eds<\/a><\/p>\n<\/div><\/div><footer class=\"entry-footer\"><\/footer><\/article><div class=\"iconlist-timeline\"><\/div><\/li>\n<\/ul><\/div>\n<\/div><\/div><\/section>\n<section class='av_tab_section av_tab_section av-a4mf2rq-005eed7b95572ac67ca3bd04bf5ca6f5'  itemscope=\"itemscope\" itemtype=\"https:\/\/schema.org\/CreativeWork\" ><div id='tab-id-5-tab' class='tab' role='tab' aria-selected=\"false\" tabindex=\"0\" data-fake-id='#tab-id-5' aria-controls='tab-id-5-content'  itemprop=\"headline\" >2016<\/div><div id='tab-id-5-content' class='tab_content' role='tabpanel' aria-labelledby='tab-id-5-tab' aria-hidden=\"true\"><div class='tab_inner_content invers-color'  itemprop=\"text\" >\n<style type=\"text\/css\" data-created_by=\"avia_inline_auto\" id=\"style-css-av-a34bmqu-86be22f8d6f628a52598aac48e11c7e7\">\n#top .avia-icon-list-container.av-a34bmqu-86be22f8d6f628a52598aac48e11c7e7 .iconlist_icon{\ncolor:#470b0b;\nbackground-color:#ffffff;\n}\n#top .avia-icon-list-container.av-a34bmqu-86be22f8d6f628a52598aac48e11c7e7 .iconlist_icon svg:first-child{\nstroke:#470b0b;\nfill:#470b0b;\n}\n#top #wrap_all .avia-icon-list-container.av-a34bmqu-86be22f8d6f628a52598aac48e11c7e7 .av_iconlist_title{\ncolor:#470b0b;\n}\n<\/style>\n<div  class='avia-icon-list-container av-a34bmqu-86be22f8d6f628a52598aac48e11c7e7  avia-builder-el-15  el_after_av_iconlist  el_before_av_iconlist '><ul class='avia-icon-list avia_animate_when_almost_visible avia-icon-list-left av-iconlist-big av-a34bmqu-86be22f8d6f628a52598aac48e11c7e7 avia-iconlist-animate'>\n<li><div class='iconlist_icon av-a1fvhp2-1b711c95b5b47340d6e57bd020ccd867 avia-font-entypo-fontello avia-iconfont avia-font-entypo-fontello'><span class='av-icon-char' data-av_icon='\ue84d' data-av_iconfont='entypo-fontello' aria-hidden=\"true\"><\/span><\/div><article class=\"article-icon-entry \"  itemscope=\"itemscope\" itemtype=\"https:\/\/schema.org\/CreativeWork\" ><div class=\"iconlist_content_wrap\"><header class=\"entry-content-header\" aria-label=\"Icon: \"><\/header><div class='iconlist_content '  itemprop=\"text\" ><p><a href=\"http:\/\/www.diariodemallorca.es\/part-forana\/2016\/11\/05\/armengol-visita-trabajos-exhumacion-fosa\/1163194.html\" target=\"_blank\" rel=\"noopener noreferrer\">Francisco Etxeberr\u00eda. Diario de Mallorca. 05\/11\/2016. \u201cYa se han encontrado 27 cuerpos en la fosa com\u00fan de Porreres&#8221;<\/a><\/p>\n<\/div><\/div><footer class=\"entry-footer\"><\/footer><\/article><div class=\"iconlist-timeline\"><\/div><\/li>\n<li><div class='iconlist_icon av-1001ik6-84dbcd3c0249851c21bfcbeb682bd172 avia-font-entypo-fontello avia-iconfont avia-font-entypo-fontello'><span class='av-icon-char' data-av_icon='\ue84d' data-av_iconfont='entypo-fontello' aria-hidden=\"true\"><\/span><\/div><article class=\"article-icon-entry \"  itemscope=\"itemscope\" itemtype=\"https:\/\/schema.org\/CreativeWork\" ><div class=\"iconlist_content_wrap\"><header class=\"entry-content-header\" aria-label=\"Icon: \"><\/header><div class='iconlist_content '  itemprop=\"text\" ><p><a href=\"http:\/\/www.elperiodico.cat\/ca\/noticias\/opinio\/quotidianitat-del-franquisme-5538197\" target=\"_blank\" rel=\"noopener noreferrer\">Queralt Sol\u00e9. elperiodico.cat. 17\/10\/2016. La quotidianitat del franquisme<\/a><\/p>\n<\/div><\/div><footer class=\"entry-footer\"><\/footer><\/article><div class=\"iconlist-timeline\"><\/div><\/li>\n<li><div class='iconlist_icon av-9xyp3ra-ebb5020b7d359454b76c633aed4a61f0 avia-font-entypo-fontello avia-iconfont avia-font-entypo-fontello'><span class='av-icon-char' data-av_icon='\ue84d' data-av_iconfont='entypo-fontello' aria-hidden=\"true\"><\/span><\/div><article class=\"article-icon-entry \"  itemscope=\"itemscope\" itemtype=\"https:\/\/schema.org\/CreativeWork\" ><div class=\"iconlist_content_wrap\"><header class=\"entry-content-header\" aria-label=\"Icon: \"><\/header><div class='iconlist_content '  itemprop=\"text\" ><p><a href=\"http:\/\/www.eldiario.es\/norte\/navarra\/ultima_hora\/Gobierno-institucional-Francisco-Etxeberria-memorialistas_0_558194480.html\" target=\"_blank\" rel=\"noopener noreferrer\">Francisco Etxeberr\u00eda. eldiario.es. 12\/09\/2016. El Gobierno reconocer\u00e1 en un acto institucional la labor de Francisco Etxeberria y las asociaciones memorialistas<\/a><\/p>\n<\/div><\/div><footer class=\"entry-footer\"><\/footer><\/article><div class=\"iconlist-timeline\"><\/div><\/li>\n<li><div class='iconlist_icon av-9vxfi1y-479ce2b94123769d632577625c5c9183 avia-font-entypo-fontello avia-iconfont avia-font-entypo-fontello'><span class='av-icon-char' data-av_icon='\ue84d' data-av_iconfont='entypo-fontello' aria-hidden=\"true\"><\/span><\/div><article class=\"article-icon-entry \"  itemscope=\"itemscope\" itemtype=\"https:\/\/schema.org\/CreativeWork\" ><div class=\"iconlist_content_wrap\"><header class=\"entry-content-header\" aria-label=\"Icon: \"><\/header><div class='iconlist_content '  itemprop=\"text\" ><p><a href=\"http:\/\/www.infolibre.es\/noticias\/politica\/2016\/08\/15\/francisco_etxeberria_tengo_complejo_culpa_por_haber_empezado_antes_abrir_fosas_53147_1012.html\" target=\"_blank\" rel=\"noopener noreferrer\">Entrevista a Francisco Etxeberria. infolibre.es. 11\/09\/2016. \u00a0\u201cTengo complejo de culpa por no haber empezado antes a abrir fosas\u201d<\/a><\/p>\n<\/div><\/div><footer class=\"entry-footer\"><\/footer><\/article><div class=\"iconlist-timeline\"><\/div><\/li>\n<li><div class='iconlist_icon av-9v73a92-fc7a13a603212e6609749f09f0b7ede8 avia-font-entypo-fontello avia-iconfont avia-font-entypo-fontello'><span class='av-icon-char' data-av_icon='\ue84d' data-av_iconfont='entypo-fontello' aria-hidden=\"true\"><\/span><\/div><article class=\"article-icon-entry \"  itemscope=\"itemscope\" itemtype=\"https:\/\/schema.org\/CreativeWork\" ><div class=\"iconlist_content_wrap\"><header class=\"entry-content-header\" aria-label=\"Icon: \"><\/header><div class='iconlist_content '  itemprop=\"text\" ><p><a href=\"http:\/\/www.europapress.es\/navarra\/noticia-encontrados-restos-dos-menores-sima-legarrea-gaztelu-podrian-ser-1936-20160909161356.html\" target=\"_blank\" rel=\"noopener noreferrer\">Francisco Etxeberr\u00eda. europapress.es. 09\/09\/2016. Encontrados en la sima de Legarrea los restos de dos menores que datan de 1936<\/a><\/p>\n<\/div><\/div><footer class=\"entry-footer\"><\/footer><\/article><div class=\"iconlist-timeline\"><\/div><\/li>\n<li><div class='iconlist_icon av-9t6gtvq-8ed6f6e10beae4855ad37d6215795f72 avia-font-entypo-fontello avia-iconfont avia-font-entypo-fontello'><span class='av-icon-char' data-av_icon='\ue84d' data-av_iconfont='entypo-fontello' aria-hidden=\"true\"><\/span><\/div><article class=\"article-icon-entry \"  itemscope=\"itemscope\" itemtype=\"https:\/\/schema.org\/CreativeWork\" ><div class=\"iconlist_content_wrap\"><header class=\"entry-content-header\" aria-label=\"Icon: \"><\/header><div class='iconlist_content '  itemprop=\"text\" ><p><a href=\"http:\/\/politica.elpais.com\/politica\/2016\/08\/31\/actualidad\/1472641909_150656.html\" target=\"_blank\" rel=\"noopener noreferrer\">Francisco Etxeberr\u00eda. elpais.com. 01\/09\/2016. Pamplona exhumar\u00e1 los cuerpos de Mola y Sanjurjo del Monumento a los Ca\u00eddos<\/a><\/p>\n<\/div><\/div><footer class=\"entry-footer\"><\/footer><\/article><div class=\"iconlist-timeline\"><\/div><\/li>\n<li><div class='iconlist_icon av-9s1n4xi-694293600cb78f0411a343f0d0eb6193 avia-font-entypo-fontello avia-iconfont avia-font-entypo-fontello'><span class='av-icon-char' data-av_icon='\ue84d' data-av_iconfont='entypo-fontello' aria-hidden=\"true\"><\/span><\/div><article class=\"article-icon-entry \"  itemscope=\"itemscope\" itemtype=\"https:\/\/schema.org\/CreativeWork\" ><div class=\"iconlist_content_wrap\"><header class=\"entry-content-header\" aria-label=\"Icon: \"><\/header><div class='iconlist_content '  itemprop=\"text\" ><p><a href=\"http:\/\/www.publico.es\/politica\/pamplona-exhumara-restos-ocho-personas.html\" target=\"_blank\" rel=\"noopener noreferrer\">Francisco Etxeberr\u00eda. publico.es. 31\/08\/2016. Pamplona exhumar\u00e1 los restos de los generales golpistas Mola y Sanjurjo en el Monumento a los Ca\u00eddos<\/a><\/p>\n<\/div><\/div><footer class=\"entry-footer\"><\/footer><\/article><div class=\"iconlist-timeline\"><\/div><\/li>\n<li><div class='iconlist_icon av-9q3ihl2-a5d4e4c693bf69c06cc5f05441626d42 avia-font-entypo-fontello avia-iconfont avia-font-entypo-fontello'><span class='av-icon-char' data-av_icon='\ue84d' data-av_iconfont='entypo-fontello' aria-hidden=\"true\"><\/span><\/div><article class=\"article-icon-entry \"  itemscope=\"itemscope\" itemtype=\"https:\/\/schema.org\/CreativeWork\" ><div class=\"iconlist_content_wrap\"><header class=\"entry-content-header\" aria-label=\"Icon: \"><\/header><div class='iconlist_content '  itemprop=\"text\" ><p><a href=\"http:\/\/cadenaser.com\/emisora\/2016\/08\/31\/radio_pamplona\/1472652665_237154.html\" target=\"_blank\" rel=\"noopener noreferrer\">Francisco Etxeberr\u00eda. cadenaser.com. 31\/08\/2016. El Ayuntamiento de Pamplona exhumar\u00e1 los restos de Mola y Sanjurjo<\/a><\/p>\n<\/div><\/div><footer class=\"entry-footer\"><\/footer><\/article><div class=\"iconlist-timeline\"><\/div><\/li>\n<li><div class='iconlist_icon av-9otme9y-6d1358cc18062acb1e928e7c8e5e9b76 avia-font-entypo-fontello avia-iconfont avia-font-entypo-fontello'><span class='av-icon-char' data-av_icon='\ue84d' data-av_iconfont='entypo-fontello' aria-hidden=\"true\"><\/span><\/div><article class=\"article-icon-entry \"  itemscope=\"itemscope\" itemtype=\"https:\/\/schema.org\/CreativeWork\" ><div class=\"iconlist_content_wrap\"><header class=\"entry-content-header\" aria-label=\"Icon: \"><\/header><div class='iconlist_content '  itemprop=\"text\" ><p><a href=\"http:\/\/www.naiz.eus\/eu\/actualidad\/noticia\/20160831\/el-ayuntamiento-de-irunea-comienza-los-tramites-para-exhumar-los-restos-de-mola-y-sanjurjo\" target=\"_blank\" rel=\"noopener noreferrer\">Francisco Etxeberr\u00eda. naiz.eus. 31\/08\/2016. El Ayuntamiento comienza los tr\u00e1mites para exhumar los restos de Mola y Sanjurjo<\/a><\/p>\n<\/div><\/div><footer class=\"entry-footer\"><\/footer><\/article><div class=\"iconlist-timeline\"><\/div><\/li>\n<li><div class='iconlist_icon av-3glvjq-9092697cd5daec21979db440862ecd0a avia-font-entypo-fontello avia-iconfont avia-font-entypo-fontello'><span class='av-icon-char' data-av_icon='\ue84d' data-av_iconfont='entypo-fontello' aria-hidden=\"true\"><\/span><\/div><article class=\"article-icon-entry \"  itemscope=\"itemscope\" itemtype=\"https:\/\/schema.org\/CreativeWork\" ><div class=\"iconlist_content_wrap\"><header class=\"entry-content-header\" aria-label=\"Icon: \"><\/header><div class='iconlist_content '  itemprop=\"text\" ><p><a href=\"http:\/\/m.noticiasdegipuzkoa.com\/2016\/06\/19\/sociedad\/gipuzkoa-ha-exhumado-restos-de-39-asesinados-durante-la-guerra-civil\" target=\"_blank\" rel=\"noopener noreferrer\">Francisco Etxeberria. noticiasdegipuzkoa.com. 19\/06\/2016. \u201cGipuzkoa ha exhumado restos de 39 asesinados durante la Guerra Civil\u201d<\/a><\/p>\n<\/div><\/div><footer class=\"entry-footer\"><\/footer><\/article><div class=\"iconlist-timeline\"><\/div><\/li>\n<li><div class='iconlist_icon av-yiesdy-1efae20cf5ae68dc91d87159e0f1424b avia-font-entypo-fontello avia-iconfont avia-font-entypo-fontello'><span class='av-icon-char' data-av_icon='\ue84d' data-av_iconfont='entypo-fontello' aria-hidden=\"true\"><\/span><\/div><article class=\"article-icon-entry \"  itemscope=\"itemscope\" itemtype=\"https:\/\/schema.org\/CreativeWork\" ><div class=\"iconlist_content_wrap\"><header class=\"entry-content-header\" aria-label=\"Icon: \"><\/header><div class='iconlist_content '  itemprop=\"text\" ><p><a href=\"http:\/\/www.scientificamerican.com\/espanol\/noticias\/recopilando-el-testimonio-genetico-de-los-muertos-de-la-guerra-civil-espanola\/\" target=\"_blank\" rel=\"noopener noreferrer\">Francisco Ferr\u00e1ndiz. scientificamerican.com. 08\/06\/2016. \u201cRecopilando el testimonio gen\u00e9tico de los muertos de la Guerra Civil espa\u00f1ola\u201d<\/a><\/p>\n<\/div><\/div><footer class=\"entry-footer\"><\/footer><\/article><div class=\"iconlist-timeline\"><\/div><\/li>\n<li><div class='iconlist_icon av-9iopajq-3e8ae83a9d73af15e0e8dbc1ef259fc9 avia-font-entypo-fontello avia-iconfont avia-font-entypo-fontello'><span class='av-icon-char' data-av_icon='\ue84d' data-av_iconfont='entypo-fontello' aria-hidden=\"true\"><\/span><\/div><article class=\"article-icon-entry \"  itemscope=\"itemscope\" itemtype=\"https:\/\/schema.org\/CreativeWork\" ><div class=\"iconlist_content_wrap\"><header class=\"entry-content-header\" aria-label=\"Icon: \"><\/header><div class='iconlist_content '  itemprop=\"text\" ><p><a href=\"http:\/\/www.sapiens.org\/archaeology\/spanish-civil-war-forensics-memory\/\" target=\"_blank\" rel=\"noopener noreferrer\">Francisco Ferr\u00e1ndiz. sapiens.org. 03\/06\/2016. \u201cGathering the Genetic Testimony of Spain\u2019s Civil War Dead\u201d<\/a><\/p>\n<\/div><\/div><footer class=\"entry-footer\"><\/footer><\/article><div class=\"iconlist-timeline\"><\/div><\/li>\n<li><div class='iconlist_icon av-9hzuvh2-9a44a7fc4dfd00865e20b45c5023a8cf avia-font-entypo-fontello avia-iconfont avia-font-entypo-fontello'><span class='av-icon-char' data-av_icon='\ue84d' data-av_iconfont='entypo-fontello' aria-hidden=\"true\"><\/span><\/div><article class=\"article-icon-entry \"  itemscope=\"itemscope\" itemtype=\"https:\/\/schema.org\/CreativeWork\" ><div class=\"iconlist_content_wrap\"><header class=\"entry-content-header\" aria-label=\"Icon: \"><\/header><div class='iconlist_content '  itemprop=\"text\" ><p><a href=\"https:\/\/news.vice.com\/es\/article\/valle-caidos-espana-victimas-franquismo-calatayud-cementerio-guerra-civil\" target=\"_blank\" rel=\"noopener noreferrer\">Francisco Ferr\u00e1ndiz y Francisco Etxeberria. news.vice.com. 31\/05\/2016. La odisea para encontrar a tu familiar entre los 33.847 cuerpos del Valle de los Ca\u00eddos<\/a><\/p>\n<\/div><\/div><footer class=\"entry-footer\"><\/footer><\/article><div class=\"iconlist-timeline\"><\/div><\/li>\n<li><div class='iconlist_icon av-9g882c6-18ff1eae0f2b6642995081ff82c802cb avia-font-entypo-fontello avia-iconfont avia-font-entypo-fontello'><span class='av-icon-char' data-av_icon='\ue84d' data-av_iconfont='entypo-fontello' aria-hidden=\"true\"><\/span><\/div><article class=\"article-icon-entry \"  itemscope=\"itemscope\" itemtype=\"https:\/\/schema.org\/CreativeWork\" ><div class=\"iconlist_content_wrap\"><header class=\"entry-content-header\" aria-label=\"Icon: \"><\/header><div class='iconlist_content '  itemprop=\"text\" ><p><a href=\"http:\/\/www.eldiario.es\/norte\/euskadi\/tortura-represaliados_Guerra_Civil-franquismo-querella_argentina-memoria_historica_0_518298300.html\" target=\"_blank\" rel=\"noopener noreferrer\">Entrevista a Francisco Etxeberria. eldiario.es. 21\/05\/2016. &#8220;No hemos sido suficientemente beligerantes contra la tortura&#8221;<\/a><\/p>\n<\/div><\/div><footer class=\"entry-footer\"><\/footer><\/article><div class=\"iconlist-timeline\"><\/div><\/li>\n<li><div class='iconlist_icon av-9drp4ee-897eab3d782b0fe732006a899102e18a avia-font-entypo-fontello avia-iconfont avia-font-entypo-fontello'><span class='av-icon-char' data-av_icon='\ue84d' data-av_iconfont='entypo-fontello' aria-hidden=\"true\"><\/span><\/div><article class=\"article-icon-entry \"  itemscope=\"itemscope\" itemtype=\"https:\/\/schema.org\/CreativeWork\" ><div class=\"iconlist_content_wrap\"><header class=\"entry-content-header\" aria-label=\"Icon: \"><\/header><div class='iconlist_content '  itemprop=\"text\" ><p><a href=\"http:\/\/www.deia.com\/2016\/05\/15\/sociedad\/historias-de-los-vascos\/un-antes-y-un-despues-en-el-valle-de-los-caidos\" target=\"_blank\" rel=\"noopener noreferrer\">Francisco Etxeberria, Queralt Sol\u00e9 y Francisco Ferr\u00e1ndiz .deia.com. 15\/05\/2016. \u201cUn antes y un despu\u00e9s en el Valle de los Ca\u00eddos\u201d<\/a><\/p>\n<\/div><\/div><footer class=\"entry-footer\"><\/footer><\/article><div class=\"iconlist-timeline\"><\/div><\/li>\n<li><div class='iconlist_icon av-9cysiza-944b560b89156c7956e2d6a04d717893 avia-font-entypo-fontello avia-iconfont avia-font-entypo-fontello'><span class='av-icon-char' data-av_icon='\ue84d' data-av_iconfont='entypo-fontello' aria-hidden=\"true\"><\/span><\/div><article class=\"article-icon-entry \"  itemscope=\"itemscope\" itemtype=\"https:\/\/schema.org\/CreativeWork\" ><div class=\"iconlist_content_wrap\"><header class=\"entry-content-header\" aria-label=\"Icon: \"><\/header><div class='iconlist_content '  itemprop=\"text\" ><p><a href=\"http:\/\/m.noticiasdegipuzkoa.com\/2016\/05\/14\/politica\/hay-montanas-de-huesos-en-alguna-capilla-del-valle-de-los-caidos-y-buscar-es-una-tarea-dificilisima\" target=\"_blank\" rel=\"noopener noreferrer\">Entrevista a Francisco Etxeberria. noticiasdegipuzkoa.com. 14\/05\/2016. \u201cHay monta\u00f1as de huesos en alguna capilla del Valle de los Ca\u00eddos y buscar es una tarea dificil\u00edsima\u201d<\/a><\/p>\n<\/div><\/div><footer class=\"entry-footer\"><\/footer><\/article><div class=\"iconlist-timeline\"><\/div><\/li>\n<li><div class='iconlist_icon av-9bjj3sm-1467ecab7de3eb40f1925a44dd2b5bdc avia-font-entypo-fontello avia-iconfont avia-font-entypo-fontello'><span class='av-icon-char' data-av_icon='\ue84d' data-av_iconfont='entypo-fontello' aria-hidden=\"true\"><\/span><\/div><article class=\"article-icon-entry \"  itemscope=\"itemscope\" itemtype=\"https:\/\/schema.org\/CreativeWork\" ><div class=\"iconlist_content_wrap\"><header class=\"entry-content-header\" aria-label=\"Icon: \"><\/header><div class='iconlist_content '  itemprop=\"text\" ><p><a href=\"http:\/\/www.eitb.eus\/es\/television\/programas\/en-jake\/videos\/detalle\/4016740\/videoetxeberria-dedica-premio-mujeres-vivieron-bombardeo\/\" target=\"_blank\" rel=\"noopener noreferrer\">Francisco Etxeberria. eitb.eus. 26\/04\/2016. El antrop\u00f3logo forense Francisco Etxeberria recibe el Premio Gernika por la Paz y la Reconciliai\u00f3n<\/a><\/p>\n<\/div><\/div><footer class=\"entry-footer\"><\/footer><\/article><div class=\"iconlist-timeline\"><\/div><\/li>\n<li><div class='iconlist_icon av-98n8lra-f41f287e2982d440b237b4e9f9bf5484 avia-font-entypo-fontello avia-iconfont avia-font-entypo-fontello'><span class='av-icon-char' data-av_icon='\ue84d' data-av_iconfont='entypo-fontello' aria-hidden=\"true\"><\/span><\/div><article class=\"article-icon-entry \"  itemscope=\"itemscope\" itemtype=\"https:\/\/schema.org\/CreativeWork\" ><div class=\"iconlist_content_wrap\"><header class=\"entry-content-header\" aria-label=\"Icon: \"><\/header><div class='iconlist_content '  itemprop=\"text\" ><p><a href=\"http:\/\/ctxt.es\/es\/20160420\/Politica\/5495\/memoria-historica-fosas-exhumaciones-franquismo-represion-Lasa-Zabala-GAL-PSOE-Felipe-Gonzalez-Espa%C3%B1a-Entrevistas.htm\" target=\"_blank\" rel=\"noopener noreferrer\">Francisco Etxeberria. ctxt.es. 20\/04\/2016. \u201cHemos exhumado 400 fosas en 16 a\u00f1os y recuperado m\u00e1s de 8.500 esqueleto&#8221;<\/a><\/p>\n<\/div><\/div><footer class=\"entry-footer\"><\/footer><\/article><div class=\"iconlist-timeline\"><\/div><\/li>\n<li><div class='iconlist_icon av-97tescm-1e21eea5d0693cd3906cd7a0f833f9a3 avia-font-entypo-fontello avia-iconfont avia-font-entypo-fontello'><span class='av-icon-char' data-av_icon='\ue84d' data-av_iconfont='entypo-fontello' aria-hidden=\"true\"><\/span><\/div><article class=\"article-icon-entry \"  itemscope=\"itemscope\" itemtype=\"https:\/\/schema.org\/CreativeWork\" ><div class=\"iconlist_content_wrap\"><header class=\"entry-content-header\" aria-label=\"Icon: \"><\/header><div class='iconlist_content '  itemprop=\"text\" ><p><a href=\"http:\/\/www.asturias24.es\/secciones\/vivir\/noticias\/el-antropologo-forense-francisco-etxeberria-obtiene-el-premio-trece-rosas\/1460573469\" target=\"_blank\" rel=\"noopener noreferrer\">Francisco Etxeberria.asturias24.es.13\/04\/2016.El antrop\u00f3logo forense Francisco Etxeberria obtiene el premio Trece Rosas<\/a><\/p>\n<\/div><\/div><footer class=\"entry-footer\"><\/footer><\/article><div class=\"iconlist-timeline\"><\/div><\/li>\n<li><div class='iconlist_icon av-96ksck6-408aac57cdd66719f127c01c41733520 avia-font-entypo-fontello avia-iconfont avia-font-entypo-fontello'><span class='av-icon-char' data-av_icon='\ue84d' data-av_iconfont='entypo-fontello' aria-hidden=\"true\"><\/span><\/div><article class=\"article-icon-entry \"  itemscope=\"itemscope\" itemtype=\"https:\/\/schema.org\/CreativeWork\" ><div class=\"iconlist_content_wrap\"><header class=\"entry-content-header\" aria-label=\"Icon: \"><\/header><div class='iconlist_content '  itemprop=\"text\" ><p><a href=\"http:\/\/www.galde.eu\/entrevista-a-paco-etxeberria\/\" target=\"_blank\" rel=\"noopener noreferrer\">Francisco Etxeberria. Galde. 08\/04\/2016. \u201cA pie de tumba\u201d<\/a><\/p>\n<\/div><\/div><footer class=\"entry-footer\"><\/footer><\/article><div class=\"iconlist-timeline\"><\/div><\/li>\n<li><div class='iconlist_icon av-9498sye-bdf613746ba9ab13caadad810e50c926 avia-font-entypo-fontello avia-iconfont avia-font-entypo-fontello'><span class='av-icon-char' data-av_icon='\ue84d' data-av_iconfont='entypo-fontello' aria-hidden=\"true\"><\/span><\/div><article class=\"article-icon-entry \"  itemscope=\"itemscope\" itemtype=\"https:\/\/schema.org\/CreativeWork\" ><div class=\"iconlist_content_wrap\"><header class=\"entry-content-header\" aria-label=\"Icon: \"><\/header><div class='iconlist_content '  itemprop=\"text\" ><p><a href=\"http:\/\/www.rcinet.ca\/es\/2016\/03\/17\/luis-fondebrider-y-la-ciencia-que-dialoga-con-los-desaparecidos\/\" target=\"_blank\" rel=\"noopener noreferrer\">Luis Fondebrider. Radio Canad\u00e1 Internacional (RCI). 17\/03\/2016. Luis Fondebrider y la ciencia que dialoga con los desaparecidos<\/a><\/p>\n<\/div><\/div><footer class=\"entry-footer\"><\/footer><\/article><div class=\"iconlist-timeline\"><\/div><\/li>\n<li><div class='iconlist_icon av-931fq9i-49cff201e6c03e9cc66093b87c6df6bb avia-font-entypo-fontello avia-iconfont avia-font-entypo-fontello'><span class='av-icon-char' data-av_icon='\ue84d' data-av_iconfont='entypo-fontello' aria-hidden=\"true\"><\/span><\/div><article class=\"article-icon-entry \"  itemscope=\"itemscope\" itemtype=\"https:\/\/schema.org\/CreativeWork\" ><div class=\"iconlist_content_wrap\"><header class=\"entry-content-header\" aria-label=\"Icon: \"><\/header><div class='iconlist_content '  itemprop=\"text\" ><p><a href=\"http:\/\/www.interviu.es\/reportajes\/articulos\/memoria-historica-de-interviu-a-princeton\" target=\"_blank\" rel=\"noopener noreferrer\">Francisco Ferr\u00e1ndiz. interviu.es. 14\/03\/2016. Memoria Hist\u00f3rica: de intervi\u00fa a Princeton<\/a><\/p>\n<\/div><\/div><footer class=\"entry-footer\"><\/footer><\/article><div class=\"iconlist-timeline\"><\/div><\/li>\n<li><div class='iconlist_icon av-90xubl2-ad742bdae90ef49798ca3eedbffe0f19 avia-font-entypo-fontello avia-iconfont avia-font-entypo-fontello'><span class='av-icon-char' data-av_icon='\ue84d' data-av_iconfont='entypo-fontello' aria-hidden=\"true\"><\/span><\/div><article class=\"article-icon-entry \"  itemscope=\"itemscope\" itemtype=\"https:\/\/schema.org\/CreativeWork\" ><div class=\"iconlist_content_wrap\"><header class=\"entry-content-header\" aria-label=\"Icon: \"><\/header><div class='iconlist_content '  itemprop=\"text\" ><p><a href=\"http:\/\/elcorreoweb.es\/historico\/todos-los-partidos-tienen-panico-a-que-investiguemos-mas-alla-del-39-GCEC620116\" target=\"_blank\" rel=\"noopener noreferrer\">Francisco Etxeberr\u00eda. El Correo de Andaluc\u00eda. 10\/03\/2016. &#8220;Todos los partidos tienen p\u00e1nico a que investiguemos m\u00e1s all\u00e1 del 39&#8221;<\/a><\/p>\n<\/div><\/div><footer class=\"entry-footer\"><\/footer><\/article><div class=\"iconlist-timeline\"><\/div><\/li>\n<li><div class='iconlist_icon av-8z9ogwm-d9e8aa4098427e0d96709b99969a7727 avia-font-entypo-fontello avia-iconfont avia-font-entypo-fontello'><span class='av-icon-char' data-av_icon='\ue84d' data-av_iconfont='entypo-fontello' aria-hidden=\"true\"><\/span><\/div><article class=\"article-icon-entry \"  itemscope=\"itemscope\" itemtype=\"https:\/\/schema.org\/CreativeWork\" ><div class=\"iconlist_content_wrap\"><header class=\"entry-content-header\" aria-label=\"Icon: \"><\/header><div class='iconlist_content '  itemprop=\"text\" ><p><a href=\"http:\/\/m.deia.com\/2016\/02\/29\/politica\/estado\/etxeberria-defiende-cerrar-heridas-con-las-exhumaciones\" target=\"_blank\" rel=\"noopener noreferrer\">Francisco Etxeberr\u00eda. deia.com. 29\/02\/2016. Etxeberria defiende \u201ccerrar heridas\u201d con las exhumaciones de restos de fosas comunes<\/a><\/p>\n<\/div><\/div><footer class=\"entry-footer\"><\/footer><\/article><div class=\"iconlist-timeline\"><\/div><\/li>\n<li><div class='iconlist_icon av-8xyznna-70ee8b123ce7fbf0ba35971ae9ad2e7a avia-font-entypo-fontello avia-iconfont avia-font-entypo-fontello'><span class='av-icon-char' data-av_icon='\ue84d' data-av_iconfont='entypo-fontello' aria-hidden=\"true\"><\/span><\/div><article class=\"article-icon-entry \"  itemscope=\"itemscope\" itemtype=\"https:\/\/schema.org\/CreativeWork\" ><div class=\"iconlist_content_wrap\"><header class=\"entry-content-header\" aria-label=\"Icon: \"><\/header><div class='iconlist_content '  itemprop=\"text\" ><p><a href=\"http:\/\/www.lacronicadesalamanca.com\/117338-el-exito-del-franquismo-es-que-aun-nos-da-miedo-hablar-de-los-desaparecidos\/\" target=\"_blank\" rel=\"noopener noreferrer\">Francisco Etxeberr\u00eda. lacronicadesalamanca.com. 27\/02\/2016. \u201cEl \u00e9xito del franquismo es que a\u00fan nos da miedo hablar de los desaparecidos\u201d<\/a><\/p>\n<\/div><\/div><footer class=\"entry-footer\"><\/footer><\/article><div class=\"iconlist-timeline\"><\/div><\/li>\n<li><div class='iconlist_icon av-8vz0cly-00985130f022d3a8db97cb761bff23c5 avia-font-entypo-fontello avia-iconfont avia-font-entypo-fontello'><span class='av-icon-char' data-av_icon='\ue84d' data-av_iconfont='entypo-fontello' aria-hidden=\"true\"><\/span><\/div><article class=\"article-icon-entry \"  itemscope=\"itemscope\" itemtype=\"https:\/\/schema.org\/CreativeWork\" ><div class=\"iconlist_content_wrap\"><header class=\"entry-content-header\" aria-label=\"Icon: \"><\/header><div class='iconlist_content '  itemprop=\"text\" ><p><a href=\"http:\/\/www.telam.com.ar\/notas\/201602\/136845-antropologos-argentinos-cumplen-31-anos-en-buscar-la-verdad-en-el-pais-y-el-mundo.html\" target=\"_blank\" rel=\"noopener noreferrer\">Luis Fondebrider. telam.com.ar. 20\/02\/2016. \u201cEquipo Argentino de Antropolog\u00eda Forense, 31 a\u00f1os buscando verdad y justicia\u201d<\/a><\/p>\n<\/div><\/div><footer class=\"entry-footer\"><\/footer><\/article><div class=\"iconlist-timeline\"><\/div><\/li>\n<li><div class='iconlist_icon av-8ucl30m-32ed9f7844db7b0f89ac7b14ac029f81 avia-font-entypo-fontello avia-iconfont avia-font-entypo-fontello'><span class='av-icon-char' data-av_icon='\ue84d' data-av_iconfont='entypo-fontello' aria-hidden=\"true\"><\/span><\/div><article class=\"article-icon-entry \"  itemscope=\"itemscope\" itemtype=\"https:\/\/schema.org\/CreativeWork\" ><div class=\"iconlist_content_wrap\"><header class=\"entry-content-header\" aria-label=\"Icon: \"><\/header><div class='iconlist_content '  itemprop=\"text\" ><p><a href=\"http:\/\/noitabrega.com\/2016\/02\/19\/francisco-ferrandiz-la-ley-de-memoria-historica-ha-sido-otra-oportunidad-perdida\/\" target=\"_blank\" rel=\"noopener noreferrer\">Entrevista a Francisco Ferr\u00e1ndiz. noitabrega.com. 19\/02\/2016. \u201cLa Ley de Memoria Hist\u00f3rica ha sido otra oportunidad perdida&#8221;<\/a><\/p>\n<\/div><\/div><footer class=\"entry-footer\"><\/footer><\/article><div class=\"iconlist-timeline\"><\/div><\/li>\n<li><div class='iconlist_icon av-vq26di-7ec2b67a3358f46281b7b243ebe90805 avia-font-entypo-fontello avia-iconfont avia-font-entypo-fontello'><span class='av-icon-char' data-av_icon='\ue84d' data-av_iconfont='entypo-fontello' aria-hidden=\"true\"><\/span><\/div><article class=\"article-icon-entry \"  itemscope=\"itemscope\" itemtype=\"https:\/\/schema.org\/CreativeWork\" ><div class=\"iconlist_content_wrap\"><header class=\"entry-content-header\" aria-label=\"Icon: \"><\/header><div class='iconlist_content '  itemprop=\"text\" ><p><a href=\"http:\/\/www.politico.eu\/article\/spain-glares-bloody-past-franco-victims-mass-graves-exhumations-civil-war\/\" target=\"_blank\" rel=\"noopener noreferrer\">Francisco Ferr\u00e1ndiz. politico.eu. 29\/01\/2016. &#8220;Espa\u00f1a mira hacia su pasado sangriento&#8221;<\/a><\/p>\n<\/div><\/div><footer class=\"entry-footer\"><\/footer><\/article><div class=\"iconlist-timeline\"><\/div><\/li>\n<\/ul><\/div>\n<\/div><\/div><\/section>\n<section class='av_tab_section av_tab_section av-8r29e92-8a32b4e74256dc5d0a3b64ec13d3742f'  itemscope=\"itemscope\" itemtype=\"https:\/\/schema.org\/CreativeWork\" ><div id='tab-id-6-tab' class='tab' role='tab' aria-selected=\"false\" tabindex=\"0\" data-fake-id='#tab-id-6' aria-controls='tab-id-6-content'  itemprop=\"headline\" >2015<\/div><div id='tab-id-6-content' class='tab_content' role='tabpanel' aria-labelledby='tab-id-6-tab' aria-hidden=\"true\"><div class='tab_inner_content invers-color'  itemprop=\"text\" >\n<style type=\"text\/css\" data-created_by=\"avia_inline_auto\" id=\"style-css-av-8pird8m-b895f23735bf03b55e2d34ecee636cac\">\n#top .avia-icon-list-container.av-8pird8m-b895f23735bf03b55e2d34ecee636cac .iconlist_icon{\ncolor:#470b0b;\nbackground-color:#ffffff;\n}\n#top .avia-icon-list-container.av-8pird8m-b895f23735bf03b55e2d34ecee636cac .iconlist_icon svg:first-child{\nstroke:#470b0b;\nfill:#470b0b;\n}\n#top #wrap_all .avia-icon-list-container.av-8pird8m-b895f23735bf03b55e2d34ecee636cac .av_iconlist_title{\ncolor:#470b0b;\n}\n<\/style>\n<div  class='avia-icon-list-container av-8pird8m-b895f23735bf03b55e2d34ecee636cac  avia-builder-el-16  el_after_av_iconlist  el_before_av_iconlist '><ul class='avia-icon-list avia_animate_when_almost_visible avia-icon-list-left av-iconlist-big av-8pird8m-b895f23735bf03b55e2d34ecee636cac avia-iconlist-animate'>\n<li><div class='iconlist_icon av-8oiqffa-06361bbd05984501158ee72cba68830e avia-font-entypo-fontello avia-iconfont avia-font-entypo-fontello'><span class='av-icon-char' data-av_icon='\ue84d' data-av_iconfont='entypo-fontello' aria-hidden=\"true\"><\/span><\/div><article class=\"article-icon-entry \"  itemscope=\"itemscope\" itemtype=\"https:\/\/schema.org\/CreativeWork\" ><div class=\"iconlist_content_wrap\"><header class=\"entry-content-header\" aria-label=\"Icon: \"><\/header><div class='iconlist_content '  itemprop=\"text\" ><p><a href=\"http:\/\/www.bbc.com\/mundo\/noticias\/2015\/09\/150906_mexico_informe_expertos_giei_cidh_estudiantes_ayotzinapa_jp\" target=\"_blank\" rel=\"noopener noreferrer\">BBC 06\/09\/2015: M\u00e9xico: informe de expertos desmiente la versi\u00f3n oficial de que los estudiantes de Ayotzinapa fueron incinerados<\/a><\/p>\n<\/div><\/div><footer class=\"entry-footer\"><\/footer><\/article><div class=\"iconlist-timeline\"><\/div><\/li>\n<li><div class='iconlist_icon av-8lvzi7q-bbed2b41cf57c8c94389b801c4878a0b avia-font-entypo-fontello avia-iconfont avia-font-entypo-fontello'><span class='av-icon-char' data-av_icon='\ue84d' data-av_iconfont='entypo-fontello' aria-hidden=\"true\"><\/span><\/div><article class=\"article-icon-entry \"  itemscope=\"itemscope\" itemtype=\"https:\/\/schema.org\/CreativeWork\" ><div class=\"iconlist_content_wrap\"><header class=\"entry-content-header\" aria-label=\"Icon: \"><\/header><div class='iconlist_content '  itemprop=\"text\" ><p><a href=\"http:\/\/politica.elpais.com\/politica\/2015\/07\/05\/actualidad\/1436116851_907098.html\" target=\"_blank\" rel=\"noopener noreferrer\">El Pa\u00eds 06\/07\/2015: Lecciones aprendidas en miles de huesos<\/a><\/p>\n<\/div><\/div><footer class=\"entry-footer\"><\/footer><\/article><div class=\"iconlist-timeline\"><\/div><\/li>\n<li><div class='iconlist_icon av-8kv0wza-191663e1c8d04bab727454fbd2f371be avia-font-entypo-fontello avia-iconfont avia-font-entypo-fontello'><span class='av-icon-char' data-av_icon='\ue84d' data-av_iconfont='entypo-fontello' aria-hidden=\"true\"><\/span><\/div><article class=\"article-icon-entry \"  itemscope=\"itemscope\" itemtype=\"https:\/\/schema.org\/CreativeWork\" ><div class=\"iconlist_content_wrap\"><header class=\"entry-content-header\" aria-label=\"Icon: \"><\/header><div class='iconlist_content '  itemprop=\"text\" ><p><a href=\"https:\/\/www.academia.edu\/12801074\/_An_Underground_Landscape_of_Terror_Anthropologist_Francisco_Ferr%C3%A1ndiz_on_Spain_s_Civil_War_Exhumations._The_Volunteer_32.2_2015_5-9\" target=\"_blank\" rel=\"noopener noreferrer\">The Volunteer 32.2 (2015): Sebastiaan Faber interviews Francisco Ferr\u00e1ndiz : \u201cAn Underground Landscape of Terror: Anthropologist Francisco Ferr\u00e1ndiz on Spain\u2019s Civil War Exhumations.\u201d<\/a><\/p>\n<\/div><\/div><footer class=\"entry-footer\"><\/footer><\/article><div class=\"iconlist-timeline\"><\/div><\/li>\n<li><div class='iconlist_icon av-8j7ekgm-80577bdeb77ac3ba5686608cfa8c478a avia-font-entypo-fontello avia-iconfont avia-font-entypo-fontello'><span class='av-icon-char' data-av_icon='\ue84d' data-av_iconfont='entypo-fontello' aria-hidden=\"true\"><\/span><\/div><article class=\"article-icon-entry \"  itemscope=\"itemscope\" itemtype=\"https:\/\/schema.org\/CreativeWork\" ><div class=\"iconlist_content_wrap\"><header class=\"entry-content-header\" aria-label=\"Icon: \"><\/header><div class='iconlist_content '  itemprop=\"text\" ><p><a href=\"http:\/\/www.mprnews.org\/story\/2015\/01\/27\/holocaust-survivor-portraits\" target=\"_blank\" rel=\"noopener noreferrer\">MPR News 27\/01\/2015: Potraits preserve the stories of Holocaust survivors<\/a><\/p>\n<\/div><\/div><footer class=\"entry-footer\"><\/footer><\/article><div class=\"iconlist-timeline\"><\/div><\/li>\n<li><div class='iconlist_icon av-8hemtk6-8497e7b39abfa78aa611b08556195765 avia-font-entypo-fontello avia-iconfont avia-font-entypo-fontello'><span class='av-icon-char' data-av_icon='\ue84d' data-av_iconfont='entypo-fontello' aria-hidden=\"true\"><\/span><\/div><article class=\"article-icon-entry \"  itemscope=\"itemscope\" itemtype=\"https:\/\/schema.org\/CreativeWork\" ><div class=\"iconlist_content_wrap\"><header class=\"entry-content-header\" aria-label=\"Icon: \"><\/header><div class='iconlist_content '  itemprop=\"text\" ><p><a href=\"http:\/\/elargentinocordoba.infonews.com\/nota\/188069\/entrevista-a-luis-fondebrider-los-dichos-de-barreiro-no-nos-aportaron-nada\" target=\"_blank\" rel=\"noopener noreferrer\">El Argentino 02\/03\/2015: Entrevista a Luis Fondebrider: &#8220;Los dichos de Barreiro no nos aportan nada&#8221;<\/a><\/p>\n<\/div><\/div><footer class=\"entry-footer\"><\/footer><\/article><div class=\"iconlist-timeline\"><\/div><\/li>\n<li><div class='iconlist_icon av-8f9th3a-c275c84b7d875e2c0656b9c9d589ebbb avia-font-entypo-fontello avia-iconfont avia-font-entypo-fontello'><span class='av-icon-char' data-av_icon='\ue84d' data-av_iconfont='entypo-fontello' aria-hidden=\"true\"><\/span><\/div><article class=\"article-icon-entry \"  itemscope=\"itemscope\" itemtype=\"https:\/\/schema.org\/CreativeWork\" ><div class=\"iconlist_content_wrap\"><header class=\"entry-content-header\" aria-label=\"Icon: \"><\/header><div class='iconlist_content '  itemprop=\"text\" ><p><a href=\"http:\/\/www.theguardian.com\/books\/2015\/mar\/17\/don-quixote-author-cervantes-remains-identified\" target=\"_blank\" rel=\"noopener noreferrer\">The Guardian 17\/03\/2015: Remains of Cervantes, author of Don Quixote, &#8216;found in convent&#8217;<\/a><\/p>\n<\/div><\/div><footer class=\"entry-footer\"><\/footer><\/article><div class=\"iconlist-timeline\"><\/div><\/li>\n<li><div class='iconlist_icon av-8e7dq9y-831e2fd7b57d8833cd2249fee4ee6f16 avia-font-entypo-fontello avia-iconfont avia-font-entypo-fontello'><span class='av-icon-char' data-av_icon='\ue84d' data-av_iconfont='entypo-fontello' aria-hidden=\"true\"><\/span><\/div><article class=\"article-icon-entry \"  itemscope=\"itemscope\" itemtype=\"https:\/\/schema.org\/CreativeWork\" ><div class=\"iconlist_content_wrap\"><header class=\"entry-content-header\" aria-label=\"Icon: \"><\/header><div class='iconlist_content '  itemprop=\"text\" ><p><a href=\"http:\/\/uk.reuters.com\/article\/2015\/03\/17\/uk-spain-cervantes-idUKKBN0MD1CU20150317\" target=\"_blank\" rel=\"noopener noreferrer\">Reuters 17\/03\/2015: Cervantes remains found in Madrid convent, investigators believe<\/a><\/p>\n<\/div><\/div><footer class=\"entry-footer\"><\/footer><\/article><div class=\"iconlist-timeline\"><\/div><\/li>\n<li><div class='iconlist_icon av-8cqkd7a-c0002c5e19e59c48797e34ff314389ac avia-font-entypo-fontello avia-iconfont avia-font-entypo-fontello'><span class='av-icon-char' data-av_icon='\ue84d' data-av_iconfont='entypo-fontello' aria-hidden=\"true\"><\/span><\/div><article class=\"article-icon-entry \"  itemscope=\"itemscope\" itemtype=\"https:\/\/schema.org\/CreativeWork\" ><div class=\"iconlist_content_wrap\"><header class=\"entry-content-header\" aria-label=\"Icon: \"><\/header><div class='iconlist_content '  itemprop=\"text\" ><p><a href=\"http:\/\/www.abc.es\/cultura\/20150318\/abci-etxeberria-cervantes-huesos-mandibula-201503172238.html\" target=\"_blank\" rel=\"noopener noreferrer\">ABC 18\/03\/2015: Francsico Etxeberria: &#8220;Tenemos unas mand\u00edbulas que pueden ser de Cervantes perfectamente&#8221;<\/a><\/p>\n<\/div><\/div><footer class=\"entry-footer\"><\/footer><\/article><div class=\"iconlist-timeline\"><\/div><\/li>\n<li><div class='iconlist_icon av-8atdspi-8734240f5221ee47483634d75c103605 avia-font-entypo-fontello avia-iconfont avia-font-entypo-fontello'><span class='av-icon-char' data-av_icon='\ue84d' data-av_iconfont='entypo-fontello' aria-hidden=\"true\"><\/span><\/div><article class=\"article-icon-entry \"  itemscope=\"itemscope\" itemtype=\"https:\/\/schema.org\/CreativeWork\" ><div class=\"iconlist_content_wrap\"><header class=\"entry-content-header\" aria-label=\"Icon: \"><\/header><div class='iconlist_content '  itemprop=\"text\" ><p><a href=\"http:\/\/cultura.elpais.com\/cultura\/2015\/03\/18\/actualidad\/1426700348_758711.html\" target=\"_blank\" rel=\"noopener noreferrer\">El Pa\u00eds 19\/03\/2015: La b\u00fasqueda de Miguel de Cervantes tendr\u00e1 una tercera fase<\/a><\/p>\n<\/div><\/div><footer class=\"entry-footer\"><\/footer><\/article><div class=\"iconlist-timeline\"><\/div><\/li>\n<li><div class='iconlist_icon av-88o1l86-dc4e81ea8b57006220a818ff541275ff avia-font-entypo-fontello avia-iconfont avia-font-entypo-fontello'><span class='av-icon-char' data-av_icon='\ue84d' data-av_iconfont='entypo-fontello' aria-hidden=\"true\"><\/span><\/div><article class=\"article-icon-entry \"  itemscope=\"itemscope\" itemtype=\"https:\/\/schema.org\/CreativeWork\" ><div class=\"iconlist_content_wrap\"><header class=\"entry-content-header\" aria-label=\"Icon: \"><\/header><div class='iconlist_content '  itemprop=\"text\" ><p><a href=\"http:\/\/www.eldiario.es\/cultura\/politicas_culturales\/busqueda-Cervantes-arqueologia-circense_0_368513999.html\" target=\"_blank\" rel=\"noopener noreferrer\">eldiario.es 23\/03\/2015: La arqueolog\u00eda circense en la b\u00fasqueda de Cervantes<\/a><\/p>\n<\/div><\/div><footer class=\"entry-footer\"><\/footer><\/article><div class=\"iconlist-timeline\"><\/div><\/li>\n<li><div class='iconlist_icon av-87qttdy-298d1df21b312634ee770b762951f740 avia-font-entypo-fontello avia-iconfont avia-font-entypo-fontello'><span class='av-icon-char' data-av_icon='\ue84d' data-av_iconfont='entypo-fontello' aria-hidden=\"true\"><\/span><\/div><article class=\"article-icon-entry \"  itemscope=\"itemscope\" itemtype=\"https:\/\/schema.org\/CreativeWork\" ><div class=\"iconlist_content_wrap\"><header class=\"entry-content-header\" aria-label=\"Icon: \"><\/header><div class='iconlist_content '  itemprop=\"text\" ><p><a href=\"http:\/\/www.eldiario.es\/norte\/navarra\/ultima_hora\/Francisco-Etxeberria-antropologicas-Cervantes-Trinitarias_0_380762300.html\" target=\"_blank\" rel=\"noopener noreferrer\">eldiario.es 24\/03\/2015: Francisco Etxeberria dice que las coincidencias antropol\u00f3gicas, hist\u00f3ricas y forenses sit\u00faan a Cervantes en Trinitarias<\/a><\/p>\n<\/div><\/div><footer class=\"entry-footer\"><\/footer><\/article><div class=\"iconlist-timeline\"><\/div><\/li>\n<li><div class='iconlist_icon av-86c2ts6-af7fce6bd748be431ba1a8fb6d61e569 avia-font-entypo-fontello avia-iconfont avia-font-entypo-fontello'><span class='av-icon-char' data-av_icon='\ue84d' data-av_iconfont='entypo-fontello' aria-hidden=\"true\"><\/span><\/div><article class=\"article-icon-entry \"  itemscope=\"itemscope\" itemtype=\"https:\/\/schema.org\/CreativeWork\" ><div class=\"iconlist_content_wrap\"><header class=\"entry-content-header\" aria-label=\"Icon: \"><\/header><div class='iconlist_content '  itemprop=\"text\" ><p><a href=\"http:\/\/burgos-dijital.blogspot.com\/2015\/04\/unas-17-personas-fueron-asesinadas-en.html\" target=\"_blank\" rel=\"noopener noreferrer\">Burgos Digital 03\/04\/2015: Unas 17 personas fueron asesinadas en la fosa de Est\u00e9par<\/a><\/p>\n<\/div><\/div><footer class=\"entry-footer\"><\/footer><\/article><div class=\"iconlist-timeline\"><\/div><\/li>\n<li><div class='iconlist_icon av-83edbbq-fed85832847144ff3ff1f32244de9ca5 avia-font-entypo-fontello avia-iconfont avia-font-entypo-fontello'><span class='av-icon-char' data-av_icon='\ue84d' data-av_iconfont='entypo-fontello' aria-hidden=\"true\"><\/span><\/div><article class=\"article-icon-entry \"  itemscope=\"itemscope\" itemtype=\"https:\/\/schema.org\/CreativeWork\" ><div class=\"iconlist_content_wrap\"><header class=\"entry-content-header\" aria-label=\"Icon: \"><\/header><div class='iconlist_content '  itemprop=\"text\" ><p><a href=\"http:\/\/www.lamarea.com\/2015\/04\/04\/rescatados-del-olvido-de-la-fosa-comun\/\" target=\"_blank\" rel=\"noopener noreferrer\">La Marea 04\/04\/2015: Rescatados del olvido de la fosa com\u00fan<\/a><\/p>\n<\/div><\/div><footer class=\"entry-footer\"><\/footer><\/article><div class=\"iconlist-timeline\"><\/div><\/li>\n<li><div class='iconlist_icon av-81wsili-0fe27bcdfde0d029d147b5b08bcda9f2 avia-font-entypo-fontello avia-iconfont avia-font-entypo-fontello'><span class='av-icon-char' data-av_icon='\ue84d' data-av_iconfont='entypo-fontello' aria-hidden=\"true\"><\/span><\/div><article class=\"article-icon-entry \"  itemscope=\"itemscope\" itemtype=\"https:\/\/schema.org\/CreativeWork\" ><div class=\"iconlist_content_wrap\"><header class=\"entry-content-header\" aria-label=\"Icon: \"><\/header><div class='iconlist_content '  itemprop=\"text\" ><p><a href=\"http:\/\/www.diariodeburgos.es\/noticia\/Z29B3D0AF-0539-F261-34937A6C7AF750FA\/20150404\/nuevas\/labores\/exhumacion\/fosa\/estepar\/dejan\/descubierto\/restos\/otros\/20\/fusilados\" target=\"_blank\" rel=\"noopener noreferrer\">Diario de Burgos 04\/04\/2015: Nuevos labores de exhumaci\u00f3n en una fosa de Est\u00e9par dejan al descubierto los restos de otros 20 fusilados<\/a><\/p>\n<\/div><\/div><footer class=\"entry-footer\"><\/footer><\/article><div class=\"iconlist-timeline\"><\/div><\/li>\n<li><div class='iconlist_icon av-81b74hi-c363674a8bdc2e4c0acc8fe78d68d6c0 avia-font-entypo-fontello avia-iconfont avia-font-entypo-fontello'><span class='av-icon-char' data-av_icon='\ue84d' data-av_iconfont='entypo-fontello' aria-hidden=\"true\"><\/span><\/div><article class=\"article-icon-entry \"  itemscope=\"itemscope\" itemtype=\"https:\/\/schema.org\/CreativeWork\" ><div class=\"iconlist_content_wrap\"><header class=\"entry-content-header\" aria-label=\"Icon: \"><\/header><div class='iconlist_content '  itemprop=\"text\" ><p><a href=\"http:\/\/www.diariodeburgos.es\/noticia\/Z790629C7-B234-15CF-32659830714B525A\/20150406\/cuarta\/fosa\/monte\/estepar\/saca\/luz\/restos\/26\/fusilados\" target=\"_blank\" rel=\"noopener noreferrer\">Diario de Burgos 06\/04\/2015:La cuarta fosa del monte de Est\u00e9par saca a la luz restos de 26 fusilados<\/a><\/p>\n<\/div><\/div><footer class=\"entry-footer\"><\/footer><\/article><div class=\"iconlist-timeline\"><\/div><\/li>\n<li><div class='iconlist_icon av-7yzj2ue-51aedd5cfdccb7732fda141471917efa avia-font-entypo-fontello avia-iconfont avia-font-entypo-fontello'><span class='av-icon-char' data-av_icon='\ue84d' data-av_iconfont='entypo-fontello' aria-hidden=\"true\"><\/span><\/div><article class=\"article-icon-entry \"  itemscope=\"itemscope\" itemtype=\"https:\/\/schema.org\/CreativeWork\" ><div class=\"iconlist_content_wrap\"><header class=\"entry-content-header\" aria-label=\"Icon: \"><\/header><div class='iconlist_content '  itemprop=\"text\" ><p><a href=\"http:\/\/ajwnews.com\/remembering-armenian-genocide\/\" target=\"_blank\" rel=\"noopener noreferrer\">The American Jewish World 08\/04\/2015: Remembering the Armenian Genocide<\/a><\/p>\n<\/div><\/div><footer class=\"entry-footer\"><\/footer><\/article><div class=\"iconlist-timeline\"><\/div><\/li>\n<li><div class='iconlist_icon av-skfduu-9b8894aa1b7576dbfc22d71b981a102c avia-font-entypo-fontello avia-iconfont avia-font-entypo-fontello'><span class='av-icon-char' data-av_icon='\ue84d' data-av_iconfont='entypo-fontello' aria-hidden=\"true\"><\/span><\/div><article class=\"article-icon-entry \"  itemscope=\"itemscope\" itemtype=\"https:\/\/schema.org\/CreativeWork\" ><div class=\"iconlist_content_wrap\"><header class=\"entry-content-header\" aria-label=\"Icon: \"><\/header><div class='iconlist_content '  itemprop=\"text\" ><p><a href=\"http:\/\/www.startribune.com\/twin-cities-armenians-world-mark-100-years-of-forgotten-holocaust\/300220721\/\" target=\"_blank\" rel=\"noopener noreferrer\">Star Tribune 16\/04\/2015: 100 years later, Armenians in Twins Cities around world recall &#8220;forgotten holocaust&#8221;<\/a><\/p>\n<\/div><\/div><footer class=\"entry-footer\"><\/footer><\/article><div class=\"iconlist-timeline\"><\/div><\/li>\n<li><div class='iconlist_icon av-7v3fkhi-0ef12999b6811e7d06df8c254e774fb7 avia-font-entypo-fontello avia-iconfont avia-font-entypo-fontello'><span class='av-icon-char' data-av_icon='\ue84d' data-av_iconfont='entypo-fontello' aria-hidden=\"true\"><\/span><\/div><article class=\"article-icon-entry \"  itemscope=\"itemscope\" itemtype=\"https:\/\/schema.org\/CreativeWork\" ><div class=\"iconlist_content_wrap\"><header class=\"entry-content-header\" aria-label=\"Icon: \"><\/header><div class='iconlist_content '  itemprop=\"text\" ><p><a href=\"http:\/\/www.elmundo.es\/cronica\/2015\/04\/19\/5532252dca4741d2788b457a.html\" target=\"_blank\" rel=\"noopener noreferrer\">El Mundo 19\/04\/2015: Cervantes a hueso vivo<\/a><\/p>\n<\/div><\/div><footer class=\"entry-footer\"><\/footer><\/article><div class=\"iconlist-timeline\"><\/div><\/li>\n<li><div class='iconlist_icon av-7tqr62e-2dc65b3adeb3d5e3365047abf1f1eb4c avia-font-entypo-fontello avia-iconfont avia-font-entypo-fontello'><span class='av-icon-char' data-av_icon='\ue84d' data-av_iconfont='entypo-fontello' aria-hidden=\"true\"><\/span><\/div><article class=\"article-icon-entry \"  itemscope=\"itemscope\" itemtype=\"https:\/\/schema.org\/CreativeWork\" ><div class=\"iconlist_content_wrap\"><header class=\"entry-content-header\" aria-label=\"Icon: \"><\/header><div class='iconlist_content '  itemprop=\"text\" ><p><a href=\"http:\/\/burgosconecta.es\/2015\/03\/31\/memoria-historica-retoma-la-exhumacion-de-victimas-del-franquismo-en-la-cuarta-fosa-de-estepar\/\" target=\"_blank\" rel=\"noopener noreferrer\">Burgos Conecta 11\/05\/2015: Memoria Hist\u00f3rica retoma la exhumaci\u00f3n de v\u00edctimas del Franquismo en la cuarta fosa de Est\u00e9par<\/a><\/p>\n<\/div><\/div><footer class=\"entry-footer\"><\/footer><\/article><div class=\"iconlist-timeline\"><\/div><\/li>\n<\/ul><\/div>\n<\/div><\/div><\/section>\n<section class='av_tab_section av_tab_section av-7sx7fba-beebd8d1c7098eb1f9e893ce78ea5e29'  itemscope=\"itemscope\" itemtype=\"https:\/\/schema.org\/CreativeWork\" ><div id='tab-id-7-tab' class='tab' role='tab' aria-selected=\"false\" tabindex=\"0\" data-fake-id='#tab-id-7' aria-controls='tab-id-7-content'  itemprop=\"headline\" >2014<\/div><div id='tab-id-7-content' class='tab_content' role='tabpanel' aria-labelledby='tab-id-7-tab' aria-hidden=\"true\"><div class='tab_inner_content invers-color'  itemprop=\"text\" >\n<style type=\"text\/css\" data-created_by=\"avia_inline_auto\" id=\"style-css-av-7r7d4pi-32aa785e8d99e559e31214e99aa9b490\">\n#top .avia-icon-list-container.av-7r7d4pi-32aa785e8d99e559e31214e99aa9b490 .iconlist_icon{\ncolor:#470b0b;\nbackground-color:#ffffff;\n}\n#top .avia-icon-list-container.av-7r7d4pi-32aa785e8d99e559e31214e99aa9b490 .iconlist_icon svg:first-child{\nstroke:#470b0b;\nfill:#470b0b;\n}\n#top #wrap_all .avia-icon-list-container.av-7r7d4pi-32aa785e8d99e559e31214e99aa9b490 .av_iconlist_title{\ncolor:#470b0b;\n}\n<\/style>\n<div  class='avia-icon-list-container av-7r7d4pi-32aa785e8d99e559e31214e99aa9b490  avia-builder-el-17  el_after_av_iconlist  el_before_av_iconlist '><ul class='avia-icon-list avia_animate_when_almost_visible avia-icon-list-left av-iconlist-big av-7r7d4pi-32aa785e8d99e559e31214e99aa9b490 avia-iconlist-animate'>\n<li><div class='iconlist_icon av-7oprlvq-f733676cb2ddd3aa1a9a6601c4e48caa avia-font-entypo-fontello avia-iconfont avia-font-entypo-fontello'><span class='av-icon-char' data-av_icon='\ue84d' data-av_iconfont='entypo-fontello' aria-hidden=\"true\"><\/span><\/div><article class=\"article-icon-entry \"  itemscope=\"itemscope\" itemtype=\"https:\/\/schema.org\/CreativeWork\" ><div class=\"iconlist_content_wrap\"><header class=\"entry-content-header\" aria-label=\"Icon: \"><\/header><div class='iconlist_content '  itemprop=\"text\" ><p><a href=\"http:\/\/www.clarin.com\/mundo\/entrevista-Luis-Fondebrider-presidente-Equipo-Argentino-Antropologia-Forense_0_1250875072.html\">clarin.com 18\/11\/14: Luis Fondebrider: \u201cEstos procesos tienen que ver con la idea de verdad\u201d <\/a><\/p>\n<\/div><\/div><footer class=\"entry-footer\"><\/footer><\/article><div class=\"iconlist-timeline\"><\/div><\/li>\n<li><div class='iconlist_icon av-7nv0s7a-65e15b25c35c407fd27b6110269417a4 avia-font-entypo-fontello avia-iconfont avia-font-entypo-fontello'><span class='av-icon-char' data-av_icon='\ue84d' data-av_iconfont='entypo-fontello' aria-hidden=\"true\"><\/span><\/div><article class=\"article-icon-entry \"  itemscope=\"itemscope\" itemtype=\"https:\/\/schema.org\/CreativeWork\" ><div class=\"iconlist_content_wrap\"><header class=\"entry-content-header\" aria-label=\"Icon: \"><\/header><div class='iconlist_content '  itemprop=\"text\" ><p><a href=\"http:\/\/www.elcorreo.com\/larioja\/201411\/15\/vamos-encontrar-desaparecidos-20141114215526.html\">elcorreo.com 15\/11\/2014: Francisco Etxeberr\u00eda: &#8220;No vamos a encontrar ni al 20% de los desaparecidos en la Guerra Civil y el franquismo&#8221; <\/a><\/p>\n<\/div><\/div><footer class=\"entry-footer\"><\/footer><\/article><div class=\"iconlist-timeline\"><\/div><\/li>\n<li><div class='iconlist_icon av-7lx2kc6-de01f1a9bd5ccbeeaada09f1e261c9bb avia-font-entypo-fontello avia-iconfont avia-font-entypo-fontello'><span class='av-icon-char' data-av_icon='\ue84d' data-av_iconfont='entypo-fontello' aria-hidden=\"true\"><\/span><\/div><article class=\"article-icon-entry \"  itemscope=\"itemscope\" itemtype=\"https:\/\/schema.org\/CreativeWork\" ><div class=\"iconlist_content_wrap\"><header class=\"entry-content-header\" aria-label=\"Icon: \"><\/header><div class='iconlist_content '  itemprop=\"text\" ><p><a href=\"http:\/\/cultura.elpais.com\/cultura\/2014\/10\/31\/actualidad\/1414775552_767681.html\">elpais.com 31\/10\/2014: La Junta de Andaluc\u00eda impulsa otro intento para encontrar la fosa de Lorca <\/a><\/p>\n<\/div><\/div><footer class=\"entry-footer\"><\/footer><\/article><div class=\"iconlist-timeline\"><\/div><\/li>\n<li><div class='iconlist_icon av-7jede1i-66c98b7c03fc22d2e289c1152accbfbb avia-font-entypo-fontello avia-iconfont avia-font-entypo-fontello'><span class='av-icon-char' data-av_icon='\ue84d' data-av_iconfont='entypo-fontello' aria-hidden=\"true\"><\/span><\/div><article class=\"article-icon-entry \"  itemscope=\"itemscope\" itemtype=\"https:\/\/schema.org\/CreativeWork\" ><div class=\"iconlist_content_wrap\"><header class=\"entry-content-header\" aria-label=\"Icon: \"><\/header><div class='iconlist_content '  itemprop=\"text\" ><p><a href=\"http:\/\/www.lavanguardia.com\/local\/pais-vasco\/20140917\/54415094893\/exposicion-recuerda-represion-franquista-san-cristobal.html\">lavanguardia.com 17\/09\/2014: Francisco Etxeberr\u00eda: Una exposici\u00f3n recuerda la represi\u00f3n franquista en el Fuerte de San Crist\u00f3bal<\/a><\/p>\n<\/div><\/div><footer class=\"entry-footer\"><\/footer><\/article><div class=\"iconlist-timeline\"><\/div><\/li>\n<li><div class='iconlist_icon av-7iiu9ue-0e0c342c753686045d9e030a77a582c1 avia-font-entypo-fontello avia-iconfont avia-font-entypo-fontello'><span class='av-icon-char' data-av_icon='\ue84d' data-av_iconfont='entypo-fontello' aria-hidden=\"true\"><\/span><\/div><article class=\"article-icon-entry \"  itemscope=\"itemscope\" itemtype=\"https:\/\/schema.org\/CreativeWork\" ><div class=\"iconlist_content_wrap\"><header class=\"entry-content-header\" aria-label=\"Icon: \"><\/header><div class='iconlist_content '  itemprop=\"text\" ><p><a href=\"http:\/\/www.eldiario.es\/sociedad\/ONU-Espana-Guerra-Civil-franquismo_0_297120710.html\">eldiario.es 28\/08\/2014: Los 10 suspensos de la ONU a Espa\u00f1a en memoria hist\u00f3rica <\/a><\/p>\n<\/div><\/div><footer class=\"entry-footer\"><\/footer><\/article><div class=\"iconlist-timeline\"><\/div><\/li>\n<li><div class='iconlist_icon av-7gv1a4m-49ee46541b554b37f19c6653cb9d073c avia-font-entypo-fontello avia-iconfont avia-font-entypo-fontello'><span class='av-icon-char' data-av_icon='\ue84d' data-av_iconfont='entypo-fontello' aria-hidden=\"true\"><\/span><\/div><article class=\"article-icon-entry \"  itemscope=\"itemscope\" itemtype=\"https:\/\/schema.org\/CreativeWork\" ><div class=\"iconlist_content_wrap\"><header class=\"entry-content-header\" aria-label=\"Icon: \"><\/header><div class='iconlist_content '  itemprop=\"text\" ><p><a href=\"http:\/\/www.diariodeburgos.es\/noticia\/Z89551DE7-9782-AF4C-4D044334E785D3DE\/20140722\/localizadas\/4\/primeras\/fosas\/comunes\/monte\/estepar\">diariodeburgos.es 22\/07\/2014: Localizadas las 4 primeras fosas comunes en el monte de Est\u00e9par <\/a><\/p>\n<\/div><\/div><footer class=\"entry-footer\"><\/footer><\/article><div class=\"iconlist-timeline\"><\/div><\/li>\n<li><div class='iconlist_icon av-7fwfs5y-eb07bca217e2fb47497a68aacf355301 avia-font-entypo-fontello avia-iconfont avia-font-entypo-fontello'><span class='av-icon-char' data-av_icon='\ue84d' data-av_iconfont='entypo-fontello' aria-hidden=\"true\"><\/span><\/div><article class=\"article-icon-entry \"  itemscope=\"itemscope\" itemtype=\"https:\/\/schema.org\/CreativeWork\" ><div class=\"iconlist_content_wrap\"><header class=\"entry-content-header\" aria-label=\"Icon: \"><\/header><div class='iconlist_content '  itemprop=\"text\" ><p><a href=\"http:\/\/ccaa.elpais.com\/ccaa\/2014\/06\/28\/paisvasco\/1403977616_563335.html\">elpais.com 28\/06\/2014: Francisco Etxeberr\u00eda: El Gobierno vasco estudiar\u00e1 entre 200 y 400 casos para su informe de torturas<\/a><\/p>\n<\/div><\/div><footer class=\"entry-footer\"><\/footer><\/article><div class=\"iconlist-timeline\"><\/div><\/li>\n<li><div class='iconlist_icon av-qiuumu-a293ad5cf71e278c09bea440bf2f42ca avia-font-entypo-fontello avia-iconfont avia-font-entypo-fontello'><span class='av-icon-char' data-av_icon='\ue84d' data-av_iconfont='entypo-fontello' aria-hidden=\"true\"><\/span><\/div><article class=\"article-icon-entry \"  itemscope=\"itemscope\" itemtype=\"https:\/\/schema.org\/CreativeWork\" ><div class=\"iconlist_content_wrap\"><header class=\"entry-content-header\" aria-label=\"Icon: \"><\/header><div class='iconlist_content '  itemprop=\"text\" ><p><a href=\"http:\/\/agencias.abc.es\/agencias\/noticia.asp?noticia=1607444\">abc.es 10-06-2014: Francisco Etxeberr\u00eda: No vamos a encontrar a Cervantes con su nombre puesto en el ata\u00fad <\/a><\/p>\n<\/div><\/div><footer class=\"entry-footer\"><\/footer><\/article><div class=\"iconlist-timeline\"><\/div><\/li>\n<li><div class='iconlist_icon av-7bmzazq-6bae15107596f770ad2f08bc05afb7e1 avia-font-entypo-fontello avia-iconfont avia-font-entypo-fontello'><span class='av-icon-char' data-av_icon='\ue84d' data-av_iconfont='entypo-fontello' aria-hidden=\"true\"><\/span><\/div><article class=\"article-icon-entry \"  itemscope=\"itemscope\" itemtype=\"https:\/\/schema.org\/CreativeWork\" ><div class=\"iconlist_content_wrap\"><header class=\"entry-content-header\" aria-label=\"Icon: \"><\/header><div class='iconlist_content '  itemprop=\"text\" ><p><a href=\"http:\/\/www.abc.es\/madrid\/20140609\/abci-nariz-seis-dientes-heridas-201406091219.html\">abc.es 09\/06\/2014: Francisco Etxeberr\u00eda: La nariz, seis dientes y sus heridas de guerra, claves en la \u00abautopsia\u00bb de Miguel de Cervantes <\/a><\/p>\n<\/div><\/div><footer class=\"entry-footer\"><\/footer><\/article><div class=\"iconlist-timeline\"><\/div><\/li>\n<li><div class='iconlist_icon av-79rpbmu-7b8a2842d2bb1ebd61813a567ec5733a avia-font-entypo-fontello avia-iconfont avia-font-entypo-fontello'><span class='av-icon-char' data-av_icon='\ue84d' data-av_iconfont='entypo-fontello' aria-hidden=\"true\"><\/span><\/div><article class=\"article-icon-entry \"  itemscope=\"itemscope\" itemtype=\"https:\/\/schema.org\/CreativeWork\" ><div class=\"iconlist_content_wrap\"><header class=\"entry-content-header\" aria-label=\"Icon: \"><\/header><div class='iconlist_content '  itemprop=\"text\" ><p><a href=\"http:\/\/www.efefuturo.com\/noticia\/delimitan-las-cinco-zonas-de-la-iglesia-donde-podria-reposar-cervantes\/\">efefuturo.com 09\/06\/2014: Francisco Etxeberria: Las b\u00fasqueda de Cervantes comenzar\u00e1 por la cripta de la iglesia <\/a><\/p>\n<\/div><\/div><footer class=\"entry-footer\"><\/footer><\/article><div class=\"iconlist-timeline\"><\/div><\/li>\n<li><div class='iconlist_icon av-77ymfhy-2cd020a5c0dfb2e2d0a05e560d4193db avia-font-entypo-fontello avia-iconfont avia-font-entypo-fontello'><span class='av-icon-char' data-av_icon='\ue84d' data-av_iconfont='entypo-fontello' aria-hidden=\"true\"><\/span><\/div><article class=\"article-icon-entry \"  itemscope=\"itemscope\" itemtype=\"https:\/\/schema.org\/CreativeWork\" ><div class=\"iconlist_content_wrap\"><header class=\"entry-content-header\" aria-label=\"Icon: \"><\/header><div class='iconlist_content '  itemprop=\"text\" ><p><a href=\"http:\/\/www.publico.es\/politica\/apertura-fosas-del-franquismo-desestabilizado.html\">publico.es 08\/06\/2014: Francisco Ferr\u00e1ndiz: &#8220;La apertura de las fosas del franquismo ha desestabilizado el relato de la Transici\u00f3n&#8221; <\/a><\/p>\n<\/div><\/div><footer class=\"entry-footer\"><\/footer><\/article><div class=\"iconlist-timeline\"><\/div><\/li>\n<li><div class='iconlist_icon av-76m2yjq-c2a0a1f1c8996f5317e77c554a5b3611 avia-font-entypo-fontello avia-iconfont avia-font-entypo-fontello'><span class='av-icon-char' data-av_icon='\ue84d' data-av_iconfont='entypo-fontello' aria-hidden=\"true\"><\/span><\/div><article class=\"article-icon-entry \"  itemscope=\"itemscope\" itemtype=\"https:\/\/schema.org\/CreativeWork\" ><div class=\"iconlist_content_wrap\"><header class=\"entry-content-header\" aria-label=\"Icon: \"><\/header><div class='iconlist_content '  itemprop=\"text\" ><p><a href=\"http:\/\/www.eldiario.es\/sociedad\/Franco-salir-Valle-Caidos-despues_0_260724563.html\">eldiario.es 24\/05\/2014: Francisco Ferr\u00e1ndiz: &#8220;Franco va a salir del Valle de los Ca\u00eddos antes o despu\u00e9s&#8221;<\/a><\/p>\n<\/div><\/div><footer class=\"entry-footer\"><\/footer><\/article><div class=\"iconlist-timeline\"><\/div><\/li>\n<li><div class='iconlist_icon av-74inc7a-983eb974508b8e86b356ad52d3f80ea1 avia-font-entypo-fontello avia-iconfont avia-font-entypo-fontello'><span class='av-icon-char' data-av_icon='\ue84d' data-av_iconfont='entypo-fontello' aria-hidden=\"true\"><\/span><\/div><article class=\"article-icon-entry \"  itemscope=\"itemscope\" itemtype=\"https:\/\/schema.org\/CreativeWork\" ><div class=\"iconlist_content_wrap\"><header class=\"entry-content-header\" aria-label=\"Icon: \"><\/header><div class='iconlist_content '  itemprop=\"text\" ><p><a href=\"http:\/\/www.eldiario.es\/sociedad\/oropesa-fosa-comun-cementerio-aranzadi_0_255125455.html\">eldiario.es 10\/05\/2014: Un parque sobre fosas comunes de Guerra Civil en Oropesa <\/a><\/p>\n<\/div><\/div><footer class=\"entry-footer\"><\/footer><\/article><div class=\"iconlist-timeline\"><\/div><\/li>\n<li><div class='iconlist_icon av-72vkx9y-44ccb60443a42c830e7e16cd59d12ed0 avia-font-entypo-fontello avia-iconfont avia-font-entypo-fontello'><span class='av-icon-char' data-av_icon='\ue84d' data-av_iconfont='entypo-fontello' aria-hidden=\"true\"><\/span><\/div><article class=\"article-icon-entry \"  itemscope=\"itemscope\" itemtype=\"https:\/\/schema.org\/CreativeWork\" ><div class=\"iconlist_content_wrap\"><header class=\"entry-content-header\" aria-label=\"Icon: \"><\/header><div class='iconlist_content '  itemprop=\"text\" ><p><a href=\"http:\/\/www.lavanguardia.com\/libros\/20140428\/54407335108\/cervantes.html\">lavanguardia.com 28\/04\/2014: Francisco Etxeberr\u00eda: En busca de Cervantes <\/a><\/p>\n<\/div><\/div><footer class=\"entry-footer\"><\/footer><\/article><div class=\"iconlist-timeline\"><\/div><\/li>\n<li><div class='iconlist_icon av-71h1v5y-651d24e3270f6cc60d82bbebe28cad85 avia-font-entypo-fontello avia-iconfont avia-font-entypo-fontello'><span class='av-icon-char' data-av_icon='\ue84d' data-av_iconfont='entypo-fontello' aria-hidden=\"true\"><\/span><\/div><article class=\"article-icon-entry \"  itemscope=\"itemscope\" itemtype=\"https:\/\/schema.org\/CreativeWork\" ><div class=\"iconlist_content_wrap\"><header class=\"entry-content-header\" aria-label=\"Icon: \"><\/header><div class='iconlist_content '  itemprop=\"text\" ><p><a href=\"http:\/\/www.eldiario.es\/sociedad\/FOTOGALERIA-Entrega-represaliados-fallecidos-Valdenoceda_12_249295069.html\">eldiario.es 13\/04\/2014: Luis R\u00edos: FOTOGALER\u00cdA: Entrega de restos de v\u00edctimas por la dictadura fallecidos en la c\u00e1rcel de Valdenoceda<\/a><\/p>\n<\/div><\/div><footer class=\"entry-footer\"><\/footer><\/article><div class=\"iconlist-timeline\"><\/div><\/li>\n<li><div class='iconlist_icon av-6zsev7a-45a2ec08900c411c1787649e362866fd avia-font-entypo-fontello avia-iconfont avia-font-entypo-fontello'><span class='av-icon-char' data-av_icon='\ue84d' data-av_iconfont='entypo-fontello' aria-hidden=\"true\"><\/span><\/div><article class=\"article-icon-entry \"  itemscope=\"itemscope\" itemtype=\"https:\/\/schema.org\/CreativeWork\" ><div class=\"iconlist_content_wrap\"><header class=\"entry-content-header\" aria-label=\"Icon: \"><\/header><div class='iconlist_content '  itemprop=\"text\" ><p><a href=\"http:\/\/ccaa.elpais.com\/ccaa\/2014\/03\/28\/paisvasco\/1396006207_322314.html\">elpais.com 28\/03\/2014: El Gobierno conf\u00eda a Francisco Etxeberria un estudio \u201coficial\u201d de la tortura <\/a><\/p>\n<\/div><\/div><footer class=\"entry-footer\"><\/footer><\/article><div class=\"iconlist-timeline\"><\/div><\/li>\n<li><div class='iconlist_icon av-6yp4opi-94b36fa2c832b3dfd382e143723d2f8b avia-font-entypo-fontello avia-iconfont avia-font-entypo-fontello'><span class='av-icon-char' data-av_icon='\ue84d' data-av_iconfont='entypo-fontello' aria-hidden=\"true\"><\/span><\/div><article class=\"article-icon-entry \"  itemscope=\"itemscope\" itemtype=\"https:\/\/schema.org\/CreativeWork\" ><div class=\"iconlist_content_wrap\"><header class=\"entry-content-header\" aria-label=\"Icon: \"><\/header><div class='iconlist_content '  itemprop=\"text\" ><p><a href=\"http:\/\/politica.elpais.com\/politica\/2014\/02\/12\/actualidad\/1392225947_920227.html\">elpais.com 12\/02\/2014: Forenses certifican que las fosas halladas en el S\u00e1hara ten\u00edan v\u00edctimas espa\u00f1olas <\/a><\/p>\n<\/div><\/div><footer class=\"entry-footer\"><\/footer><\/article><div class=\"iconlist-timeline\"><\/div><\/li>\n<li><div class='iconlist_icon av-ovsfpi-84333bdce9d887f2a4c3ea3c38b57752 avia-font-entypo-fontello avia-iconfont avia-font-entypo-fontello'><span class='av-icon-char' data-av_icon='\ue84d' data-av_iconfont='entypo-fontello' aria-hidden=\"true\"><\/span><\/div><article class=\"article-icon-entry \"  itemscope=\"itemscope\" itemtype=\"https:\/\/schema.org\/CreativeWork\" ><div class=\"iconlist_content_wrap\"><header class=\"entry-content-header\" aria-label=\"Icon: \"><\/header><div class='iconlist_content '  itemprop=\"text\" ><p><a href=\"http:\/\/www.eldiario.es\/andalucia\/cineandcine\/Holocausto-andaluz_6_223687656.html\">eldiario.es 30\/01\/2014: \u00c1ngel del R\u00edo: Holocausto andaluz <\/a><\/p>\n<\/div><\/div><footer class=\"entry-footer\"><\/footer><\/article><div class=\"iconlist-timeline\"><\/div><\/li>\n<\/ul><\/div>\n<\/div><\/div><\/section>\n<section class='av_tab_section av_tab_section av-6v0f5yu-c8fb04ac114a042614b6a45715164ae7'  itemscope=\"itemscope\" itemtype=\"https:\/\/schema.org\/CreativeWork\" ><div id='tab-id-8-tab' class='tab' role='tab' aria-selected=\"false\" tabindex=\"0\" data-fake-id='#tab-id-8' aria-controls='tab-id-8-content'  itemprop=\"headline\" >2013<\/div><div id='tab-id-8-content' class='tab_content' role='tabpanel' aria-labelledby='tab-id-8-tab' aria-hidden=\"true\"><div class='tab_inner_content invers-color'  itemprop=\"text\" >\n<style type=\"text\/css\" data-created_by=\"avia_inline_auto\" id=\"style-css-av-6ucaoja-10d00c8261a91a38439cfcecb2769991\">\n#top .avia-icon-list-container.av-6ucaoja-10d00c8261a91a38439cfcecb2769991 .iconlist_icon{\ncolor:#470b0b;\nbackground-color:#ffffff;\n}\n#top .avia-icon-list-container.av-6ucaoja-10d00c8261a91a38439cfcecb2769991 .iconlist_icon svg:first-child{\nstroke:#470b0b;\nfill:#470b0b;\n}\n#top #wrap_all .avia-icon-list-container.av-6ucaoja-10d00c8261a91a38439cfcecb2769991 .av_iconlist_title{\ncolor:#470b0b;\n}\n<\/style>\n<div  class='avia-icon-list-container av-6ucaoja-10d00c8261a91a38439cfcecb2769991  avia-builder-el-18  el_after_av_iconlist  el_before_av_iconlist '><ul class='avia-icon-list avia_animate_when_almost_visible avia-icon-list-left av-iconlist-big av-6ucaoja-10d00c8261a91a38439cfcecb2769991 avia-iconlist-animate'>\n<li><div class='iconlist_icon av-6ro86d2-5e7a063503623e98e72549eea40ecb35 avia-font-entypo-fontello avia-iconfont avia-font-entypo-fontello'><span class='av-icon-char' data-av_icon='\ue84d' data-av_iconfont='entypo-fontello' aria-hidden=\"true\"><\/span><\/div><article class=\"article-icon-entry \"  itemscope=\"itemscope\" itemtype=\"https:\/\/schema.org\/CreativeWork\" ><div class=\"iconlist_content_wrap\"><header class=\"entry-content-header\" aria-label=\"Icon: \"><\/header><div class='iconlist_content '  itemprop=\"text\" ><p><a href=\"http:\/\/www.eldiario.es\/sociedad\/Segundo-enterramiento-Memoria-Historica_0_110239847.html\" target=\"_blank\" rel=\"noopener noreferrer\">Diario.es 14\/03\/2013: Segundo enterramiento de la memoria hist\u00f3rica<\/a><\/p>\n<\/div><\/div><footer class=\"entry-footer\"><\/footer><\/article><div class=\"iconlist-timeline\"><\/div><\/li>\n<li><div class='iconlist_icon av-6qc2uo6-f26767db03ddd12ca14794fa963838d2 avia-font-entypo-fontello avia-iconfont avia-font-entypo-fontello'><span class='av-icon-char' data-av_icon='\ue84d' data-av_iconfont='entypo-fontello' aria-hidden=\"true\"><\/span><\/div><article class=\"article-icon-entry \"  itemscope=\"itemscope\" itemtype=\"https:\/\/schema.org\/CreativeWork\" ><div class=\"iconlist_content_wrap\"><header class=\"entry-content-header\" aria-label=\"Icon: \"><\/header><div class='iconlist_content '  itemprop=\"text\" ><p><a href=\"http:\/\/politica.elpais.com\/politica\/2013\/03\/30\/actualidad\/1364663658_810846.html\" target=\"_blank\" rel=\"noopener noreferrer\">El Pa\u00eds 31\/03\/2013: Gaspar cav\u00f3 su propia fosa (Loma de Montijo)<\/a><\/p>\n<\/div><\/div><footer class=\"entry-footer\"><\/footer><\/article><div class=\"iconlist-timeline\"><\/div><\/li>\n<li><div class='iconlist_icon av-6p6fd6u-c46b109169d91ba629712775884f0afb avia-font-entypo-fontello avia-iconfont avia-font-entypo-fontello'><span class='av-icon-char' data-av_icon='\ue84d' data-av_iconfont='entypo-fontello' aria-hidden=\"true\"><\/span><\/div><article class=\"article-icon-entry \"  itemscope=\"itemscope\" itemtype=\"https:\/\/schema.org\/CreativeWork\" ><div class=\"iconlist_content_wrap\"><header class=\"entry-content-header\" aria-label=\"Icon: \"><\/header><div class='iconlist_content '  itemprop=\"text\" ><p><a href=\"http:\/\/cadenaser.com\/ser\/2013\/04\/08\/internacional\/1365381917_850215.html\" target=\"_blank\" rel=\"noopener noreferrer\">El Pa\u00eds 08\/04\/2013: Acaba con \u00e9xito exhumaci\u00f3n de restos de Neruda para saber si lo asesinaron<\/a><\/p>\n<\/div><\/div><footer class=\"entry-footer\"><\/footer><\/article><div class=\"iconlist-timeline\"><\/div><\/li>\n<li><div class='iconlist_icon av-6n1u5xi-f257eaf49a717149c65dade66ce624d4 avia-font-entypo-fontello avia-iconfont avia-font-entypo-fontello'><span class='av-icon-char' data-av_icon='\ue84d' data-av_iconfont='entypo-fontello' aria-hidden=\"true\"><\/span><\/div><article class=\"article-icon-entry \"  itemscope=\"itemscope\" itemtype=\"https:\/\/schema.org\/CreativeWork\" ><div class=\"iconlist_content_wrap\"><header class=\"entry-content-header\" aria-label=\"Icon: \"><\/header><div class='iconlist_content '  itemprop=\"text\" ><p><a href=\"http:\/\/www.eldiario.es\/sociedad\/memoria-historica-calor-lapicero_0_120738719.html\" target=\"_blank\" rel=\"noopener noreferrer\">Diario.es 13\/04\/2013: La memoria hist\u00f3rica al calor de un lapicero<\/a><\/p>\n<\/div><\/div><footer class=\"entry-footer\"><\/footer><\/article><div class=\"iconlist-timeline\"><\/div><\/li>\n<li><div class='iconlist_icon av-6lpec5i-d40d79c43c48cd0a64d2a472615622a3 avia-font-entypo-fontello avia-iconfont avia-font-entypo-fontello'><span class='av-icon-char' data-av_icon='\ue84d' data-av_iconfont='entypo-fontello' aria-hidden=\"true\"><\/span><\/div><article class=\"article-icon-entry \"  itemscope=\"itemscope\" itemtype=\"https:\/\/schema.org\/CreativeWork\" ><div class=\"iconlist_content_wrap\"><header class=\"entry-content-header\" aria-label=\"Icon: \"><\/header><div class='iconlist_content '  itemprop=\"text\" ><p><a href=\"https:\/\/politicasdelamemoria.org\/wp-content\/uploads\/importedmedia\/EP13-04-14%20Etxeberria%20Boabdil.pdf-1170.pdf\" target=\"_blank\" rel=\"noopener noreferrer\">El Pa\u00eds 14\/04\/2013: Tras la pista de Boabdil (Etxeberria)<\/a><\/p>\n<\/div><\/div><footer class=\"entry-footer\"><\/footer><\/article><div class=\"iconlist-timeline\"><\/div><\/li>\n<li><div class='iconlist_icon av-6jixeme-4260f79db8099d35fe34f0d3ead5d9f9 avia-font-entypo-fontello avia-iconfont avia-font-entypo-fontello'><span class='av-icon-char' data-av_icon='\ue84d' data-av_iconfont='entypo-fontello' aria-hidden=\"true\"><\/span><\/div><article class=\"article-icon-entry \"  itemscope=\"itemscope\" itemtype=\"https:\/\/schema.org\/CreativeWork\" ><div class=\"iconlist_content_wrap\"><header class=\"entry-content-header\" aria-label=\"Icon: \"><\/header><div class='iconlist_content '  itemprop=\"text\" ><p><a href=\"http:\/\/politica.elpais.com\/politica\/2013\/05\/31\/actualidad\/1370023791_319957.html\" target=\"_blank\" rel=\"noopener noreferrer\">El Pa\u00eds 03\/06\/2013: \u00bfAlguien conoce estos hombres? (Valdenoceda)<\/a><\/p>\n<\/div><\/div><footer class=\"entry-footer\"><\/footer><\/article><div class=\"iconlist-timeline\"><\/div><\/li>\n<li><div class='iconlist_icon av-6i9mj7a-ce9ea1980b37b3eb4bed410c3318e2f4 avia-font-entypo-fontello avia-iconfont avia-font-entypo-fontello'><span class='av-icon-char' data-av_icon='\ue84d' data-av_iconfont='entypo-fontello' aria-hidden=\"true\"><\/span><\/div><article class=\"article-icon-entry \"  itemscope=\"itemscope\" itemtype=\"https:\/\/schema.org\/CreativeWork\" ><div class=\"iconlist_content_wrap\"><header class=\"entry-content-header\" aria-label=\"Icon: \"><\/header><div class='iconlist_content '  itemprop=\"text\" ><p><a href=\"http:\/\/portal.uned.es\/portal\/page?_pageid=93,28512095&amp;_dad=portal&amp;_schema=PORTAL\" target=\"_blank\" rel=\"noopener noreferrer\">Portal UNED 16\/07\/2013: Equipo de Gobierno de la UNED<\/a><\/p>\n<\/div><\/div><footer class=\"entry-footer\"><\/footer><\/article><div class=\"iconlist-timeline\"><\/div><\/li>\n<li><div class='iconlist_icon av-6gmpwly-47490be30ae50c331d0b948f2b0fc6d6 avia-font-entypo-fontello avia-iconfont avia-font-entypo-fontello'><span class='av-icon-char' data-av_icon='\ue84d' data-av_iconfont='entypo-fontello' aria-hidden=\"true\"><\/span><\/div><article class=\"article-icon-entry \"  itemscope=\"itemscope\" itemtype=\"https:\/\/schema.org\/CreativeWork\" ><div class=\"iconlist_content_wrap\"><header class=\"entry-content-header\" aria-label=\"Icon: \"><\/header><div class='iconlist_content '  itemprop=\"text\" ><p><a href=\"http:\/\/agencias.abc.es\/agencias\/noticia.asp?noticia=1489912\" target=\"_blank\" rel=\"noopener noreferrer\">ABC 05\/09\/2013: Expertos cient\u00edficos presentar\u00e1n un informe sobre v\u00edctimas saharauis<\/a><\/p>\n<\/div><\/div><footer class=\"entry-footer\"><\/footer><\/article><div class=\"iconlist-timeline\"><\/div><\/li>\n<li><div class='iconlist_icon av-6fgc9rq-bffd0e74867e10f8ba1513eadbb00313 avia-font-entypo-fontello avia-iconfont avia-font-entypo-fontello'><span class='av-icon-char' data-av_icon='\ue84d' data-av_iconfont='entypo-fontello' aria-hidden=\"true\"><\/span><\/div><article class=\"article-icon-entry \"  itemscope=\"itemscope\" itemtype=\"https:\/\/schema.org\/CreativeWork\" ><div class=\"iconlist_content_wrap\"><header class=\"entry-content-header\" aria-label=\"Icon: \"><\/header><div class='iconlist_content '  itemprop=\"text\" ><p><a href=\"http:\/\/politica.elpais.com\/politica\/2013\/09\/10\/actualidad\/1378845780_750837.html\" target=\"_blank\" rel=\"noopener noreferrer\">\u0093El Pa\u00eds 10\/09\/2013: Marruecos minti\u00f3 y vamos a pedir a la ONU que intervenga<\/a><a href=\"https:\/\/politicasdelamemoria.org\/wp-admin\/post.php?attachment_id=\">\u0094<\/a><\/p>\n<\/div><\/div><footer class=\"entry-footer\"><\/footer><\/article><div class=\"iconlist-timeline\"><\/div><\/li>\n<li><div class='iconlist_icon av-6dbo2hi-80c1e53f8c4de2796402ce7f67623640 avia-font-entypo-fontello avia-iconfont avia-font-entypo-fontello'><span class='av-icon-char' data-av_icon='\ue84d' data-av_iconfont='entypo-fontello' aria-hidden=\"true\"><\/span><\/div><article class=\"article-icon-entry \"  itemscope=\"itemscope\" itemtype=\"https:\/\/schema.org\/CreativeWork\" ><div class=\"iconlist_content_wrap\"><header class=\"entry-content-header\" aria-label=\"Icon: \"><\/header><div class='iconlist_content '  itemprop=\"text\" ><p><a href=\"http:\/\/politica.elpais.com\/politica\/2013\/09\/10\/actualidad\/1378768488_411778.html\" target=\"_blank\" rel=\"noopener noreferrer\">El Pa\u00eds 10\/09\/2013: Identificados ocho saharauis, dos con DNI espa\u00f1ol, en fosas comunes<\/a><\/p>\n<\/div><\/div><footer class=\"entry-footer\"><\/footer><\/article><div class=\"iconlist-timeline\"><\/div><\/li>\n<li><div class='iconlist_icon av-6atjgxi-86f8d979021396308e659f1aeefbb577 avia-font-entypo-fontello avia-iconfont avia-font-entypo-fontello'><span class='av-icon-char' data-av_icon='\ue84d' data-av_iconfont='entypo-fontello' aria-hidden=\"true\"><\/span><\/div><article class=\"article-icon-entry \"  itemscope=\"itemscope\" itemtype=\"https:\/\/schema.org\/CreativeWork\" ><div class=\"iconlist_content_wrap\"><header class=\"entry-content-header\" aria-label=\"Icon: \"><\/header><div class='iconlist_content '  itemprop=\"text\" ><p><a href=\"http:\/\/www.newyorker.com\/culture\/photo-booth\/chile-from-within-forty-years-later\" target=\"_blank\" rel=\"noopener noreferrer\">The New Yorker 11\/09\/2013: Chile From Within<\/a><\/p>\n<\/div><\/div><footer class=\"entry-footer\"><\/footer><\/article><div class=\"iconlist-timeline\"><\/div><\/li>\n<li><div class='iconlist_icon av-699o5iu-1a9b87808865e6de9325b6afe107091f avia-font-entypo-fontello avia-iconfont avia-font-entypo-fontello'><span class='av-icon-char' data-av_icon='\ue84d' data-av_iconfont='entypo-fontello' aria-hidden=\"true\"><\/span><\/div><article class=\"article-icon-entry \"  itemscope=\"itemscope\" itemtype=\"https:\/\/schema.org\/CreativeWork\" ><div class=\"iconlist_content_wrap\"><header class=\"entry-content-header\" aria-label=\"Icon: \"><\/header><div class='iconlist_content '  itemprop=\"text\" ><p><a href=\"http:\/\/www.democracynow.org\/blog\/2013\/9\/11\/interview_with_forensic_expert_who_confirmed_chilean_president_salvador_allende_committed_suicide\" target=\"_blank\" rel=\"noopener noreferrer\">DemocracyNow 11\/09\/2013: Interview with Forensic Expert Who Confirmed Chilean President Salvador Allende Committed Suicide<\/a><\/p>\n<\/div><\/div><footer class=\"entry-footer\"><\/footer><\/article><div class=\"iconlist-timeline\"><\/div><\/li>\n<li><div class='iconlist_icon av-mfas2e-92812800ca1164f2fabf7e8c14978cd8 avia-font-entypo-fontello avia-iconfont avia-font-entypo-fontello'><span class='av-icon-char' data-av_icon='\ue84d' data-av_iconfont='entypo-fontello' aria-hidden=\"true\"><\/span><\/div><article class=\"article-icon-entry \"  itemscope=\"itemscope\" itemtype=\"https:\/\/schema.org\/CreativeWork\" ><div class=\"iconlist_content_wrap\"><header class=\"entry-content-header\" aria-label=\"Icon: \"><\/header><div class='iconlist_content '  itemprop=\"text\" ><p><a href=\"http:\/\/www.slateafrique.com\/381252\/maroc-sahraouis-un-charnier-deterre\" target=\"_blank\" rel=\"noopener noreferrer\">SlateAfrique 11\/09\/2013: Le Maroc n&#8217;a pas fini de se souvenir des ann\u00e9es de plomb (con F. Etxeberria)<\/a><\/p>\n<\/div><\/div><footer class=\"entry-footer\"><\/footer><\/article><div class=\"iconlist-timeline\"><\/div><\/li>\n<li><div class='iconlist_icon av-66ej0om-a7201b6969e4d4cf167b823cdd81e888 avia-font-entypo-fontello avia-iconfont avia-font-entypo-fontello'><span class='av-icon-char' data-av_icon='\ue84d' data-av_iconfont='entypo-fontello' aria-hidden=\"true\"><\/span><\/div><article class=\"article-icon-entry \"  itemscope=\"itemscope\" itemtype=\"https:\/\/schema.org\/CreativeWork\" ><div class=\"iconlist_content_wrap\"><header class=\"entry-content-header\" aria-label=\"Icon: \"><\/header><div class='iconlist_content '  itemprop=\"text\" ><p><a href=\"http:\/\/www.eldiario.es\/sociedad\/Privatizacion-memoria-historica_0_173933464.html\" target=\"_blank\" rel=\"noopener noreferrer\">Diario.es 12\/09\/2013: Privatizaci\u00f3n de la memoria hist\u00f3rica<\/a><\/p>\n<\/div><\/div><footer class=\"entry-footer\"><\/footer><\/article><div class=\"iconlist-timeline\"><\/div><\/li>\n<li><div class='iconlist_icon av-64bv1pi-37732586580ba5d10aad7b0096201079 avia-font-entypo-fontello avia-iconfont avia-font-entypo-fontello'><span class='av-icon-char' data-av_icon='\ue84d' data-av_iconfont='entypo-fontello' aria-hidden=\"true\"><\/span><\/div><article class=\"article-icon-entry \"  itemscope=\"itemscope\" itemtype=\"https:\/\/schema.org\/CreativeWork\" ><div class=\"iconlist_content_wrap\"><header class=\"entry-content-header\" aria-label=\"Icon: \"><\/header><div class='iconlist_content '  itemprop=\"text\" ><p><a href=\"http:\/\/www.examiner.com\/article\/u-of-m-panel-discussion-reflects-world-s-dismay-over-syrian-conflict\" target=\"_blank\" rel=\"noopener noreferrer\">Examinar.com 12\/09\/2013: U of M panel discussion reflects world&#8217;s dismay over Syrian conflict (con Alejandro Baer)<\/a><\/p>\n<\/div><\/div><footer class=\"entry-footer\"><\/footer><\/article><div class=\"iconlist-timeline\"><\/div><\/li>\n<li><div class='iconlist_icon av-63nyhrq-90ae0ca15564d7085ee86371a898c79a avia-font-entypo-fontello avia-iconfont avia-font-entypo-fontello'><span class='av-icon-char' data-av_icon='\ue84d' data-av_iconfont='entypo-fontello' aria-hidden=\"true\"><\/span><\/div><article class=\"article-icon-entry \"  itemscope=\"itemscope\" itemtype=\"https:\/\/schema.org\/CreativeWork\" ><div class=\"iconlist_content_wrap\"><header class=\"entry-content-header\" aria-label=\"Icon: \"><\/header><div class='iconlist_content '  itemprop=\"text\" ><p><a href=\"http:\/\/www.telam.com.ar\/notas\/201309\/32873-el-equipo-de-antropologia-forense-expuso-un-trabajo-en-el-banco-nacional-de-datos-geneticos.html\" target=\"_blank\" rel=\"noopener noreferrer\">T\u00e9lam 16\/09\/2013: Antropolog\u00eda Forense expuso su trabajo en el Banco de Datos Gen\u00e9ticos<\/a><\/p>\n<\/div><\/div><footer class=\"entry-footer\"><\/footer><\/article><div class=\"iconlist-timeline\"><\/div><\/li>\n<li><div class='iconlist_icon av-61kifzq-96f86132898199bb34d480918881a65e avia-font-entypo-fontello avia-iconfont avia-font-entypo-fontello'><span class='av-icon-char' data-av_icon='\ue84d' data-av_iconfont='entypo-fontello' aria-hidden=\"true\"><\/span><\/div><article class=\"article-icon-entry \"  itemscope=\"itemscope\" itemtype=\"https:\/\/schema.org\/CreativeWork\" ><div class=\"iconlist_content_wrap\"><header class=\"entry-content-header\" aria-label=\"Icon: \"><\/header><div class='iconlist_content '  itemprop=\"text\" ><p><a href=\"http:\/\/agencias.abc.es\/agencias\/noticia.asp?noticia=1497231\" target=\"_blank\" rel=\"noopener noreferrer\">ABC 17\/09\/2013: Mont-roig del Camp rinde homenaje al maestro asesinado Antoni Benaiges<\/a><\/p>\n<\/div><\/div><footer class=\"entry-footer\"><\/footer><\/article><div class=\"iconlist-timeline\"><\/div><\/li>\n<li><div class='iconlist_icon av-5zneviu-fc0159fb0a51cb5d8d96dacb3c0780ec avia-font-entypo-fontello avia-iconfont avia-font-entypo-fontello'><span class='av-icon-char' data-av_icon='\ue84d' data-av_iconfont='entypo-fontello' aria-hidden=\"true\"><\/span><\/div><article class=\"article-icon-entry \"  itemscope=\"itemscope\" itemtype=\"https:\/\/schema.org\/CreativeWork\" ><div class=\"iconlist_content_wrap\"><header class=\"entry-content-header\" aria-label=\"Icon: \"><\/header><div class='iconlist_content '  itemprop=\"text\" ><p><a href=\"http:\/\/www.pagina12.com.ar\/diario\/suplementos\/espectaculos\/5-29921-2013-09-17.html\" target=\"_blank\" rel=\"noopener noreferrer\">Pagina\/12 17\/09\/2013: &#8220;Los organismos de derechos humanos motivaron al equipo&#8221; (EAAF)<\/a><\/p>\n<\/div><\/div><footer class=\"entry-footer\"><\/footer><\/article><div class=\"iconlist-timeline\"><\/div><\/li>\n<li><div class='iconlist_icon av-5xsqbrq-28827a42ecc4d4ec7fb65ed956f40fb7 avia-font-entypo-fontello avia-iconfont avia-font-entypo-fontello'><span class='av-icon-char' data-av_icon='\ue84d' data-av_iconfont='entypo-fontello' aria-hidden=\"true\"><\/span><\/div><article class=\"article-icon-entry \"  itemscope=\"itemscope\" itemtype=\"https:\/\/schema.org\/CreativeWork\" ><div class=\"iconlist_content_wrap\"><header class=\"entry-content-header\" aria-label=\"Icon: \"><\/header><div class='iconlist_content '  itemprop=\"text\" ><p><a href=\"http:\/\/politica.elpais.com\/politica\/2013\/09\/18\/actualidad\/1379531875_207098.html\" target=\"_blank\" rel=\"noopener noreferrer\">El Pa\u00eds 18\/09\/2013: Exteriores endosa a Justicia el caso de los saharauis asesinados en 1976<\/a><\/p>\n<\/div><\/div><footer class=\"entry-footer\"><\/footer><\/article><div class=\"iconlist-timeline\"><\/div><\/li>\n<li><div class='iconlist_icon av-5w3ibmu-c69b638a6ccd06ac7312bf45b3766e59 avia-font-entypo-fontello avia-iconfont avia-font-entypo-fontello'><span class='av-icon-char' data-av_icon='\ue84d' data-av_iconfont='entypo-fontello' aria-hidden=\"true\"><\/span><\/div><article class=\"article-icon-entry \"  itemscope=\"itemscope\" itemtype=\"https:\/\/schema.org\/CreativeWork\" ><div class=\"iconlist_content_wrap\"><header class=\"entry-content-header\" aria-label=\"Icon: \"><\/header><div class='iconlist_content '  itemprop=\"text\" ><p><a href=\"http:\/\/www.clarin.com\/politica\/Maniobra-intervenir-Banco-Datos-Geneticos_0_998300166.html\" target=\"_blank\" rel=\"noopener noreferrer\">Clar\u00edn 23\/09\/2013: Maniobra K: intervenir el Banco de Datos Gen\u00e9ticos (L. Fondebrider)<\/a><\/p>\n<\/div><\/div><footer class=\"entry-footer\"><\/footer><\/article><div class=\"iconlist-timeline\"><\/div><\/li>\n<li><div class='iconlist_icon av-5v7xx52-38eb567d5a19b38d043fcc53cfccc347 avia-font-entypo-fontello avia-iconfont avia-font-entypo-fontello'><span class='av-icon-char' data-av_icon='\ue84d' data-av_iconfont='entypo-fontello' aria-hidden=\"true\"><\/span><\/div><article class=\"article-icon-entry \"  itemscope=\"itemscope\" itemtype=\"https:\/\/schema.org\/CreativeWork\" ><div class=\"iconlist_content_wrap\"><header class=\"entry-content-header\" aria-label=\"Icon: \"><\/header><div class='iconlist_content '  itemprop=\"text\" ><p><a href=\"http:\/\/www.argenpress.info\/2013\/09\/buscadores-de-identidades-robadas.html\" target=\"_blank\" rel=\"noopener noreferrer\">ARGENPRESS 24\/09\/2013: Buscadores de identidades robadas, Rodr\u00edguez Arias y el EAAF ( L. Fondebrider)<\/a><\/p>\n<\/div><\/div><footer class=\"entry-footer\"><\/footer><\/article><div class=\"iconlist-timeline\"><\/div><\/li>\n<li><div class='iconlist_icon av-5st2zp2-e703210b74edce840fabb65e126cf218 avia-font-entypo-fontello avia-iconfont avia-font-entypo-fontello'><span class='av-icon-char' data-av_icon='\ue84d' data-av_iconfont='entypo-fontello' aria-hidden=\"true\"><\/span><\/div><article class=\"article-icon-entry \"  itemscope=\"itemscope\" itemtype=\"https:\/\/schema.org\/CreativeWork\" ><div class=\"iconlist_content_wrap\"><header class=\"entry-content-header\" aria-label=\"Icon: \"><\/header><div class='iconlist_content '  itemprop=\"text\" ><p><a href=\"http:\/\/noticias.lainformacion.com\/ciencia-y-tecnologia\/antropologia\/identificados-los-restos-de-dos-espanoles-desaparecidos-en-la-dictadura-argentina_EdNTA386L8etwkkAxS6IP3\/\" target=\"_blank\" rel=\"noopener noreferrer\">LaInformaci\u00f3n.com 01\/10\/2013: Identificados los restos de dos espa\u00f1oles desaparecidos<\/a><\/p>\n<\/div><\/div><footer class=\"entry-footer\"><\/footer><\/article><div class=\"iconlist-timeline\"><\/div><\/li>\n<li><div class='iconlist_icon av-ktnszq-91fa1361cf263fcb3e1e7b2926654d88 avia-font-entypo-fontello avia-iconfont avia-font-entypo-fontello'><span class='av-icon-char' data-av_icon='\ue84d' data-av_iconfont='entypo-fontello' aria-hidden=\"true\"><\/span><\/div><article class=\"article-icon-entry \"  itemscope=\"itemscope\" itemtype=\"https:\/\/schema.org\/CreativeWork\" ><div class=\"iconlist_content_wrap\"><header class=\"entry-content-header\" aria-label=\"Icon: \"><\/header><div class='iconlist_content '  itemprop=\"text\" ><p><a href=\"https:\/\/politicasdelamemoria.org\/wp-content\/uploads\/importedmedia\/EP%2013-11-08%20Los%20forenses%20descartan%20que%20Neruda%20muriese%20envenenado.pdf-1170.pdf\" target=\"_blank\" rel=\"noopener noreferrer\">El Pa\u00eds 08\/11\/2013: Los forenses descartan que Neruda muriese envenenado<\/a><\/p>\n<\/div><\/div><footer class=\"entry-footer\"><\/footer><\/article><div class=\"iconlist-timeline\"><\/div><\/li>\n<li><div class='iconlist_icon av-5qjltk6-2831d506c7d1446924dfc8c640ec3238 avia-font-entypo-fontello avia-iconfont avia-font-entypo-fontello'><span class='av-icon-char' data-av_icon='\ue84d' data-av_iconfont='entypo-fontello' aria-hidden=\"true\"><\/span><\/div><article class=\"article-icon-entry \"  itemscope=\"itemscope\" itemtype=\"https:\/\/schema.org\/CreativeWork\" ><div class=\"iconlist_content_wrap\"><header class=\"entry-content-header\" aria-label=\"Icon: \"><\/header><div class='iconlist_content '  itemprop=\"text\" ><p><a href=\"http:\/\/www.criticoestado.es\/un-maestro-vivo-un-agujero-menos\/\" target=\"_blank\" rel=\"noopener noreferrer\">CriticoEstado.es 03\/12\/2013: Un maestro vivo, un agujero menos (Benaiges)<\/a><\/p>\n<\/div><\/div><footer class=\"entry-footer\"><\/footer><\/article><div class=\"iconlist-timeline\"><\/div><\/li>\n<li><div class='iconlist_icon av-kg1mdy-8c92e8b806923060efb39dc9e20b181b avia-font-entypo-fontello avia-iconfont avia-font-entypo-fontello'><span class='av-icon-char' data-av_icon='\ue84d' data-av_iconfont='entypo-fontello' aria-hidden=\"true\"><\/span><\/div><article class=\"article-icon-entry \"  itemscope=\"itemscope\" itemtype=\"https:\/\/schema.org\/CreativeWork\" ><div class=\"iconlist_content_wrap\"><header class=\"entry-content-header\" aria-label=\"Icon: \"><\/header><div class='iconlist_content '  itemprop=\"text\" ><p><a href=\"http:\/\/www.newsweek.com\/spain-resists-exhumation-mass-graves-franco-era-224540\" target=\"_blank\" rel=\"noopener noreferrer\">Newsweek 15\/12\/2013: Spain Resists Exhumation of Mass Graves From the Franco Era<\/a><\/p>\n<\/div><\/div><footer class=\"entry-footer\"><\/footer><\/article><div class=\"iconlist-timeline\"><\/div><\/li>\n<\/ul><\/div>\n<\/div><\/div><\/section>\n<section class='av_tab_section av_tab_section av-5nbtnjq-eb0ba7e0352a7af16252d0688d4f474d'  itemscope=\"itemscope\" itemtype=\"https:\/\/schema.org\/CreativeWork\" ><div id='tab-id-9-tab' class='tab' role='tab' aria-selected=\"false\" tabindex=\"0\" data-fake-id='#tab-id-9' aria-controls='tab-id-9-content'  itemprop=\"headline\" >Before 2013<\/div><div id='tab-id-9-content' class='tab_content' role='tabpanel' aria-labelledby='tab-id-9-tab' aria-hidden=\"true\"><div class='tab_inner_content invers-color'  itemprop=\"text\" ><h5>2012<\/h5>\n\n<style type=\"text\/css\" data-created_by=\"avia_inline_auto\" id=\"style-css-av-5l0fw9y-add3a879eb65599d6d690265e01bd5fb\">\n#top .avia-icon-list-container.av-5l0fw9y-add3a879eb65599d6d690265e01bd5fb .iconlist_icon{\ncolor:#470b0b;\nbackground-color:#ffffff;\n}\n#top .avia-icon-list-container.av-5l0fw9y-add3a879eb65599d6d690265e01bd5fb .iconlist_icon svg:first-child{\nstroke:#470b0b;\nfill:#470b0b;\n}\n#top #wrap_all .avia-icon-list-container.av-5l0fw9y-add3a879eb65599d6d690265e01bd5fb .av_iconlist_title{\ncolor:#470b0b;\n}\n<\/style>\n<div  class='avia-icon-list-container av-5l0fw9y-add3a879eb65599d6d690265e01bd5fb  avia-builder-el-19  el_after_av_iconlist  el_before_av_iconlist '><ul class='avia-icon-list avia_animate_when_almost_visible avia-icon-list-left av-iconlist-big av-5l0fw9y-add3a879eb65599d6d690265e01bd5fb avia-iconlist-animate'>\n<li><div class='iconlist_icon av-5jw9s3a-4c5e10be3eaf76ea33ce05ca2d9ba414 avia-font-entypo-fontello avia-iconfont avia-font-entypo-fontello'><span class='av-icon-char' data-av_icon='\ue84d' data-av_iconfont='entypo-fontello' aria-hidden=\"true\"><\/span><\/div><article class=\"article-icon-entry \"  itemscope=\"itemscope\" itemtype=\"https:\/\/schema.org\/CreativeWork\" ><div class=\"iconlist_content_wrap\"><header class=\"entry-content-header\" aria-label=\"Icon: \"><\/header><div class='iconlist_content '  itemprop=\"text\" ><p><a href=\"?attachment_id=1348\">P\u00fablico.es 26\/04\/2012: Pedagogia para preservar la memoria<\/a><\/p>\n<\/div><\/div><footer class=\"entry-footer\"><\/footer><\/article><div class=\"iconlist-timeline\"><\/div><\/li>\n<li><div class='iconlist_icon av-5i4t6py-e136caa2c0f8ed39c8fc042101180440 avia-font-entypo-fontello avia-iconfont avia-font-entypo-fontello'><span class='av-icon-char' data-av_icon='\ue84d' data-av_iconfont='entypo-fontello' aria-hidden=\"true\"><\/span><\/div><article class=\"article-icon-entry \"  itemscope=\"itemscope\" itemtype=\"https:\/\/schema.org\/CreativeWork\" ><div class=\"iconlist_content_wrap\"><header class=\"entry-content-header\" aria-label=\"Icon: \"><\/header><div class='iconlist_content '  itemprop=\"text\" ><p><a href=\"?attachment_id=1349\">Noticias de Gipuzkoa 09\/01\/2012: \u0093Solamente con haber pedido el traslado de los restos de Franco,&#8230;<\/a><\/p>\n<\/div><\/div><footer class=\"entry-footer\"><\/footer><\/article><div class=\"iconlist-timeline\"><\/div><\/li>\n<li><div class='iconlist_icon av-5gis2dy-dadfa161098605eec5c62ca7a8792ea8 avia-font-entypo-fontello avia-iconfont avia-font-entypo-fontello'><span class='av-icon-char' data-av_icon='\ue84d' data-av_iconfont='entypo-fontello' aria-hidden=\"true\"><\/span><\/div><article class=\"article-icon-entry \"  itemscope=\"itemscope\" itemtype=\"https:\/\/schema.org\/CreativeWork\" ><div class=\"iconlist_content_wrap\"><header class=\"entry-content-header\" aria-label=\"Icon: \"><\/header><div class='iconlist_content '  itemprop=\"text\" ><p><a href=\"?attachment_id=1350\">La Opini\u00f3n de M\u00e1laga 07\/01\/2012: Memoria viva, memoria po\u00e9tica<\/a><\/p>\n<\/div><\/div><footer class=\"entry-footer\"><\/footer><\/article><div class=\"iconlist-timeline\"><\/div><\/li>\n<li><div class='iconlist_icon av-5e3p7g6-1d540578fd52b95c648bf35bb418839e avia-font-entypo-fontello avia-iconfont avia-font-entypo-fontello'><span class='av-icon-char' data-av_icon='\ue84d' data-av_iconfont='entypo-fontello' aria-hidden=\"true\"><\/span><\/div><article class=\"article-icon-entry \"  itemscope=\"itemscope\" itemtype=\"https:\/\/schema.org\/CreativeWork\" ><div class=\"iconlist_content_wrap\"><header class=\"entry-content-header\" aria-label=\"Icon: \"><\/header><div class='iconlist_content '  itemprop=\"text\" ><p><a href=\"?attachment_id=1351\">ABC.es 01\/0272012: Uno de los autores del informe del Valle de los Ca\u00eddos cree que persisten las dos<\/a><\/p>\n<\/div><\/div><footer class=\"entry-footer\"><\/footer><\/article><div class=\"iconlist-timeline\"><\/div><\/li>\n<li><div class='iconlist_icon av-5cmczd2-3293f7733be5209620567680bbf576e6 avia-font-entypo-fontello avia-iconfont avia-font-entypo-fontello'><span class='av-icon-char' data-av_icon='\ue84d' data-av_iconfont='entypo-fontello' aria-hidden=\"true\"><\/span><\/div><article class=\"article-icon-entry \"  itemscope=\"itemscope\" itemtype=\"https:\/\/schema.org\/CreativeWork\" ><div class=\"iconlist_content_wrap\"><header class=\"entry-content-header\" aria-label=\"Icon: \"><\/header><div class='iconlist_content '  itemprop=\"text\" ><p><a href=\"?attachment_id=1352\">P\u00fablico.es 01\/02\/2012: Si quieren, ma\u00f1ana podr\u00edan comenzar las obras en el Valle<\/a><\/p>\n<\/div><\/div><footer class=\"entry-footer\"><\/footer><\/article><div class=\"iconlist-timeline\"><\/div><\/li>\n<li><div class='iconlist_icon av-5afxjue-508db6a66eddb664672b9084c0cc0def avia-font-entypo-fontello avia-iconfont avia-font-entypo-fontello'><span class='av-icon-char' data-av_icon='\ue84d' data-av_iconfont='entypo-fontello' aria-hidden=\"true\"><\/span><\/div><article class=\"article-icon-entry \"  itemscope=\"itemscope\" itemtype=\"https:\/\/schema.org\/CreativeWork\" ><div class=\"iconlist_content_wrap\"><header class=\"entry-content-header\" aria-label=\"Icon: \"><\/header><div class='iconlist_content '  itemprop=\"text\" ><p><a href=\"?attachment_id=1353\"> EL PA\u00cdS 01\/02\/2012: Cr\u00edticas a Zapatero por crear la comisi\u00f3n del Valle de los Ca\u00eddos poco antes<\/a><\/p>\n<\/div><\/div><footer class=\"entry-footer\"><\/footer><\/article><div class=\"iconlist-timeline\"><\/div><\/li>\n<li><div class='iconlist_icon av-58qbeg6-eae940d1ab6ad3809ac90912bde4999e avia-font-entypo-fontello avia-iconfont avia-font-entypo-fontello'><span class='av-icon-char' data-av_icon='\ue84d' data-av_iconfont='entypo-fontello' aria-hidden=\"true\"><\/span><\/div><article class=\"article-icon-entry \"  itemscope=\"itemscope\" itemtype=\"https:\/\/schema.org\/CreativeWork\" ><div class=\"iconlist_content_wrap\"><header class=\"entry-content-header\" aria-label=\"Icon: \"><\/header><div class='iconlist_content '  itemprop=\"text\" ><p><a href=\"?attachment_id=1354\">Muy interesante.es 20\/02\/1012: &#8220;No va a ser posible recuperar a todos los muertos &#8220;olvidados&#8221; de la<\/a><\/p>\n<\/div><\/div><footer class=\"entry-footer\"><\/footer><\/article><div class=\"iconlist-timeline\"><\/div><\/li>\n<li><div class='iconlist_icon av-57np85i-7503a02b27d790d8061b1f72479f36a0 avia-font-entypo-fontello avia-iconfont avia-font-entypo-fontello'><span class='av-icon-char' data-av_icon='\ue84d' data-av_iconfont='entypo-fontello' aria-hidden=\"true\"><\/span><\/div><article class=\"article-icon-entry \"  itemscope=\"itemscope\" itemtype=\"https:\/\/schema.org\/CreativeWork\" ><div class=\"iconlist_content_wrap\"><header class=\"entry-content-header\" aria-label=\"Icon: \"><\/header><div class='iconlist_content '  itemprop=\"text\" ><p><a href=\"?attachment_id=1355\">La informacion 12\/02\/2012: El juicio a Garz\u00f3n por el franquismo recupera un pasado doloroso<\/a><\/p>\n<\/div><\/div><footer class=\"entry-footer\"><\/footer><\/article><div class=\"iconlist-timeline\"><\/div><\/li>\n<li><div class='iconlist_icon av-55ucosm-080b1a430cca0afa3cc3d8d72af8a55c avia-font-entypo-fontello avia-iconfont avia-font-entypo-fontello'><span class='av-icon-char' data-av_icon='\ue84d' data-av_iconfont='entypo-fontello' aria-hidden=\"true\"><\/span><\/div><article class=\"article-icon-entry \"  itemscope=\"itemscope\" itemtype=\"https:\/\/schema.org\/CreativeWork\" ><div class=\"iconlist_content_wrap\"><header class=\"entry-content-header\" aria-label=\"Icon: \"><\/header><div class='iconlist_content '  itemprop=\"text\" ><p><a href=\"?attachment_id=1356\">El Pais 08\/03\/2012: La memoria aguarda en las fosas <\/a><\/p>\n<\/div><\/div><footer class=\"entry-footer\"><\/footer><\/article><div class=\"iconlist-timeline\"><\/div><\/li>\n<li><div class='iconlist_icon av-54sky6e-fe77b0a444cf2902044ac7c0500dc891 avia-font-entypo-fontello avia-iconfont avia-font-entypo-fontello'><span class='av-icon-char' data-av_icon='\ue84d' data-av_iconfont='entypo-fontello' aria-hidden=\"true\"><\/span><\/div><article class=\"article-icon-entry \"  itemscope=\"itemscope\" itemtype=\"https:\/\/schema.org\/CreativeWork\" ><div class=\"iconlist_content_wrap\"><header class=\"entry-content-header\" aria-label=\"Icon: \"><\/header><div class='iconlist_content '  itemprop=\"text\" ><p><a href=\"?attachment_id=1357\">El Pa\u00eds 04\/04\/2012: Estrasburgo rechaza la primera demanda sobre fosas del franquismo<\/a><\/p>\n<\/div><\/div><footer class=\"entry-footer\"><\/footer><\/article><div class=\"iconlist-timeline\"><\/div><\/li>\n<li><div class='iconlist_icon av-52im7bq-e4409d60e0f51bcb104ee591f932d587 avia-font-entypo-fontello avia-iconfont avia-font-entypo-fontello'><span class='av-icon-char' data-av_icon='\ue84d' data-av_iconfont='entypo-fontello' aria-hidden=\"true\"><\/span><\/div><article class=\"article-icon-entry \"  itemscope=\"itemscope\" itemtype=\"https:\/\/schema.org\/CreativeWork\" ><div class=\"iconlist_content_wrap\"><header class=\"entry-content-header\" aria-label=\"Icon: \"><\/header><div class='iconlist_content '  itemprop=\"text\" ><p><a href=\"?attachment_id=1358\">El Pa\u00eds 06\/04\/2012: Dos fosas, 13 v\u00edctimas, 50 testigos, ning\u00fan juez<\/a><\/p>\n<\/div><\/div><footer class=\"entry-footer\"><\/footer><\/article><div class=\"iconlist-timeline\"><\/div><\/li>\n<li><div class='iconlist_icon av-5199egm-74ea6bab4aee24c0c57adb1b44725429 avia-font-entypo-fontello avia-iconfont avia-font-entypo-fontello'><span class='av-icon-char' data-av_icon='\ue84d' data-av_iconfont='entypo-fontello' aria-hidden=\"true\"><\/span><\/div><article class=\"article-icon-entry \"  itemscope=\"itemscope\" itemtype=\"https:\/\/schema.org\/CreativeWork\" ><div class=\"iconlist_content_wrap\"><header class=\"entry-content-header\" aria-label=\"Icon: \"><\/header><div class='iconlist_content '  itemprop=\"text\" ><p><a href=\"?attachment_id=1359\">El Pa\u00eds 08\/04\/2012: El Gobierno del PP dar\u00e1 m\u00e1s dinero para exhumaciones que los socialistas<\/a><\/p>\n<\/div><\/div><footer class=\"entry-footer\"><\/footer><\/article><div class=\"iconlist-timeline\"><\/div><\/li>\n<li><div class='iconlist_icon av-4zel2fa-9f82424ac4c04caf4d60cec958766e0d avia-font-entypo-fontello avia-iconfont avia-font-entypo-fontello'><span class='av-icon-char' data-av_icon='\ue84d' data-av_iconfont='entypo-fontello' aria-hidden=\"true\"><\/span><\/div><article class=\"article-icon-entry \"  itemscope=\"itemscope\" itemtype=\"https:\/\/schema.org\/CreativeWork\" ><div class=\"iconlist_content_wrap\"><header class=\"entry-content-header\" aria-label=\"Icon: \"><\/header><div class='iconlist_content '  itemprop=\"text\" ><p><a href=\"?attachment_id=1360\">Diario de Noticias de Navarra 12\/09\/2012:&#8221;Lo \u00fanico que busco es la verdad, el problema es que no se oficializa&#8221;<\/a><\/p>\n<\/div><\/div><footer class=\"entry-footer\"><\/footer><\/article><div class=\"iconlist-timeline\"><\/div><\/li>\n<li><div class='iconlist_icon av-4y6xcmu-401947e06398c36d110d026a1a282d51 avia-font-entypo-fontello avia-iconfont avia-font-entypo-fontello'><span class='av-icon-char' data-av_icon='\ue84d' data-av_iconfont='entypo-fontello' aria-hidden=\"true\"><\/span><\/div><article class=\"article-icon-entry \"  itemscope=\"itemscope\" itemtype=\"https:\/\/schema.org\/CreativeWork\" ><div class=\"iconlist_content_wrap\"><header class=\"entry-content-header\" aria-label=\"Icon: \"><\/header><div class='iconlist_content '  itemprop=\"text\" ><p><a href=\"?attachment_id=1361\">Diario Vasco 02\/09\/2012: Etxeberria, la vida entre huesos<\/a><\/p>\n<\/div><\/div><footer class=\"entry-footer\"><\/footer><\/article><div class=\"iconlist-timeline\"><\/div><\/li>\n<li><div class='iconlist_icon av-4wlqvp2-8fc944f77cef232069af5f3470b86867 avia-font-entypo-fontello avia-iconfont avia-font-entypo-fontello'><span class='av-icon-char' data-av_icon='\ue84d' data-av_iconfont='entypo-fontello' aria-hidden=\"true\"><\/span><\/div><article class=\"article-icon-entry \"  itemscope=\"itemscope\" itemtype=\"https:\/\/schema.org\/CreativeWork\" ><div class=\"iconlist_content_wrap\"><header class=\"entry-content-header\" aria-label=\"Icon: \"><\/header><div class='iconlist_content '  itemprop=\"text\" ><p><a href=\"?attachment_id=1363\">ESQ 01\/09\/2012: El monumento a la discordia<\/a><\/p>\n<\/div><\/div><footer class=\"entry-footer\"><\/footer><\/article><div class=\"iconlist-timeline\"><\/div><\/li>\n<li><div class='iconlist_icon av-4v7nwae-7f117ee8246baa4ead4b80775f6e0847 avia-font-entypo-fontello avia-iconfont avia-font-entypo-fontello'><span class='av-icon-char' data-av_icon='\ue84d' data-av_iconfont='entypo-fontello' aria-hidden=\"true\"><\/span><\/div><article class=\"article-icon-entry \"  itemscope=\"itemscope\" itemtype=\"https:\/\/schema.org\/CreativeWork\" ><div class=\"iconlist_content_wrap\"><header class=\"entry-content-header\" aria-label=\"Icon: \"><\/header><div class='iconlist_content '  itemprop=\"text\" ><p><a href=\"?attachment_id=1364\">El Mundo 26\/08\/2012: Catalu\u00f1a no identifica a ninguna v\u00edctima de la Guerra Civil con la ley de fosas<\/a><\/p>\n<\/div><\/div><footer class=\"entry-footer\"><\/footer><\/article><div class=\"iconlist-timeline\"><\/div><\/li>\n<li><div class='iconlist_icon av-ha6wdi-d07fc4320fb2e5b0086e17597b6f1113 avia-font-entypo-fontello avia-iconfont avia-font-entypo-fontello'><span class='av-icon-char' data-av_icon='\ue84d' data-av_iconfont='entypo-fontello' aria-hidden=\"true\"><\/span><\/div><article class=\"article-icon-entry \"  itemscope=\"itemscope\" itemtype=\"https:\/\/schema.org\/CreativeWork\" ><div class=\"iconlist_content_wrap\"><header class=\"entry-content-header\" aria-label=\"Icon: \"><\/header><div class='iconlist_content '  itemprop=\"text\" ><p><a href=\"?attachment_id=1365\">El Mundo 27\/08\/2012: Francisco Etxeberr\u00eda, el antrop\u00f3logo de las exhumaciones franquistas<\/a><\/p>\n<\/div><\/div><footer class=\"entry-footer\"><\/footer><\/article><div class=\"iconlist-timeline\"><\/div><\/li>\n<li><div class='iconlist_icon av-4r9gig6-0b0bac0824beaafbde63f3b22961956a avia-font-entypo-fontello avia-iconfont avia-font-entypo-fontello'><span class='av-icon-char' data-av_icon='\ue84d' data-av_iconfont='entypo-fontello' aria-hidden=\"true\"><\/span><\/div><article class=\"article-icon-entry \"  itemscope=\"itemscope\" itemtype=\"https:\/\/schema.org\/CreativeWork\" ><div class=\"iconlist_content_wrap\"><header class=\"entry-content-header\" aria-label=\"Icon: \"><\/header><div class='iconlist_content '  itemprop=\"text\" ><p><a href=\"?attachment_id=1366\">El Pa\u00eds 28\/08\/2012: El informe Etxeberria<\/a><\/p>\n<\/div><\/div><footer class=\"entry-footer\"><\/footer><\/article><div class=\"iconlist-timeline\"><\/div><\/li>\n<li><div class='iconlist_icon av-4oybr92-925a0795f7eb4329744623a11f2d2a72 avia-font-entypo-fontello avia-iconfont avia-font-entypo-fontello'><span class='av-icon-char' data-av_icon='\ue84d' data-av_iconfont='entypo-fontello' aria-hidden=\"true\"><\/span><\/div><article class=\"article-icon-entry \"  itemscope=\"itemscope\" itemtype=\"https:\/\/schema.org\/CreativeWork\" ><div class=\"iconlist_content_wrap\"><header class=\"entry-content-header\" aria-label=\"Icon: \"><\/header><div class='iconlist_content '  itemprop=\"text\" ><p><a href=\"?attachment_id=1367\">Diario Vasco 28\/08\/2012: Comprometido con las &#8220;victimas de las injusticias&#8221;<\/a><\/p>\n<\/div><\/div><footer class=\"entry-footer\"><\/footer><\/article><div class=\"iconlist-timeline\"><\/div><\/li>\n<li><div class='iconlist_icon av-4o5m0qu-7d28d90b537c9d21af193502a59b66ab avia-font-entypo-fontello avia-iconfont avia-font-entypo-fontello'><span class='av-icon-char' data-av_icon='\ue84d' data-av_iconfont='entypo-fontello' aria-hidden=\"true\"><\/span><\/div><article class=\"article-icon-entry \"  itemscope=\"itemscope\" itemtype=\"https:\/\/schema.org\/CreativeWork\" ><div class=\"iconlist_content_wrap\"><header class=\"entry-content-header\" aria-label=\"Icon: \"><\/header><div class='iconlist_content '  itemprop=\"text\" ><p><a href=\"?attachment_id=1368\">Diario de Burgos 08\/10\/2012: Identifican los restos de un padre y un hijo enterrados en dos fosas diferentes<\/a><\/p>\n<\/div><\/div><footer class=\"entry-footer\"><\/footer><\/article><div class=\"iconlist-timeline\"><\/div><\/li>\n<li><div class='iconlist_icon av-4mdra46-2e7cb53dce5c5c6d0693d2a828470ac1 avia-font-entypo-fontello avia-iconfont avia-font-entypo-fontello'><span class='av-icon-char' data-av_icon='\ue84d' data-av_iconfont='entypo-fontello' aria-hidden=\"true\"><\/span><\/div><article class=\"article-icon-entry \"  itemscope=\"itemscope\" itemtype=\"https:\/\/schema.org\/CreativeWork\" ><div class=\"iconlist_content_wrap\"><header class=\"entry-content-header\" aria-label=\"Icon: \"><\/header><div class='iconlist_content '  itemprop=\"text\" ><p><a href=\"?attachment_id=1369\">EPS 23\/12\/12: Francisco Exteberria. La mano que mueve la tierra<\/a><\/p>\n<\/div><\/div><footer class=\"entry-footer\"><\/footer><\/article><div class=\"iconlist-timeline\"><\/div><\/li>\n<li><div class='iconlist_icon av-4k3p3t2-d5b277a2e2d9b3068b2c20682d6aac1e avia-font-entypo-fontello avia-iconfont avia-font-entypo-fontello'><span class='av-icon-char' data-av_icon='\ue84d' data-av_iconfont='entypo-fontello' aria-hidden=\"true\"><\/span><\/div><article class=\"article-icon-entry \"  itemscope=\"itemscope\" itemtype=\"https:\/\/schema.org\/CreativeWork\" ><div class=\"iconlist_content_wrap\"><header class=\"entry-content-header\" aria-label=\"Icon: \"><\/header><div class='iconlist_content '  itemprop=\"text\" ><p><a href=\"?attachment_id=1370\">EPS 23\/12\/12: Maria Martin. La raz\u00f3n de la memoria<\/a><\/p>\n<\/div><\/div><footer class=\"entry-footer\"><\/footer><\/article><div class=\"iconlist-timeline\"><\/div><\/li>\n<li><div class='iconlist_icon av-4id78fq-044df83efd23c778b33bec28111cbaf4 avia-font-entypo-fontello avia-iconfont avia-font-entypo-fontello'><span class='av-icon-char' data-av_icon='\ue84d' data-av_iconfont='entypo-fontello' aria-hidden=\"true\"><\/span><\/div><article class=\"article-icon-entry \"  itemscope=\"itemscope\" itemtype=\"https:\/\/schema.org\/CreativeWork\" ><div class=\"iconlist_content_wrap\"><header class=\"entry-content-header\" aria-label=\"Icon: \"><\/header><div class='iconlist_content '  itemprop=\"text\" ><p><a href=\"?attachment_id=1371\">Diario de Noticias de Navarra 21\/12\/12: Familiares de fusilados piden el Pr\u00edncipe de Viana para Francisco Etxeberria<\/a><\/p>\n<\/div><\/div><footer class=\"entry-footer\"><\/footer><\/article><div class=\"iconlist-timeline\"><\/div><\/li>\n<\/ul><\/div>\n<h5>2011<\/h5>\n\n<style type=\"text\/css\" data-created_by=\"avia_inline_auto\" id=\"style-css-av-1matwm-87a03380e837f0cb6b4c6450d7e32a73\">\n#top .avia-icon-list-container.av-1matwm-87a03380e837f0cb6b4c6450d7e32a73 .iconlist_icon{\ncolor:#470b0b;\nbackground-color:#ffffff;\n}\n#top .avia-icon-list-container.av-1matwm-87a03380e837f0cb6b4c6450d7e32a73 .iconlist_icon svg:first-child{\nstroke:#470b0b;\nfill:#470b0b;\n}\n#top #wrap_all .avia-icon-list-container.av-1matwm-87a03380e837f0cb6b4c6450d7e32a73 .av_iconlist_title{\ncolor:#470b0b;\n}\n<\/style>\n<div  class='avia-icon-list-container av-1matwm-87a03380e837f0cb6b4c6450d7e32a73  avia-builder-el-20  el_after_av_iconlist  el_before_av_iconlist '><ul class='avia-icon-list avia_animate_when_almost_visible avia-icon-list-left av-iconlist-big av-1matwm-87a03380e837f0cb6b4c6450d7e32a73 avia-iconlist-animate'>\n<li><div class='iconlist_icon av-fw74pi-8dcc2670b7f2a6a0cf31bb9a096100fe avia-font-entypo-fontello avia-iconfont avia-font-entypo-fontello'><span class='av-icon-char' data-av_icon='\ue84d' data-av_iconfont='entypo-fontello' aria-hidden=\"true\"><\/span><\/div><article class=\"article-icon-entry \"  itemscope=\"itemscope\" itemtype=\"https:\/\/schema.org\/CreativeWork\" ><div class=\"iconlist_content_wrap\"><header class=\"entry-content-header\" aria-label=\"Icon: \"><\/header><div class='iconlist_content '  itemprop=\"text\" ><p><a href=\"?attachment_id=1313\">El P\u00fablico 21\/04\/11: Exhumados 24 cuerpos en un pueblo de Burgos<\/a><\/p>\n<\/div><\/div><footer class=\"entry-footer\"><\/footer><\/article><div class=\"iconlist-timeline\"><\/div><\/li>\n<li><div class='iconlist_icon av-4dc0dwm-d743b910a9f6f8cc0114384cc11fed1b avia-font-entypo-fontello avia-iconfont avia-font-entypo-fontello'><span class='av-icon-char' data-av_icon='\ue84d' data-av_iconfont='entypo-fontello' aria-hidden=\"true\"><\/span><\/div><article class=\"article-icon-entry \"  itemscope=\"itemscope\" itemtype=\"https:\/\/schema.org\/CreativeWork\" ><div class=\"iconlist_content_wrap\"><header class=\"entry-content-header\" aria-label=\"Icon: \"><\/header><div class='iconlist_content '  itemprop=\"text\" ><p><a href=\"?attachment_id=1314\">P\u00fablico.es 01\/03\/2011: La dignidad que nunca perdieron<\/a><\/p>\n<\/div><\/div><footer class=\"entry-footer\"><\/footer><\/article><div class=\"iconlist-timeline\"><\/div><\/li>\n<li><div class='iconlist_icon av-4cne41i-d99d1ce063dd0e939a04f22e39e134b7 avia-font-entypo-fontello avia-iconfont avia-font-entypo-fontello'><span class='av-icon-char' data-av_icon='\ue84d' data-av_iconfont='entypo-fontello' aria-hidden=\"true\"><\/span><\/div><article class=\"article-icon-entry \"  itemscope=\"itemscope\" itemtype=\"https:\/\/schema.org\/CreativeWork\" ><div class=\"iconlist_content_wrap\"><header class=\"entry-content-header\" aria-label=\"Icon: \"><\/header><div class='iconlist_content '  itemprop=\"text\" ><p><a href=\"?attachment_id=1315\">Nueva Alcarria 09\/01\/2011: &#8220;El 70 por ciento de los pueblos de la provincia tiene enterramientos&#8230; <\/a><\/p>\n<\/div><\/div><footer class=\"entry-footer\"><\/footer><\/article><div class=\"iconlist-timeline\"><\/div><\/li>\n<li><div class='iconlist_icon av-4b2vv0m-355351b5b4dd222fe1a12dd6af9460c8 avia-font-entypo-fontello avia-iconfont avia-font-entypo-fontello'><span class='av-icon-char' data-av_icon='\ue84d' data-av_iconfont='entypo-fontello' aria-hidden=\"true\"><\/span><\/div><article class=\"article-icon-entry \"  itemscope=\"itemscope\" itemtype=\"https:\/\/schema.org\/CreativeWork\" ><div class=\"iconlist_content_wrap\"><header class=\"entry-content-header\" aria-label=\"Icon: \"><\/header><div class='iconlist_content '  itemprop=\"text\" ><p><a href=\"?attachment_id=1316\">El Pa\u00eds 23\/01\/11: \u00bfEs recuperable un hijo robado?<\/a><\/p>\n<\/div><\/div><footer class=\"entry-footer\"><\/footer><\/article><div class=\"iconlist-timeline\"><\/div><\/li>\n<li><div class='iconlist_icon av-48lmrpy-6c9a7980025475cce94d1573ad7efeb1 avia-font-entypo-fontello avia-iconfont avia-font-entypo-fontello'><span class='av-icon-char' data-av_icon='\ue84d' data-av_iconfont='entypo-fontello' aria-hidden=\"true\"><\/span><\/div><article class=\"article-icon-entry \"  itemscope=\"itemscope\" itemtype=\"https:\/\/schema.org\/CreativeWork\" ><div class=\"iconlist_content_wrap\"><header class=\"entry-content-header\" aria-label=\"Icon: \"><\/header><div class='iconlist_content '  itemprop=\"text\" ><p><a href=\"?attachment_id=1317\">SPIEGEL ONLINE 16\/01\/11: Vergangenheitsbew\u00e4ltigung in Spanien. Ruhe unsanft, Diktator!<\/a><\/p>\n<\/div><\/div><footer class=\"entry-footer\"><\/footer><\/article><div class=\"iconlist-timeline\"><\/div><\/li>\n<li><div class='iconlist_icon av-470kl3q-1a3220751a932781b4d6c519bf68a5c4 avia-font-entypo-fontello avia-iconfont avia-font-entypo-fontello'><span class='av-icon-char' data-av_icon='\ue84d' data-av_iconfont='entypo-fontello' aria-hidden=\"true\"><\/span><\/div><article class=\"article-icon-entry \"  itemscope=\"itemscope\" itemtype=\"https:\/\/schema.org\/CreativeWork\" ><div class=\"iconlist_content_wrap\"><header class=\"entry-content-header\" aria-label=\"Icon: \"><\/header><div class='iconlist_content '  itemprop=\"text\" ><p><a href=\"?attachment_id=1318\">La Voz de la Calle 31\/03\/11: Universidad y Activismo para recuperar la Memoria Hist\u00f3rica<\/a><\/p>\n<\/div><\/div><footer class=\"entry-footer\"><\/footer><\/article><div class=\"iconlist-timeline\"><\/div><\/li>\n<li><div class='iconlist_icon av-456r46e-c45745c051bbfd8c6dec06ddb5e00f47 avia-font-entypo-fontello avia-iconfont avia-font-entypo-fontello'><span class='av-icon-char' data-av_icon='\ue84d' data-av_iconfont='entypo-fontello' aria-hidden=\"true\"><\/span><\/div><article class=\"article-icon-entry \"  itemscope=\"itemscope\" itemtype=\"https:\/\/schema.org\/CreativeWork\" ><div class=\"iconlist_content_wrap\"><header class=\"entry-content-header\" aria-label=\"Icon: \"><\/header><div class='iconlist_content '  itemprop=\"text\" ><p><a href=\"?attachment_id=1319\">El Pa\u00eds 05\/05\/2011: El Gobierno descarta exhumar a los republicanos enterrados con Franco<\/a><\/p>\n<\/div><\/div><footer class=\"entry-footer\"><\/footer><\/article><div class=\"iconlist-timeline\"><\/div><\/li>\n<li><div class='iconlist_icon av-43n1l3q-09f196f100426a7c0893918e2468eacb avia-font-entypo-fontello avia-iconfont avia-font-entypo-fontello'><span class='av-icon-char' data-av_icon='\ue84d' data-av_iconfont='entypo-fontello' aria-hidden=\"true\"><\/span><\/div><article class=\"article-icon-entry \"  itemscope=\"itemscope\" itemtype=\"https:\/\/schema.org\/CreativeWork\" ><div class=\"iconlist_content_wrap\"><header class=\"entry-content-header\" aria-label=\"Icon: \"><\/header><div class='iconlist_content '  itemprop=\"text\" ><p><a href=\"?attachment_id=1320\">P\u00fablico 24\/05\/20011: &#8220;Allende: La hip\u00f3tesis principal sigue siendo un suicidio&#8221;<\/a><\/p>\n<\/div><\/div><footer class=\"entry-footer\"><\/footer><\/article><div class=\"iconlist-timeline\"><\/div><\/li>\n<li><div class='iconlist_icon av-42f4niu-8458fcb7cedbd91c39845f925ca338f1 avia-font-entypo-fontello avia-iconfont avia-font-entypo-fontello'><span class='av-icon-char' data-av_icon='\ue84d' data-av_iconfont='entypo-fontello' aria-hidden=\"true\"><\/span><\/div><article class=\"article-icon-entry \"  itemscope=\"itemscope\" itemtype=\"https:\/\/schema.org\/CreativeWork\" ><div class=\"iconlist_content_wrap\"><header class=\"entry-content-header\" aria-label=\"Icon: \"><\/header><div class='iconlist_content '  itemprop=\"text\" ><p><a href=\"?attachment_id=1321\">La Gaceta 30\/05\/2011: Se constituye la Comisi\u00f3n para el Futuro del Valle de los Ca\u00eddos<\/a><\/p>\n<\/div><\/div><footer class=\"entry-footer\"><\/footer><\/article><div class=\"iconlist-timeline\"><\/div><\/li>\n<li><div class='iconlist_icon av-4079cpy-63ac8a7c627170ba37f69f276b44e1eb avia-font-entypo-fontello avia-iconfont avia-font-entypo-fontello'><span class='av-icon-char' data-av_icon='\ue84d' data-av_iconfont='entypo-fontello' aria-hidden=\"true\"><\/span><\/div><article class=\"article-icon-entry \"  itemscope=\"itemscope\" itemtype=\"https:\/\/schema.org\/CreativeWork\" ><div class=\"iconlist_content_wrap\"><header class=\"entry-content-header\" aria-label=\"Icon: \"><\/header><div class='iconlist_content '  itemprop=\"text\" ><p><a href=\"?attachment_id=1322\">El Pa\u00eds 31\/05\/2011: El Valle de los Ca\u00eddos mantendr\u00e1 su gran cruz<\/a><\/p>\n<\/div><\/div><footer class=\"entry-footer\"><\/footer><\/article><div class=\"iconlist-timeline\"><\/div><\/li>\n<li><div class='iconlist_icon av-3yq7ufq-54196601480a85bc06913f723497f6ed avia-font-entypo-fontello avia-iconfont avia-font-entypo-fontello'><span class='av-icon-char' data-av_icon='\ue84d' data-av_iconfont='entypo-fontello' aria-hidden=\"true\"><\/span><\/div><article class=\"article-icon-entry \"  itemscope=\"itemscope\" itemtype=\"https:\/\/schema.org\/CreativeWork\" ><div class=\"iconlist_content_wrap\"><header class=\"entry-content-header\" aria-label=\"Icon: \"><\/header><div class='iconlist_content '  itemprop=\"text\" ><p><a href=\"?attachment_id=1323\">El Pa\u00eds 08\/06\/2011: En busca de un Valle para todos los Ca\u00eddos<\/a><\/p>\n<\/div><\/div><footer class=\"entry-footer\"><\/footer><\/article><div class=\"iconlist-timeline\"><\/div><\/li>\n<li><div class='iconlist_icon av-3x3dsfq-bd5185162fc6a57ff6ab830db6b07a1d avia-font-entypo-fontello avia-iconfont avia-font-entypo-fontello'><span class='av-icon-char' data-av_icon='\ue84d' data-av_iconfont='entypo-fontello' aria-hidden=\"true\"><\/span><\/div><article class=\"article-icon-entry \"  itemscope=\"itemscope\" itemtype=\"https:\/\/schema.org\/CreativeWork\" ><div class=\"iconlist_content_wrap\"><header class=\"entry-content-header\" aria-label=\"Icon: \"><\/header><div class='iconlist_content '  itemprop=\"text\" ><p><a href=\"?attachment_id=1324\">El Pa\u00eds 28\/06\/2011: ALMUERZO CON&#8230; FRANCISCO ETXEBERRIA<\/a><\/p>\n<\/div><\/div><footer class=\"entry-footer\"><\/footer><\/article><div class=\"iconlist-timeline\"><\/div><\/li>\n<li><div class='iconlist_icon av-3vp6ipi-161bbbc218d3385861cf5e9761666a03 avia-font-entypo-fontello avia-iconfont avia-font-entypo-fontello'><span class='av-icon-char' data-av_icon='\ue84d' data-av_iconfont='entypo-fontello' aria-hidden=\"true\"><\/span><\/div><article class=\"article-icon-entry \"  itemscope=\"itemscope\" itemtype=\"https:\/\/schema.org\/CreativeWork\" ><div class=\"iconlist_content_wrap\"><header class=\"entry-content-header\" aria-label=\"Icon: \"><\/header><div class='iconlist_content '  itemprop=\"text\" ><p><a href=\"?attachment_id=1325\">P\u00e1gina\/12. El mundo 06\/07\/2011: Hallan una fosa en Espa\u00f1a<\/a><\/p>\n<\/div><\/div><footer class=\"entry-footer\"><\/footer><\/article><div class=\"iconlist-timeline\"><\/div><\/li>\n<li><div class='iconlist_icon av-3u6buqu-a137d29f4ed69c95cd7715305c2eb651 avia-font-entypo-fontello avia-iconfont avia-font-entypo-fontello'><span class='av-icon-char' data-av_icon='\ue84d' data-av_iconfont='entypo-fontello' aria-hidden=\"true\"><\/span><\/div><article class=\"article-icon-entry \"  itemscope=\"itemscope\" itemtype=\"https:\/\/schema.org\/CreativeWork\" ><div class=\"iconlist_content_wrap\"><header class=\"entry-content-header\" aria-label=\"Icon: \"><\/header><div class='iconlist_content '  itemprop=\"text\" ><p><a href=\"?attachment_id=1326\">El Pa\u00eds 03\/07\/2011: 4.500 negativos para pensar en aquella Espa\u00f1a<\/a><\/p>\n<\/div><\/div><footer class=\"entry-footer\"><\/footer><\/article><div class=\"iconlist-timeline\"><\/div><\/li>\n<li><div class='iconlist_icon av-3sjtdeu-d1f0613b453337fe430506af06d16fc2 avia-font-entypo-fontello avia-iconfont avia-font-entypo-fontello'><span class='av-icon-char' data-av_icon='\ue84d' data-av_iconfont='entypo-fontello' aria-hidden=\"true\"><\/span><\/div><article class=\"article-icon-entry \"  itemscope=\"itemscope\" itemtype=\"https:\/\/schema.org\/CreativeWork\" ><div class=\"iconlist_content_wrap\"><header class=\"entry-content-header\" aria-label=\"Icon: \"><\/header><div class='iconlist_content '  itemprop=\"text\" ><p><a href=\"?attachment_id=1327\">El Pa\u00eds Cuarta P\u00e1gina 11\/05\/2011: De holocaustos y matanzas<\/a><\/p>\n<\/div><\/div><footer class=\"entry-footer\"><\/footer><\/article><div class=\"iconlist-timeline\"><\/div><\/li>\n<li><div class='iconlist_icon av-3qeay5y-603910ecc1bdb2cdc1aef79a3b1db7e3 avia-font-entypo-fontello avia-iconfont avia-font-entypo-fontello'><span class='av-icon-char' data-av_icon='\ue84d' data-av_iconfont='entypo-fontello' aria-hidden=\"true\"><\/span><\/div><article class=\"article-icon-entry \"  itemscope=\"itemscope\" itemtype=\"https:\/\/schema.org\/CreativeWork\" ><div class=\"iconlist_content_wrap\"><header class=\"entry-content-header\" aria-label=\"Icon: \"><\/header><div class='iconlist_content '  itemprop=\"text\" ><p><a href=\"?attachment_id=1328\">El Pa\u00eds 11\/07\/2011: 59 fusilados sin nombre enterrados por los barrenderos del pueblo<\/a><\/p>\n<\/div><\/div><footer class=\"entry-footer\"><\/footer><\/article><div class=\"iconlist-timeline\"><\/div><\/li>\n<li><div class='iconlist_icon av-3p7qo4m-6f8abaf52994ed2545c8481e422d47e2 avia-font-entypo-fontello avia-iconfont avia-font-entypo-fontello'><span class='av-icon-char' data-av_icon='\ue84d' data-av_iconfont='entypo-fontello' aria-hidden=\"true\"><\/span><\/div><article class=\"article-icon-entry \"  itemscope=\"itemscope\" itemtype=\"https:\/\/schema.org\/CreativeWork\" ><div class=\"iconlist_content_wrap\"><header class=\"entry-content-header\" aria-label=\"Icon: \"><\/header><div class='iconlist_content '  itemprop=\"text\" ><p><a href=\"?attachment_id=1329\">El Pa\u00eds 20\/07\/2011: Un nuevo informe forense confirma que Salvador Allende se suicid\u00f3<\/a><\/p>\n<\/div><\/div><footer class=\"entry-footer\"><\/footer><\/article><div class=\"iconlist-timeline\"><\/div><\/li>\n<li><div class='iconlist_icon av-3nzot2u-e34bc09c41606d3d019c08cbdef8a31b avia-font-entypo-fontello avia-iconfont avia-font-entypo-fontello'><span class='av-icon-char' data-av_icon='\ue84d' data-av_iconfont='entypo-fontello' aria-hidden=\"true\"><\/span><\/div><article class=\"article-icon-entry \"  itemscope=\"itemscope\" itemtype=\"https:\/\/schema.org\/CreativeWork\" ><div class=\"iconlist_content_wrap\"><header class=\"entry-content-header\" aria-label=\"Icon: \"><\/header><div class='iconlist_content '  itemprop=\"text\" ><p><a href=\"?attachment_id=1330\">El Peri\u00f3dico.cat 18\/07\/2011: El fracassat 18 de juliol<\/a><\/p>\n<\/div><\/div><footer class=\"entry-footer\"><\/footer><\/article><div class=\"iconlist-timeline\"><\/div><\/li>\n<li><div class='iconlist_icon av-3m6wmqu-844a3cb7ce91edab9094da74b7763227 avia-font-entypo-fontello avia-iconfont avia-font-entypo-fontello'><span class='av-icon-char' data-av_icon='\ue84d' data-av_iconfont='entypo-fontello' aria-hidden=\"true\"><\/span><\/div><article class=\"article-icon-entry \"  itemscope=\"itemscope\" itemtype=\"https:\/\/schema.org\/CreativeWork\" ><div class=\"iconlist_content_wrap\"><header class=\"entry-content-header\" aria-label=\"Icon: \"><\/header><div class='iconlist_content '  itemprop=\"text\" ><p><a href=\"?attachment_id=1331\">P\u00fablico.es 06\/08\/2011: Guillermo Z\u00fa\u00f1iga ha nacido otro Capa <\/a><\/p>\n<\/div><\/div><footer class=\"entry-footer\"><\/footer><\/article><div class=\"iconlist-timeline\"><\/div><\/li>\n<li><div class='iconlist_icon av-3jiurpy-b92a5fcf59f8063d2a02656a007a065e avia-font-entypo-fontello avia-iconfont avia-font-entypo-fontello'><span class='av-icon-char' data-av_icon='\ue84d' data-av_iconfont='entypo-fontello' aria-hidden=\"true\"><\/span><\/div><article class=\"article-icon-entry \"  itemscope=\"itemscope\" itemtype=\"https:\/\/schema.org\/CreativeWork\" ><div class=\"iconlist_content_wrap\"><header class=\"entry-content-header\" aria-label=\"Icon: \"><\/header><div class='iconlist_content '  itemprop=\"text\" ><p><a href=\"?attachment_id=1332\">P\u00fablico.es 07\/08\/2011: El fot\u00f3grafo de guerra que no mir\u00f3 a la muerte <\/a><\/p>\n<\/div><\/div><footer class=\"entry-footer\"><\/footer><\/article><div class=\"iconlist-timeline\"><\/div><\/li>\n<li><div class='iconlist_icon av-3i1zh7a-d4dbd90797c6f487be5c395a2e0be970 avia-font-entypo-fontello avia-iconfont avia-font-entypo-fontello'><span class='av-icon-char' data-av_icon='\ue84d' data-av_iconfont='entypo-fontello' aria-hidden=\"true\"><\/span><\/div><article class=\"article-icon-entry \"  itemscope=\"itemscope\" itemtype=\"https:\/\/schema.org\/CreativeWork\" ><div class=\"iconlist_content_wrap\"><header class=\"entry-content-header\" aria-label=\"Icon: \"><\/header><div class='iconlist_content '  itemprop=\"text\" ><p><a href=\"?attachment_id=1333\">Diario de Burgos 01\/09\/2011: Hallan huesos, dientes y casquillos de bala en el Alto de Valbuena<\/a><\/p>\n<\/div><\/div><footer class=\"entry-footer\"><\/footer><\/article><div class=\"iconlist-timeline\"><\/div><\/li>\n<li><div class='iconlist_icon av-3h6zfqe-6e8da84fc0f52e0fc6e1bdf00345d294 avia-font-entypo-fontello avia-iconfont avia-font-entypo-fontello'><span class='av-icon-char' data-av_icon='\ue84d' data-av_iconfont='entypo-fontello' aria-hidden=\"true\"><\/span><\/div><article class=\"article-icon-entry \"  itemscope=\"itemscope\" itemtype=\"https:\/\/schema.org\/CreativeWork\" ><div class=\"iconlist_content_wrap\"><header class=\"entry-content-header\" aria-label=\"Icon: \"><\/header><div class='iconlist_content '  itemprop=\"text\" ><p><a href=\"?attachment_id=1334\">El mundo 14\/06\/2009: Exhumaci\u00f3n bajo los columpios<\/a><\/p>\n<\/div><\/div><footer class=\"entry-footer\"><\/footer><\/article><div class=\"iconlist-timeline\"><\/div><\/li>\n<li><div class='iconlist_icon av-3f03i2u-5f4b82bf854e14bbc3de4d601ae5ea9d avia-font-entypo-fontello avia-iconfont avia-font-entypo-fontello'><span class='av-icon-char' data-av_icon='\ue84d' data-av_iconfont='entypo-fontello' aria-hidden=\"true\"><\/span><\/div><article class=\"article-icon-entry \"  itemscope=\"itemscope\" itemtype=\"https:\/\/schema.org\/CreativeWork\" ><div class=\"iconlist_content_wrap\"><header class=\"entry-content-header\" aria-label=\"Icon: \"><\/header><div class='iconlist_content '  itemprop=\"text\" ><p><a href=\"?attachment_id=1335\">El Peri\u00f3dico de Catalunya 11\/10\/2011: Valle de los Ca\u00eddos, Mejor no tocarlo<\/a><\/p>\n<\/div><\/div><footer class=\"entry-footer\"><\/footer><\/article><div class=\"iconlist-timeline\"><\/div><\/li>\n<li><div class='iconlist_icon av-3ec2g3q-021800259aaae9818a7bcdaf78710d52 avia-font-entypo-fontello avia-iconfont avia-font-entypo-fontello'><span class='av-icon-char' data-av_icon='\ue84d' data-av_iconfont='entypo-fontello' aria-hidden=\"true\"><\/span><\/div><article class=\"article-icon-entry \"  itemscope=\"itemscope\" itemtype=\"https:\/\/schema.org\/CreativeWork\" ><div class=\"iconlist_content_wrap\"><header class=\"entry-content-header\" aria-label=\"Icon: \"><\/header><div class='iconlist_content '  itemprop=\"text\" ><p><a href=\"?attachment_id=1336\">P\u00fablico 20\/11\/2011: Diccionario Contra el Olvido<\/a><\/p>\n<\/div><\/div><footer class=\"entry-footer\"><\/footer><\/article><div class=\"iconlist-timeline\"><\/div><\/li>\n<li><div class='iconlist_icon av-3c1l9o6-d2b260934f13435273baa498e98d9d73 avia-font-entypo-fontello avia-iconfont avia-font-entypo-fontello'><span class='av-icon-char' data-av_icon='\ue84d' data-av_iconfont='entypo-fontello' aria-hidden=\"true\"><\/span><\/div><article class=\"article-icon-entry \"  itemscope=\"itemscope\" itemtype=\"https:\/\/schema.org\/CreativeWork\" ><div class=\"iconlist_content_wrap\"><header class=\"entry-content-header\" aria-label=\"Icon: \"><\/header><div class='iconlist_content '  itemprop=\"text\" ><p><a href=\"?attachment_id=1337\">RTVE.es 29\/11\/2011: &#8220;El Valle de los Ca\u00eddos solo podr\u00e1 tener un significado democr\u00e1tico sin el &#8230;<\/a><\/p>\n<\/div><\/div><footer class=\"entry-footer\"><\/footer><\/article><div class=\"iconlist-timeline\"><\/div><\/li>\n<li><div class='iconlist_icon av-39lgwfa-c0d9ade6241909c887b0e8f3b24df9db avia-font-entypo-fontello avia-iconfont avia-font-entypo-fontello'><span class='av-icon-char' data-av_icon='\ue84d' data-av_iconfont='entypo-fontello' aria-hidden=\"true\"><\/span><\/div><article class=\"article-icon-entry \"  itemscope=\"itemscope\" itemtype=\"https:\/\/schema.org\/CreativeWork\" ><div class=\"iconlist_content_wrap\"><header class=\"entry-content-header\" aria-label=\"Icon: \"><\/header><div class='iconlist_content '  itemprop=\"text\" ><p><a href=\"?attachment_id=1338\">El Pa\u00eds 02\/11\/2011: D\u00eda de difuntos en las cunetas<\/a><\/p>\n<\/div><\/div><footer class=\"entry-footer\"><\/footer><\/article><div class=\"iconlist-timeline\"><\/div><\/li>\n<li><div class='iconlist_icon av-38teiyu-9ccf9491265bc8dc15f04c2db4545e70 avia-font-entypo-fontello avia-iconfont avia-font-entypo-fontello'><span class='av-icon-char' data-av_icon='\ue84d' data-av_iconfont='entypo-fontello' aria-hidden=\"true\"><\/span><\/div><article class=\"article-icon-entry \"  itemscope=\"itemscope\" itemtype=\"https:\/\/schema.org\/CreativeWork\" ><div class=\"iconlist_content_wrap\"><header class=\"entry-content-header\" aria-label=\"Icon: \"><\/header><div class='iconlist_content '  itemprop=\"text\" ><p><a href=\"?attachment_id=1339\">P\u00fablico 02\/11\/2011: La resistencia de las mujeres de negro<\/a><\/p>\n<\/div><\/div><footer class=\"entry-footer\"><\/footer><\/article><div class=\"iconlist-timeline\"><\/div><\/li>\n<li><div class='iconlist_icon av-36d2nnq-8d24e23862f0b5533d99c0bc4e03b375 avia-font-entypo-fontello avia-iconfont avia-font-entypo-fontello'><span class='av-icon-char' data-av_icon='\ue84d' data-av_iconfont='entypo-fontello' aria-hidden=\"true\"><\/span><\/div><article class=\"article-icon-entry \"  itemscope=\"itemscope\" itemtype=\"https:\/\/schema.org\/CreativeWork\" ><div class=\"iconlist_content_wrap\"><header class=\"entry-content-header\" aria-label=\"Icon: \"><\/header><div class='iconlist_content '  itemprop=\"text\" ><p><a href=\"?attachment_id=1340\">P\u00fablico 31\/10\/2011: Francisco Ferr\u00e1ndiz: &#8220;Una fosa com\u00fan abre un espacio de memoria&#8221;<\/a><\/p>\n<\/div><\/div><footer class=\"entry-footer\"><\/footer><\/article><div class=\"iconlist-timeline\"><\/div><\/li>\n<li><div class='iconlist_icon av-35u055i-b054bb41c372bceffce8975afb176b37 avia-font-entypo-fontello avia-iconfont avia-font-entypo-fontello'><span class='av-icon-char' data-av_icon='\ue84d' data-av_iconfont='entypo-fontello' aria-hidden=\"true\"><\/span><\/div><article class=\"article-icon-entry \"  itemscope=\"itemscope\" itemtype=\"https:\/\/schema.org\/CreativeWork\" ><div class=\"iconlist_content_wrap\"><header class=\"entry-content-header\" aria-label=\"Icon: \"><\/header><div class='iconlist_content '  itemprop=\"text\" ><p><a href=\"?attachment_id=1341\">El norte de castilla 11\/10\/11: Los restos de cien fusilados ya han sido hallados en La Carcavilla.<\/a><\/p>\n<\/div><\/div><footer class=\"entry-footer\"><\/footer><\/article><div class=\"iconlist-timeline\"><\/div><\/li>\n<li><div class='iconlist_icon av-33rxls6-7dcc085555123b865445db9c91fd3366 avia-font-entypo-fontello avia-iconfont avia-font-entypo-fontello'><span class='av-icon-char' data-av_icon='\ue84d' data-av_iconfont='entypo-fontello' aria-hidden=\"true\"><\/span><\/div><article class=\"article-icon-entry \"  itemscope=\"itemscope\" itemtype=\"https:\/\/schema.org\/CreativeWork\" ><div class=\"iconlist_content_wrap\"><header class=\"entry-content-header\" aria-label=\"Icon: \"><\/header><div class='iconlist_content '  itemprop=\"text\" ><p><a href=\"?attachment_id=1342\">El Pa\u00eds 23\/11\/2011: SE LEE COMO UNA NOVELA<\/a><\/p>\n<\/div><\/div><footer class=\"entry-footer\"><\/footer><\/article><div class=\"iconlist-timeline\"><\/div><\/li>\n<li><div class='iconlist_icon av-b2hhja-fb5de912e95eaa9c43dcada2b791743c avia-font-entypo-fontello avia-iconfont avia-font-entypo-fontello'><span class='av-icon-char' data-av_icon='\ue84d' data-av_iconfont='entypo-fontello' aria-hidden=\"true\"><\/span><\/div><article class=\"article-icon-entry \"  itemscope=\"itemscope\" itemtype=\"https:\/\/schema.org\/CreativeWork\" ><div class=\"iconlist_content_wrap\"><header class=\"entry-content-header\" aria-label=\"Icon: \"><\/header><div class='iconlist_content '  itemprop=\"text\" ><p><a href=\"?attachment_id=1343\">EL PA\u00cdS 17\/08\/2011: Una fosa com\u00fan bajo los columpios<\/a><\/p>\n<\/div><\/div><footer class=\"entry-footer\"><\/footer><\/article><div class=\"iconlist-timeline\"><\/div><\/li>\n<\/ul><\/div>\n<h5>2010<\/h5>\n\n<style type=\"text\/css\" data-created_by=\"avia_inline_auto\" id=\"style-css-av-3029kra-b45f65a85743482514fc66c1c7ffc427\">\n#top .avia-icon-list-container.av-3029kra-b45f65a85743482514fc66c1c7ffc427 .iconlist_icon{\ncolor:#470b0b;\nbackground-color:#ffffff;\n}\n#top .avia-icon-list-container.av-3029kra-b45f65a85743482514fc66c1c7ffc427 .iconlist_icon svg:first-child{\nstroke:#470b0b;\nfill:#470b0b;\n}\n#top #wrap_all .avia-icon-list-container.av-3029kra-b45f65a85743482514fc66c1c7ffc427 .av_iconlist_title{\ncolor:#470b0b;\n}\n<\/style>\n<div  class='avia-icon-list-container av-3029kra-b45f65a85743482514fc66c1c7ffc427  avia-builder-el-21  el_after_av_iconlist  el_before_av_iconlist '><ul class='avia-icon-list avia_animate_when_almost_visible avia-icon-list-left av-iconlist-big av-3029kra-b45f65a85743482514fc66c1c7ffc427 avia-iconlist-animate'>\n<li><div class='iconlist_icon av-2ys5zdy-73e23ce7dca3cf111d0d4bb193af26e4 avia-font-entypo-fontello avia-iconfont avia-font-entypo-fontello'><span class='av-icon-char' data-av_icon='\ue84d' data-av_iconfont='entypo-fontello' aria-hidden=\"true\"><\/span><\/div><article class=\"article-icon-entry \"  itemscope=\"itemscope\" itemtype=\"https:\/\/schema.org\/CreativeWork\" ><div class=\"iconlist_content_wrap\"><header class=\"entry-content-header\" aria-label=\"Icon: \"><\/header><div class='iconlist_content '  itemprop=\"text\" ><p><a href=\"?attachment_id=1212\">P\u00fablico 19\/07\/2010: Un equipo del CSIC investiga una d\u00e9cada de memoria en Espa\u00f1a<\/a><\/p>\n<\/div><\/div><footer class=\"entry-footer\"><\/footer><\/article><div class=\"iconlist-timeline\"><\/div><\/li>\n<li><div class='iconlist_icon av-2xio91y-d057df23a18fbca4754dcd420ba5cc3d avia-font-entypo-fontello avia-iconfont avia-font-entypo-fontello'><span class='av-icon-char' data-av_icon='\ue84d' data-av_iconfont='entypo-fontello' aria-hidden=\"true\"><\/span><\/div><article class=\"article-icon-entry \"  itemscope=\"itemscope\" itemtype=\"https:\/\/schema.org\/CreativeWork\" ><div class=\"iconlist_content_wrap\"><header class=\"entry-content-header\" aria-label=\"Icon: \"><\/header><div class='iconlist_content '  itemprop=\"text\" ><p><a href=\"?attachment_id=1213\">La Gaceta 28\/01\/10: En la mina de Camu\u00f1as est\u00e1n los restos de cat\u00f3licos que fueron asesinados <\/a><\/p>\n<\/div><\/div><footer class=\"entry-footer\"><\/footer><\/article><div class=\"iconlist-timeline\"><\/div><\/li>\n<li><div class='iconlist_icon av-2vb3o1y-586af4ca74850bf9bef018890611d941 avia-font-entypo-fontello avia-iconfont avia-font-entypo-fontello'><span class='av-icon-char' data-av_icon='\ue84d' data-av_iconfont='entypo-fontello' aria-hidden=\"true\"><\/span><\/div><article class=\"article-icon-entry \"  itemscope=\"itemscope\" itemtype=\"https:\/\/schema.org\/CreativeWork\" ><div class=\"iconlist_content_wrap\"><header class=\"entry-content-header\" aria-label=\"Icon: \"><\/header><div class='iconlist_content '  itemprop=\"text\" ><p><a href=\"?attachment_id=1214\">El Pa\u00eds 24\/01\/10: La Iglesia tambi\u00e9n abre las fosas de sus muertos<\/a><\/p>\n<\/div><\/div><footer class=\"entry-footer\"><\/footer><\/article><div class=\"iconlist-timeline\"><\/div><\/li>\n<li><div class='iconlist_icon av-2ty7juu-19d953af7c7aca6ab4e039f7ea2403da avia-font-entypo-fontello avia-iconfont avia-font-entypo-fontello'><span class='av-icon-char' data-av_icon='\ue84d' data-av_iconfont='entypo-fontello' aria-hidden=\"true\"><\/span><\/div><article class=\"article-icon-entry \"  itemscope=\"itemscope\" itemtype=\"https:\/\/schema.org\/CreativeWork\" ><div class=\"iconlist_content_wrap\"><header class=\"entry-content-header\" aria-label=\"Icon: \"><\/header><div class='iconlist_content '  itemprop=\"text\" ><p><a href=\"?attachment_id=1215\">La Gaceta 19\/01\/10: Cientos de cad\u00e1veres de la Rep\u00fablica est\u00e1n en fosas comunes de Toledo <\/a><\/p>\n<\/div><\/div><footer class=\"entry-footer\"><\/footer><\/article><div class=\"iconlist-timeline\"><\/div><\/li>\n<li><div class='iconlist_icon av-2rvxq52-457d0b3538559f936c7e52f563ddfa2f avia-font-entypo-fontello avia-iconfont avia-font-entypo-fontello'><span class='av-icon-char' data-av_icon='\ue84d' data-av_iconfont='entypo-fontello' aria-hidden=\"true\"><\/span><\/div><article class=\"article-icon-entry \"  itemscope=\"itemscope\" itemtype=\"https:\/\/schema.org\/CreativeWork\" ><div class=\"iconlist_content_wrap\"><header class=\"entry-content-header\" aria-label=\"Icon: \"><\/header><div class='iconlist_content '  itemprop=\"text\" ><p><a href=\"?attachment_id=1216\">El Pa\u00eds 01\/03\/10: Morir dos veces <\/a><\/p>\n<\/div><\/div><footer class=\"entry-footer\"><\/footer><\/article><div class=\"iconlist-timeline\"><\/div><\/li>\n<li><div class='iconlist_icon av-2qh0irq-c1d32a92fd5c4a2378586b6844108948 avia-font-entypo-fontello avia-iconfont avia-font-entypo-fontello'><span class='av-icon-char' data-av_icon='\ue84d' data-av_iconfont='entypo-fontello' aria-hidden=\"true\"><\/span><\/div><article class=\"article-icon-entry \"  itemscope=\"itemscope\" itemtype=\"https:\/\/schema.org\/CreativeWork\" ><div class=\"iconlist_content_wrap\"><header class=\"entry-content-header\" aria-label=\"Icon: \"><\/header><div class='iconlist_content '  itemprop=\"text\" ><p><a href=\"?attachment_id=1217\">El Pa\u00eds 07\/03\/10: Y 70 a\u00f1os despu\u00e9s volvieron <\/a><\/p>\n<\/div><\/div><footer class=\"entry-footer\"><\/footer><\/article><div class=\"iconlist-timeline\"><\/div><\/li>\n<li><div class='iconlist_icon av-2op6n06-d22ac91c3b4f0e8212a0936eb4e9ffaa avia-font-entypo-fontello avia-iconfont avia-font-entypo-fontello'><span class='av-icon-char' data-av_icon='\ue84d' data-av_iconfont='entypo-fontello' aria-hidden=\"true\"><\/span><\/div><article class=\"article-icon-entry \"  itemscope=\"itemscope\" itemtype=\"https:\/\/schema.org\/CreativeWork\" ><div class=\"iconlist_content_wrap\"><header class=\"entry-content-header\" aria-label=\"Icon: \"><\/header><div class='iconlist_content '  itemprop=\"text\" ><p><a href=\"?attachment_id=1218\">EL PA\u00cdS 15\/04\/10: El acoso al juez Garz\u00f3n <\/a><\/p>\n<\/div><\/div><footer class=\"entry-footer\"><\/footer><\/article><div class=\"iconlist-timeline\"><\/div><\/li>\n<li><div class='iconlist_icon av-2nd5lmu-4e5d8acca3b6744c26dda638207758f1 avia-font-entypo-fontello avia-iconfont avia-font-entypo-fontello'><span class='av-icon-char' data-av_icon='\ue84d' data-av_iconfont='entypo-fontello' aria-hidden=\"true\"><\/span><\/div><article class=\"article-icon-entry \"  itemscope=\"itemscope\" itemtype=\"https:\/\/schema.org\/CreativeWork\" ><div class=\"iconlist_content_wrap\"><header class=\"entry-content-header\" aria-label=\"Icon: \"><\/header><div class='iconlist_content '  itemprop=\"text\" ><p><a href=\"?attachment_id=1219\">El hombre que abr\u00eda tumbas 13\/05\/10 <\/a><\/p>\n<\/div><\/div><footer class=\"entry-footer\"><\/footer><\/article><div class=\"iconlist-timeline\"><\/div><\/li>\n<li><div class='iconlist_icon av-2ltwcza-61fbec9d62d820cd3f7e044e2f904ef2 avia-font-entypo-fontello avia-iconfont avia-font-entypo-fontello'><span class='av-icon-char' data-av_icon='\ue84d' data-av_iconfont='entypo-fontello' aria-hidden=\"true\"><\/span><\/div><article class=\"article-icon-entry \"  itemscope=\"itemscope\" itemtype=\"https:\/\/schema.org\/CreativeWork\" ><div class=\"iconlist_content_wrap\"><header class=\"entry-content-header\" aria-label=\"Icon: \"><\/header><div class='iconlist_content '  itemprop=\"text\" ><p><a href=\"?attachment_id=1220\">Noticias de Gipuzkoa Domingo, 18\/04\/10: Entrevista a Francisco Ferr\u00e1ndiz<\/a><\/p>\n<\/div><\/div><footer class=\"entry-footer\"><\/footer><\/article><div class=\"iconlist-timeline\"><\/div><\/li>\n<li><div class='iconlist_icon av-2k6nqae-5349ee9cedfc66c198db53b3d856f618 avia-font-entypo-fontello avia-iconfont avia-font-entypo-fontello'><span class='av-icon-char' data-av_icon='\ue84d' data-av_iconfont='entypo-fontello' aria-hidden=\"true\"><\/span><\/div><article class=\"article-icon-entry \"  itemscope=\"itemscope\" itemtype=\"https:\/\/schema.org\/CreativeWork\" ><div class=\"iconlist_content_wrap\"><header class=\"entry-content-header\" aria-label=\"Icon: \"><\/header><div class='iconlist_content '  itemprop=\"text\" ><p><a href=\"?attachment_id=1221\">Diario Vasco 28\/10\/10: Es el momento de reparar y rescatar la dignidad del olvido<\/a><\/p>\n<\/div><\/div><footer class=\"entry-footer\"><\/footer><\/article><div class=\"iconlist-timeline\"><\/div><\/li>\n<li><div class='iconlist_icon av-2idd4di-e0518a73ba3093ee2fb0905c4a7fb5c4 avia-font-entypo-fontello avia-iconfont avia-font-entypo-fontello'><span class='av-icon-char' data-av_icon='\ue84d' data-av_iconfont='entypo-fontello' aria-hidden=\"true\"><\/span><\/div><article class=\"article-icon-entry \"  itemscope=\"itemscope\" itemtype=\"https:\/\/schema.org\/CreativeWork\" ><div class=\"iconlist_content_wrap\"><header class=\"entry-content-header\" aria-label=\"Icon: \"><\/header><div class='iconlist_content '  itemprop=\"text\" ><p><a href=\"?attachment_id=1222\">EL PA\u00cdS 17\/06\/2010: \u0093Abrir las fosas no es un favor a las v\u00edctimas; es una obligaci\u00f3n\u0094<\/a><\/p>\n<\/div><\/div><footer class=\"entry-footer\"><\/footer><\/article><div class=\"iconlist-timeline\"><\/div><\/li>\n<li><div class='iconlist_icon av-2g4uvye-f868856ae1e1621c835d1369be178a92 avia-font-entypo-fontello avia-iconfont avia-font-entypo-fontello'><span class='av-icon-char' data-av_icon='\ue84d' data-av_iconfont='entypo-fontello' aria-hidden=\"true\"><\/span><\/div><article class=\"article-icon-entry \"  itemscope=\"itemscope\" itemtype=\"https:\/\/schema.org\/CreativeWork\" ><div class=\"iconlist_content_wrap\"><header class=\"entry-content-header\" aria-label=\"Icon: \"><\/header><div class='iconlist_content '  itemprop=\"text\" ><p><a href=\"?attachment_id=1223\">GARA: 30\/04\/10<\/a><\/p>\n<\/div><\/div><footer class=\"entry-footer\"><\/footer><\/article><div class=\"iconlist-timeline\"><\/div><\/li>\n<li><div class='iconlist_icon av-2ezsena-9ed6288ba2a0ea0ee603a576cd7e395b avia-font-entypo-fontello avia-iconfont avia-font-entypo-fontello'><span class='av-icon-char' data-av_icon='\ue84d' data-av_iconfont='entypo-fontello' aria-hidden=\"true\"><\/span><\/div><article class=\"article-icon-entry \"  itemscope=\"itemscope\" itemtype=\"https:\/\/schema.org\/CreativeWork\" ><div class=\"iconlist_content_wrap\"><header class=\"entry-content-header\" aria-label=\"Icon: \"><\/header><div class='iconlist_content '  itemprop=\"text\" ><p><a href=\"?attachment_id=1224\">El Pa\u00eds 16\/04\/10: Terapia con victimas franquismo<\/a><\/p>\n<\/div><\/div><footer class=\"entry-footer\"><\/footer><\/article><div class=\"iconlist-timeline\"><\/div><\/li>\n<li><div class='iconlist_icon av-2djb9dy-31ec0cc724674b64b73105fbee9812b9 avia-font-entypo-fontello avia-iconfont avia-font-entypo-fontello'><span class='av-icon-char' data-av_icon='\ue84d' data-av_iconfont='entypo-fontello' aria-hidden=\"true\"><\/span><\/div><article class=\"article-icon-entry \"  itemscope=\"itemscope\" itemtype=\"https:\/\/schema.org\/CreativeWork\" ><div class=\"iconlist_content_wrap\"><header class=\"entry-content-header\" aria-label=\"Icon: \"><\/header><div class='iconlist_content '  itemprop=\"text\" ><p><a href=\"?attachment_id=1225\">P\u00fablico 21\/05\/10: Sobre el uso de s\u00edmbolos y ruinas<\/a><\/p>\n<\/div><\/div><footer class=\"entry-footer\"><\/footer><\/article><div class=\"iconlist-timeline\"><\/div><\/li>\n<li><div class='iconlist_icon av-2bz2fva-d38391d6c0515bc487bde011b31d079b avia-font-entypo-fontello avia-iconfont avia-font-entypo-fontello'><span class='av-icon-char' data-av_icon='\ue84d' data-av_iconfont='entypo-fontello' aria-hidden=\"true\"><\/span><\/div><article class=\"article-icon-entry \"  itemscope=\"itemscope\" itemtype=\"https:\/\/schema.org\/CreativeWork\" ><div class=\"iconlist_content_wrap\"><header class=\"entry-content-header\" aria-label=\"Icon: \"><\/header><div class='iconlist_content '  itemprop=\"text\" ><p><a href=\"?attachment_id=1226\">EL PA\u00cdS 04\/07\/2010: Enterrados 74 a\u00f1os despu\u00e9s de muertos<\/a><\/p>\n<\/div><\/div><footer class=\"entry-footer\"><\/footer><\/article><div class=\"iconlist-timeline\"><\/div><\/li>\n<li><div class='iconlist_icon av-2an16s6-2fece6a1bbae9540b1f376500bc21c9e avia-font-entypo-fontello avia-iconfont avia-font-entypo-fontello'><span class='av-icon-char' data-av_icon='\ue84d' data-av_iconfont='entypo-fontello' aria-hidden=\"true\"><\/span><\/div><article class=\"article-icon-entry \"  itemscope=\"itemscope\" itemtype=\"https:\/\/schema.org\/CreativeWork\" ><div class=\"iconlist_content_wrap\"><header class=\"entry-content-header\" aria-label=\"Icon: \"><\/header><div class='iconlist_content '  itemprop=\"text\" ><p><a href=\"?attachment_id=1227\">P\u00fablico.es 05\/07\/2010: Una jueza vasca atiende por fin a las v\u00edctimas de Franco<\/a><\/p>\n<\/div><\/div><footer class=\"entry-footer\"><\/footer><\/article><div class=\"iconlist-timeline\"><\/div><\/li>\n<li><div class='iconlist_icon av-27k69xy-f68e603d2c8908ca599ef1e8a9a04230 avia-font-entypo-fontello avia-iconfont avia-font-entypo-fontello'><span class='av-icon-char' data-av_icon='\ue84d' data-av_iconfont='entypo-fontello' aria-hidden=\"true\"><\/span><\/div><article class=\"article-icon-entry \"  itemscope=\"itemscope\" itemtype=\"https:\/\/schema.org\/CreativeWork\" ><div class=\"iconlist_content_wrap\"><header class=\"entry-content-header\" aria-label=\"Icon: \"><\/header><div class='iconlist_content '  itemprop=\"text\" ><p><a href=\"?attachment_id=1228\">P\u00fablico.es 13\/10\/2010: Dominio p\u00fablico \u00bb G\u00e9nero, represi\u00f3n y reparaci\u00f3n. Guillermo Fouce<\/a><\/p>\n<\/div><\/div><footer class=\"entry-footer\"><\/footer><\/article><div class=\"iconlist-timeline\"><\/div><\/li>\n<li><div class='iconlist_icon av-26jgos6-1c7c246f79cf6e343097bde00ee71918 avia-font-entypo-fontello avia-iconfont avia-font-entypo-fontello'><span class='av-icon-char' data-av_icon='\ue84d' data-av_iconfont='entypo-fontello' aria-hidden=\"true\"><\/span><\/div><article class=\"article-icon-entry \"  itemscope=\"itemscope\" itemtype=\"https:\/\/schema.org\/CreativeWork\" ><div class=\"iconlist_content_wrap\"><header class=\"entry-content-header\" aria-label=\"Icon: \"><\/header><div class='iconlist_content '  itemprop=\"text\" ><p><a href=\"?attachment_id=1229\">Diario de Burgos Digital 20\/10\/2010: ARMH: diez dignos a\u00f1os <\/a><\/p>\n<\/div><\/div><footer class=\"entry-footer\"><\/footer><\/article><div class=\"iconlist-timeline\"><\/div><\/li>\n<li><div class='iconlist_icon av-24y9kp2-69ff8f0a86e7d3b95432616f0e17e8fd avia-font-entypo-fontello avia-iconfont avia-font-entypo-fontello'><span class='av-icon-char' data-av_icon='\ue84d' data-av_iconfont='entypo-fontello' aria-hidden=\"true\"><\/span><\/div><article class=\"article-icon-entry \"  itemscope=\"itemscope\" itemtype=\"https:\/\/schema.org\/CreativeWork\" ><div class=\"iconlist_content_wrap\"><header class=\"entry-content-header\" aria-label=\"Icon: \"><\/header><div class='iconlist_content '  itemprop=\"text\" ><p><a href=\"?attachment_id=1230\">Andaluc\u00eda Investiga 22\/10\/10: El CSIC analiza el impacto de 10 a\u00f1os de exhumaciones<\/a><\/p>\n<\/div><\/div><footer class=\"entry-footer\"><\/footer><\/article><div class=\"iconlist-timeline\"><\/div><\/li>\n<li><div class='iconlist_icon av-236wu7q-f56f09358396e6ce32a065ff86bd0237 avia-font-entypo-fontello avia-iconfont avia-font-entypo-fontello'><span class='av-icon-char' data-av_icon='\ue84d' data-av_iconfont='entypo-fontello' aria-hidden=\"true\"><\/span><\/div><article class=\"article-icon-entry \"  itemscope=\"itemscope\" itemtype=\"https:\/\/schema.org\/CreativeWork\" ><div class=\"iconlist_content_wrap\"><header class=\"entry-content-header\" aria-label=\"Icon: \"><\/header><div class='iconlist_content '  itemprop=\"text\" ><p><a href=\"?attachment_id=1231\">EL PA\u00cdS 14\/10\/2010: &#8220;Hay riesgo de que la gente empiece a abrir fosas por su cuenta&#8221;<\/a><\/p>\n<\/div><\/div><footer class=\"entry-footer\"><\/footer><\/article><div class=\"iconlist-timeline\"><\/div><\/li>\n<li><div class='iconlist_icon av-22dbt5y-74748b1b99952e4946ecca3bb992ea72 avia-font-entypo-fontello avia-iconfont avia-font-entypo-fontello'><span class='av-icon-char' data-av_icon='\ue84d' data-av_iconfont='entypo-fontello' aria-hidden=\"true\"><\/span><\/div><article class=\"article-icon-entry \"  itemscope=\"itemscope\" itemtype=\"https:\/\/schema.org\/CreativeWork\" ><div class=\"iconlist_content_wrap\"><header class=\"entry-content-header\" aria-label=\"Icon: \"><\/header><div class='iconlist_content '  itemprop=\"text\" ><p><a href=\"?attachment_id=1232\">EL PA\u00cdS 21\/10\/2010: &#8220;Mucha gente pensaba que la Guerra Civil pod\u00eda repetirse&#8221;<\/a><\/p>\n<\/div><\/div><footer class=\"entry-footer\"><\/footer><\/article><div class=\"iconlist-timeline\"><\/div><\/li>\n<li><div class='iconlist_icon av-760h2e-15f593cfeb82c49912a3de075f46d5a1 avia-font-entypo-fontello avia-iconfont avia-font-entypo-fontello'><span class='av-icon-char' data-av_icon='\ue84d' data-av_iconfont='entypo-fontello' aria-hidden=\"true\"><\/span><\/div><article class=\"article-icon-entry \"  itemscope=\"itemscope\" itemtype=\"https:\/\/schema.org\/CreativeWork\" ><div class=\"iconlist_content_wrap\"><header class=\"entry-content-header\" aria-label=\"Icon: \"><\/header><div class='iconlist_content '  itemprop=\"text\" ><p><a href=\"?attachment_id=1233\">El P\u00fablico 17\/10\/10: La fosa de las fosas<\/a><\/p>\n<\/div><\/div><footer class=\"entry-footer\"><\/footer><\/article><div class=\"iconlist-timeline\"><\/div><\/li>\n<li><div class='iconlist_icon av-1yht39i-90bd2f1b29b852dbf52124a5595bc777 avia-font-entypo-fontello avia-iconfont avia-font-entypo-fontello'><span class='av-icon-char' data-av_icon='\ue84d' data-av_iconfont='entypo-fontello' aria-hidden=\"true\"><\/span><\/div><article class=\"article-icon-entry \"  itemscope=\"itemscope\" itemtype=\"https:\/\/schema.org\/CreativeWork\" ><div class=\"iconlist_content_wrap\"><header class=\"entry-content-header\" aria-label=\"Icon: \"><\/header><div class='iconlist_content '  itemprop=\"text\" ><p><a href=\"?attachment_id=1234\">El Pa\u00eds 23\/10\/10: &#8220;Ya me puedo morir tranquilo&#8221; <\/a><\/p>\n<\/div><\/div><footer class=\"entry-footer\"><\/footer><\/article><div class=\"iconlist-timeline\"><\/div><\/li>\n<li><div class='iconlist_icon av-1wjgxuu-3e3e10bda51aacd8b2d5f45604b5ce08 avia-font-entypo-fontello avia-iconfont avia-font-entypo-fontello'><span class='av-icon-char' data-av_icon='\ue84d' data-av_iconfont='entypo-fontello' aria-hidden=\"true\"><\/span><\/div><article class=\"article-icon-entry \"  itemscope=\"itemscope\" itemtype=\"https:\/\/schema.org\/CreativeWork\" ><div class=\"iconlist_content_wrap\"><header class=\"entry-content-header\" aria-label=\"Icon: \"><\/header><div class='iconlist_content '  itemprop=\"text\" ><p><a href=\"?attachment_id=1235\">El Pa\u00eds 23\/10\/10: Balance de diez a\u00f1os de exhumaciones<\/a><\/p>\n<\/div><\/div><footer class=\"entry-footer\"><\/footer><\/article><div class=\"iconlist-timeline\"><\/div><\/li>\n<li><div class='iconlist_icon av-1vev6ee-15d8bfb21f32e636936852e7c178550c avia-font-entypo-fontello avia-iconfont avia-font-entypo-fontello'><span class='av-icon-char' data-av_icon='\ue84d' data-av_iconfont='entypo-fontello' aria-hidden=\"true\"><\/span><\/div><article class=\"article-icon-entry \"  itemscope=\"itemscope\" itemtype=\"https:\/\/schema.org\/CreativeWork\" ><div class=\"iconlist_content_wrap\"><header class=\"entry-content-header\" aria-label=\"Icon: \"><\/header><div class='iconlist_content '  itemprop=\"text\" ><p><a href=\"?attachment_id=1236\">El Pa\u00eds 24\/10\/10: El amargo triunfo de los vencidos<\/a><\/p>\n<\/div><\/div><footer class=\"entry-footer\"><\/footer><\/article><div class=\"iconlist-timeline\"><\/div><\/li>\n<li><div class='iconlist_icon av-1ts3h9y-df03c652cd2e200feaf00a678186458a avia-font-entypo-fontello avia-iconfont avia-font-entypo-fontello'><span class='av-icon-char' data-av_icon='\ue84d' data-av_iconfont='entypo-fontello' aria-hidden=\"true\"><\/span><\/div><article class=\"article-icon-entry \"  itemscope=\"itemscope\" itemtype=\"https:\/\/schema.org\/CreativeWork\" ><div class=\"iconlist_content_wrap\"><header class=\"entry-content-header\" aria-label=\"Icon: \"><\/header><div class='iconlist_content '  itemprop=\"text\" ><p><a href=\"?attachment_id=1237\">P\u00fablico.es 24\/10\/10: V\u00edctimas de Franco&#8230; y de la Transici\u00f3n<\/a><\/p>\n<\/div><\/div><footer class=\"entry-footer\"><\/footer><\/article><div class=\"iconlist-timeline\"><\/div><\/li>\n<li><div class='iconlist_icon av-1sdwup2-56d4e2345508c48cbc4ea2b6111a2c20 avia-font-entypo-fontello avia-iconfont avia-font-entypo-fontello'><span class='av-icon-char' data-av_icon='\ue84d' data-av_iconfont='entypo-fontello' aria-hidden=\"true\"><\/span><\/div><article class=\"article-icon-entry \"  itemscope=\"itemscope\" itemtype=\"https:\/\/schema.org\/CreativeWork\" ><div class=\"iconlist_content_wrap\"><header class=\"entry-content-header\" aria-label=\"Icon: \"><\/header><div class='iconlist_content '  itemprop=\"text\" ><p><a href=\"?attachment_id=1238\">El Pa\u00eds 25\/10\/10: &#8220;Cuando te dan los restos de tu familiar vuelves a la vida&#8221;<\/a><\/p>\n<\/div><\/div><footer class=\"entry-footer\"><\/footer><\/article><div class=\"iconlist-timeline\"><\/div><\/li>\n<li><div class='iconlist_icon av-1ppbwxy-c7d30d988754ecae7c477832a71ed4b0 avia-font-entypo-fontello avia-iconfont avia-font-entypo-fontello'><span class='av-icon-char' data-av_icon='\ue84d' data-av_iconfont='entypo-fontello' aria-hidden=\"true\"><\/span><\/div><article class=\"article-icon-entry \"  itemscope=\"itemscope\" itemtype=\"https:\/\/schema.org\/CreativeWork\" ><div class=\"iconlist_content_wrap\"><header class=\"entry-content-header\" aria-label=\"Icon: \"><\/header><div class='iconlist_content '  itemprop=\"text\" ><p><a href=\"?attachment_id=1239\">EUROPA PRESS 22\/10\/10: Jueces, cantantes y familiares conmemorar\u00e1n ma\u00f1ana&#8230;<\/a><\/p>\n<\/div><\/div><footer class=\"entry-footer\"><\/footer><\/article><div class=\"iconlist-timeline\"><\/div><\/li>\n<li><div class='iconlist_icon av-1o4w8ie-a5b974ea47f97d1dba79f2ad2f6d9c20 avia-font-entypo-fontello avia-iconfont avia-font-entypo-fontello'><span class='av-icon-char' data-av_icon='\ue84d' data-av_iconfont='entypo-fontello' aria-hidden=\"true\"><\/span><\/div><article class=\"article-icon-entry \"  itemscope=\"itemscope\" itemtype=\"https:\/\/schema.org\/CreativeWork\" ><div class=\"iconlist_content_wrap\"><header class=\"entry-content-header\" aria-label=\"Icon: \"><\/header><div class='iconlist_content '  itemprop=\"text\" ><p><a href=\"?attachment_id=1240\">Nuevatribuna.es 16\/11\/10: Entrevista a Luis Mart\u00edn-Cabrera<\/a><\/p>\n<\/div><\/div><footer class=\"entry-footer\"><\/footer><\/article><div class=\"iconlist-timeline\"><\/div><\/li>\n<li><div class='iconlist_icon av-1mgbt52-33a21a8ea1fc825497b0832fb15a8049 avia-font-entypo-fontello avia-iconfont avia-font-entypo-fontello'><span class='av-icon-char' data-av_icon='\ue84d' data-av_iconfont='entypo-fontello' aria-hidden=\"true\"><\/span><\/div><article class=\"article-icon-entry \"  itemscope=\"itemscope\" itemtype=\"https:\/\/schema.org\/CreativeWork\" ><div class=\"iconlist_content_wrap\"><header class=\"entry-content-header\" aria-label=\"Icon: \"><\/header><div class='iconlist_content '  itemprop=\"text\" ><p><a href=\"?attachment_id=1241\">SINC 21\/10\/10: \u0093Un centenar de exhumaciones nos permiten construir una reflexi\u00f3n te\u00f3rica&#8230;&#8221;<\/a><\/p>\n<\/div><\/div><footer class=\"entry-footer\"><\/footer><\/article><div class=\"iconlist-timeline\"><\/div><\/li>\n<li><div class='iconlist_icon av-1l8iqg6-efaf372e4953e5933bdced0cf8326358 avia-font-entypo-fontello avia-iconfont avia-font-entypo-fontello'><span class='av-icon-char' data-av_icon='\ue84d' data-av_iconfont='entypo-fontello' aria-hidden=\"true\"><\/span><\/div><article class=\"article-icon-entry \"  itemscope=\"itemscope\" itemtype=\"https:\/\/schema.org\/CreativeWork\" ><div class=\"iconlist_content_wrap\"><header class=\"entry-content-header\" aria-label=\"Icon: \"><\/header><div class='iconlist_content '  itemprop=\"text\" ><p><a href=\"?attachment_id=1242\">Actualidad Sindical octubre 2010: Donantes de memoria <\/a><\/p>\n<\/div><\/div><footer class=\"entry-footer\"><\/footer><\/article><div class=\"iconlist-timeline\"><\/div><\/li>\n<li><div class='iconlist_icon av-1j8fzye-d2eb21b5fcab8855a3d78cf5c0f5e221 avia-font-entypo-fontello avia-iconfont avia-font-entypo-fontello'><span class='av-icon-char' data-av_icon='\ue84d' data-av_iconfont='entypo-fontello' aria-hidden=\"true\"><\/span><\/div><article class=\"article-icon-entry \"  itemscope=\"itemscope\" itemtype=\"https:\/\/schema.org\/CreativeWork\" ><div class=\"iconlist_content_wrap\"><header class=\"entry-content-header\" aria-label=\"Icon: \"><\/header><div class='iconlist_content '  itemprop=\"text\" ><p><a href=\"?attachment_id=1243\">El Mundo 27\/10\/10: Lecciones desenterradas<\/a><\/p>\n<\/div><\/div><footer class=\"entry-footer\"><\/footer><\/article><div class=\"iconlist-timeline\"><\/div><\/li>\n<li><div class='iconlist_icon av-1hwn3sm-c1801190f5a8e4c3339f96a390b96ef7 avia-font-entypo-fontello avia-iconfont avia-font-entypo-fontello'><span class='av-icon-char' data-av_icon='\ue84d' data-av_iconfont='entypo-fontello' aria-hidden=\"true\"><\/span><\/div><article class=\"article-icon-entry \"  itemscope=\"itemscope\" itemtype=\"https:\/\/schema.org\/CreativeWork\" ><div class=\"iconlist_content_wrap\"><header class=\"entry-content-header\" aria-label=\"Icon: \"><\/header><div class='iconlist_content '  itemprop=\"text\" ><p><a href=\"?attachment_id=1244\">POLITIKEN 24\/10\/10: Franco-ofre koster efterladte dyrt<\/a><\/p>\n<\/div><\/div><footer class=\"entry-footer\"><\/footer><\/article><div class=\"iconlist-timeline\"><\/div><\/li>\n<li><div class='iconlist_icon av-1fnqxty-ede02c7004003a6b54b07051d8717058 avia-font-entypo-fontello avia-iconfont avia-font-entypo-fontello'><span class='av-icon-char' data-av_icon='\ue84d' data-av_iconfont='entypo-fontello' aria-hidden=\"true\"><\/span><\/div><article class=\"article-icon-entry \"  itemscope=\"itemscope\" itemtype=\"https:\/\/schema.org\/CreativeWork\" ><div class=\"iconlist_content_wrap\"><header class=\"entry-content-header\" aria-label=\"Icon: \"><\/header><div class='iconlist_content '  itemprop=\"text\" ><p><a href=\"?attachment_id=1245\">POLITIKEN 24\/10\/10: Mange forskere involveret i \u00e5bning af massegrave<\/a><\/p>\n<\/div><\/div><footer class=\"entry-footer\"><\/footer><\/article><div class=\"iconlist-timeline\"><\/div><\/li>\n<li><div class='iconlist_icon av-1dyx2ye-44ba7366bc1649f2add37d5b3c39f9d5 avia-font-entypo-fontello avia-iconfont avia-font-entypo-fontello'><span class='av-icon-char' data-av_icon='\ue84d' data-av_iconfont='entypo-fontello' aria-hidden=\"true\"><\/span><\/div><article class=\"article-icon-entry \"  itemscope=\"itemscope\" itemtype=\"https:\/\/schema.org\/CreativeWork\" ><div class=\"iconlist_content_wrap\"><header class=\"entry-content-header\" aria-label=\"Icon: \"><\/header><div class='iconlist_content '  itemprop=\"text\" ><p><a href=\"?attachment_id=1246\">El Pa\u00eds Semanal 14\/11\/10: La memoria de la tierra<\/a><\/p>\n<\/div><\/div><footer class=\"entry-footer\"><\/footer><\/article><div class=\"iconlist-timeline\"><\/div><\/li>\n<li><div class='iconlist_icon av-1caedba-5b98eda77c6398b9ef0d04c6d25f57c9 avia-font-entypo-fontello avia-iconfont avia-font-entypo-fontello'><span class='av-icon-char' data-av_icon='\ue84d' data-av_iconfont='entypo-fontello' aria-hidden=\"true\"><\/span><\/div><article class=\"article-icon-entry \"  itemscope=\"itemscope\" itemtype=\"https:\/\/schema.org\/CreativeWork\" ><div class=\"iconlist_content_wrap\"><header class=\"entry-content-header\" aria-label=\"Icon: \"><\/header><div class='iconlist_content '  itemprop=\"text\" ><p><a href=\"?attachment_id=1247\">El Pa\u00eds 26\/11\/10: La sima de los ocho esqueletos<\/a><\/p>\n<\/div><\/div><footer class=\"entry-footer\"><\/footer><\/article><div class=\"iconlist-timeline\"><\/div><\/li>\n<li><div class='iconlist_icon av-1b2206e-9deb0e32573ea45c06026a4a03df8c4f avia-font-entypo-fontello avia-iconfont avia-font-entypo-fontello'><span class='av-icon-char' data-av_icon='\ue84d' data-av_iconfont='entypo-fontello' aria-hidden=\"true\"><\/span><\/div><article class=\"article-icon-entry \"  itemscope=\"itemscope\" itemtype=\"https:\/\/schema.org\/CreativeWork\" ><div class=\"iconlist_content_wrap\"><header class=\"entry-content-header\" aria-label=\"Icon: \"><\/header><div class='iconlist_content '  itemprop=\"text\" ><p><a href=\"?attachment_id=1248\">El Pa\u00eds Semanal 26\/12\/10: 100 del A\u00f1o: Romper el silencio (Etxeberria)<\/a><\/p>\n<\/div><\/div><footer class=\"entry-footer\"><\/footer><\/article><div class=\"iconlist-timeline\"><\/div><\/li>\n<li><div class='iconlist_icon av-19pwohi-e911b8c14c6e4d99a5be6adc3b38dddd avia-font-entypo-fontello avia-iconfont avia-font-entypo-fontello'><span class='av-icon-char' data-av_icon='\ue84d' data-av_iconfont='entypo-fontello' aria-hidden=\"true\"><\/span><\/div><article class=\"article-icon-entry \"  itemscope=\"itemscope\" itemtype=\"https:\/\/schema.org\/CreativeWork\" ><div class=\"iconlist_content_wrap\"><header class=\"entry-content-header\" aria-label=\"Icon: \"><\/header><div class='iconlist_content '  itemprop=\"text\" ><p><a href=\"?attachment_id=1249\">P\u00fablico 17\/11\/2010: Un espacio virtual contra la impunidad y a favor de la justicia<\/a><\/p>\n<\/div><\/div><footer class=\"entry-footer\"><\/footer><\/article><div class=\"iconlist-timeline\"><\/div><\/li>\n<\/ul><\/div>\n<h5>2009<\/h5>\n\n<style type=\"text\/css\" data-created_by=\"avia_inline_auto\" id=\"style-css-av-18d9cna-68ebc5554b572dfd78c3e40d9b6124a4\">\n#top .avia-icon-list-container.av-18d9cna-68ebc5554b572dfd78c3e40d9b6124a4 .iconlist_icon{\ncolor:#470b0b;\nbackground-color:#ffffff;\n}\n#top .avia-icon-list-container.av-18d9cna-68ebc5554b572dfd78c3e40d9b6124a4 .iconlist_icon svg:first-child{\nstroke:#470b0b;\nfill:#470b0b;\n}\n#top #wrap_all .avia-icon-list-container.av-18d9cna-68ebc5554b572dfd78c3e40d9b6124a4 .av_iconlist_title{\ncolor:#470b0b;\n}\n<\/style>\n<div  class='avia-icon-list-container av-18d9cna-68ebc5554b572dfd78c3e40d9b6124a4  avia-builder-el-22  el_after_av_iconlist  el_before_av_iconlist '><ul class='avia-icon-list avia_animate_when_almost_visible avia-icon-list-left av-iconlist-big av-18d9cna-68ebc5554b572dfd78c3e40d9b6124a4 avia-iconlist-animate'>\n<li><div class='iconlist_icon av-491bom-2d9e306450a3c0b5d01dc9e9284eb92d avia-font-entypo-fontello avia-iconfont avia-font-entypo-fontello'><span class='av-icon-char' data-av_icon='\ue84d' data-av_iconfont='entypo-fontello' aria-hidden=\"true\"><\/span><\/div><article class=\"article-icon-entry \"  itemscope=\"itemscope\" itemtype=\"https:\/\/schema.org\/CreativeWork\" ><div class=\"iconlist_content_wrap\"><header class=\"entry-content-header\" aria-label=\"Icon: \"><\/header><div class='iconlist_content '  itemprop=\"text\" ><p><a href=\"?attachment_id=1250\">P\u00fablico, Opini\u00f3n. Martes, 23\/09\/08: \u00bfEs posible hallar a las v\u00edctimas?<\/a><\/p>\n<\/div><\/div><footer class=\"entry-footer\"><\/footer><\/article><div class=\"iconlist-timeline\"><\/div><\/li>\n<li><div class='iconlist_icon av-1491hli-fe5ba5d4d030458892ebe2cc102da2d6 avia-font-entypo-fontello avia-iconfont avia-font-entypo-fontello'><span class='av-icon-char' data-av_icon='\ue84d' data-av_iconfont='entypo-fontello' aria-hidden=\"true\"><\/span><\/div><article class=\"article-icon-entry \"  itemscope=\"itemscope\" itemtype=\"https:\/\/schema.org\/CreativeWork\" ><div class=\"iconlist_content_wrap\"><header class=\"entry-content-header\" aria-label=\"Icon: \"><\/header><div class='iconlist_content '  itemprop=\"text\" ><p><a href=\"?attachment_id=1251\">La Raz\u00f3n 25\/01\/09: Mem\u00f3ria hist\u00f3rica del Otro Bando <\/a><\/p>\n<\/div><\/div><footer class=\"entry-footer\"><\/footer><\/article><div class=\"iconlist-timeline\"><\/div><\/li>\n<li><div class='iconlist_icon av-12cjkg6-601c3b7004c203e85b4b0b0b34b40cd1 avia-font-entypo-fontello avia-iconfont avia-font-entypo-fontello'><span class='av-icon-char' data-av_icon='\ue84d' data-av_iconfont='entypo-fontello' aria-hidden=\"true\"><\/span><\/div><article class=\"article-icon-entry \"  itemscope=\"itemscope\" itemtype=\"https:\/\/schema.org\/CreativeWork\" ><div class=\"iconlist_content_wrap\"><header class=\"entry-content-header\" aria-label=\"Icon: \"><\/header><div class='iconlist_content '  itemprop=\"text\" ><p><a href=\"?attachment_id=1252\">El Pa\u00eds 03\/10\/09: Abrir las fosas cura <\/a><\/p>\n<\/div><\/div><footer class=\"entry-footer\"><\/footer><\/article><div class=\"iconlist-timeline\"><\/div><\/li>\n<li><div class='iconlist_icon av-11bvwqe-0261582e5ede24c841a85fe872fcc91c avia-font-entypo-fontello avia-iconfont avia-font-entypo-fontello'><span class='av-icon-char' data-av_icon='\ue84d' data-av_iconfont='entypo-fontello' aria-hidden=\"true\"><\/span><\/div><article class=\"article-icon-entry \"  itemscope=\"itemscope\" itemtype=\"https:\/\/schema.org\/CreativeWork\" ><div class=\"iconlist_content_wrap\"><header class=\"entry-content-header\" aria-label=\"Icon: \"><\/header><div class='iconlist_content '  itemprop=\"text\" ><p><a href=\"?attachment_id=1253\">Restos humanos del Frente del Jarama en la Guerra Civil 1936-1939 <\/a><\/p>\n<\/div><\/div><footer class=\"entry-footer\"><\/footer><\/article><div class=\"iconlist-timeline\"><\/div><\/li>\n<li><div class='iconlist_icon av-zqexpi-22c2d3283802a95dba9ee3a583f14a5e avia-font-entypo-fontello avia-iconfont avia-font-entypo-fontello'><span class='av-icon-char' data-av_icon='\ue84d' data-av_iconfont='entypo-fontello' aria-hidden=\"true\"><\/span><\/div><article class=\"article-icon-entry \"  itemscope=\"itemscope\" itemtype=\"https:\/\/schema.org\/CreativeWork\" ><div class=\"iconlist_content_wrap\"><header class=\"entry-content-header\" aria-label=\"Icon: \"><\/header><div class='iconlist_content '  itemprop=\"text\" ><p><a href=\"?attachment_id=1254\">Revista Activa 26\/10\/09: Para olvidar, primero hay que recordar<\/a><\/p>\n<\/div><\/div><footer class=\"entry-footer\"><\/footer><\/article><div class=\"iconlist-timeline\"><\/div><\/li>\n<li><div class='iconlist_icon av-ypopee-69ae8e0a6ec83e392a33f0c618a15a60 avia-font-entypo-fontello avia-iconfont avia-font-entypo-fontello'><span class='av-icon-char' data-av_icon='\ue84d' data-av_iconfont='entypo-fontello' aria-hidden=\"true\"><\/span><\/div><article class=\"article-icon-entry \"  itemscope=\"itemscope\" itemtype=\"https:\/\/schema.org\/CreativeWork\" ><div class=\"iconlist_content_wrap\"><header class=\"entry-content-header\" aria-label=\"Icon: \"><\/header><div class='iconlist_content '  itemprop=\"text\" ><p><a href=\"?attachment_id=1255\">PRES\u00c8NCIA 28\/08\/09: Morts, per\u00f2 no oblidats<\/a><\/p>\n<\/div><\/div><footer class=\"entry-footer\"><\/footer><\/article><div class=\"iconlist-timeline\"><\/div><\/li>\n<li><div class='iconlist_icon av-vxrb86-03aa946d35bbbd1b290b1efecb5093c3 avia-font-entypo-fontello avia-iconfont avia-font-entypo-fontello'><span class='av-icon-char' data-av_icon='\ue84d' data-av_iconfont='entypo-fontello' aria-hidden=\"true\"><\/span><\/div><article class=\"article-icon-entry \"  itemscope=\"itemscope\" itemtype=\"https:\/\/schema.org\/CreativeWork\" ><div class=\"iconlist_content_wrap\"><header class=\"entry-content-header\" aria-label=\"Icon: \"><\/header><div class='iconlist_content '  itemprop=\"text\" ><p><a href=\"?attachment_id=1256\">RIVAS al DIA 15\/04\/09: Entrevista a Francisco Ferr\u00e1ndiz<\/a><\/p>\n<\/div><\/div><footer class=\"entry-footer\"><\/footer><\/article><div class=\"iconlist-timeline\"><\/div><\/li>\n<li><div class='iconlist_icon av-u7s35i-39d74485d99507cfa683346ff988f747 avia-font-entypo-fontello avia-iconfont avia-font-entypo-fontello'><span class='av-icon-char' data-av_icon='\ue84d' data-av_iconfont='entypo-fontello' aria-hidden=\"true\"><\/span><\/div><article class=\"article-icon-entry \"  itemscope=\"itemscope\" itemtype=\"https:\/\/schema.org\/CreativeWork\" ><div class=\"iconlist_content_wrap\"><header class=\"entry-content-header\" aria-label=\"Icon: \"><\/header><div class='iconlist_content '  itemprop=\"text\" ><p><a href=\"?attachment_id=1257\">Sissel 28\/03\/09: 70 \u00e5r siden den spanske borgerkrigens slutt i 1939<\/a><\/p>\n<\/div><\/div><footer class=\"entry-footer\"><\/footer><\/article><div class=\"iconlist-timeline\"><\/div><\/li>\n<li><div class='iconlist_icon av-secjrq-6e3fec38664b20dc1f28355a0ccf2246 avia-font-entypo-fontello avia-iconfont avia-font-entypo-fontello'><span class='av-icon-char' data-av_icon='\ue84d' data-av_iconfont='entypo-fontello' aria-hidden=\"true\"><\/span><\/div><article class=\"article-icon-entry \"  itemscope=\"itemscope\" itemtype=\"https:\/\/schema.org\/CreativeWork\" ><div class=\"iconlist_content_wrap\"><header class=\"entry-content-header\" aria-label=\"Icon: \"><\/header><div class='iconlist_content '  itemprop=\"text\" ><p><a href=\"?attachment_id=1258\">Programa Consolider \u0093El tiempo de los derechos\u0094 13\/07\/09: Entrevista a Francisco Ferrandiz<\/a><\/p>\n<\/div><\/div><footer class=\"entry-footer\"><\/footer><\/article><div class=\"iconlist-timeline\"><\/div><\/li>\n<\/ul><\/div>\n<h5>Before 2009<\/h5>\n\n<style type=\"text\/css\" data-created_by=\"avia_inline_auto\" id=\"style-css-av-rzr00m-2baf54a37a031d6a23e8c89118d546d6\">\n#top .avia-icon-list-container.av-rzr00m-2baf54a37a031d6a23e8c89118d546d6 .iconlist_icon{\ncolor:#470b0b;\nbackground-color:#ffffff;\n}\n#top .avia-icon-list-container.av-rzr00m-2baf54a37a031d6a23e8c89118d546d6 .iconlist_icon svg:first-child{\nstroke:#470b0b;\nfill:#470b0b;\n}\n#top #wrap_all .avia-icon-list-container.av-rzr00m-2baf54a37a031d6a23e8c89118d546d6 .av_iconlist_title{\ncolor:#470b0b;\n}\n<\/style>\n<div  class='avia-icon-list-container av-rzr00m-2baf54a37a031d6a23e8c89118d546d6  avia-builder-el-23  el_after_av_iconlist  avia-builder-el-last '><ul class='avia-icon-list avia_animate_when_almost_visible avia-icon-list-left av-iconlist-big av-rzr00m-2baf54a37a031d6a23e8c89118d546d6 avia-iconlist-animate'>\n<li><div class='iconlist_icon av-pp83uu-3933efa6cb7d823e94f720fb1fa9734e avia-font-entypo-fontello avia-iconfont avia-font-entypo-fontello'><span class='av-icon-char' data-av_icon='\ue84d' data-av_iconfont='entypo-fontello' aria-hidden=\"true\"><\/span><\/div><article class=\"article-icon-entry \"  itemscope=\"itemscope\" itemtype=\"https:\/\/schema.org\/CreativeWork\" ><div class=\"iconlist_content_wrap\"><header class=\"entry-content-header\" aria-label=\"Icon: \"><\/header><div class='iconlist_content '  itemprop=\"text\" ><p><a href=\"?attachment_id=1259\">EL PA\u00cdS 10\/09\/06: Esquelas de las dos Espa\u00f1as <\/a><\/p>\n<\/div><\/div><footer class=\"entry-footer\"><\/footer><\/article><div class=\"iconlist-timeline\"><\/div><\/li>\n<li><div class='iconlist_icon av-os2ow6-da5be4bfd854cecc84dae49459f81f36 avia-font-entypo-fontello avia-iconfont avia-font-entypo-fontello'><span class='av-icon-char' data-av_icon='\ue84d' data-av_iconfont='entypo-fontello' aria-hidden=\"true\"><\/span><\/div><article class=\"article-icon-entry \"  itemscope=\"itemscope\" itemtype=\"https:\/\/schema.org\/CreativeWork\" ><div class=\"iconlist_content_wrap\"><header class=\"entry-content-header\" aria-label=\"Icon: \"><\/header><div class='iconlist_content '  itemprop=\"text\" ><p><a href=\"?attachment_id=1260\">El Pa\u00eds 13\/02\/06: El secreto que no quiso llevarse a la tumba<\/a><\/p>\n<\/div><\/div><footer class=\"entry-footer\"><\/footer><\/article><div class=\"iconlist-timeline\"><\/div><\/li>\n<li><div class='iconlist_icon av-m79fee-93787a787954058c7c3aae84a17d6e38 avia-font-entypo-fontello avia-iconfont avia-font-entypo-fontello'><span class='av-icon-char' data-av_icon='\ue84d' data-av_iconfont='entypo-fontello' aria-hidden=\"true\"><\/span><\/div><article class=\"article-icon-entry \"  itemscope=\"itemscope\" itemtype=\"https:\/\/schema.org\/CreativeWork\" ><div class=\"iconlist_content_wrap\"><header class=\"entry-content-header\" aria-label=\"Icon: \"><\/header><div class='iconlist_content '  itemprop=\"text\" ><p><a href=\"?attachment_id=1261\">Rebeli\u00f3n 08\/09\/2008: Luis Mart\u00edn Cabrera<\/a><\/p>\n<\/div><\/div><footer class=\"entry-footer\"><\/footer><\/article><div class=\"iconlist-timeline\"><\/div><\/li>\n<li><div class='iconlist_icon av-koswp2-7458012dab70702591a13a515ae844aa avia-font-entypo-fontello avia-iconfont avia-font-entypo-fontello'><span class='av-icon-char' data-av_icon='\ue84d' data-av_iconfont='entypo-fontello' aria-hidden=\"true\"><\/span><\/div><article class=\"article-icon-entry \"  itemscope=\"itemscope\" itemtype=\"https:\/\/schema.org\/CreativeWork\" ><div class=\"iconlist_content_wrap\"><header class=\"entry-content-header\" aria-label=\"Icon: \"><\/header><div class='iconlist_content '  itemprop=\"text\" ><p><a href=\"?attachment_id=1262\">P\u00fablico 18\/09\/08: La memoria historica cierra heridas<\/a><\/p>\n<\/div><\/div><footer class=\"entry-footer\"><\/footer><\/article><div class=\"iconlist-timeline\"><\/div><\/li>\n<li><div class='iconlist_icon av-iofvty-1565e48f02750681f88c6d357515f36d avia-font-entypo-fontello avia-iconfont avia-font-entypo-fontello'><span class='av-icon-char' data-av_icon='\ue84d' data-av_iconfont='entypo-fontello' aria-hidden=\"true\"><\/span><\/div><article class=\"article-icon-entry \"  itemscope=\"itemscope\" itemtype=\"https:\/\/schema.org\/CreativeWork\" ><div class=\"iconlist_content_wrap\"><header class=\"entry-content-header\" aria-label=\"Icon: \"><\/header><div class='iconlist_content '  itemprop=\"text\" ><p><a href=\"?attachment_id=1263\">EL PA\u00cdS 14\/02\/06: Civil war grave exhumation brings closure to Manchego village<\/a><\/p>\n<\/div><\/div><footer class=\"entry-footer\"><\/footer><\/article><div class=\"iconlist-timeline\"><\/div><\/li>\n<li><div class='iconlist_icon av-6ibzq-52471c16329fca9395aa686f8adbe72f avia-font-entypo-fontello avia-iconfont avia-font-entypo-fontello'><span class='av-icon-char' data-av_icon='\ue84d' data-av_iconfont='entypo-fontello' aria-hidden=\"true\"><\/span><\/div><article class=\"article-icon-entry \"  itemscope=\"itemscope\" itemtype=\"https:\/\/schema.org\/CreativeWork\" ><div class=\"iconlist_content_wrap\"><header class=\"entry-content-header\" aria-label=\"Icon: \"><\/header><div class='iconlist_content '  itemprop=\"text\" ><p><a href=\"?attachment_id=1264\">EL PA\u00cdS 17\/05\/06: \u0093El inter\u00e9s por reabrir las fosas nace de la sociedad civil\u0094<\/a><\/p>\n<\/div><\/div><footer class=\"entry-footer\"><\/footer><\/article><div class=\"iconlist-timeline\"><\/div><\/li>\n<li><div class='iconlist_icon av-f4oh4m-0ff2839a69ea73803ffc255f21bf23fa avia-font-entypo-fontello avia-iconfont avia-font-entypo-fontello'><span class='av-icon-char' data-av_icon='\ue84d' data-av_iconfont='entypo-fontello' aria-hidden=\"true\"><\/span><\/div><article class=\"article-icon-entry \"  itemscope=\"itemscope\" itemtype=\"https:\/\/schema.org\/CreativeWork\" ><div class=\"iconlist_content_wrap\"><header class=\"entry-content-header\" aria-label=\"Icon: \"><\/header><div class='iconlist_content '  itemprop=\"text\" ><p><a href=\"?attachment_id=1265\">Diario de Noticias de \u00c1lava17\/05\/06<\/a><\/p>\n<\/div><\/div><footer class=\"entry-footer\"><\/footer><\/article><div class=\"iconlist-timeline\"><\/div><\/li>\n<li><div class='iconlist_icon av-dsz0fa-53c315d5839d9c05c91db9442f896ab3 avia-font-entypo-fontello avia-iconfont avia-font-entypo-fontello'><span class='av-icon-char' data-av_icon='\ue84d' data-av_iconfont='entypo-fontello' aria-hidden=\"true\"><\/span><\/div><article class=\"article-icon-entry \"  itemscope=\"itemscope\" itemtype=\"https:\/\/schema.org\/CreativeWork\" ><div class=\"iconlist_content_wrap\"><header class=\"entry-content-header\" aria-label=\"Icon: \"><\/header><div class='iconlist_content '  itemprop=\"text\" ><p><a href=\"?attachment_id=1266\">Diagonal 13 a 26\/11\/08<\/a><\/p>\n<\/div><\/div><footer class=\"entry-footer\"><\/footer><\/article><div class=\"iconlist-timeline\"><\/div><\/li>\n<li><div class='iconlist_icon av-c6mbfa-045ecc879fc069531cc284dc68919c04 avia-font-entypo-fontello avia-iconfont avia-font-entypo-fontello'><span class='av-icon-char' data-av_icon='\ue84d' data-av_iconfont='entypo-fontello' aria-hidden=\"true\"><\/span><\/div><article class=\"article-icon-entry \"  itemscope=\"itemscope\" itemtype=\"https:\/\/schema.org\/CreativeWork\" ><div class=\"iconlist_content_wrap\"><header class=\"entry-content-header\" aria-label=\"Icon: \"><\/header><div class='iconlist_content '  itemprop=\"text\" ><p><a href=\"?attachment_id=1267\">International Herald Tribune 22\/11\/07: Little laughter over new Spanish war video game<\/a><\/p>\n<\/div><\/div><footer class=\"entry-footer\"><\/footer><\/article><div class=\"iconlist-timeline\"><\/div><\/li>\n<li><div class='iconlist_icon av-b06jfa-15a4be03ff422ff85b86090ca4caa4b4 avia-font-entypo-fontello avia-iconfont avia-font-entypo-fontello'><span class='av-icon-char' data-av_icon='\ue84d' data-av_iconfont='entypo-fontello' aria-hidden=\"true\"><\/span><\/div><article class=\"article-icon-entry \"  itemscope=\"itemscope\" itemtype=\"https:\/\/schema.org\/CreativeWork\" ><div class=\"iconlist_content_wrap\"><header class=\"entry-content-header\" aria-label=\"Icon: \"><\/header><div class='iconlist_content '  itemprop=\"text\" ><p><a href=\"?attachment_id=1268\">La Tribuna Talavera 08\/02\/07: Entrevista a Paco Ferr\u00e1ndiz<\/a><\/p>\n<\/div><\/div><footer class=\"entry-footer\"><\/footer><\/article><div class=\"iconlist-timeline\"><\/div><\/li>\n<li><div class='iconlist_icon av-9048d2-a1f5fd315712e882dc28412973d17d56 avia-font-entypo-fontello avia-iconfont avia-font-entypo-fontello'><span class='av-icon-char' data-av_icon='\ue84d' data-av_iconfont='entypo-fontello' aria-hidden=\"true\"><\/span><\/div><article class=\"article-icon-entry \"  itemscope=\"itemscope\" itemtype=\"https:\/\/schema.org\/CreativeWork\" ><div class=\"iconlist_content_wrap\"><header class=\"entry-content-header\" aria-label=\"Icon: \"><\/header><div class='iconlist_content '  itemprop=\"text\" ><p><a href=\"?attachment_id=1269\">New York Time 23\/11\/07: Spanish Civil War, This Time Fought in Pixels<\/a><\/p>\n<\/div><\/div><footer class=\"entry-footer\"><\/footer><\/article><div class=\"iconlist-timeline\"><\/div><\/li>\n<li><div class='iconlist_icon av-6wggt2-aa02a1e5e179448464c73305e98e12fc avia-font-entypo-fontello avia-iconfont avia-font-entypo-fontello'><span class='av-icon-char' data-av_icon='\ue84d' data-av_iconfont='entypo-fontello' aria-hidden=\"true\"><\/span><\/div><article class=\"article-icon-entry \"  itemscope=\"itemscope\" itemtype=\"https:\/\/schema.org\/CreativeWork\" ><div class=\"iconlist_content_wrap\"><header class=\"entry-content-header\" aria-label=\"Icon: \"><\/header><div class='iconlist_content '  itemprop=\"text\" ><p><a href=\"?attachment_id=1270\">The Observer 15\/04\/07: Franco\u0092s victims fight again in a war of the obituaries<\/a><\/p>\n<\/div><\/div><footer class=\"entry-footer\"><\/footer><\/article><div class=\"iconlist-timeline\"><\/div><\/li>\n<li><div class='iconlist_icon av-67yh9i-85ead2e70af4cd6cf893ca44c23eae01 avia-font-entypo-fontello avia-iconfont avia-font-entypo-fontello'><span class='av-icon-char' data-av_icon='\ue84d' data-av_iconfont='entypo-fontello' aria-hidden=\"true\"><\/span><\/div><article class=\"article-icon-entry \"  itemscope=\"itemscope\" itemtype=\"https:\/\/schema.org\/CreativeWork\" ><div class=\"iconlist_content_wrap\"><header class=\"entry-content-header\" aria-label=\"Icon: \"><\/header><div class='iconlist_content '  itemprop=\"text\" ><p><a href=\"?attachment_id=1271\">El Peri\u00f3dico Extremadura 31\/10\/08: Abierta una fosa en Villanueva de la Vera <\/a><\/p>\n<\/div><\/div><footer class=\"entry-footer\"><\/footer><\/article><div class=\"iconlist-timeline\"><\/div><\/li>\n<li><div class='iconlist_icon av-3ug7d2-df986029e38ea6a6c0e56d1ed9823fa7 avia-font-entypo-fontello avia-iconfont avia-font-entypo-fontello'><span class='av-icon-char' data-av_icon='\ue84d' data-av_iconfont='entypo-fontello' aria-hidden=\"true\"><\/span><\/div><article class=\"article-icon-entry \"  itemscope=\"itemscope\" itemtype=\"https:\/\/schema.org\/CreativeWork\" ><div class=\"iconlist_content_wrap\"><header class=\"entry-content-header\" aria-label=\"Icon: \"><\/header><div class='iconlist_content '  itemprop=\"text\" ><p><a href=\"?attachment_id=1272\">La Ma\u00f1ana Lleida 02\/03\/06: Francisco Ferr\u00e1ndiz: La exhumaci\u00f3n de fosas comunes de la Guerra Civil es<\/a><\/p>\n<\/div><\/div><footer class=\"entry-footer\"><\/footer><\/article><div class=\"iconlist-timeline\"><\/div><\/li>\n<li><div class='iconlist_icon av-1tlls6-d00d91fb9abd4105fc992aab093f5b7f avia-font-entypo-fontello avia-iconfont avia-font-entypo-fontello'><span class='av-icon-char' data-av_icon='\ue84d' data-av_iconfont='entypo-fontello' aria-hidden=\"true\"><\/span><\/div><article class=\"article-icon-entry \"  itemscope=\"itemscope\" itemtype=\"https:\/\/schema.org\/CreativeWork\" ><div class=\"iconlist_content_wrap\"><header class=\"entry-content-header\" aria-label=\"Icon: \"><\/header><div class='iconlist_content '  itemprop=\"text\" ><p><a href=\"?attachment_id=1273\">El Pa\u00eds 11\/11\/08: La Espa\u00f1a en guerra ante la &#8220;Kristallnacht&#8221;<\/a><\/p>\n<\/div><\/div><footer class=\"entry-footer\"><\/footer><\/article><div class=\"iconlist-timeline\"><\/div><\/li>\n<\/ul><\/div>\n<\/div><\/div><\/section>\n<\/div><\/p><\/div>\n","protected":false},"excerpt":{"rendered":"","protected":false},"author":2,"featured_media":0,"parent":0,"menu_order":0,"comment_status":"closed","ping_status":"closed","template":"","meta":{"footnotes":""},"class_list":["post-3046","page","type-page","status-publish","hentry"],"_links":{"self":[{"href":"https:\/\/politicasdelamemoria.org\/en\/wp-json\/wp\/v2\/pages\/3046","targetHints":{"allow":["GET"]}}],"collection":[{"href":"https:\/\/politicasdelamemoria.org\/en\/wp-json\/wp\/v2\/pages"}],"about":[{"href":"https:\/\/politicasdelamemoria.org\/en\/wp-json\/wp\/v2\/types\/page"}],"author":[{"embeddable":true,"href":"https:\/\/politicasdelamemoria.org\/en\/wp-json\/wp\/v2\/users\/2"}],"replies":[{"embeddable":true,"href":"https:\/\/politicasdelamemoria.org\/en\/wp-json\/wp\/v2\/comments?post=3046"}],"version-history":[{"count":5,"href":"https:\/\/politicasdelamemoria.org\/en\/wp-json\/wp\/v2\/pages\/3046\/revisions"}],"predecessor-version":[{"id":19735,"href":"https:\/\/politicasdelamemoria.org\/en\/wp-json\/wp\/v2\/pages\/3046\/revisions\/19735"}],"wp:attachment":[{"href":"https:\/\/politicasdelamemoria.org\/en\/wp-json\/wp\/v2\/media?parent=3046"}],"curies":[{"name":"wp","href":"https:\/\/api.w.org\/{rel}","templated":true}]}}