{"id":3054,"date":"2015-01-29T14:22:39","date_gmt":"2015-01-29T13:22:39","guid":{"rendered":"https:\/\/politicasdelamemoria.org\/en-los-medios-3\/"},"modified":"2015-02-23T20:37:51","modified_gmt":"2015-02-23T19:37:51","slug":"resources","status":"publish","type":"page","link":"https:\/\/politicasdelamemoria.org\/en\/resources\/","title":{"rendered":"Resources"},"content":{"rendered":"\n<style type=\"text\/css\" data-created_by=\"avia_inline_auto\" id=\"style-css-av-av_section-09523cfa1ea206ed0139a84e20fe1af0\">\n.avia-section.av-av_section-09523cfa1ea206ed0139a84e20fe1af0{\nbackground-repeat:repeat;\nbackground-image:url(https:&#x2f;&#x2f;&#x70;&#x6f;&#108;&#105;&#116;&#105;cas&#x64;&#x65;&#x6c;&#x61;&#x6d;&#101;&#109;&#111;ria&#x2e;&#x6f;&#x72;&#x67;&#x2f;&#119;&#112;&#45;con&#x74;&#x65;&#x6e;&#x74;&#x2f;&#117;&#112;&#108;oad&#x73;&#x2f;&#x32;&#x30;&#x31;&#53;&#47;&#48;1\/c&#x72;&#x6f;&#x73;&#x73;&#x5f;&#115;&#99;&#114;atc&#x68;&#x65;&#x73;&#x5f;&#x40;&#50;&#88;&#46;&#112;ng);\nbackground-position:50% 50%;\nbackground-attachment:fixed;\n}\n<\/style>\n<div id='av_section_1'  class='avia-section av-av_section-09523cfa1ea206ed0139a84e20fe1af0 main_color avia-section-no-padding avia-no-border-styling  avia-builder-el-0  el_before_av_hr  avia-builder-el-first  avia-bg-style-fixed av-minimum-height av-minimum-height-custom av-height-custom  container_wrap sidebar_right'  data-section-bg-repeat='repeat' data-av_minimum_height_px='15'><div class='container av-section-cont-open' style='height:15px'><main  role=\"main\" itemprop=\"mainContentOfPage\"  class='template-page content  av-content-small alpha units'><div class='post-entry post-entry-type-page post-entry-3054'><div class='entry-content-wrapper clearfix'>\n\n<style type=\"text\/css\" data-created_by=\"avia_inline_auto\" id=\"style-css-av-av_hr-5d1c4aac81b541ce9e9b2db5773b7f16\">\n#top .hr.hr-invisible.av-av_hr-5d1c4aac81b541ce9e9b2db5773b7f16{\nheight:4px;\n}\n<\/style>\n<div  class='hr av-av_hr-5d1c4aac81b541ce9e9b2db5773b7f16 hr-invisible  avia-builder-el-1  el_before_av_heading  avia-builder-el-first '><span class='hr-inner '><span class=\"hr-inner-style\"><\/span><\/span><\/div>\n\n<style type=\"text\/css\" data-created_by=\"avia_inline_auto\" id=\"style-css-av-av_heading-34e85646f4f7b46f0f24bfefc669871e\">\n#top .av-special-heading.av-av_heading-34e85646f4f7b46f0f24bfefc669871e{\npadding-bottom:10px;\ncolor:#470b0b;\n}\nbody .av-special-heading.av-av_heading-34e85646f4f7b46f0f24bfefc669871e .av-special-heading-tag .heading-char{\nfont-size:25px;\n}\n.av-special-heading.av-av_heading-34e85646f4f7b46f0f24bfefc669871e .special-heading-inner-border{\nborder-color:#470b0b;\n}\n.av-special-heading.av-av_heading-34e85646f4f7b46f0f24bfefc669871e .av-subheading{\nfont-size:15px;\n}\n<\/style>\n<div  class='av-special-heading av-av_heading-34e85646f4f7b46f0f24bfefc669871e av-special-heading-h4 custom-color-heading blockquote modern-quote  avia-builder-el-2  el_after_av_hr  avia-builder-el-last '><h4 class='av-special-heading-tag '  itemprop=\"headline\"  >Resources<\/h4><div class=\"special-heading-border\"><div class=\"special-heading-inner-border\"><\/div><\/div><\/div>\n<\/div><\/div><\/main><!-- close content main element --><\/div><\/div><div id='after_section_1'  class='main_color av_default_container_wrap container_wrap sidebar_right'  ><div class='container av-section-cont-open' ><div class='template-page content  av-content-small alpha units'><div class='post-entry post-entry-type-page post-entry-3054'><div class='entry-content-wrapper clearfix'>\n\n<style type=\"text\/css\" data-created_by=\"avia_inline_auto\" id=\"style-css-av-av_hr-0688d0b0b6ed2f8b057db7a8270206df\">\n#top .hr.hr-invisible.av-av_hr-0688d0b0b6ed2f8b057db7a8270206df{\nheight:50px;\n}\n<\/style>\n<div  class='hr av-av_hr-0688d0b0b6ed2f8b057db7a8270206df hr-invisible  avia-builder-el-3  el_after_av_section  el_before_av_two_third  avia-builder-el-first '><span class='hr-inner '><span class=\"hr-inner-style\"><\/span><\/span><\/div>\n<div  class='flex_column av-av_two_third-2a9015ff38129c418a3f2eafba3e9512 av_two_third  avia-builder-el-4  el_after_av_hr  el_before_av_one_third  first flex_column_div  '     ><p>\n<style type=\"text\/css\" data-created_by=\"avia_inline_auto\" id=\"style-css-av-av_heading-12672b6885c9939579f44a9f4f439e80\">\n#top .av-special-heading.av-av_heading-12672b6885c9939579f44a9f4f439e80{\npadding-bottom:10px;\ncolor:#470b0b;\n}\nbody .av-special-heading.av-av_heading-12672b6885c9939579f44a9f4f439e80 .av-special-heading-tag .heading-char{\nfont-size:25px;\n}\n.av-special-heading.av-av_heading-12672b6885c9939579f44a9f4f439e80 .special-heading-inner-border{\nborder-color:#470b0b;\n}\n.av-special-heading.av-av_heading-12672b6885c9939579f44a9f4f439e80 .av-subheading{\nfont-size:15px;\n}\n<\/style>\n<div  class='av-special-heading av-av_heading-12672b6885c9939579f44a9f4f439e80 av-special-heading-h5 custom-color-heading  avia-builder-el-5  el_before_av_magazine  avia-builder-el-first '><h5 class='av-special-heading-tag '  itemprop=\"headline\"  > Pedagogical resources and documentation<\/h5><div class=\"special-heading-border\"><div class=\"special-heading-inner-border\"><\/div><\/div><\/div><br \/>\n<div  id=\"avia-magazine-1\"  class='av-magazine av-av_magazine-d528607e5b10eed14ad16579d028153c av-magazine-top-bar-active av-magazine-tabs-active  avia-builder-el-6  el_after_av_heading  el_before_av_button   avia-builder-el-6  el_after_av_heading  el_before_av_button ' ><div class='av-magazine-top-bar '><div class=\"av-magazine-sort\" data-magazine-id=\"1\" ><div class=\"av-sort-by-term\"><a href=\"#\" data-filter=\"sort_all\" class=\"all_sort_button active_sort\"><span class=\"inner_sort_button\"><span>All<\/span><\/span><\/a><span class='text-sep en-exhumations-and-mass-graves-maps-en_sort_sep'>\/<\/span><a href=\"#\" data-filter=\"sort_419\" class=\"en-exhumations-and-mass-graves-maps-en_sort_button \" ><span class=\"inner_sort_button\"><span>Exhumations and Mass Graves Maps<\/span><\/span><\/a><span class='text-sep protocols-mass-graves_sort_sep'>\/<\/span><a href=\"#\" data-filter=\"sort_411\" class=\"protocols-mass-graves_sort_button \" ><span class=\"inner_sort_button\"><span>Intervention protocols in mass graves<\/span><\/span><\/a><\/div><\/div><\/div><div class='av-magazine-group sort_all'><article class='av-magazine-entry av-magazine-entry-id-565 av-magazine-format-standard av-magazine-type-post av-magazine-entry-1 av-magazine-entry-small '  itemscope=\"itemscope\" itemtype=\"https:\/\/schema.org\/CreativeWork\" ><div class=\"av-magazine-thumbnail\"><a href='https:\/\/politicasdelamemoria.org\/en\/2011\/12\/329-en-informe-de-la-comision-de-expertos-para-el-futuro-del-valle-de-los-caidos\/' title='Link to: Report by the Commission of Experts on the Future of the Valley of the Fallen' class='av-magazine-entry-icon avia-svg-icon avia-font-svg_entypo-fontello' data-av_svg_icon='pencil' data-av_iconset='svg_entypo-fontello'><svg version=\"1.1\" xmlns=\"http:\/\/www.w3.org\/2000\/svg\" width=\"25\" height=\"32\" viewBox=\"0 0 25 32\" preserveAspectRatio=\"xMidYMid meet\" role=\"graphics-symbol\" aria-hidden=\"true\">\n<path d=\"M22.976 5.44q1.024 1.024 1.504 2.048t0.48 1.536v0.512l-8.064 8.064-9.28 9.216-7.616 1.664 1.6-7.68 9.28-9.216 8.064-8.064q1.728-0.384 4.032 1.92zM7.168 25.92l0.768-0.768q-0.064-1.408-1.664-3.008-0.704-0.704-1.44-1.12t-1.12-0.416l-0.448-0.064-0.704 0.768-0.576 2.56q0.896 0.512 1.472 1.088 0.768 0.768 1.152 1.536z\"><\/path>\n<\/svg><\/a><\/div><div class=\"av-magazine-content-wrap\"><header class=\"entry-content-header\" aria-label=\"Post: Report by the Commission of Experts on the Future of the Valley of the Fallen\"><time class='av-magazine-time updated'  itemprop=\"datePublished\" datetime=\"2011-12-01T13:54:38+01:00\" >December 1, 2011<\/time><h3 class='av-magazine-title entry-title '  itemprop=\"headline\" ><a href='https:\/\/politicasdelamemoria.org\/en\/2011\/12\/329-en-informe-de-la-comision-de-expertos-para-el-futuro-del-valle-de-los-caidos\/' title='Link to: Report by the Commission of Experts on the Future of the Valley of the Fallen'>Report by the Commission of Experts on the Future of the Valley of the Fallen<\/a><\/h3><\/header><\/div><footer class=\"entry-footer\"><\/footer><\/article><article class='av-magazine-entry av-magazine-entry-id-566 av-magazine-format-standard av-magazine-type-post av-magazine-entry-2 av-magazine-entry-small '  itemscope=\"itemscope\" itemtype=\"https:\/\/schema.org\/CreativeWork\" ><div class=\"av-magazine-thumbnail\"><a href='https:\/\/politicasdelamemoria.org\/en\/2011\/05\/246-en-mapa-de-fosas-ley-de-la-memoria-historica\/' title='Link to: Map of mass graves: Law of Historical Memory' class='av-magazine-entry-icon avia-svg-icon avia-font-svg_entypo-fontello' data-av_svg_icon='pencil' data-av_iconset='svg_entypo-fontello'><svg version=\"1.1\" xmlns=\"http:\/\/www.w3.org\/2000\/svg\" width=\"25\" height=\"32\" viewBox=\"0 0 25 32\" preserveAspectRatio=\"xMidYMid meet\" role=\"graphics-symbol\" aria-hidden=\"true\">\n<path d=\"M22.976 5.44q1.024 1.024 1.504 2.048t0.48 1.536v0.512l-8.064 8.064-9.28 9.216-7.616 1.664 1.6-7.68 9.28-9.216 8.064-8.064q1.728-0.384 4.032 1.92zM7.168 25.92l0.768-0.768q-0.064-1.408-1.664-3.008-0.704-0.704-1.44-1.12t-1.12-0.416l-0.448-0.064-0.704 0.768-0.576 2.56q0.896 0.512 1.472 1.088 0.768 0.768 1.152 1.536z\"><\/path>\n<\/svg><\/a><\/div><div class=\"av-magazine-content-wrap\"><header class=\"entry-content-header\" aria-label=\"Post: Map of mass graves: Law of Historical Memory\"><time class='av-magazine-time updated'  itemprop=\"datePublished\" datetime=\"2011-05-04T23:00:00+02:00\" >May 4, 2011<\/time><h3 class='av-magazine-title entry-title '  itemprop=\"headline\" ><a href='https:\/\/politicasdelamemoria.org\/en\/2011\/05\/246-en-mapa-de-fosas-ley-de-la-memoria-historica\/' title='Link to: Map of mass graves: Law of Historical Memory'>Map of mass graves: Law of Historical Memory<\/a><\/h3><\/header><\/div><footer class=\"entry-footer\"><\/footer><\/article><article class='av-magazine-entry av-magazine-entry-id-8403 av-magazine-format-standard av-magazine-type-post av-magazine-entry-3 av-magazine-entry-small '  itemscope=\"itemscope\" itemtype=\"https:\/\/schema.org\/CreativeWork\" ><div class=\"av-magazine-thumbnail\"><a href='https:\/\/politicasdelamemoria.org\/en\/2010\/07\/missing-people-dna-and-id-icrc-2009-6\/' title='Link to: Missing People, DNA and ID, ICRC 2009' class='av-magazine-entry-icon avia-svg-icon avia-font-svg_entypo-fontello' data-av_svg_icon='pencil' data-av_iconset='svg_entypo-fontello'><svg version=\"1.1\" xmlns=\"http:\/\/www.w3.org\/2000\/svg\" width=\"25\" height=\"32\" viewBox=\"0 0 25 32\" preserveAspectRatio=\"xMidYMid meet\" role=\"graphics-symbol\" aria-hidden=\"true\">\n<path d=\"M22.976 5.44q1.024 1.024 1.504 2.048t0.48 1.536v0.512l-8.064 8.064-9.28 9.216-7.616 1.664 1.6-7.68 9.28-9.216 8.064-8.064q1.728-0.384 4.032 1.92zM7.168 25.92l0.768-0.768q-0.064-1.408-1.664-3.008-0.704-0.704-1.44-1.12t-1.12-0.416l-0.448-0.064-0.704 0.768-0.576 2.56q0.896 0.512 1.472 1.088 0.768 0.768 1.152 1.536z\"><\/path>\n<\/svg><\/a><\/div><div class=\"av-magazine-content-wrap\"><header class=\"entry-content-header\" aria-label=\"Post: Missing People, DNA and ID, ICRC 2009\"><time class='av-magazine-time updated'  itemprop=\"datePublished\" datetime=\"2010-07-02T18:07:30+02:00\" >July 2, 2010<\/time><h3 class='av-magazine-title entry-title '  itemprop=\"headline\" ><a href='https:\/\/politicasdelamemoria.org\/en\/2010\/07\/missing-people-dna-and-id-icrc-2009-6\/' title='Link to: Missing People, DNA and ID, ICRC 2009'>Missing People, DNA and ID, ICRC 2009<\/a><\/h3><\/header><\/div><footer class=\"entry-footer\"><\/footer><\/article><article class='av-magazine-entry av-magazine-entry-id-8402 av-magazine-format-standard av-magazine-type-post av-magazine-entry-4 av-magazine-entry-small '  itemscope=\"itemscope\" itemtype=\"https:\/\/schema.org\/CreativeWork\" ><div class=\"av-magazine-thumbnail\"><a href='https:\/\/politicasdelamemoria.org\/en\/2010\/07\/the-missing-and-their-families-3\/' title='Link to: The Missing and Their Families' class='av-magazine-entry-icon avia-svg-icon avia-font-svg_entypo-fontello' data-av_svg_icon='pencil' data-av_iconset='svg_entypo-fontello'><svg version=\"1.1\" xmlns=\"http:\/\/www.w3.org\/2000\/svg\" width=\"25\" height=\"32\" viewBox=\"0 0 25 32\" preserveAspectRatio=\"xMidYMid meet\" role=\"graphics-symbol\" aria-hidden=\"true\">\n<path d=\"M22.976 5.44q1.024 1.024 1.504 2.048t0.48 1.536v0.512l-8.064 8.064-9.28 9.216-7.616 1.664 1.6-7.68 9.28-9.216 8.064-8.064q1.728-0.384 4.032 1.92zM7.168 25.92l0.768-0.768q-0.064-1.408-1.664-3.008-0.704-0.704-1.44-1.12t-1.12-0.416l-0.448-0.064-0.704 0.768-0.576 2.56q0.896 0.512 1.472 1.088 0.768 0.768 1.152 1.536z\"><\/path>\n<\/svg><\/a><\/div><div class=\"av-magazine-content-wrap\"><header class=\"entry-content-header\" aria-label=\"Post: The Missing and Their Families\"><time class='av-magazine-time updated'  itemprop=\"datePublished\" datetime=\"2010-07-02T18:05:16+02:00\" >July 2, 2010<\/time><h3 class='av-magazine-title entry-title '  itemprop=\"headline\" ><a href='https:\/\/politicasdelamemoria.org\/en\/2010\/07\/the-missing-and-their-families-3\/' title='Link to: The Missing and Their Families'>The Missing and Their Families<\/a><\/h3><\/header><\/div><footer class=\"entry-footer\"><\/footer><\/article><article class='av-magazine-entry av-magazine-entry-id-8401 av-magazine-format-standard av-magazine-type-post av-magazine-entry-5 av-magazine-entry-small '  itemscope=\"itemscope\" itemtype=\"https:\/\/schema.org\/CreativeWork\" ><div class=\"av-magazine-thumbnail\"><a href='https:\/\/politicasdelamemoria.org\/en\/2010\/07\/istanbul-protocol-3\/' title='Link to: Istanbul Protocol' class='av-magazine-entry-icon avia-svg-icon avia-font-svg_entypo-fontello' data-av_svg_icon='pencil' data-av_iconset='svg_entypo-fontello'><svg version=\"1.1\" xmlns=\"http:\/\/www.w3.org\/2000\/svg\" width=\"25\" height=\"32\" viewBox=\"0 0 25 32\" preserveAspectRatio=\"xMidYMid meet\" role=\"graphics-symbol\" aria-hidden=\"true\">\n<path d=\"M22.976 5.44q1.024 1.024 1.504 2.048t0.48 1.536v0.512l-8.064 8.064-9.28 9.216-7.616 1.664 1.6-7.68 9.28-9.216 8.064-8.064q1.728-0.384 4.032 1.92zM7.168 25.92l0.768-0.768q-0.064-1.408-1.664-3.008-0.704-0.704-1.44-1.12t-1.12-0.416l-0.448-0.064-0.704 0.768-0.576 2.56q0.896 0.512 1.472 1.088 0.768 0.768 1.152 1.536z\"><\/path>\n<\/svg><\/a><\/div><div class=\"av-magazine-content-wrap\"><header class=\"entry-content-header\" aria-label=\"Post: Istanbul Protocol\"><time class='av-magazine-time updated'  itemprop=\"datePublished\" datetime=\"2010-07-02T18:01:40+02:00\" >July 2, 2010<\/time><h3 class='av-magazine-title entry-title '  itemprop=\"headline\" ><a href='https:\/\/politicasdelamemoria.org\/en\/2010\/07\/istanbul-protocol-3\/' title='Link to: Istanbul Protocol'>Istanbul Protocol<\/a><\/h3><\/header><\/div><footer class=\"entry-footer\"><\/footer><\/article><article class='av-magazine-entry av-magazine-entry-id-8400 av-magazine-format-standard av-magazine-type-post av-magazine-entry-6 av-magazine-entry-small '  itemscope=\"itemscope\" itemtype=\"https:\/\/schema.org\/CreativeWork\" ><div class=\"av-magazine-thumbnail\"><a href='https:\/\/politicasdelamemoria.org\/en\/2010\/07\/manual-on-the-effective-prevention-and-investigation-of-extra-legal-arbitrary-and-summary-executions-spanish-3\/' title='Link to: Manual on the Effective Prevention and Investigation of Extra-Legal, Arbitrary and Summary Executions (Spanish)' class='av-magazine-entry-icon avia-svg-icon avia-font-svg_entypo-fontello' data-av_svg_icon='pencil' data-av_iconset='svg_entypo-fontello'><svg version=\"1.1\" xmlns=\"http:\/\/www.w3.org\/2000\/svg\" width=\"25\" height=\"32\" viewBox=\"0 0 25 32\" preserveAspectRatio=\"xMidYMid meet\" role=\"graphics-symbol\" aria-hidden=\"true\">\n<path d=\"M22.976 5.44q1.024 1.024 1.504 2.048t0.48 1.536v0.512l-8.064 8.064-9.28 9.216-7.616 1.664 1.6-7.68 9.28-9.216 8.064-8.064q1.728-0.384 4.032 1.92zM7.168 25.92l0.768-0.768q-0.064-1.408-1.664-3.008-0.704-0.704-1.44-1.12t-1.12-0.416l-0.448-0.064-0.704 0.768-0.576 2.56q0.896 0.512 1.472 1.088 0.768 0.768 1.152 1.536z\"><\/path>\n<\/svg><\/a><\/div><div class=\"av-magazine-content-wrap\"><header class=\"entry-content-header\" aria-label=\"Post: Manual on the Effective Prevention and Investigation of Extra-Legal, Arbitrary and Summary Executions (Spanish)\"><time class='av-magazine-time updated'  itemprop=\"datePublished\" datetime=\"2010-07-02T18:00:47+02:00\" >July 2, 2010<\/time><h3 class='av-magazine-title entry-title '  itemprop=\"headline\" ><a href='https:\/\/politicasdelamemoria.org\/en\/2010\/07\/manual-on-the-effective-prevention-and-investigation-of-extra-legal-arbitrary-and-summary-executions-spanish-3\/' title='Link to: Manual on the Effective Prevention and Investigation of Extra-Legal, Arbitrary and Summary Executions (Spanish)'>Manual on the Effective Prevention and Investigation of Extra-Legal, Arbitrary and Summary Executions (Spanish)<\/a><\/h3><\/header><\/div><footer class=\"entry-footer\"><\/footer><\/article><article class='av-magazine-entry av-magazine-entry-id-8399 av-magazine-format-standard av-magazine-type-post av-magazine-entry-7 av-magazine-entry-small '  itemscope=\"itemscope\" itemtype=\"https:\/\/schema.org\/CreativeWork\" ><div class=\"av-magazine-thumbnail\"><a href='https:\/\/politicasdelamemoria.org\/en\/2010\/07\/manual-on-the-effective-prevention-and-investigation-of-extra-legal-arbitrary-and-summary-executions-english-3\/' title='Link to: Manual on the Effective Prevention and Investigation of Extra-Legal, Arbitrary and Summary Executions (English)' class='av-magazine-entry-icon avia-svg-icon avia-font-svg_entypo-fontello' data-av_svg_icon='pencil' data-av_iconset='svg_entypo-fontello'><svg version=\"1.1\" xmlns=\"http:\/\/www.w3.org\/2000\/svg\" width=\"25\" height=\"32\" viewBox=\"0 0 25 32\" preserveAspectRatio=\"xMidYMid meet\" role=\"graphics-symbol\" aria-hidden=\"true\">\n<path d=\"M22.976 5.44q1.024 1.024 1.504 2.048t0.48 1.536v0.512l-8.064 8.064-9.28 9.216-7.616 1.664 1.6-7.68 9.28-9.216 8.064-8.064q1.728-0.384 4.032 1.92zM7.168 25.92l0.768-0.768q-0.064-1.408-1.664-3.008-0.704-0.704-1.44-1.12t-1.12-0.416l-0.448-0.064-0.704 0.768-0.576 2.56q0.896 0.512 1.472 1.088 0.768 0.768 1.152 1.536z\"><\/path>\n<\/svg><\/a><\/div><div class=\"av-magazine-content-wrap\"><header class=\"entry-content-header\" aria-label=\"Post: Manual on the Effective Prevention and Investigation of Extra-Legal, Arbitrary and Summary Executions (English)\"><time class='av-magazine-time updated'  itemprop=\"datePublished\" datetime=\"2010-07-02T17:59:53+02:00\" >July 2, 2010<\/time><h3 class='av-magazine-title entry-title '  itemprop=\"headline\" ><a href='https:\/\/politicasdelamemoria.org\/en\/2010\/07\/manual-on-the-effective-prevention-and-investigation-of-extra-legal-arbitrary-and-summary-executions-english-3\/' title='Link to: Manual on the Effective Prevention and Investigation of Extra-Legal, Arbitrary and Summary Executions (English)'>Manual on the Effective Prevention and Investigation of Extra-Legal, Arbitrary and Summary Executions (English)<\/a><\/h3><\/header><\/div><footer class=\"entry-footer\"><\/footer><\/article><\/div><div class='av-magazine-group av-hidden-mag sort_419'><article class='av-magazine-entry av-magazine-entry-id-565 av-magazine-format-standard av-magazine-type-post av-magazine-entry-1 av-magazine-entry-small '  itemscope=\"itemscope\" itemtype=\"https:\/\/schema.org\/CreativeWork\" ><div class=\"av-magazine-thumbnail\"><a href='https:\/\/politicasdelamemoria.org\/en\/2011\/12\/329-en-informe-de-la-comision-de-expertos-para-el-futuro-del-valle-de-los-caidos\/' title='Link to: Report by the Commission of Experts on the Future of the Valley of the Fallen' class='av-magazine-entry-icon avia-svg-icon avia-font-svg_entypo-fontello' data-av_svg_icon='pencil' data-av_iconset='svg_entypo-fontello'><svg version=\"1.1\" xmlns=\"http:\/\/www.w3.org\/2000\/svg\" width=\"25\" height=\"32\" viewBox=\"0 0 25 32\" preserveAspectRatio=\"xMidYMid meet\" role=\"graphics-symbol\" aria-hidden=\"true\">\n<path d=\"M22.976 5.44q1.024 1.024 1.504 2.048t0.48 1.536v0.512l-8.064 8.064-9.28 9.216-7.616 1.664 1.6-7.68 9.28-9.216 8.064-8.064q1.728-0.384 4.032 1.92zM7.168 25.92l0.768-0.768q-0.064-1.408-1.664-3.008-0.704-0.704-1.44-1.12t-1.12-0.416l-0.448-0.064-0.704 0.768-0.576 2.56q0.896 0.512 1.472 1.088 0.768 0.768 1.152 1.536z\"><\/path>\n<\/svg><\/a><\/div><div class=\"av-magazine-content-wrap\"><header class=\"entry-content-header\" aria-label=\"Post: Report by the Commission of Experts on the Future of the Valley of the Fallen\"><time class='av-magazine-time updated'  itemprop=\"datePublished\" datetime=\"2011-12-01T13:54:38+01:00\" >December 1, 2011<\/time><h3 class='av-magazine-title entry-title '  itemprop=\"headline\" ><a href='https:\/\/politicasdelamemoria.org\/en\/2011\/12\/329-en-informe-de-la-comision-de-expertos-para-el-futuro-del-valle-de-los-caidos\/' title='Link to: Report by the Commission of Experts on the Future of the Valley of the Fallen'>Report by the Commission of Experts on the Future of the Valley of the Fallen<\/a><\/h3><\/header><\/div><footer class=\"entry-footer\"><\/footer><\/article><article class='av-magazine-entry av-magazine-entry-id-566 av-magazine-format-standard av-magazine-type-post av-magazine-entry-2 av-magazine-entry-small '  itemscope=\"itemscope\" itemtype=\"https:\/\/schema.org\/CreativeWork\" ><div class=\"av-magazine-thumbnail\"><a href='https:\/\/politicasdelamemoria.org\/en\/2011\/05\/246-en-mapa-de-fosas-ley-de-la-memoria-historica\/' title='Link to: Map of mass graves: Law of Historical Memory' class='av-magazine-entry-icon avia-svg-icon avia-font-svg_entypo-fontello' data-av_svg_icon='pencil' data-av_iconset='svg_entypo-fontello'><svg version=\"1.1\" xmlns=\"http:\/\/www.w3.org\/2000\/svg\" width=\"25\" height=\"32\" viewBox=\"0 0 25 32\" preserveAspectRatio=\"xMidYMid meet\" role=\"graphics-symbol\" aria-hidden=\"true\">\n<path d=\"M22.976 5.44q1.024 1.024 1.504 2.048t0.48 1.536v0.512l-8.064 8.064-9.28 9.216-7.616 1.664 1.6-7.68 9.28-9.216 8.064-8.064q1.728-0.384 4.032 1.92zM7.168 25.92l0.768-0.768q-0.064-1.408-1.664-3.008-0.704-0.704-1.44-1.12t-1.12-0.416l-0.448-0.064-0.704 0.768-0.576 2.56q0.896 0.512 1.472 1.088 0.768 0.768 1.152 1.536z\"><\/path>\n<\/svg><\/a><\/div><div class=\"av-magazine-content-wrap\"><header class=\"entry-content-header\" aria-label=\"Post: Map of mass graves: Law of Historical Memory\"><time class='av-magazine-time updated'  itemprop=\"datePublished\" datetime=\"2011-05-04T23:00:00+02:00\" >May 4, 2011<\/time><h3 class='av-magazine-title entry-title '  itemprop=\"headline\" ><a href='https:\/\/politicasdelamemoria.org\/en\/2011\/05\/246-en-mapa-de-fosas-ley-de-la-memoria-historica\/' title='Link to: Map of mass graves: Law of Historical Memory'>Map of mass graves: Law of Historical Memory<\/a><\/h3><\/header><\/div><footer class=\"entry-footer\"><\/footer><\/article><\/div><div class='av-magazine-group av-hidden-mag sort_411'><article class='av-magazine-entry av-magazine-entry-id-8403 av-magazine-format-standard av-magazine-type-post av-magazine-entry-1 av-magazine-entry-small '  itemscope=\"itemscope\" itemtype=\"https:\/\/schema.org\/CreativeWork\" ><div class=\"av-magazine-thumbnail\"><a href='https:\/\/politicasdelamemoria.org\/en\/2010\/07\/missing-people-dna-and-id-icrc-2009-6\/' title='Link to: Missing People, DNA and ID, ICRC 2009' class='av-magazine-entry-icon avia-svg-icon avia-font-svg_entypo-fontello' data-av_svg_icon='pencil' data-av_iconset='svg_entypo-fontello'><svg version=\"1.1\" xmlns=\"http:\/\/www.w3.org\/2000\/svg\" width=\"25\" height=\"32\" viewBox=\"0 0 25 32\" preserveAspectRatio=\"xMidYMid meet\" role=\"graphics-symbol\" aria-hidden=\"true\">\n<path d=\"M22.976 5.44q1.024 1.024 1.504 2.048t0.48 1.536v0.512l-8.064 8.064-9.28 9.216-7.616 1.664 1.6-7.68 9.28-9.216 8.064-8.064q1.728-0.384 4.032 1.92zM7.168 25.92l0.768-0.768q-0.064-1.408-1.664-3.008-0.704-0.704-1.44-1.12t-1.12-0.416l-0.448-0.064-0.704 0.768-0.576 2.56q0.896 0.512 1.472 1.088 0.768 0.768 1.152 1.536z\"><\/path>\n<\/svg><\/a><\/div><div class=\"av-magazine-content-wrap\"><header class=\"entry-content-header\" aria-label=\"Post: Missing People, DNA and ID, ICRC 2009\"><time class='av-magazine-time updated'  itemprop=\"datePublished\" datetime=\"2010-07-02T18:07:30+02:00\" >July 2, 2010<\/time><h3 class='av-magazine-title entry-title '  itemprop=\"headline\" ><a href='https:\/\/politicasdelamemoria.org\/en\/2010\/07\/missing-people-dna-and-id-icrc-2009-6\/' title='Link to: Missing People, DNA and ID, ICRC 2009'>Missing People, DNA and ID, ICRC 2009<\/a><\/h3><\/header><\/div><footer class=\"entry-footer\"><\/footer><\/article><article class='av-magazine-entry av-magazine-entry-id-8402 av-magazine-format-standard av-magazine-type-post av-magazine-entry-2 av-magazine-entry-small '  itemscope=\"itemscope\" itemtype=\"https:\/\/schema.org\/CreativeWork\" ><div class=\"av-magazine-thumbnail\"><a href='https:\/\/politicasdelamemoria.org\/en\/2010\/07\/the-missing-and-their-families-3\/' title='Link to: The Missing and Their Families' class='av-magazine-entry-icon avia-svg-icon avia-font-svg_entypo-fontello' data-av_svg_icon='pencil' data-av_iconset='svg_entypo-fontello'><svg version=\"1.1\" xmlns=\"http:\/\/www.w3.org\/2000\/svg\" width=\"25\" height=\"32\" viewBox=\"0 0 25 32\" preserveAspectRatio=\"xMidYMid meet\" role=\"graphics-symbol\" aria-hidden=\"true\">\n<path d=\"M22.976 5.44q1.024 1.024 1.504 2.048t0.48 1.536v0.512l-8.064 8.064-9.28 9.216-7.616 1.664 1.6-7.68 9.28-9.216 8.064-8.064q1.728-0.384 4.032 1.92zM7.168 25.92l0.768-0.768q-0.064-1.408-1.664-3.008-0.704-0.704-1.44-1.12t-1.12-0.416l-0.448-0.064-0.704 0.768-0.576 2.56q0.896 0.512 1.472 1.088 0.768 0.768 1.152 1.536z\"><\/path>\n<\/svg><\/a><\/div><div class=\"av-magazine-content-wrap\"><header class=\"entry-content-header\" aria-label=\"Post: The Missing and Their Families\"><time class='av-magazine-time updated'  itemprop=\"datePublished\" datetime=\"2010-07-02T18:05:16+02:00\" >July 2, 2010<\/time><h3 class='av-magazine-title entry-title '  itemprop=\"headline\" ><a href='https:\/\/politicasdelamemoria.org\/en\/2010\/07\/the-missing-and-their-families-3\/' title='Link to: The Missing and Their Families'>The Missing and Their Families<\/a><\/h3><\/header><\/div><footer class=\"entry-footer\"><\/footer><\/article><article class='av-magazine-entry av-magazine-entry-id-8401 av-magazine-format-standard av-magazine-type-post av-magazine-entry-3 av-magazine-entry-small '  itemscope=\"itemscope\" itemtype=\"https:\/\/schema.org\/CreativeWork\" ><div class=\"av-magazine-thumbnail\"><a href='https:\/\/politicasdelamemoria.org\/en\/2010\/07\/istanbul-protocol-3\/' title='Link to: Istanbul Protocol' class='av-magazine-entry-icon avia-svg-icon avia-font-svg_entypo-fontello' data-av_svg_icon='pencil' data-av_iconset='svg_entypo-fontello'><svg version=\"1.1\" xmlns=\"http:\/\/www.w3.org\/2000\/svg\" width=\"25\" height=\"32\" viewBox=\"0 0 25 32\" preserveAspectRatio=\"xMidYMid meet\" role=\"graphics-symbol\" aria-hidden=\"true\">\n<path d=\"M22.976 5.44q1.024 1.024 1.504 2.048t0.48 1.536v0.512l-8.064 8.064-9.28 9.216-7.616 1.664 1.6-7.68 9.28-9.216 8.064-8.064q1.728-0.384 4.032 1.92zM7.168 25.92l0.768-0.768q-0.064-1.408-1.664-3.008-0.704-0.704-1.44-1.12t-1.12-0.416l-0.448-0.064-0.704 0.768-0.576 2.56q0.896 0.512 1.472 1.088 0.768 0.768 1.152 1.536z\"><\/path>\n<\/svg><\/a><\/div><div class=\"av-magazine-content-wrap\"><header class=\"entry-content-header\" aria-label=\"Post: Istanbul Protocol\"><time class='av-magazine-time updated'  itemprop=\"datePublished\" datetime=\"2010-07-02T18:01:40+02:00\" >July 2, 2010<\/time><h3 class='av-magazine-title entry-title '  itemprop=\"headline\" ><a href='https:\/\/politicasdelamemoria.org\/en\/2010\/07\/istanbul-protocol-3\/' title='Link to: Istanbul Protocol'>Istanbul Protocol<\/a><\/h3><\/header><\/div><footer class=\"entry-footer\"><\/footer><\/article><article class='av-magazine-entry av-magazine-entry-id-8400 av-magazine-format-standard av-magazine-type-post av-magazine-entry-4 av-magazine-entry-small '  itemscope=\"itemscope\" itemtype=\"https:\/\/schema.org\/CreativeWork\" ><div class=\"av-magazine-thumbnail\"><a href='https:\/\/politicasdelamemoria.org\/en\/2010\/07\/manual-on-the-effective-prevention-and-investigation-of-extra-legal-arbitrary-and-summary-executions-spanish-3\/' title='Link to: Manual on the Effective Prevention and Investigation of Extra-Legal, Arbitrary and Summary Executions (Spanish)' class='av-magazine-entry-icon avia-svg-icon avia-font-svg_entypo-fontello' data-av_svg_icon='pencil' data-av_iconset='svg_entypo-fontello'><svg version=\"1.1\" xmlns=\"http:\/\/www.w3.org\/2000\/svg\" width=\"25\" height=\"32\" viewBox=\"0 0 25 32\" preserveAspectRatio=\"xMidYMid meet\" role=\"graphics-symbol\" aria-hidden=\"true\">\n<path d=\"M22.976 5.44q1.024 1.024 1.504 2.048t0.48 1.536v0.512l-8.064 8.064-9.28 9.216-7.616 1.664 1.6-7.68 9.28-9.216 8.064-8.064q1.728-0.384 4.032 1.92zM7.168 25.92l0.768-0.768q-0.064-1.408-1.664-3.008-0.704-0.704-1.44-1.12t-1.12-0.416l-0.448-0.064-0.704 0.768-0.576 2.56q0.896 0.512 1.472 1.088 0.768 0.768 1.152 1.536z\"><\/path>\n<\/svg><\/a><\/div><div class=\"av-magazine-content-wrap\"><header class=\"entry-content-header\" aria-label=\"Post: Manual on the Effective Prevention and Investigation of Extra-Legal, Arbitrary and Summary Executions (Spanish)\"><time class='av-magazine-time updated'  itemprop=\"datePublished\" datetime=\"2010-07-02T18:00:47+02:00\" >July 2, 2010<\/time><h3 class='av-magazine-title entry-title '  itemprop=\"headline\" ><a href='https:\/\/politicasdelamemoria.org\/en\/2010\/07\/manual-on-the-effective-prevention-and-investigation-of-extra-legal-arbitrary-and-summary-executions-spanish-3\/' title='Link to: Manual on the Effective Prevention and Investigation of Extra-Legal, Arbitrary and Summary Executions (Spanish)'>Manual on the Effective Prevention and Investigation of Extra-Legal, Arbitrary and Summary Executions (Spanish)<\/a><\/h3><\/header><\/div><footer class=\"entry-footer\"><\/footer><\/article><article class='av-magazine-entry av-magazine-entry-id-8399 av-magazine-format-standard av-magazine-type-post av-magazine-entry-5 av-magazine-entry-small '  itemscope=\"itemscope\" itemtype=\"https:\/\/schema.org\/CreativeWork\" ><div class=\"av-magazine-thumbnail\"><a href='https:\/\/politicasdelamemoria.org\/en\/2010\/07\/manual-on-the-effective-prevention-and-investigation-of-extra-legal-arbitrary-and-summary-executions-english-3\/' title='Link to: Manual on the Effective Prevention and Investigation of Extra-Legal, Arbitrary and Summary Executions (English)' class='av-magazine-entry-icon avia-svg-icon avia-font-svg_entypo-fontello' data-av_svg_icon='pencil' data-av_iconset='svg_entypo-fontello'><svg version=\"1.1\" xmlns=\"http:\/\/www.w3.org\/2000\/svg\" width=\"25\" height=\"32\" viewBox=\"0 0 25 32\" preserveAspectRatio=\"xMidYMid meet\" role=\"graphics-symbol\" aria-hidden=\"true\">\n<path d=\"M22.976 5.44q1.024 1.024 1.504 2.048t0.48 1.536v0.512l-8.064 8.064-9.28 9.216-7.616 1.664 1.6-7.68 9.28-9.216 8.064-8.064q1.728-0.384 4.032 1.92zM7.168 25.92l0.768-0.768q-0.064-1.408-1.664-3.008-0.704-0.704-1.44-1.12t-1.12-0.416l-0.448-0.064-0.704 0.768-0.576 2.56q0.896 0.512 1.472 1.088 0.768 0.768 1.152 1.536z\"><\/path>\n<\/svg><\/a><\/div><div class=\"av-magazine-content-wrap\"><header class=\"entry-content-header\" aria-label=\"Post: Manual on the Effective Prevention and Investigation of Extra-Legal, Arbitrary and Summary Executions (English)\"><time class='av-magazine-time updated'  itemprop=\"datePublished\" datetime=\"2010-07-02T17:59:53+02:00\" >July 2, 2010<\/time><h3 class='av-magazine-title entry-title '  itemprop=\"headline\" ><a href='https:\/\/politicasdelamemoria.org\/en\/2010\/07\/manual-on-the-effective-prevention-and-investigation-of-extra-legal-arbitrary-and-summary-executions-english-3\/' title='Link to: Manual on the Effective Prevention and Investigation of Extra-Legal, Arbitrary and Summary Executions (English)'>Manual on the Effective Prevention and Investigation of Extra-Legal, Arbitrary and Summary Executions (English)<\/a><\/h3><\/header><\/div><footer class=\"entry-footer\"><\/footer><\/article><\/div><\/div><br \/>\n<div  class='avia-button-wrap av-av_button-4cbf97acdbffd7d60462336a8f89de58-wrap avia-button-right  avia-builder-el-7  el_after_av_magazine  avia-builder-el-last '><a href='https:\/\/politicasdelamemoria.org\/en\/resources\/pedagogical-resources\/'  class='avia-button av-av_button-4cbf97acdbffd7d60462336a8f89de58 av-link-btn avia-icon_select-yes-left-icon avia-size-medium avia-position-right avia-color-theme-color'   aria-label=\"See all\"><span class='avia_button_icon avia_button_icon_left avia-iconfont avia-font-entypo-fontello' data-av_icon='\ue845' data-av_iconfont='entypo-fontello' ><\/span><span class='avia_iconbox_title' >See all<\/span><\/a><\/div><\/p><\/div><div  class='flex_column av-av_one_third-b51168870d26eac9084c0e2dc495efe0 av_one_third  avia-builder-el-8  el_after_av_two_third  avia-builder-el-last  flex_column_div  '     ><p>\n<style type=\"text\/css\" data-created_by=\"avia_inline_auto\" id=\"style-css-av-av_heading-d375b79d7150ea937f07367bc104f5ab\">\n#top .av-special-heading.av-av_heading-d375b79d7150ea937f07367bc104f5ab{\npadding-bottom:10px;\ncolor:#470b0b;\n}\nbody .av-special-heading.av-av_heading-d375b79d7150ea937f07367bc104f5ab .av-special-heading-tag .heading-char{\nfont-size:25px;\n}\n.av-special-heading.av-av_heading-d375b79d7150ea937f07367bc104f5ab .special-heading-inner-border{\nborder-color:#470b0b;\n}\n.av-special-heading.av-av_heading-d375b79d7150ea937f07367bc104f5ab .av-subheading{\nfont-size:15px;\n}\n<\/style>\n<div  class='av-special-heading av-av_heading-d375b79d7150ea937f07367bc104f5ab av-special-heading-h5 custom-color-heading  avia-builder-el-9  el_before_av_magazine  avia-builder-el-first '><h5 class='av-special-heading-tag '  itemprop=\"headline\"  >Intitutions<\/h5><div class=\"special-heading-border\"><div class=\"special-heading-inner-border\"><\/div><\/div><\/div><br \/>\n<div  id=\"avia-magazine-2\"  class='av-magazine av-av_magazine-5bb67a1d8e4a78d14dc088b7d3b0c0f9 av-magazine-top-bar-active av-magazine-tabs-active  avia-builder-el-10  el_after_av_heading  el_before_av_button   avia-builder-el-10  el_after_av_heading  el_before_av_button ' ><div class='av-magazine-top-bar '><div class=\"av-magazine-sort\" data-magazine-id=\"2\" ><div class=\"av-sort-by-term\"><a href=\"#\" data-filter=\"sort_all\" class=\"all_sort_button active_sort\"><span class=\"inner_sort_button\"><span>All<\/span><\/span><\/a><span class='text-sep academic-institutions_sort_sep'>\/<\/span><a href=\"#\" data-filter=\"sort_633\" class=\"academic-institutions_sort_button \" ><span class=\"inner_sort_button\"><span>Academic institutions<\/span><\/span><\/a><span class='text-sep hm-institutions_sort_sep'>\/<\/span><a href=\"#\" data-filter=\"sort_632\" class=\"hm-institutions_sort_button \" ><span class=\"inner_sort_button\"><span>HM Institutions<\/span><\/span><\/a><\/div><\/div><\/div><div class='av-magazine-group sort_all'><article class='av-magazine-entry av-magazine-entry-id-13865 av-magazine-format-standard av-magazine-type-post av-magazine-entry-1 av-magazine-entry-small '  itemscope=\"itemscope\" itemtype=\"https:\/\/schema.org\/CreativeWork\" ><div class=\"av-magazine-thumbnail\"><a href='https:\/\/politicasdelamemoria.org\/en\/2017\/10\/greyzone-2\/' title='Link to: Greyzone' class='av-magazine-entry-icon avia-svg-icon avia-font-svg_entypo-fontello' data-av_svg_icon='pencil' data-av_iconset='svg_entypo-fontello'><svg version=\"1.1\" xmlns=\"http:\/\/www.w3.org\/2000\/svg\" width=\"25\" height=\"32\" viewBox=\"0 0 25 32\" preserveAspectRatio=\"xMidYMid meet\" role=\"graphics-symbol\" aria-hidden=\"true\">\n<path d=\"M22.976 5.44q1.024 1.024 1.504 2.048t0.48 1.536v0.512l-8.064 8.064-9.28 9.216-7.616 1.664 1.6-7.68 9.28-9.216 8.064-8.064q1.728-0.384 4.032 1.92zM7.168 25.92l0.768-0.768q-0.064-1.408-1.664-3.008-0.704-0.704-1.44-1.12t-1.12-0.416l-0.448-0.064-0.704 0.768-0.576 2.56q0.896 0.512 1.472 1.088 0.768 0.768 1.152 1.536z\"><\/path>\n<\/svg><\/a><\/div><div class=\"av-magazine-content-wrap\"><header class=\"entry-content-header\" aria-label=\"Post: Greyzone\"><time class='av-magazine-time updated'  itemprop=\"datePublished\" datetime=\"2017-10-04T13:50:03+02:00\" >October 4, 2017<\/time><h3 class='av-magazine-title entry-title '  itemprop=\"headline\" ><a href='https:\/\/politicasdelamemoria.org\/en\/2017\/10\/greyzone-2\/' title='Link to: Greyzone'>Greyzone<\/a><\/h3><\/header><\/div><footer class=\"entry-footer\"><\/footer><\/article><article class='av-magazine-entry av-magazine-entry-id-11396 av-magazine-format-standard av-magazine-type-post av-magazine-entry-2 av-magazine-entry-small '  itemscope=\"itemscope\" itemtype=\"https:\/\/schema.org\/CreativeWork\" ><div class=\"av-magazine-thumbnail\"><a href='https:\/\/politicasdelamemoria.org\/en\/2016\/02\/scientific-association-justicia-memoria-narracion-y-cultura-jusmenacu\/' title='Link to: Scientific association &#8220;Justice: Memory, Narration and Culture (JUSMENACU)&#8221;' class='av-magazine-entry-icon avia-svg-icon avia-font-svg_entypo-fontello' data-av_svg_icon='pencil' data-av_iconset='svg_entypo-fontello'><svg version=\"1.1\" xmlns=\"http:\/\/www.w3.org\/2000\/svg\" width=\"25\" height=\"32\" viewBox=\"0 0 25 32\" preserveAspectRatio=\"xMidYMid meet\" role=\"graphics-symbol\" aria-hidden=\"true\">\n<path d=\"M22.976 5.44q1.024 1.024 1.504 2.048t0.48 1.536v0.512l-8.064 8.064-9.28 9.216-7.616 1.664 1.6-7.68 9.28-9.216 8.064-8.064q1.728-0.384 4.032 1.92zM7.168 25.92l0.768-0.768q-0.064-1.408-1.664-3.008-0.704-0.704-1.44-1.12t-1.12-0.416l-0.448-0.064-0.704 0.768-0.576 2.56q0.896 0.512 1.472 1.088 0.768 0.768 1.152 1.536z\"><\/path>\n<\/svg><\/a><\/div><div class=\"av-magazine-content-wrap\"><header class=\"entry-content-header\" aria-label=\"Post: Scientific association &quot;Justice: Memory, Narration and Culture (JUSMENACU)&quot;\"><time class='av-magazine-time updated'  itemprop=\"datePublished\" datetime=\"2016-02-26T10:44:55+01:00\" >February 26, 2016<\/time><h3 class='av-magazine-title entry-title '  itemprop=\"headline\" ><a href='https:\/\/politicasdelamemoria.org\/en\/2016\/02\/scientific-association-justicia-memoria-narracion-y-cultura-jusmenacu\/' title='Link to: Scientific association &#8220;Justice: Memory, Narration and Culture (JUSMENACU)&#8221;'>Scientific association &#8220;Justice: Memory, Narration and Culture (JUSMENACU)&#8221;<\/a><\/h3><\/header><\/div><footer class=\"entry-footer\"><\/footer><\/article><article class='av-magazine-entry av-magazine-entry-id-11077 av-magazine-format-standard av-magazine-type-post av-magazine-entry-3 av-magazine-entry-small '  itemscope=\"itemscope\" itemtype=\"https:\/\/schema.org\/CreativeWork\" ><div class=\"av-magazine-thumbnail\"><a href='https:\/\/politicasdelamemoria.org\/en\/2015\/11\/european-observatory-on-memories-2\/' title='Link to: European Observatory on Memories' class='av-magazine-entry-icon avia-svg-icon avia-font-svg_entypo-fontello' data-av_svg_icon='pencil' data-av_iconset='svg_entypo-fontello'><svg version=\"1.1\" xmlns=\"http:\/\/www.w3.org\/2000\/svg\" width=\"25\" height=\"32\" viewBox=\"0 0 25 32\" preserveAspectRatio=\"xMidYMid meet\" role=\"graphics-symbol\" aria-hidden=\"true\">\n<path d=\"M22.976 5.44q1.024 1.024 1.504 2.048t0.48 1.536v0.512l-8.064 8.064-9.28 9.216-7.616 1.664 1.6-7.68 9.28-9.216 8.064-8.064q1.728-0.384 4.032 1.92zM7.168 25.92l0.768-0.768q-0.064-1.408-1.664-3.008-0.704-0.704-1.44-1.12t-1.12-0.416l-0.448-0.064-0.704 0.768-0.576 2.56q0.896 0.512 1.472 1.088 0.768 0.768 1.152 1.536z\"><\/path>\n<\/svg><\/a><\/div><div class=\"av-magazine-content-wrap\"><header class=\"entry-content-header\" aria-label=\"Post: European Observatory on Memories\"><time class='av-magazine-time updated'  itemprop=\"datePublished\" datetime=\"2015-11-11T12:57:55+01:00\" >November 11, 2015<\/time><h3 class='av-magazine-title entry-title '  itemprop=\"headline\" ><a href='https:\/\/politicasdelamemoria.org\/en\/2015\/11\/european-observatory-on-memories-2\/' title='Link to: European Observatory on Memories'>European Observatory on Memories<\/a><\/h3><\/header><\/div><footer class=\"entry-footer\"><\/footer><\/article><article class='av-magazine-entry av-magazine-entry-id-10659 av-magazine-format-standard av-magazine-type-post av-magazine-entry-4 av-magazine-entry-small '  itemscope=\"itemscope\" itemtype=\"https:\/\/schema.org\/CreativeWork\" ><div class=\"av-magazine-thumbnail\"><a href='https:\/\/politicasdelamemoria.org\/en\/2015\/06\/el-cost-huma-de-la-guerra-civil-a-catalunya\/' title='Link to: El cost hum\u00e0 de la Guerra Civil a Catalunya' class='av-magazine-entry-icon avia-svg-icon avia-font-svg_entypo-fontello' data-av_svg_icon='pencil' data-av_iconset='svg_entypo-fontello'><svg version=\"1.1\" xmlns=\"http:\/\/www.w3.org\/2000\/svg\" width=\"25\" height=\"32\" viewBox=\"0 0 25 32\" preserveAspectRatio=\"xMidYMid meet\" role=\"graphics-symbol\" aria-hidden=\"true\">\n<path d=\"M22.976 5.44q1.024 1.024 1.504 2.048t0.48 1.536v0.512l-8.064 8.064-9.28 9.216-7.616 1.664 1.6-7.68 9.28-9.216 8.064-8.064q1.728-0.384 4.032 1.92zM7.168 25.92l0.768-0.768q-0.064-1.408-1.664-3.008-0.704-0.704-1.44-1.12t-1.12-0.416l-0.448-0.064-0.704 0.768-0.576 2.56q0.896 0.512 1.472 1.088 0.768 0.768 1.152 1.536z\"><\/path>\n<\/svg><\/a><\/div><div class=\"av-magazine-content-wrap\"><header class=\"entry-content-header\" aria-label=\"Post: El cost hum\u00e0 de la Guerra Civil a Catalunya\"><time class='av-magazine-time updated'  itemprop=\"datePublished\" datetime=\"2015-06-22T18:02:50+02:00\" >June 22, 2015<\/time><h3 class='av-magazine-title entry-title '  itemprop=\"headline\" ><a href='https:\/\/politicasdelamemoria.org\/en\/2015\/06\/el-cost-huma-de-la-guerra-civil-a-catalunya\/' title='Link to: El cost hum\u00e0 de la Guerra Civil a Catalunya'>El cost hum\u00e0 de la Guerra Civil a Catalunya<\/a><\/h3><\/header><\/div><footer class=\"entry-footer\"><\/footer><\/article><article class='av-magazine-entry av-magazine-entry-id-10654 av-magazine-format-standard av-magazine-type-post av-magazine-entry-5 av-magazine-entry-small '  itemscope=\"itemscope\" itemtype=\"https:\/\/schema.org\/CreativeWork\" ><div class=\"av-magazine-thumbnail\"><a href='https:\/\/politicasdelamemoria.org\/en\/2015\/06\/centre-for-popular-memory\/' title='Link to: Centre for Popular Memory' class='av-magazine-entry-icon avia-svg-icon avia-font-svg_entypo-fontello' data-av_svg_icon='pencil' data-av_iconset='svg_entypo-fontello'><svg version=\"1.1\" xmlns=\"http:\/\/www.w3.org\/2000\/svg\" width=\"25\" height=\"32\" viewBox=\"0 0 25 32\" preserveAspectRatio=\"xMidYMid meet\" role=\"graphics-symbol\" aria-hidden=\"true\">\n<path d=\"M22.976 5.44q1.024 1.024 1.504 2.048t0.48 1.536v0.512l-8.064 8.064-9.28 9.216-7.616 1.664 1.6-7.68 9.28-9.216 8.064-8.064q1.728-0.384 4.032 1.92zM7.168 25.92l0.768-0.768q-0.064-1.408-1.664-3.008-0.704-0.704-1.44-1.12t-1.12-0.416l-0.448-0.064-0.704 0.768-0.576 2.56q0.896 0.512 1.472 1.088 0.768 0.768 1.152 1.536z\"><\/path>\n<\/svg><\/a><\/div><div class=\"av-magazine-content-wrap\"><header class=\"entry-content-header\" aria-label=\"Post: Centre for Popular Memory\"><time class='av-magazine-time updated'  itemprop=\"datePublished\" datetime=\"2015-06-22T17:59:15+02:00\" >June 22, 2015<\/time><h3 class='av-magazine-title entry-title '  itemprop=\"headline\" ><a href='https:\/\/politicasdelamemoria.org\/en\/2015\/06\/centre-for-popular-memory\/' title='Link to: Centre for Popular Memory'>Centre for Popular Memory<\/a><\/h3><\/header><\/div><footer class=\"entry-footer\"><\/footer><\/article><article class='av-magazine-entry av-magazine-entry-id-10651 av-magazine-format-standard av-magazine-type-post av-magazine-entry-6 av-magazine-entry-small '  itemscope=\"itemscope\" itemtype=\"https:\/\/schema.org\/CreativeWork\" ><div class=\"av-magazine-thumbnail\"><a href='https:\/\/politicasdelamemoria.org\/en\/2015\/06\/the-museum-of-memor-chile\/' title='Link to: The Museum of Memory and Human Rights (Chile)' class='av-magazine-entry-icon avia-svg-icon avia-font-svg_entypo-fontello' data-av_svg_icon='pencil' data-av_iconset='svg_entypo-fontello'><svg version=\"1.1\" xmlns=\"http:\/\/www.w3.org\/2000\/svg\" width=\"25\" height=\"32\" viewBox=\"0 0 25 32\" preserveAspectRatio=\"xMidYMid meet\" role=\"graphics-symbol\" aria-hidden=\"true\">\n<path d=\"M22.976 5.44q1.024 1.024 1.504 2.048t0.48 1.536v0.512l-8.064 8.064-9.28 9.216-7.616 1.664 1.6-7.68 9.28-9.216 8.064-8.064q1.728-0.384 4.032 1.92zM7.168 25.92l0.768-0.768q-0.064-1.408-1.664-3.008-0.704-0.704-1.44-1.12t-1.12-0.416l-0.448-0.064-0.704 0.768-0.576 2.56q0.896 0.512 1.472 1.088 0.768 0.768 1.152 1.536z\"><\/path>\n<\/svg><\/a><\/div><div class=\"av-magazine-content-wrap\"><header class=\"entry-content-header\" aria-label=\"Post: The Museum of Memory and Human Rights (Chile)\"><time class='av-magazine-time updated'  itemprop=\"datePublished\" datetime=\"2015-06-22T17:56:53+02:00\" >June 22, 2015<\/time><h3 class='av-magazine-title entry-title '  itemprop=\"headline\" ><a href='https:\/\/politicasdelamemoria.org\/en\/2015\/06\/the-museum-of-memor-chile\/' title='Link to: The Museum of Memory and Human Rights (Chile)'>The Museum of Memory and Human Rights (Chile)<\/a><\/h3><\/header><\/div><footer class=\"entry-footer\"><\/footer><\/article><article class='av-magazine-entry av-magazine-entry-id-10642 av-magazine-format-standard av-magazine-type-post av-magazine-entry-7 av-magazine-entry-small '  itemscope=\"itemscope\" itemtype=\"https:\/\/schema.org\/CreativeWork\" ><div class=\"av-magazine-thumbnail\"><a href='https:\/\/politicasdelamemoria.org\/en\/2015\/06\/memory-at-war-cultural-dynamics-in-poland-russia-and-ukraine\/' title='Link to: Memory at war: Cultural Dynamics in Poland, Russia and Ukraine' class='av-magazine-entry-icon avia-svg-icon avia-font-svg_entypo-fontello' data-av_svg_icon='pencil' data-av_iconset='svg_entypo-fontello'><svg version=\"1.1\" xmlns=\"http:\/\/www.w3.org\/2000\/svg\" width=\"25\" height=\"32\" viewBox=\"0 0 25 32\" preserveAspectRatio=\"xMidYMid meet\" role=\"graphics-symbol\" aria-hidden=\"true\">\n<path d=\"M22.976 5.44q1.024 1.024 1.504 2.048t0.48 1.536v0.512l-8.064 8.064-9.28 9.216-7.616 1.664 1.6-7.68 9.28-9.216 8.064-8.064q1.728-0.384 4.032 1.92zM7.168 25.92l0.768-0.768q-0.064-1.408-1.664-3.008-0.704-0.704-1.44-1.12t-1.12-0.416l-0.448-0.064-0.704 0.768-0.576 2.56q0.896 0.512 1.472 1.088 0.768 0.768 1.152 1.536z\"><\/path>\n<\/svg><\/a><\/div><div class=\"av-magazine-content-wrap\"><header class=\"entry-content-header\" aria-label=\"Post: Memory at war: Cultural Dynamics in Poland, Russia and Ukraine\"><time class='av-magazine-time updated'  itemprop=\"datePublished\" datetime=\"2015-06-22T17:43:14+02:00\" >June 22, 2015<\/time><h3 class='av-magazine-title entry-title '  itemprop=\"headline\" ><a href='https:\/\/politicasdelamemoria.org\/en\/2015\/06\/memory-at-war-cultural-dynamics-in-poland-russia-and-ukraine\/' title='Link to: Memory at war: Cultural Dynamics in Poland, Russia and Ukraine'>Memory at war: Cultural Dynamics in Poland, Russia and Ukraine<\/a><\/h3><\/header><\/div><footer class=\"entry-footer\"><\/footer><\/article><article class='av-magazine-entry av-magazine-entry-id-10640 av-magazine-format-standard av-magazine-type-post av-magazine-entry-8 av-magazine-entry-small '  itemscope=\"itemscope\" itemtype=\"https:\/\/schema.org\/CreativeWork\" ><div class=\"av-magazine-thumbnail\"><a href='https:\/\/politicasdelamemoria.org\/en\/2015\/06\/centre-for-genocide-and-holocaust-studies\/' title='Link to: Centre for Genocide and Holocaust Studies' class='av-magazine-entry-icon avia-svg-icon avia-font-svg_entypo-fontello' data-av_svg_icon='pencil' data-av_iconset='svg_entypo-fontello'><svg version=\"1.1\" xmlns=\"http:\/\/www.w3.org\/2000\/svg\" width=\"25\" height=\"32\" viewBox=\"0 0 25 32\" preserveAspectRatio=\"xMidYMid meet\" role=\"graphics-symbol\" aria-hidden=\"true\">\n<path d=\"M22.976 5.44q1.024 1.024 1.504 2.048t0.48 1.536v0.512l-8.064 8.064-9.28 9.216-7.616 1.664 1.6-7.68 9.28-9.216 8.064-8.064q1.728-0.384 4.032 1.92zM7.168 25.92l0.768-0.768q-0.064-1.408-1.664-3.008-0.704-0.704-1.44-1.12t-1.12-0.416l-0.448-0.064-0.704 0.768-0.576 2.56q0.896 0.512 1.472 1.088 0.768 0.768 1.152 1.536z\"><\/path>\n<\/svg><\/a><\/div><div class=\"av-magazine-content-wrap\"><header class=\"entry-content-header\" aria-label=\"Post: Centre for Genocide and Holocaust Studies\"><time class='av-magazine-time updated'  itemprop=\"datePublished\" datetime=\"2015-06-22T17:41:54+02:00\" >June 22, 2015<\/time><h3 class='av-magazine-title entry-title '  itemprop=\"headline\" ><a href='https:\/\/politicasdelamemoria.org\/en\/2015\/06\/centre-for-genocide-and-holocaust-studies\/' title='Link to: Centre for Genocide and Holocaust Studies'>Centre for Genocide and Holocaust Studies<\/a><\/h3><\/header><\/div><footer class=\"entry-footer\"><\/footer><\/article><article class='av-magazine-entry av-magazine-entry-id-10638 av-magazine-format-standard av-magazine-type-post av-magazine-entry-9 av-magazine-entry-small '  itemscope=\"itemscope\" itemtype=\"https:\/\/schema.org\/CreativeWork\" ><div class=\"av-magazine-thumbnail\"><a href='https:\/\/politicasdelamemoria.org\/en\/2015\/06\/the-dynamics-of-cultural-remembrance-an-intermedial-perspective\/' title='Link to: The dynamics of cultural remembrance: an intermedial perspective' class='av-magazine-entry-icon avia-svg-icon avia-font-svg_entypo-fontello' data-av_svg_icon='pencil' data-av_iconset='svg_entypo-fontello'><svg version=\"1.1\" xmlns=\"http:\/\/www.w3.org\/2000\/svg\" width=\"25\" height=\"32\" viewBox=\"0 0 25 32\" preserveAspectRatio=\"xMidYMid meet\" role=\"graphics-symbol\" aria-hidden=\"true\">\n<path d=\"M22.976 5.44q1.024 1.024 1.504 2.048t0.48 1.536v0.512l-8.064 8.064-9.28 9.216-7.616 1.664 1.6-7.68 9.28-9.216 8.064-8.064q1.728-0.384 4.032 1.92zM7.168 25.92l0.768-0.768q-0.064-1.408-1.664-3.008-0.704-0.704-1.44-1.12t-1.12-0.416l-0.448-0.064-0.704 0.768-0.576 2.56q0.896 0.512 1.472 1.088 0.768 0.768 1.152 1.536z\"><\/path>\n<\/svg><\/a><\/div><div class=\"av-magazine-content-wrap\"><header class=\"entry-content-header\" aria-label=\"Post: The dynamics of cultural remembrance: an intermedial perspective\"><time class='av-magazine-time updated'  itemprop=\"datePublished\" datetime=\"2015-06-22T17:40:35+02:00\" >June 22, 2015<\/time><h3 class='av-magazine-title entry-title '  itemprop=\"headline\" ><a href='https:\/\/politicasdelamemoria.org\/en\/2015\/06\/the-dynamics-of-cultural-remembrance-an-intermedial-perspective\/' title='Link to: The dynamics of cultural remembrance: an intermedial perspective'>The dynamics of cultural remembrance: an intermedial perspective<\/a><\/h3><\/header><\/div><footer class=\"entry-footer\"><\/footer><\/article><article class='av-magazine-entry av-magazine-entry-id-10632 av-magazine-format-standard av-magazine-type-post av-magazine-entry-10 av-magazine-entry-small '  itemscope=\"itemscope\" itemtype=\"https:\/\/schema.org\/CreativeWork\" ><div class=\"av-magazine-thumbnail\"><a href='https:\/\/politicasdelamemoria.org\/en\/2015\/06\/proyecto-recuperacion-memoria-historica-en-extremadura\/' title='Link to: Proyecto Recuperaci\u00f3n Memoria Hist\u00f3rica en Extremadura' class='av-magazine-entry-icon avia-svg-icon avia-font-svg_entypo-fontello' data-av_svg_icon='pencil' data-av_iconset='svg_entypo-fontello'><svg version=\"1.1\" xmlns=\"http:\/\/www.w3.org\/2000\/svg\" width=\"25\" height=\"32\" viewBox=\"0 0 25 32\" preserveAspectRatio=\"xMidYMid meet\" role=\"graphics-symbol\" aria-hidden=\"true\">\n<path d=\"M22.976 5.44q1.024 1.024 1.504 2.048t0.48 1.536v0.512l-8.064 8.064-9.28 9.216-7.616 1.664 1.6-7.68 9.28-9.216 8.064-8.064q1.728-0.384 4.032 1.92zM7.168 25.92l0.768-0.768q-0.064-1.408-1.664-3.008-0.704-0.704-1.44-1.12t-1.12-0.416l-0.448-0.064-0.704 0.768-0.576 2.56q0.896 0.512 1.472 1.088 0.768 0.768 1.152 1.536z\"><\/path>\n<\/svg><\/a><\/div><div class=\"av-magazine-content-wrap\"><header class=\"entry-content-header\" aria-label=\"Post: Proyecto Recuperaci\u00f3n Memoria Hist\u00f3rica en Extremadura\"><time class='av-magazine-time updated'  itemprop=\"datePublished\" datetime=\"2015-06-22T17:36:04+02:00\" >June 22, 2015<\/time><h3 class='av-magazine-title entry-title '  itemprop=\"headline\" ><a href='https:\/\/politicasdelamemoria.org\/en\/2015\/06\/proyecto-recuperacion-memoria-historica-en-extremadura\/' title='Link to: Proyecto Recuperaci\u00f3n Memoria Hist\u00f3rica en Extremadura'>Proyecto Recuperaci\u00f3n Memoria Hist\u00f3rica en Extremadura<\/a><\/h3><\/header><\/div><footer class=\"entry-footer\"><\/footer><\/article><\/div><div class='av-magazine-group av-hidden-mag sort_633'><article class='av-magazine-entry av-magazine-entry-id-13865 av-magazine-format-standard av-magazine-type-post av-magazine-entry-1 av-magazine-entry-small '  itemscope=\"itemscope\" itemtype=\"https:\/\/schema.org\/CreativeWork\" ><div class=\"av-magazine-thumbnail\"><a href='https:\/\/politicasdelamemoria.org\/en\/2017\/10\/greyzone-2\/' title='Link to: Greyzone' class='av-magazine-entry-icon avia-svg-icon avia-font-svg_entypo-fontello' data-av_svg_icon='pencil' data-av_iconset='svg_entypo-fontello'><svg version=\"1.1\" xmlns=\"http:\/\/www.w3.org\/2000\/svg\" width=\"25\" height=\"32\" viewBox=\"0 0 25 32\" preserveAspectRatio=\"xMidYMid meet\" role=\"graphics-symbol\" aria-hidden=\"true\">\n<path d=\"M22.976 5.44q1.024 1.024 1.504 2.048t0.48 1.536v0.512l-8.064 8.064-9.28 9.216-7.616 1.664 1.6-7.68 9.28-9.216 8.064-8.064q1.728-0.384 4.032 1.92zM7.168 25.92l0.768-0.768q-0.064-1.408-1.664-3.008-0.704-0.704-1.44-1.12t-1.12-0.416l-0.448-0.064-0.704 0.768-0.576 2.56q0.896 0.512 1.472 1.088 0.768 0.768 1.152 1.536z\"><\/path>\n<\/svg><\/a><\/div><div class=\"av-magazine-content-wrap\"><header class=\"entry-content-header\" aria-label=\"Post: Greyzone\"><time class='av-magazine-time updated'  itemprop=\"datePublished\" datetime=\"2017-10-04T13:50:03+02:00\" >October 4, 2017<\/time><h3 class='av-magazine-title entry-title '  itemprop=\"headline\" ><a href='https:\/\/politicasdelamemoria.org\/en\/2017\/10\/greyzone-2\/' title='Link to: Greyzone'>Greyzone<\/a><\/h3><\/header><\/div><footer class=\"entry-footer\"><\/footer><\/article><article class='av-magazine-entry av-magazine-entry-id-11396 av-magazine-format-standard av-magazine-type-post av-magazine-entry-2 av-magazine-entry-small '  itemscope=\"itemscope\" itemtype=\"https:\/\/schema.org\/CreativeWork\" ><div class=\"av-magazine-thumbnail\"><a href='https:\/\/politicasdelamemoria.org\/en\/2016\/02\/scientific-association-justicia-memoria-narracion-y-cultura-jusmenacu\/' title='Link to: Scientific association &#8220;Justice: Memory, Narration and Culture (JUSMENACU)&#8221;' class='av-magazine-entry-icon avia-svg-icon avia-font-svg_entypo-fontello' data-av_svg_icon='pencil' data-av_iconset='svg_entypo-fontello'><svg version=\"1.1\" xmlns=\"http:\/\/www.w3.org\/2000\/svg\" width=\"25\" height=\"32\" viewBox=\"0 0 25 32\" preserveAspectRatio=\"xMidYMid meet\" role=\"graphics-symbol\" aria-hidden=\"true\">\n<path d=\"M22.976 5.44q1.024 1.024 1.504 2.048t0.48 1.536v0.512l-8.064 8.064-9.28 9.216-7.616 1.664 1.6-7.68 9.28-9.216 8.064-8.064q1.728-0.384 4.032 1.92zM7.168 25.92l0.768-0.768q-0.064-1.408-1.664-3.008-0.704-0.704-1.44-1.12t-1.12-0.416l-0.448-0.064-0.704 0.768-0.576 2.56q0.896 0.512 1.472 1.088 0.768 0.768 1.152 1.536z\"><\/path>\n<\/svg><\/a><\/div><div class=\"av-magazine-content-wrap\"><header class=\"entry-content-header\" aria-label=\"Post: Scientific association &quot;Justice: Memory, Narration and Culture (JUSMENACU)&quot;\"><time class='av-magazine-time updated'  itemprop=\"datePublished\" datetime=\"2016-02-26T10:44:55+01:00\" >February 26, 2016<\/time><h3 class='av-magazine-title entry-title '  itemprop=\"headline\" ><a href='https:\/\/politicasdelamemoria.org\/en\/2016\/02\/scientific-association-justicia-memoria-narracion-y-cultura-jusmenacu\/' title='Link to: Scientific association &#8220;Justice: Memory, Narration and Culture (JUSMENACU)&#8221;'>Scientific association &#8220;Justice: Memory, Narration and Culture (JUSMENACU)&#8221;<\/a><\/h3><\/header><\/div><footer class=\"entry-footer\"><\/footer><\/article><article class='av-magazine-entry av-magazine-entry-id-11077 av-magazine-format-standard av-magazine-type-post av-magazine-entry-3 av-magazine-entry-small '  itemscope=\"itemscope\" itemtype=\"https:\/\/schema.org\/CreativeWork\" ><div class=\"av-magazine-thumbnail\"><a href='https:\/\/politicasdelamemoria.org\/en\/2015\/11\/european-observatory-on-memories-2\/' title='Link to: European Observatory on Memories' class='av-magazine-entry-icon avia-svg-icon avia-font-svg_entypo-fontello' data-av_svg_icon='pencil' data-av_iconset='svg_entypo-fontello'><svg version=\"1.1\" xmlns=\"http:\/\/www.w3.org\/2000\/svg\" width=\"25\" height=\"32\" viewBox=\"0 0 25 32\" preserveAspectRatio=\"xMidYMid meet\" role=\"graphics-symbol\" aria-hidden=\"true\">\n<path d=\"M22.976 5.44q1.024 1.024 1.504 2.048t0.48 1.536v0.512l-8.064 8.064-9.28 9.216-7.616 1.664 1.6-7.68 9.28-9.216 8.064-8.064q1.728-0.384 4.032 1.92zM7.168 25.92l0.768-0.768q-0.064-1.408-1.664-3.008-0.704-0.704-1.44-1.12t-1.12-0.416l-0.448-0.064-0.704 0.768-0.576 2.56q0.896 0.512 1.472 1.088 0.768 0.768 1.152 1.536z\"><\/path>\n<\/svg><\/a><\/div><div class=\"av-magazine-content-wrap\"><header class=\"entry-content-header\" aria-label=\"Post: European Observatory on Memories\"><time class='av-magazine-time updated'  itemprop=\"datePublished\" datetime=\"2015-11-11T12:57:55+01:00\" >November 11, 2015<\/time><h3 class='av-magazine-title entry-title '  itemprop=\"headline\" ><a href='https:\/\/politicasdelamemoria.org\/en\/2015\/11\/european-observatory-on-memories-2\/' title='Link to: European Observatory on Memories'>European Observatory on Memories<\/a><\/h3><\/header><\/div><footer class=\"entry-footer\"><\/footer><\/article><article class='av-magazine-entry av-magazine-entry-id-10654 av-magazine-format-standard av-magazine-type-post av-magazine-entry-4 av-magazine-entry-small '  itemscope=\"itemscope\" itemtype=\"https:\/\/schema.org\/CreativeWork\" ><div class=\"av-magazine-thumbnail\"><a href='https:\/\/politicasdelamemoria.org\/en\/2015\/06\/centre-for-popular-memory\/' title='Link to: Centre for Popular Memory' class='av-magazine-entry-icon avia-svg-icon avia-font-svg_entypo-fontello' data-av_svg_icon='pencil' data-av_iconset='svg_entypo-fontello'><svg version=\"1.1\" xmlns=\"http:\/\/www.w3.org\/2000\/svg\" width=\"25\" height=\"32\" viewBox=\"0 0 25 32\" preserveAspectRatio=\"xMidYMid meet\" role=\"graphics-symbol\" aria-hidden=\"true\">\n<path d=\"M22.976 5.44q1.024 1.024 1.504 2.048t0.48 1.536v0.512l-8.064 8.064-9.28 9.216-7.616 1.664 1.6-7.68 9.28-9.216 8.064-8.064q1.728-0.384 4.032 1.92zM7.168 25.92l0.768-0.768q-0.064-1.408-1.664-3.008-0.704-0.704-1.44-1.12t-1.12-0.416l-0.448-0.064-0.704 0.768-0.576 2.56q0.896 0.512 1.472 1.088 0.768 0.768 1.152 1.536z\"><\/path>\n<\/svg><\/a><\/div><div class=\"av-magazine-content-wrap\"><header class=\"entry-content-header\" aria-label=\"Post: Centre for Popular Memory\"><time class='av-magazine-time updated'  itemprop=\"datePublished\" datetime=\"2015-06-22T17:59:15+02:00\" >June 22, 2015<\/time><h3 class='av-magazine-title entry-title '  itemprop=\"headline\" ><a href='https:\/\/politicasdelamemoria.org\/en\/2015\/06\/centre-for-popular-memory\/' title='Link to: Centre for Popular Memory'>Centre for Popular Memory<\/a><\/h3><\/header><\/div><footer class=\"entry-footer\"><\/footer><\/article><article class='av-magazine-entry av-magazine-entry-id-10642 av-magazine-format-standard av-magazine-type-post av-magazine-entry-5 av-magazine-entry-small '  itemscope=\"itemscope\" itemtype=\"https:\/\/schema.org\/CreativeWork\" ><div class=\"av-magazine-thumbnail\"><a href='https:\/\/politicasdelamemoria.org\/en\/2015\/06\/memory-at-war-cultural-dynamics-in-poland-russia-and-ukraine\/' title='Link to: Memory at war: Cultural Dynamics in Poland, Russia and Ukraine' class='av-magazine-entry-icon avia-svg-icon avia-font-svg_entypo-fontello' data-av_svg_icon='pencil' data-av_iconset='svg_entypo-fontello'><svg version=\"1.1\" xmlns=\"http:\/\/www.w3.org\/2000\/svg\" width=\"25\" height=\"32\" viewBox=\"0 0 25 32\" preserveAspectRatio=\"xMidYMid meet\" role=\"graphics-symbol\" aria-hidden=\"true\">\n<path d=\"M22.976 5.44q1.024 1.024 1.504 2.048t0.48 1.536v0.512l-8.064 8.064-9.28 9.216-7.616 1.664 1.6-7.68 9.28-9.216 8.064-8.064q1.728-0.384 4.032 1.92zM7.168 25.92l0.768-0.768q-0.064-1.408-1.664-3.008-0.704-0.704-1.44-1.12t-1.12-0.416l-0.448-0.064-0.704 0.768-0.576 2.56q0.896 0.512 1.472 1.088 0.768 0.768 1.152 1.536z\"><\/path>\n<\/svg><\/a><\/div><div class=\"av-magazine-content-wrap\"><header class=\"entry-content-header\" aria-label=\"Post: Memory at war: Cultural Dynamics in Poland, Russia and Ukraine\"><time class='av-magazine-time updated'  itemprop=\"datePublished\" datetime=\"2015-06-22T17:43:14+02:00\" >June 22, 2015<\/time><h3 class='av-magazine-title entry-title '  itemprop=\"headline\" ><a href='https:\/\/politicasdelamemoria.org\/en\/2015\/06\/memory-at-war-cultural-dynamics-in-poland-russia-and-ukraine\/' title='Link to: Memory at war: Cultural Dynamics in Poland, Russia and Ukraine'>Memory at war: Cultural Dynamics in Poland, Russia and Ukraine<\/a><\/h3><\/header><\/div><footer class=\"entry-footer\"><\/footer><\/article><article class='av-magazine-entry av-magazine-entry-id-10640 av-magazine-format-standard av-magazine-type-post av-magazine-entry-6 av-magazine-entry-small '  itemscope=\"itemscope\" itemtype=\"https:\/\/schema.org\/CreativeWork\" ><div class=\"av-magazine-thumbnail\"><a href='https:\/\/politicasdelamemoria.org\/en\/2015\/06\/centre-for-genocide-and-holocaust-studies\/' title='Link to: Centre for Genocide and Holocaust Studies' class='av-magazine-entry-icon avia-svg-icon avia-font-svg_entypo-fontello' data-av_svg_icon='pencil' data-av_iconset='svg_entypo-fontello'><svg version=\"1.1\" xmlns=\"http:\/\/www.w3.org\/2000\/svg\" width=\"25\" height=\"32\" viewBox=\"0 0 25 32\" preserveAspectRatio=\"xMidYMid meet\" role=\"graphics-symbol\" aria-hidden=\"true\">\n<path d=\"M22.976 5.44q1.024 1.024 1.504 2.048t0.48 1.536v0.512l-8.064 8.064-9.28 9.216-7.616 1.664 1.6-7.68 9.28-9.216 8.064-8.064q1.728-0.384 4.032 1.92zM7.168 25.92l0.768-0.768q-0.064-1.408-1.664-3.008-0.704-0.704-1.44-1.12t-1.12-0.416l-0.448-0.064-0.704 0.768-0.576 2.56q0.896 0.512 1.472 1.088 0.768 0.768 1.152 1.536z\"><\/path>\n<\/svg><\/a><\/div><div class=\"av-magazine-content-wrap\"><header class=\"entry-content-header\" aria-label=\"Post: Centre for Genocide and Holocaust Studies\"><time class='av-magazine-time updated'  itemprop=\"datePublished\" datetime=\"2015-06-22T17:41:54+02:00\" >June 22, 2015<\/time><h3 class='av-magazine-title entry-title '  itemprop=\"headline\" ><a href='https:\/\/politicasdelamemoria.org\/en\/2015\/06\/centre-for-genocide-and-holocaust-studies\/' title='Link to: Centre for Genocide and Holocaust Studies'>Centre for Genocide and Holocaust Studies<\/a><\/h3><\/header><\/div><footer class=\"entry-footer\"><\/footer><\/article><article class='av-magazine-entry av-magazine-entry-id-10638 av-magazine-format-standard av-magazine-type-post av-magazine-entry-7 av-magazine-entry-small '  itemscope=\"itemscope\" itemtype=\"https:\/\/schema.org\/CreativeWork\" ><div class=\"av-magazine-thumbnail\"><a href='https:\/\/politicasdelamemoria.org\/en\/2015\/06\/the-dynamics-of-cultural-remembrance-an-intermedial-perspective\/' title='Link to: The dynamics of cultural remembrance: an intermedial perspective' class='av-magazine-entry-icon avia-svg-icon avia-font-svg_entypo-fontello' data-av_svg_icon='pencil' data-av_iconset='svg_entypo-fontello'><svg version=\"1.1\" xmlns=\"http:\/\/www.w3.org\/2000\/svg\" width=\"25\" height=\"32\" viewBox=\"0 0 25 32\" preserveAspectRatio=\"xMidYMid meet\" role=\"graphics-symbol\" aria-hidden=\"true\">\n<path d=\"M22.976 5.44q1.024 1.024 1.504 2.048t0.48 1.536v0.512l-8.064 8.064-9.28 9.216-7.616 1.664 1.6-7.68 9.28-9.216 8.064-8.064q1.728-0.384 4.032 1.92zM7.168 25.92l0.768-0.768q-0.064-1.408-1.664-3.008-0.704-0.704-1.44-1.12t-1.12-0.416l-0.448-0.064-0.704 0.768-0.576 2.56q0.896 0.512 1.472 1.088 0.768 0.768 1.152 1.536z\"><\/path>\n<\/svg><\/a><\/div><div class=\"av-magazine-content-wrap\"><header class=\"entry-content-header\" aria-label=\"Post: The dynamics of cultural remembrance: an intermedial perspective\"><time class='av-magazine-time updated'  itemprop=\"datePublished\" datetime=\"2015-06-22T17:40:35+02:00\" >June 22, 2015<\/time><h3 class='av-magazine-title entry-title '  itemprop=\"headline\" ><a href='https:\/\/politicasdelamemoria.org\/en\/2015\/06\/the-dynamics-of-cultural-remembrance-an-intermedial-perspective\/' title='Link to: The dynamics of cultural remembrance: an intermedial perspective'>The dynamics of cultural remembrance: an intermedial perspective<\/a><\/h3><\/header><\/div><footer class=\"entry-footer\"><\/footer><\/article><article class='av-magazine-entry av-magazine-entry-id-10632 av-magazine-format-standard av-magazine-type-post av-magazine-entry-8 av-magazine-entry-small '  itemscope=\"itemscope\" itemtype=\"https:\/\/schema.org\/CreativeWork\" ><div class=\"av-magazine-thumbnail\"><a href='https:\/\/politicasdelamemoria.org\/en\/2015\/06\/proyecto-recuperacion-memoria-historica-en-extremadura\/' title='Link to: Proyecto Recuperaci\u00f3n Memoria Hist\u00f3rica en Extremadura' class='av-magazine-entry-icon avia-svg-icon avia-font-svg_entypo-fontello' data-av_svg_icon='pencil' data-av_iconset='svg_entypo-fontello'><svg version=\"1.1\" xmlns=\"http:\/\/www.w3.org\/2000\/svg\" width=\"25\" height=\"32\" viewBox=\"0 0 25 32\" preserveAspectRatio=\"xMidYMid meet\" role=\"graphics-symbol\" aria-hidden=\"true\">\n<path d=\"M22.976 5.44q1.024 1.024 1.504 2.048t0.48 1.536v0.512l-8.064 8.064-9.28 9.216-7.616 1.664 1.6-7.68 9.28-9.216 8.064-8.064q1.728-0.384 4.032 1.92zM7.168 25.92l0.768-0.768q-0.064-1.408-1.664-3.008-0.704-0.704-1.44-1.12t-1.12-0.416l-0.448-0.064-0.704 0.768-0.576 2.56q0.896 0.512 1.472 1.088 0.768 0.768 1.152 1.536z\"><\/path>\n<\/svg><\/a><\/div><div class=\"av-magazine-content-wrap\"><header class=\"entry-content-header\" aria-label=\"Post: Proyecto Recuperaci\u00f3n Memoria Hist\u00f3rica en Extremadura\"><time class='av-magazine-time updated'  itemprop=\"datePublished\" datetime=\"2015-06-22T17:36:04+02:00\" >June 22, 2015<\/time><h3 class='av-magazine-title entry-title '  itemprop=\"headline\" ><a href='https:\/\/politicasdelamemoria.org\/en\/2015\/06\/proyecto-recuperacion-memoria-historica-en-extremadura\/' title='Link to: Proyecto Recuperaci\u00f3n Memoria Hist\u00f3rica en Extremadura'>Proyecto Recuperaci\u00f3n Memoria Hist\u00f3rica en Extremadura<\/a><\/h3><\/header><\/div><footer class=\"entry-footer\"><\/footer><\/article><article class='av-magazine-entry av-magazine-entry-id-10626 av-magazine-format-standard av-magazine-type-post av-magazine-entry-9 av-magazine-entry-small '  itemscope=\"itemscope\" itemtype=\"https:\/\/schema.org\/CreativeWork\" ><div class=\"av-magazine-thumbnail\"><a href='https:\/\/politicasdelamemoria.org\/en\/2015\/06\/nucleo-de-estudios-sobre-memoria\/' title='Link to: N\u00facleo de Estudios sobre Memoria' class='av-magazine-entry-icon avia-svg-icon avia-font-svg_entypo-fontello' data-av_svg_icon='pencil' data-av_iconset='svg_entypo-fontello'><svg version=\"1.1\" xmlns=\"http:\/\/www.w3.org\/2000\/svg\" width=\"25\" height=\"32\" viewBox=\"0 0 25 32\" preserveAspectRatio=\"xMidYMid meet\" role=\"graphics-symbol\" aria-hidden=\"true\">\n<path d=\"M22.976 5.44q1.024 1.024 1.504 2.048t0.48 1.536v0.512l-8.064 8.064-9.28 9.216-7.616 1.664 1.6-7.68 9.28-9.216 8.064-8.064q1.728-0.384 4.032 1.92zM7.168 25.92l0.768-0.768q-0.064-1.408-1.664-3.008-0.704-0.704-1.44-1.12t-1.12-0.416l-0.448-0.064-0.704 0.768-0.576 2.56q0.896 0.512 1.472 1.088 0.768 0.768 1.152 1.536z\"><\/path>\n<\/svg><\/a><\/div><div class=\"av-magazine-content-wrap\"><header class=\"entry-content-header\" aria-label=\"Post: N\u00facleo de Estudios sobre Memoria\"><time class='av-magazine-time updated'  itemprop=\"datePublished\" datetime=\"2015-06-22T17:25:51+02:00\" >June 22, 2015<\/time><h3 class='av-magazine-title entry-title '  itemprop=\"headline\" ><a href='https:\/\/politicasdelamemoria.org\/en\/2015\/06\/nucleo-de-estudios-sobre-memoria\/' title='Link to: N\u00facleo de Estudios sobre Memoria'>N\u00facleo de Estudios sobre Memoria<\/a><\/h3><\/header><\/div><footer class=\"entry-footer\"><\/footer><\/article><article class='av-magazine-entry av-magazine-entry-id-10624 av-magazine-format-standard av-magazine-type-post av-magazine-entry-10 av-magazine-entry-small '  itemscope=\"itemscope\" itemtype=\"https:\/\/schema.org\/CreativeWork\" ><div class=\"av-magazine-thumbnail\"><a href='https:\/\/politicasdelamemoria.org\/en\/2015\/06\/bosnian-bones-spanish-ghosts-%c2%91transitional-justice%c2%92-and-the-legal-shaping-of-memory-after-two-modern-conflicts\/' title='Link to: Bosnian Bones, Spanish Ghosts: \u0091Transitional Justice\u0092 and the Legal Shaping of Memory after Two Modern Conflicts' class='av-magazine-entry-icon avia-svg-icon avia-font-svg_entypo-fontello' data-av_svg_icon='pencil' data-av_iconset='svg_entypo-fontello'><svg version=\"1.1\" xmlns=\"http:\/\/www.w3.org\/2000\/svg\" width=\"25\" height=\"32\" viewBox=\"0 0 25 32\" preserveAspectRatio=\"xMidYMid meet\" role=\"graphics-symbol\" aria-hidden=\"true\">\n<path d=\"M22.976 5.44q1.024 1.024 1.504 2.048t0.48 1.536v0.512l-8.064 8.064-9.28 9.216-7.616 1.664 1.6-7.68 9.28-9.216 8.064-8.064q1.728-0.384 4.032 1.92zM7.168 25.92l0.768-0.768q-0.064-1.408-1.664-3.008-0.704-0.704-1.44-1.12t-1.12-0.416l-0.448-0.064-0.704 0.768-0.576 2.56q0.896 0.512 1.472 1.088 0.768 0.768 1.152 1.536z\"><\/path>\n<\/svg><\/a><\/div><div class=\"av-magazine-content-wrap\"><header class=\"entry-content-header\" aria-label=\"Post: Bosnian Bones, Spanish Ghosts: \u0091Transitional Justice\u0092 and the Legal Shaping of Memory after Two Modern Conflicts\"><time class='av-magazine-time updated'  itemprop=\"datePublished\" datetime=\"2015-06-22T17:16:59+02:00\" >June 22, 2015<\/time><h3 class='av-magazine-title entry-title '  itemprop=\"headline\" ><a href='https:\/\/politicasdelamemoria.org\/en\/2015\/06\/bosnian-bones-spanish-ghosts-%c2%91transitional-justice%c2%92-and-the-legal-shaping-of-memory-after-two-modern-conflicts\/' title='Link to: Bosnian Bones, Spanish Ghosts: \u0091Transitional Justice\u0092 and the Legal Shaping of Memory after Two Modern Conflicts'>Bosnian Bones, Spanish Ghosts: \u0091Transitional Justice\u0092 and the Legal Shaping of Memory after Two Modern Conflicts<\/a><\/h3><\/header><\/div><footer class=\"entry-footer\"><\/footer><\/article><\/div><div class='av-magazine-group av-hidden-mag sort_632'><article class='av-magazine-entry av-magazine-entry-id-13865 av-magazine-format-standard av-magazine-type-post av-magazine-entry-1 av-magazine-entry-small '  itemscope=\"itemscope\" itemtype=\"https:\/\/schema.org\/CreativeWork\" ><div class=\"av-magazine-thumbnail\"><a href='https:\/\/politicasdelamemoria.org\/en\/2017\/10\/greyzone-2\/' title='Link to: Greyzone' class='av-magazine-entry-icon avia-svg-icon avia-font-svg_entypo-fontello' data-av_svg_icon='pencil' data-av_iconset='svg_entypo-fontello'><svg version=\"1.1\" xmlns=\"http:\/\/www.w3.org\/2000\/svg\" width=\"25\" height=\"32\" viewBox=\"0 0 25 32\" preserveAspectRatio=\"xMidYMid meet\" role=\"graphics-symbol\" aria-hidden=\"true\">\n<path d=\"M22.976 5.44q1.024 1.024 1.504 2.048t0.48 1.536v0.512l-8.064 8.064-9.28 9.216-7.616 1.664 1.6-7.68 9.28-9.216 8.064-8.064q1.728-0.384 4.032 1.92zM7.168 25.92l0.768-0.768q-0.064-1.408-1.664-3.008-0.704-0.704-1.44-1.12t-1.12-0.416l-0.448-0.064-0.704 0.768-0.576 2.56q0.896 0.512 1.472 1.088 0.768 0.768 1.152 1.536z\"><\/path>\n<\/svg><\/a><\/div><div class=\"av-magazine-content-wrap\"><header class=\"entry-content-header\" aria-label=\"Post: Greyzone\"><time class='av-magazine-time updated'  itemprop=\"datePublished\" datetime=\"2017-10-04T13:50:03+02:00\" >October 4, 2017<\/time><h3 class='av-magazine-title entry-title '  itemprop=\"headline\" ><a href='https:\/\/politicasdelamemoria.org\/en\/2017\/10\/greyzone-2\/' title='Link to: Greyzone'>Greyzone<\/a><\/h3><\/header><\/div><footer class=\"entry-footer\"><\/footer><\/article><article class='av-magazine-entry av-magazine-entry-id-11396 av-magazine-format-standard av-magazine-type-post av-magazine-entry-2 av-magazine-entry-small '  itemscope=\"itemscope\" itemtype=\"https:\/\/schema.org\/CreativeWork\" ><div class=\"av-magazine-thumbnail\"><a href='https:\/\/politicasdelamemoria.org\/en\/2016\/02\/scientific-association-justicia-memoria-narracion-y-cultura-jusmenacu\/' title='Link to: Scientific association &#8220;Justice: Memory, Narration and Culture (JUSMENACU)&#8221;' class='av-magazine-entry-icon avia-svg-icon avia-font-svg_entypo-fontello' data-av_svg_icon='pencil' data-av_iconset='svg_entypo-fontello'><svg version=\"1.1\" xmlns=\"http:\/\/www.w3.org\/2000\/svg\" width=\"25\" height=\"32\" viewBox=\"0 0 25 32\" preserveAspectRatio=\"xMidYMid meet\" role=\"graphics-symbol\" aria-hidden=\"true\">\n<path d=\"M22.976 5.44q1.024 1.024 1.504 2.048t0.48 1.536v0.512l-8.064 8.064-9.28 9.216-7.616 1.664 1.6-7.68 9.28-9.216 8.064-8.064q1.728-0.384 4.032 1.92zM7.168 25.92l0.768-0.768q-0.064-1.408-1.664-3.008-0.704-0.704-1.44-1.12t-1.12-0.416l-0.448-0.064-0.704 0.768-0.576 2.56q0.896 0.512 1.472 1.088 0.768 0.768 1.152 1.536z\"><\/path>\n<\/svg><\/a><\/div><div class=\"av-magazine-content-wrap\"><header class=\"entry-content-header\" aria-label=\"Post: Scientific association &quot;Justice: Memory, Narration and Culture (JUSMENACU)&quot;\"><time class='av-magazine-time updated'  itemprop=\"datePublished\" datetime=\"2016-02-26T10:44:55+01:00\" >February 26, 2016<\/time><h3 class='av-magazine-title entry-title '  itemprop=\"headline\" ><a href='https:\/\/politicasdelamemoria.org\/en\/2016\/02\/scientific-association-justicia-memoria-narracion-y-cultura-jusmenacu\/' title='Link to: Scientific association &#8220;Justice: Memory, Narration and Culture (JUSMENACU)&#8221;'>Scientific association &#8220;Justice: Memory, Narration and Culture (JUSMENACU)&#8221;<\/a><\/h3><\/header><\/div><footer class=\"entry-footer\"><\/footer><\/article><article class='av-magazine-entry av-magazine-entry-id-11077 av-magazine-format-standard av-magazine-type-post av-magazine-entry-3 av-magazine-entry-small '  itemscope=\"itemscope\" itemtype=\"https:\/\/schema.org\/CreativeWork\" ><div class=\"av-magazine-thumbnail\"><a href='https:\/\/politicasdelamemoria.org\/en\/2015\/11\/european-observatory-on-memories-2\/' title='Link to: European Observatory on Memories' class='av-magazine-entry-icon avia-svg-icon avia-font-svg_entypo-fontello' data-av_svg_icon='pencil' data-av_iconset='svg_entypo-fontello'><svg version=\"1.1\" xmlns=\"http:\/\/www.w3.org\/2000\/svg\" width=\"25\" height=\"32\" viewBox=\"0 0 25 32\" preserveAspectRatio=\"xMidYMid meet\" role=\"graphics-symbol\" aria-hidden=\"true\">\n<path d=\"M22.976 5.44q1.024 1.024 1.504 2.048t0.48 1.536v0.512l-8.064 8.064-9.28 9.216-7.616 1.664 1.6-7.68 9.28-9.216 8.064-8.064q1.728-0.384 4.032 1.92zM7.168 25.92l0.768-0.768q-0.064-1.408-1.664-3.008-0.704-0.704-1.44-1.12t-1.12-0.416l-0.448-0.064-0.704 0.768-0.576 2.56q0.896 0.512 1.472 1.088 0.768 0.768 1.152 1.536z\"><\/path>\n<\/svg><\/a><\/div><div class=\"av-magazine-content-wrap\"><header class=\"entry-content-header\" aria-label=\"Post: European Observatory on Memories\"><time class='av-magazine-time updated'  itemprop=\"datePublished\" datetime=\"2015-11-11T12:57:55+01:00\" >November 11, 2015<\/time><h3 class='av-magazine-title entry-title '  itemprop=\"headline\" ><a href='https:\/\/politicasdelamemoria.org\/en\/2015\/11\/european-observatory-on-memories-2\/' title='Link to: European Observatory on Memories'>European Observatory on Memories<\/a><\/h3><\/header><\/div><footer class=\"entry-footer\"><\/footer><\/article><article class='av-magazine-entry av-magazine-entry-id-10659 av-magazine-format-standard av-magazine-type-post av-magazine-entry-4 av-magazine-entry-small '  itemscope=\"itemscope\" itemtype=\"https:\/\/schema.org\/CreativeWork\" ><div class=\"av-magazine-thumbnail\"><a href='https:\/\/politicasdelamemoria.org\/en\/2015\/06\/el-cost-huma-de-la-guerra-civil-a-catalunya\/' title='Link to: El cost hum\u00e0 de la Guerra Civil a Catalunya' class='av-magazine-entry-icon avia-svg-icon avia-font-svg_entypo-fontello' data-av_svg_icon='pencil' data-av_iconset='svg_entypo-fontello'><svg version=\"1.1\" xmlns=\"http:\/\/www.w3.org\/2000\/svg\" width=\"25\" height=\"32\" viewBox=\"0 0 25 32\" preserveAspectRatio=\"xMidYMid meet\" role=\"graphics-symbol\" aria-hidden=\"true\">\n<path d=\"M22.976 5.44q1.024 1.024 1.504 2.048t0.48 1.536v0.512l-8.064 8.064-9.28 9.216-7.616 1.664 1.6-7.68 9.28-9.216 8.064-8.064q1.728-0.384 4.032 1.92zM7.168 25.92l0.768-0.768q-0.064-1.408-1.664-3.008-0.704-0.704-1.44-1.12t-1.12-0.416l-0.448-0.064-0.704 0.768-0.576 2.56q0.896 0.512 1.472 1.088 0.768 0.768 1.152 1.536z\"><\/path>\n<\/svg><\/a><\/div><div class=\"av-magazine-content-wrap\"><header class=\"entry-content-header\" aria-label=\"Post: El cost hum\u00e0 de la Guerra Civil a Catalunya\"><time class='av-magazine-time updated'  itemprop=\"datePublished\" datetime=\"2015-06-22T18:02:50+02:00\" >June 22, 2015<\/time><h3 class='av-magazine-title entry-title '  itemprop=\"headline\" ><a href='https:\/\/politicasdelamemoria.org\/en\/2015\/06\/el-cost-huma-de-la-guerra-civil-a-catalunya\/' title='Link to: El cost hum\u00e0 de la Guerra Civil a Catalunya'>El cost hum\u00e0 de la Guerra Civil a Catalunya<\/a><\/h3><\/header><\/div><footer class=\"entry-footer\"><\/footer><\/article><article class='av-magazine-entry av-magazine-entry-id-10654 av-magazine-format-standard av-magazine-type-post av-magazine-entry-5 av-magazine-entry-small '  itemscope=\"itemscope\" itemtype=\"https:\/\/schema.org\/CreativeWork\" ><div class=\"av-magazine-thumbnail\"><a href='https:\/\/politicasdelamemoria.org\/en\/2015\/06\/centre-for-popular-memory\/' title='Link to: Centre for Popular Memory' class='av-magazine-entry-icon avia-svg-icon avia-font-svg_entypo-fontello' data-av_svg_icon='pencil' data-av_iconset='svg_entypo-fontello'><svg version=\"1.1\" xmlns=\"http:\/\/www.w3.org\/2000\/svg\" width=\"25\" height=\"32\" viewBox=\"0 0 25 32\" preserveAspectRatio=\"xMidYMid meet\" role=\"graphics-symbol\" aria-hidden=\"true\">\n<path d=\"M22.976 5.44q1.024 1.024 1.504 2.048t0.48 1.536v0.512l-8.064 8.064-9.28 9.216-7.616 1.664 1.6-7.68 9.28-9.216 8.064-8.064q1.728-0.384 4.032 1.92zM7.168 25.92l0.768-0.768q-0.064-1.408-1.664-3.008-0.704-0.704-1.44-1.12t-1.12-0.416l-0.448-0.064-0.704 0.768-0.576 2.56q0.896 0.512 1.472 1.088 0.768 0.768 1.152 1.536z\"><\/path>\n<\/svg><\/a><\/div><div class=\"av-magazine-content-wrap\"><header class=\"entry-content-header\" aria-label=\"Post: Centre for Popular Memory\"><time class='av-magazine-time updated'  itemprop=\"datePublished\" datetime=\"2015-06-22T17:59:15+02:00\" >June 22, 2015<\/time><h3 class='av-magazine-title entry-title '  itemprop=\"headline\" ><a href='https:\/\/politicasdelamemoria.org\/en\/2015\/06\/centre-for-popular-memory\/' title='Link to: Centre for Popular Memory'>Centre for Popular Memory<\/a><\/h3><\/header><\/div><footer class=\"entry-footer\"><\/footer><\/article><article class='av-magazine-entry av-magazine-entry-id-10651 av-magazine-format-standard av-magazine-type-post av-magazine-entry-6 av-magazine-entry-small '  itemscope=\"itemscope\" itemtype=\"https:\/\/schema.org\/CreativeWork\" ><div class=\"av-magazine-thumbnail\"><a href='https:\/\/politicasdelamemoria.org\/en\/2015\/06\/the-museum-of-memor-chile\/' title='Link to: The Museum of Memory and Human Rights (Chile)' class='av-magazine-entry-icon avia-svg-icon avia-font-svg_entypo-fontello' data-av_svg_icon='pencil' data-av_iconset='svg_entypo-fontello'><svg version=\"1.1\" xmlns=\"http:\/\/www.w3.org\/2000\/svg\" width=\"25\" height=\"32\" viewBox=\"0 0 25 32\" preserveAspectRatio=\"xMidYMid meet\" role=\"graphics-symbol\" aria-hidden=\"true\">\n<path d=\"M22.976 5.44q1.024 1.024 1.504 2.048t0.48 1.536v0.512l-8.064 8.064-9.28 9.216-7.616 1.664 1.6-7.68 9.28-9.216 8.064-8.064q1.728-0.384 4.032 1.92zM7.168 25.92l0.768-0.768q-0.064-1.408-1.664-3.008-0.704-0.704-1.44-1.12t-1.12-0.416l-0.448-0.064-0.704 0.768-0.576 2.56q0.896 0.512 1.472 1.088 0.768 0.768 1.152 1.536z\"><\/path>\n<\/svg><\/a><\/div><div class=\"av-magazine-content-wrap\"><header class=\"entry-content-header\" aria-label=\"Post: The Museum of Memory and Human Rights (Chile)\"><time class='av-magazine-time updated'  itemprop=\"datePublished\" datetime=\"2015-06-22T17:56:53+02:00\" >June 22, 2015<\/time><h3 class='av-magazine-title entry-title '  itemprop=\"headline\" ><a href='https:\/\/politicasdelamemoria.org\/en\/2015\/06\/the-museum-of-memor-chile\/' title='Link to: The Museum of Memory and Human Rights (Chile)'>The Museum of Memory and Human Rights (Chile)<\/a><\/h3><\/header><\/div><footer class=\"entry-footer\"><\/footer><\/article><article class='av-magazine-entry av-magazine-entry-id-10642 av-magazine-format-standard av-magazine-type-post av-magazine-entry-7 av-magazine-entry-small '  itemscope=\"itemscope\" itemtype=\"https:\/\/schema.org\/CreativeWork\" ><div class=\"av-magazine-thumbnail\"><a href='https:\/\/politicasdelamemoria.org\/en\/2015\/06\/memory-at-war-cultural-dynamics-in-poland-russia-and-ukraine\/' title='Link to: Memory at war: Cultural Dynamics in Poland, Russia and Ukraine' class='av-magazine-entry-icon avia-svg-icon avia-font-svg_entypo-fontello' data-av_svg_icon='pencil' data-av_iconset='svg_entypo-fontello'><svg version=\"1.1\" xmlns=\"http:\/\/www.w3.org\/2000\/svg\" width=\"25\" height=\"32\" viewBox=\"0 0 25 32\" preserveAspectRatio=\"xMidYMid meet\" role=\"graphics-symbol\" aria-hidden=\"true\">\n<path d=\"M22.976 5.44q1.024 1.024 1.504 2.048t0.48 1.536v0.512l-8.064 8.064-9.28 9.216-7.616 1.664 1.6-7.68 9.28-9.216 8.064-8.064q1.728-0.384 4.032 1.92zM7.168 25.92l0.768-0.768q-0.064-1.408-1.664-3.008-0.704-0.704-1.44-1.12t-1.12-0.416l-0.448-0.064-0.704 0.768-0.576 2.56q0.896 0.512 1.472 1.088 0.768 0.768 1.152 1.536z\"><\/path>\n<\/svg><\/a><\/div><div class=\"av-magazine-content-wrap\"><header class=\"entry-content-header\" aria-label=\"Post: Memory at war: Cultural Dynamics in Poland, Russia and Ukraine\"><time class='av-magazine-time updated'  itemprop=\"datePublished\" datetime=\"2015-06-22T17:43:14+02:00\" >June 22, 2015<\/time><h3 class='av-magazine-title entry-title '  itemprop=\"headline\" ><a href='https:\/\/politicasdelamemoria.org\/en\/2015\/06\/memory-at-war-cultural-dynamics-in-poland-russia-and-ukraine\/' title='Link to: Memory at war: Cultural Dynamics in Poland, Russia and Ukraine'>Memory at war: Cultural Dynamics in Poland, Russia and Ukraine<\/a><\/h3><\/header><\/div><footer class=\"entry-footer\"><\/footer><\/article><article class='av-magazine-entry av-magazine-entry-id-10640 av-magazine-format-standard av-magazine-type-post av-magazine-entry-8 av-magazine-entry-small '  itemscope=\"itemscope\" itemtype=\"https:\/\/schema.org\/CreativeWork\" ><div class=\"av-magazine-thumbnail\"><a href='https:\/\/politicasdelamemoria.org\/en\/2015\/06\/centre-for-genocide-and-holocaust-studies\/' title='Link to: Centre for Genocide and Holocaust Studies' class='av-magazine-entry-icon avia-svg-icon avia-font-svg_entypo-fontello' data-av_svg_icon='pencil' data-av_iconset='svg_entypo-fontello'><svg version=\"1.1\" xmlns=\"http:\/\/www.w3.org\/2000\/svg\" width=\"25\" height=\"32\" viewBox=\"0 0 25 32\" preserveAspectRatio=\"xMidYMid meet\" role=\"graphics-symbol\" aria-hidden=\"true\">\n<path d=\"M22.976 5.44q1.024 1.024 1.504 2.048t0.48 1.536v0.512l-8.064 8.064-9.28 9.216-7.616 1.664 1.6-7.68 9.28-9.216 8.064-8.064q1.728-0.384 4.032 1.92zM7.168 25.92l0.768-0.768q-0.064-1.408-1.664-3.008-0.704-0.704-1.44-1.12t-1.12-0.416l-0.448-0.064-0.704 0.768-0.576 2.56q0.896 0.512 1.472 1.088 0.768 0.768 1.152 1.536z\"><\/path>\n<\/svg><\/a><\/div><div class=\"av-magazine-content-wrap\"><header class=\"entry-content-header\" aria-label=\"Post: Centre for Genocide and Holocaust Studies\"><time class='av-magazine-time updated'  itemprop=\"datePublished\" datetime=\"2015-06-22T17:41:54+02:00\" >June 22, 2015<\/time><h3 class='av-magazine-title entry-title '  itemprop=\"headline\" ><a href='https:\/\/politicasdelamemoria.org\/en\/2015\/06\/centre-for-genocide-and-holocaust-studies\/' title='Link to: Centre for Genocide and Holocaust Studies'>Centre for Genocide and Holocaust Studies<\/a><\/h3><\/header><\/div><footer class=\"entry-footer\"><\/footer><\/article><article class='av-magazine-entry av-magazine-entry-id-10638 av-magazine-format-standard av-magazine-type-post av-magazine-entry-9 av-magazine-entry-small '  itemscope=\"itemscope\" itemtype=\"https:\/\/schema.org\/CreativeWork\" ><div class=\"av-magazine-thumbnail\"><a href='https:\/\/politicasdelamemoria.org\/en\/2015\/06\/the-dynamics-of-cultural-remembrance-an-intermedial-perspective\/' title='Link to: The dynamics of cultural remembrance: an intermedial perspective' class='av-magazine-entry-icon avia-svg-icon avia-font-svg_entypo-fontello' data-av_svg_icon='pencil' data-av_iconset='svg_entypo-fontello'><svg version=\"1.1\" xmlns=\"http:\/\/www.w3.org\/2000\/svg\" width=\"25\" height=\"32\" viewBox=\"0 0 25 32\" preserveAspectRatio=\"xMidYMid meet\" role=\"graphics-symbol\" aria-hidden=\"true\">\n<path d=\"M22.976 5.44q1.024 1.024 1.504 2.048t0.48 1.536v0.512l-8.064 8.064-9.28 9.216-7.616 1.664 1.6-7.68 9.28-9.216 8.064-8.064q1.728-0.384 4.032 1.92zM7.168 25.92l0.768-0.768q-0.064-1.408-1.664-3.008-0.704-0.704-1.44-1.12t-1.12-0.416l-0.448-0.064-0.704 0.768-0.576 2.56q0.896 0.512 1.472 1.088 0.768 0.768 1.152 1.536z\"><\/path>\n<\/svg><\/a><\/div><div class=\"av-magazine-content-wrap\"><header class=\"entry-content-header\" aria-label=\"Post: The dynamics of cultural remembrance: an intermedial perspective\"><time class='av-magazine-time updated'  itemprop=\"datePublished\" datetime=\"2015-06-22T17:40:35+02:00\" >June 22, 2015<\/time><h3 class='av-magazine-title entry-title '  itemprop=\"headline\" ><a href='https:\/\/politicasdelamemoria.org\/en\/2015\/06\/the-dynamics-of-cultural-remembrance-an-intermedial-perspective\/' title='Link to: The dynamics of cultural remembrance: an intermedial perspective'>The dynamics of cultural remembrance: an intermedial perspective<\/a><\/h3><\/header><\/div><footer class=\"entry-footer\"><\/footer><\/article><article class='av-magazine-entry av-magazine-entry-id-10632 av-magazine-format-standard av-magazine-type-post av-magazine-entry-10 av-magazine-entry-small '  itemscope=\"itemscope\" itemtype=\"https:\/\/schema.org\/CreativeWork\" ><div class=\"av-magazine-thumbnail\"><a href='https:\/\/politicasdelamemoria.org\/en\/2015\/06\/proyecto-recuperacion-memoria-historica-en-extremadura\/' title='Link to: Proyecto Recuperaci\u00f3n Memoria Hist\u00f3rica en Extremadura' class='av-magazine-entry-icon avia-svg-icon avia-font-svg_entypo-fontello' data-av_svg_icon='pencil' data-av_iconset='svg_entypo-fontello'><svg version=\"1.1\" xmlns=\"http:\/\/www.w3.org\/2000\/svg\" width=\"25\" height=\"32\" viewBox=\"0 0 25 32\" preserveAspectRatio=\"xMidYMid meet\" role=\"graphics-symbol\" aria-hidden=\"true\">\n<path d=\"M22.976 5.44q1.024 1.024 1.504 2.048t0.48 1.536v0.512l-8.064 8.064-9.28 9.216-7.616 1.664 1.6-7.68 9.28-9.216 8.064-8.064q1.728-0.384 4.032 1.92zM7.168 25.92l0.768-0.768q-0.064-1.408-1.664-3.008-0.704-0.704-1.44-1.12t-1.12-0.416l-0.448-0.064-0.704 0.768-0.576 2.56q0.896 0.512 1.472 1.088 0.768 0.768 1.152 1.536z\"><\/path>\n<\/svg><\/a><\/div><div class=\"av-magazine-content-wrap\"><header class=\"entry-content-header\" aria-label=\"Post: Proyecto Recuperaci\u00f3n Memoria Hist\u00f3rica en Extremadura\"><time class='av-magazine-time updated'  itemprop=\"datePublished\" datetime=\"2015-06-22T17:36:04+02:00\" >June 22, 2015<\/time><h3 class='av-magazine-title entry-title '  itemprop=\"headline\" ><a href='https:\/\/politicasdelamemoria.org\/en\/2015\/06\/proyecto-recuperacion-memoria-historica-en-extremadura\/' title='Link to: Proyecto Recuperaci\u00f3n Memoria Hist\u00f3rica en Extremadura'>Proyecto Recuperaci\u00f3n Memoria Hist\u00f3rica en Extremadura<\/a><\/h3><\/header><\/div><footer class=\"entry-footer\"><\/footer><\/article><\/div><\/div><br \/>\n<div  class='avia-button-wrap av-av_button-91713d490ce4ca7aa37f8db965f2ea4f-wrap avia-button-right  avia-builder-el-11  el_after_av_magazine  avia-builder-el-last '><a href='https:\/\/politicasdelamemoria.org\/en\/resources\/linkshm\/'  class='avia-button av-av_button-91713d490ce4ca7aa37f8db965f2ea4f av-link-btn avia-icon_select-yes-left-icon avia-size-medium avia-position-right avia-color-theme-color'   aria-label=\"All links\"><span class='avia_button_icon avia_button_icon_left avia-iconfont avia-font-entypo-fontello' data-av_icon='\ue822' data-av_iconfont='entypo-fontello' ><\/span><span class='avia_iconbox_title' >All links<\/span><\/a><\/div><\/p><\/div><\/p>\n","protected":false},"excerpt":{"rendered":"","protected":false},"author":2,"featured_media":0,"parent":0,"menu_order":0,"comment_status":"open","ping_status":"closed","template":"","meta":{"footnotes":""},"class_list":["post-3054","page","type-page","status-publish","hentry"],"_links":{"self":[{"href":"https:\/\/politicasdelamemoria.org\/en\/wp-json\/wp\/v2\/pages\/3054","targetHints":{"allow":["GET"]}}],"collection":[{"href":"https:\/\/politicasdelamemoria.org\/en\/wp-json\/wp\/v2\/pages"}],"about":[{"href":"https:\/\/politicasdelamemoria.org\/en\/wp-json\/wp\/v2\/types\/page"}],"author":[{"embeddable":true,"href":"https:\/\/politicasdelamemoria.org\/en\/wp-json\/wp\/v2\/users\/2"}],"replies":[{"embeddable":true,"href":"https:\/\/politicasdelamemoria.org\/en\/wp-json\/wp\/v2\/comments?post=3054"}],"version-history":[{"count":0,"href":"https:\/\/politicasdelamemoria.org\/en\/wp-json\/wp\/v2\/pages\/3054\/revisions"}],"wp:attachment":[{"href":"https:\/\/politicasdelamemoria.org\/en\/wp-json\/wp\/v2\/media?parent=3054"}],"curies":[{"name":"wp","href":"https:\/\/api.w.org\/{rel}","templated":true}]}}