{"id":3532,"date":"2015-01-29T14:23:28","date_gmt":"2015-01-29T13:23:28","guid":{"rendered":"https:\/\/politicasdelamemoria.org\/recomendaciones-2\/"},"modified":"2015-03-06T13:22:43","modified_gmt":"2015-03-06T12:22:43","slug":"recommendations","status":"publish","type":"page","link":"https:\/\/politicasdelamemoria.org\/en\/recommendations\/","title":{"rendered":"Recommendations"},"content":{"rendered":"\n<style type=\"text\/css\" data-created_by=\"avia_inline_auto\" id=\"style-css-av-av_section-09523cfa1ea206ed0139a84e20fe1af0\">\n.avia-section.av-av_section-09523cfa1ea206ed0139a84e20fe1af0{\nbackground-repeat:repeat;\nbackground-image:url(https:&#47;&#x2f;&#112;&#x6f;l&#105;&#x74;&#105;&#x63;a&#x73;d&#101;&#x6c;&#97;&#x6d;e&#x6d;&#x6f;&#114;&#x69;a&#x2e;o&#114;&#x67;&#47;&#x77;p&#x2d;c&#111;&#x6e;&#116;&#x65;n&#116;&#x2f;&#117;&#x70;l&#x6f;a&#100;&#x73;&#47;&#x32;0&#x31;&#x35;&#47;&#x30;&#49;&#x2f;c&#114;&#x6f;&#115;&#x73;_&#x73;c&#114;&#x61;&#116;&#x63;h&#x65;&#x73;&#95;&#x40;2&#x58;&#46;&#112;&#x6e;&#103;);\nbackground-position:50% 50%;\nbackground-attachment:fixed;\n}\n<\/style>\n<div id='av_section_1'  class='avia-section av-av_section-09523cfa1ea206ed0139a84e20fe1af0 main_color avia-section-no-padding avia-no-border-styling  avia-builder-el-0  el_before_av_hr  avia-builder-el-first  avia-bg-style-fixed av-minimum-height av-minimum-height-custom av-height-custom  container_wrap sidebar_right'  data-section-bg-repeat='repeat' data-av_minimum_height_px='15'><div class='container av-section-cont-open' style='height:15px'><main  role=\"main\" itemprop=\"mainContentOfPage\"  class='template-page content  av-content-small alpha units'><div class='post-entry post-entry-type-page post-entry-3532'><div class='entry-content-wrapper clearfix'>\n\n<style type=\"text\/css\" data-created_by=\"avia_inline_auto\" id=\"style-css-av-av_hr-5d1c4aac81b541ce9e9b2db5773b7f16\">\n#top .hr.hr-invisible.av-av_hr-5d1c4aac81b541ce9e9b2db5773b7f16{\nheight:4px;\n}\n<\/style>\n<div  class='hr av-av_hr-5d1c4aac81b541ce9e9b2db5773b7f16 hr-invisible  avia-builder-el-1  el_before_av_heading  avia-builder-el-first '><span class='hr-inner '><span class=\"hr-inner-style\"><\/span><\/span><\/div>\n\n<style type=\"text\/css\" data-created_by=\"avia_inline_auto\" id=\"style-css-av-av_heading-189b6ee23c59e15fbe254f501133ce33\">\n#top .av-special-heading.av-av_heading-189b6ee23c59e15fbe254f501133ce33{\npadding-bottom:10px;\ncolor:#470b0b;\n}\nbody .av-special-heading.av-av_heading-189b6ee23c59e15fbe254f501133ce33 .av-special-heading-tag .heading-char{\nfont-size:25px;\n}\n.av-special-heading.av-av_heading-189b6ee23c59e15fbe254f501133ce33 .special-heading-inner-border{\nborder-color:#470b0b;\n}\n.av-special-heading.av-av_heading-189b6ee23c59e15fbe254f501133ce33 .av-subheading{\nfont-size:15px;\n}\n<\/style>\n<div  class='av-special-heading av-av_heading-189b6ee23c59e15fbe254f501133ce33 av-special-heading-h4 custom-color-heading blockquote modern-quote  avia-builder-el-2  el_after_av_hr  avia-builder-el-last '><h4 class='av-special-heading-tag '  itemprop=\"headline\"  >Recommendations<\/h4><div class=\"special-heading-border\"><div class=\"special-heading-inner-border\"><\/div><\/div><\/div>\n<\/div><\/div><\/main><!-- close content main element --><\/div><\/div><div id='after_section_1'  class='main_color av_default_container_wrap container_wrap sidebar_right'  ><div class='container av-section-cont-open' ><div class='template-page content  av-content-small alpha units'><div class='post-entry post-entry-type-page post-entry-3532'><div class='entry-content-wrapper clearfix'>\n\n<style type=\"text\/css\" data-created_by=\"avia_inline_auto\" id=\"style-css-av-av_hr-0688d0b0b6ed2f8b057db7a8270206df\">\n#top .hr.hr-invisible.av-av_hr-0688d0b0b6ed2f8b057db7a8270206df{\nheight:50px;\n}\n<\/style>\n<div  class='hr av-av_hr-0688d0b0b6ed2f8b057db7a8270206df hr-invisible  avia-builder-el-3  el_after_av_section  el_before_av_two_fifth  avia-builder-el-first '><span class='hr-inner '><span class=\"hr-inner-style\"><\/span><\/span><\/div>\n<div  class='flex_column av-av_two_fifth-2a9015ff38129c418a3f2eafba3e9512 av_two_fifth  avia-builder-el-4  el_after_av_hr  el_before_av_three_fifth  first flex_column_div  '     ><p>\n<style type=\"text\/css\" data-created_by=\"avia_inline_auto\" id=\"style-css-av-av_heading-92a23e78c849155ba1f2214117f51615\">\n#top .av-special-heading.av-av_heading-92a23e78c849155ba1f2214117f51615{\npadding-bottom:10px;\ncolor:#470b0b;\n}\nbody .av-special-heading.av-av_heading-92a23e78c849155ba1f2214117f51615 .av-special-heading-tag .heading-char{\nfont-size:25px;\n}\n.av-special-heading.av-av_heading-92a23e78c849155ba1f2214117f51615 .special-heading-inner-border{\nborder-color:#470b0b;\n}\n.av-special-heading.av-av_heading-92a23e78c849155ba1f2214117f51615 .av-subheading{\nfont-size:15px;\n}\n<\/style>\n<div  class='av-special-heading av-av_heading-92a23e78c849155ba1f2214117f51615 av-special-heading-h5 custom-color-heading  avia-builder-el-5  el_before_av_postslider  avia-builder-el-first '><h5 class='av-special-heading-tag '  itemprop=\"headline\"  >Books<\/h5><div class=\"special-heading-border\"><div class=\"special-heading-inner-border\"><\/div><\/div><\/div><br \/>\n<div  data-slideshow-options=\"{&quot;animation&quot;:&quot;fade&quot;,&quot;autoplay&quot;:true,&quot;loop_autoplay&quot;:&quot;endless&quot;,&quot;interval&quot;:&quot;10&quot;,&quot;loop_manual&quot;:&quot;manual-endless&quot;,&quot;autoplay_stopper&quot;:false,&quot;noNavigation&quot;:false,&quot;show_slide_delay&quot;:90}\" class='avia-content-slider avia-content-slider-active avia-content-slider1 avia-content-slider-even  avia-builder-el-6  el_after_av_heading  el_before_av_button  av-slideshow-ui av-control-default   av-no-slider-navigation av-slideshow-autoplay av-loop-endless av-loop-manual-endless '  itemscope=\"itemscope\" itemtype=\"https:\/\/schema.org\/Blog\" ><div class=\"avia-content-slider-inner\"><div class=\"slide-entry-wrap\"><article class='slide-entry flex_column  post-entry post-entry-21790 slide-entry-overview slide-loop-1 slide-parity-odd  av_one_half first real-thumbnail posttype-post post-format-standard'  itemscope=\"itemscope\" itemtype=\"https:\/\/schema.org\/CreativeWork\" ><a href='https:\/\/politicasdelamemoria.org\/en\/2023\/02\/hernandez-castillo-aida-y-robledo-silvestre-carolina-2020-nadie-detiene-el-amor-historias-de-vida-de-familiares-de-personas-desaparecidas-en-el-norte-de-sinaloa\/' data-rel='slide-1' class='slide-image' title='HERN\u00c1NDEZ CASTILLO, A\u00edda y ROBLEDO SILVESTRE, Carolina (2020). Nadie Detiene el Amor. Historias de Vida de Familiares de Personas Desaparecidas en el Norte de Sinaloa'><img decoding=\"async\" fetchpriority=\"high\" width=\"396\" height=\"564\" src=\"https:\/\/politicasdelamemoria.org\/wp-content\/uploads\/2023\/02\/Sin-titulo.jpg\" class=\"wp-image-21785 avia-img-lazy-loading-not-21785 attachment-no scaling size-no scaling wp-post-image\" alt=\"\" srcset=\"https:\/\/politicasdelamemoria.org\/wp-content\/uploads\/2023\/02\/Sin-titulo.jpg 396w, https:\/\/politicasdelamemoria.org\/wp-content\/uploads\/2023\/02\/Sin-titulo-211x300.jpg 211w\" sizes=\"(max-width: 396px) 100vw, 396px\" \/><\/a><div class=\"slide-content\"><header class=\"entry-content-header\" aria-label=\"Slide: HERN\u00c1NDEZ CASTILLO, A\u00edda y ROBLEDO SILVESTRE, Carolina (2020). Nadie Detiene el Amor. Historias de Vida de Familiares de Personas Desaparecidas en el Norte de Sinaloa\"><h3 class='slide-entry-title entry-title '  itemprop=\"headline\" ><a href='https:\/\/politicasdelamemoria.org\/en\/2023\/02\/hernandez-castillo-aida-y-robledo-silvestre-carolina-2020-nadie-detiene-el-amor-historias-de-vida-de-familiares-de-personas-desaparecidas-en-el-norte-de-sinaloa\/' title='HERN\u00c1NDEZ CASTILLO, A\u00edda y ROBLEDO SILVESTRE, Carolina (2020). Nadie Detiene el Amor. Historias de Vida de Familiares de Personas Desaparecidas en el Norte de Sinaloa'>HERN\u00c1NDEZ CASTILLO, A\u00edda y ROBLEDO SILVESTRE, Carolina (2020). Nadie Detiene el Amor. Historias de Vida de Familiares de Personas Desaparecidas en el Norte de Sinaloa<\/a><\/h3><span class=\"av-vertical-delimiter\"><\/span><\/header><\/div><footer class=\"entry-footer\"><\/footer><span class='hidden'>\n\t\t\t\t<span class='av-structured-data'  itemprop=\"image\" itemscope=\"itemscope\" itemtype=\"https:\/\/schema.org\/ImageObject\" >\n\t\t\t\t\t\t<span itemprop='url'>https:\/\/politicasdelamemoria.org\/wp-content\/uploads\/2023\/02\/Sin-titulo.jpg<\/span>\n\t\t\t\t\t\t<span itemprop='height'>564<\/span>\n\t\t\t\t\t\t<span itemprop='width'>396<\/span>\n\t\t\t\t<\/span>\n\t\t\t\t<span class='av-structured-data'  itemprop=\"publisher\" itemtype=\"https:\/\/schema.org\/Organization\" itemscope=\"itemscope\" >\n\t\t\t\t\t\t<span itemprop='name'>Miriam Saqqa<\/span>\n\t\t\t\t\t\t<span itemprop='logo' itemscope itemtype='https:\/\/schema.org\/ImageObject'>\n\t\t\t\t\t\t\t<span itemprop='url'>https:\/\/politicasdelamemoria.org\/wp-content\/uploads\/2015\/01\/logo_memoria_Web.png<\/span>\n\t\t\t\t\t\t<\/span>\n\t\t\t\t<\/span><span class='av-structured-data'  itemprop=\"author\" itemscope=\"itemscope\" itemtype=\"https:\/\/schema.org\/Person\" ><span itemprop='name'>Miriam Saqqa<\/span><\/span><span class='av-structured-data'  itemprop=\"datePublished\" datetime=\"2015-01-29T14:23:28+01:00\" >2023-02-03 11:35:24<\/span><span class='av-structured-data'  itemprop=\"dateModified\" itemtype=\"https:\/\/schema.org\/dateModified\" >2023-02-03 11:35:24<\/span><span class='av-structured-data'  itemprop=\"mainEntityOfPage\" itemtype=\"https:\/\/schema.org\/mainEntityOfPage\" ><span itemprop='name'>HERN\u00c1NDEZ CASTILLO, A\u00edda y ROBLEDO SILVESTRE, Carolina (2020). Nadie Detiene el Amor. Historias de Vida de Familiares de Personas Desaparecidas en el Norte de Sinaloa<\/span><\/span><\/span><\/article><article class='slide-entry flex_column  post-entry post-entry-21657 slide-entry-overview slide-loop-2 slide-parity-even  av_one_half  real-thumbnail posttype-post post-format-standard'  itemscope=\"itemscope\" itemtype=\"https:\/\/schema.org\/CreativeWork\" ><a href='https:\/\/politicasdelamemoria.org\/en\/2022\/11\/palacios-gonzalez-daniel-2022-de-fosas-comunes-a-lugares-de-memoria-la-practica-monumental-como-escritura-de-la-historia-2\/' data-rel='slide-1' class='slide-image' title='PALACIOS GONZ\u00c1LEZ, Daniel (2022). De fosas comunes a lugares de memoria. La pr\u00e1ctica monumental como escritura de la historia'><img decoding=\"async\" fetchpriority=\"high\" width=\"274\" height=\"407\" src=\"https:\/\/politicasdelamemoria.org\/wp-content\/uploads\/2022\/10\/captura0.jpg\" class=\"wp-image-21479 avia-img-lazy-loading-not-21479 attachment-no scaling size-no scaling wp-post-image\" alt=\"\" srcset=\"https:\/\/politicasdelamemoria.org\/wp-content\/uploads\/2022\/10\/captura0.jpg 274w, https:\/\/politicasdelamemoria.org\/wp-content\/uploads\/2022\/10\/captura0-202x300.jpg 202w\" sizes=\"(max-width: 274px) 100vw, 274px\" \/><\/a><div class=\"slide-content\"><header class=\"entry-content-header\" aria-label=\"Slide: PALACIOS GONZ\u00c1LEZ, Daniel (2022). De fosas comunes a lugares de memoria. La pr\u00e1ctica monumental como escritura de la historia\"><h3 class='slide-entry-title entry-title '  itemprop=\"headline\" ><a href='https:\/\/politicasdelamemoria.org\/en\/2022\/11\/palacios-gonzalez-daniel-2022-de-fosas-comunes-a-lugares-de-memoria-la-practica-monumental-como-escritura-de-la-historia-2\/' title='PALACIOS GONZ\u00c1LEZ, Daniel (2022). De fosas comunes a lugares de memoria. La pr\u00e1ctica monumental como escritura de la historia'>PALACIOS GONZ\u00c1LEZ, Daniel (2022). De fosas comunes a lugares de memoria. La pr\u00e1ctica monumental como escritura de la historia<\/a><\/h3><span class=\"av-vertical-delimiter\"><\/span><\/header><\/div><footer class=\"entry-footer\"><\/footer><span class='hidden'>\n\t\t\t\t<span class='av-structured-data'  itemprop=\"image\" itemscope=\"itemscope\" itemtype=\"https:\/\/schema.org\/ImageObject\" >\n\t\t\t\t\t\t<span itemprop='url'>https:\/\/politicasdelamemoria.org\/wp-content\/uploads\/2022\/10\/captura0.jpg<\/span>\n\t\t\t\t\t\t<span itemprop='height'>407<\/span>\n\t\t\t\t\t\t<span itemprop='width'>274<\/span>\n\t\t\t\t<\/span>\n\t\t\t\t<span class='av-structured-data'  itemprop=\"publisher\" itemtype=\"https:\/\/schema.org\/Organization\" itemscope=\"itemscope\" >\n\t\t\t\t\t\t<span itemprop='name'>Miriam Saqqa<\/span>\n\t\t\t\t\t\t<span itemprop='logo' itemscope itemtype='https:\/\/schema.org\/ImageObject'>\n\t\t\t\t\t\t\t<span itemprop='url'>https:\/\/politicasdelamemoria.org\/wp-content\/uploads\/2015\/01\/logo_memoria_Web.png<\/span>\n\t\t\t\t\t\t<\/span>\n\t\t\t\t<\/span><span class='av-structured-data'  itemprop=\"author\" itemscope=\"itemscope\" itemtype=\"https:\/\/schema.org\/Person\" ><span itemprop='name'>Miriam Saqqa<\/span><\/span><span class='av-structured-data'  itemprop=\"datePublished\" datetime=\"2015-01-29T14:23:28+01:00\" >2022-11-24 11:43:22<\/span><span class='av-structured-data'  itemprop=\"dateModified\" itemtype=\"https:\/\/schema.org\/dateModified\" >2022-11-24 11:43:22<\/span><span class='av-structured-data'  itemprop=\"mainEntityOfPage\" itemtype=\"https:\/\/schema.org\/mainEntityOfPage\" ><span itemprop='name'>PALACIOS GONZ\u00c1LEZ, Daniel (2022). De fosas comunes a lugares de memoria. La pr\u00e1ctica monumental como escritura de la historia<\/span><\/span><\/span><\/article><\/div><div class=\"slide-entry-wrap\"><article class='slide-entry flex_column  post-entry post-entry-21681 slide-entry-overview slide-loop-3 slide-parity-odd  av_one_half first real-thumbnail posttype-post post-format-standard'  itemscope=\"itemscope\" itemtype=\"https:\/\/schema.org\/CreativeWork\" ><a href='https:\/\/politicasdelamemoria.org\/en\/2022\/05\/villalta-luna-alfonso-m-2022-demonios-de-papel-diarios-desde-un-archivo-de-la-represion-franquista\/' data-rel='slide-1' class='slide-image' title='VILLALTA LUNA, Alfonso M. (2022). Demonios de papel. Diarios desde un archivo de la represi\u00f3n franquista'><img decoding=\"async\" fetchpriority=\"high\" width=\"906\" height=\"1280\" src=\"https:\/\/politicasdelamemoria.org\/wp-content\/uploads\/2022\/05\/Portada-demonios.jpeg\" class=\"wp-image-21385 avia-img-lazy-loading-not-21385 attachment-no scaling size-no scaling wp-post-image\" alt=\"\" srcset=\"https:\/\/politicasdelamemoria.org\/wp-content\/uploads\/2022\/05\/Portada-demonios.jpeg 906w, https:\/\/politicasdelamemoria.org\/wp-content\/uploads\/2022\/05\/Portada-demonios-212x300.jpeg 212w, https:\/\/politicasdelamemoria.org\/wp-content\/uploads\/2022\/05\/Portada-demonios-729x1030.jpeg 729w, https:\/\/politicasdelamemoria.org\/wp-content\/uploads\/2022\/05\/Portada-demonios-499x705.jpeg 499w\" sizes=\"(max-width: 906px) 100vw, 906px\" \/><\/a><div class=\"slide-content\"><header class=\"entry-content-header\" aria-label=\"Slide: VILLALTA LUNA, Alfonso M. (2022). Demonios de papel. Diarios desde un archivo de la represi\u00f3n franquista\"><h3 class='slide-entry-title entry-title '  itemprop=\"headline\" ><a href='https:\/\/politicasdelamemoria.org\/en\/2022\/05\/villalta-luna-alfonso-m-2022-demonios-de-papel-diarios-desde-un-archivo-de-la-represion-franquista\/' title='VILLALTA LUNA, Alfonso M. (2022). Demonios de papel. Diarios desde un archivo de la represi\u00f3n franquista'>VILLALTA LUNA, Alfonso M. (2022). Demonios de papel. Diarios desde un archivo de la represi\u00f3n franquista<\/a><\/h3><span class=\"av-vertical-delimiter\"><\/span><\/header><\/div><footer class=\"entry-footer\"><\/footer><span class='hidden'>\n\t\t\t\t<span class='av-structured-data'  itemprop=\"image\" itemscope=\"itemscope\" itemtype=\"https:\/\/schema.org\/ImageObject\" >\n\t\t\t\t\t\t<span itemprop='url'>https:\/\/politicasdelamemoria.org\/wp-content\/uploads\/2022\/05\/Portada-demonios.jpeg<\/span>\n\t\t\t\t\t\t<span itemprop='height'>1280<\/span>\n\t\t\t\t\t\t<span itemprop='width'>906<\/span>\n\t\t\t\t<\/span>\n\t\t\t\t<span class='av-structured-data'  itemprop=\"publisher\" itemtype=\"https:\/\/schema.org\/Organization\" itemscope=\"itemscope\" >\n\t\t\t\t\t\t<span itemprop='name'>Miriam Saqqa<\/span>\n\t\t\t\t\t\t<span itemprop='logo' itemscope itemtype='https:\/\/schema.org\/ImageObject'>\n\t\t\t\t\t\t\t<span itemprop='url'>https:\/\/politicasdelamemoria.org\/wp-content\/uploads\/2015\/01\/logo_memoria_Web.png<\/span>\n\t\t\t\t\t\t<\/span>\n\t\t\t\t<\/span><span class='av-structured-data'  itemprop=\"author\" itemscope=\"itemscope\" itemtype=\"https:\/\/schema.org\/Person\" ><span itemprop='name'>Miriam Saqqa<\/span><\/span><span class='av-structured-data'  itemprop=\"datePublished\" datetime=\"2015-01-29T14:23:28+01:00\" >2022-05-17 09:57:27<\/span><span class='av-structured-data'  itemprop=\"dateModified\" itemtype=\"https:\/\/schema.org\/dateModified\" >2022-11-24 12:15:38<\/span><span class='av-structured-data'  itemprop=\"mainEntityOfPage\" itemtype=\"https:\/\/schema.org\/mainEntityOfPage\" ><span itemprop='name'>VILLALTA LUNA, Alfonso M. (2022). Demonios de papel. Diarios desde un archivo de la represi\u00f3n franquista<\/span><\/span><\/span><\/article><article class='slide-entry flex_column  post-entry post-entry-20588 slide-entry-overview slide-loop-4 slide-parity-even  av_one_half  real-thumbnail posttype-post post-format-standard'  itemscope=\"itemscope\" itemtype=\"https:\/\/schema.org\/CreativeWork\" ><a href='https:\/\/politicasdelamemoria.org\/en\/2021\/10\/agonistic-memory-and-the-legacy-of-20th-century-wars-in-europe\/' data-rel='slide-1' class='slide-image' title='Agonistic Memory and the Legacy of 20th Century Wars in Europe'><img decoding=\"async\" fetchpriority=\"high\" width=\"220\" height=\"309\" src=\"https:\/\/politicasdelamemoria.org\/wp-content\/uploads\/2021\/10\/photo_2021-10-21_18-02-45.jpg\" class=\"wp-image-20577 avia-img-lazy-loading-not-20577 attachment-no scaling size-no scaling wp-post-image\" alt=\"\" srcset=\"https:\/\/politicasdelamemoria.org\/wp-content\/uploads\/2021\/10\/photo_2021-10-21_18-02-45.jpg 220w, https:\/\/politicasdelamemoria.org\/wp-content\/uploads\/2021\/10\/photo_2021-10-21_18-02-45-214x300.jpg 214w\" sizes=\"(max-width: 220px) 100vw, 220px\" \/><\/a><div class=\"slide-content\"><header class=\"entry-content-header\" aria-label=\"Slide: Agonistic Memory and the Legacy of 20th Century Wars in Europe\"><h3 class='slide-entry-title entry-title '  itemprop=\"headline\" ><a href='https:\/\/politicasdelamemoria.org\/en\/2021\/10\/agonistic-memory-and-the-legacy-of-20th-century-wars-in-europe\/' title='Agonistic Memory and the Legacy of 20th Century Wars in Europe'>Agonistic Memory and the Legacy of 20th Century Wars in Europe<\/a><\/h3><span class=\"av-vertical-delimiter\"><\/span><\/header><\/div><footer class=\"entry-footer\"><\/footer><span class='hidden'>\n\t\t\t\t<span class='av-structured-data'  itemprop=\"image\" itemscope=\"itemscope\" itemtype=\"https:\/\/schema.org\/ImageObject\" >\n\t\t\t\t\t\t<span itemprop='url'>https:\/\/politicasdelamemoria.org\/wp-content\/uploads\/2021\/10\/photo_2021-10-21_18-02-45.jpg<\/span>\n\t\t\t\t\t\t<span itemprop='height'>309<\/span>\n\t\t\t\t\t\t<span itemprop='width'>220<\/span>\n\t\t\t\t<\/span>\n\t\t\t\t<span class='av-structured-data'  itemprop=\"publisher\" itemtype=\"https:\/\/schema.org\/Organization\" itemscope=\"itemscope\" >\n\t\t\t\t\t\t<span itemprop='name'>Miriam Saqqa<\/span>\n\t\t\t\t\t\t<span itemprop='logo' itemscope itemtype='https:\/\/schema.org\/ImageObject'>\n\t\t\t\t\t\t\t<span itemprop='url'>https:\/\/politicasdelamemoria.org\/wp-content\/uploads\/2015\/01\/logo_memoria_Web.png<\/span>\n\t\t\t\t\t\t<\/span>\n\t\t\t\t<\/span><span class='av-structured-data'  itemprop=\"author\" itemscope=\"itemscope\" itemtype=\"https:\/\/schema.org\/Person\" ><span itemprop='name'>Miriam Saqqa<\/span><\/span><span class='av-structured-data'  itemprop=\"datePublished\" datetime=\"2015-01-29T14:23:28+01:00\" >2021-10-22 09:31:22<\/span><span class='av-structured-data'  itemprop=\"dateModified\" itemtype=\"https:\/\/schema.org\/dateModified\" >2021-10-22 09:31:30<\/span><span class='av-structured-data'  itemprop=\"mainEntityOfPage\" itemtype=\"https:\/\/schema.org\/mainEntityOfPage\" ><span itemprop='name'>Agonistic Memory and the Legacy of 20th Century Wars in Europe<\/span><\/span><\/span><\/article><\/div><div class=\"slide-entry-wrap\"><article class='slide-entry flex_column  post-entry post-entry-19630 slide-entry-overview slide-loop-5 slide-parity-odd  av_one_half first real-thumbnail posttype-post post-format-standard'  itemscope=\"itemscope\" itemtype=\"https:\/\/schema.org\/CreativeWork\" ><a href='https:\/\/politicasdelamemoria.org\/en\/2020\/02\/argentina-betrayed-memory-mourning-and-accountability\/' data-rel='slide-1' class='slide-image' title='Argentina Betrayed. Memory, Mourning, and Accountability'><img decoding=\"async\" fetchpriority=\"high\" width=\"243\" height=\"368\" src=\"https:\/\/politicasdelamemoria.org\/wp-content\/uploads\/2020\/02\/libro_robben.jpg\" class=\"wp-image-19626 avia-img-lazy-loading-not-19626 attachment-no scaling size-no scaling wp-post-image\" alt=\"\" srcset=\"https:\/\/politicasdelamemoria.org\/wp-content\/uploads\/2020\/02\/libro_robben.jpg 243w, https:\/\/politicasdelamemoria.org\/wp-content\/uploads\/2020\/02\/libro_robben-198x300.jpg 198w\" sizes=\"(max-width: 243px) 100vw, 243px\" \/><\/a><div class=\"slide-content\"><header class=\"entry-content-header\" aria-label=\"Slide: Argentina Betrayed. Memory, Mourning, and Accountability\"><h3 class='slide-entry-title entry-title '  itemprop=\"headline\" ><a href='https:\/\/politicasdelamemoria.org\/en\/2020\/02\/argentina-betrayed-memory-mourning-and-accountability\/' title='Argentina Betrayed. Memory, Mourning, and Accountability'>Argentina Betrayed. Memory, Mourning, and Accountability<\/a><\/h3><span class=\"av-vertical-delimiter\"><\/span><\/header><\/div><footer class=\"entry-footer\"><\/footer><span class='hidden'>\n\t\t\t\t<span class='av-structured-data'  itemprop=\"image\" itemscope=\"itemscope\" itemtype=\"https:\/\/schema.org\/ImageObject\" >\n\t\t\t\t\t\t<span itemprop='url'>https:\/\/politicasdelamemoria.org\/wp-content\/uploads\/2020\/02\/libro_robben.jpg<\/span>\n\t\t\t\t\t\t<span itemprop='height'>368<\/span>\n\t\t\t\t\t\t<span itemprop='width'>243<\/span>\n\t\t\t\t<\/span>\n\t\t\t\t<span class='av-structured-data'  itemprop=\"publisher\" itemtype=\"https:\/\/schema.org\/Organization\" itemscope=\"itemscope\" >\n\t\t\t\t\t\t<span itemprop='name'>F.<\/span>\n\t\t\t\t\t\t<span itemprop='logo' itemscope itemtype='https:\/\/schema.org\/ImageObject'>\n\t\t\t\t\t\t\t<span itemprop='url'>https:\/\/politicasdelamemoria.org\/wp-content\/uploads\/2015\/01\/logo_memoria_Web.png<\/span>\n\t\t\t\t\t\t<\/span>\n\t\t\t\t<\/span><span class='av-structured-data'  itemprop=\"author\" itemscope=\"itemscope\" itemtype=\"https:\/\/schema.org\/Person\" ><span itemprop='name'>F.<\/span><\/span><span class='av-structured-data'  itemprop=\"datePublished\" datetime=\"2015-01-29T14:23:28+01:00\" >2020-02-13 16:05:38<\/span><span class='av-structured-data'  itemprop=\"dateModified\" itemtype=\"https:\/\/schema.org\/dateModified\" >2020-03-04 16:18:20<\/span><span class='av-structured-data'  itemprop=\"mainEntityOfPage\" itemtype=\"https:\/\/schema.org\/mainEntityOfPage\" ><span itemprop='name'>Argentina Betrayed. Memory, Mourning, and Accountability<\/span><\/span><\/span><\/article><article class='slide-entry flex_column  post-entry post-entry-19575 slide-entry-overview slide-loop-6 slide-parity-even  av_one_half  real-thumbnail posttype-post post-format-standard'  itemscope=\"itemscope\" itemtype=\"https:\/\/schema.org\/CreativeWork\" ><a href='https:\/\/politicasdelamemoria.org\/en\/2020\/02\/an-archaeology-of-the-contemporary-era\/' data-rel='slide-1' class='slide-image' title='An Archaeology of the Contemporary Era'><img decoding=\"async\" fetchpriority=\"high\" width=\"382\" height=\"500\" src=\"https:\/\/politicasdelamemoria.org\/wp-content\/uploads\/2020\/02\/libro_febrero.jpg\" class=\"wp-image-19569 avia-img-lazy-loading-not-19569 attachment-no scaling size-no scaling wp-post-image\" alt=\"\" srcset=\"https:\/\/politicasdelamemoria.org\/wp-content\/uploads\/2020\/02\/libro_febrero.jpg 382w, https:\/\/politicasdelamemoria.org\/wp-content\/uploads\/2020\/02\/libro_febrero-229x300.jpg 229w\" sizes=\"(max-width: 382px) 100vw, 382px\" \/><\/a><div class=\"slide-content\"><header class=\"entry-content-header\" aria-label=\"Slide: An Archaeology of the Contemporary Era\"><h3 class='slide-entry-title entry-title '  itemprop=\"headline\" ><a href='https:\/\/politicasdelamemoria.org\/en\/2020\/02\/an-archaeology-of-the-contemporary-era\/' title='An Archaeology of the Contemporary Era'>An Archaeology of the Contemporary Era<\/a><\/h3><span class=\"av-vertical-delimiter\"><\/span><\/header><\/div><footer class=\"entry-footer\"><\/footer><span class='hidden'>\n\t\t\t\t<span class='av-structured-data'  itemprop=\"image\" itemscope=\"itemscope\" itemtype=\"https:\/\/schema.org\/ImageObject\" >\n\t\t\t\t\t\t<span itemprop='url'>https:\/\/politicasdelamemoria.org\/wp-content\/uploads\/2020\/02\/libro_febrero.jpg<\/span>\n\t\t\t\t\t\t<span itemprop='height'>500<\/span>\n\t\t\t\t\t\t<span itemprop='width'>382<\/span>\n\t\t\t\t<\/span>\n\t\t\t\t<span class='av-structured-data'  itemprop=\"publisher\" itemtype=\"https:\/\/schema.org\/Organization\" itemscope=\"itemscope\" >\n\t\t\t\t\t\t<span itemprop='name'>F.<\/span>\n\t\t\t\t\t\t<span itemprop='logo' itemscope itemtype='https:\/\/schema.org\/ImageObject'>\n\t\t\t\t\t\t\t<span itemprop='url'>https:\/\/politicasdelamemoria.org\/wp-content\/uploads\/2015\/01\/logo_memoria_Web.png<\/span>\n\t\t\t\t\t\t<\/span>\n\t\t\t\t<\/span><span class='av-structured-data'  itemprop=\"author\" itemscope=\"itemscope\" itemtype=\"https:\/\/schema.org\/Person\" ><span itemprop='name'>F.<\/span><\/span><span class='av-structured-data'  itemprop=\"datePublished\" datetime=\"2015-01-29T14:23:28+01:00\" >2020-02-03 15:56:17<\/span><span class='av-structured-data'  itemprop=\"dateModified\" itemtype=\"https:\/\/schema.org\/dateModified\" >2020-02-03 15:56:17<\/span><span class='av-structured-data'  itemprop=\"mainEntityOfPage\" itemtype=\"https:\/\/schema.org\/mainEntityOfPage\" ><span itemprop='name'>An Archaeology of the Contemporary Era<\/span><\/span><\/span><\/article><\/div><div class=\"slide-entry-wrap\"><article class='slide-entry flex_column  post-entry post-entry-19469 slide-entry-overview slide-loop-7 slide-parity-odd  av_one_half first real-thumbnail posttype-post post-format-standard'  itemscope=\"itemscope\" itemtype=\"https:\/\/schema.org\/CreativeWork\" ><a href='https:\/\/politicasdelamemoria.org\/en\/2020\/01\/what-remains-bringing-americas-missing-home-from-the-vietnam-war\/' data-rel='slide-1' class='slide-image' title='What Remains. Bringing America\u2019s Missing Home from the Vietnam War'><img decoding=\"async\" fetchpriority=\"high\" width=\"447\" height=\"680\" src=\"https:\/\/politicasdelamemoria.org\/wp-content\/uploads\/2020\/01\/libro_enero.jpg\" class=\"wp-image-19463 avia-img-lazy-loading-not-19463 attachment-no scaling size-no scaling wp-post-image\" alt=\"\" srcset=\"https:\/\/politicasdelamemoria.org\/wp-content\/uploads\/2020\/01\/libro_enero.jpg 447w, https:\/\/politicasdelamemoria.org\/wp-content\/uploads\/2020\/01\/libro_enero-197x300.jpg 197w\" sizes=\"(max-width: 447px) 100vw, 447px\" \/><\/a><div class=\"slide-content\"><header class=\"entry-content-header\" aria-label=\"Slide: What Remains. Bringing America\u2019s Missing Home from the Vietnam War\"><h3 class='slide-entry-title entry-title '  itemprop=\"headline\" ><a href='https:\/\/politicasdelamemoria.org\/en\/2020\/01\/what-remains-bringing-americas-missing-home-from-the-vietnam-war\/' title='What Remains. Bringing America\u2019s Missing Home from the Vietnam War'>What Remains. Bringing America\u2019s Missing Home from the Vietnam War<\/a><\/h3><span class=\"av-vertical-delimiter\"><\/span><\/header><\/div><footer class=\"entry-footer\"><\/footer><span class='hidden'>\n\t\t\t\t<span class='av-structured-data'  itemprop=\"image\" itemscope=\"itemscope\" itemtype=\"https:\/\/schema.org\/ImageObject\" >\n\t\t\t\t\t\t<span itemprop='url'>https:\/\/politicasdelamemoria.org\/wp-content\/uploads\/2020\/01\/libro_enero.jpg<\/span>\n\t\t\t\t\t\t<span itemprop='height'>680<\/span>\n\t\t\t\t\t\t<span itemprop='width'>447<\/span>\n\t\t\t\t<\/span>\n\t\t\t\t<span class='av-structured-data'  itemprop=\"publisher\" itemtype=\"https:\/\/schema.org\/Organization\" itemscope=\"itemscope\" >\n\t\t\t\t\t\t<span itemprop='name'>F.<\/span>\n\t\t\t\t\t\t<span itemprop='logo' itemscope itemtype='https:\/\/schema.org\/ImageObject'>\n\t\t\t\t\t\t\t<span itemprop='url'>https:\/\/politicasdelamemoria.org\/wp-content\/uploads\/2015\/01\/logo_memoria_Web.png<\/span>\n\t\t\t\t\t\t<\/span>\n\t\t\t\t<\/span><span class='av-structured-data'  itemprop=\"author\" itemscope=\"itemscope\" itemtype=\"https:\/\/schema.org\/Person\" ><span itemprop='name'>F.<\/span><\/span><span class='av-structured-data'  itemprop=\"datePublished\" datetime=\"2015-01-29T14:23:28+01:00\" >2020-01-07 16:06:43<\/span><span class='av-structured-data'  itemprop=\"dateModified\" itemtype=\"https:\/\/schema.org\/dateModified\" >2020-01-08 14:18:28<\/span><span class='av-structured-data'  itemprop=\"mainEntityOfPage\" itemtype=\"https:\/\/schema.org\/mainEntityOfPage\" ><span itemprop='name'>What Remains. Bringing America\u2019s Missing Home from the Vietnam War<\/span><\/span><\/span><\/article><article class='slide-entry flex_column  post-entry post-entry-19416 slide-entry-overview slide-loop-8 slide-parity-even  av_one_half  real-thumbnail posttype-post post-format-standard'  itemscope=\"itemscope\" itemtype=\"https:\/\/schema.org\/CreativeWork\" ><a href='https:\/\/politicasdelamemoria.org\/en\/2019\/12\/the-stone-dictatorship\/' data-rel='slide-1' class='slide-image' title='The stone dictatorship'><img decoding=\"async\" fetchpriority=\"high\" width=\"298\" height=\"422\" src=\"https:\/\/politicasdelamemoria.org\/wp-content\/uploads\/2019\/12\/2687_la-dictadura-de-pedra.jpg\" class=\"wp-image-19412 avia-img-lazy-loading-not-19412 attachment-no scaling size-no scaling wp-post-image\" alt=\"\" srcset=\"https:\/\/politicasdelamemoria.org\/wp-content\/uploads\/2019\/12\/2687_la-dictadura-de-pedra.jpg 298w, https:\/\/politicasdelamemoria.org\/wp-content\/uploads\/2019\/12\/2687_la-dictadura-de-pedra-212x300.jpg 212w\" sizes=\"(max-width: 298px) 100vw, 298px\" \/><\/a><div class=\"slide-content\"><header class=\"entry-content-header\" aria-label=\"Slide: The stone dictatorship\"><h3 class='slide-entry-title entry-title '  itemprop=\"headline\" ><a href='https:\/\/politicasdelamemoria.org\/en\/2019\/12\/the-stone-dictatorship\/' title='The stone dictatorship'>The stone dictatorship<\/a><\/h3><span class=\"av-vertical-delimiter\"><\/span><\/header><\/div><footer class=\"entry-footer\"><\/footer><span class='hidden'>\n\t\t\t\t<span class='av-structured-data'  itemprop=\"image\" itemscope=\"itemscope\" itemtype=\"https:\/\/schema.org\/ImageObject\" >\n\t\t\t\t\t\t<span itemprop='url'>https:\/\/politicasdelamemoria.org\/wp-content\/uploads\/2019\/12\/2687_la-dictadura-de-pedra.jpg<\/span>\n\t\t\t\t\t\t<span itemprop='height'>422<\/span>\n\t\t\t\t\t\t<span itemprop='width'>298<\/span>\n\t\t\t\t<\/span>\n\t\t\t\t<span class='av-structured-data'  itemprop=\"publisher\" itemtype=\"https:\/\/schema.org\/Organization\" itemscope=\"itemscope\" >\n\t\t\t\t\t\t<span itemprop='name'>F.<\/span>\n\t\t\t\t\t\t<span itemprop='logo' itemscope itemtype='https:\/\/schema.org\/ImageObject'>\n\t\t\t\t\t\t\t<span itemprop='url'>https:\/\/politicasdelamemoria.org\/wp-content\/uploads\/2015\/01\/logo_memoria_Web.png<\/span>\n\t\t\t\t\t\t<\/span>\n\t\t\t\t<\/span><span class='av-structured-data'  itemprop=\"author\" itemscope=\"itemscope\" itemtype=\"https:\/\/schema.org\/Person\" ><span itemprop='name'>F.<\/span><\/span><span class='av-structured-data'  itemprop=\"datePublished\" datetime=\"2015-01-29T14:23:28+01:00\" >2019-12-11 15:02:45<\/span><span class='av-structured-data'  itemprop=\"dateModified\" itemtype=\"https:\/\/schema.org\/dateModified\" >2019-12-11 15:02:45<\/span><span class='av-structured-data'  itemprop=\"mainEntityOfPage\" itemtype=\"https:\/\/schema.org\/mainEntityOfPage\" ><span itemprop='name'>The stone dictatorship<\/span><\/span><\/span><\/article><\/div><div class=\"slide-entry-wrap\"><article class='slide-entry flex_column  post-entry post-entry-19345 slide-entry-overview slide-loop-9 slide-parity-odd  av_one_half first real-thumbnail posttype-post post-format-standard'  itemscope=\"itemscope\" itemtype=\"https:\/\/schema.org\/CreativeWork\" ><a href='https:\/\/politicasdelamemoria.org\/en\/2019\/11\/necropolitics\/' data-rel='slide-1' class='slide-image' title='Necropolitics'><img decoding=\"async\" fetchpriority=\"high\" width=\"600\" height=\"900\" src=\"https:\/\/politicasdelamemoria.org\/wp-content\/uploads\/2019\/11\/978-1-4780-0651-0_pr.jpg\" class=\"wp-image-19340 avia-img-lazy-loading-not-19340 attachment-no scaling size-no scaling wp-post-image\" alt=\"\" srcset=\"https:\/\/politicasdelamemoria.org\/wp-content\/uploads\/2019\/11\/978-1-4780-0651-0_pr.jpg 600w, https:\/\/politicasdelamemoria.org\/wp-content\/uploads\/2019\/11\/978-1-4780-0651-0_pr-200x300.jpg 200w, https:\/\/politicasdelamemoria.org\/wp-content\/uploads\/2019\/11\/978-1-4780-0651-0_pr-470x705.jpg 470w\" sizes=\"(max-width: 600px) 100vw, 600px\" \/><\/a><div class=\"slide-content\"><header class=\"entry-content-header\" aria-label=\"Slide: Necropolitics\"><h3 class='slide-entry-title entry-title '  itemprop=\"headline\" ><a href='https:\/\/politicasdelamemoria.org\/en\/2019\/11\/necropolitics\/' title='Necropolitics'>Necropolitics<\/a><\/h3><span class=\"av-vertical-delimiter\"><\/span><\/header><\/div><footer class=\"entry-footer\"><\/footer><span class='hidden'>\n\t\t\t\t<span class='av-structured-data'  itemprop=\"image\" itemscope=\"itemscope\" itemtype=\"https:\/\/schema.org\/ImageObject\" >\n\t\t\t\t\t\t<span itemprop='url'>https:\/\/politicasdelamemoria.org\/wp-content\/uploads\/2019\/11\/978-1-4780-0651-0_pr.jpg<\/span>\n\t\t\t\t\t\t<span itemprop='height'>900<\/span>\n\t\t\t\t\t\t<span itemprop='width'>600<\/span>\n\t\t\t\t<\/span>\n\t\t\t\t<span class='av-structured-data'  itemprop=\"publisher\" itemtype=\"https:\/\/schema.org\/Organization\" itemscope=\"itemscope\" >\n\t\t\t\t\t\t<span itemprop='name'>F.<\/span>\n\t\t\t\t\t\t<span itemprop='logo' itemscope itemtype='https:\/\/schema.org\/ImageObject'>\n\t\t\t\t\t\t\t<span itemprop='url'>https:\/\/politicasdelamemoria.org\/wp-content\/uploads\/2015\/01\/logo_memoria_Web.png<\/span>\n\t\t\t\t\t\t<\/span>\n\t\t\t\t<\/span><span class='av-structured-data'  itemprop=\"author\" itemscope=\"itemscope\" itemtype=\"https:\/\/schema.org\/Person\" ><span itemprop='name'>F.<\/span><\/span><span class='av-structured-data'  itemprop=\"datePublished\" datetime=\"2015-01-29T14:23:28+01:00\" >2019-11-11 17:42:24<\/span><span class='av-structured-data'  itemprop=\"dateModified\" itemtype=\"https:\/\/schema.org\/dateModified\" >2019-11-11 17:42:24<\/span><span class='av-structured-data'  itemprop=\"mainEntityOfPage\" itemtype=\"https:\/\/schema.org\/mainEntityOfPage\" ><span itemprop='name'>Necropolitics<\/span><\/span><\/span><\/article><article class='slide-entry flex_column  post-entry post-entry-19211 slide-entry-overview slide-loop-10 slide-parity-even  av_one_half  real-thumbnail posttype-post post-format-standard'  itemscope=\"itemscope\" itemtype=\"https:\/\/schema.org\/CreativeWork\" ><a href='https:\/\/politicasdelamemoria.org\/en\/2019\/10\/holocaust-archaeologies-approaches-and-future-directions\/' data-rel='slide-1' class='slide-image' title='Holocaust Archaeologies: Approaches and Future Directions'><img decoding=\"async\" fetchpriority=\"high\" width=\"350\" height=\"499\" src=\"https:\/\/politicasdelamemoria.org\/wp-content\/uploads\/2019\/10\/libro_octubre.jpg\" class=\"wp-image-19208 avia-img-lazy-loading-not-19208 attachment-no scaling size-no scaling wp-post-image\" alt=\"\" srcset=\"https:\/\/politicasdelamemoria.org\/wp-content\/uploads\/2019\/10\/libro_octubre.jpg 350w, https:\/\/politicasdelamemoria.org\/wp-content\/uploads\/2019\/10\/libro_octubre-210x300.jpg 210w\" sizes=\"(max-width: 350px) 100vw, 350px\" \/><\/a><div class=\"slide-content\"><header class=\"entry-content-header\" aria-label=\"Slide: Holocaust Archaeologies: Approaches and Future Directions\"><h3 class='slide-entry-title entry-title '  itemprop=\"headline\" ><a href='https:\/\/politicasdelamemoria.org\/en\/2019\/10\/holocaust-archaeologies-approaches-and-future-directions\/' title='Holocaust Archaeologies: Approaches and Future Directions'>Holocaust Archaeologies: Approaches and Future Directions<\/a><\/h3><span class=\"av-vertical-delimiter\"><\/span><\/header><\/div><footer class=\"entry-footer\"><\/footer><span class='hidden'>\n\t\t\t\t<span class='av-structured-data'  itemprop=\"image\" itemscope=\"itemscope\" itemtype=\"https:\/\/schema.org\/ImageObject\" >\n\t\t\t\t\t\t<span itemprop='url'>https:\/\/politicasdelamemoria.org\/wp-content\/uploads\/2019\/10\/libro_octubre.jpg<\/span>\n\t\t\t\t\t\t<span itemprop='height'>499<\/span>\n\t\t\t\t\t\t<span itemprop='width'>350<\/span>\n\t\t\t\t<\/span>\n\t\t\t\t<span class='av-structured-data'  itemprop=\"publisher\" itemtype=\"https:\/\/schema.org\/Organization\" itemscope=\"itemscope\" >\n\t\t\t\t\t\t<span itemprop='name'>F.<\/span>\n\t\t\t\t\t\t<span itemprop='logo' itemscope itemtype='https:\/\/schema.org\/ImageObject'>\n\t\t\t\t\t\t\t<span itemprop='url'>https:\/\/politicasdelamemoria.org\/wp-content\/uploads\/2015\/01\/logo_memoria_Web.png<\/span>\n\t\t\t\t\t\t<\/span>\n\t\t\t\t<\/span><span class='av-structured-data'  itemprop=\"author\" itemscope=\"itemscope\" itemtype=\"https:\/\/schema.org\/Person\" ><span itemprop='name'>F.<\/span><\/span><span class='av-structured-data'  itemprop=\"datePublished\" datetime=\"2015-01-29T14:23:28+01:00\" >2019-10-01 14:34:58<\/span><span class='av-structured-data'  itemprop=\"dateModified\" itemtype=\"https:\/\/schema.org\/dateModified\" >2019-10-01 14:34:58<\/span><span class='av-structured-data'  itemprop=\"mainEntityOfPage\" itemtype=\"https:\/\/schema.org\/mainEntityOfPage\" ><span itemprop='name'>Holocaust Archaeologies: Approaches and Future Directions<\/span><\/span><\/span><\/article><\/div><div class=\"slide-entry-wrap\"><article class='slide-entry flex_column  post-entry post-entry-19101 slide-entry-overview slide-loop-11 slide-parity-odd  av_one_half first real-thumbnail posttype-post post-format-standard'  itemscope=\"itemscope\" itemtype=\"https:\/\/schema.org\/CreativeWork\" ><a href='https:\/\/politicasdelamemoria.org\/en\/2019\/09\/fallen-soldiers-the-transformation-of-the-memory-of-world-wars\/' data-rel='slide-1' class='slide-image' title='Fallen soldiers. The Transformation of the Memory of World Wars'><img decoding=\"async\" fetchpriority=\"high\" width=\"1772\" height=\"2540\" src=\"https:\/\/politicasdelamemoria.org\/wp-content\/uploads\/2019\/09\/9788416515394.jpg\" class=\"wp-image-19097 avia-img-lazy-loading-not-19097 attachment-no scaling size-no scaling wp-post-image\" alt=\"\" srcset=\"https:\/\/politicasdelamemoria.org\/wp-content\/uploads\/2019\/09\/9788416515394.jpg 1772w, https:\/\/politicasdelamemoria.org\/wp-content\/uploads\/2019\/09\/9788416515394-209x300.jpg 209w, https:\/\/politicasdelamemoria.org\/wp-content\/uploads\/2019\/09\/9788416515394-719x1030.jpg 719w, https:\/\/politicasdelamemoria.org\/wp-content\/uploads\/2019\/09\/9788416515394-492x705.jpg 492w\" sizes=\"(max-width: 1772px) 100vw, 1772px\" \/><\/a><div class=\"slide-content\"><header class=\"entry-content-header\" aria-label=\"Slide: Fallen soldiers. The Transformation of the Memory of World Wars\"><h3 class='slide-entry-title entry-title '  itemprop=\"headline\" ><a href='https:\/\/politicasdelamemoria.org\/en\/2019\/09\/fallen-soldiers-the-transformation-of-the-memory-of-world-wars\/' title='Fallen soldiers. The Transformation of the Memory of World Wars'>Fallen soldiers. The Transformation of the Memory of World Wars<\/a><\/h3><span class=\"av-vertical-delimiter\"><\/span><\/header><\/div><footer class=\"entry-footer\"><\/footer><span class='hidden'>\n\t\t\t\t<span class='av-structured-data'  itemprop=\"image\" itemscope=\"itemscope\" itemtype=\"https:\/\/schema.org\/ImageObject\" >\n\t\t\t\t\t\t<span itemprop='url'>https:\/\/politicasdelamemoria.org\/wp-content\/uploads\/2019\/09\/9788416515394.jpg<\/span>\n\t\t\t\t\t\t<span itemprop='height'>2540<\/span>\n\t\t\t\t\t\t<span itemprop='width'>1772<\/span>\n\t\t\t\t<\/span>\n\t\t\t\t<span class='av-structured-data'  itemprop=\"publisher\" itemtype=\"https:\/\/schema.org\/Organization\" itemscope=\"itemscope\" >\n\t\t\t\t\t\t<span itemprop='name'>F.<\/span>\n\t\t\t\t\t\t<span itemprop='logo' itemscope itemtype='https:\/\/schema.org\/ImageObject'>\n\t\t\t\t\t\t\t<span itemprop='url'>https:\/\/politicasdelamemoria.org\/wp-content\/uploads\/2015\/01\/logo_memoria_Web.png<\/span>\n\t\t\t\t\t\t<\/span>\n\t\t\t\t<\/span><span class='av-structured-data'  itemprop=\"author\" itemscope=\"itemscope\" itemtype=\"https:\/\/schema.org\/Person\" ><span itemprop='name'>F.<\/span><\/span><span class='av-structured-data'  itemprop=\"datePublished\" datetime=\"2015-01-29T14:23:28+01:00\" >2019-09-10 14:06:29<\/span><span class='av-structured-data'  itemprop=\"dateModified\" itemtype=\"https:\/\/schema.org\/dateModified\" >2019-09-10 14:06:29<\/span><span class='av-structured-data'  itemprop=\"mainEntityOfPage\" itemtype=\"https:\/\/schema.org\/mainEntityOfPage\" ><span itemprop='name'>Fallen soldiers. The Transformation of the Memory of World Wars<\/span><\/span><\/span><\/article><article class='slide-entry flex_column  post-entry post-entry-19084 slide-entry-overview slide-loop-12 slide-parity-even  av_one_half  real-thumbnail posttype-post post-format-standard'  itemscope=\"itemscope\" itemtype=\"https:\/\/schema.org\/CreativeWork\" ><a href='https:\/\/politicasdelamemoria.org\/en\/2019\/08\/the-past-we-look-at-memory-and-image-in-the-face-of-recent-history\/' data-rel='slide-1' class='slide-image' title='The past we look at: memory and image in the face of recent history'><img decoding=\"async\" fetchpriority=\"high\" width=\"150\" height=\"246\" src=\"https:\/\/politicasdelamemoria.org\/wp-content\/uploads\/2019\/08\/libro_agosto.jpg\" class=\"wp-image-19078 avia-img-lazy-loading-not-19078 attachment-no scaling size-no scaling wp-post-image\" alt=\"\" \/><\/a><div class=\"slide-content\"><header class=\"entry-content-header\" aria-label=\"Slide: The past we look at: memory and image in the face of recent history\"><h3 class='slide-entry-title entry-title '  itemprop=\"headline\" ><a href='https:\/\/politicasdelamemoria.org\/en\/2019\/08\/the-past-we-look-at-memory-and-image-in-the-face-of-recent-history\/' title='The past we look at: memory and image in the face of recent history'>The past we look at: memory and image in the face of recent history<\/a><\/h3><span class=\"av-vertical-delimiter\"><\/span><\/header><\/div><footer class=\"entry-footer\"><\/footer><span class='hidden'>\n\t\t\t\t<span class='av-structured-data'  itemprop=\"image\" itemscope=\"itemscope\" itemtype=\"https:\/\/schema.org\/ImageObject\" >\n\t\t\t\t\t\t<span itemprop='url'>https:\/\/politicasdelamemoria.org\/wp-content\/uploads\/2019\/08\/libro_agosto.jpg<\/span>\n\t\t\t\t\t\t<span itemprop='height'>246<\/span>\n\t\t\t\t\t\t<span itemprop='width'>150<\/span>\n\t\t\t\t<\/span>\n\t\t\t\t<span class='av-structured-data'  itemprop=\"publisher\" itemtype=\"https:\/\/schema.org\/Organization\" itemscope=\"itemscope\" >\n\t\t\t\t\t\t<span itemprop='name'>F.<\/span>\n\t\t\t\t\t\t<span itemprop='logo' itemscope itemtype='https:\/\/schema.org\/ImageObject'>\n\t\t\t\t\t\t\t<span itemprop='url'>https:\/\/politicasdelamemoria.org\/wp-content\/uploads\/2015\/01\/logo_memoria_Web.png<\/span>\n\t\t\t\t\t\t<\/span>\n\t\t\t\t<\/span><span class='av-structured-data'  itemprop=\"author\" itemscope=\"itemscope\" itemtype=\"https:\/\/schema.org\/Person\" ><span itemprop='name'>F.<\/span><\/span><span class='av-structured-data'  itemprop=\"datePublished\" datetime=\"2015-01-29T14:23:28+01:00\" >2019-08-01 17:31:28<\/span><span class='av-structured-data'  itemprop=\"dateModified\" itemtype=\"https:\/\/schema.org\/dateModified\" >2019-08-01 17:31:28<\/span><span class='av-structured-data'  itemprop=\"mainEntityOfPage\" itemtype=\"https:\/\/schema.org\/mainEntityOfPage\" ><span itemprop='name'>The past we look at: memory and image in the face of recent history<\/span><\/span><\/span><\/article><\/div><div class=\"slide-entry-wrap\"><article class='slide-entry flex_column  post-entry post-entry-19012 slide-entry-overview slide-loop-13 slide-parity-odd  av_one_half first real-thumbnail posttype-post post-format-standard'  itemscope=\"itemscope\" itemtype=\"https:\/\/schema.org\/CreativeWork\" ><a href='https:\/\/politicasdelamemoria.org\/en\/2019\/07\/krieg-und-gewalt-in-der-europaischen-erinnerung-war-and-violence-in-european-memory\/' data-rel='slide-1' class='slide-image' title='Krieg und Gewalt in der europ\u00e4ischen Erinnerung. War and Violence in European Memory'><img decoding=\"async\" fetchpriority=\"high\" width=\"461\" height=\"600\" src=\"https:\/\/politicasdelamemoria.org\/wp-content\/uploads\/2019\/07\/libroRecomendadoJulio.jpg\" class=\"wp-image-19009 avia-img-lazy-loading-not-19009 attachment-no scaling size-no scaling wp-post-image\" alt=\"\" srcset=\"https:\/\/politicasdelamemoria.org\/wp-content\/uploads\/2019\/07\/libroRecomendadoJulio.jpg 461w, https:\/\/politicasdelamemoria.org\/wp-content\/uploads\/2019\/07\/libroRecomendadoJulio-231x300.jpg 231w, https:\/\/politicasdelamemoria.org\/wp-content\/uploads\/2019\/07\/libroRecomendadoJulio-450x586.jpg 450w\" sizes=\"(max-width: 461px) 100vw, 461px\" \/><\/a><div class=\"slide-content\"><header class=\"entry-content-header\" aria-label=\"Slide: Krieg und Gewalt in der europ\u00e4ischen Erinnerung. War and Violence in European Memory\"><h3 class='slide-entry-title entry-title '  itemprop=\"headline\" ><a href='https:\/\/politicasdelamemoria.org\/en\/2019\/07\/krieg-und-gewalt-in-der-europaischen-erinnerung-war-and-violence-in-european-memory\/' title='Krieg und Gewalt in der europ\u00e4ischen Erinnerung. War and Violence in European Memory'>Krieg und Gewalt in der europ\u00e4ischen Erinnerung. War and Violence in European Memory<\/a><\/h3><span class=\"av-vertical-delimiter\"><\/span><\/header><\/div><footer class=\"entry-footer\"><\/footer><span class='hidden'>\n\t\t\t\t<span class='av-structured-data'  itemprop=\"image\" itemscope=\"itemscope\" itemtype=\"https:\/\/schema.org\/ImageObject\" >\n\t\t\t\t\t\t<span itemprop='url'>https:\/\/politicasdelamemoria.org\/wp-content\/uploads\/2019\/07\/libroRecomendadoJulio.jpg<\/span>\n\t\t\t\t\t\t<span itemprop='height'>600<\/span>\n\t\t\t\t\t\t<span itemprop='width'>461<\/span>\n\t\t\t\t<\/span>\n\t\t\t\t<span class='av-structured-data'  itemprop=\"publisher\" itemtype=\"https:\/\/schema.org\/Organization\" itemscope=\"itemscope\" >\n\t\t\t\t\t\t<span itemprop='name'>F.<\/span>\n\t\t\t\t\t\t<span itemprop='logo' itemscope itemtype='https:\/\/schema.org\/ImageObject'>\n\t\t\t\t\t\t\t<span itemprop='url'>https:\/\/politicasdelamemoria.org\/wp-content\/uploads\/2015\/01\/logo_memoria_Web.png<\/span>\n\t\t\t\t\t\t<\/span>\n\t\t\t\t<\/span><span class='av-structured-data'  itemprop=\"author\" itemscope=\"itemscope\" itemtype=\"https:\/\/schema.org\/Person\" ><span itemprop='name'>F.<\/span><\/span><span class='av-structured-data'  itemprop=\"datePublished\" datetime=\"2015-01-29T14:23:28+01:00\" >2019-07-01 16:04:46<\/span><span class='av-structured-data'  itemprop=\"dateModified\" itemtype=\"https:\/\/schema.org\/dateModified\" >2019-07-01 16:04:46<\/span><span class='av-structured-data'  itemprop=\"mainEntityOfPage\" itemtype=\"https:\/\/schema.org\/mainEntityOfPage\" ><span itemprop='name'>Krieg und Gewalt in der europ\u00e4ischen Erinnerung. War and Violence in European Memory<\/span><\/span><\/span><\/article><article class='slide-entry flex_column  post-entry post-entry-18838 slide-entry-overview slide-loop-14 slide-parity-even  av_one_half  real-thumbnail posttype-post post-format-standard'  itemscope=\"itemscope\" itemtype=\"https:\/\/schema.org\/CreativeWork\" ><a href='https:\/\/politicasdelamemoria.org\/en\/2019\/06\/poetics-of-absence\/' data-rel='slide-1' class='slide-image' title='Poetics of Absence'><img decoding=\"async\" fetchpriority=\"high\" width=\"354\" height=\"500\" src=\"https:\/\/politicasdelamemoria.org\/wp-content\/uploads\/2019\/06\/51KhBy99hVL.jpg\" class=\"wp-image-18833 avia-img-lazy-loading-not-18833 attachment-no scaling size-no scaling wp-post-image\" alt=\"\" srcset=\"https:\/\/politicasdelamemoria.org\/wp-content\/uploads\/2019\/06\/51KhBy99hVL.jpg 354w, https:\/\/politicasdelamemoria.org\/wp-content\/uploads\/2019\/06\/51KhBy99hVL-212x300.jpg 212w\" sizes=\"(max-width: 354px) 100vw, 354px\" \/><\/a><div class=\"slide-content\"><header class=\"entry-content-header\" aria-label=\"Slide: Poetics of Absence\"><h3 class='slide-entry-title entry-title '  itemprop=\"headline\" ><a href='https:\/\/politicasdelamemoria.org\/en\/2019\/06\/poetics-of-absence\/' title='Poetics of Absence'>Poetics of Absence<\/a><\/h3><span class=\"av-vertical-delimiter\"><\/span><\/header><\/div><footer class=\"entry-footer\"><\/footer><span class='hidden'>\n\t\t\t\t<span class='av-structured-data'  itemprop=\"image\" itemscope=\"itemscope\" itemtype=\"https:\/\/schema.org\/ImageObject\" >\n\t\t\t\t\t\t<span itemprop='url'>https:\/\/politicasdelamemoria.org\/wp-content\/uploads\/2019\/06\/51KhBy99hVL.jpg<\/span>\n\t\t\t\t\t\t<span itemprop='height'>500<\/span>\n\t\t\t\t\t\t<span itemprop='width'>354<\/span>\n\t\t\t\t<\/span>\n\t\t\t\t<span class='av-structured-data'  itemprop=\"publisher\" itemtype=\"https:\/\/schema.org\/Organization\" itemscope=\"itemscope\" >\n\t\t\t\t\t\t<span itemprop='name'>F.<\/span>\n\t\t\t\t\t\t<span itemprop='logo' itemscope itemtype='https:\/\/schema.org\/ImageObject'>\n\t\t\t\t\t\t\t<span itemprop='url'>https:\/\/politicasdelamemoria.org\/wp-content\/uploads\/2015\/01\/logo_memoria_Web.png<\/span>\n\t\t\t\t\t\t<\/span>\n\t\t\t\t<\/span><span class='av-structured-data'  itemprop=\"author\" itemscope=\"itemscope\" itemtype=\"https:\/\/schema.org\/Person\" ><span itemprop='name'>F.<\/span><\/span><span class='av-structured-data'  itemprop=\"datePublished\" datetime=\"2015-01-29T14:23:28+01:00\" >2019-06-03 13:13:57<\/span><span class='av-structured-data'  itemprop=\"dateModified\" itemtype=\"https:\/\/schema.org\/dateModified\" >2019-06-03 13:13:57<\/span><span class='av-structured-data'  itemprop=\"mainEntityOfPage\" itemtype=\"https:\/\/schema.org\/mainEntityOfPage\" ><span itemprop='name'>Poetics of Absence<\/span><\/span><\/span><\/article><\/div><div class=\"slide-entry-wrap\"><article class='slide-entry flex_column  post-entry post-entry-18718 slide-entry-overview slide-loop-15 slide-parity-odd  av_one_half first real-thumbnail posttype-post post-format-standard'  itemscope=\"itemscope\" itemtype=\"https:\/\/schema.org\/CreativeWork\" ><a href='https:\/\/politicasdelamemoria.org\/en\/2019\/05\/memory-laws-memory-wars\/' data-rel='slide-1' class='slide-image' title='Memory Laws, Memory Wars'><img decoding=\"async\" fetchpriority=\"high\" width=\"331\" height=\"499\" src=\"https:\/\/politicasdelamemoria.org\/wp-content\/uploads\/2019\/05\/libro_mayo.jpg\" class=\"wp-image-18714 avia-img-lazy-loading-not-18714 attachment-no scaling size-no scaling wp-post-image\" alt=\"\" srcset=\"https:\/\/politicasdelamemoria.org\/wp-content\/uploads\/2019\/05\/libro_mayo.jpg 331w, https:\/\/politicasdelamemoria.org\/wp-content\/uploads\/2019\/05\/libro_mayo-199x300.jpg 199w\" sizes=\"(max-width: 331px) 100vw, 331px\" \/><\/a><div class=\"slide-content\"><header class=\"entry-content-header\" aria-label=\"Slide: Memory Laws, Memory Wars\"><h3 class='slide-entry-title entry-title '  itemprop=\"headline\" ><a href='https:\/\/politicasdelamemoria.org\/en\/2019\/05\/memory-laws-memory-wars\/' title='Memory Laws, Memory Wars'>Memory Laws, Memory Wars<\/a><\/h3><span class=\"av-vertical-delimiter\"><\/span><\/header><\/div><footer class=\"entry-footer\"><\/footer><span class='hidden'>\n\t\t\t\t<span class='av-structured-data'  itemprop=\"image\" itemscope=\"itemscope\" itemtype=\"https:\/\/schema.org\/ImageObject\" >\n\t\t\t\t\t\t<span itemprop='url'>https:\/\/politicasdelamemoria.org\/wp-content\/uploads\/2019\/05\/libro_mayo.jpg<\/span>\n\t\t\t\t\t\t<span itemprop='height'>499<\/span>\n\t\t\t\t\t\t<span itemprop='width'>331<\/span>\n\t\t\t\t<\/span>\n\t\t\t\t<span class='av-structured-data'  itemprop=\"publisher\" itemtype=\"https:\/\/schema.org\/Organization\" itemscope=\"itemscope\" >\n\t\t\t\t\t\t<span itemprop='name'>F.<\/span>\n\t\t\t\t\t\t<span itemprop='logo' itemscope itemtype='https:\/\/schema.org\/ImageObject'>\n\t\t\t\t\t\t\t<span itemprop='url'>https:\/\/politicasdelamemoria.org\/wp-content\/uploads\/2015\/01\/logo_memoria_Web.png<\/span>\n\t\t\t\t\t\t<\/span>\n\t\t\t\t<\/span><span class='av-structured-data'  itemprop=\"author\" itemscope=\"itemscope\" itemtype=\"https:\/\/schema.org\/Person\" ><span itemprop='name'>F.<\/span><\/span><span class='av-structured-data'  itemprop=\"datePublished\" datetime=\"2015-01-29T14:23:28+01:00\" >2019-05-08 13:15:47<\/span><span class='av-structured-data'  itemprop=\"dateModified\" itemtype=\"https:\/\/schema.org\/dateModified\" >2019-05-08 13:15:47<\/span><span class='av-structured-data'  itemprop=\"mainEntityOfPage\" itemtype=\"https:\/\/schema.org\/mainEntityOfPage\" ><span itemprop='name'>Memory Laws, Memory Wars<\/span><\/span><\/span><\/article><article class='slide-entry flex_column  post-entry post-entry-18584 slide-entry-overview slide-loop-16 slide-parity-even  av_one_half  real-thumbnail posttype-post post-format-standard'  itemscope=\"itemscope\" itemtype=\"https:\/\/schema.org\/CreativeWork\" ><a href='https:\/\/politicasdelamemoria.org\/en\/2019\/04\/guixe-jordi-alonso-jesus-and-conesa-ricard-2019-ten-years-of-memory-laws-and-policies-2007-2017\/' data-rel='slide-1' class='slide-image' title='GUIX\u00c9, Jordi, ALONSO, Jes\u00fas, and CONESA, Ricard (2019). Ten years of memory laws and policies (2007-2017)'><img decoding=\"async\" fetchpriority=\"high\" width=\"236\" height=\"354\" src=\"https:\/\/politicasdelamemoria.org\/wp-content\/uploads\/2019\/04\/edition-81424-236x354.jpg\" class=\"wp-image-18581 avia-img-lazy-loading-not-18581 attachment-no scaling size-no scaling wp-post-image\" alt=\"\" srcset=\"https:\/\/politicasdelamemoria.org\/wp-content\/uploads\/2019\/04\/edition-81424-236x354.jpg 236w, https:\/\/politicasdelamemoria.org\/wp-content\/uploads\/2019\/04\/edition-81424-236x354-200x300.jpg 200w\" sizes=\"(max-width: 236px) 100vw, 236px\" \/><\/a><div class=\"slide-content\"><header class=\"entry-content-header\" aria-label=\"Slide: GUIX\u00c9, Jordi, ALONSO, Jes\u00fas, and CONESA, Ricard (2019). Ten years of memory laws and policies (2007-2017)\"><h3 class='slide-entry-title entry-title '  itemprop=\"headline\" ><a href='https:\/\/politicasdelamemoria.org\/en\/2019\/04\/guixe-jordi-alonso-jesus-and-conesa-ricard-2019-ten-years-of-memory-laws-and-policies-2007-2017\/' title='GUIX\u00c9, Jordi, ALONSO, Jes\u00fas, and CONESA, Ricard (2019). Ten years of memory laws and policies (2007-2017)'>GUIX\u00c9, Jordi, ALONSO, Jes\u00fas, and CONESA, Ricard (2019). Ten years of memory laws and policies (2007-2017)<\/a><\/h3><span class=\"av-vertical-delimiter\"><\/span><\/header><\/div><footer class=\"entry-footer\"><\/footer><span class='hidden'>\n\t\t\t\t<span class='av-structured-data'  itemprop=\"image\" itemscope=\"itemscope\" itemtype=\"https:\/\/schema.org\/ImageObject\" >\n\t\t\t\t\t\t<span itemprop='url'>https:\/\/politicasdelamemoria.org\/wp-content\/uploads\/2019\/04\/edition-81424-236x354.jpg<\/span>\n\t\t\t\t\t\t<span itemprop='height'>354<\/span>\n\t\t\t\t\t\t<span itemprop='width'>236<\/span>\n\t\t\t\t<\/span>\n\t\t\t\t<span class='av-structured-data'  itemprop=\"publisher\" itemtype=\"https:\/\/schema.org\/Organization\" itemscope=\"itemscope\" >\n\t\t\t\t\t\t<span itemprop='name'>F.<\/span>\n\t\t\t\t\t\t<span itemprop='logo' itemscope itemtype='https:\/\/schema.org\/ImageObject'>\n\t\t\t\t\t\t\t<span itemprop='url'>https:\/\/politicasdelamemoria.org\/wp-content\/uploads\/2015\/01\/logo_memoria_Web.png<\/span>\n\t\t\t\t\t\t<\/span>\n\t\t\t\t<\/span><span class='av-structured-data'  itemprop=\"author\" itemscope=\"itemscope\" itemtype=\"https:\/\/schema.org\/Person\" ><span itemprop='name'>F.<\/span><\/span><span class='av-structured-data'  itemprop=\"datePublished\" datetime=\"2015-01-29T14:23:28+01:00\" >2019-04-01 13:51:56<\/span><span class='av-structured-data'  itemprop=\"dateModified\" itemtype=\"https:\/\/schema.org\/dateModified\" >2019-04-01 13:51:56<\/span><span class='av-structured-data'  itemprop=\"mainEntityOfPage\" itemtype=\"https:\/\/schema.org\/mainEntityOfPage\" ><span itemprop='name'>GUIX\u00c9, Jordi, ALONSO, Jes\u00fas, and CONESA, Ricard (2019). Ten years of memory laws and policies (2007-2017)<\/span><\/span><\/span><\/article><\/div><div class=\"slide-entry-wrap\"><article class='slide-entry flex_column  post-entry post-entry-18333 slide-entry-overview slide-loop-17 slide-parity-odd  av_one_half first real-thumbnail posttype-post post-format-standard'  itemscope=\"itemscope\" itemtype=\"https:\/\/schema.org\/CreativeWork\" ><a href='https:\/\/politicasdelamemoria.org\/en\/2019\/03\/eser-patrick-schrott-angela-and-winter-ulrich-editors2018-democratic-transitions-and-memory-in-the-hispanic-world\/' data-rel='slide-1' class='slide-image' title='ESER, Patrick, SCHROTT, Angela and WINTER, Ulrich (editors)(2018). Democratic transitions and memory in the Hispanic world'><img decoding=\"async\" fetchpriority=\"high\" width=\"352\" height=\"499\" src=\"https:\/\/politicasdelamemoria.org\/wp-content\/uploads\/2019\/03\/libro_marzo.jpg\" class=\"wp-image-18330 avia-img-lazy-loading-not-18330 attachment-no scaling size-no scaling wp-post-image\" alt=\"\" srcset=\"https:\/\/politicasdelamemoria.org\/wp-content\/uploads\/2019\/03\/libro_marzo.jpg 352w, https:\/\/politicasdelamemoria.org\/wp-content\/uploads\/2019\/03\/libro_marzo-212x300.jpg 212w\" sizes=\"(max-width: 352px) 100vw, 352px\" \/><\/a><div class=\"slide-content\"><header class=\"entry-content-header\" aria-label=\"Slide: ESER, Patrick, SCHROTT, Angela and WINTER, Ulrich (editors)(2018). Democratic transitions and memory in the Hispanic world\"><h3 class='slide-entry-title entry-title '  itemprop=\"headline\" ><a href='https:\/\/politicasdelamemoria.org\/en\/2019\/03\/eser-patrick-schrott-angela-and-winter-ulrich-editors2018-democratic-transitions-and-memory-in-the-hispanic-world\/' title='ESER, Patrick, SCHROTT, Angela and WINTER, Ulrich (editors)(2018). Democratic transitions and memory in the Hispanic world'>ESER, Patrick, SCHROTT, Angela and WINTER, Ulrich (editors)(2018). Democratic transitions and memory in the Hispanic world<\/a><\/h3><span class=\"av-vertical-delimiter\"><\/span><\/header><\/div><footer class=\"entry-footer\"><\/footer><span class='hidden'>\n\t\t\t\t<span class='av-structured-data'  itemprop=\"image\" itemscope=\"itemscope\" itemtype=\"https:\/\/schema.org\/ImageObject\" >\n\t\t\t\t\t\t<span itemprop='url'>https:\/\/politicasdelamemoria.org\/wp-content\/uploads\/2019\/03\/libro_marzo.jpg<\/span>\n\t\t\t\t\t\t<span itemprop='height'>499<\/span>\n\t\t\t\t\t\t<span itemprop='width'>352<\/span>\n\t\t\t\t<\/span>\n\t\t\t\t<span class='av-structured-data'  itemprop=\"publisher\" itemtype=\"https:\/\/schema.org\/Organization\" itemscope=\"itemscope\" >\n\t\t\t\t\t\t<span itemprop='name'>F.<\/span>\n\t\t\t\t\t\t<span itemprop='logo' itemscope itemtype='https:\/\/schema.org\/ImageObject'>\n\t\t\t\t\t\t\t<span itemprop='url'>https:\/\/politicasdelamemoria.org\/wp-content\/uploads\/2015\/01\/logo_memoria_Web.png<\/span>\n\t\t\t\t\t\t<\/span>\n\t\t\t\t<\/span><span class='av-structured-data'  itemprop=\"author\" itemscope=\"itemscope\" itemtype=\"https:\/\/schema.org\/Person\" ><span itemprop='name'>F.<\/span><\/span><span class='av-structured-data'  itemprop=\"datePublished\" datetime=\"2015-01-29T14:23:28+01:00\" >2019-03-04 12:48:23<\/span><span class='av-structured-data'  itemprop=\"dateModified\" itemtype=\"https:\/\/schema.org\/dateModified\" >2019-03-04 12:49:48<\/span><span class='av-structured-data'  itemprop=\"mainEntityOfPage\" itemtype=\"https:\/\/schema.org\/mainEntityOfPage\" ><span itemprop='name'>ESER, Patrick, SCHROTT, Angela and WINTER, Ulrich (editors)(2018). Democratic transitions and memory in the Hispanic world<\/span><\/span><\/span><\/article><article class='slide-entry flex_column  post-entry post-entry-17942 slide-entry-overview slide-loop-18 slide-parity-even  av_one_half  real-thumbnail posttype-post post-format-standard'  itemscope=\"itemscope\" itemtype=\"https:\/\/schema.org\/CreativeWork\" ><a href='https:\/\/politicasdelamemoria.org\/en\/2019\/02\/fernandez-prieto-lourenzo-and-miguez-macho-antonio-editors2018-golpistas-e-verdugos-de-1936-historia-dun-pasado-incomodo\/' data-rel='slide-1' class='slide-image' title='FERN\u00c1NDEZ PRIETO, Lourenzo and M\u00cdGUEZ MACHO, Antonio (editors)(2018). Golpistas e verdugos de 1936. Historia dun pasado inc\u00f3modo'><img decoding=\"async\" fetchpriority=\"high\" width=\"580\" height=\"889\" src=\"https:\/\/politicasdelamemoria.org\/wp-content\/uploads\/2019\/02\/Golpistas-e-Verdugos-de-1936.jpg\" class=\"wp-image-17936 avia-img-lazy-loading-not-17936 attachment-no scaling size-no scaling wp-post-image\" alt=\"\" srcset=\"https:\/\/politicasdelamemoria.org\/wp-content\/uploads\/2019\/02\/Golpistas-e-Verdugos-de-1936.jpg 580w, https:\/\/politicasdelamemoria.org\/wp-content\/uploads\/2019\/02\/Golpistas-e-Verdugos-de-1936-196x300.jpg 196w, https:\/\/politicasdelamemoria.org\/wp-content\/uploads\/2019\/02\/Golpistas-e-Verdugos-de-1936-460x705.jpg 460w, https:\/\/politicasdelamemoria.org\/wp-content\/uploads\/2019\/02\/Golpistas-e-Verdugos-de-1936-450x690.jpg 450w\" sizes=\"(max-width: 580px) 100vw, 580px\" \/><\/a><div class=\"slide-content\"><header class=\"entry-content-header\" aria-label=\"Slide: FERN\u00c1NDEZ PRIETO, Lourenzo and M\u00cdGUEZ MACHO, Antonio (editors)(2018). Golpistas e verdugos de 1936. Historia dun pasado inc\u00f3modo\"><h3 class='slide-entry-title entry-title '  itemprop=\"headline\" ><a href='https:\/\/politicasdelamemoria.org\/en\/2019\/02\/fernandez-prieto-lourenzo-and-miguez-macho-antonio-editors2018-golpistas-e-verdugos-de-1936-historia-dun-pasado-incomodo\/' title='FERN\u00c1NDEZ PRIETO, Lourenzo and M\u00cdGUEZ MACHO, Antonio (editors)(2018). Golpistas e verdugos de 1936. Historia dun pasado inc\u00f3modo'>FERN\u00c1NDEZ PRIETO, Lourenzo and M\u00cdGUEZ MACHO, Antonio (editors)(2018). Golpistas e verdugos de 1936. Historia dun pasado inc\u00f3modo<\/a><\/h3><span class=\"av-vertical-delimiter\"><\/span><\/header><\/div><footer class=\"entry-footer\"><\/footer><span class='hidden'>\n\t\t\t\t<span class='av-structured-data'  itemprop=\"image\" itemscope=\"itemscope\" itemtype=\"https:\/\/schema.org\/ImageObject\" >\n\t\t\t\t\t\t<span itemprop='url'>https:\/\/politicasdelamemoria.org\/wp-content\/uploads\/2019\/02\/Golpistas-e-Verdugos-de-1936.jpg<\/span>\n\t\t\t\t\t\t<span itemprop='height'>889<\/span>\n\t\t\t\t\t\t<span itemprop='width'>580<\/span>\n\t\t\t\t<\/span>\n\t\t\t\t<span class='av-structured-data'  itemprop=\"publisher\" itemtype=\"https:\/\/schema.org\/Organization\" itemscope=\"itemscope\" >\n\t\t\t\t\t\t<span itemprop='name'>F.<\/span>\n\t\t\t\t\t\t<span itemprop='logo' itemscope itemtype='https:\/\/schema.org\/ImageObject'>\n\t\t\t\t\t\t\t<span itemprop='url'>https:\/\/politicasdelamemoria.org\/wp-content\/uploads\/2015\/01\/logo_memoria_Web.png<\/span>\n\t\t\t\t\t\t<\/span>\n\t\t\t\t<\/span><span class='av-structured-data'  itemprop=\"author\" itemscope=\"itemscope\" itemtype=\"https:\/\/schema.org\/Person\" ><span itemprop='name'>F.<\/span><\/span><span class='av-structured-data'  itemprop=\"datePublished\" datetime=\"2015-01-29T14:23:28+01:00\" >2019-02-01 13:54:35<\/span><span class='av-structured-data'  itemprop=\"dateModified\" itemtype=\"https:\/\/schema.org\/dateModified\" >2019-02-01 13:55:03<\/span><span class='av-structured-data'  itemprop=\"mainEntityOfPage\" itemtype=\"https:\/\/schema.org\/mainEntityOfPage\" ><span itemprop='name'>FERN\u00c1NDEZ PRIETO, Lourenzo and M\u00cdGUEZ MACHO, Antonio (editors)(2018). Golpistas e verdugos de 1936. Historia dun pasado inc\u00f3modo<\/span><\/span><\/span><\/article><\/div><div class=\"slide-entry-wrap\"><article class='slide-entry flex_column  post-entry post-entry-17827 slide-entry-overview slide-loop-19 slide-parity-odd  av_one_half first real-thumbnail posttype-post post-format-standard'  itemscope=\"itemscope\" itemtype=\"https:\/\/schema.org\/CreativeWork\" ><a href='https:\/\/politicasdelamemoria.org\/en\/2019\/01\/ribeiro-de-menezes-alison-cazorla-sanchez-antonio-and-shubert-adrian-editors2018-public-humanities-and-the-spanish-civil-war\/' data-rel='slide-1' class='slide-image' title='RIBEIRO DE MENEZES, Alison, CAZORLA-SANCHEZ, Antonio, and SHUBERT, Adrian (editors)(2018). Public Humanities and the Spanish Civil War'><img decoding=\"async\" fetchpriority=\"high\" width=\"354\" height=\"499\" src=\"https:\/\/politicasdelamemoria.org\/wp-content\/uploads\/2019\/01\/libro_enero.jpg\" class=\"wp-image-17818 avia-img-lazy-loading-not-17818 attachment-no scaling size-no scaling wp-post-image\" alt=\"\" srcset=\"https:\/\/politicasdelamemoria.org\/wp-content\/uploads\/2019\/01\/libro_enero.jpg 354w, https:\/\/politicasdelamemoria.org\/wp-content\/uploads\/2019\/01\/libro_enero-213x300.jpg 213w\" sizes=\"(max-width: 354px) 100vw, 354px\" \/><\/a><div class=\"slide-content\"><header class=\"entry-content-header\" aria-label=\"Slide: RIBEIRO DE MENEZES, Alison, CAZORLA-SANCHEZ, Antonio, and SHUBERT, Adrian (editors)(2018). Public Humanities and the Spanish Civil War\"><h3 class='slide-entry-title entry-title '  itemprop=\"headline\" ><a href='https:\/\/politicasdelamemoria.org\/en\/2019\/01\/ribeiro-de-menezes-alison-cazorla-sanchez-antonio-and-shubert-adrian-editors2018-public-humanities-and-the-spanish-civil-war\/' title='RIBEIRO DE MENEZES, Alison, CAZORLA-SANCHEZ, Antonio, and SHUBERT, Adrian (editors)(2018). Public Humanities and the Spanish Civil War'>RIBEIRO DE MENEZES, Alison, CAZORLA-SANCHEZ, Antonio, and SHUBERT, Adrian (editors)(2018). Public Humanities and the Spanish Civil War<\/a><\/h3><span class=\"av-vertical-delimiter\"><\/span><\/header><\/div><footer class=\"entry-footer\"><\/footer><span class='hidden'>\n\t\t\t\t<span class='av-structured-data'  itemprop=\"image\" itemscope=\"itemscope\" itemtype=\"https:\/\/schema.org\/ImageObject\" >\n\t\t\t\t\t\t<span itemprop='url'>https:\/\/politicasdelamemoria.org\/wp-content\/uploads\/2019\/01\/libro_enero.jpg<\/span>\n\t\t\t\t\t\t<span itemprop='height'>499<\/span>\n\t\t\t\t\t\t<span itemprop='width'>354<\/span>\n\t\t\t\t<\/span>\n\t\t\t\t<span class='av-structured-data'  itemprop=\"publisher\" itemtype=\"https:\/\/schema.org\/Organization\" itemscope=\"itemscope\" >\n\t\t\t\t\t\t<span itemprop='name'>F.<\/span>\n\t\t\t\t\t\t<span itemprop='logo' itemscope itemtype='https:\/\/schema.org\/ImageObject'>\n\t\t\t\t\t\t\t<span itemprop='url'>https:\/\/politicasdelamemoria.org\/wp-content\/uploads\/2015\/01\/logo_memoria_Web.png<\/span>\n\t\t\t\t\t\t<\/span>\n\t\t\t\t<\/span><span class='av-structured-data'  itemprop=\"author\" itemscope=\"itemscope\" itemtype=\"https:\/\/schema.org\/Person\" ><span itemprop='name'>F.<\/span><\/span><span class='av-structured-data'  itemprop=\"datePublished\" datetime=\"2015-01-29T14:23:28+01:00\" >2019-01-03 16:18:17<\/span><span class='av-structured-data'  itemprop=\"dateModified\" itemtype=\"https:\/\/schema.org\/dateModified\" >2019-01-03 16:18:17<\/span><span class='av-structured-data'  itemprop=\"mainEntityOfPage\" itemtype=\"https:\/\/schema.org\/mainEntityOfPage\" ><span itemprop='name'>RIBEIRO DE MENEZES, Alison, CAZORLA-SANCHEZ, Antonio, and SHUBERT, Adrian (editors)(2018). Public Humanities and the Spanish Civil War<\/span><\/span><\/span><\/article><article class='slide-entry flex_column  post-entry post-entry-17544 slide-entry-overview slide-loop-20 slide-parity-even  av_one_half  real-thumbnail posttype-post post-format-standard'  itemscope=\"itemscope\" itemtype=\"https:\/\/schema.org\/CreativeWork\" ><a href='https:\/\/politicasdelamemoria.org\/en\/2018\/12\/maguire-mark-rao-ursula-and-zurawski-nils-editors2018-bodies-as-evidence-security-knowledge-and-power\/' data-rel='slide-1' class='slide-image' title='MAGUIRE, Mark, RAO, Ursula, and ZURAWSKI, Nils (editors)(2018). Bodies as Evidence: Security, Knowledge, and Power'><img decoding=\"async\" fetchpriority=\"high\" width=\"600\" height=\"900\" src=\"https:\/\/politicasdelamemoria.org\/wp-content\/uploads\/2018\/12\/978-1-4780-0294-9_pr.jpg\" class=\"wp-image-17536 avia-img-lazy-loading-not-17536 attachment-no scaling size-no scaling wp-post-image\" alt=\"\" srcset=\"https:\/\/politicasdelamemoria.org\/wp-content\/uploads\/2018\/12\/978-1-4780-0294-9_pr.jpg 600w, https:\/\/politicasdelamemoria.org\/wp-content\/uploads\/2018\/12\/978-1-4780-0294-9_pr-200x300.jpg 200w, https:\/\/politicasdelamemoria.org\/wp-content\/uploads\/2018\/12\/978-1-4780-0294-9_pr-470x705.jpg 470w, https:\/\/politicasdelamemoria.org\/wp-content\/uploads\/2018\/12\/978-1-4780-0294-9_pr-450x675.jpg 450w\" sizes=\"(max-width: 600px) 100vw, 600px\" \/><\/a><div class=\"slide-content\"><header class=\"entry-content-header\" aria-label=\"Slide: MAGUIRE, Mark, RAO, Ursula, and ZURAWSKI, Nils (editors)(2018). Bodies as Evidence: Security, Knowledge, and Power\"><h3 class='slide-entry-title entry-title '  itemprop=\"headline\" ><a href='https:\/\/politicasdelamemoria.org\/en\/2018\/12\/maguire-mark-rao-ursula-and-zurawski-nils-editors2018-bodies-as-evidence-security-knowledge-and-power\/' title='MAGUIRE, Mark, RAO, Ursula, and ZURAWSKI, Nils (editors)(2018). Bodies as Evidence: Security, Knowledge, and Power'>MAGUIRE, Mark, RAO, Ursula, and ZURAWSKI, Nils (editors)(2018). Bodies as Evidence: Security, Knowledge, and Power<\/a><\/h3><span class=\"av-vertical-delimiter\"><\/span><\/header><\/div><footer class=\"entry-footer\"><\/footer><span class='hidden'>\n\t\t\t\t<span class='av-structured-data'  itemprop=\"image\" itemscope=\"itemscope\" itemtype=\"https:\/\/schema.org\/ImageObject\" >\n\t\t\t\t\t\t<span itemprop='url'>https:\/\/politicasdelamemoria.org\/wp-content\/uploads\/2018\/12\/978-1-4780-0294-9_pr.jpg<\/span>\n\t\t\t\t\t\t<span itemprop='height'>900<\/span>\n\t\t\t\t\t\t<span itemprop='width'>600<\/span>\n\t\t\t\t<\/span>\n\t\t\t\t<span class='av-structured-data'  itemprop=\"publisher\" itemtype=\"https:\/\/schema.org\/Organization\" itemscope=\"itemscope\" >\n\t\t\t\t\t\t<span itemprop='name'>F.<\/span>\n\t\t\t\t\t\t<span itemprop='logo' itemscope itemtype='https:\/\/schema.org\/ImageObject'>\n\t\t\t\t\t\t\t<span itemprop='url'>https:\/\/politicasdelamemoria.org\/wp-content\/uploads\/2015\/01\/logo_memoria_Web.png<\/span>\n\t\t\t\t\t\t<\/span>\n\t\t\t\t<\/span><span class='av-structured-data'  itemprop=\"author\" itemscope=\"itemscope\" itemtype=\"https:\/\/schema.org\/Person\" ><span itemprop='name'>F.<\/span><\/span><span class='av-structured-data'  itemprop=\"datePublished\" datetime=\"2015-01-29T14:23:28+01:00\" >2018-12-03 15:05:39<\/span><span class='av-structured-data'  itemprop=\"dateModified\" itemtype=\"https:\/\/schema.org\/dateModified\" >2019-01-03 16:12:24<\/span><span class='av-structured-data'  itemprop=\"mainEntityOfPage\" itemtype=\"https:\/\/schema.org\/mainEntityOfPage\" ><span itemprop='name'>MAGUIRE, Mark, RAO, Ursula, and ZURAWSKI, Nils (editors)(2018). Bodies as Evidence: Security, Knowledge, and Power<\/span><\/span><\/span><\/article><\/div><div class=\"slide-entry-wrap\"><article class='slide-entry flex_column  post-entry post-entry-17363 slide-entry-overview slide-loop-21 slide-parity-odd  av_one_half first real-thumbnail posttype-post post-format-standard'  itemscope=\"itemscope\" itemtype=\"https:\/\/schema.org\/CreativeWork\" ><a href='https:\/\/politicasdelamemoria.org\/en\/2018\/10\/vinyes-ricard-dir-2018-dictionary-of-collective-memory\/' data-rel='slide-1' class='slide-image' title='VINYES, Ricard (dir.) (2018). Dictionary of collective memory'><img decoding=\"async\" fetchpriority=\"high\" width=\"1280\" height=\"666\" src=\"https:\/\/politicasdelamemoria.org\/wp-content\/uploads\/2018\/10\/Invitaci\u00f3n-Diccionario-18oct-MADRID.jpg\" class=\"wp-image-17238 avia-img-lazy-loading-not-17238 attachment-no scaling size-no scaling wp-post-image\" alt=\"\" srcset=\"https:\/\/politicasdelamemoria.org\/wp-content\/uploads\/2018\/10\/Invitaci\u00f3n-Diccionario-18oct-MADRID.jpg 1280w, https:\/\/politicasdelamemoria.org\/wp-content\/uploads\/2018\/10\/Invitaci\u00f3n-Diccionario-18oct-MADRID-300x156.jpg 300w, https:\/\/politicasdelamemoria.org\/wp-content\/uploads\/2018\/10\/Invitaci\u00f3n-Diccionario-18oct-MADRID-1030x536.jpg 1030w, https:\/\/politicasdelamemoria.org\/wp-content\/uploads\/2018\/10\/Invitaci\u00f3n-Diccionario-18oct-MADRID-705x367.jpg 705w, https:\/\/politicasdelamemoria.org\/wp-content\/uploads\/2018\/10\/Invitaci\u00f3n-Diccionario-18oct-MADRID-450x234.jpg 450w\" sizes=\"(max-width: 1280px) 100vw, 1280px\" \/><\/a><div class=\"slide-content\"><header class=\"entry-content-header\" aria-label=\"Slide: VINYES, Ricard (dir.) (2018). Dictionary of collective memory\"><h3 class='slide-entry-title entry-title '  itemprop=\"headline\" ><a href='https:\/\/politicasdelamemoria.org\/en\/2018\/10\/vinyes-ricard-dir-2018-dictionary-of-collective-memory\/' title='VINYES, Ricard (dir.) (2018). Dictionary of collective memory'>VINYES, Ricard (dir.) (2018). Dictionary of collective memory<\/a><\/h3><span class=\"av-vertical-delimiter\"><\/span><\/header><\/div><footer class=\"entry-footer\"><\/footer><span class='hidden'>\n\t\t\t\t<span class='av-structured-data'  itemprop=\"image\" itemscope=\"itemscope\" itemtype=\"https:\/\/schema.org\/ImageObject\" >\n\t\t\t\t\t\t<span itemprop='url'>https:\/\/politicasdelamemoria.org\/wp-content\/uploads\/2018\/10\/Invitaci\u00f3n-Diccionario-18oct-MADRID.jpg<\/span>\n\t\t\t\t\t\t<span itemprop='height'>666<\/span>\n\t\t\t\t\t\t<span itemprop='width'>1280<\/span>\n\t\t\t\t<\/span>\n\t\t\t\t<span class='av-structured-data'  itemprop=\"publisher\" itemtype=\"https:\/\/schema.org\/Organization\" itemscope=\"itemscope\" >\n\t\t\t\t\t\t<span itemprop='name'>F.<\/span>\n\t\t\t\t\t\t<span itemprop='logo' itemscope itemtype='https:\/\/schema.org\/ImageObject'>\n\t\t\t\t\t\t\t<span itemprop='url'>https:\/\/politicasdelamemoria.org\/wp-content\/uploads\/2015\/01\/logo_memoria_Web.png<\/span>\n\t\t\t\t\t\t<\/span>\n\t\t\t\t<\/span><span class='av-structured-data'  itemprop=\"author\" itemscope=\"itemscope\" itemtype=\"https:\/\/schema.org\/Person\" ><span itemprop='name'>F.<\/span><\/span><span class='av-structured-data'  itemprop=\"datePublished\" datetime=\"2015-01-29T14:23:28+01:00\" >2018-10-31 16:57:50<\/span><span class='av-structured-data'  itemprop=\"dateModified\" itemtype=\"https:\/\/schema.org\/dateModified\" >2018-10-31 16:57:50<\/span><span class='av-structured-data'  itemprop=\"mainEntityOfPage\" itemtype=\"https:\/\/schema.org\/mainEntityOfPage\" ><span itemprop='name'>VINYES, Ricard (dir.) (2018). Dictionary of collective memory<\/span><\/span><\/span><\/article><article class='slide-entry flex_column  post-entry post-entry-17222 slide-entry-overview slide-loop-22 slide-parity-even  av_one_half  real-thumbnail posttype-post post-format-standard'  itemscope=\"itemscope\" itemtype=\"https:\/\/schema.org\/CreativeWork\" ><a href='https:\/\/politicasdelamemoria.org\/en\/2018\/10\/faber-sebastiaan-2018-memory-battles-of-the-spanish-civil-war-history-fiction-photography\/' data-rel='slide-1' class='slide-image' title='FABER, Sebastiaan (2018). Memory Battles of the Spanish Civil War: History, Fiction, Photography'><img decoding=\"async\" fetchpriority=\"high\" width=\"348\" height=\"499\" src=\"https:\/\/politicasdelamemoria.org\/wp-content\/uploads\/2018\/10\/LIBRO_Sebastian-Faber.jpg\" class=\"wp-image-17218 avia-img-lazy-loading-not-17218 attachment-no scaling size-no scaling wp-post-image\" alt=\"\" srcset=\"https:\/\/politicasdelamemoria.org\/wp-content\/uploads\/2018\/10\/LIBRO_Sebastian-Faber.jpg 348w, https:\/\/politicasdelamemoria.org\/wp-content\/uploads\/2018\/10\/LIBRO_Sebastian-Faber-209x300.jpg 209w\" sizes=\"(max-width: 348px) 100vw, 348px\" \/><\/a><div class=\"slide-content\"><header class=\"entry-content-header\" aria-label=\"Slide: FABER, Sebastiaan (2018). Memory Battles of the Spanish Civil War: History, Fiction, Photography\"><h3 class='slide-entry-title entry-title '  itemprop=\"headline\" ><a href='https:\/\/politicasdelamemoria.org\/en\/2018\/10\/faber-sebastiaan-2018-memory-battles-of-the-spanish-civil-war-history-fiction-photography\/' title='FABER, Sebastiaan (2018). Memory Battles of the Spanish Civil War: History, Fiction, Photography'>FABER, Sebastiaan (2018). Memory Battles of the Spanish Civil War: History, Fiction, Photography<\/a><\/h3><span class=\"av-vertical-delimiter\"><\/span><\/header><\/div><footer class=\"entry-footer\"><\/footer><span class='hidden'>\n\t\t\t\t<span class='av-structured-data'  itemprop=\"image\" itemscope=\"itemscope\" itemtype=\"https:\/\/schema.org\/ImageObject\" >\n\t\t\t\t\t\t<span itemprop='url'>https:\/\/politicasdelamemoria.org\/wp-content\/uploads\/2018\/10\/LIBRO_Sebastian-Faber.jpg<\/span>\n\t\t\t\t\t\t<span itemprop='height'>499<\/span>\n\t\t\t\t\t\t<span itemprop='width'>348<\/span>\n\t\t\t\t<\/span>\n\t\t\t\t<span class='av-structured-data'  itemprop=\"publisher\" itemtype=\"https:\/\/schema.org\/Organization\" itemscope=\"itemscope\" >\n\t\t\t\t\t\t<span itemprop='name'>F.<\/span>\n\t\t\t\t\t\t<span itemprop='logo' itemscope itemtype='https:\/\/schema.org\/ImageObject'>\n\t\t\t\t\t\t\t<span itemprop='url'>https:\/\/politicasdelamemoria.org\/wp-content\/uploads\/2015\/01\/logo_memoria_Web.png<\/span>\n\t\t\t\t\t\t<\/span>\n\t\t\t\t<\/span><span class='av-structured-data'  itemprop=\"author\" itemscope=\"itemscope\" itemtype=\"https:\/\/schema.org\/Person\" ><span itemprop='name'>F.<\/span><\/span><span class='av-structured-data'  itemprop=\"datePublished\" datetime=\"2015-01-29T14:23:28+01:00\" >2018-10-01 12:53:52<\/span><span class='av-structured-data'  itemprop=\"dateModified\" itemtype=\"https:\/\/schema.org\/dateModified\" >2018-10-01 12:53:52<\/span><span class='av-structured-data'  itemprop=\"mainEntityOfPage\" itemtype=\"https:\/\/schema.org\/mainEntityOfPage\" ><span itemprop='name'>FABER, Sebastiaan (2018). Memory Battles of the Spanish Civil War: History, Fiction, Photography<\/span><\/span><\/span><\/article><\/div><div class=\"slide-entry-wrap\"><article class='slide-entry flex_column  post-entry post-entry-17162 slide-entry-overview slide-loop-23 slide-parity-odd  av_one_half first real-thumbnail posttype-post post-format-standard'  itemscope=\"itemscope\" itemtype=\"https:\/\/schema.org\/CreativeWork\" ><a href='https:\/\/politicasdelamemoria.org\/en\/2018\/09\/de-leon-jason-2015-the-land-of-open-graves-living-and-dying-on-the-migrant-trail\/' data-rel='slide-1' class='slide-image' title='DE LE\u00d3N, Jason (2015) The Land of Open Graves. Living and Dying on the Migrant Trail'><img decoding=\"async\" fetchpriority=\"high\" width=\"300\" height=\"450\" src=\"https:\/\/politicasdelamemoria.org\/wp-content\/uploads\/2018\/09\/jason_deleon.jpg\" class=\"wp-image-17155 avia-img-lazy-loading-not-17155 attachment-no scaling size-no scaling wp-post-image\" alt=\"\" srcset=\"https:\/\/politicasdelamemoria.org\/wp-content\/uploads\/2018\/09\/jason_deleon.jpg 300w, https:\/\/politicasdelamemoria.org\/wp-content\/uploads\/2018\/09\/jason_deleon-200x300.jpg 200w\" sizes=\"(max-width: 300px) 100vw, 300px\" \/><\/a><div class=\"slide-content\"><header class=\"entry-content-header\" aria-label=\"Slide: DE LE\u00d3N, Jason (2015) The Land of Open Graves. Living and Dying on the Migrant Trail\"><h3 class='slide-entry-title entry-title '  itemprop=\"headline\" ><a href='https:\/\/politicasdelamemoria.org\/en\/2018\/09\/de-leon-jason-2015-the-land-of-open-graves-living-and-dying-on-the-migrant-trail\/' title='DE LE\u00d3N, Jason (2015) The Land of Open Graves. Living and Dying on the Migrant Trail'>DE LE\u00d3N, Jason (2015) The Land of Open Graves. Living and Dying on the Migrant Trail<\/a><\/h3><span class=\"av-vertical-delimiter\"><\/span><\/header><\/div><footer class=\"entry-footer\"><\/footer><span class='hidden'>\n\t\t\t\t<span class='av-structured-data'  itemprop=\"image\" itemscope=\"itemscope\" itemtype=\"https:\/\/schema.org\/ImageObject\" >\n\t\t\t\t\t\t<span itemprop='url'>https:\/\/politicasdelamemoria.org\/wp-content\/uploads\/2018\/09\/jason_deleon.jpg<\/span>\n\t\t\t\t\t\t<span itemprop='height'>450<\/span>\n\t\t\t\t\t\t<span itemprop='width'>300<\/span>\n\t\t\t\t<\/span>\n\t\t\t\t<span class='av-structured-data'  itemprop=\"publisher\" itemtype=\"https:\/\/schema.org\/Organization\" itemscope=\"itemscope\" >\n\t\t\t\t\t\t<span itemprop='name'>F.<\/span>\n\t\t\t\t\t\t<span itemprop='logo' itemscope itemtype='https:\/\/schema.org\/ImageObject'>\n\t\t\t\t\t\t\t<span itemprop='url'>https:\/\/politicasdelamemoria.org\/wp-content\/uploads\/2015\/01\/logo_memoria_Web.png<\/span>\n\t\t\t\t\t\t<\/span>\n\t\t\t\t<\/span><span class='av-structured-data'  itemprop=\"author\" itemscope=\"itemscope\" itemtype=\"https:\/\/schema.org\/Person\" ><span itemprop='name'>F.<\/span><\/span><span class='av-structured-data'  itemprop=\"datePublished\" datetime=\"2015-01-29T14:23:28+01:00\" >2018-09-10 16:37:56<\/span><span class='av-structured-data'  itemprop=\"dateModified\" itemtype=\"https:\/\/schema.org\/dateModified\" >2018-09-10 16:38:58<\/span><span class='av-structured-data'  itemprop=\"mainEntityOfPage\" itemtype=\"https:\/\/schema.org\/mainEntityOfPage\" ><span itemprop='name'>DE LE\u00d3N, Jason (2015) The Land of Open Graves. Living and Dying on the Migrant Trail<\/span><\/span><\/span><\/article><article class='slide-entry flex_column  post-entry post-entry-16867 slide-entry-overview slide-loop-24 slide-parity-even  av_one_half  real-thumbnail posttype-post post-format-standard'  itemscope=\"itemscope\" itemtype=\"https:\/\/schema.org\/CreativeWork\" ><a href='https:\/\/politicasdelamemoria.org\/en\/2018\/07\/weizman-eyal-2017-forensic-architecture-violence-at-the-threshold-of-detectability\/' data-rel='slide-1' class='slide-image' title='WEIZMAN, Eyal (2017). Forensic Architecture: Violence at the Threshold of Detectability'><img decoding=\"async\" fetchpriority=\"high\" width=\"911\" height=\"1030\" src=\"https:\/\/politicasdelamemoria.org\/wp-content\/uploads\/2018\/07\/Forensic-Architecture_Jacket-911x1030.jpg\" class=\"wp-image-16862 avia-img-lazy-loading-not-16862 attachment-no scaling size-no scaling wp-post-image\" alt=\"\" srcset=\"https:\/\/politicasdelamemoria.org\/wp-content\/uploads\/2018\/07\/Forensic-Architecture_Jacket-911x1030.jpg 911w, https:\/\/politicasdelamemoria.org\/wp-content\/uploads\/2018\/07\/Forensic-Architecture_Jacket-911x1030-265x300.jpg 265w, https:\/\/politicasdelamemoria.org\/wp-content\/uploads\/2018\/07\/Forensic-Architecture_Jacket-911x1030-624x705.jpg 624w, https:\/\/politicasdelamemoria.org\/wp-content\/uploads\/2018\/07\/Forensic-Architecture_Jacket-911x1030-450x509.jpg 450w\" sizes=\"(max-width: 911px) 100vw, 911px\" \/><\/a><div class=\"slide-content\"><header class=\"entry-content-header\" aria-label=\"Slide: WEIZMAN, Eyal (2017). Forensic Architecture: Violence at the Threshold of Detectability\"><h3 class='slide-entry-title entry-title '  itemprop=\"headline\" ><a href='https:\/\/politicasdelamemoria.org\/en\/2018\/07\/weizman-eyal-2017-forensic-architecture-violence-at-the-threshold-of-detectability\/' title='WEIZMAN, Eyal (2017). Forensic Architecture: Violence at the Threshold of Detectability'>WEIZMAN, Eyal (2017). Forensic Architecture: Violence at the Threshold of Detectability<\/a><\/h3><span class=\"av-vertical-delimiter\"><\/span><\/header><\/div><footer class=\"entry-footer\"><\/footer><span class='hidden'>\n\t\t\t\t<span class='av-structured-data'  itemprop=\"image\" itemscope=\"itemscope\" itemtype=\"https:\/\/schema.org\/ImageObject\" >\n\t\t\t\t\t\t<span itemprop='url'>https:\/\/politicasdelamemoria.org\/wp-content\/uploads\/2018\/07\/Forensic-Architecture_Jacket-911x1030.jpg<\/span>\n\t\t\t\t\t\t<span itemprop='height'>1030<\/span>\n\t\t\t\t\t\t<span itemprop='width'>911<\/span>\n\t\t\t\t<\/span>\n\t\t\t\t<span class='av-structured-data'  itemprop=\"publisher\" itemtype=\"https:\/\/schema.org\/Organization\" itemscope=\"itemscope\" >\n\t\t\t\t\t\t<span itemprop='name'>F.<\/span>\n\t\t\t\t\t\t<span itemprop='logo' itemscope itemtype='https:\/\/schema.org\/ImageObject'>\n\t\t\t\t\t\t\t<span itemprop='url'>https:\/\/politicasdelamemoria.org\/wp-content\/uploads\/2015\/01\/logo_memoria_Web.png<\/span>\n\t\t\t\t\t\t<\/span>\n\t\t\t\t<\/span><span class='av-structured-data'  itemprop=\"author\" itemscope=\"itemscope\" itemtype=\"https:\/\/schema.org\/Person\" ><span itemprop='name'>F.<\/span><\/span><span class='av-structured-data'  itemprop=\"datePublished\" datetime=\"2015-01-29T14:23:28+01:00\" >2018-07-31 17:15:33<\/span><span class='av-structured-data'  itemprop=\"dateModified\" itemtype=\"https:\/\/schema.org\/dateModified\" >2018-07-31 17:15:33<\/span><span class='av-structured-data'  itemprop=\"mainEntityOfPage\" itemtype=\"https:\/\/schema.org\/mainEntityOfPage\" ><span itemprop='name'>WEIZMAN, Eyal (2017). Forensic Architecture: Violence at the Threshold of Detectability<\/span><\/span><\/span><\/article><\/div><div class=\"slide-entry-wrap\"><article class='slide-entry flex_column  post-entry post-entry-16708 slide-entry-overview slide-loop-25 slide-parity-odd  av_one_half first real-thumbnail posttype-post post-format-standard'  itemscope=\"itemscope\" itemtype=\"https:\/\/schema.org\/CreativeWork\" ><a href='https:\/\/politicasdelamemoria.org\/en\/2018\/07\/robben-antonius-editor-2018-a-companion-to-the-anthropology-of-death\/' data-rel='slide-1' class='slide-image' title='ROBBEN, Antonius (editor) (2018). A Companion to the Anthropology of Death'><img decoding=\"async\" fetchpriority=\"high\" width=\"300\" height=\"431\" src=\"https:\/\/politicasdelamemoria.org\/wp-content\/uploads\/2018\/07\/111922229X-1.jpg\" class=\"wp-image-16709 avia-img-lazy-loading-not-16709 attachment-no scaling size-no scaling wp-post-image\" alt=\"\" srcset=\"https:\/\/politicasdelamemoria.org\/wp-content\/uploads\/2018\/07\/111922229X-1.jpg 300w, https:\/\/politicasdelamemoria.org\/wp-content\/uploads\/2018\/07\/111922229X-1-209x300.jpg 209w\" sizes=\"(max-width: 300px) 100vw, 300px\" \/><\/a><div class=\"slide-content\"><header class=\"entry-content-header\" aria-label=\"Slide: ROBBEN, Antonius (editor) (2018). A Companion to the Anthropology of Death\"><h3 class='slide-entry-title entry-title '  itemprop=\"headline\" ><a href='https:\/\/politicasdelamemoria.org\/en\/2018\/07\/robben-antonius-editor-2018-a-companion-to-the-anthropology-of-death\/' title='ROBBEN, Antonius (editor) (2018). A Companion to the Anthropology of Death'>ROBBEN, Antonius (editor) (2018). A Companion to the Anthropology of Death<\/a><\/h3><span class=\"av-vertical-delimiter\"><\/span><\/header><\/div><footer class=\"entry-footer\"><\/footer><span class='hidden'>\n\t\t\t\t<span class='av-structured-data'  itemprop=\"image\" itemscope=\"itemscope\" itemtype=\"https:\/\/schema.org\/ImageObject\" >\n\t\t\t\t\t\t<span itemprop='url'>https:\/\/politicasdelamemoria.org\/wp-content\/uploads\/2018\/07\/111922229X-1.jpg<\/span>\n\t\t\t\t\t\t<span itemprop='height'>431<\/span>\n\t\t\t\t\t\t<span itemprop='width'>300<\/span>\n\t\t\t\t<\/span>\n\t\t\t\t<span class='av-structured-data'  itemprop=\"publisher\" itemtype=\"https:\/\/schema.org\/Organization\" itemscope=\"itemscope\" >\n\t\t\t\t\t\t<span itemprop='name'>F.<\/span>\n\t\t\t\t\t\t<span itemprop='logo' itemscope itemtype='https:\/\/schema.org\/ImageObject'>\n\t\t\t\t\t\t\t<span itemprop='url'>https:\/\/politicasdelamemoria.org\/wp-content\/uploads\/2015\/01\/logo_memoria_Web.png<\/span>\n\t\t\t\t\t\t<\/span>\n\t\t\t\t<\/span><span class='av-structured-data'  itemprop=\"author\" itemscope=\"itemscope\" itemtype=\"https:\/\/schema.org\/Person\" ><span itemprop='name'>F.<\/span><\/span><span class='av-structured-data'  itemprop=\"datePublished\" datetime=\"2015-01-29T14:23:28+01:00\" >2018-07-03 13:49:44<\/span><span class='av-structured-data'  itemprop=\"dateModified\" itemtype=\"https:\/\/schema.org\/dateModified\" >2018-07-03 13:54:14<\/span><span class='av-structured-data'  itemprop=\"mainEntityOfPage\" itemtype=\"https:\/\/schema.org\/mainEntityOfPage\" ><span itemprop='name'>ROBBEN, Antonius (editor) (2018). A Companion to the Anthropology of Death<\/span><\/span><\/span><\/article><article class='slide-entry flex_column  post-entry post-entry-16083 slide-entry-overview slide-loop-26 slide-parity-even  av_one_half  real-thumbnail posttype-post post-format-standard'  itemscope=\"itemscope\" itemtype=\"https:\/\/schema.org\/CreativeWork\" ><a href='https:\/\/politicasdelamemoria.org\/en\/2018\/06\/dutrenit-silvia-coord-2018-perforando-la-impunidad-historia-reciente-de-los-equipos-de-antropologia-forense-en-america-latina\/' data-rel='slide-1' class='slide-image' title='DUTR\u00c9NIT, Silvia (coord.) (2018)  Perforando la impunidad. Historia reciente de los equipos de antropolog\u00eda forense en Am\u00e9rica Latina.'><img decoding=\"async\" fetchpriority=\"high\" width=\"530\" height=\"758\" src=\"https:\/\/politicasdelamemoria.org\/wp-content\/uploads\/2018\/06\/Captura.png\" class=\"wp-image-16064 avia-img-lazy-loading-not-16064 attachment-no scaling size-no scaling wp-post-image\" alt=\"\" srcset=\"https:\/\/politicasdelamemoria.org\/wp-content\/uploads\/2018\/06\/Captura.png 530w, https:\/\/politicasdelamemoria.org\/wp-content\/uploads\/2018\/06\/Captura-210x300.png 210w, https:\/\/politicasdelamemoria.org\/wp-content\/uploads\/2018\/06\/Captura-493x705.png 493w, https:\/\/politicasdelamemoria.org\/wp-content\/uploads\/2018\/06\/Captura-450x644.png 450w\" sizes=\"(max-width: 530px) 100vw, 530px\" \/><\/a><div class=\"slide-content\"><header class=\"entry-content-header\" aria-label=\"Slide: DUTR\u00c9NIT, Silvia (coord.) (2018)  Perforando la impunidad. Historia reciente de los equipos de antropolog\u00eda forense en Am\u00e9rica Latina.\"><h3 class='slide-entry-title entry-title '  itemprop=\"headline\" ><a href='https:\/\/politicasdelamemoria.org\/en\/2018\/06\/dutrenit-silvia-coord-2018-perforando-la-impunidad-historia-reciente-de-los-equipos-de-antropologia-forense-en-america-latina\/' title='DUTR\u00c9NIT, Silvia (coord.) (2018)  Perforando la impunidad. Historia reciente de los equipos de antropolog\u00eda forense en Am\u00e9rica Latina.'>DUTR\u00c9NIT, Silvia (coord.) (2018)  Perforando la impunidad. Historia reciente de los equipos de antropolog\u00eda forense en Am\u00e9rica Latina.<\/a><\/h3><span class=\"av-vertical-delimiter\"><\/span><\/header><\/div><footer class=\"entry-footer\"><\/footer><span class='hidden'>\n\t\t\t\t<span class='av-structured-data'  itemprop=\"image\" itemscope=\"itemscope\" itemtype=\"https:\/\/schema.org\/ImageObject\" >\n\t\t\t\t\t\t<span itemprop='url'>https:\/\/politicasdelamemoria.org\/wp-content\/uploads\/2018\/06\/Captura.png<\/span>\n\t\t\t\t\t\t<span itemprop='height'>758<\/span>\n\t\t\t\t\t\t<span itemprop='width'>530<\/span>\n\t\t\t\t<\/span>\n\t\t\t\t<span class='av-structured-data'  itemprop=\"publisher\" itemtype=\"https:\/\/schema.org\/Organization\" itemscope=\"itemscope\" >\n\t\t\t\t\t\t<span itemprop='name'>F.<\/span>\n\t\t\t\t\t\t<span itemprop='logo' itemscope itemtype='https:\/\/schema.org\/ImageObject'>\n\t\t\t\t\t\t\t<span itemprop='url'>https:\/\/politicasdelamemoria.org\/wp-content\/uploads\/2015\/01\/logo_memoria_Web.png<\/span>\n\t\t\t\t\t\t<\/span>\n\t\t\t\t<\/span><span class='av-structured-data'  itemprop=\"author\" itemscope=\"itemscope\" itemtype=\"https:\/\/schema.org\/Person\" ><span itemprop='name'>F.<\/span><\/span><span class='av-structured-data'  itemprop=\"datePublished\" datetime=\"2015-01-29T14:23:28+01:00\" >2018-06-07 16:36:03<\/span><span class='av-structured-data'  itemprop=\"dateModified\" itemtype=\"https:\/\/schema.org\/dateModified\" >2018-06-07 16:39:46<\/span><span class='av-structured-data'  itemprop=\"mainEntityOfPage\" itemtype=\"https:\/\/schema.org\/mainEntityOfPage\" ><span itemprop='name'>DUTR\u00c9NIT, Silvia (coord.) (2018)  Perforando la impunidad. Historia reciente de los equipos de antropolog\u00eda forense en Am\u00e9rica Latina.<\/span><\/span><\/span><\/article><\/div><div class=\"slide-entry-wrap\"><article class='slide-entry flex_column  post-entry post-entry-14148 slide-entry-overview slide-loop-27 slide-parity-odd  av_one_half first real-thumbnail posttype-post post-format-standard'  itemscope=\"itemscope\" itemtype=\"https:\/\/schema.org\/CreativeWork\" ><a href='https:\/\/politicasdelamemoria.org\/en\/2018\/01\/dziuban-zuzanna-2017-mapping-the-forensic-turn-engagements-with-materialities-of-mass-death-in-holocaust-studies-and-beyond\/' data-rel='slide-1' class='slide-image' title='DZIUBAN, Zuzanna (2017) Mapping the &#8220;Forensic Turn&#8221;: Engagements with Materialities of Mass Death in Holocaust Studies and Beyond'><img decoding=\"async\" fetchpriority=\"high\" width=\"882\" height=\"1280\" src=\"https:\/\/politicasdelamemoria.org\/wp-content\/uploads\/2018\/01\/978-3-7003-2072-2-1.jpg\" class=\"wp-image-14145 avia-img-lazy-loading-not-14145 attachment-no scaling size-no scaling wp-post-image\" alt=\"\" srcset=\"https:\/\/politicasdelamemoria.org\/wp-content\/uploads\/2018\/01\/978-3-7003-2072-2-1.jpg 882w, https:\/\/politicasdelamemoria.org\/wp-content\/uploads\/2018\/01\/978-3-7003-2072-2-1-207x300.jpg 207w, https:\/\/politicasdelamemoria.org\/wp-content\/uploads\/2018\/01\/978-3-7003-2072-2-1-710x1030.jpg 710w, https:\/\/politicasdelamemoria.org\/wp-content\/uploads\/2018\/01\/978-3-7003-2072-2-1-486x705.jpg 486w, https:\/\/politicasdelamemoria.org\/wp-content\/uploads\/2018\/01\/978-3-7003-2072-2-1-450x653.jpg 450w\" sizes=\"(max-width: 882px) 100vw, 882px\" \/><\/a><div class=\"slide-content\"><header class=\"entry-content-header\" aria-label=\"Slide: DZIUBAN, Zuzanna (2017) Mapping the &quot;Forensic Turn&quot;: Engagements with Materialities of Mass Death in Holocaust Studies and Beyond\"><h3 class='slide-entry-title entry-title '  itemprop=\"headline\" ><a href='https:\/\/politicasdelamemoria.org\/en\/2018\/01\/dziuban-zuzanna-2017-mapping-the-forensic-turn-engagements-with-materialities-of-mass-death-in-holocaust-studies-and-beyond\/' title='DZIUBAN, Zuzanna (2017) Mapping the &#8220;Forensic Turn&#8221;: Engagements with Materialities of Mass Death in Holocaust Studies and Beyond'>DZIUBAN, Zuzanna (2017) Mapping the &#8220;Forensic Turn&#8221;: Engagements with Materialities of Mass Death in Holocaust Studies and Beyond<\/a><\/h3><span class=\"av-vertical-delimiter\"><\/span><\/header><\/div><footer class=\"entry-footer\"><\/footer><span class='hidden'>\n\t\t\t\t<span class='av-structured-data'  itemprop=\"image\" itemscope=\"itemscope\" itemtype=\"https:\/\/schema.org\/ImageObject\" >\n\t\t\t\t\t\t<span itemprop='url'>https:\/\/politicasdelamemoria.org\/wp-content\/uploads\/2018\/01\/978-3-7003-2072-2-1.jpg<\/span>\n\t\t\t\t\t\t<span itemprop='height'>1280<\/span>\n\t\t\t\t\t\t<span itemprop='width'>882<\/span>\n\t\t\t\t<\/span>\n\t\t\t\t<span class='av-structured-data'  itemprop=\"publisher\" itemtype=\"https:\/\/schema.org\/Organization\" itemscope=\"itemscope\" >\n\t\t\t\t\t\t<span itemprop='name'>Miriam Saqqa<\/span>\n\t\t\t\t\t\t<span itemprop='logo' itemscope itemtype='https:\/\/schema.org\/ImageObject'>\n\t\t\t\t\t\t\t<span itemprop='url'>https:\/\/politicasdelamemoria.org\/wp-content\/uploads\/2015\/01\/logo_memoria_Web.png<\/span>\n\t\t\t\t\t\t<\/span>\n\t\t\t\t<\/span><span class='av-structured-data'  itemprop=\"author\" itemscope=\"itemscope\" itemtype=\"https:\/\/schema.org\/Person\" ><span itemprop='name'>Miriam Saqqa<\/span><\/span><span class='av-structured-data'  itemprop=\"datePublished\" datetime=\"2015-01-29T14:23:28+01:00\" >2018-01-12 15:42:37<\/span><span class='av-structured-data'  itemprop=\"dateModified\" itemtype=\"https:\/\/schema.org\/dateModified\" >2018-01-12 15:46:16<\/span><span class='av-structured-data'  itemprop=\"mainEntityOfPage\" itemtype=\"https:\/\/schema.org\/mainEntityOfPage\" ><span itemprop='name'>DZIUBAN, Zuzanna (2017) Mapping the &#8220;Forensic Turn&#8221;: Engagements with Materialities of Mass Death in Holocaust Studies and Beyond<\/span><\/span><\/span><\/article><article class='slide-entry flex_column  post-entry post-entry-16323 slide-entry-overview slide-loop-28 slide-parity-even  av_one_half  real-thumbnail posttype-post post-format-standard'  itemscope=\"itemscope\" itemtype=\"https:\/\/schema.org\/CreativeWork\" ><a href='https:\/\/politicasdelamemoria.org\/en\/2017\/11\/rojas-perez-isaias-2017-mourning-remains-state-atrocity-exhumations-and-governing-the-disappeared-in-perus-postwar-andes\/' data-rel='slide-1' class='slide-image' title='ROJAS-PEREZ, Isaias (2017) Mourning Remains State Atrocity, Exhumations, and Governing the Disappeared in Peru&#8217;s Postwar Andes'><img decoding=\"async\" fetchpriority=\"high\" width=\"199\" height=\"300\" src=\"https:\/\/politicasdelamemoria.org\/wp-content\/uploads\/2018\/06\/pid_26585-199x300.jpg\" class=\"wp-image-16326 avia-img-lazy-loading-not-16326 attachment-no scaling size-no scaling wp-post-image\" alt=\"\" \/><\/a><div class=\"slide-content\"><header class=\"entry-content-header\" aria-label=\"Slide: ROJAS-PEREZ, Isaias (2017) Mourning Remains State Atrocity, Exhumations, and Governing the Disappeared in Peru&#039;s Postwar Andes\"><h3 class='slide-entry-title entry-title '  itemprop=\"headline\" ><a href='https:\/\/politicasdelamemoria.org\/en\/2017\/11\/rojas-perez-isaias-2017-mourning-remains-state-atrocity-exhumations-and-governing-the-disappeared-in-perus-postwar-andes\/' title='ROJAS-PEREZ, Isaias (2017) Mourning Remains State Atrocity, Exhumations, and Governing the Disappeared in Peru&#8217;s Postwar Andes'>ROJAS-PEREZ, Isaias (2017) Mourning Remains State Atrocity, Exhumations, and Governing the Disappeared in Peru&#8217;s Postwar Andes<\/a><\/h3><span class=\"av-vertical-delimiter\"><\/span><\/header><\/div><footer class=\"entry-footer\"><\/footer><span class='hidden'>\n\t\t\t\t<span class='av-structured-data'  itemprop=\"image\" itemscope=\"itemscope\" itemtype=\"https:\/\/schema.org\/ImageObject\" >\n\t\t\t\t\t\t<span itemprop='url'>https:\/\/politicasdelamemoria.org\/wp-content\/uploads\/2018\/06\/pid_26585-199x300.jpg<\/span>\n\t\t\t\t\t\t<span itemprop='height'>300<\/span>\n\t\t\t\t\t\t<span itemprop='width'>199<\/span>\n\t\t\t\t<\/span>\n\t\t\t\t<span class='av-structured-data'  itemprop=\"publisher\" itemtype=\"https:\/\/schema.org\/Organization\" itemscope=\"itemscope\" >\n\t\t\t\t\t\t<span itemprop='name'>F.<\/span>\n\t\t\t\t\t\t<span itemprop='logo' itemscope itemtype='https:\/\/schema.org\/ImageObject'>\n\t\t\t\t\t\t\t<span itemprop='url'>https:\/\/politicasdelamemoria.org\/wp-content\/uploads\/2015\/01\/logo_memoria_Web.png<\/span>\n\t\t\t\t\t\t<\/span>\n\t\t\t\t<\/span><span class='av-structured-data'  itemprop=\"author\" itemscope=\"itemscope\" itemtype=\"https:\/\/schema.org\/Person\" ><span itemprop='name'>F.<\/span><\/span><span class='av-structured-data'  itemprop=\"datePublished\" datetime=\"2015-01-29T14:23:28+01:00\" >2017-11-17 15:51:39<\/span><span class='av-structured-data'  itemprop=\"dateModified\" itemtype=\"https:\/\/schema.org\/dateModified\" >2018-06-15 16:00:31<\/span><span class='av-structured-data'  itemprop=\"mainEntityOfPage\" itemtype=\"https:\/\/schema.org\/mainEntityOfPage\" ><span itemprop='name'>ROJAS-PEREZ, Isaias (2017) Mourning Remains State Atrocity, Exhumations, and Governing the Disappeared in Peru&#8217;s Postwar Andes<\/span><\/span><\/span><\/article><\/div><div class=\"slide-entry-wrap\"><article class='slide-entry flex_column  post-entry post-entry-13389 slide-entry-overview slide-loop-29 slide-parity-odd  av_one_half first real-thumbnail posttype-post post-format-standard'  itemscope=\"itemscope\" itemtype=\"https:\/\/schema.org\/CreativeWork\" ><a href='https:\/\/politicasdelamemoria.org\/en\/2017\/05\/simic-olivera-2014-surviving-peace-a-political-memoir\/' data-rel='slide-1' class='slide-image' title='SIMI\u0107, Olivera (2014) Surviving Peace. A political memoir'><img decoding=\"async\" fetchpriority=\"high\" width=\"134\" height=\"207\" src=\"https:\/\/politicasdelamemoria.org\/wp-content\/uploads\/2017\/04\/simicsurvivingpeacespinifex.jpg\" class=\"wp-image-13384 avia-img-lazy-loading-not-13384 attachment-no scaling size-no scaling wp-post-image\" alt=\"\" \/><\/a><div class=\"slide-content\"><header class=\"entry-content-header\" aria-label=\"Slide: SIMI\u0107, Olivera (2014) Surviving Peace. A political memoir\"><h3 class='slide-entry-title entry-title '  itemprop=\"headline\" ><a href='https:\/\/politicasdelamemoria.org\/en\/2017\/05\/simic-olivera-2014-surviving-peace-a-political-memoir\/' title='SIMI\u0107, Olivera (2014) Surviving Peace. A political memoir'>SIMI\u0107, Olivera (2014) Surviving Peace. A political memoir<\/a><\/h3><span class=\"av-vertical-delimiter\"><\/span><\/header><\/div><footer class=\"entry-footer\"><\/footer><span class='hidden'>\n\t\t\t\t<span class='av-structured-data'  itemprop=\"image\" itemscope=\"itemscope\" itemtype=\"https:\/\/schema.org\/ImageObject\" >\n\t\t\t\t\t\t<span itemprop='url'>https:\/\/politicasdelamemoria.org\/wp-content\/uploads\/2017\/04\/simicsurvivingpeacespinifex.jpg<\/span>\n\t\t\t\t\t\t<span itemprop='height'>207<\/span>\n\t\t\t\t\t\t<span itemprop='width'>134<\/span>\n\t\t\t\t<\/span>\n\t\t\t\t<span class='av-structured-data'  itemprop=\"publisher\" itemtype=\"https:\/\/schema.org\/Organization\" itemscope=\"itemscope\" >\n\t\t\t\t\t\t<span itemprop='name'>Laura Langa<\/span>\n\t\t\t\t\t\t<span itemprop='logo' itemscope itemtype='https:\/\/schema.org\/ImageObject'>\n\t\t\t\t\t\t\t<span itemprop='url'>https:\/\/politicasdelamemoria.org\/wp-content\/uploads\/2015\/01\/logo_memoria_Web.png<\/span>\n\t\t\t\t\t\t<\/span>\n\t\t\t\t<\/span><span class='av-structured-data'  itemprop=\"author\" itemscope=\"itemscope\" itemtype=\"https:\/\/schema.org\/Person\" ><span itemprop='name'>Laura Langa<\/span><\/span><span class='av-structured-data'  itemprop=\"datePublished\" datetime=\"2015-01-29T14:23:28+01:00\" >2017-05-11 13:56:36<\/span><span class='av-structured-data'  itemprop=\"dateModified\" itemtype=\"https:\/\/schema.org\/dateModified\" >2017-05-11 14:03:13<\/span><span class='av-structured-data'  itemprop=\"mainEntityOfPage\" itemtype=\"https:\/\/schema.org\/mainEntityOfPage\" ><span itemprop='name'>SIMI\u0107, Olivera (2014) Surviving Peace. A political memoir<\/span><\/span><\/span><\/article><article class='slide-entry flex_column  post-entry post-entry-12011 slide-entry-overview slide-loop-30 slide-parity-even  av_one_half  real-thumbnail posttype-post post-format-standard'  itemscope=\"itemscope\" itemtype=\"https:\/\/schema.org\/CreativeWork\" ><a href='https:\/\/politicasdelamemoria.org\/en\/2016\/10\/congram-derek-2016-missing-persons-multidisciplinary-perspectives-on-the-disappeared-2\/' data-rel='slide-1' class='slide-image' title='CONGRAM, Derek (2016) Missing Persons Multidisciplinary Perspectives on the Disappeared'><img decoding=\"async\" fetchpriority=\"high\" width=\"200\" height=\"291\" src=\"https:\/\/politicasdelamemoria.org\/wp-content\/uploads\/2016\/10\/2016_Missing-Persons_CVR.jpg\" class=\"wp-image-11997 avia-img-lazy-loading-not-11997 attachment-no scaling size-no scaling wp-post-image\" alt=\"\" \/><\/a><div class=\"slide-content\"><header class=\"entry-content-header\" aria-label=\"Slide: CONGRAM, Derek (2016) Missing Persons Multidisciplinary Perspectives on the Disappeared\"><h3 class='slide-entry-title entry-title '  itemprop=\"headline\" ><a href='https:\/\/politicasdelamemoria.org\/en\/2016\/10\/congram-derek-2016-missing-persons-multidisciplinary-perspectives-on-the-disappeared-2\/' title='CONGRAM, Derek (2016) Missing Persons Multidisciplinary Perspectives on the Disappeared'>CONGRAM, Derek (2016) Missing Persons Multidisciplinary Perspectives on the Disappeared<\/a><\/h3><span class=\"av-vertical-delimiter\"><\/span><\/header><\/div><footer class=\"entry-footer\"><\/footer><span class='hidden'>\n\t\t\t\t<span class='av-structured-data'  itemprop=\"image\" itemscope=\"itemscope\" itemtype=\"https:\/\/schema.org\/ImageObject\" >\n\t\t\t\t\t\t<span itemprop='url'>https:\/\/politicasdelamemoria.org\/wp-content\/uploads\/2016\/10\/2016_Missing-Persons_CVR.jpg<\/span>\n\t\t\t\t\t\t<span itemprop='height'>291<\/span>\n\t\t\t\t\t\t<span itemprop='width'>200<\/span>\n\t\t\t\t<\/span>\n\t\t\t\t<span class='av-structured-data'  itemprop=\"publisher\" itemtype=\"https:\/\/schema.org\/Organization\" itemscope=\"itemscope\" >\n\t\t\t\t\t\t<span itemprop='name'>Laura Langa<\/span>\n\t\t\t\t\t\t<span itemprop='logo' itemscope itemtype='https:\/\/schema.org\/ImageObject'>\n\t\t\t\t\t\t\t<span itemprop='url'>https:\/\/politicasdelamemoria.org\/wp-content\/uploads\/2015\/01\/logo_memoria_Web.png<\/span>\n\t\t\t\t\t\t<\/span>\n\t\t\t\t<\/span><span class='av-structured-data'  itemprop=\"author\" itemscope=\"itemscope\" itemtype=\"https:\/\/schema.org\/Person\" ><span itemprop='name'>Laura Langa<\/span><\/span><span class='av-structured-data'  itemprop=\"datePublished\" datetime=\"2015-01-29T14:23:28+01:00\" >2016-10-10 22:27:46<\/span><span class='av-structured-data'  itemprop=\"dateModified\" itemtype=\"https:\/\/schema.org\/dateModified\" >2016-10-10 22:29:20<\/span><span class='av-structured-data'  itemprop=\"mainEntityOfPage\" itemtype=\"https:\/\/schema.org\/mainEntityOfPage\" ><span itemprop='name'>CONGRAM, Derek (2016) Missing Persons Multidisciplinary Perspectives on the Disappeared<\/span><\/span><\/span><\/article><\/div><div class=\"slide-entry-wrap\"><article class='slide-entry flex_column  post-entry post-entry-11827 slide-entry-overview slide-loop-31 slide-parity-odd  av_one_half first real-thumbnail posttype-post post-format-standard'  itemscope=\"itemscope\" itemtype=\"https:\/\/schema.org\/CreativeWork\" ><a href='https:\/\/politicasdelamemoria.org\/en\/2016\/08\/hristova-marije-2016-reimagining-spain-transnational-entanglements-and-remembrance-of-the-spanish-civil-war-since-1989-2\/' data-rel='slide-1' class='slide-image' title='HRISTOVA, Marije (2016) Reimagining Spain: Transnational Entanglements and Remembrance of the Spanish Civil War since 1989'><img decoding=\"async\" fetchpriority=\"high\" width=\"1001\" height=\"1451\" src=\"https:\/\/politicasdelamemoria.org\/wp-content\/uploads\/2016\/08\/0_voorkant.jpg\" class=\"wp-image-11815 avia-img-lazy-loading-not-11815 attachment-no scaling size-no scaling wp-post-image\" alt=\"\" srcset=\"https:\/\/politicasdelamemoria.org\/wp-content\/uploads\/2016\/08\/0_voorkant.jpg 1001w, https:\/\/politicasdelamemoria.org\/wp-content\/uploads\/2016\/08\/0_voorkant-207x300.jpg 207w, https:\/\/politicasdelamemoria.org\/wp-content\/uploads\/2016\/08\/0_voorkant-768x1113.jpg 768w, https:\/\/politicasdelamemoria.org\/wp-content\/uploads\/2016\/08\/0_voorkant-711x1030.jpg 711w, https:\/\/politicasdelamemoria.org\/wp-content\/uploads\/2016\/08\/0_voorkant-486x705.jpg 486w, https:\/\/politicasdelamemoria.org\/wp-content\/uploads\/2016\/08\/0_voorkant-450x652.jpg 450w\" sizes=\"(max-width: 1001px) 100vw, 1001px\" \/><\/a><div class=\"slide-content\"><header class=\"entry-content-header\" aria-label=\"Slide: HRISTOVA, Marije (2016) Reimagining Spain: Transnational Entanglements and Remembrance of the Spanish Civil War since 1989\"><h3 class='slide-entry-title entry-title '  itemprop=\"headline\" ><a href='https:\/\/politicasdelamemoria.org\/en\/2016\/08\/hristova-marije-2016-reimagining-spain-transnational-entanglements-and-remembrance-of-the-spanish-civil-war-since-1989-2\/' title='HRISTOVA, Marije (2016) Reimagining Spain: Transnational Entanglements and Remembrance of the Spanish Civil War since 1989'>HRISTOVA, Marije (2016) Reimagining Spain: Transnational Entanglements and Remembrance of the Spanish Civil War since 1989<\/a><\/h3><span class=\"av-vertical-delimiter\"><\/span><\/header><\/div><footer class=\"entry-footer\"><\/footer><span class='hidden'>\n\t\t\t\t<span class='av-structured-data'  itemprop=\"image\" itemscope=\"itemscope\" itemtype=\"https:\/\/schema.org\/ImageObject\" >\n\t\t\t\t\t\t<span itemprop='url'>https:\/\/politicasdelamemoria.org\/wp-content\/uploads\/2016\/08\/0_voorkant.jpg<\/span>\n\t\t\t\t\t\t<span itemprop='height'>1451<\/span>\n\t\t\t\t\t\t<span itemprop='width'>1001<\/span>\n\t\t\t\t<\/span>\n\t\t\t\t<span class='av-structured-data'  itemprop=\"publisher\" itemtype=\"https:\/\/schema.org\/Organization\" itemscope=\"itemscope\" >\n\t\t\t\t\t\t<span itemprop='name'>Laura Langa<\/span>\n\t\t\t\t\t\t<span itemprop='logo' itemscope itemtype='https:\/\/schema.org\/ImageObject'>\n\t\t\t\t\t\t\t<span itemprop='url'>https:\/\/politicasdelamemoria.org\/wp-content\/uploads\/2015\/01\/logo_memoria_Web.png<\/span>\n\t\t\t\t\t\t<\/span>\n\t\t\t\t<\/span><span class='av-structured-data'  itemprop=\"author\" itemscope=\"itemscope\" itemtype=\"https:\/\/schema.org\/Person\" ><span itemprop='name'>Laura Langa<\/span><\/span><span class='av-structured-data'  itemprop=\"datePublished\" datetime=\"2015-01-29T14:23:28+01:00\" >2016-08-18 14:31:24<\/span><span class='av-structured-data'  itemprop=\"dateModified\" itemtype=\"https:\/\/schema.org\/dateModified\" >2016-08-18 14:31:24<\/span><span class='av-structured-data'  itemprop=\"mainEntityOfPage\" itemtype=\"https:\/\/schema.org\/mainEntityOfPage\" ><span itemprop='name'>HRISTOVA, Marije (2016) Reimagining Spain: Transnational Entanglements and Remembrance of the Spanish Civil War since 1989<\/span><\/span><\/span><\/article><article class='slide-entry flex_column  post-entry post-entry-11824 slide-entry-overview slide-loop-32 slide-parity-even  av_one_half  fake-thumbnail posttype-post post-format-standard'  itemscope=\"itemscope\" itemtype=\"https:\/\/schema.org\/CreativeWork\" ><a href='https:\/\/politicasdelamemoria.org\/en\/2016\/08\/hristova-marije-2016-reimagining-spain-transnational-entanglements-and-remembrance-of-the-spanish-civil-war-since-1989\/' data-rel='slide-1' class='slide-image' title='HRISTOVA, Marije (2016) Reimagining Spain: Transnational Entanglements and Remembrance of the Spanish Civil War since 1989'><span class='fallback-post-type-icon avia-svg-icon avia-font-svg_entypo-fontello' data-av_svg_icon='pencil' data-av_iconset='svg_entypo-fontello'><svg version=\"1.1\" xmlns=\"http:\/\/www.w3.org\/2000\/svg\" width=\"25\" height=\"32\" viewBox=\"0 0 25 32\" preserveAspectRatio=\"xMidYMid meet\" role=\"graphics-symbol\" aria-hidden=\"true\">\n<path d=\"M22.976 5.44q1.024 1.024 1.504 2.048t0.48 1.536v0.512l-8.064 8.064-9.28 9.216-7.616 1.664 1.6-7.68 9.28-9.216 8.064-8.064q1.728-0.384 4.032 1.92zM7.168 25.92l0.768-0.768q-0.064-1.408-1.664-3.008-0.704-0.704-1.44-1.12t-1.12-0.416l-0.448-0.064-0.704 0.768-0.576 2.56q0.896 0.512 1.472 1.088 0.768 0.768 1.152 1.536z\"><\/path>\n<\/svg><\/span><span class='slider-fallback-image'><img decoding=\"async\" fetchpriority=\"high\" width=\"150\" height=\"227\" src=\"https:\/\/politicasdelamemoria.org\/wp-content\/uploads\/importedmedia\/blogmedia-518.jpg\" class=\"wp-image-821 avia-img-lazy-loading-not-821 attachment-no scaling size-no scaling wp-post-image\" alt=\"\" \/><\/span><\/a><div class=\"slide-content\"><header class=\"entry-content-header\" aria-label=\"Slide: HRISTOVA, Marije (2016) Reimagining Spain: Transnational Entanglements and Remembrance of the Spanish Civil War since 1989\"><h3 class='slide-entry-title entry-title '  itemprop=\"headline\" ><a href='https:\/\/politicasdelamemoria.org\/en\/2016\/08\/hristova-marije-2016-reimagining-spain-transnational-entanglements-and-remembrance-of-the-spanish-civil-war-since-1989\/' title='HRISTOVA, Marije (2016) Reimagining Spain: Transnational Entanglements and Remembrance of the Spanish Civil War since 1989'>HRISTOVA, Marije (2016) Reimagining Spain: Transnational Entanglements and Remembrance of the Spanish Civil War since 1989<\/a><\/h3><span class=\"av-vertical-delimiter\"><\/span><\/header><\/div><footer class=\"entry-footer\"><\/footer><span class='hidden'>\n\t\t\t\t<span class='av-structured-data'  itemprop=\"image\" itemscope=\"itemscope\" itemtype=\"https:\/\/schema.org\/ImageObject\" >\n\t\t\t\t\t\t<span itemprop='url'>https:\/\/politicasdelamemoria.org\/wp-content\/uploads\/2015\/01\/logo_memoria_Web.png<\/span>\n\t\t\t\t\t\t<span itemprop='height'>0<\/span>\n\t\t\t\t\t\t<span itemprop='width'>0<\/span>\n\t\t\t\t<\/span>\n\t\t\t\t<span class='av-structured-data'  itemprop=\"publisher\" itemtype=\"https:\/\/schema.org\/Organization\" itemscope=\"itemscope\" >\n\t\t\t\t\t\t<span itemprop='name'>Laura Langa<\/span>\n\t\t\t\t\t\t<span itemprop='logo' itemscope itemtype='https:\/\/schema.org\/ImageObject'>\n\t\t\t\t\t\t\t<span itemprop='url'>https:\/\/politicasdelamemoria.org\/wp-content\/uploads\/2015\/01\/logo_memoria_Web.png<\/span>\n\t\t\t\t\t\t<\/span>\n\t\t\t\t<\/span><span class='av-structured-data'  itemprop=\"author\" itemscope=\"itemscope\" itemtype=\"https:\/\/schema.org\/Person\" ><span itemprop='name'>Laura Langa<\/span><\/span><span class='av-structured-data'  itemprop=\"datePublished\" datetime=\"2015-01-29T14:23:28+01:00\" >2016-08-18 14:27:59<\/span><span class='av-structured-data'  itemprop=\"dateModified\" itemtype=\"https:\/\/schema.org\/dateModified\" >2016-08-18 14:27:59<\/span><span class='av-structured-data'  itemprop=\"mainEntityOfPage\" itemtype=\"https:\/\/schema.org\/mainEntityOfPage\" ><span itemprop='name'>HRISTOVA, Marije (2016) Reimagining Spain: Transnational Entanglements and Remembrance of the Spanish Civil War since 1989<\/span><\/span><\/span><\/article><\/div><div class=\"slide-entry-wrap\"><article class='slide-entry flex_column  post-entry post-entry-11763 slide-entry-overview slide-loop-33 slide-parity-odd  av_one_half first real-thumbnail posttype-post post-format-standard'  itemscope=\"itemscope\" itemtype=\"https:\/\/schema.org\/CreativeWork\" ><a href='https:\/\/politicasdelamemoria.org\/en\/2016\/07\/the-work-of-the-dead-a-cultural-history-of-mortal-remains\/' data-rel='slide-1' class='slide-image' title='The Work of the Dead: A Cultural History of Mortal Remains'><img decoding=\"async\" fetchpriority=\"high\" width=\"300\" height=\"453\" src=\"https:\/\/politicasdelamemoria.org\/wp-content\/uploads\/2016\/04\/k10535.gif\" class=\"wp-image-11555 avia-img-lazy-loading-not-11555 attachment-no scaling size-no scaling wp-post-image\" alt=\"\" \/><\/a><div class=\"slide-content\"><header class=\"entry-content-header\" aria-label=\"Slide: The Work of the Dead: A Cultural History of Mortal Remains\"><h3 class='slide-entry-title entry-title '  itemprop=\"headline\" ><a href='https:\/\/politicasdelamemoria.org\/en\/2016\/07\/the-work-of-the-dead-a-cultural-history-of-mortal-remains\/' title='The Work of the Dead: A Cultural History of Mortal Remains'>The Work of the Dead: A Cultural History of Mortal Remains<\/a><\/h3><span class=\"av-vertical-delimiter\"><\/span><\/header><\/div><footer class=\"entry-footer\"><\/footer><span class='hidden'>\n\t\t\t\t<span class='av-structured-data'  itemprop=\"image\" itemscope=\"itemscope\" itemtype=\"https:\/\/schema.org\/ImageObject\" >\n\t\t\t\t\t\t<span itemprop='url'>https:\/\/politicasdelamemoria.org\/wp-content\/uploads\/2016\/04\/k10535.gif<\/span>\n\t\t\t\t\t\t<span itemprop='height'>453<\/span>\n\t\t\t\t\t\t<span itemprop='width'>300<\/span>\n\t\t\t\t<\/span>\n\t\t\t\t<span class='av-structured-data'  itemprop=\"publisher\" itemtype=\"https:\/\/schema.org\/Organization\" itemscope=\"itemscope\" >\n\t\t\t\t\t\t<span itemprop='name'>Laura Langa<\/span>\n\t\t\t\t\t\t<span itemprop='logo' itemscope itemtype='https:\/\/schema.org\/ImageObject'>\n\t\t\t\t\t\t\t<span itemprop='url'>https:\/\/politicasdelamemoria.org\/wp-content\/uploads\/2015\/01\/logo_memoria_Web.png<\/span>\n\t\t\t\t\t\t<\/span>\n\t\t\t\t<\/span><span class='av-structured-data'  itemprop=\"author\" itemscope=\"itemscope\" itemtype=\"https:\/\/schema.org\/Person\" ><span itemprop='name'>Laura Langa<\/span><\/span><span class='av-structured-data'  itemprop=\"datePublished\" datetime=\"2015-01-29T14:23:28+01:00\" >2016-07-12 12:36:59<\/span><span class='av-structured-data'  itemprop=\"dateModified\" itemtype=\"https:\/\/schema.org\/dateModified\" >2016-07-12 12:36:59<\/span><span class='av-structured-data'  itemprop=\"mainEntityOfPage\" itemtype=\"https:\/\/schema.org\/mainEntityOfPage\" ><span itemprop='name'>The Work of the Dead: A Cultural History of Mortal Remains<\/span><\/span><\/span><\/article><article class='slide-entry flex_column  post-entry post-entry-8966 slide-entry-overview slide-loop-34 slide-parity-even  av_one_half  real-thumbnail posttype-post post-format-standard'  itemscope=\"itemscope\" itemtype=\"https:\/\/schema.org\/CreativeWork\" ><a href='https:\/\/politicasdelamemoria.org\/en\/2015\/03\/etkind-a-2013-warped-mourning\/' data-rel='slide-1' class='slide-image' title='ETKIND, Alexander. (2013) Warped Mourning'><img decoding=\"async\" fetchpriority=\"high\" width=\"630\" height=\"890\" src=\"https:\/\/politicasdelamemoria.org\/wp-content\/uploads\/2015\/03\/warped.jpg\" class=\"wp-image-8963 avia-img-lazy-loading-not-8963 attachment-no scaling size-no scaling wp-post-image\" alt=\"\" srcset=\"https:\/\/politicasdelamemoria.org\/wp-content\/uploads\/2015\/03\/warped.jpg 630w, https:\/\/politicasdelamemoria.org\/wp-content\/uploads\/2015\/03\/warped-212x300.jpg 212w, https:\/\/politicasdelamemoria.org\/wp-content\/uploads\/2015\/03\/warped-499x705.jpg 499w, https:\/\/politicasdelamemoria.org\/wp-content\/uploads\/2015\/03\/warped-450x636.jpg 450w\" sizes=\"(max-width: 630px) 100vw, 630px\" \/><\/a><div class=\"slide-content\"><header class=\"entry-content-header\" aria-label=\"Slide: ETKIND, Alexander. (2013) Warped Mourning\"><h3 class='slide-entry-title entry-title '  itemprop=\"headline\" ><a href='https:\/\/politicasdelamemoria.org\/en\/2015\/03\/etkind-a-2013-warped-mourning\/' title='ETKIND, Alexander. (2013) Warped Mourning'>ETKIND, Alexander. (2013) Warped Mourning<\/a><\/h3><span class=\"av-vertical-delimiter\"><\/span><\/header><\/div><footer class=\"entry-footer\"><\/footer><span class='hidden'>\n\t\t\t\t<span class='av-structured-data'  itemprop=\"image\" itemscope=\"itemscope\" itemtype=\"https:\/\/schema.org\/ImageObject\" >\n\t\t\t\t\t\t<span itemprop='url'>https:\/\/politicasdelamemoria.org\/wp-content\/uploads\/2015\/03\/warped.jpg<\/span>\n\t\t\t\t\t\t<span itemprop='height'>890<\/span>\n\t\t\t\t\t\t<span itemprop='width'>630<\/span>\n\t\t\t\t<\/span>\n\t\t\t\t<span class='av-structured-data'  itemprop=\"publisher\" itemtype=\"https:\/\/schema.org\/Organization\" itemscope=\"itemscope\" >\n\t\t\t\t\t\t<span itemprop='name'>Daniel<\/span>\n\t\t\t\t\t\t<span itemprop='logo' itemscope itemtype='https:\/\/schema.org\/ImageObject'>\n\t\t\t\t\t\t\t<span itemprop='url'>https:\/\/politicasdelamemoria.org\/wp-content\/uploads\/2015\/01\/logo_memoria_Web.png<\/span>\n\t\t\t\t\t\t<\/span>\n\t\t\t\t<\/span><span class='av-structured-data'  itemprop=\"author\" itemscope=\"itemscope\" itemtype=\"https:\/\/schema.org\/Person\" ><span itemprop='name'>Daniel<\/span><\/span><span class='av-structured-data'  itemprop=\"datePublished\" datetime=\"2015-01-29T14:23:28+01:00\" >2015-03-16 12:30:36<\/span><span class='av-structured-data'  itemprop=\"dateModified\" itemtype=\"https:\/\/schema.org\/dateModified\" >2015-12-03 16:04:15<\/span><span class='av-structured-data'  itemprop=\"mainEntityOfPage\" itemtype=\"https:\/\/schema.org\/mainEntityOfPage\" ><span itemprop='name'>ETKIND, Alexander. (2013) Warped Mourning<\/span><\/span><\/span><\/article><\/div><div class=\"slide-entry-wrap\"><article class='slide-entry flex_column  post-entry post-entry-332 slide-entry-overview slide-loop-35 slide-parity-odd  av_one_half first real-thumbnail posttype-post post-format-standard'  itemscope=\"itemscope\" itemtype=\"https:\/\/schema.org\/CreativeWork\" ><a href='https:\/\/politicasdelamemoria.org\/en\/2013\/03\/433-bodies-of-evidence-buriel-memory-and-the-recovery-of-missing-persons-in-cyprus-paul-sant-cassia\/' data-rel='slide-1' class='slide-image' title='[Bodies of Evidence: Buriel, Memory and the Recovery of Missing Persons in Cyprus] Paul Sant Cassia'><img decoding=\"async\" fetchpriority=\"high\" width=\"182\" height=\"277\" src=\"https:\/\/politicasdelamemoria.org\/wp-content\/uploads\/importedmedia\/blogmedia-332.jpg\" class=\"wp-image-777 avia-img-lazy-loading-not-777 attachment-no scaling size-no scaling wp-post-image\" alt=\"\" \/><\/a><div class=\"slide-content\"><header class=\"entry-content-header\" aria-label=\"Slide: [Bodies of Evidence: Buriel, Memory and the Recovery of Missing Persons in Cyprus] Paul Sant Cassia\"><h3 class='slide-entry-title entry-title '  itemprop=\"headline\" ><a href='https:\/\/politicasdelamemoria.org\/en\/2013\/03\/433-bodies-of-evidence-buriel-memory-and-the-recovery-of-missing-persons-in-cyprus-paul-sant-cassia\/' title='[Bodies of Evidence: Buriel, Memory and the Recovery of Missing Persons in Cyprus] Paul Sant Cassia'>[Bodies of Evidence: Buriel, Memory and the Recovery of Missing Persons in Cyprus] Paul Sant Cassia<\/a><\/h3><span class=\"av-vertical-delimiter\"><\/span><\/header><\/div><footer class=\"entry-footer\"><\/footer><span class='hidden'>\n\t\t\t\t<span class='av-structured-data'  itemprop=\"image\" itemscope=\"itemscope\" itemtype=\"https:\/\/schema.org\/ImageObject\" >\n\t\t\t\t\t\t<span itemprop='url'>https:\/\/politicasdelamemoria.org\/wp-content\/uploads\/importedmedia\/blogmedia-332.jpg<\/span>\n\t\t\t\t\t\t<span itemprop='height'>277<\/span>\n\t\t\t\t\t\t<span itemprop='width'>182<\/span>\n\t\t\t\t<\/span>\n\t\t\t\t<span class='av-structured-data'  itemprop=\"publisher\" itemtype=\"https:\/\/schema.org\/Organization\" itemscope=\"itemscope\" >\n\t\t\t\t\t\t<span itemprop='name'>Daniel<\/span>\n\t\t\t\t\t\t<span itemprop='logo' itemscope itemtype='https:\/\/schema.org\/ImageObject'>\n\t\t\t\t\t\t\t<span itemprop='url'>https:\/\/politicasdelamemoria.org\/wp-content\/uploads\/2015\/01\/logo_memoria_Web.png<\/span>\n\t\t\t\t\t\t<\/span>\n\t\t\t\t<\/span><span class='av-structured-data'  itemprop=\"author\" itemscope=\"itemscope\" itemtype=\"https:\/\/schema.org\/Person\" ><span itemprop='name'>Daniel<\/span><\/span><span class='av-structured-data'  itemprop=\"datePublished\" datetime=\"2015-01-29T14:23:28+01:00\" >2013-03-04 16:58:44<\/span><span class='av-structured-data'  itemprop=\"dateModified\" itemtype=\"https:\/\/schema.org\/dateModified\" >2015-02-23 22:58:52<\/span><span class='av-structured-data'  itemprop=\"mainEntityOfPage\" itemtype=\"https:\/\/schema.org\/mainEntityOfPage\" ><span itemprop='name'>[Bodies of Evidence: Buriel, Memory and the Recovery of Missing Persons in Cyprus] Paul Sant Cassia<\/span><\/span><\/span><\/article><article class='slide-entry flex_column  post-entry post-entry-349 slide-entry-overview slide-loop-36 slide-parity-even  av_one_half  real-thumbnail posttype-post post-format-standard'  itemscope=\"itemscope\" itemtype=\"https:\/\/schema.org\/CreativeWork\" ><a href='https:\/\/politicasdelamemoria.org\/en\/2013\/03\/452-why-did-they-killcambodia-in-the-shadow-of-genocide\/' data-rel='slide-1' class='slide-image' title='Why Did They Kill?.Cambodia in the Shadow of Genocide'><img decoding=\"async\" fetchpriority=\"high\" width=\"331\" height=\"500\" src=\"https:\/\/politicasdelamemoria.org\/wp-content\/uploads\/2013\/03\/portada-hinton-libro-mes-oct-2013.jpg\" class=\"wp-image-2305 avia-img-lazy-loading-not-2305 attachment-no scaling size-no scaling wp-post-image\" alt=\"\" srcset=\"https:\/\/politicasdelamemoria.org\/wp-content\/uploads\/2013\/03\/portada-hinton-libro-mes-oct-2013.jpg 331w, https:\/\/politicasdelamemoria.org\/wp-content\/uploads\/2013\/03\/portada-hinton-libro-mes-oct-2013-199x300.jpg 199w\" sizes=\"(max-width: 331px) 100vw, 331px\" \/><\/a><div class=\"slide-content\"><header class=\"entry-content-header\" aria-label=\"Slide: Why Did They Kill?.Cambodia in the Shadow of Genocide\"><h3 class='slide-entry-title entry-title '  itemprop=\"headline\" ><a href='https:\/\/politicasdelamemoria.org\/en\/2013\/03\/452-why-did-they-killcambodia-in-the-shadow-of-genocide\/' title='Why Did They Kill?.Cambodia in the Shadow of Genocide'>Why Did They Kill?.Cambodia in the Shadow of Genocide<\/a><\/h3><span class=\"av-vertical-delimiter\"><\/span><\/header><\/div><footer class=\"entry-footer\"><\/footer><span class='hidden'>\n\t\t\t\t<span class='av-structured-data'  itemprop=\"image\" itemscope=\"itemscope\" itemtype=\"https:\/\/schema.org\/ImageObject\" >\n\t\t\t\t\t\t<span itemprop='url'>https:\/\/politicasdelamemoria.org\/wp-content\/uploads\/2013\/03\/portada-hinton-libro-mes-oct-2013.jpg<\/span>\n\t\t\t\t\t\t<span itemprop='height'>500<\/span>\n\t\t\t\t\t\t<span itemprop='width'>331<\/span>\n\t\t\t\t<\/span>\n\t\t\t\t<span class='av-structured-data'  itemprop=\"publisher\" itemtype=\"https:\/\/schema.org\/Organization\" itemscope=\"itemscope\" >\n\t\t\t\t\t\t<span itemprop='name'>Daniel<\/span>\n\t\t\t\t\t\t<span itemprop='logo' itemscope itemtype='https:\/\/schema.org\/ImageObject'>\n\t\t\t\t\t\t\t<span itemprop='url'>https:\/\/politicasdelamemoria.org\/wp-content\/uploads\/2015\/01\/logo_memoria_Web.png<\/span>\n\t\t\t\t\t\t<\/span>\n\t\t\t\t<\/span><span class='av-structured-data'  itemprop=\"author\" itemscope=\"itemscope\" itemtype=\"https:\/\/schema.org\/Person\" ><span itemprop='name'>Daniel<\/span><\/span><span class='av-structured-data'  itemprop=\"datePublished\" datetime=\"2015-01-29T14:23:28+01:00\" >2013-03-04 16:58:44<\/span><span class='av-structured-data'  itemprop=\"dateModified\" itemtype=\"https:\/\/schema.org\/dateModified\" >2015-02-23 22:57:17<\/span><span class='av-structured-data'  itemprop=\"mainEntityOfPage\" itemtype=\"https:\/\/schema.org\/mainEntityOfPage\" ><span itemprop='name'>Why Did They Kill?.Cambodia in the Shadow of Genocide<\/span><\/span><\/span><\/article><\/div><div class=\"slide-entry-wrap\"><article class='slide-entry flex_column  post-entry post-entry-520 slide-entry-overview slide-loop-37 slide-parity-odd  av_one_half first real-thumbnail posttype-post post-format-standard'  itemscope=\"itemscope\" itemtype=\"https:\/\/schema.org\/CreativeWork\" ><a href='https:\/\/politicasdelamemoria.org\/en\/2013\/01\/429-en--gegenwart-der-vergangenheit-die-kontroverse-um-buergerkrieg-und-diktatur-in-spanien\/' data-rel='slide-1' class='slide-image' title='Gegenwart der Vergangenheit Die Kontroverse um B\u00fcrgerkrieg und Diktatur in Spanien'><img decoding=\"async\" fetchpriority=\"high\" width=\"150\" height=\"200\" src=\"https:\/\/politicasdelamemoria.org\/wp-content\/uploads\/importedmedia\/blogmedia-520.jpg\" class=\"wp-image-822 avia-img-lazy-loading-not-822 attachment-no scaling size-no scaling wp-post-image\" alt=\"\" \/><\/a><div class=\"slide-content\"><header class=\"entry-content-header\" aria-label=\"Slide: Gegenwart der Vergangenheit Die Kontroverse um B\u00fcrgerkrieg und Diktatur in Spanien\"><h3 class='slide-entry-title entry-title '  itemprop=\"headline\" ><a href='https:\/\/politicasdelamemoria.org\/en\/2013\/01\/429-en--gegenwart-der-vergangenheit-die-kontroverse-um-buergerkrieg-und-diktatur-in-spanien\/' title='Gegenwart der Vergangenheit Die Kontroverse um B\u00fcrgerkrieg und Diktatur in Spanien'>Gegenwart der Vergangenheit Die Kontroverse um B\u00fcrgerkrieg und Diktatur in Spanien<\/a><\/h3><span class=\"av-vertical-delimiter\"><\/span><\/header><\/div><footer class=\"entry-footer\"><\/footer><span class='hidden'>\n\t\t\t\t<span class='av-structured-data'  itemprop=\"image\" itemscope=\"itemscope\" itemtype=\"https:\/\/schema.org\/ImageObject\" >\n\t\t\t\t\t\t<span itemprop='url'>https:\/\/politicasdelamemoria.org\/wp-content\/uploads\/importedmedia\/blogmedia-520.jpg<\/span>\n\t\t\t\t\t\t<span itemprop='height'>200<\/span>\n\t\t\t\t\t\t<span itemprop='width'>150<\/span>\n\t\t\t\t<\/span>\n\t\t\t\t<span class='av-structured-data'  itemprop=\"publisher\" itemtype=\"https:\/\/schema.org\/Organization\" itemscope=\"itemscope\" >\n\t\t\t\t\t\t<span itemprop='name'>Daniel<\/span>\n\t\t\t\t\t\t<span itemprop='logo' itemscope itemtype='https:\/\/schema.org\/ImageObject'>\n\t\t\t\t\t\t\t<span itemprop='url'>https:\/\/politicasdelamemoria.org\/wp-content\/uploads\/2015\/01\/logo_memoria_Web.png<\/span>\n\t\t\t\t\t\t<\/span>\n\t\t\t\t<\/span><span class='av-structured-data'  itemprop=\"author\" itemscope=\"itemscope\" itemtype=\"https:\/\/schema.org\/Person\" ><span itemprop='name'>Daniel<\/span><\/span><span class='av-structured-data'  itemprop=\"datePublished\" datetime=\"2015-01-29T14:23:28+01:00\" >2013-01-31 21:00:00<\/span><span class='av-structured-data'  itemprop=\"dateModified\" itemtype=\"https:\/\/schema.org\/dateModified\" >2013-01-31 21:00:00<\/span><span class='av-structured-data'  itemprop=\"mainEntityOfPage\" itemtype=\"https:\/\/schema.org\/mainEntityOfPage\" ><span itemprop='name'>Gegenwart der Vergangenheit Die Kontroverse um B\u00fcrgerkrieg und Diktatur in Spanien<\/span><\/span><\/span><\/article><article class='slide-entry flex_column  post-entry post-entry-326 slide-entry-overview slide-loop-38 slide-parity-even  av_one_half  real-thumbnail posttype-post post-format-standard'  itemscope=\"itemscope\" itemtype=\"https:\/\/schema.org\/CreativeWork\" ><a href='https:\/\/politicasdelamemoria.org\/en\/2013\/01\/426-the-mnemonic-imagination-remembering-as-creative-practice\/' data-rel='slide-1' class='slide-image' title='The Mnemonic Imagination. Remembering as Creative Practice'><img decoding=\"async\" fetchpriority=\"high\" width=\"150\" height=\"200\" src=\"https:\/\/politicasdelamemoria.org\/wp-content\/uploads\/importedmedia\/blogmedia-326.jpg\" class=\"wp-image-773 avia-img-lazy-loading-not-773 attachment-no scaling size-no scaling wp-post-image\" alt=\"\" \/><\/a><div class=\"slide-content\"><header class=\"entry-content-header\" aria-label=\"Slide: The Mnemonic Imagination. Remembering as Creative Practice\"><h3 class='slide-entry-title entry-title '  itemprop=\"headline\" ><a href='https:\/\/politicasdelamemoria.org\/en\/2013\/01\/426-the-mnemonic-imagination-remembering-as-creative-practice\/' title='The Mnemonic Imagination. Remembering as Creative Practice'>The Mnemonic Imagination. Remembering as Creative Practice<\/a><\/h3><span class=\"av-vertical-delimiter\"><\/span><\/header><\/div><footer class=\"entry-footer\"><\/footer><span class='hidden'>\n\t\t\t\t<span class='av-structured-data'  itemprop=\"image\" itemscope=\"itemscope\" itemtype=\"https:\/\/schema.org\/ImageObject\" >\n\t\t\t\t\t\t<span itemprop='url'>https:\/\/politicasdelamemoria.org\/wp-content\/uploads\/importedmedia\/blogmedia-326.jpg<\/span>\n\t\t\t\t\t\t<span itemprop='height'>200<\/span>\n\t\t\t\t\t\t<span itemprop='width'>150<\/span>\n\t\t\t\t<\/span>\n\t\t\t\t<span class='av-structured-data'  itemprop=\"publisher\" itemtype=\"https:\/\/schema.org\/Organization\" itemscope=\"itemscope\" >\n\t\t\t\t\t\t<span itemprop='name'>Daniel<\/span>\n\t\t\t\t\t\t<span itemprop='logo' itemscope itemtype='https:\/\/schema.org\/ImageObject'>\n\t\t\t\t\t\t\t<span itemprop='url'>https:\/\/politicasdelamemoria.org\/wp-content\/uploads\/2015\/01\/logo_memoria_Web.png<\/span>\n\t\t\t\t\t\t<\/span>\n\t\t\t\t<\/span><span class='av-structured-data'  itemprop=\"author\" itemscope=\"itemscope\" itemtype=\"https:\/\/schema.org\/Person\" ><span itemprop='name'>Daniel<\/span><\/span><span class='av-structured-data'  itemprop=\"datePublished\" datetime=\"2015-01-29T14:23:28+01:00\" >2013-01-16 17:45:50<\/span><span class='av-structured-data'  itemprop=\"dateModified\" itemtype=\"https:\/\/schema.org\/dateModified\" >2013-01-16 17:45:50<\/span><span class='av-structured-data'  itemprop=\"mainEntityOfPage\" itemtype=\"https:\/\/schema.org\/mainEntityOfPage\" ><span itemprop='name'>The Mnemonic Imagination. Remembering as Creative Practice<\/span><\/span><\/span><\/article><\/div><div class=\"slide-entry-wrap\"><article class='slide-entry flex_column  post-entry post-entry-618 slide-entry-overview slide-loop-39 slide-parity-odd  av_one_half first real-thumbnail posttype-post post-format-standard'  itemscope=\"itemscope\" itemtype=\"https:\/\/schema.org\/CreativeWork\" ><a href='https:\/\/politicasdelamemoria.org\/en\/2012\/12\/419-en--oscura-es-la-habitacion-donde-dormimos\/' data-rel='slide-1' class='slide-image' title='Dark Is The Room Where We Sleep'><img decoding=\"async\" fetchpriority=\"high\" width=\"150\" height=\"200\" src=\"https:\/\/politicasdelamemoria.org\/wp-content\/uploads\/importedmedia\/blogmedia-618.jpg\" class=\"wp-image-882 avia-img-lazy-loading-not-882 attachment-no scaling size-no scaling wp-post-image\" alt=\"\" \/><\/a><div class=\"slide-content\"><header class=\"entry-content-header\" aria-label=\"Slide: Dark Is The Room Where We Sleep\"><h3 class='slide-entry-title entry-title '  itemprop=\"headline\" ><a href='https:\/\/politicasdelamemoria.org\/en\/2012\/12\/419-en--oscura-es-la-habitacion-donde-dormimos\/' title='Dark Is The Room Where We Sleep'>Dark Is The Room Where We Sleep<\/a><\/h3><span class=\"av-vertical-delimiter\"><\/span><\/header><\/div><footer class=\"entry-footer\"><\/footer><span class='hidden'>\n\t\t\t\t<span class='av-structured-data'  itemprop=\"image\" itemscope=\"itemscope\" itemtype=\"https:\/\/schema.org\/ImageObject\" >\n\t\t\t\t\t\t<span itemprop='url'>https:\/\/politicasdelamemoria.org\/wp-content\/uploads\/importedmedia\/blogmedia-618.jpg<\/span>\n\t\t\t\t\t\t<span itemprop='height'>200<\/span>\n\t\t\t\t\t\t<span itemprop='width'>150<\/span>\n\t\t\t\t<\/span>\n\t\t\t\t<span class='av-structured-data'  itemprop=\"publisher\" itemtype=\"https:\/\/schema.org\/Organization\" itemscope=\"itemscope\" >\n\t\t\t\t\t\t<span itemprop='name'>Daniel<\/span>\n\t\t\t\t\t\t<span itemprop='logo' itemscope itemtype='https:\/\/schema.org\/ImageObject'>\n\t\t\t\t\t\t\t<span itemprop='url'>https:\/\/politicasdelamemoria.org\/wp-content\/uploads\/2015\/01\/logo_memoria_Web.png<\/span>\n\t\t\t\t\t\t<\/span>\n\t\t\t\t<\/span><span class='av-structured-data'  itemprop=\"author\" itemscope=\"itemscope\" itemtype=\"https:\/\/schema.org\/Person\" ><span itemprop='name'>Daniel<\/span><\/span><span class='av-structured-data'  itemprop=\"datePublished\" datetime=\"2015-01-29T14:23:28+01:00\" >2012-12-02 21:00:00<\/span><span class='av-structured-data'  itemprop=\"dateModified\" itemtype=\"https:\/\/schema.org\/dateModified\" >2012-12-02 21:00:00<\/span><span class='av-structured-data'  itemprop=\"mainEntityOfPage\" itemtype=\"https:\/\/schema.org\/mainEntityOfPage\" ><span itemprop='name'>Dark Is The Room Where We Sleep<\/span><\/span><\/span><\/article><article class='slide-entry flex_column  post-entry post-entry-581 slide-entry-overview slide-loop-40 slide-parity-even  av_one_half  real-thumbnail posttype-post post-format-standard'  itemscope=\"itemscope\" itemtype=\"https:\/\/schema.org\/CreativeWork\" ><a href='https:\/\/politicasdelamemoria.org\/en\/2012\/07\/390-en--intimate-enemies-violence-and-reconciliation-in-peru\/' data-rel='slide-1' class='slide-image' title='Intimate Enemies. Violence and Reconciliation in Peru'><img decoding=\"async\" fetchpriority=\"high\" width=\"122\" height=\"161\" src=\"https:\/\/politicasdelamemoria.org\/wp-content\/uploads\/importedmedia\/blogmedia-581.jpg\" class=\"wp-image-854 avia-img-lazy-loading-not-854 attachment-no scaling size-no scaling wp-post-image\" alt=\"\" \/><\/a><div class=\"slide-content\"><header class=\"entry-content-header\" aria-label=\"Slide: Intimate Enemies. Violence and Reconciliation in Peru\"><h3 class='slide-entry-title entry-title '  itemprop=\"headline\" ><a href='https:\/\/politicasdelamemoria.org\/en\/2012\/07\/390-en--intimate-enemies-violence-and-reconciliation-in-peru\/' title='Intimate Enemies. Violence and Reconciliation in Peru'>Intimate Enemies. Violence and Reconciliation in Peru<\/a><\/h3><span class=\"av-vertical-delimiter\"><\/span><\/header><\/div><footer class=\"entry-footer\"><\/footer><span class='hidden'>\n\t\t\t\t<span class='av-structured-data'  itemprop=\"image\" itemscope=\"itemscope\" itemtype=\"https:\/\/schema.org\/ImageObject\" >\n\t\t\t\t\t\t<span itemprop='url'>https:\/\/politicasdelamemoria.org\/wp-content\/uploads\/importedmedia\/blogmedia-581.jpg<\/span>\n\t\t\t\t\t\t<span itemprop='height'>161<\/span>\n\t\t\t\t\t\t<span itemprop='width'>122<\/span>\n\t\t\t\t<\/span>\n\t\t\t\t<span class='av-structured-data'  itemprop=\"publisher\" itemtype=\"https:\/\/schema.org\/Organization\" itemscope=\"itemscope\" >\n\t\t\t\t\t\t<span itemprop='name'>Daniel<\/span>\n\t\t\t\t\t\t<span itemprop='logo' itemscope itemtype='https:\/\/schema.org\/ImageObject'>\n\t\t\t\t\t\t\t<span itemprop='url'>https:\/\/politicasdelamemoria.org\/wp-content\/uploads\/2015\/01\/logo_memoria_Web.png<\/span>\n\t\t\t\t\t\t<\/span>\n\t\t\t\t<\/span><span class='av-structured-data'  itemprop=\"author\" itemscope=\"itemscope\" itemtype=\"https:\/\/schema.org\/Person\" ><span itemprop='name'>Daniel<\/span><\/span><span class='av-structured-data'  itemprop=\"datePublished\" datetime=\"2015-01-29T14:23:28+01:00\" >2012-07-16 20:00:00<\/span><span class='av-structured-data'  itemprop=\"dateModified\" itemtype=\"https:\/\/schema.org\/dateModified\" >2012-07-16 20:00:00<\/span><span class='av-structured-data'  itemprop=\"mainEntityOfPage\" itemtype=\"https:\/\/schema.org\/mainEntityOfPage\" ><span itemprop='name'>Intimate Enemies. Violence and Reconciliation in Peru<\/span><\/span><\/span><\/article><\/div><div class=\"slide-entry-wrap\"><article class='slide-entry flex_column  post-entry post-entry-547 slide-entry-overview slide-loop-41 slide-parity-odd  av_one_half first real-thumbnail posttype-post post-format-standard'  itemscope=\"itemscope\" itemtype=\"https:\/\/schema.org\/CreativeWork\" ><a href='https:\/\/politicasdelamemoria.org\/en\/2011\/04\/244-en--el-holocausto-espanol\/' data-rel='slide-1' class='slide-image' title='El holocausto espa\u00f1ol'><img decoding=\"async\" fetchpriority=\"high\" width=\"150\" height=\"236\" src=\"https:\/\/politicasdelamemoria.org\/wp-content\/uploads\/importedmedia\/blogmedia-547.jpg\" class=\"wp-image-845 avia-img-lazy-loading-not-845 attachment-no scaling size-no scaling wp-post-image\" alt=\"\" \/><\/a><div class=\"slide-content\"><header class=\"entry-content-header\" aria-label=\"Slide: El holocausto espa\u00f1ol\"><h3 class='slide-entry-title entry-title '  itemprop=\"headline\" ><a href='https:\/\/politicasdelamemoria.org\/en\/2011\/04\/244-en--el-holocausto-espanol\/' title='El holocausto espa\u00f1ol'>El holocausto espa\u00f1ol<\/a><\/h3><span class=\"av-vertical-delimiter\"><\/span><\/header><\/div><footer class=\"entry-footer\"><\/footer><span class='hidden'>\n\t\t\t\t<span class='av-structured-data'  itemprop=\"image\" itemscope=\"itemscope\" itemtype=\"https:\/\/schema.org\/ImageObject\" >\n\t\t\t\t\t\t<span itemprop='url'>https:\/\/politicasdelamemoria.org\/wp-content\/uploads\/importedmedia\/blogmedia-547.jpg<\/span>\n\t\t\t\t\t\t<span itemprop='height'>236<\/span>\n\t\t\t\t\t\t<span itemprop='width'>150<\/span>\n\t\t\t\t<\/span>\n\t\t\t\t<span class='av-structured-data'  itemprop=\"publisher\" itemtype=\"https:\/\/schema.org\/Organization\" itemscope=\"itemscope\" >\n\t\t\t\t\t\t<span itemprop='name'>Daniel<\/span>\n\t\t\t\t\t\t<span itemprop='logo' itemscope itemtype='https:\/\/schema.org\/ImageObject'>\n\t\t\t\t\t\t\t<span itemprop='url'>https:\/\/politicasdelamemoria.org\/wp-content\/uploads\/2015\/01\/logo_memoria_Web.png<\/span>\n\t\t\t\t\t\t<\/span>\n\t\t\t\t<\/span><span class='av-structured-data'  itemprop=\"author\" itemscope=\"itemscope\" itemtype=\"https:\/\/schema.org\/Person\" ><span itemprop='name'>Daniel<\/span><\/span><span class='av-structured-data'  itemprop=\"datePublished\" datetime=\"2015-01-29T14:23:28+01:00\" >2011-04-29 23:00:00<\/span><span class='av-structured-data'  itemprop=\"dateModified\" itemtype=\"https:\/\/schema.org\/dateModified\" >2011-04-29 23:00:00<\/span><span class='av-structured-data'  itemprop=\"mainEntityOfPage\" itemtype=\"https:\/\/schema.org\/mainEntityOfPage\" ><span itemprop='name'>El holocausto espa\u00f1ol<\/span><\/span><\/span><\/article><article class='slide-entry flex_column  post-entry post-entry-543 slide-entry-overview slide-loop-42 slide-parity-even  av_one_half  real-thumbnail posttype-post post-format-standard'  itemscope=\"itemscope\" itemtype=\"https:\/\/schema.org\/CreativeWork\" ><a href='https:\/\/politicasdelamemoria.org\/en\/2011\/04\/235-en--lopez-j-a-f-ferrandiz-2010-fontanosas-1941-2006-memoria-de-carne-y-hueso\/' data-rel='slide-1' class='slide-image' title='Book of the Month: Fontanosas 1941-2006: Memoria de carne y hueso'><img decoding=\"async\" fetchpriority=\"high\" width=\"150\" height=\"227\" src=\"https:\/\/politicasdelamemoria.org\/wp-content\/uploads\/importedmedia\/blogmedia-543.jpg\" class=\"wp-image-842 avia-img-lazy-loading-not-842 attachment-no scaling size-no scaling wp-post-image\" alt=\"\" \/><\/a><div class=\"slide-content\"><header class=\"entry-content-header\" aria-label=\"Slide: Book of the Month: Fontanosas 1941-2006: Memoria de carne y hueso\"><h3 class='slide-entry-title entry-title '  itemprop=\"headline\" ><a href='https:\/\/politicasdelamemoria.org\/en\/2011\/04\/235-en--lopez-j-a-f-ferrandiz-2010-fontanosas-1941-2006-memoria-de-carne-y-hueso\/' title='Book of the Month: Fontanosas 1941-2006: Memoria de carne y hueso'>Book of the Month: Fontanosas 1941-2006: Memoria de carne y hueso<\/a><\/h3><span class=\"av-vertical-delimiter\"><\/span><\/header><\/div><footer class=\"entry-footer\"><\/footer><span class='hidden'>\n\t\t\t\t<span class='av-structured-data'  itemprop=\"image\" itemscope=\"itemscope\" itemtype=\"https:\/\/schema.org\/ImageObject\" >\n\t\t\t\t\t\t<span itemprop='url'>https:\/\/politicasdelamemoria.org\/wp-content\/uploads\/importedmedia\/blogmedia-543.jpg<\/span>\n\t\t\t\t\t\t<span itemprop='height'>227<\/span>\n\t\t\t\t\t\t<span itemprop='width'>150<\/span>\n\t\t\t\t<\/span>\n\t\t\t\t<span class='av-structured-data'  itemprop=\"publisher\" itemtype=\"https:\/\/schema.org\/Organization\" itemscope=\"itemscope\" >\n\t\t\t\t\t\t<span itemprop='name'>Daniel<\/span>\n\t\t\t\t\t\t<span itemprop='logo' itemscope itemtype='https:\/\/schema.org\/ImageObject'>\n\t\t\t\t\t\t\t<span itemprop='url'>https:\/\/politicasdelamemoria.org\/wp-content\/uploads\/2015\/01\/logo_memoria_Web.png<\/span>\n\t\t\t\t\t\t<\/span>\n\t\t\t\t<\/span><span class='av-structured-data'  itemprop=\"author\" itemscope=\"itemscope\" itemtype=\"https:\/\/schema.org\/Person\" ><span itemprop='name'>Daniel<\/span><\/span><span class='av-structured-data'  itemprop=\"datePublished\" datetime=\"2015-01-29T14:23:28+01:00\" >2011-04-03 23:00:00<\/span><span class='av-structured-data'  itemprop=\"dateModified\" itemtype=\"https:\/\/schema.org\/dateModified\" >2011-04-03 23:00:00<\/span><span class='av-structured-data'  itemprop=\"mainEntityOfPage\" itemtype=\"https:\/\/schema.org\/mainEntityOfPage\" ><span itemprop='name'>Book of the Month: Fontanosas 1941-2006: Memoria de carne y hueso<\/span><\/span><\/span><\/article><\/div><div class=\"slide-entry-wrap\"><article class='slide-entry flex_column  post-entry post-entry-528 slide-entry-overview slide-loop-43 slide-parity-odd  av_one_half first real-thumbnail posttype-post post-format-standard'  itemscope=\"itemscope\" itemtype=\"https:\/\/schema.org\/CreativeWork\" ><a href='https:\/\/politicasdelamemoria.org\/en\/2011\/03\/226-en--where-memory-dwells-culture-and-state-violence-in-chile\/' data-rel='slide-1' class='slide-image' title='Where Memory Dwells. Culture and State Violence in Chile'><img decoding=\"async\" fetchpriority=\"high\" width=\"150\" height=\"225\" src=\"https:\/\/politicasdelamemoria.org\/wp-content\/uploads\/importedmedia\/blogmedia-528.jpg\" class=\"wp-image-828 avia-img-lazy-loading-not-828 attachment-no scaling size-no scaling wp-post-image\" alt=\"\" \/><\/a><div class=\"slide-content\"><header class=\"entry-content-header\" aria-label=\"Slide: Where Memory Dwells. Culture and State Violence in Chile\"><h3 class='slide-entry-title entry-title '  itemprop=\"headline\" ><a href='https:\/\/politicasdelamemoria.org\/en\/2011\/03\/226-en--where-memory-dwells-culture-and-state-violence-in-chile\/' title='Where Memory Dwells. Culture and State Violence in Chile'>Where Memory Dwells. Culture and State Violence in Chile<\/a><\/h3><span class=\"av-vertical-delimiter\"><\/span><\/header><\/div><footer class=\"entry-footer\"><\/footer><span class='hidden'>\n\t\t\t\t<span class='av-structured-data'  itemprop=\"image\" itemscope=\"itemscope\" itemtype=\"https:\/\/schema.org\/ImageObject\" >\n\t\t\t\t\t\t<span itemprop='url'>https:\/\/politicasdelamemoria.org\/wp-content\/uploads\/importedmedia\/blogmedia-528.jpg<\/span>\n\t\t\t\t\t\t<span itemprop='height'>225<\/span>\n\t\t\t\t\t\t<span itemprop='width'>150<\/span>\n\t\t\t\t<\/span>\n\t\t\t\t<span class='av-structured-data'  itemprop=\"publisher\" itemtype=\"https:\/\/schema.org\/Organization\" itemscope=\"itemscope\" >\n\t\t\t\t\t\t<span itemprop='name'>Daniel<\/span>\n\t\t\t\t\t\t<span itemprop='logo' itemscope itemtype='https:\/\/schema.org\/ImageObject'>\n\t\t\t\t\t\t\t<span itemprop='url'>https:\/\/politicasdelamemoria.org\/wp-content\/uploads\/2015\/01\/logo_memoria_Web.png<\/span>\n\t\t\t\t\t\t<\/span>\n\t\t\t\t<\/span><span class='av-structured-data'  itemprop=\"author\" itemscope=\"itemscope\" itemtype=\"https:\/\/schema.org\/Person\" ><span itemprop='name'>Daniel<\/span><\/span><span class='av-structured-data'  itemprop=\"datePublished\" datetime=\"2015-01-29T14:23:28+01:00\" >2011-03-07 20:00:00<\/span><span class='av-structured-data'  itemprop=\"dateModified\" itemtype=\"https:\/\/schema.org\/dateModified\" >2011-03-07 20:00:00<\/span><span class='av-structured-data'  itemprop=\"mainEntityOfPage\" itemtype=\"https:\/\/schema.org\/mainEntityOfPage\" ><span itemprop='name'>Where Memory Dwells. Culture and State Violence in Chile<\/span><\/span><\/span><\/article><article class='slide-entry flex_column  post-entry post-entry-518 slide-entry-overview slide-loop-44 slide-parity-even  post-entry-last  av_one_half  real-thumbnail posttype-post post-format-standard'  itemscope=\"itemscope\" itemtype=\"https:\/\/schema.org\/CreativeWork\" ><a href='https:\/\/politicasdelamemoria.org\/en\/2011\/01\/215-en--the-empire-of-trauma-an-inquiry-into-the-condition-of-victimhood\/' data-rel='slide-1' class='slide-image' title='The Empire of Trauma: An Inquiry into the Condition of Victimhood'><img decoding=\"async\" fetchpriority=\"high\" width=\"150\" height=\"227\" src=\"https:\/\/politicasdelamemoria.org\/wp-content\/uploads\/importedmedia\/blogmedia-518.jpg\" class=\"wp-image-821 avia-img-lazy-loading-not-821 attachment-no scaling size-no scaling wp-post-image\" alt=\"\" \/><\/a><div class=\"slide-content\"><header class=\"entry-content-header\" aria-label=\"Slide: The Empire of Trauma: An Inquiry into the Condition of Victimhood\"><h3 class='slide-entry-title entry-title '  itemprop=\"headline\" ><a href='https:\/\/politicasdelamemoria.org\/en\/2011\/01\/215-en--the-empire-of-trauma-an-inquiry-into-the-condition-of-victimhood\/' title='The Empire of Trauma: An Inquiry into the Condition of Victimhood'>The Empire of Trauma: An Inquiry into the Condition of Victimhood<\/a><\/h3><span class=\"av-vertical-delimiter\"><\/span><\/header><\/div><footer class=\"entry-footer\"><\/footer><span class='hidden'>\n\t\t\t\t<span class='av-structured-data'  itemprop=\"image\" itemscope=\"itemscope\" itemtype=\"https:\/\/schema.org\/ImageObject\" >\n\t\t\t\t\t\t<span itemprop='url'>https:\/\/politicasdelamemoria.org\/wp-content\/uploads\/importedmedia\/blogmedia-518.jpg<\/span>\n\t\t\t\t\t\t<span itemprop='height'>227<\/span>\n\t\t\t\t\t\t<span itemprop='width'>150<\/span>\n\t\t\t\t<\/span>\n\t\t\t\t<span class='av-structured-data'  itemprop=\"publisher\" itemtype=\"https:\/\/schema.org\/Organization\" itemscope=\"itemscope\" >\n\t\t\t\t\t\t<span itemprop='name'>Daniel<\/span>\n\t\t\t\t\t\t<span itemprop='logo' itemscope itemtype='https:\/\/schema.org\/ImageObject'>\n\t\t\t\t\t\t\t<span itemprop='url'>https:\/\/politicasdelamemoria.org\/wp-content\/uploads\/2015\/01\/logo_memoria_Web.png<\/span>\n\t\t\t\t\t\t<\/span>\n\t\t\t\t<\/span><span class='av-structured-data'  itemprop=\"author\" itemscope=\"itemscope\" itemtype=\"https:\/\/schema.org\/Person\" ><span itemprop='name'>Daniel<\/span><\/span><span class='av-structured-data'  itemprop=\"datePublished\" datetime=\"2015-01-29T14:23:28+01:00\" >2011-01-27 21:00:00<\/span><span class='av-structured-data'  itemprop=\"dateModified\" itemtype=\"https:\/\/schema.org\/dateModified\" >2011-01-27 21:00:00<\/span><span class='av-structured-data'  itemprop=\"mainEntityOfPage\" itemtype=\"https:\/\/schema.org\/mainEntityOfPage\" ><span itemprop='name'>The Empire of Trauma: An Inquiry into the Condition of Victimhood<\/span><\/span><\/span><\/article><\/div><\/div><div class='avia-slideshow-arrows avia-slideshow-controls' ><a href='#prev' class='prev-slide  avia-svg-icon avia-font-svg_entypo-fontello' data-av_svg_icon='left-open-big' data-av_iconset='svg_entypo-fontello' tabindex='-1' title=\"Previous\"><svg version=\"1.1\" xmlns=\"http:\/\/www.w3.org\/2000\/svg\" width=\"15\" height=\"32\" viewBox=\"0 0 15 32\" preserveAspectRatio=\"xMidYMid meet\" aria-labelledby='av-svg-title-46' aria-describedby='av-svg-desc-46' role=\"graphics-symbol\" aria-hidden=\"true\">\n<title id='av-svg-title-46'>Previous<\/title>\n<desc id='av-svg-desc-46'>Previous<\/desc>\n<path d=\"M14.464 27.84q0.832 0.832 0 1.536-0.832 0.832-1.536 0l-12.544-12.608q-0.768-0.768 0-1.6l12.544-12.608q0.704-0.832 1.536 0 0.832 0.704 0 1.536l-11.456 11.904z\"><\/path>\n<\/svg><span class='avia_hidden_link_text'>Previous<\/span><\/a><a href='#next' class='next-slide  avia-svg-icon avia-font-svg_entypo-fontello' data-av_svg_icon='right-open-big' data-av_iconset='svg_entypo-fontello' tabindex='-1' title=\"Next\"><svg version=\"1.1\" xmlns=\"http:\/\/www.w3.org\/2000\/svg\" width=\"15\" height=\"32\" viewBox=\"0 0 15 32\" preserveAspectRatio=\"xMidYMid meet\" aria-labelledby='av-svg-title-47' aria-describedby='av-svg-desc-47' role=\"graphics-symbol\" aria-hidden=\"true\">\n<title id='av-svg-title-47'>Next<\/title>\n<desc id='av-svg-desc-47'>Next<\/desc>\n<path d=\"M0.416 27.84l11.456-11.84-11.456-11.904q-0.832-0.832 0-1.536 0.832-0.832 1.536 0l12.544 12.608q0.768 0.832 0 1.6l-12.544 12.608q-0.704 0.832-1.536 0-0.832-0.704 0-1.536z\"><\/path>\n<\/svg><span class='avia_hidden_link_text'>Next<\/span><\/a><\/div><\/div><br \/>\n<div  class='avia-button-wrap av-av_button-327619b30c12fb8e5a124aa36d57a097-wrap avia-button-right  avia-builder-el-7  el_after_av_postslider  avia-builder-el-last '><a href='https:\/\/politicasdelamemoria.org\/en\/recommendations\/recommended-books\/'  class='avia-button av-av_button-327619b30c12fb8e5a124aa36d57a097 av-link-btn avia-icon_select-yes-left-icon avia-size-medium avia-position-right avia-color-theme-color'   aria-label=\"All recommended books\"><span class='avia_button_icon avia_button_icon_left avia-iconfont avia-font-entypo-fontello' data-av_icon='\ue84f' data-av_iconfont='entypo-fontello' ><\/span><span class='avia_iconbox_title' >All recommended books<\/span><\/a><\/div><\/p><\/div>\n<div  class='flex_column av-av_three_fifth-b51168870d26eac9084c0e2dc495efe0 av_three_fifth  avia-builder-el-8  el_after_av_two_fifth  el_before_av_hr  flex_column_div  '     ><p>\n<style type=\"text\/css\" data-created_by=\"avia_inline_auto\" id=\"style-css-av-av_heading-282319b11dd3f8f7f83ac19baa10e1ed\">\n#top .av-special-heading.av-av_heading-282319b11dd3f8f7f83ac19baa10e1ed{\npadding-bottom:10px;\ncolor:#470b0b;\n}\nbody .av-special-heading.av-av_heading-282319b11dd3f8f7f83ac19baa10e1ed .av-special-heading-tag .heading-char{\nfont-size:25px;\n}\n.av-special-heading.av-av_heading-282319b11dd3f8f7f83ac19baa10e1ed .special-heading-inner-border{\nborder-color:#470b0b;\n}\n.av-special-heading.av-av_heading-282319b11dd3f8f7f83ac19baa10e1ed .av-subheading{\nfont-size:15px;\n}\n<\/style>\n<div  class='av-special-heading av-av_heading-282319b11dd3f8f7f83ac19baa10e1ed av-special-heading-h5 custom-color-heading  avia-builder-el-9  el_before_av_postslider  avia-builder-el-first '><h5 class='av-special-heading-tag '  itemprop=\"headline\"  >Videos<\/h5><div class=\"special-heading-border\"><div class=\"special-heading-inner-border\"><\/div><\/div><\/div><br \/>\n<div  data-slideshow-options=\"{&quot;animation&quot;:&quot;fade&quot;,&quot;autoplay&quot;:true,&quot;loop_autoplay&quot;:&quot;endless&quot;,&quot;interval&quot;:&quot;10&quot;,&quot;loop_manual&quot;:&quot;manual-endless&quot;,&quot;autoplay_stopper&quot;:false,&quot;noNavigation&quot;:false,&quot;show_slide_delay&quot;:90}\" class='avia-content-slider avia-content-slider-active avia-content-slider2 avia-content-slider-odd  avia-builder-el-10  el_after_av_heading  el_before_av_button  av-slideshow-ui av-control-default   av-no-slider-navigation av-slideshow-autoplay av-loop-endless av-loop-manual-endless '  itemscope=\"itemscope\" itemtype=\"https:\/\/schema.org\/Blog\" ><div class=\"avia-content-slider-inner\"><div class=\"slide-entry-wrap\"><article class='slide-entry flex_column  post-entry post-entry-13222 slide-entry-overview slide-loop-1 slide-parity-odd  av_fullwidth first real-thumbnail posttype-post post-format-standard'  itemscope=\"itemscope\" itemtype=\"https:\/\/schema.org\/CreativeWork\" ><a href='https:\/\/politicasdelamemoria.org\/en\/2017\/04\/the-memory-of-the-bones\/' data-rel='slide-2' class='slide-image' title='The Memory of the Bones'><img decoding=\"async\" fetchpriority=\"high\" width=\"954\" height=\"353\" src=\"https:\/\/politicasdelamemoria.org\/wp-content\/uploads\/2017\/04\/Captura-de-pantalla-2017-04-17-a-las-17.57.18.png\" class=\"wp-image-13218 avia-img-lazy-loading-not-13218 attachment-no scaling size-no scaling wp-post-image\" alt=\"\" srcset=\"https:\/\/politicasdelamemoria.org\/wp-content\/uploads\/2017\/04\/Captura-de-pantalla-2017-04-17-a-las-17.57.18.png 954w, https:\/\/politicasdelamemoria.org\/wp-content\/uploads\/2017\/04\/Captura-de-pantalla-2017-04-17-a-las-17.57.18-300x111.png 300w, https:\/\/politicasdelamemoria.org\/wp-content\/uploads\/2017\/04\/Captura-de-pantalla-2017-04-17-a-las-17.57.18-705x261.png 705w, https:\/\/politicasdelamemoria.org\/wp-content\/uploads\/2017\/04\/Captura-de-pantalla-2017-04-17-a-las-17.57.18-450x167.png 450w\" sizes=\"(max-width: 954px) 100vw, 954px\" \/><\/a><div class=\"slide-content\"><header class=\"entry-content-header\" aria-label=\"Slide: The Memory of the Bones\"><h3 class='slide-entry-title entry-title '  itemprop=\"headline\" ><a href='https:\/\/politicasdelamemoria.org\/en\/2017\/04\/the-memory-of-the-bones\/' title='The Memory of the Bones'>The Memory of the Bones<\/a><\/h3><span class=\"av-vertical-delimiter\"><\/span><\/header><\/div><footer class=\"entry-footer\"><\/footer><span class='hidden'>\n\t\t\t\t<span class='av-structured-data'  itemprop=\"image\" itemscope=\"itemscope\" itemtype=\"https:\/\/schema.org\/ImageObject\" >\n\t\t\t\t\t\t<span itemprop='url'>https:\/\/politicasdelamemoria.org\/wp-content\/uploads\/2017\/04\/Captura-de-pantalla-2017-04-17-a-las-17.57.18.png<\/span>\n\t\t\t\t\t\t<span itemprop='height'>353<\/span>\n\t\t\t\t\t\t<span itemprop='width'>954<\/span>\n\t\t\t\t<\/span>\n\t\t\t\t<span class='av-structured-data'  itemprop=\"publisher\" itemtype=\"https:\/\/schema.org\/Organization\" itemscope=\"itemscope\" >\n\t\t\t\t\t\t<span itemprop='name'>Laura Langa<\/span>\n\t\t\t\t\t\t<span itemprop='logo' itemscope itemtype='https:\/\/schema.org\/ImageObject'>\n\t\t\t\t\t\t\t<span itemprop='url'>https:\/\/politicasdelamemoria.org\/wp-content\/uploads\/2015\/01\/logo_memoria_Web.png<\/span>\n\t\t\t\t\t\t<\/span>\n\t\t\t\t<\/span><span class='av-structured-data'  itemprop=\"author\" itemscope=\"itemscope\" itemtype=\"https:\/\/schema.org\/Person\" ><span itemprop='name'>Laura Langa<\/span><\/span><span class='av-structured-data'  itemprop=\"datePublished\" datetime=\"2015-01-29T14:23:28+01:00\" >2017-04-17 18:11:23<\/span><span class='av-structured-data'  itemprop=\"dateModified\" itemtype=\"https:\/\/schema.org\/dateModified\" >2017-04-17 18:12:30<\/span><span class='av-structured-data'  itemprop=\"mainEntityOfPage\" itemtype=\"https:\/\/schema.org\/mainEntityOfPage\" ><span itemprop='name'>The Memory of the Bones<\/span><\/span><\/span><\/article><\/div><div class=\"slide-entry-wrap\"><article class='slide-entry flex_column  post-entry post-entry-13052 slide-entry-overview slide-loop-2 slide-parity-odd  av_fullwidth first real-thumbnail posttype-post post-format-standard'  itemscope=\"itemscope\" itemtype=\"https:\/\/schema.org\/CreativeWork\" ><a href='https:\/\/politicasdelamemoria.org\/en\/2017\/04\/objetivo-exhumar-a-franco-eitb\/' data-rel='slide-2' class='slide-image' title='Objetivo: Exhumar a Franco EITB'><img decoding=\"async\" fetchpriority=\"high\" width=\"1279\" height=\"693\" src=\"https:\/\/politicasdelamemoria.org\/wp-content\/uploads\/2017\/04\/Captura-de-pantalla-2017-04-03-a-las-11.59.23.png\" class=\"wp-image-13035 avia-img-lazy-loading-not-13035 attachment-no scaling size-no scaling wp-post-image\" alt=\"\" srcset=\"https:\/\/politicasdelamemoria.org\/wp-content\/uploads\/2017\/04\/Captura-de-pantalla-2017-04-03-a-las-11.59.23.png 1279w, https:\/\/politicasdelamemoria.org\/wp-content\/uploads\/2017\/04\/Captura-de-pantalla-2017-04-03-a-las-11.59.23-300x163.png 300w, https:\/\/politicasdelamemoria.org\/wp-content\/uploads\/2017\/04\/Captura-de-pantalla-2017-04-03-a-las-11.59.23-1030x558.png 1030w, https:\/\/politicasdelamemoria.org\/wp-content\/uploads\/2017\/04\/Captura-de-pantalla-2017-04-03-a-las-11.59.23-705x382.png 705w, https:\/\/politicasdelamemoria.org\/wp-content\/uploads\/2017\/04\/Captura-de-pantalla-2017-04-03-a-las-11.59.23-450x244.png 450w\" sizes=\"(max-width: 1279px) 100vw, 1279px\" \/><\/a><div class=\"slide-content\"><header class=\"entry-content-header\" aria-label=\"Slide: Objetivo: Exhumar a Franco EITB\"><h3 class='slide-entry-title entry-title '  itemprop=\"headline\" ><a href='https:\/\/politicasdelamemoria.org\/en\/2017\/04\/objetivo-exhumar-a-franco-eitb\/' title='Objetivo: Exhumar a Franco EITB'>Objetivo: Exhumar a Franco EITB<\/a><\/h3><span class=\"av-vertical-delimiter\"><\/span><\/header><\/div><footer class=\"entry-footer\"><\/footer><span class='hidden'>\n\t\t\t\t<span class='av-structured-data'  itemprop=\"image\" itemscope=\"itemscope\" itemtype=\"https:\/\/schema.org\/ImageObject\" >\n\t\t\t\t\t\t<span itemprop='url'>https:\/\/politicasdelamemoria.org\/wp-content\/uploads\/2017\/04\/Captura-de-pantalla-2017-04-03-a-las-11.59.23.png<\/span>\n\t\t\t\t\t\t<span itemprop='height'>693<\/span>\n\t\t\t\t\t\t<span itemprop='width'>1279<\/span>\n\t\t\t\t<\/span>\n\t\t\t\t<span class='av-structured-data'  itemprop=\"publisher\" itemtype=\"https:\/\/schema.org\/Organization\" itemscope=\"itemscope\" >\n\t\t\t\t\t\t<span itemprop='name'>Laura Langa<\/span>\n\t\t\t\t\t\t<span itemprop='logo' itemscope itemtype='https:\/\/schema.org\/ImageObject'>\n\t\t\t\t\t\t\t<span itemprop='url'>https:\/\/politicasdelamemoria.org\/wp-content\/uploads\/2015\/01\/logo_memoria_Web.png<\/span>\n\t\t\t\t\t\t<\/span>\n\t\t\t\t<\/span><span class='av-structured-data'  itemprop=\"author\" itemscope=\"itemscope\" itemtype=\"https:\/\/schema.org\/Person\" ><span itemprop='name'>Laura Langa<\/span><\/span><span class='av-structured-data'  itemprop=\"datePublished\" datetime=\"2015-01-29T14:23:28+01:00\" >2017-04-03 12:31:42<\/span><span class='av-structured-data'  itemprop=\"dateModified\" itemtype=\"https:\/\/schema.org\/dateModified\" >2018-05-16 20:01:54<\/span><span class='av-structured-data'  itemprop=\"mainEntityOfPage\" itemtype=\"https:\/\/schema.org\/mainEntityOfPage\" ><span itemprop='name'>Objetivo: Exhumar a Franco EITB<\/span><\/span><\/span><\/article><\/div><div class=\"slide-entry-wrap\"><article class='slide-entry flex_column  post-entry post-entry-12843 slide-entry-overview slide-loop-3 slide-parity-odd  av_fullwidth first fake-thumbnail posttype-post post-format-standard'  itemscope=\"itemscope\" itemtype=\"https:\/\/schema.org\/CreativeWork\" ><a href='https:\/\/politicasdelamemoria.org\/en\/2017\/02\/the-bones-reader-ii-the-civil-war-graves\/' data-rel='slide-2' class='slide-image' title='The Bones Reader II: The Civil War Graves'><span class='fallback-post-type-icon avia-svg-icon avia-font-svg_entypo-fontello' data-av_svg_icon='pencil' data-av_iconset='svg_entypo-fontello'><svg version=\"1.1\" xmlns=\"http:\/\/www.w3.org\/2000\/svg\" width=\"25\" height=\"32\" viewBox=\"0 0 25 32\" preserveAspectRatio=\"xMidYMid meet\" role=\"graphics-symbol\" aria-hidden=\"true\">\n<path d=\"M22.976 5.44q1.024 1.024 1.504 2.048t0.48 1.536v0.512l-8.064 8.064-9.28 9.216-7.616 1.664 1.6-7.68 9.28-9.216 8.064-8.064q1.728-0.384 4.032 1.92zM7.168 25.92l0.768-0.768q-0.064-1.408-1.664-3.008-0.704-0.704-1.44-1.12t-1.12-0.416l-0.448-0.064-0.704 0.768-0.576 2.56q0.896 0.512 1.472 1.088 0.768 0.768 1.152 1.536z\"><\/path>\n<\/svg><\/span><span class='slider-fallback-image'><img decoding=\"async\" fetchpriority=\"high\" width=\"630\" height=\"472\" src=\"https:\/\/politicasdelamemoria.org\/wp-content\/uploads\/importedmedia\/blogmedia-11808.png\" class=\"wp-image-12220 avia-img-lazy-loading-not-12220 attachment-no scaling size-no scaling wp-post-image\" alt=\"\" srcset=\"https:\/\/politicasdelamemoria.org\/wp-content\/uploads\/importedmedia\/blogmedia-11808.png 630w, https:\/\/politicasdelamemoria.org\/wp-content\/uploads\/importedmedia\/blogmedia-11808-300x225.png 300w, https:\/\/politicasdelamemoria.org\/wp-content\/uploads\/importedmedia\/blogmedia-11808-450x337.png 450w\" sizes=\"(max-width: 630px) 100vw, 630px\" \/><\/span><\/a><div class=\"slide-content\"><header class=\"entry-content-header\" aria-label=\"Slide: The Bones Reader II: The Civil War Graves\"><h3 class='slide-entry-title entry-title '  itemprop=\"headline\" ><a href='https:\/\/politicasdelamemoria.org\/en\/2017\/02\/the-bones-reader-ii-the-civil-war-graves\/' title='The Bones Reader II: The Civil War Graves'>The Bones Reader II: The Civil War Graves<\/a><\/h3><span class=\"av-vertical-delimiter\"><\/span><\/header><\/div><footer class=\"entry-footer\"><\/footer><span class='hidden'>\n\t\t\t\t<span class='av-structured-data'  itemprop=\"image\" itemscope=\"itemscope\" itemtype=\"https:\/\/schema.org\/ImageObject\" >\n\t\t\t\t\t\t<span itemprop='url'>https:\/\/politicasdelamemoria.org\/wp-content\/uploads\/2015\/01\/logo_memoria_Web.png<\/span>\n\t\t\t\t\t\t<span itemprop='height'>0<\/span>\n\t\t\t\t\t\t<span itemprop='width'>0<\/span>\n\t\t\t\t<\/span>\n\t\t\t\t<span class='av-structured-data'  itemprop=\"publisher\" itemtype=\"https:\/\/schema.org\/Organization\" itemscope=\"itemscope\" >\n\t\t\t\t\t\t<span itemprop='name'>zoe.dekerangat<\/span>\n\t\t\t\t\t\t<span itemprop='logo' itemscope itemtype='https:\/\/schema.org\/ImageObject'>\n\t\t\t\t\t\t\t<span itemprop='url'>https:\/\/politicasdelamemoria.org\/wp-content\/uploads\/2015\/01\/logo_memoria_Web.png<\/span>\n\t\t\t\t\t\t<\/span>\n\t\t\t\t<\/span><span class='av-structured-data'  itemprop=\"author\" itemscope=\"itemscope\" itemtype=\"https:\/\/schema.org\/Person\" ><span itemprop='name'>zoe.dekerangat<\/span><\/span><span class='av-structured-data'  itemprop=\"datePublished\" datetime=\"2015-01-29T14:23:28+01:00\" >2017-02-21 12:15:49<\/span><span class='av-structured-data'  itemprop=\"dateModified\" itemtype=\"https:\/\/schema.org\/dateModified\" >2018-05-16 20:01:57<\/span><span class='av-structured-data'  itemprop=\"mainEntityOfPage\" itemtype=\"https:\/\/schema.org\/mainEntityOfPage\" ><span itemprop='name'>The Bones Reader II: The Civil War Graves<\/span><\/span><\/span><\/article><\/div><div class=\"slide-entry-wrap\"><article class='slide-entry flex_column  post-entry post-entry-11810 slide-entry-overview slide-loop-4 slide-parity-odd  post-entry-last  av_fullwidth first real-thumbnail posttype-post post-format-standard'  itemscope=\"itemscope\" itemtype=\"https:\/\/schema.org\/CreativeWork\" ><a href='https:\/\/politicasdelamemoria.org\/en\/2016\/08\/documentary-espana-la-memoria-enterrada\/' data-rel='slide-2' class='slide-image' title='Documentary &#8220;Espa\u00f1a, la memoria enterrada&#8221;'><img decoding=\"async\" fetchpriority=\"high\" width=\"630\" height=\"472\" src=\"https:\/\/politicasdelamemoria.org\/wp-content\/uploads\/importedmedia\/blogmedia-11808.png\" class=\"wp-image-12220 avia-img-lazy-loading-not-12220 attachment-no scaling size-no scaling wp-post-image\" alt=\"\" srcset=\"https:\/\/politicasdelamemoria.org\/wp-content\/uploads\/importedmedia\/blogmedia-11808.png 630w, https:\/\/politicasdelamemoria.org\/wp-content\/uploads\/importedmedia\/blogmedia-11808-300x225.png 300w, https:\/\/politicasdelamemoria.org\/wp-content\/uploads\/importedmedia\/blogmedia-11808-450x337.png 450w\" sizes=\"(max-width: 630px) 100vw, 630px\" \/><\/a><div class=\"slide-content\"><header class=\"entry-content-header\" aria-label=\"Slide: Documentary &quot;Espa\u00f1a, la memoria enterrada&quot;\"><h3 class='slide-entry-title entry-title '  itemprop=\"headline\" ><a href='https:\/\/politicasdelamemoria.org\/en\/2016\/08\/documentary-espana-la-memoria-enterrada\/' title='Documentary &#8220;Espa\u00f1a, la memoria enterrada&#8221;'>Documentary &#8220;Espa\u00f1a, la memoria enterrada&#8221;<\/a><\/h3><span class=\"av-vertical-delimiter\"><\/span><\/header><\/div><footer class=\"entry-footer\"><\/footer><span class='hidden'>\n\t\t\t\t<span class='av-structured-data'  itemprop=\"image\" itemscope=\"itemscope\" itemtype=\"https:\/\/schema.org\/ImageObject\" >\n\t\t\t\t\t\t<span itemprop='url'>https:\/\/politicasdelamemoria.org\/wp-content\/uploads\/importedmedia\/blogmedia-11808.png<\/span>\n\t\t\t\t\t\t<span itemprop='height'>472<\/span>\n\t\t\t\t\t\t<span itemprop='width'>630<\/span>\n\t\t\t\t<\/span>\n\t\t\t\t<span class='av-structured-data'  itemprop=\"publisher\" itemtype=\"https:\/\/schema.org\/Organization\" itemscope=\"itemscope\" >\n\t\t\t\t\t\t<span itemprop='name'>zoe.dekerangat<\/span>\n\t\t\t\t\t\t<span itemprop='logo' itemscope itemtype='https:\/\/schema.org\/ImageObject'>\n\t\t\t\t\t\t\t<span itemprop='url'>https:\/\/politicasdelamemoria.org\/wp-content\/uploads\/2015\/01\/logo_memoria_Web.png<\/span>\n\t\t\t\t\t\t<\/span>\n\t\t\t\t<\/span><span class='av-structured-data'  itemprop=\"author\" itemscope=\"itemscope\" itemtype=\"https:\/\/schema.org\/Person\" ><span itemprop='name'>zoe.dekerangat<\/span><\/span><span class='av-structured-data'  itemprop=\"datePublished\" datetime=\"2015-01-29T14:23:28+01:00\" >2016-08-01 12:38:57<\/span><span class='av-structured-data'  itemprop=\"dateModified\" itemtype=\"https:\/\/schema.org\/dateModified\" >2018-05-16 20:02:28<\/span><span class='av-structured-data'  itemprop=\"mainEntityOfPage\" itemtype=\"https:\/\/schema.org\/mainEntityOfPage\" ><span itemprop='name'>Documentary &#8220;Espa\u00f1a, la memoria enterrada&#8221;<\/span><\/span><\/span><\/article><\/div><\/div><div class='avia-slideshow-arrows avia-slideshow-controls' ><a href='#prev' class='prev-slide  avia-svg-icon avia-font-svg_entypo-fontello' data-av_svg_icon='left-open-big' data-av_iconset='svg_entypo-fontello' tabindex='-1' title=\"Previous\"><svg version=\"1.1\" xmlns=\"http:\/\/www.w3.org\/2000\/svg\" width=\"15\" height=\"32\" viewBox=\"0 0 15 32\" preserveAspectRatio=\"xMidYMid meet\" aria-labelledby='av-svg-title-53' aria-describedby='av-svg-desc-53' role=\"graphics-symbol\" aria-hidden=\"true\">\n<title id='av-svg-title-53'>Previous<\/title>\n<desc id='av-svg-desc-53'>Previous<\/desc>\n<path d=\"M14.464 27.84q0.832 0.832 0 1.536-0.832 0.832-1.536 0l-12.544-12.608q-0.768-0.768 0-1.6l12.544-12.608q0.704-0.832 1.536 0 0.832 0.704 0 1.536l-11.456 11.904z\"><\/path>\n<\/svg><span class='avia_hidden_link_text'>Previous<\/span><\/a><a href='#next' class='next-slide  avia-svg-icon avia-font-svg_entypo-fontello' data-av_svg_icon='right-open-big' data-av_iconset='svg_entypo-fontello' tabindex='-1' title=\"Next\"><svg version=\"1.1\" xmlns=\"http:\/\/www.w3.org\/2000\/svg\" width=\"15\" height=\"32\" viewBox=\"0 0 15 32\" preserveAspectRatio=\"xMidYMid meet\" aria-labelledby='av-svg-title-54' aria-describedby='av-svg-desc-54' role=\"graphics-symbol\" aria-hidden=\"true\">\n<title id='av-svg-title-54'>Next<\/title>\n<desc id='av-svg-desc-54'>Next<\/desc>\n<path d=\"M0.416 27.84l11.456-11.84-11.456-11.904q-0.832-0.832 0-1.536 0.832-0.832 1.536 0l12.544 12.608q0.768 0.832 0 1.6l-12.544 12.608q-0.704 0.832-1.536 0-0.832-0.704 0-1.536z\"><\/path>\n<\/svg><span class='avia_hidden_link_text'>Next<\/span><\/a><\/div><\/div><br \/>\n<div  class='avia-button-wrap av-av_button-439a06a7323110e5c7e6ab277805aec8-wrap avia-button-right  avia-builder-el-11  el_after_av_postslider  avia-builder-el-last '><a href='https:\/\/politicasdelamemoria.org\/en\/recommendations\/recommended-audiovisuals\/'  class='avia-button av-av_button-439a06a7323110e5c7e6ab277805aec8 av-link-btn avia-icon_select-yes-left-icon avia-size-medium avia-position-right avia-color-theme-color'   aria-label=\"All recommended videos\"><span class='avia_button_icon avia_button_icon_left avia-iconfont avia-font-entypo-fontello' data-av_icon='\ue80d' data-av_iconfont='entypo-fontello' ><\/span><span class='avia_iconbox_title' >All recommended videos<\/span><\/a><\/div><\/p><\/div>\n<style type=\"text\/css\" data-created_by=\"avia_inline_auto\" id=\"style-css-av-av_hr-0688d0b0b6ed2f8b057db7a8270206df\">\n#top .hr.hr-invisible.av-av_hr-0688d0b0b6ed2f8b057db7a8270206df{\nheight:50px;\n}\n<\/style>\n<div  class='hr av-av_hr-0688d0b0b6ed2f8b057db7a8270206df hr-invisible  avia-builder-el-12  el_after_av_three_fifth  el_before_av_heading '><span class='hr-inner '><span class=\"hr-inner-style\"><\/span><\/span><\/div><\/p>\n\n<style type=\"text\/css\" data-created_by=\"avia_inline_auto\" id=\"style-css-av-av_heading-be5651d552ba0f2adf797af7f7f3d9c6\">\n#top .av-special-heading.av-av_heading-be5651d552ba0f2adf797af7f7f3d9c6{\npadding-bottom:10px;\ncolor:#470b0b;\n}\nbody .av-special-heading.av-av_heading-be5651d552ba0f2adf797af7f7f3d9c6 .av-special-heading-tag .heading-char{\nfont-size:25px;\n}\n.av-special-heading.av-av_heading-be5651d552ba0f2adf797af7f7f3d9c6 .special-heading-inner-border{\nborder-color:#470b0b;\n}\n.av-special-heading.av-av_heading-be5651d552ba0f2adf797af7f7f3d9c6 .av-subheading{\nfont-size:15px;\n}\n<\/style>\n<div  class='av-special-heading av-av_heading-be5651d552ba0f2adf797af7f7f3d9c6 av-special-heading-h5 custom-color-heading  avia-builder-el-13  el_after_av_hr  el_before_av_magazine '><h5 class='av-special-heading-tag '  itemprop=\"headline\"  >Articles, exhibitions and websites<\/h5><div class=\"special-heading-border\"><div class=\"special-heading-inner-border\"><\/div><\/div><\/div>\n<div  id=\"avia-magazine-1\"  class='av-magazine av-av_magazine-d0bc04debe444ea7e9418128a406a7b1 av-magazine-top-bar-active av-magazine-hero-left av-magazine-tabs-active  avia-builder-el-14  el_after_av_heading  el_before_av_button   avia-builder-el-14  el_after_av_heading  el_before_av_button ' ><div class='av-magazine-top-bar '><div class=\"av-magazine-sort\" data-magazine-id=\"1\" ><div class=\"av-sort-by-term\"><a href=\"#\" data-filter=\"sort_all\" class=\"all_sort_button active_sort\"><span class=\"inner_sort_button\"><span>All<\/span><\/span><\/a><span class='text-sep enrecommended-exhibitions-en_sort_sep'>\/<\/span><a href=\"#\" data-filter=\"sort_608\" class=\"enrecommended-exhibitions-en_sort_button \" ><span class=\"inner_sort_button\"><span>Recommended exhibitions<\/span><\/span><\/a><span class='text-sep recommended-sites_sort_sep'>\/<\/span><a href=\"#\" data-filter=\"sort_631\" class=\"recommended-sites_sort_button \" ><span class=\"inner_sort_button\"><span>Recommended sites<\/span><\/span><\/a><\/div><\/div><\/div><div class='av-magazine-group sort_all'><div class='av-magazine-hero first flex_column av_one_half '><article class='av-magazine-entry av-magazine-entry-id-21947 av-magazine-format-standard av-magazine-type-post av-magazine-entry-1 av-magazine-entry-big '  itemscope=\"itemscope\" itemtype=\"https:\/\/schema.org\/CreativeWork\" ><div class=\"av-magazine-thumbnail\"><a href='https:\/\/politicasdelamemoria.org\/en\/2023\/05\/exhibition-the-democratic-skylight-policies-of-life-and-death-in-the-spanish-state-1868-1976\/' title='Link to: Exhibition: \u201cThe democratic skylight. Policies of life and death in the Spanish State (1868 &#8211; 1976)&#8221;' class='av-magazine-thumbnail-link'><img decoding=\"async\" fetchpriority=\"high\" width=\"710\" height=\"375\" src=\"https:\/\/politicasdelamemoria.org\/wp-content\/uploads\/2023\/04\/WhatsApp-Image-2023-06-06-at-18.05.16-1-710x375.jpeg\" class=\"wp-image-21997 avia-img-lazy-loading-not-21997 attachment-magazine size-magazine wp-post-image\" alt=\"\" \/><\/a><\/div><div class=\"av-magazine-content-wrap\"><header class=\"entry-content-header\" aria-label=\"Post: Exhibition: \u201cThe democratic skylight. Policies of life and death in the Spanish State (1868 - 1976)&quot;\"><time class='av-magazine-time updated'  itemprop=\"datePublished\" datetime=\"2023-05-02T12:59:50+02:00\" >May 2, 2023<\/time><h3 class='av-magazine-title entry-title '  itemprop=\"headline\" ><a href='https:\/\/politicasdelamemoria.org\/en\/2023\/05\/exhibition-the-democratic-skylight-policies-of-life-and-death-in-the-spanish-state-1868-1976\/' title='Link to: Exhibition: \u201cThe democratic skylight. Policies of life and death in the Spanish State (1868 &#8211; 1976)&#8221;'>Exhibition: \u201cThe democratic skylight. Policies of life and death in the Spanish State (1868 &#8211; 1976)&#8221;<\/a><\/h3><\/header><div class='av-magazine-content entry-content'  itemprop=\"text\" ><p>Exposici\u00f3n: \u201cThe democratic skylight. Policies of life and\u2026<\/p>\n<\/div><\/div><footer class=\"entry-footer\"><\/footer><\/article><\/div><div class='av-magazine-sideshow flex_column av_one_half '><article class='av-magazine-entry av-magazine-entry-id-13727 av-magazine-format-standard av-magazine-type-post av-magazine-entry-2 av-magazine-entry-small '  itemscope=\"itemscope\" itemtype=\"https:\/\/schema.org\/CreativeWork\" ><div class=\"av-magazine-thumbnail\"><a href='https:\/\/politicasdelamemoria.org\/en\/2017\/08\/summer-course-upv-ehu-massive-violence-mass-graves-and-human-rights-perspectives-from-the-forensic-and-social-sciences\/' title='Link to: SUMMER COURSE UPV-EHU &#8220;Massive violence, mass graves and human rights. Perspectives from the forensic and social sciences&#8221;' class='av-magazine-thumbnail-link'><img decoding=\"async\" fetchpriority=\"high\" width=\"80\" height=\"80\" src=\"https:\/\/politicasdelamemoria.org\/wp-content\/uploads\/2017\/08\/cursos_269-80x80.jpg\" class=\"wp-image-13670 avia-img-lazy-loading-not-13670 attachment-thumbnail size-thumbnail wp-post-image\" alt=\"\" srcset=\"https:\/\/politicasdelamemoria.org\/wp-content\/uploads\/2017\/08\/cursos_269-80x80.jpg 80w, https:\/\/politicasdelamemoria.org\/wp-content\/uploads\/2017\/08\/cursos_269-180x180.jpg 180w, https:\/\/politicasdelamemoria.org\/wp-content\/uploads\/2017\/08\/cursos_269-120x120.jpg 120w, https:\/\/politicasdelamemoria.org\/wp-content\/uploads\/2017\/08\/cursos_269-450x450.jpg 450w\" sizes=\"(max-width: 80px) 100vw, 80px\" \/><\/a><\/div><div class=\"av-magazine-content-wrap\"><header class=\"entry-content-header\" aria-label=\"Post: SUMMER COURSE UPV-EHU &quot;Massive violence, mass graves and human rights. Perspectives from the forensic and social sciences&quot;\"><time class='av-magazine-time updated'  itemprop=\"datePublished\" datetime=\"2017-08-25T17:05:50+02:00\" >August 25, 2017<\/time><h3 class='av-magazine-title entry-title '  itemprop=\"headline\" ><a href='https:\/\/politicasdelamemoria.org\/en\/2017\/08\/summer-course-upv-ehu-massive-violence-mass-graves-and-human-rights-perspectives-from-the-forensic-and-social-sciences\/' title='Link to: SUMMER COURSE UPV-EHU &#8220;Massive violence, mass graves and human rights. Perspectives from the forensic and social sciences&#8221;'>SUMMER COURSE UPV-EHU &#8220;Massive violence, mass graves and human rights. Perspectives from the forensic and social sciences&#8221;<\/a><\/h3><\/header><\/div><footer class=\"entry-footer\"><\/footer><\/article><article class='av-magazine-entry av-magazine-entry-id-11451 av-magazine-format-standard av-magazine-type-post av-magazine-entry-3 av-magazine-entry-small '  itemscope=\"itemscope\" itemtype=\"https:\/\/schema.org\/CreativeWork\" ><div class=\"av-magazine-thumbnail\"><a href='https:\/\/politicasdelamemoria.org\/en\/2016\/03\/eaaf-exhibition-in-espacio-memoria-derechos-humanos-ex-esma\/' title='Link to: EAAF exhibition in the Remembrance and Human Rights Center ex ESMA' class='av-magazine-thumbnail-link'><img decoding=\"async\" fetchpriority=\"high\" width=\"80\" height=\"80\" src=\"https:\/\/politicasdelamemoria.org\/wp-content\/uploads\/2016\/03\/MuestradelEAAF-80x80.jpg\" class=\"wp-image-11441 avia-img-lazy-loading-not-11441 attachment-thumbnail size-thumbnail wp-post-image\" alt=\"\" srcset=\"https:\/\/politicasdelamemoria.org\/wp-content\/uploads\/2016\/03\/MuestradelEAAF-80x80.jpg 80w, https:\/\/politicasdelamemoria.org\/wp-content\/uploads\/2016\/03\/MuestradelEAAF-36x36.jpg 36w, https:\/\/politicasdelamemoria.org\/wp-content\/uploads\/2016\/03\/MuestradelEAAF-180x180.jpg 180w, https:\/\/politicasdelamemoria.org\/wp-content\/uploads\/2016\/03\/MuestradelEAAF-120x120.jpg 120w, https:\/\/politicasdelamemoria.org\/wp-content\/uploads\/2016\/03\/MuestradelEAAF-450x450.jpg 450w\" sizes=\"(max-width: 80px) 100vw, 80px\" \/><\/a><\/div><div class=\"av-magazine-content-wrap\"><header class=\"entry-content-header\" aria-label=\"Post: EAAF exhibition in the Remembrance and Human Rights Center ex ESMA\"><time class='av-magazine-time updated'  itemprop=\"datePublished\" datetime=\"2016-03-11T13:10:28+01:00\" >March 11, 2016<\/time><h3 class='av-magazine-title entry-title '  itemprop=\"headline\" ><a href='https:\/\/politicasdelamemoria.org\/en\/2016\/03\/eaaf-exhibition-in-espacio-memoria-derechos-humanos-ex-esma\/' title='Link to: EAAF exhibition in the Remembrance and Human Rights Center ex ESMA'>EAAF exhibition in the Remembrance and Human Rights Center ex ESMA<\/a><\/h3><\/header><\/div><footer class=\"entry-footer\"><\/footer><\/article><article class='av-magazine-entry av-magazine-entry-id-11399 av-magazine-format-standard av-magazine-type-post av-magazine-entry-4 av-magazine-entry-small '  itemscope=\"itemscope\" itemtype=\"https:\/\/schema.org\/CreativeWork\" ><div class=\"av-magazine-thumbnail\"><a href='https:\/\/politicasdelamemoria.org\/en\/2016\/02\/encountering-corpses-2\/' title='Link to: Encountering Corpses' class='av-magazine-entry-icon avia-svg-icon avia-font-svg_entypo-fontello' data-av_svg_icon='pencil' data-av_iconset='svg_entypo-fontello'><svg version=\"1.1\" xmlns=\"http:\/\/www.w3.org\/2000\/svg\" width=\"25\" height=\"32\" viewBox=\"0 0 25 32\" preserveAspectRatio=\"xMidYMid meet\" role=\"graphics-symbol\" aria-hidden=\"true\">\n<path d=\"M22.976 5.44q1.024 1.024 1.504 2.048t0.48 1.536v0.512l-8.064 8.064-9.28 9.216-7.616 1.664 1.6-7.68 9.28-9.216 8.064-8.064q1.728-0.384 4.032 1.92zM7.168 25.92l0.768-0.768q-0.064-1.408-1.664-3.008-0.704-0.704-1.44-1.12t-1.12-0.416l-0.448-0.064-0.704 0.768-0.576 2.56q0.896 0.512 1.472 1.088 0.768 0.768 1.152 1.536z\"><\/path>\n<\/svg><\/a><\/div><div class=\"av-magazine-content-wrap\"><header class=\"entry-content-header\" aria-label=\"Post: Encountering Corpses\"><time class='av-magazine-time updated'  itemprop=\"datePublished\" datetime=\"2016-02-29T15:17:32+01:00\" >February 29, 2016<\/time><h3 class='av-magazine-title entry-title '  itemprop=\"headline\" ><a href='https:\/\/politicasdelamemoria.org\/en\/2016\/02\/encountering-corpses-2\/' title='Link to: Encountering Corpses'>Encountering Corpses<\/a><\/h3><\/header><\/div><footer class=\"entry-footer\"><\/footer><\/article><article class='av-magazine-entry av-magazine-entry-id-11396 av-magazine-format-standard av-magazine-type-post av-magazine-entry-5 av-magazine-entry-small '  itemscope=\"itemscope\" itemtype=\"https:\/\/schema.org\/CreativeWork\" ><div class=\"av-magazine-thumbnail\"><a href='https:\/\/politicasdelamemoria.org\/en\/2016\/02\/scientific-association-justicia-memoria-narracion-y-cultura-jusmenacu\/' title='Link to: Scientific association &#8220;Justice: Memory, Narration and Culture (JUSMENACU)&#8221;' class='av-magazine-entry-icon avia-svg-icon avia-font-svg_entypo-fontello' data-av_svg_icon='pencil' data-av_iconset='svg_entypo-fontello'><svg version=\"1.1\" xmlns=\"http:\/\/www.w3.org\/2000\/svg\" width=\"25\" height=\"32\" viewBox=\"0 0 25 32\" preserveAspectRatio=\"xMidYMid meet\" role=\"graphics-symbol\" aria-hidden=\"true\">\n<path d=\"M22.976 5.44q1.024 1.024 1.504 2.048t0.48 1.536v0.512l-8.064 8.064-9.28 9.216-7.616 1.664 1.6-7.68 9.28-9.216 8.064-8.064q1.728-0.384 4.032 1.92zM7.168 25.92l0.768-0.768q-0.064-1.408-1.664-3.008-0.704-0.704-1.44-1.12t-1.12-0.416l-0.448-0.064-0.704 0.768-0.576 2.56q0.896 0.512 1.472 1.088 0.768 0.768 1.152 1.536z\"><\/path>\n<\/svg><\/a><\/div><div class=\"av-magazine-content-wrap\"><header class=\"entry-content-header\" aria-label=\"Post: Scientific association &quot;Justice: Memory, Narration and Culture (JUSMENACU)&quot;\"><time class='av-magazine-time updated'  itemprop=\"datePublished\" datetime=\"2016-02-26T10:44:55+01:00\" >February 26, 2016<\/time><h3 class='av-magazine-title entry-title '  itemprop=\"headline\" ><a href='https:\/\/politicasdelamemoria.org\/en\/2016\/02\/scientific-association-justicia-memoria-narracion-y-cultura-jusmenacu\/' title='Link to: Scientific association &#8220;Justice: Memory, Narration and Culture (JUSMENACU)&#8221;'>Scientific association &#8220;Justice: Memory, Narration and Culture (JUSMENACU)&#8221;<\/a><\/h3><\/header><\/div><footer class=\"entry-footer\"><\/footer><\/article><article class='av-magazine-entry av-magazine-entry-id-8416 av-magazine-format-standard av-magazine-type-post av-magazine-entry-6 av-magazine-entry-small '  itemscope=\"itemscope\" itemtype=\"https:\/\/schema.org\/CreativeWork\" ><div class=\"av-magazine-thumbnail\"><a href='https:\/\/politicasdelamemoria.org\/en\/2012\/08\/where-memory-dwells-5\/' title='Link to: WHERE MEMORY DWELLS' class='av-magazine-entry-icon avia-svg-icon avia-font-svg_entypo-fontello' data-av_svg_icon='pencil' data-av_iconset='svg_entypo-fontello'><svg version=\"1.1\" xmlns=\"http:\/\/www.w3.org\/2000\/svg\" width=\"25\" height=\"32\" viewBox=\"0 0 25 32\" preserveAspectRatio=\"xMidYMid meet\" role=\"graphics-symbol\" aria-hidden=\"true\">\n<path d=\"M22.976 5.44q1.024 1.024 1.504 2.048t0.48 1.536v0.512l-8.064 8.064-9.28 9.216-7.616 1.664 1.6-7.68 9.28-9.216 8.064-8.064q1.728-0.384 4.032 1.92zM7.168 25.92l0.768-0.768q-0.064-1.408-1.664-3.008-0.704-0.704-1.44-1.12t-1.12-0.416l-0.448-0.064-0.704 0.768-0.576 2.56q0.896 0.512 1.472 1.088 0.768 0.768 1.152 1.536z\"><\/path>\n<\/svg><\/a><\/div><div class=\"av-magazine-content-wrap\"><header class=\"entry-content-header\" aria-label=\"Post: WHERE MEMORY DWELLS\"><time class='av-magazine-time updated'  itemprop=\"datePublished\" datetime=\"2012-08-01T17:23:04+02:00\" >August 1, 2012<\/time><h3 class='av-magazine-title entry-title '  itemprop=\"headline\" ><a href='https:\/\/politicasdelamemoria.org\/en\/2012\/08\/where-memory-dwells-5\/' title='Link to: WHERE MEMORY DWELLS'>WHERE MEMORY DWELLS<\/a><\/h3><\/header><\/div><footer class=\"entry-footer\"><\/footer><\/article><article class='av-magazine-entry av-magazine-entry-id-8421 av-magazine-format-standard av-magazine-type-post av-magazine-entry-7 av-magazine-entry-small '  itemscope=\"itemscope\" itemtype=\"https:\/\/schema.org\/CreativeWork\" ><div class=\"av-magazine-thumbnail\"><a href='https:\/\/politicasdelamemoria.org\/en\/2011\/04\/the-virtual-museum-of-art-and-memory-3\/' title='Link to: The Virtual Museum of Art and Memory' class='av-magazine-entry-icon avia-svg-icon avia-font-svg_entypo-fontello' data-av_svg_icon='pencil' data-av_iconset='svg_entypo-fontello'><svg version=\"1.1\" xmlns=\"http:\/\/www.w3.org\/2000\/svg\" width=\"25\" height=\"32\" viewBox=\"0 0 25 32\" preserveAspectRatio=\"xMidYMid meet\" role=\"graphics-symbol\" aria-hidden=\"true\">\n<path d=\"M22.976 5.44q1.024 1.024 1.504 2.048t0.48 1.536v0.512l-8.064 8.064-9.28 9.216-7.616 1.664 1.6-7.68 9.28-9.216 8.064-8.064q1.728-0.384 4.032 1.92zM7.168 25.92l0.768-0.768q-0.064-1.408-1.664-3.008-0.704-0.704-1.44-1.12t-1.12-0.416l-0.448-0.064-0.704 0.768-0.576 2.56q0.896 0.512 1.472 1.088 0.768 0.768 1.152 1.536z\"><\/path>\n<\/svg><\/a><\/div><div class=\"av-magazine-content-wrap\"><header class=\"entry-content-header\" aria-label=\"Post: The Virtual Museum of Art and Memory\"><time class='av-magazine-time updated'  itemprop=\"datePublished\" datetime=\"2011-04-07T10:18:53+02:00\" >April 7, 2011<\/time><h3 class='av-magazine-title entry-title '  itemprop=\"headline\" ><a href='https:\/\/politicasdelamemoria.org\/en\/2011\/04\/the-virtual-museum-of-art-and-memory-3\/' title='Link to: The Virtual Museum of Art and Memory'>The Virtual Museum of Art and Memory<\/a><\/h3><\/header><\/div><footer class=\"entry-footer\"><\/footer><\/article><article class='av-magazine-entry av-magazine-entry-id-4119 av-magazine-format-standard av-magazine-type-post av-magazine-entry-8 av-magazine-entry-small '  itemscope=\"itemscope\" itemtype=\"https:\/\/schema.org\/CreativeWork\" ><div class=\"av-magazine-thumbnail\"><a href='https:\/\/politicasdelamemoria.org\/en\/2011\/01\/214-desaparecidos-un-proyecto-de-gervasio-sanchez\/' title='Link to: DESAPARECIDOS' class='av-magazine-thumbnail-link'><img decoding=\"async\" fetchpriority=\"high\" width=\"80\" height=\"80\" src=\"https:\/\/politicasdelamemoria.org\/wp-content\/uploads\/2011\/01\/desaparecidos-80x80.png\" class=\"wp-image-2249 avia-img-lazy-loading-not-2249 attachment-thumbnail size-thumbnail wp-post-image\" alt=\"\" srcset=\"https:\/\/politicasdelamemoria.org\/wp-content\/uploads\/2011\/01\/desaparecidos-80x80.png 80w, https:\/\/politicasdelamemoria.org\/wp-content\/uploads\/2011\/01\/desaparecidos-36x36.png 36w, https:\/\/politicasdelamemoria.org\/wp-content\/uploads\/2011\/01\/desaparecidos-180x180.png 180w, https:\/\/politicasdelamemoria.org\/wp-content\/uploads\/2011\/01\/desaparecidos-120x120.png 120w, https:\/\/politicasdelamemoria.org\/wp-content\/uploads\/2011\/01\/desaparecidos-450x450.png 450w\" sizes=\"(max-width: 80px) 100vw, 80px\" \/><\/a><\/div><div class=\"av-magazine-content-wrap\"><header class=\"entry-content-header\" aria-label=\"Post: DESAPARECIDOS\"><time class='av-magazine-time updated'  itemprop=\"datePublished\" datetime=\"2011-01-28T16:05:39+01:00\" >January 28, 2011<\/time><h3 class='av-magazine-title entry-title '  itemprop=\"headline\" ><a href='https:\/\/politicasdelamemoria.org\/en\/2011\/01\/214-desaparecidos-un-proyecto-de-gervasio-sanchez\/' title='Link to: DESAPARECIDOS'>DESAPARECIDOS<\/a><\/h3><\/header><\/div><footer class=\"entry-footer\"><\/footer><\/article><article class='av-magazine-entry av-magazine-entry-id-8420 av-magazine-format-standard av-magazine-type-post av-magazine-entry-9 av-magazine-entry-small '  itemscope=\"itemscope\" itemtype=\"https:\/\/schema.org\/CreativeWork\" ><div class=\"av-magazine-thumbnail\"><a href='https:\/\/politicasdelamemoria.org\/en\/2010\/10\/memorial-democratic-de-catalunya-weblinks-3\/' title='Link to: Memorial Democr\u00e0tic de Catalunya Weblinks' class='av-magazine-entry-icon avia-svg-icon avia-font-svg_entypo-fontello' data-av_svg_icon='pencil' data-av_iconset='svg_entypo-fontello'><svg version=\"1.1\" xmlns=\"http:\/\/www.w3.org\/2000\/svg\" width=\"25\" height=\"32\" viewBox=\"0 0 25 32\" preserveAspectRatio=\"xMidYMid meet\" role=\"graphics-symbol\" aria-hidden=\"true\">\n<path d=\"M22.976 5.44q1.024 1.024 1.504 2.048t0.48 1.536v0.512l-8.064 8.064-9.28 9.216-7.616 1.664 1.6-7.68 9.28-9.216 8.064-8.064q1.728-0.384 4.032 1.92zM7.168 25.92l0.768-0.768q-0.064-1.408-1.664-3.008-0.704-0.704-1.44-1.12t-1.12-0.416l-0.448-0.064-0.704 0.768-0.576 2.56q0.896 0.512 1.472 1.088 0.768 0.768 1.152 1.536z\"><\/path>\n<\/svg><\/a><\/div><div class=\"av-magazine-content-wrap\"><header class=\"entry-content-header\" aria-label=\"Post: Memorial Democr\u00e0tic de Catalunya Weblinks\"><time class='av-magazine-time updated'  itemprop=\"datePublished\" datetime=\"2010-10-29T08:58:34+02:00\" >October 29, 2010<\/time><h3 class='av-magazine-title entry-title '  itemprop=\"headline\" ><a href='https:\/\/politicasdelamemoria.org\/en\/2010\/10\/memorial-democratic-de-catalunya-weblinks-3\/' title='Link to: Memorial Democr\u00e0tic de Catalunya Weblinks'>Memorial Democr\u00e0tic de Catalunya Weblinks<\/a><\/h3><\/header><\/div><footer class=\"entry-footer\"><\/footer><\/article><article class='av-magazine-entry av-magazine-entry-id-8419 av-magazine-format-standard av-magazine-type-post av-magazine-entry-10 av-magazine-entry-small '  itemscope=\"itemscope\" itemtype=\"https:\/\/schema.org\/CreativeWork\" ><div class=\"av-magazine-thumbnail\"><a href='https:\/\/politicasdelamemoria.org\/en\/2010\/09\/september-75-documentary-3\/' title='Link to: September 75 Documentary' class='av-magazine-entry-icon avia-svg-icon avia-font-svg_entypo-fontello' data-av_svg_icon='pencil' data-av_iconset='svg_entypo-fontello'><svg version=\"1.1\" xmlns=\"http:\/\/www.w3.org\/2000\/svg\" width=\"25\" height=\"32\" viewBox=\"0 0 25 32\" preserveAspectRatio=\"xMidYMid meet\" role=\"graphics-symbol\" aria-hidden=\"true\">\n<path d=\"M22.976 5.44q1.024 1.024 1.504 2.048t0.48 1.536v0.512l-8.064 8.064-9.28 9.216-7.616 1.664 1.6-7.68 9.28-9.216 8.064-8.064q1.728-0.384 4.032 1.92zM7.168 25.92l0.768-0.768q-0.064-1.408-1.664-3.008-0.704-0.704-1.44-1.12t-1.12-0.416l-0.448-0.064-0.704 0.768-0.576 2.56q0.896 0.512 1.472 1.088 0.768 0.768 1.152 1.536z\"><\/path>\n<\/svg><\/a><\/div><div class=\"av-magazine-content-wrap\"><header class=\"entry-content-header\" aria-label=\"Post: September 75 Documentary\"><time class='av-magazine-time updated'  itemprop=\"datePublished\" datetime=\"2010-09-23T09:15:17+02:00\" >September 23, 2010<\/time><h3 class='av-magazine-title entry-title '  itemprop=\"headline\" ><a href='https:\/\/politicasdelamemoria.org\/en\/2010\/09\/september-75-documentary-3\/' title='Link to: September 75 Documentary'>September 75 Documentary<\/a><\/h3><\/header><\/div><footer class=\"entry-footer\"><\/footer><\/article><article class='av-magazine-entry av-magazine-entry-id-8418 av-magazine-format-standard av-magazine-type-post av-magazine-entry-11 av-magazine-entry-small '  itemscope=\"itemscope\" itemtype=\"https:\/\/schema.org\/CreativeWork\" ><div class=\"av-magazine-thumbnail\"><a href='https:\/\/politicasdelamemoria.org\/en\/2010\/07\/site-blog-paleoanthropo-es-eaf-studies-in-physical-anthropology-3\/' title='Link to: Site Blog PaleoAnthropo.es (EAF &#8211; Studies in Physical Anthropology)' class='av-magazine-entry-icon avia-svg-icon avia-font-svg_entypo-fontello' data-av_svg_icon='pencil' data-av_iconset='svg_entypo-fontello'><svg version=\"1.1\" xmlns=\"http:\/\/www.w3.org\/2000\/svg\" width=\"25\" height=\"32\" viewBox=\"0 0 25 32\" preserveAspectRatio=\"xMidYMid meet\" role=\"graphics-symbol\" aria-hidden=\"true\">\n<path d=\"M22.976 5.44q1.024 1.024 1.504 2.048t0.48 1.536v0.512l-8.064 8.064-9.28 9.216-7.616 1.664 1.6-7.68 9.28-9.216 8.064-8.064q1.728-0.384 4.032 1.92zM7.168 25.92l0.768-0.768q-0.064-1.408-1.664-3.008-0.704-0.704-1.44-1.12t-1.12-0.416l-0.448-0.064-0.704 0.768-0.576 2.56q0.896 0.512 1.472 1.088 0.768 0.768 1.152 1.536z\"><\/path>\n<\/svg><\/a><\/div><div class=\"av-magazine-content-wrap\"><header class=\"entry-content-header\" aria-label=\"Post: Site Blog PaleoAnthropo.es (EAF - Studies in Physical Anthropology)\"><time class='av-magazine-time updated'  itemprop=\"datePublished\" datetime=\"2010-07-07T15:36:03+02:00\" >July 7, 2010<\/time><h3 class='av-magazine-title entry-title '  itemprop=\"headline\" ><a href='https:\/\/politicasdelamemoria.org\/en\/2010\/07\/site-blog-paleoanthropo-es-eaf-studies-in-physical-anthropology-3\/' title='Link to: Site Blog PaleoAnthropo.es (EAF &#8211; Studies in Physical Anthropology)'>Site Blog PaleoAnthropo.es (EAF &#8211; Studies in Physical Anthropology)<\/a><\/h3><\/header><\/div><footer class=\"entry-footer\"><\/footer><\/article><article class='av-magazine-entry av-magazine-entry-id-8417 av-magazine-format-standard av-magazine-type-post av-magazine-entry-12 av-magazine-entry-small '  itemscope=\"itemscope\" itemtype=\"https:\/\/schema.org\/CreativeWork\" ><div class=\"av-magazine-thumbnail\"><a href='https:\/\/politicasdelamemoria.org\/en\/2010\/06\/digital-library-for-identity-3\/' title='Link to: Digital Library for Identity' class='av-magazine-entry-icon avia-svg-icon avia-font-svg_entypo-fontello' data-av_svg_icon='pencil' data-av_iconset='svg_entypo-fontello'><svg version=\"1.1\" xmlns=\"http:\/\/www.w3.org\/2000\/svg\" width=\"25\" height=\"32\" viewBox=\"0 0 25 32\" preserveAspectRatio=\"xMidYMid meet\" role=\"graphics-symbol\" aria-hidden=\"true\">\n<path d=\"M22.976 5.44q1.024 1.024 1.504 2.048t0.48 1.536v0.512l-8.064 8.064-9.28 9.216-7.616 1.664 1.6-7.68 9.28-9.216 8.064-8.064q1.728-0.384 4.032 1.92zM7.168 25.92l0.768-0.768q-0.064-1.408-1.664-3.008-0.704-0.704-1.44-1.12t-1.12-0.416l-0.448-0.064-0.704 0.768-0.576 2.56q0.896 0.512 1.472 1.088 0.768 0.768 1.152 1.536z\"><\/path>\n<\/svg><\/a><\/div><div class=\"av-magazine-content-wrap\"><header class=\"entry-content-header\" aria-label=\"Post: Digital Library for Identity\"><time class='av-magazine-time updated'  itemprop=\"datePublished\" datetime=\"2010-06-08T08:27:27+02:00\" >June 8, 2010<\/time><h3 class='av-magazine-title entry-title '  itemprop=\"headline\" ><a href='https:\/\/politicasdelamemoria.org\/en\/2010\/06\/digital-library-for-identity-3\/' title='Link to: Digital Library for Identity'>Digital Library for Identity<\/a><\/h3><\/header><\/div><footer class=\"entry-footer\"><\/footer><\/article><article class='av-magazine-entry av-magazine-entry-id-8415 av-magazine-format-standard av-magazine-type-post av-magazine-entry-13 av-magazine-entry-small '  itemscope=\"itemscope\" itemtype=\"https:\/\/schema.org\/CreativeWork\" ><div class=\"av-magazine-thumbnail\"><a href='https:\/\/politicasdelamemoria.org\/en\/2010\/06\/memory-map-5\/' title='Link to: Memory Map' class='av-magazine-entry-icon avia-svg-icon avia-font-svg_entypo-fontello' data-av_svg_icon='pencil' data-av_iconset='svg_entypo-fontello'><svg version=\"1.1\" xmlns=\"http:\/\/www.w3.org\/2000\/svg\" width=\"25\" height=\"32\" viewBox=\"0 0 25 32\" preserveAspectRatio=\"xMidYMid meet\" role=\"graphics-symbol\" aria-hidden=\"true\">\n<path d=\"M22.976 5.44q1.024 1.024 1.504 2.048t0.48 1.536v0.512l-8.064 8.064-9.28 9.216-7.616 1.664 1.6-7.68 9.28-9.216 8.064-8.064q1.728-0.384 4.032 1.92zM7.168 25.92l0.768-0.768q-0.064-1.408-1.664-3.008-0.704-0.704-1.44-1.12t-1.12-0.416l-0.448-0.064-0.704 0.768-0.576 2.56q0.896 0.512 1.472 1.088 0.768 0.768 1.152 1.536z\"><\/path>\n<\/svg><\/a><\/div><div class=\"av-magazine-content-wrap\"><header class=\"entry-content-header\" aria-label=\"Post: Memory Map\"><time class='av-magazine-time updated'  itemprop=\"datePublished\" datetime=\"2010-06-07T13:25:41+02:00\" >June 7, 2010<\/time><h3 class='av-magazine-title entry-title '  itemprop=\"headline\" ><a href='https:\/\/politicasdelamemoria.org\/en\/2010\/06\/memory-map-5\/' title='Link to: Memory Map'>Memory Map<\/a><\/h3><\/header><\/div><footer class=\"entry-footer\"><\/footer><\/article><\/div><\/div><div class='av-magazine-group av-hidden-mag sort_608'><div class='av-magazine-hero first flex_column av_one_half '><article class='av-magazine-entry av-magazine-entry-id-21947 av-magazine-format-standard av-magazine-type-post av-magazine-entry-1 av-magazine-entry-big '  itemscope=\"itemscope\" itemtype=\"https:\/\/schema.org\/CreativeWork\" ><div class=\"av-magazine-thumbnail\"><a href='https:\/\/politicasdelamemoria.org\/en\/2023\/05\/exhibition-the-democratic-skylight-policies-of-life-and-death-in-the-spanish-state-1868-1976\/' title='Link to: Exhibition: \u201cThe democratic skylight. Policies of life and death in the Spanish State (1868 &#8211; 1976)&#8221;' class='av-magazine-thumbnail-link'><img decoding=\"async\" fetchpriority=\"high\" width=\"710\" height=\"375\" src=\"https:\/\/politicasdelamemoria.org\/wp-content\/uploads\/2023\/04\/WhatsApp-Image-2023-06-06-at-18.05.16-1-710x375.jpeg\" class=\"wp-image-21997 avia-img-lazy-loading-not-21997 attachment-magazine size-magazine wp-post-image\" alt=\"\" \/><\/a><\/div><div class=\"av-magazine-content-wrap\"><header class=\"entry-content-header\" aria-label=\"Post: Exhibition: \u201cThe democratic skylight. Policies of life and death in the Spanish State (1868 - 1976)&quot;\"><time class='av-magazine-time updated'  itemprop=\"datePublished\" datetime=\"2023-05-02T12:59:50+02:00\" >May 2, 2023<\/time><h3 class='av-magazine-title entry-title '  itemprop=\"headline\" ><a href='https:\/\/politicasdelamemoria.org\/en\/2023\/05\/exhibition-the-democratic-skylight-policies-of-life-and-death-in-the-spanish-state-1868-1976\/' title='Link to: Exhibition: \u201cThe democratic skylight. Policies of life and death in the Spanish State (1868 &#8211; 1976)&#8221;'>Exhibition: \u201cThe democratic skylight. Policies of life and death in the Spanish State (1868 &#8211; 1976)&#8221;<\/a><\/h3><\/header><div class='av-magazine-content entry-content'  itemprop=\"text\" ><p>Exposici\u00f3n: \u201cThe democratic skylight. Policies of life and\u2026<\/p>\n<\/div><\/div><footer class=\"entry-footer\"><\/footer><\/article><\/div><div class='av-magazine-sideshow flex_column av_one_half '><article class='av-magazine-entry av-magazine-entry-id-13727 av-magazine-format-standard av-magazine-type-post av-magazine-entry-2 av-magazine-entry-small '  itemscope=\"itemscope\" itemtype=\"https:\/\/schema.org\/CreativeWork\" ><div class=\"av-magazine-thumbnail\"><a href='https:\/\/politicasdelamemoria.org\/en\/2017\/08\/summer-course-upv-ehu-massive-violence-mass-graves-and-human-rights-perspectives-from-the-forensic-and-social-sciences\/' title='Link to: SUMMER COURSE UPV-EHU &#8220;Massive violence, mass graves and human rights. Perspectives from the forensic and social sciences&#8221;' class='av-magazine-thumbnail-link'><img decoding=\"async\" fetchpriority=\"high\" width=\"80\" height=\"80\" src=\"https:\/\/politicasdelamemoria.org\/wp-content\/uploads\/2017\/08\/cursos_269-80x80.jpg\" class=\"wp-image-13670 avia-img-lazy-loading-not-13670 attachment-thumbnail size-thumbnail wp-post-image\" alt=\"\" srcset=\"https:\/\/politicasdelamemoria.org\/wp-content\/uploads\/2017\/08\/cursos_269-80x80.jpg 80w, https:\/\/politicasdelamemoria.org\/wp-content\/uploads\/2017\/08\/cursos_269-180x180.jpg 180w, https:\/\/politicasdelamemoria.org\/wp-content\/uploads\/2017\/08\/cursos_269-120x120.jpg 120w, https:\/\/politicasdelamemoria.org\/wp-content\/uploads\/2017\/08\/cursos_269-450x450.jpg 450w\" sizes=\"(max-width: 80px) 100vw, 80px\" \/><\/a><\/div><div class=\"av-magazine-content-wrap\"><header class=\"entry-content-header\" aria-label=\"Post: SUMMER COURSE UPV-EHU &quot;Massive violence, mass graves and human rights. Perspectives from the forensic and social sciences&quot;\"><time class='av-magazine-time updated'  itemprop=\"datePublished\" datetime=\"2017-08-25T17:05:50+02:00\" >August 25, 2017<\/time><h3 class='av-magazine-title entry-title '  itemprop=\"headline\" ><a href='https:\/\/politicasdelamemoria.org\/en\/2017\/08\/summer-course-upv-ehu-massive-violence-mass-graves-and-human-rights-perspectives-from-the-forensic-and-social-sciences\/' title='Link to: SUMMER COURSE UPV-EHU &#8220;Massive violence, mass graves and human rights. Perspectives from the forensic and social sciences&#8221;'>SUMMER COURSE UPV-EHU &#8220;Massive violence, mass graves and human rights. Perspectives from the forensic and social sciences&#8221;<\/a><\/h3><\/header><\/div><footer class=\"entry-footer\"><\/footer><\/article><article class='av-magazine-entry av-magazine-entry-id-11451 av-magazine-format-standard av-magazine-type-post av-magazine-entry-3 av-magazine-entry-small '  itemscope=\"itemscope\" itemtype=\"https:\/\/schema.org\/CreativeWork\" ><div class=\"av-magazine-thumbnail\"><a href='https:\/\/politicasdelamemoria.org\/en\/2016\/03\/eaaf-exhibition-in-espacio-memoria-derechos-humanos-ex-esma\/' title='Link to: EAAF exhibition in the Remembrance and Human Rights Center ex ESMA' class='av-magazine-thumbnail-link'><img decoding=\"async\" fetchpriority=\"high\" width=\"80\" height=\"80\" src=\"https:\/\/politicasdelamemoria.org\/wp-content\/uploads\/2016\/03\/MuestradelEAAF-80x80.jpg\" class=\"wp-image-11441 avia-img-lazy-loading-not-11441 attachment-thumbnail size-thumbnail wp-post-image\" alt=\"\" srcset=\"https:\/\/politicasdelamemoria.org\/wp-content\/uploads\/2016\/03\/MuestradelEAAF-80x80.jpg 80w, https:\/\/politicasdelamemoria.org\/wp-content\/uploads\/2016\/03\/MuestradelEAAF-36x36.jpg 36w, https:\/\/politicasdelamemoria.org\/wp-content\/uploads\/2016\/03\/MuestradelEAAF-180x180.jpg 180w, https:\/\/politicasdelamemoria.org\/wp-content\/uploads\/2016\/03\/MuestradelEAAF-120x120.jpg 120w, https:\/\/politicasdelamemoria.org\/wp-content\/uploads\/2016\/03\/MuestradelEAAF-450x450.jpg 450w\" sizes=\"(max-width: 80px) 100vw, 80px\" \/><\/a><\/div><div class=\"av-magazine-content-wrap\"><header class=\"entry-content-header\" aria-label=\"Post: EAAF exhibition in the Remembrance and Human Rights Center ex ESMA\"><time class='av-magazine-time updated'  itemprop=\"datePublished\" datetime=\"2016-03-11T13:10:28+01:00\" >March 11, 2016<\/time><h3 class='av-magazine-title entry-title '  itemprop=\"headline\" ><a href='https:\/\/politicasdelamemoria.org\/en\/2016\/03\/eaaf-exhibition-in-espacio-memoria-derechos-humanos-ex-esma\/' title='Link to: EAAF exhibition in the Remembrance and Human Rights Center ex ESMA'>EAAF exhibition in the Remembrance and Human Rights Center ex ESMA<\/a><\/h3><\/header><\/div><footer class=\"entry-footer\"><\/footer><\/article><article class='av-magazine-entry av-magazine-entry-id-4119 av-magazine-format-standard av-magazine-type-post av-magazine-entry-4 av-magazine-entry-small '  itemscope=\"itemscope\" itemtype=\"https:\/\/schema.org\/CreativeWork\" ><div class=\"av-magazine-thumbnail\"><a href='https:\/\/politicasdelamemoria.org\/en\/2011\/01\/214-desaparecidos-un-proyecto-de-gervasio-sanchez\/' title='Link to: DESAPARECIDOS' class='av-magazine-thumbnail-link'><img decoding=\"async\" fetchpriority=\"high\" width=\"80\" height=\"80\" src=\"https:\/\/politicasdelamemoria.org\/wp-content\/uploads\/2011\/01\/desaparecidos-80x80.png\" class=\"wp-image-2249 avia-img-lazy-loading-not-2249 attachment-thumbnail size-thumbnail wp-post-image\" alt=\"\" srcset=\"https:\/\/politicasdelamemoria.org\/wp-content\/uploads\/2011\/01\/desaparecidos-80x80.png 80w, https:\/\/politicasdelamemoria.org\/wp-content\/uploads\/2011\/01\/desaparecidos-36x36.png 36w, https:\/\/politicasdelamemoria.org\/wp-content\/uploads\/2011\/01\/desaparecidos-180x180.png 180w, https:\/\/politicasdelamemoria.org\/wp-content\/uploads\/2011\/01\/desaparecidos-120x120.png 120w, https:\/\/politicasdelamemoria.org\/wp-content\/uploads\/2011\/01\/desaparecidos-450x450.png 450w\" sizes=\"(max-width: 80px) 100vw, 80px\" \/><\/a><\/div><div class=\"av-magazine-content-wrap\"><header class=\"entry-content-header\" aria-label=\"Post: DESAPARECIDOS\"><time class='av-magazine-time updated'  itemprop=\"datePublished\" datetime=\"2011-01-28T16:05:39+01:00\" >January 28, 2011<\/time><h3 class='av-magazine-title entry-title '  itemprop=\"headline\" ><a href='https:\/\/politicasdelamemoria.org\/en\/2011\/01\/214-desaparecidos-un-proyecto-de-gervasio-sanchez\/' title='Link to: DESAPARECIDOS'>DESAPARECIDOS<\/a><\/h3><\/header><\/div><footer class=\"entry-footer\"><\/footer><\/article><\/div><\/div><div class='av-magazine-group av-hidden-mag sort_631'><div class='av-magazine-hero first flex_column av_one_half '><article class='av-magazine-entry av-magazine-entry-id-11399 av-magazine-format-standard av-magazine-type-post av-magazine-entry-1 av-magazine-entry-big '  itemscope=\"itemscope\" itemtype=\"https:\/\/schema.org\/CreativeWork\" ><div class=\"av-magazine-thumbnail\"><a href='https:\/\/politicasdelamemoria.org\/en\/2016\/02\/encountering-corpses-2\/' title='Link to: Encountering Corpses' class='av-magazine-entry-icon avia-svg-icon avia-font-svg_entypo-fontello' data-av_svg_icon='pencil' data-av_iconset='svg_entypo-fontello'><svg version=\"1.1\" xmlns=\"http:\/\/www.w3.org\/2000\/svg\" width=\"25\" height=\"32\" viewBox=\"0 0 25 32\" preserveAspectRatio=\"xMidYMid meet\" role=\"graphics-symbol\" aria-hidden=\"true\">\n<path d=\"M22.976 5.44q1.024 1.024 1.504 2.048t0.48 1.536v0.512l-8.064 8.064-9.28 9.216-7.616 1.664 1.6-7.68 9.28-9.216 8.064-8.064q1.728-0.384 4.032 1.92zM7.168 25.92l0.768-0.768q-0.064-1.408-1.664-3.008-0.704-0.704-1.44-1.12t-1.12-0.416l-0.448-0.064-0.704 0.768-0.576 2.56q0.896 0.512 1.472 1.088 0.768 0.768 1.152 1.536z\"><\/path>\n<\/svg><\/a><\/div><div class=\"av-magazine-content-wrap\"><header class=\"entry-content-header\" aria-label=\"Post: Encountering Corpses\"><time class='av-magazine-time updated'  itemprop=\"datePublished\" datetime=\"2016-02-29T15:17:32+01:00\" >February 29, 2016<\/time><h3 class='av-magazine-title entry-title '  itemprop=\"headline\" ><a href='https:\/\/politicasdelamemoria.org\/en\/2016\/02\/encountering-corpses-2\/' title='Link to: Encountering Corpses'>Encountering Corpses<\/a><\/h3><\/header><div class='av-magazine-content entry-content'  itemprop=\"text\" ><p>\u201c\u2026dead bodies are maps of power and identity.\u201d (Foltyn\u2026<\/p>\n<\/div><\/div><footer class=\"entry-footer\"><\/footer><\/article><\/div><div class='av-magazine-sideshow flex_column av_one_half '><article class='av-magazine-entry av-magazine-entry-id-11396 av-magazine-format-standard av-magazine-type-post av-magazine-entry-2 av-magazine-entry-small '  itemscope=\"itemscope\" itemtype=\"https:\/\/schema.org\/CreativeWork\" ><div class=\"av-magazine-thumbnail\"><a href='https:\/\/politicasdelamemoria.org\/en\/2016\/02\/scientific-association-justicia-memoria-narracion-y-cultura-jusmenacu\/' title='Link to: Scientific association &#8220;Justice: Memory, Narration and Culture (JUSMENACU)&#8221;' class='av-magazine-entry-icon avia-svg-icon avia-font-svg_entypo-fontello' data-av_svg_icon='pencil' data-av_iconset='svg_entypo-fontello'><svg version=\"1.1\" xmlns=\"http:\/\/www.w3.org\/2000\/svg\" width=\"25\" height=\"32\" viewBox=\"0 0 25 32\" preserveAspectRatio=\"xMidYMid meet\" role=\"graphics-symbol\" aria-hidden=\"true\">\n<path d=\"M22.976 5.44q1.024 1.024 1.504 2.048t0.48 1.536v0.512l-8.064 8.064-9.28 9.216-7.616 1.664 1.6-7.68 9.28-9.216 8.064-8.064q1.728-0.384 4.032 1.92zM7.168 25.92l0.768-0.768q-0.064-1.408-1.664-3.008-0.704-0.704-1.44-1.12t-1.12-0.416l-0.448-0.064-0.704 0.768-0.576 2.56q0.896 0.512 1.472 1.088 0.768 0.768 1.152 1.536z\"><\/path>\n<\/svg><\/a><\/div><div class=\"av-magazine-content-wrap\"><header class=\"entry-content-header\" aria-label=\"Post: Scientific association &quot;Justice: Memory, Narration and Culture (JUSMENACU)&quot;\"><time class='av-magazine-time updated'  itemprop=\"datePublished\" datetime=\"2016-02-26T10:44:55+01:00\" >February 26, 2016<\/time><h3 class='av-magazine-title entry-title '  itemprop=\"headline\" ><a href='https:\/\/politicasdelamemoria.org\/en\/2016\/02\/scientific-association-justicia-memoria-narracion-y-cultura-jusmenacu\/' title='Link to: Scientific association &#8220;Justice: Memory, Narration and Culture (JUSMENACU)&#8221;'>Scientific association &#8220;Justice: Memory, Narration and Culture (JUSMENACU)&#8221;<\/a><\/h3><\/header><\/div><footer class=\"entry-footer\"><\/footer><\/article><article class='av-magazine-entry av-magazine-entry-id-8416 av-magazine-format-standard av-magazine-type-post av-magazine-entry-3 av-magazine-entry-small '  itemscope=\"itemscope\" itemtype=\"https:\/\/schema.org\/CreativeWork\" ><div class=\"av-magazine-thumbnail\"><a href='https:\/\/politicasdelamemoria.org\/en\/2012\/08\/where-memory-dwells-5\/' title='Link to: WHERE MEMORY DWELLS' class='av-magazine-entry-icon avia-svg-icon avia-font-svg_entypo-fontello' data-av_svg_icon='pencil' data-av_iconset='svg_entypo-fontello'><svg version=\"1.1\" xmlns=\"http:\/\/www.w3.org\/2000\/svg\" width=\"25\" height=\"32\" viewBox=\"0 0 25 32\" preserveAspectRatio=\"xMidYMid meet\" role=\"graphics-symbol\" aria-hidden=\"true\">\n<path d=\"M22.976 5.44q1.024 1.024 1.504 2.048t0.48 1.536v0.512l-8.064 8.064-9.28 9.216-7.616 1.664 1.6-7.68 9.28-9.216 8.064-8.064q1.728-0.384 4.032 1.92zM7.168 25.92l0.768-0.768q-0.064-1.408-1.664-3.008-0.704-0.704-1.44-1.12t-1.12-0.416l-0.448-0.064-0.704 0.768-0.576 2.56q0.896 0.512 1.472 1.088 0.768 0.768 1.152 1.536z\"><\/path>\n<\/svg><\/a><\/div><div class=\"av-magazine-content-wrap\"><header class=\"entry-content-header\" aria-label=\"Post: WHERE MEMORY DWELLS\"><time class='av-magazine-time updated'  itemprop=\"datePublished\" datetime=\"2012-08-01T17:23:04+02:00\" >August 1, 2012<\/time><h3 class='av-magazine-title entry-title '  itemprop=\"headline\" ><a href='https:\/\/politicasdelamemoria.org\/en\/2012\/08\/where-memory-dwells-5\/' title='Link to: WHERE MEMORY DWELLS'>WHERE MEMORY DWELLS<\/a><\/h3><\/header><\/div><footer class=\"entry-footer\"><\/footer><\/article><article class='av-magazine-entry av-magazine-entry-id-8421 av-magazine-format-standard av-magazine-type-post av-magazine-entry-4 av-magazine-entry-small '  itemscope=\"itemscope\" itemtype=\"https:\/\/schema.org\/CreativeWork\" ><div class=\"av-magazine-thumbnail\"><a href='https:\/\/politicasdelamemoria.org\/en\/2011\/04\/the-virtual-museum-of-art-and-memory-3\/' title='Link to: The Virtual Museum of Art and Memory' class='av-magazine-entry-icon avia-svg-icon avia-font-svg_entypo-fontello' data-av_svg_icon='pencil' data-av_iconset='svg_entypo-fontello'><svg version=\"1.1\" xmlns=\"http:\/\/www.w3.org\/2000\/svg\" width=\"25\" height=\"32\" viewBox=\"0 0 25 32\" preserveAspectRatio=\"xMidYMid meet\" role=\"graphics-symbol\" aria-hidden=\"true\">\n<path d=\"M22.976 5.44q1.024 1.024 1.504 2.048t0.48 1.536v0.512l-8.064 8.064-9.28 9.216-7.616 1.664 1.6-7.68 9.28-9.216 8.064-8.064q1.728-0.384 4.032 1.92zM7.168 25.92l0.768-0.768q-0.064-1.408-1.664-3.008-0.704-0.704-1.44-1.12t-1.12-0.416l-0.448-0.064-0.704 0.768-0.576 2.56q0.896 0.512 1.472 1.088 0.768 0.768 1.152 1.536z\"><\/path>\n<\/svg><\/a><\/div><div class=\"av-magazine-content-wrap\"><header class=\"entry-content-header\" aria-label=\"Post: The Virtual Museum of Art and Memory\"><time class='av-magazine-time updated'  itemprop=\"datePublished\" datetime=\"2011-04-07T10:18:53+02:00\" >April 7, 2011<\/time><h3 class='av-magazine-title entry-title '  itemprop=\"headline\" ><a href='https:\/\/politicasdelamemoria.org\/en\/2011\/04\/the-virtual-museum-of-art-and-memory-3\/' title='Link to: The Virtual Museum of Art and Memory'>The Virtual Museum of Art and Memory<\/a><\/h3><\/header><\/div><footer class=\"entry-footer\"><\/footer><\/article><article class='av-magazine-entry av-magazine-entry-id-8420 av-magazine-format-standard av-magazine-type-post av-magazine-entry-5 av-magazine-entry-small '  itemscope=\"itemscope\" itemtype=\"https:\/\/schema.org\/CreativeWork\" ><div class=\"av-magazine-thumbnail\"><a href='https:\/\/politicasdelamemoria.org\/en\/2010\/10\/memorial-democratic-de-catalunya-weblinks-3\/' title='Link to: Memorial Democr\u00e0tic de Catalunya Weblinks' class='av-magazine-entry-icon avia-svg-icon avia-font-svg_entypo-fontello' data-av_svg_icon='pencil' data-av_iconset='svg_entypo-fontello'><svg version=\"1.1\" xmlns=\"http:\/\/www.w3.org\/2000\/svg\" width=\"25\" height=\"32\" viewBox=\"0 0 25 32\" preserveAspectRatio=\"xMidYMid meet\" role=\"graphics-symbol\" aria-hidden=\"true\">\n<path d=\"M22.976 5.44q1.024 1.024 1.504 2.048t0.48 1.536v0.512l-8.064 8.064-9.28 9.216-7.616 1.664 1.6-7.68 9.28-9.216 8.064-8.064q1.728-0.384 4.032 1.92zM7.168 25.92l0.768-0.768q-0.064-1.408-1.664-3.008-0.704-0.704-1.44-1.12t-1.12-0.416l-0.448-0.064-0.704 0.768-0.576 2.56q0.896 0.512 1.472 1.088 0.768 0.768 1.152 1.536z\"><\/path>\n<\/svg><\/a><\/div><div class=\"av-magazine-content-wrap\"><header class=\"entry-content-header\" aria-label=\"Post: Memorial Democr\u00e0tic de Catalunya Weblinks\"><time class='av-magazine-time updated'  itemprop=\"datePublished\" datetime=\"2010-10-29T08:58:34+02:00\" >October 29, 2010<\/time><h3 class='av-magazine-title entry-title '  itemprop=\"headline\" ><a href='https:\/\/politicasdelamemoria.org\/en\/2010\/10\/memorial-democratic-de-catalunya-weblinks-3\/' title='Link to: Memorial Democr\u00e0tic de Catalunya Weblinks'>Memorial Democr\u00e0tic de Catalunya Weblinks<\/a><\/h3><\/header><\/div><footer class=\"entry-footer\"><\/footer><\/article><article class='av-magazine-entry av-magazine-entry-id-8419 av-magazine-format-standard av-magazine-type-post av-magazine-entry-6 av-magazine-entry-small '  itemscope=\"itemscope\" itemtype=\"https:\/\/schema.org\/CreativeWork\" ><div class=\"av-magazine-thumbnail\"><a href='https:\/\/politicasdelamemoria.org\/en\/2010\/09\/september-75-documentary-3\/' title='Link to: September 75 Documentary' class='av-magazine-entry-icon avia-svg-icon avia-font-svg_entypo-fontello' data-av_svg_icon='pencil' data-av_iconset='svg_entypo-fontello'><svg version=\"1.1\" xmlns=\"http:\/\/www.w3.org\/2000\/svg\" width=\"25\" height=\"32\" viewBox=\"0 0 25 32\" preserveAspectRatio=\"xMidYMid meet\" role=\"graphics-symbol\" aria-hidden=\"true\">\n<path d=\"M22.976 5.44q1.024 1.024 1.504 2.048t0.48 1.536v0.512l-8.064 8.064-9.28 9.216-7.616 1.664 1.6-7.68 9.28-9.216 8.064-8.064q1.728-0.384 4.032 1.92zM7.168 25.92l0.768-0.768q-0.064-1.408-1.664-3.008-0.704-0.704-1.44-1.12t-1.12-0.416l-0.448-0.064-0.704 0.768-0.576 2.56q0.896 0.512 1.472 1.088 0.768 0.768 1.152 1.536z\"><\/path>\n<\/svg><\/a><\/div><div class=\"av-magazine-content-wrap\"><header class=\"entry-content-header\" aria-label=\"Post: September 75 Documentary\"><time class='av-magazine-time updated'  itemprop=\"datePublished\" datetime=\"2010-09-23T09:15:17+02:00\" >September 23, 2010<\/time><h3 class='av-magazine-title entry-title '  itemprop=\"headline\" ><a href='https:\/\/politicasdelamemoria.org\/en\/2010\/09\/september-75-documentary-3\/' title='Link to: September 75 Documentary'>September 75 Documentary<\/a><\/h3><\/header><\/div><footer class=\"entry-footer\"><\/footer><\/article><article class='av-magazine-entry av-magazine-entry-id-8418 av-magazine-format-standard av-magazine-type-post av-magazine-entry-7 av-magazine-entry-small '  itemscope=\"itemscope\" itemtype=\"https:\/\/schema.org\/CreativeWork\" ><div class=\"av-magazine-thumbnail\"><a href='https:\/\/politicasdelamemoria.org\/en\/2010\/07\/site-blog-paleoanthropo-es-eaf-studies-in-physical-anthropology-3\/' title='Link to: Site Blog PaleoAnthropo.es (EAF &#8211; Studies in Physical Anthropology)' class='av-magazine-entry-icon avia-svg-icon avia-font-svg_entypo-fontello' data-av_svg_icon='pencil' data-av_iconset='svg_entypo-fontello'><svg version=\"1.1\" xmlns=\"http:\/\/www.w3.org\/2000\/svg\" width=\"25\" height=\"32\" viewBox=\"0 0 25 32\" preserveAspectRatio=\"xMidYMid meet\" role=\"graphics-symbol\" aria-hidden=\"true\">\n<path d=\"M22.976 5.44q1.024 1.024 1.504 2.048t0.48 1.536v0.512l-8.064 8.064-9.28 9.216-7.616 1.664 1.6-7.68 9.28-9.216 8.064-8.064q1.728-0.384 4.032 1.92zM7.168 25.92l0.768-0.768q-0.064-1.408-1.664-3.008-0.704-0.704-1.44-1.12t-1.12-0.416l-0.448-0.064-0.704 0.768-0.576 2.56q0.896 0.512 1.472 1.088 0.768 0.768 1.152 1.536z\"><\/path>\n<\/svg><\/a><\/div><div class=\"av-magazine-content-wrap\"><header class=\"entry-content-header\" aria-label=\"Post: Site Blog PaleoAnthropo.es (EAF - Studies in Physical Anthropology)\"><time class='av-magazine-time updated'  itemprop=\"datePublished\" datetime=\"2010-07-07T15:36:03+02:00\" >July 7, 2010<\/time><h3 class='av-magazine-title entry-title '  itemprop=\"headline\" ><a href='https:\/\/politicasdelamemoria.org\/en\/2010\/07\/site-blog-paleoanthropo-es-eaf-studies-in-physical-anthropology-3\/' title='Link to: Site Blog PaleoAnthropo.es (EAF &#8211; Studies in Physical Anthropology)'>Site Blog PaleoAnthropo.es (EAF &#8211; Studies in Physical Anthropology)<\/a><\/h3><\/header><\/div><footer class=\"entry-footer\"><\/footer><\/article><article class='av-magazine-entry av-magazine-entry-id-8417 av-magazine-format-standard av-magazine-type-post av-magazine-entry-8 av-magazine-entry-small '  itemscope=\"itemscope\" itemtype=\"https:\/\/schema.org\/CreativeWork\" ><div class=\"av-magazine-thumbnail\"><a href='https:\/\/politicasdelamemoria.org\/en\/2010\/06\/digital-library-for-identity-3\/' title='Link to: Digital Library for Identity' class='av-magazine-entry-icon avia-svg-icon avia-font-svg_entypo-fontello' data-av_svg_icon='pencil' data-av_iconset='svg_entypo-fontello'><svg version=\"1.1\" xmlns=\"http:\/\/www.w3.org\/2000\/svg\" width=\"25\" height=\"32\" viewBox=\"0 0 25 32\" preserveAspectRatio=\"xMidYMid meet\" role=\"graphics-symbol\" aria-hidden=\"true\">\n<path d=\"M22.976 5.44q1.024 1.024 1.504 2.048t0.48 1.536v0.512l-8.064 8.064-9.28 9.216-7.616 1.664 1.6-7.68 9.28-9.216 8.064-8.064q1.728-0.384 4.032 1.92zM7.168 25.92l0.768-0.768q-0.064-1.408-1.664-3.008-0.704-0.704-1.44-1.12t-1.12-0.416l-0.448-0.064-0.704 0.768-0.576 2.56q0.896 0.512 1.472 1.088 0.768 0.768 1.152 1.536z\"><\/path>\n<\/svg><\/a><\/div><div class=\"av-magazine-content-wrap\"><header class=\"entry-content-header\" aria-label=\"Post: Digital Library for Identity\"><time class='av-magazine-time updated'  itemprop=\"datePublished\" datetime=\"2010-06-08T08:27:27+02:00\" >June 8, 2010<\/time><h3 class='av-magazine-title entry-title '  itemprop=\"headline\" ><a href='https:\/\/politicasdelamemoria.org\/en\/2010\/06\/digital-library-for-identity-3\/' title='Link to: Digital Library for Identity'>Digital Library for Identity<\/a><\/h3><\/header><\/div><footer class=\"entry-footer\"><\/footer><\/article><article class='av-magazine-entry av-magazine-entry-id-8415 av-magazine-format-standard av-magazine-type-post av-magazine-entry-9 av-magazine-entry-small '  itemscope=\"itemscope\" itemtype=\"https:\/\/schema.org\/CreativeWork\" ><div class=\"av-magazine-thumbnail\"><a href='https:\/\/politicasdelamemoria.org\/en\/2010\/06\/memory-map-5\/' title='Link to: Memory Map' class='av-magazine-entry-icon avia-svg-icon avia-font-svg_entypo-fontello' data-av_svg_icon='pencil' data-av_iconset='svg_entypo-fontello'><svg version=\"1.1\" xmlns=\"http:\/\/www.w3.org\/2000\/svg\" width=\"25\" height=\"32\" viewBox=\"0 0 25 32\" preserveAspectRatio=\"xMidYMid meet\" role=\"graphics-symbol\" aria-hidden=\"true\">\n<path d=\"M22.976 5.44q1.024 1.024 1.504 2.048t0.48 1.536v0.512l-8.064 8.064-9.28 9.216-7.616 1.664 1.6-7.68 9.28-9.216 8.064-8.064q1.728-0.384 4.032 1.92zM7.168 25.92l0.768-0.768q-0.064-1.408-1.664-3.008-0.704-0.704-1.44-1.12t-1.12-0.416l-0.448-0.064-0.704 0.768-0.576 2.56q0.896 0.512 1.472 1.088 0.768 0.768 1.152 1.536z\"><\/path>\n<\/svg><\/a><\/div><div class=\"av-magazine-content-wrap\"><header class=\"entry-content-header\" aria-label=\"Post: Memory Map\"><time class='av-magazine-time updated'  itemprop=\"datePublished\" datetime=\"2010-06-07T13:25:41+02:00\" >June 7, 2010<\/time><h3 class='av-magazine-title entry-title '  itemprop=\"headline\" ><a href='https:\/\/politicasdelamemoria.org\/en\/2010\/06\/memory-map-5\/' title='Link to: Memory Map'>Memory Map<\/a><\/h3><\/header><\/div><footer class=\"entry-footer\"><\/footer><\/article><\/div><\/div><\/div>\n<div  class='avia-button-wrap av-av_button-7515cbfb467645a5ed83ea48e23a1907-wrap avia-button-right  avia-builder-el-15  el_after_av_magazine  avia-builder-el-last '><a href='https:\/\/politicasdelamemoria.org\/en\/recommendations\/articles-exhibitions-websites\/'  class='avia-button av-av_button-7515cbfb467645a5ed83ea48e23a1907 av-link-btn avia-icon_select-yes-left-icon avia-size-medium avia-position-right avia-color-theme-color'   aria-label=\"All articles, exhibitions and websites\"><span class='avia_button_icon avia_button_icon_left avia-iconfont avia-font-entypo-fontello' data-av_icon='\ue841' data-av_iconfont='entypo-fontello' ><\/span><span class='avia_iconbox_title' >All articles, exhibitions and websites<\/span><\/a><\/div>\n","protected":false},"excerpt":{"rendered":"","protected":false},"author":2,"featured_media":0,"parent":0,"menu_order":0,"comment_status":"open","ping_status":"closed","template":"","meta":{"footnotes":""},"class_list":["post-3532","page","type-page","status-publish","hentry"],"_links":{"self":[{"href":"https:\/\/politicasdelamemoria.org\/en\/wp-json\/wp\/v2\/pages\/3532","targetHints":{"allow":["GET"]}}],"collection":[{"href":"https:\/\/politicasdelamemoria.org\/en\/wp-json\/wp\/v2\/pages"}],"about":[{"href":"https:\/\/politicasdelamemoria.org\/en\/wp-json\/wp\/v2\/types\/page"}],"author":[{"embeddable":true,"href":"https:\/\/politicasdelamemoria.org\/en\/wp-json\/wp\/v2\/users\/2"}],"replies":[{"embeddable":true,"href":"https:\/\/politicasdelamemoria.org\/en\/wp-json\/wp\/v2\/comments?post=3532"}],"version-history":[{"count":1,"href":"https:\/\/politicasdelamemoria.org\/en\/wp-json\/wp\/v2\/pages\/3532\/revisions"}],"predecessor-version":[{"id":13839,"href":"https:\/\/politicasdelamemoria.org\/en\/wp-json\/wp\/v2\/pages\/3532\/revisions\/13839"}],"wp:attachment":[{"href":"https:\/\/politicasdelamemoria.org\/en\/wp-json\/wp\/v2\/media?parent=3532"}],"curies":[{"name":"wp","href":"https:\/\/api.w.org\/{rel}","templated":true}]}}